{"id":4915,"date":"2021-11-28T08:49:11","date_gmt":"2021-11-28T07:49:11","guid":{"rendered":"https:\/\/laszlo1713.lima-city.de\/?page_id=4915"},"modified":"2021-12-03T20:45:49","modified_gmt":"2021-12-03T19:45:49","slug":"lapszemle-xii","status":"publish","type":"page","link":"https:\/\/laszlo1713.lima-city.de\/index.php\/lapszemle-xii\/","title":{"rendered":"Lapszemle XII."},"content":{"rendered":"\n<figure class=\"wp-block-image size-full\"><img loading=\"lazy\" decoding=\"async\" width=\"786\" height=\"782\" src=\"https:\/\/laszlo1713.lima-city.de\/wp-content\/uploads\/2021\/11\/Screenshot-2021-11-28-at-08.44.04.jpg\" alt=\"\" class=\"wp-image-4917\" srcset=\"https:\/\/laszlo1713.lima-city.de\/wp-content\/uploads\/2021\/11\/Screenshot-2021-11-28-at-08.44.04.jpg 786w, https:\/\/laszlo1713.lima-city.de\/wp-content\/uploads\/2021\/11\/Screenshot-2021-11-28-at-08.44.04-300x298.jpg 300w, https:\/\/laszlo1713.lima-city.de\/wp-content\/uploads\/2021\/11\/Screenshot-2021-11-28-at-08.44.04-150x150.jpg 150w, https:\/\/laszlo1713.lima-city.de\/wp-content\/uploads\/2021\/11\/Screenshot-2021-11-28-at-08.44.04-768x764.jpg 768w, https:\/\/laszlo1713.lima-city.de\/wp-content\/uploads\/2021\/11\/Screenshot-2021-11-28-at-08.44.04-100x100.jpg 100w\" sizes=\"auto, (max-width: 706px) 89vw, (max-width: 767px) 82vw, 740px\" \/><\/figure>\n\n\n\n<hr class=\"wp-block-separator\"\/>\n\n\n\n<figure class=\"wp-block-image size-large\"><img loading=\"lazy\" decoding=\"async\" width=\"1024\" height=\"742\" src=\"https:\/\/laszlo1713.lima-city.de\/wp-content\/uploads\/2021\/11\/Screenshot-2021-11-28-at-08.46.55-1024x742.jpg\" alt=\"\" class=\"wp-image-4918\" srcset=\"https:\/\/laszlo1713.lima-city.de\/wp-content\/uploads\/2021\/11\/Screenshot-2021-11-28-at-08.46.55-1024x742.jpg 1024w, https:\/\/laszlo1713.lima-city.de\/wp-content\/uploads\/2021\/11\/Screenshot-2021-11-28-at-08.46.55-300x217.jpg 300w, https:\/\/laszlo1713.lima-city.de\/wp-content\/uploads\/2021\/11\/Screenshot-2021-11-28-at-08.46.55-768x556.jpg 768w, https:\/\/laszlo1713.lima-city.de\/wp-content\/uploads\/2021\/11\/Screenshot-2021-11-28-at-08.46.55.jpg 1160w\" sizes=\"auto, (max-width: 706px) 89vw, (max-width: 767px) 82vw, 740px\" \/><\/figure>\n\n\n\n<hr class=\"wp-block-separator\"\/>\n\n\n\n<figure class=\"wp-block-image size-large\"><img loading=\"lazy\" decoding=\"async\" width=\"819\" height=\"1024\" src=\"https:\/\/laszlo1713.lima-city.de\/wp-content\/uploads\/2021\/11\/IMAGE-2021-11-28-100407-819x1024.jpg\" alt=\"\" class=\"wp-image-4921\" srcset=\"https:\/\/laszlo1713.lima-city.de\/wp-content\/uploads\/2021\/11\/IMAGE-2021-11-28-100407-819x1024.jpg 819w, https:\/\/laszlo1713.lima-city.de\/wp-content\/uploads\/2021\/11\/IMAGE-2021-11-28-100407-240x300.jpg 240w, https:\/\/laszlo1713.lima-city.de\/wp-content\/uploads\/2021\/11\/IMAGE-2021-11-28-100407-768x960.jpg 768w, https:\/\/laszlo1713.lima-city.de\/wp-content\/uploads\/2021\/11\/IMAGE-2021-11-28-100407.jpg 1000w\" sizes=\"auto, (max-width: 706px) 89vw, (max-width: 767px) 82vw, 740px\" \/><figcaption> Its funny how OMICRON is an anagram of MORONIC.&nbsp;<br>Because you would have to be a moron to still be buying into this narrative!<\/figcaption><\/figure>\n\n\n\n<hr class=\"wp-block-separator\"\/>\n\n\n\n<figure class=\"wp-block-image size-large\"><img loading=\"lazy\" decoding=\"async\" width=\"870\" height=\"1024\" src=\"https:\/\/laszlo1713.lima-city.de\/wp-content\/uploads\/2021\/11\/Screenshot-2021-11-28-at-14.26.35-870x1024.jpg\" alt=\"\" class=\"wp-image-4923\" srcset=\"https:\/\/laszlo1713.lima-city.de\/wp-content\/uploads\/2021\/11\/Screenshot-2021-11-28-at-14.26.35-870x1024.jpg 870w, https:\/\/laszlo1713.lima-city.de\/wp-content\/uploads\/2021\/11\/Screenshot-2021-11-28-at-14.26.35-255x300.jpg 255w, https:\/\/laszlo1713.lima-city.de\/wp-content\/uploads\/2021\/11\/Screenshot-2021-11-28-at-14.26.35-768x904.jpg 768w, https:\/\/laszlo1713.lima-city.de\/wp-content\/uploads\/2021\/11\/Screenshot-2021-11-28-at-14.26.35-1305x1536.jpg 1305w, https:\/\/laszlo1713.lima-city.de\/wp-content\/uploads\/2021\/11\/Screenshot-2021-11-28-at-14.26.35-1741x2048.jpg 1741w, https:\/\/laszlo1713.lima-city.de\/wp-content\/uploads\/2021\/11\/Screenshot-2021-11-28-at-14.26.35.jpg 1970w\" sizes=\"auto, (max-width: 706px) 89vw, (max-width: 767px) 82vw, 740px\" \/><\/figure>\n\n\n\n<hr class=\"wp-block-separator\"\/>\n\n\n\n<figure class=\"wp-block-image size-large\"><img loading=\"lazy\" decoding=\"async\" width=\"1024\" height=\"565\" src=\"https:\/\/laszlo1713.lima-city.de\/wp-content\/uploads\/2021\/11\/Screenshot-2021-11-28-at-16.29.15-1-1024x565.jpg\" alt=\"\" class=\"wp-image-4929\" srcset=\"https:\/\/laszlo1713.lima-city.de\/wp-content\/uploads\/2021\/11\/Screenshot-2021-11-28-at-16.29.15-1-1024x565.jpg 1024w, https:\/\/laszlo1713.lima-city.de\/wp-content\/uploads\/2021\/11\/Screenshot-2021-11-28-at-16.29.15-1-300x166.jpg 300w, https:\/\/laszlo1713.lima-city.de\/wp-content\/uploads\/2021\/11\/Screenshot-2021-11-28-at-16.29.15-1-768x424.jpg 768w, https:\/\/laszlo1713.lima-city.de\/wp-content\/uploads\/2021\/11\/Screenshot-2021-11-28-at-16.29.15-1.jpg 1424w\" sizes=\"auto, (max-width: 706px) 89vw, (max-width: 767px) 82vw, 740px\" \/><figcaption>(von Mike Adams)<br>Die Medienhysterie \u00fcber die Omikron-&#8220;Variante&#8221; ist reine Fiktion. Sie ist nichts<br>anderes als eine psychologische Terrorismus-Operation im Stil von 1984, die<br>entwickelt wurde, um die Bev\u00f6lkerungen der Welt versklavt und gehorsam zu halten,<br>w\u00e4hrend Terroristenregierungen ihre globalen Entv\u00f6lkerungs-\/<br>V\u00f6lkermordprogramme durchf\u00fchren.<\/figcaption><\/figure>\n\n\n\n<p>Das b\u00f6se Genie dieses Narrativs ist, dass es keinerlei Beweise ben\u00f6tigt. Da niemand eine<br>&#8220;Variante&#8221; tats\u00e4chlich sehen kann &#8211; und da es nirgendwo auf der Welt isolierte Omikron-<br>Virusproben gibt, die durch Labortests best\u00e4tigt werden k\u00f6nnten &#8211; wird dem<br>menschlichen Bewusstsein durch eine koordinierte Massenmedien-Hysteriekampagne<br>einfach die Illusion von Omikron eingeimpft, begleitet von extremer Angst.<\/p>\n\n\n\n<p>Quelle:<br>https:\/\/www.naturalnews.com\/2021-11-27-ten-omicron-variant-predictions-for-2022-<br>authoritarian-playbook.html#<\/p>\n\n\n\n<hr class=\"wp-block-separator\"\/>\n\n\n\n<figure class=\"wp-block-image size-large\"><img loading=\"lazy\" decoding=\"async\" width=\"1024\" height=\"505\" src=\"https:\/\/laszlo1713.lima-city.de\/wp-content\/uploads\/2021\/11\/Screenshot-2021-11-28-at-14.22.59-1024x505.jpg\" alt=\"\" class=\"wp-image-4924\" srcset=\"https:\/\/laszlo1713.lima-city.de\/wp-content\/uploads\/2021\/11\/Screenshot-2021-11-28-at-14.22.59-1024x505.jpg 1024w, https:\/\/laszlo1713.lima-city.de\/wp-content\/uploads\/2021\/11\/Screenshot-2021-11-28-at-14.22.59-300x148.jpg 300w, https:\/\/laszlo1713.lima-city.de\/wp-content\/uploads\/2021\/11\/Screenshot-2021-11-28-at-14.22.59-768x379.jpg 768w, https:\/\/laszlo1713.lima-city.de\/wp-content\/uploads\/2021\/11\/Screenshot-2021-11-28-at-14.22.59-1536x757.jpg 1536w, https:\/\/laszlo1713.lima-city.de\/wp-content\/uploads\/2021\/11\/Screenshot-2021-11-28-at-14.22.59.jpg 1546w\" sizes=\"auto, (max-width: 706px) 89vw, (max-width: 767px) 82vw, 740px\" \/><figcaption>Der deutsch-amerikanische Jurist Reiner F\u00fcllmich sagte auf der achtzigsten Sitzung des Corona-Ausschusses, es gebe gute Nachrichten zu vermelden.<br>Er erl\u00e4uterte zun\u00e4chst, dass es derzeit eine umfangreiche psychologische Operation gibt, die darauf abzielt, die Menschen zu destabilisieren und zu desorientieren, damit sie alles tun, was von ihnen verlangt wird.<br>Dann die gute Nachricht. Ohne ins Detail zu gehen, sagte F\u00fcllmich, dass es bis Ende des Jahres ein internationales Tribunal \u201emit echten Richtern, echten Staatsanw\u00e4lten, echten Anw\u00e4lten, echten Zeugen und echten Experten\u201c geben wird.<\/figcaption><\/figure>\n\n\n\n<hr class=\"wp-block-separator\"\/>\n\n\n\n<figure class=\"wp-block-image size-full\"><img loading=\"lazy\" decoding=\"async\" width=\"830\" height=\"530\" src=\"https:\/\/laszlo1713.lima-city.de\/wp-content\/uploads\/2021\/11\/Screenshot-2021-11-28-at-18.06.18.jpg\" alt=\"\" class=\"wp-image-4932\" srcset=\"https:\/\/laszlo1713.lima-city.de\/wp-content\/uploads\/2021\/11\/Screenshot-2021-11-28-at-18.06.18.jpg 830w, https:\/\/laszlo1713.lima-city.de\/wp-content\/uploads\/2021\/11\/Screenshot-2021-11-28-at-18.06.18-300x192.jpg 300w, https:\/\/laszlo1713.lima-city.de\/wp-content\/uploads\/2021\/11\/Screenshot-2021-11-28-at-18.06.18-768x490.jpg 768w\" sizes=\"auto, (max-width: 706px) 89vw, (max-width: 767px) 82vw, 740px\" \/><figcaption>Aus einer Studie der Stockholm Universit\u00e4t geht hervor, dass die Spike-Proteine die Zellkerne erreichen &amp; die F\u00e4higkeit der Zellen zur DNA-Reparatur deaktivieren, d.h. die COVID-Impfstoffe l\u00f6schen Gene, die f\u00fcr die DNA-Reparatur verantwortlich sind, f\u00fcr immer aus.<br><br>Adenovirus 26 &amp; 35 kodieren die Zellen mit Ebola- und Marburg-Spike-Proteinen. Dies ist in dem JnJ-Impfstoff enthalten. Bei diesen Impfstoffen werden die E1-, E3- und E4-Gene gel\u00f6scht. Das l\u00f6st Aids aus, verursacht Blutgerinnsel &amp; Thrombosen, langfristige Autoimmunit\u00e4t, permanente Sterilit\u00e4t, Sauerstoffmangel im Blut, der zu Turbokrebs f\u00fchrt. Die Geimpften werden chronisch krank sein und neurologische Funktionsst\u00f6rungen haben.Demenz, Ged\u00e4chtnisverlust, Lungenprobleme und covid\u00e4hnliche Symptome.<br><\/figcaption><\/figure>\n\n\n\n<hr class=\"wp-block-separator\"\/>\n\n\n\n<figure class=\"wp-block-image size-full\"><img loading=\"lazy\" decoding=\"async\" width=\"876\" height=\"915\" src=\"https:\/\/laszlo1713.lima-city.de\/wp-content\/uploads\/2021\/11\/IMAGE-2021-11-29-084832.jpg\" alt=\"\" class=\"wp-image-4935\" srcset=\"https:\/\/laszlo1713.lima-city.de\/wp-content\/uploads\/2021\/11\/IMAGE-2021-11-29-084832.jpg 876w, https:\/\/laszlo1713.lima-city.de\/wp-content\/uploads\/2021\/11\/IMAGE-2021-11-29-084832-287x300.jpg 287w, https:\/\/laszlo1713.lima-city.de\/wp-content\/uploads\/2021\/11\/IMAGE-2021-11-29-084832-768x802.jpg 768w\" sizes=\"auto, (max-width: 706px) 89vw, (max-width: 767px) 82vw, 740px\" \/><figcaption>Wie kann es sein, da\u00df bei der Abstimmung in der Schweiz \u00fcber die Corona-Ma\u00dfnahmen um 12:31 es 61 Prozent waren, die mit \u201enein\u201c gestimmt haben und vier Minuten sp\u00e4ter 61 Prozent, die mit \u201eja\u201c gestimmt haben. <strong>Das kann nicht sein.<\/strong><\/figcaption><\/figure>\n\n\n\n<p><span class=\"has-inline-color has-vivid-green-cyan-color\">Nyilv\u00e1nval\u00f3 v\u00e1laszt\u00e1si csal\u00e1s Sv\u00e1jcban (is). Nemcsak a legut\u00f3bbi amerikai eln\u00f6kv\u00e1laszt\u00e1s eset\u00e9ben, hanem m\u00e1r j\u00f3 ideje minden\u00fctt a vil\u00e1gon. A &#8220;glob\u00e1lis maffia&#8221; legf\u0151bb fegyvere: hazugs\u00e1g, csal\u00e1s, f\u00e9lrevezet\u00e9s,  &#8220;inverzi\u00f3&#8221;, az\u00e9rt, hogy uralkodhassanak felett\u00fcnk. <\/span><\/p>\n\n\n\n<hr class=\"wp-block-separator\"\/>\n\n\n\n<figure class=\"wp-block-image size-large\"><img loading=\"lazy\" decoding=\"async\" width=\"743\" height=\"1024\" src=\"https:\/\/laszlo1713.lima-city.de\/wp-content\/uploads\/2021\/11\/Gruene-743x1024.jpg\" alt=\"\" class=\"wp-image-4937\" srcset=\"https:\/\/laszlo1713.lima-city.de\/wp-content\/uploads\/2021\/11\/Gruene-743x1024.jpg 743w, https:\/\/laszlo1713.lima-city.de\/wp-content\/uploads\/2021\/11\/Gruene-218x300.jpg 218w, https:\/\/laszlo1713.lima-city.de\/wp-content\/uploads\/2021\/11\/Gruene-768x1059.jpg 768w, https:\/\/laszlo1713.lima-city.de\/wp-content\/uploads\/2021\/11\/Gruene.jpg 900w\" sizes=\"auto, (max-width: 706px) 89vw, (max-width: 767px) 82vw, 740px\" \/><figcaption><span class=\"has-inline-color has-vivid-green-cyan-color\">Ezt a szemetet \u00fagy h\u00edvj\u00e1k N\u00e9metorsz\u00e1gban: Die Gr\u00fcne. \u00c9s nincsenek egyed\u00fcl, &#8220;elvt\u00e1rsaik&#8221; beh\u00e1l\u00f3zz\u00e1k a vil\u00e1got.<\/span><\/figcaption><\/figure>\n\n\n\n<hr class=\"wp-block-separator\"\/>\n\n\n\n<figure class=\"wp-block-image size-large\"><img loading=\"lazy\" decoding=\"async\" width=\"1024\" height=\"950\" src=\"https:\/\/laszlo1713.lima-city.de\/wp-content\/uploads\/2021\/11\/IMAGE-2021-11-29-090642-1024x950.jpg\" alt=\"\" class=\"wp-image-4939\" srcset=\"https:\/\/laszlo1713.lima-city.de\/wp-content\/uploads\/2021\/11\/IMAGE-2021-11-29-090642-1024x950.jpg 1024w, https:\/\/laszlo1713.lima-city.de\/wp-content\/uploads\/2021\/11\/IMAGE-2021-11-29-090642-300x278.jpg 300w, https:\/\/laszlo1713.lima-city.de\/wp-content\/uploads\/2021\/11\/IMAGE-2021-11-29-090642-768x713.jpg 768w, https:\/\/laszlo1713.lima-city.de\/wp-content\/uploads\/2021\/11\/IMAGE-2021-11-29-090642.jpg 1080w\" sizes=\"auto, (max-width: 706px) 89vw, (max-width: 767px) 82vw, 740px\" \/><figcaption>The war on covid ends when the people (&#8230;) acknowledge these facts:<br><br>1. The virus does not spread asymptomatically.&nbsp;<br>2. Stop testing asymptomatic people.<br>3. Natural immunity is robust, complete, and durable.<br>4. Covid-19 is easily treatable at home with early multi-drug treatment.<br>5. The highly toxic drug Remdesivir is killing hospital patients.<br>6. The current leaky vaccines are obsolete, unsafe, and unfit for human use.<br>7. The virus is not severe for the vast majority of healthy people under the age of 60.<br><\/figcaption><\/figure>\n\n\n\n<hr class=\"wp-block-separator\"\/>\n\n\n\n<figure class=\"wp-block-image size-full\"><img loading=\"lazy\" decoding=\"async\" width=\"1024\" height=\"591\" src=\"https:\/\/laszlo1713.lima-city.de\/wp-content\/uploads\/2021\/11\/IMAGE-2021-11-29-090914.jpg\" alt=\"\" class=\"wp-image-4942\" srcset=\"https:\/\/laszlo1713.lima-city.de\/wp-content\/uploads\/2021\/11\/IMAGE-2021-11-29-090914.jpg 1024w, https:\/\/laszlo1713.lima-city.de\/wp-content\/uploads\/2021\/11\/IMAGE-2021-11-29-090914-300x173.jpg 300w, https:\/\/laszlo1713.lima-city.de\/wp-content\/uploads\/2021\/11\/IMAGE-2021-11-29-090914-768x443.jpg 768w\" sizes=\"auto, (max-width: 706px) 89vw, (max-width: 767px) 82vw, 740px\" \/><figcaption>Third dose boosts the immunity, hence you are protected already after a fourth booster. When 80% will receive a 5th booster, the restrictions can be eased, because a 6th stops a virus propagation and prevents it from spreading. I\u2019m calm and confident that a 7th booster will solve all our problems and we have no reasons to fear an 8th booster. Clinical trials of a 9th booster proved that the antibodies are more stable after a 10th booster. 11th booster guarantees there will be no new mutations, therefore there are no reasons to criticize a 12th booster&#8230;<br><\/figcaption><\/figure>\n\n\n\n<hr class=\"wp-block-separator\"\/>\n\n\n\n<figure class=\"wp-block-image size-large\"><img loading=\"lazy\" decoding=\"async\" width=\"1024\" height=\"639\" src=\"https:\/\/laszlo1713.lima-city.de\/wp-content\/uploads\/2021\/11\/Screenshot-2021-11-29-at-11.15.16-1024x639.jpg\" alt=\"\" class=\"wp-image-4944\" srcset=\"https:\/\/laszlo1713.lima-city.de\/wp-content\/uploads\/2021\/11\/Screenshot-2021-11-29-at-11.15.16-1024x639.jpg 1024w, https:\/\/laszlo1713.lima-city.de\/wp-content\/uploads\/2021\/11\/Screenshot-2021-11-29-at-11.15.16-300x187.jpg 300w, https:\/\/laszlo1713.lima-city.de\/wp-content\/uploads\/2021\/11\/Screenshot-2021-11-29-at-11.15.16-768x480.jpg 768w, https:\/\/laszlo1713.lima-city.de\/wp-content\/uploads\/2021\/11\/Screenshot-2021-11-29-at-11.15.16-1536x959.jpg 1536w, https:\/\/laszlo1713.lima-city.de\/wp-content\/uploads\/2021\/11\/Screenshot-2021-11-29-at-11.15.16.jpg 1704w\" sizes=\"auto, (max-width: 706px) 89vw, (max-width: 767px) 82vw, 740px\" \/><figcaption><span class=\"has-inline-color has-vivid-green-cyan-color\">Pfizer v\u00e1ltoztatja menet k\u00f6zben a &#8220;hat\u00f3anyag&#8221; (m\u00e9reg) \u00f6sszet\u00e9tel\u00e9t. <\/span><\/figcaption><\/figure>\n\n\n\n<div data-wp-interactive=\"core\/file\" class=\"wp-block-file\"><object data-wp-bind--hidden=\"!state.hasPdfPreview\" hidden class=\"wp-block-file__embed\" data=\"https:\/\/laszlo1713.lima-city.de\/wp-content\/uploads\/2021\/11\/toxic-01.pdf\" type=\"application\/pdf\" style=\"width:100%;height:600px\" aria-label=\"Embed of Embed of toxic-01..\"><\/object><a href=\"https:\/\/laszlo1713.lima-city.de\/wp-content\/uploads\/2021\/11\/toxic-01.pdf\">toxic-01<\/a><a href=\"https:\/\/laszlo1713.lima-city.de\/wp-content\/uploads\/2021\/11\/toxic-01.pdf\" class=\"wp-block-file__button\" download>Download<\/a><\/div>\n\n\n\n<hr class=\"wp-block-separator\"\/>\n\n\n\n<figure class=\"wp-block-image size-full\"><img loading=\"lazy\" decoding=\"async\" width=\"1024\" height=\"689\" src=\"https:\/\/laszlo1713.lima-city.de\/wp-content\/uploads\/2021\/11\/Screenshot-2021-11-29-at-11.34.49.jpg\" alt=\"\" class=\"wp-image-4951\" srcset=\"https:\/\/laszlo1713.lima-city.de\/wp-content\/uploads\/2021\/11\/Screenshot-2021-11-29-at-11.34.49.jpg 1024w, https:\/\/laszlo1713.lima-city.de\/wp-content\/uploads\/2021\/11\/Screenshot-2021-11-29-at-11.34.49-300x202.jpg 300w, https:\/\/laszlo1713.lima-city.de\/wp-content\/uploads\/2021\/11\/Screenshot-2021-11-29-at-11.34.49-768x517.jpg 768w\" sizes=\"auto, (max-width: 706px) 89vw, (max-width: 767px) 82vw, 740px\" \/><figcaption><span class=\"has-inline-color has-vivid-green-cyan-color\">Egykori <strong>alma mater<\/strong>em, az \u00fajbudai J\u00f3zsef Attila Gimn\u00e1zium tette k\u00f6zz\u00e9 a honlapj\u00e1n. A Pfizer-vakcin\u00e1val oltanak (oltottak) f\u00e9lrevezetett gyermekeket. Mit lehet ehhez m\u00e9g hozz\u00e1f\u0171zni? &#8220;Haz\u00e1m, haz\u00e1m, te mindenem&#8221;? <\/span><\/figcaption><\/figure>\n\n\n\n<hr class=\"wp-block-separator\"\/>\n\n\n\n<figure class=\"wp-block-image size-full\"><img loading=\"lazy\" decoding=\"async\" width=\"598\" height=\"322\" src=\"https:\/\/laszlo1713.lima-city.de\/wp-content\/uploads\/2021\/11\/2021-11-29-11.19.12.jpg\" alt=\"\" class=\"wp-image-4947\" srcset=\"https:\/\/laszlo1713.lima-city.de\/wp-content\/uploads\/2021\/11\/2021-11-29-11.19.12.jpg 598w, https:\/\/laszlo1713.lima-city.de\/wp-content\/uploads\/2021\/11\/2021-11-29-11.19.12-300x162.jpg 300w\" sizes=\"auto, (max-width: 598px) 100vw, 598px\" \/><figcaption><span class=\"has-inline-color has-vivid-green-cyan-color\">inform\u00e1ci\u00f3 &#8211; tud\u00e1s &#8211; b\u00f6lcsess\u00e9g &#8212;  az els\u0151b\u0151l id\u0151k\u00f6zben rengeteg van, az ut\u00f3bbib\u00f3l sajn\u00e1latosan kev\u00e9s. K\u00f6zben pedig a tudom\u00e1nyra (tud\u00e1s) mutogatunk, an\u00e9lk\u00fcl, hogy l\u00e1tn\u00e1nk a f\u00e1kt\u00f3l az erd\u0151t.<\/span><\/figcaption><\/figure>\n\n\n\n<hr class=\"wp-block-separator\"\/>\n\n\n\n<figure class=\"wp-block-image size-large\"><img loading=\"lazy\" decoding=\"async\" width=\"1024\" height=\"971\" src=\"https:\/\/laszlo1713.lima-city.de\/wp-content\/uploads\/2021\/11\/IMAGE-2021-11-29-150335-1024x971.jpg\" alt=\"\" class=\"wp-image-4958\" srcset=\"https:\/\/laszlo1713.lima-city.de\/wp-content\/uploads\/2021\/11\/IMAGE-2021-11-29-150335-1024x971.jpg 1024w, https:\/\/laszlo1713.lima-city.de\/wp-content\/uploads\/2021\/11\/IMAGE-2021-11-29-150335-300x284.jpg 300w, https:\/\/laszlo1713.lima-city.de\/wp-content\/uploads\/2021\/11\/IMAGE-2021-11-29-150335-768x728.jpg 768w, https:\/\/laszlo1713.lima-city.de\/wp-content\/uploads\/2021\/11\/IMAGE-2021-11-29-150335.jpg 1275w\" sizes=\"auto, (max-width: 706px) 89vw, (max-width: 767px) 82vw, 740px\" \/><figcaption>KAPCSOLATOK (&#8220;Jelk\u00e9pek erdej\u00e9n \u00e1t visz az ember \u00fatja,<br>s a vend\u00e9get szem\u00fck bar\u00e1tk\u00e9nt figyeli.&#8221;)<\/figcaption><\/figure>\n\n\n\n<hr class=\"wp-block-separator\"\/>\n\n\n\n<figure class=\"wp-block-image size-large\"><img loading=\"lazy\" decoding=\"async\" width=\"1024\" height=\"1024\" src=\"https:\/\/laszlo1713.lima-city.de\/wp-content\/uploads\/2021\/11\/IMAGE-2021-11-29-184232-1024x1024.jpg\" alt=\"\" class=\"wp-image-4960\" srcset=\"https:\/\/laszlo1713.lima-city.de\/wp-content\/uploads\/2021\/11\/IMAGE-2021-11-29-184232-1024x1024.jpg 1024w, https:\/\/laszlo1713.lima-city.de\/wp-content\/uploads\/2021\/11\/IMAGE-2021-11-29-184232-300x300.jpg 300w, https:\/\/laszlo1713.lima-city.de\/wp-content\/uploads\/2021\/11\/IMAGE-2021-11-29-184232-150x150.jpg 150w, https:\/\/laszlo1713.lima-city.de\/wp-content\/uploads\/2021\/11\/IMAGE-2021-11-29-184232-768x768.jpg 768w, https:\/\/laszlo1713.lima-city.de\/wp-content\/uploads\/2021\/11\/IMAGE-2021-11-29-184232-100x100.jpg 100w, https:\/\/laszlo1713.lima-city.de\/wp-content\/uploads\/2021\/11\/IMAGE-2021-11-29-184232.jpg 1200w\" sizes=\"auto, (max-width: 706px) 89vw, (max-width: 767px) 82vw, 740px\" \/><\/figure>\n\n\n\n<hr class=\"wp-block-separator\"\/>\n\n\n\n<div class=\"wp-block-image\"><figure class=\"aligncenter size-large\"><img loading=\"lazy\" decoding=\"async\" width=\"473\" height=\"1024\" src=\"https:\/\/laszlo1713.lima-city.de\/wp-content\/uploads\/2021\/11\/Screenshot-2021-11-29-at-19.05.37-473x1024.jpg\" alt=\"\" class=\"wp-image-4962\" srcset=\"https:\/\/laszlo1713.lima-city.de\/wp-content\/uploads\/2021\/11\/Screenshot-2021-11-29-at-19.05.37-473x1024.jpg 473w, https:\/\/laszlo1713.lima-city.de\/wp-content\/uploads\/2021\/11\/Screenshot-2021-11-29-at-19.05.37-139x300.jpg 139w, https:\/\/laszlo1713.lima-city.de\/wp-content\/uploads\/2021\/11\/Screenshot-2021-11-29-at-19.05.37.jpg 572w\" sizes=\"auto, (max-width: 473px) 100vw, 473px\" \/><figcaption><strong>PARMA, ITALY \ud83c\uddee\ud83c\uddf9&nbsp;<\/strong><br><strong>MARCH OF THE VACCINE DEAD<\/strong><br>People march with photos of their loved ones who were killed by the Covid-19 &#8220;vaccines&#8221;.<\/figcaption><\/figure><\/div>\n\n\n\n<hr class=\"wp-block-separator\"\/>\n\n\n\n<figure class=\"wp-block-image size-large\"><img loading=\"lazy\" decoding=\"async\" width=\"1024\" height=\"558\" src=\"https:\/\/laszlo1713.lima-city.de\/wp-content\/uploads\/2021\/11\/Screenshot-2021-11-29-at-20.08.55-1024x558.jpg\" alt=\"\" class=\"wp-image-4964\" srcset=\"https:\/\/laszlo1713.lima-city.de\/wp-content\/uploads\/2021\/11\/Screenshot-2021-11-29-at-20.08.55-1024x558.jpg 1024w, https:\/\/laszlo1713.lima-city.de\/wp-content\/uploads\/2021\/11\/Screenshot-2021-11-29-at-20.08.55-300x163.jpg 300w, https:\/\/laszlo1713.lima-city.de\/wp-content\/uploads\/2021\/11\/Screenshot-2021-11-29-at-20.08.55-768x418.jpg 768w, https:\/\/laszlo1713.lima-city.de\/wp-content\/uploads\/2021\/11\/Screenshot-2021-11-29-at-20.08.55-1536x837.jpg 1536w, https:\/\/laszlo1713.lima-city.de\/wp-content\/uploads\/2021\/11\/Screenshot-2021-11-29-at-20.08.55.jpg 1670w\" sizes=\"auto, (max-width: 706px) 89vw, (max-width: 767px) 82vw, 740px\" \/><figcaption><strong>Freemason sign<\/strong> <strong>at Switzerland&#8217;s Economic Affairs Department.<\/strong><br><\/figcaption><\/figure>\n\n\n\n<p><span class=\"has-inline-color has-vivid-green-cyan-color\">Sv\u00e1jc is nyakig benne (az illumin\u00e1tus infiltr\u00e1ci\u00f3ban), nemcsak Ausztria,  Anglia, Franciaorsz\u00e1g, N\u00e9metorsz\u00e1g \u00e9s ezek &#8220;csatl\u00f3sai&#8221;. Gyakorlatilag az eg\u00e9sz vil\u00e1g.<\/span><\/p>\n\n\n\n<hr class=\"wp-block-separator\"\/>\n\n\n\n<div class=\"wp-block-image\"><figure class=\"aligncenter size-full\"><img loading=\"lazy\" decoding=\"async\" width=\"568\" height=\"697\" src=\"https:\/\/laszlo1713.lima-city.de\/wp-content\/uploads\/2021\/11\/IMAGE-2021-11-29-202241.jpg\" alt=\"\" class=\"wp-image-4967\" srcset=\"https:\/\/laszlo1713.lima-city.de\/wp-content\/uploads\/2021\/11\/IMAGE-2021-11-29-202241.jpg 568w, https:\/\/laszlo1713.lima-city.de\/wp-content\/uploads\/2021\/11\/IMAGE-2021-11-29-202241-244x300.jpg 244w\" sizes=\"auto, (max-width: 568px) 100vw, 568px\" \/><figcaption><strong>Face masks<\/strong> are the environmental catastrophe of Covid. They are littering our streets. They are clogging up our landfills, rivers and oceans. <strong>129 billion Covid face masks<\/strong> that cannot be biodegraded are being used and thrown away every month.<br><\/figcaption><\/figure><\/div>\n\n\n\n<hr class=\"wp-block-separator\"\/>\n\n\n\n<figure class=\"wp-block-image size-full\"><img loading=\"lazy\" decoding=\"async\" width=\"838\" height=\"592\" src=\"https:\/\/laszlo1713.lima-city.de\/wp-content\/uploads\/2021\/11\/Screenshot-2021-11-29-at-21.03.15.jpg\" alt=\"\" class=\"wp-image-4970\" srcset=\"https:\/\/laszlo1713.lima-city.de\/wp-content\/uploads\/2021\/11\/Screenshot-2021-11-29-at-21.03.15.jpg 838w, https:\/\/laszlo1713.lima-city.de\/wp-content\/uploads\/2021\/11\/Screenshot-2021-11-29-at-21.03.15-300x212.jpg 300w, https:\/\/laszlo1713.lima-city.de\/wp-content\/uploads\/2021\/11\/Screenshot-2021-11-29-at-21.03.15-768x543.jpg 768w\" sizes=\"auto, (max-width: 706px) 89vw, (max-width: 767px) 82vw, 740px\" \/><\/figure>\n\n\n\n<hr class=\"wp-block-separator\"\/>\n\n\n\n<figure class=\"wp-block-image size-large\"><img loading=\"lazy\" decoding=\"async\" width=\"1024\" height=\"164\" src=\"https:\/\/laszlo1713.lima-city.de\/wp-content\/uploads\/2021\/11\/Screenshot-2021-11-29-at-21.03.56-1024x164.jpg\" alt=\"\" class=\"wp-image-4971\" srcset=\"https:\/\/laszlo1713.lima-city.de\/wp-content\/uploads\/2021\/11\/Screenshot-2021-11-29-at-21.03.56-1024x164.jpg 1024w, https:\/\/laszlo1713.lima-city.de\/wp-content\/uploads\/2021\/11\/Screenshot-2021-11-29-at-21.03.56-300x48.jpg 300w, https:\/\/laszlo1713.lima-city.de\/wp-content\/uploads\/2021\/11\/Screenshot-2021-11-29-at-21.03.56-768x123.jpg 768w, https:\/\/laszlo1713.lima-city.de\/wp-content\/uploads\/2021\/11\/Screenshot-2021-11-29-at-21.03.56.jpg 1098w\" sizes=\"auto, (max-width: 706px) 89vw, (max-width: 767px) 82vw, 740px\" \/><\/figure>\n\n\n\n<hr class=\"wp-block-separator\"\/>\n\n\n\n<figure class=\"wp-block-image size-large\"><img loading=\"lazy\" decoding=\"async\" width=\"1024\" height=\"725\" src=\"https:\/\/laszlo1713.lima-city.de\/wp-content\/uploads\/2021\/11\/Screenshot-2021-11-29-at-21.06.38-1024x725.jpg\" alt=\"\" class=\"wp-image-4973\" srcset=\"https:\/\/laszlo1713.lima-city.de\/wp-content\/uploads\/2021\/11\/Screenshot-2021-11-29-at-21.06.38-1024x725.jpg 1024w, https:\/\/laszlo1713.lima-city.de\/wp-content\/uploads\/2021\/11\/Screenshot-2021-11-29-at-21.06.38-300x212.jpg 300w, https:\/\/laszlo1713.lima-city.de\/wp-content\/uploads\/2021\/11\/Screenshot-2021-11-29-at-21.06.38-768x544.jpg 768w, https:\/\/laszlo1713.lima-city.de\/wp-content\/uploads\/2021\/11\/Screenshot-2021-11-29-at-21.06.38.jpg 1520w\" sizes=\"auto, (max-width: 706px) 89vw, (max-width: 767px) 82vw, 740px\" \/><figcaption>Dr. Matthias Rath fordert in einem&nbsp;<strong><a rel=\"noreferrer noopener\" href=\"https:\/\/voteforreason.com\/emergency-call-to-the-governments-of-the-european-union-and-the-us\/\" target=\"_blank\">Letter of Intent<\/a><\/strong>&nbsp;einen Stopp der Corona-Impfung: \u201ePotenziell verheerende Nebenwirkungen (&#8230;) Sie k\u00f6nnen nicht sagen, sie h\u00e4tten nichts gewusst.<br>Dr. Rath fordert die politischen Entscheidungstr\u00e4ger auf, die Impfstoffe zu stoppen. \u201eJede andere Entscheidung ist unverantwortlich und setzt die Gesundheit und das Leben von Millionen von Menschen aufs Spiel\u201c, sagte er.<br>Der Arzt fordert auch eine unabh\u00e4ngige Untersuchung der m\u00f6glichen Nebenwirkungen der Impfstoffe. Jetzt, da Dr. Rath seinen Brief abgeschickt hat, verf\u00fcgen die europ\u00e4ischen und amerikanischen Politiker \u00fcber die wissenschaftlichen Fakten. Sie werden in Zukunft nicht mehr sagen k\u00f6nnen, dass sie \u201enichts gewusst\u201c haben.<\/figcaption><\/figure>\n\n\n\n<hr class=\"wp-block-separator\"\/>\n\n\n\n<figure class=\"wp-block-image size-large\"><img loading=\"lazy\" decoding=\"async\" width=\"1024\" height=\"731\" src=\"https:\/\/laszlo1713.lima-city.de\/wp-content\/uploads\/2021\/11\/Screenshot-2021-11-30-at-08.57.21-1024x731.jpg\" alt=\"\" class=\"wp-image-4975\" srcset=\"https:\/\/laszlo1713.lima-city.de\/wp-content\/uploads\/2021\/11\/Screenshot-2021-11-30-at-08.57.21-1024x731.jpg 1024w, https:\/\/laszlo1713.lima-city.de\/wp-content\/uploads\/2021\/11\/Screenshot-2021-11-30-at-08.57.21-300x214.jpg 300w, https:\/\/laszlo1713.lima-city.de\/wp-content\/uploads\/2021\/11\/Screenshot-2021-11-30-at-08.57.21-768x548.jpg 768w, https:\/\/laszlo1713.lima-city.de\/wp-content\/uploads\/2021\/11\/Screenshot-2021-11-30-at-08.57.21.jpg 1532w\" sizes=\"auto, (max-width: 706px) 89vw, (max-width: 767px) 82vw, 740px\" \/><figcaption>Die Treibjagd auf die Ungeimpften nimmt immer groteskere Ausma\u00dfe an. Sie sollen zu einer Impfung gezwungen werden, die den einzigen Ausweg aus einer sonst endlosen Corona-\u201ePandemie\u201c bieten soll. Doch die Verlogenheit dieser Kampagne wird immer offenbarer. Die Impfung, in Wahrheit ein gewaltiges Gen-Experiment an unwissenden Opfern, h\u00e4lt nicht, was sie verspricht. Ihre angebliche Schutzwirkung ist schnell verfl\u00fcchtigt, \u2013 inzwischen gibt es bereits mehr Corona-Kranke, die geimpft sind, als solche, die nicht geimpft sind. Und ihre angebliche Sicherheit erregt ein Grauen angesichts der st\u00e4ndig wachsenden Zahlen von furchtbaren Nebenwirkungen und Todesf\u00e4llen. Die gewaltige T\u00e4uschung der Menschen wird immer mehr sichtbar.<\/figcaption><\/figure>\n\n\n\n<hr class=\"wp-block-separator\"\/>\n\n\n\n<figure class=\"wp-block-image size-large\"><img loading=\"lazy\" decoding=\"async\" width=\"1024\" height=\"885\" src=\"https:\/\/laszlo1713.lima-city.de\/wp-content\/uploads\/2021\/11\/IMAGE-2021-11-30-090137-1024x885.jpg\" alt=\"\" class=\"wp-image-4977\" srcset=\"https:\/\/laszlo1713.lima-city.de\/wp-content\/uploads\/2021\/11\/IMAGE-2021-11-30-090137-1024x885.jpg 1024w, https:\/\/laszlo1713.lima-city.de\/wp-content\/uploads\/2021\/11\/IMAGE-2021-11-30-090137-300x259.jpg 300w, https:\/\/laszlo1713.lima-city.de\/wp-content\/uploads\/2021\/11\/IMAGE-2021-11-30-090137-768x664.jpg 768w, https:\/\/laszlo1713.lima-city.de\/wp-content\/uploads\/2021\/11\/IMAGE-2021-11-30-090137.jpg 1280w\" sizes=\"auto, (max-width: 706px) 89vw, (max-width: 767px) 82vw, 740px\" \/><figcaption>Omicron &#8211; Oncomir<br>MicroRNA associated with CANCER.<br><\/figcaption><\/figure>\n\n\n\n<figure class=\"wp-block-image size-large\"><img loading=\"lazy\" decoding=\"async\" width=\"1024\" height=\"566\" src=\"https:\/\/laszlo1713.lima-city.de\/wp-content\/uploads\/2021\/11\/Screenshot-2021-11-30-at-09.02.53-1024x566.jpg\" alt=\"\" class=\"wp-image-4979\" srcset=\"https:\/\/laszlo1713.lima-city.de\/wp-content\/uploads\/2021\/11\/Screenshot-2021-11-30-at-09.02.53-1024x566.jpg 1024w, https:\/\/laszlo1713.lima-city.de\/wp-content\/uploads\/2021\/11\/Screenshot-2021-11-30-at-09.02.53-300x166.jpg 300w, https:\/\/laszlo1713.lima-city.de\/wp-content\/uploads\/2021\/11\/Screenshot-2021-11-30-at-09.02.53-768x425.jpg 768w, https:\/\/laszlo1713.lima-city.de\/wp-content\/uploads\/2021\/11\/Screenshot-2021-11-30-at-09.02.53-1536x849.jpg 1536w, https:\/\/laszlo1713.lima-city.de\/wp-content\/uploads\/2021\/11\/Screenshot-2021-11-30-at-09.02.53-2048x1133.jpg 2048w\" sizes=\"auto, (max-width: 706px) 89vw, (max-width: 767px) 82vw, 740px\" \/><\/figure>\n\n\n\n<hr class=\"wp-block-separator\"\/>\n\n\n\n<p><span class=\"has-inline-color has-vivid-green-cyan-color\">Egyszer\u0171en b\u0171n\u00f6z\u0151k!  Minden bizony\u00edt\u00e9k a szem\u00fcnk el\u0151tt.<\/span><\/p>\n\n\n\n<figure class=\"wp-block-image size-large\"><img loading=\"lazy\" decoding=\"async\" width=\"1024\" height=\"571\" src=\"https:\/\/laszlo1713.lima-city.de\/wp-content\/uploads\/2021\/11\/Screenshot-2021-11-30-at-09.57.49-1024x571.jpg\" alt=\"\" class=\"wp-image-4981\" srcset=\"https:\/\/laszlo1713.lima-city.de\/wp-content\/uploads\/2021\/11\/Screenshot-2021-11-30-at-09.57.49-1024x571.jpg 1024w, https:\/\/laszlo1713.lima-city.de\/wp-content\/uploads\/2021\/11\/Screenshot-2021-11-30-at-09.57.49-300x167.jpg 300w, https:\/\/laszlo1713.lima-city.de\/wp-content\/uploads\/2021\/11\/Screenshot-2021-11-30-at-09.57.49-768x429.jpg 768w, https:\/\/laszlo1713.lima-city.de\/wp-content\/uploads\/2021\/11\/Screenshot-2021-11-30-at-09.57.49-1536x857.jpg 1536w, https:\/\/laszlo1713.lima-city.de\/wp-content\/uploads\/2021\/11\/Screenshot-2021-11-30-at-09.57.49-2048x1143.jpg 2048w\" sizes=\"auto, (max-width: 706px) 89vw, (max-width: 767px) 82vw, 740px\" \/><figcaption>Von der Leyen: &#8220;Impfen, impfen, impfen! Boostern, boostern, boostern!&#8221;<br>EU-Kommissionspr\u00e4sidentin Ursula von der Leyen hat angesichts der neuen Coronavirus-Variante &#8220;Omikron&#8221; zu &#8220;Vorsorgema\u00dfnahmen&#8221; in den EU-Mitgliedstaaten aufgerufen.<br>Noch sei nicht alles zu der neuen Coronavirus-Variante bekannt und die Wissenschaftler br\u00e4uchten zwei bis drei Wochen, um sich ein vollst\u00e4ndiges Bild der Mutation machen zu k\u00f6nnen, die die Variante in sich tr\u00e4gt.<br>In der Pressekonferenz in Lettland betone sie noch einmal, wie wichtig es sei, weiterhin zu impfen und zu boostern, um so viele Menschen wie m\u00f6glich zu sch\u00fctzen.<br>In Sachen Impfstoff steht die EU jedoch laut der EU-Kommissionspr\u00e4sidentin &#8220;auf der sicheren Seite&#8221;, da der Vertrag \u00fcber den Kauf von bis zu 1,8 Milliarden Coronaimpfstoffdosen mit BioNTech\/Pfizer eine Klausel enth\u00e4lt, wonach die Hersteller den Coronaimpfstoff innerhalb von 100 Tagen an neue Mutationen anpassen k\u00f6nnen. <\/figcaption><\/figure>\n\n\n\n<hr class=\"wp-block-separator\"\/>\n\n\n\n<figure class=\"wp-block-image size-full\"><img loading=\"lazy\" decoding=\"async\" width=\"808\" height=\"586\" src=\"https:\/\/laszlo1713.lima-city.de\/wp-content\/uploads\/2021\/11\/Screenshot-2021-11-30-at-10.05.12.jpg\" alt=\"\" class=\"wp-image-4984\" srcset=\"https:\/\/laszlo1713.lima-city.de\/wp-content\/uploads\/2021\/11\/Screenshot-2021-11-30-at-10.05.12.jpg 808w, https:\/\/laszlo1713.lima-city.de\/wp-content\/uploads\/2021\/11\/Screenshot-2021-11-30-at-10.05.12-300x218.jpg 300w, https:\/\/laszlo1713.lima-city.de\/wp-content\/uploads\/2021\/11\/Screenshot-2021-11-30-at-10.05.12-768x557.jpg 768w\" sizes=\"auto, (max-width: 706px) 89vw, (max-width: 767px) 82vw, 740px\" \/><\/figure>\n\n\n\n<hr class=\"wp-block-separator\"\/>\n\n\n\n<figure class=\"wp-block-image size-large\"><img loading=\"lazy\" decoding=\"async\" width=\"1024\" height=\"612\" src=\"https:\/\/laszlo1713.lima-city.de\/wp-content\/uploads\/2021\/11\/IMAGE-2021-11-30-100645-1024x612.jpg\" alt=\"\" class=\"wp-image-4986\" srcset=\"https:\/\/laszlo1713.lima-city.de\/wp-content\/uploads\/2021\/11\/IMAGE-2021-11-30-100645-1024x612.jpg 1024w, https:\/\/laszlo1713.lima-city.de\/wp-content\/uploads\/2021\/11\/IMAGE-2021-11-30-100645-300x179.jpg 300w, https:\/\/laszlo1713.lima-city.de\/wp-content\/uploads\/2021\/11\/IMAGE-2021-11-30-100645-768x459.jpg 768w, https:\/\/laszlo1713.lima-city.de\/wp-content\/uploads\/2021\/11\/IMAGE-2021-11-30-100645.jpg 1195w\" sizes=\"auto, (max-width: 706px) 89vw, (max-width: 767px) 82vw, 740px\" \/><figcaption>Weihnachtliches aus Gelsenkirchen.<br><\/figcaption><\/figure>\n\n\n\n<hr class=\"wp-block-separator\"\/>\n\n\n\n<div class=\"wp-block-image\"><figure class=\"aligncenter size-large\"><img loading=\"lazy\" decoding=\"async\" width=\"968\" height=\"1024\" src=\"https:\/\/laszlo1713.lima-city.de\/wp-content\/uploads\/2021\/11\/Screenshot-2021-11-30-at-14.02.11-968x1024.jpg\" alt=\"\" class=\"wp-image-4988\" srcset=\"https:\/\/laszlo1713.lima-city.de\/wp-content\/uploads\/2021\/11\/Screenshot-2021-11-30-at-14.02.11-968x1024.jpg 968w, https:\/\/laszlo1713.lima-city.de\/wp-content\/uploads\/2021\/11\/Screenshot-2021-11-30-at-14.02.11-284x300.jpg 284w, https:\/\/laszlo1713.lima-city.de\/wp-content\/uploads\/2021\/11\/Screenshot-2021-11-30-at-14.02.11-768x813.jpg 768w, https:\/\/laszlo1713.lima-city.de\/wp-content\/uploads\/2021\/11\/Screenshot-2021-11-30-at-14.02.11.jpg 1070w\" sizes=\"auto, (max-width: 706px) 89vw, (max-width: 767px) 82vw, 740px\" \/><\/figure><\/div>\n\n\n\n<hr class=\"wp-block-separator\"\/>\n\n\n\n<p><span class=\"has-inline-color has-vivid-green-cyan-color\">lumen de lucifer &#8211; a Bundesverfassungsgericht &#8220;vil\u00e1goss\u00e1ga&#8221; &#8211; az alapjogok &#8220;s\u00f6t\u00e9ts\u00e9ge&#8221;<\/span><\/p>\n\n\n\n<figure class=\"wp-block-image size-large\"><img loading=\"lazy\" decoding=\"async\" width=\"1024\" height=\"814\" src=\"https:\/\/laszlo1713.lima-city.de\/wp-content\/uploads\/2021\/11\/Screenshot-2021-11-30-at-16.22.50-1024x814.jpg\" alt=\"\" class=\"wp-image-4990\" srcset=\"https:\/\/laszlo1713.lima-city.de\/wp-content\/uploads\/2021\/11\/Screenshot-2021-11-30-at-16.22.50-1024x814.jpg 1024w, https:\/\/laszlo1713.lima-city.de\/wp-content\/uploads\/2021\/11\/Screenshot-2021-11-30-at-16.22.50-300x238.jpg 300w, https:\/\/laszlo1713.lima-city.de\/wp-content\/uploads\/2021\/11\/Screenshot-2021-11-30-at-16.22.50-768x610.jpg 768w, https:\/\/laszlo1713.lima-city.de\/wp-content\/uploads\/2021\/11\/Screenshot-2021-11-30-at-16.22.50.jpg 1402w\" sizes=\"auto, (max-width: 706px) 89vw, (max-width: 767px) 82vw, 740px\" \/><figcaption>Das Bundesverfassungsgericht hat die Knallhart-Corona-Ma\u00dfnahmen \u2013 Ausgangssperren<br>und Schulschlie\u00dfungen \u2013&nbsp;im Fr\u00fchjahr 2020 f\u00fcr rechtens erkl\u00e4rt.<\/figcaption><\/figure>\n\n\n\n<figure class=\"wp-block-image size-large\"><img loading=\"lazy\" decoding=\"async\" width=\"1024\" height=\"449\" src=\"https:\/\/laszlo1713.lima-city.de\/wp-content\/uploads\/2021\/11\/Screenshot-2021-11-30-at-17.14.27-1024x449.jpg\" alt=\"\" class=\"wp-image-5002\" srcset=\"https:\/\/laszlo1713.lima-city.de\/wp-content\/uploads\/2021\/11\/Screenshot-2021-11-30-at-17.14.27-1024x449.jpg 1024w, https:\/\/laszlo1713.lima-city.de\/wp-content\/uploads\/2021\/11\/Screenshot-2021-11-30-at-17.14.27-300x132.jpg 300w, https:\/\/laszlo1713.lima-city.de\/wp-content\/uploads\/2021\/11\/Screenshot-2021-11-30-at-17.14.27-768x337.jpg 768w, https:\/\/laszlo1713.lima-city.de\/wp-content\/uploads\/2021\/11\/Screenshot-2021-11-30-at-17.14.27-1536x674.jpg 1536w, https:\/\/laszlo1713.lima-city.de\/wp-content\/uploads\/2021\/11\/Screenshot-2021-11-30-at-17.14.27-2048x898.jpg 2048w\" sizes=\"auto, (max-width: 706px) 89vw, (max-width: 767px) 82vw, 740px\" \/><figcaption><span class=\"has-inline-color has-vivid-green-cyan-color\">Valami hasonl\u00f3s\u00e1g? Tal\u00e1n? H\u00fclyes\u00e9g? Nem is eg\u00e9szen?<\/span><\/figcaption><\/figure>\n\n\n\n<figure class=\"wp-block-image size-large\"><img loading=\"lazy\" decoding=\"async\" width=\"1024\" height=\"897\" src=\"https:\/\/laszlo1713.lima-city.de\/wp-content\/uploads\/2021\/12\/Screenshot-2021-12-02-at-08.52.32-1024x897.jpg\" alt=\"\" class=\"wp-image-5044\" srcset=\"https:\/\/laszlo1713.lima-city.de\/wp-content\/uploads\/2021\/12\/Screenshot-2021-12-02-at-08.52.32-1024x897.jpg 1024w, https:\/\/laszlo1713.lima-city.de\/wp-content\/uploads\/2021\/12\/Screenshot-2021-12-02-at-08.52.32-300x263.jpg 300w, https:\/\/laszlo1713.lima-city.de\/wp-content\/uploads\/2021\/12\/Screenshot-2021-12-02-at-08.52.32-768x673.jpg 768w, https:\/\/laszlo1713.lima-city.de\/wp-content\/uploads\/2021\/12\/Screenshot-2021-12-02-at-08.52.32-1536x1346.jpg 1536w, https:\/\/laszlo1713.lima-city.de\/wp-content\/uploads\/2021\/12\/Screenshot-2021-12-02-at-08.52.32.jpg 1826w\" sizes=\"auto, (max-width: 706px) 89vw, (max-width: 767px) 82vw, 740px\" \/><\/figure>\n\n\n\n<hr class=\"wp-block-separator\"\/>\n\n\n\n<figure class=\"wp-block-image size-large\"><img loading=\"lazy\" decoding=\"async\" width=\"1024\" height=\"747\" src=\"https:\/\/laszlo1713.lima-city.de\/wp-content\/uploads\/2021\/12\/Screenshot-2021-12-02-at-08.52.15-1024x747.jpg\" alt=\"\" class=\"wp-image-5045\" srcset=\"https:\/\/laszlo1713.lima-city.de\/wp-content\/uploads\/2021\/12\/Screenshot-2021-12-02-at-08.52.15-1024x747.jpg 1024w, https:\/\/laszlo1713.lima-city.de\/wp-content\/uploads\/2021\/12\/Screenshot-2021-12-02-at-08.52.15-300x219.jpg 300w, https:\/\/laszlo1713.lima-city.de\/wp-content\/uploads\/2021\/12\/Screenshot-2021-12-02-at-08.52.15-768x561.jpg 768w, https:\/\/laszlo1713.lima-city.de\/wp-content\/uploads\/2021\/12\/Screenshot-2021-12-02-at-08.52.15-1536x1121.jpg 1536w, https:\/\/laszlo1713.lima-city.de\/wp-content\/uploads\/2021\/12\/Screenshot-2021-12-02-at-08.52.15.jpg 1540w\" sizes=\"auto, (max-width: 706px) 89vw, (max-width: 767px) 82vw, 740px\" \/><\/figure>\n\n\n\n<hr class=\"wp-block-separator\"\/>\n\n\n\n<div class=\"wp-block-image\"><figure class=\"aligncenter size-full\"><img loading=\"lazy\" decoding=\"async\" width=\"408\" height=\"636\" src=\"https:\/\/laszlo1713.lima-city.de\/wp-content\/uploads\/2021\/11\/Screenshot-2021-11-30-at-16.28.49.jpg\" alt=\"\" class=\"wp-image-4993\" srcset=\"https:\/\/laszlo1713.lima-city.de\/wp-content\/uploads\/2021\/11\/Screenshot-2021-11-30-at-16.28.49.jpg 408w, https:\/\/laszlo1713.lima-city.de\/wp-content\/uploads\/2021\/11\/Screenshot-2021-11-30-at-16.28.49-192x300.jpg 192w\" sizes=\"auto, (max-width: 408px) 100vw, 408px\" \/><figcaption><span class=\"has-inline-color has-black-color\"><em>Sose vegy\u00e9tek t\u00fal komolyan az ostobas\u00e1got!<\/em> (k\u00ednai k\u00f6zmond\u00e1s)<\/span><\/figcaption><\/figure><\/div>\n\n\n\n<hr class=\"wp-block-separator\"\/>\n\n\n\n<figure class=\"wp-block-image size-large\"><img loading=\"lazy\" decoding=\"async\" width=\"706\" height=\"1024\" src=\"https:\/\/laszlo1713.lima-city.de\/wp-content\/uploads\/2021\/11\/IMAGE-2021-11-30-165142-706x1024.jpg\" alt=\"\" class=\"wp-image-4996\" srcset=\"https:\/\/laszlo1713.lima-city.de\/wp-content\/uploads\/2021\/11\/IMAGE-2021-11-30-165142-706x1024.jpg 706w, https:\/\/laszlo1713.lima-city.de\/wp-content\/uploads\/2021\/11\/IMAGE-2021-11-30-165142-207x300.jpg 207w, https:\/\/laszlo1713.lima-city.de\/wp-content\/uploads\/2021\/11\/IMAGE-2021-11-30-165142-768x1115.jpg 768w, https:\/\/laszlo1713.lima-city.de\/wp-content\/uploads\/2021\/11\/IMAGE-2021-11-30-165142.jpg 882w\" sizes=\"auto, (max-width: 706px) 100vw, 706px\" \/><figcaption><span class=\"has-inline-color has-vivid-green-cyan-color\">Pfizer-csocs\u00f3<\/span>. <span class=\"has-inline-color has-vivid-green-cyan-color\">B\u00e1rki be\u00e1llhat a hely\u00fckre &#8220;30 ez\u00fcstp\u00e9nz\u00e9rt&#8221;.<\/span><\/figcaption><\/figure>\n\n\n\n<hr class=\"wp-block-separator\"\/>\n\n\n\n<figure class=\"wp-block-image size-large\"><img loading=\"lazy\" decoding=\"async\" width=\"1024\" height=\"202\" src=\"https:\/\/laszlo1713.lima-city.de\/wp-content\/uploads\/2021\/11\/Screenshot-2021-11-30-at-16.57.00-1024x202.jpg\" alt=\"\" class=\"wp-image-5000\" srcset=\"https:\/\/laszlo1713.lima-city.de\/wp-content\/uploads\/2021\/11\/Screenshot-2021-11-30-at-16.57.00-1024x202.jpg 1024w, https:\/\/laszlo1713.lima-city.de\/wp-content\/uploads\/2021\/11\/Screenshot-2021-11-30-at-16.57.00-300x59.jpg 300w, https:\/\/laszlo1713.lima-city.de\/wp-content\/uploads\/2021\/11\/Screenshot-2021-11-30-at-16.57.00-768x152.jpg 768w, https:\/\/laszlo1713.lima-city.de\/wp-content\/uploads\/2021\/11\/Screenshot-2021-11-30-at-16.57.00.jpg 1074w\" sizes=\"auto, (max-width: 706px) 89vw, (max-width: 767px) 82vw, 740px\" \/><\/figure>\n\n\n\n<hr class=\"wp-block-separator\"\/>\n\n\n\n<figure class=\"wp-block-image size-large\"><img loading=\"lazy\" decoding=\"async\" width=\"1024\" height=\"838\" src=\"https:\/\/laszlo1713.lima-city.de\/wp-content\/uploads\/2021\/11\/Screenshot-2021-11-30-at-17.17.43-1024x838.jpg\" alt=\"\" class=\"wp-image-5005\" srcset=\"https:\/\/laszlo1713.lima-city.de\/wp-content\/uploads\/2021\/11\/Screenshot-2021-11-30-at-17.17.43-1024x838.jpg 1024w, https:\/\/laszlo1713.lima-city.de\/wp-content\/uploads\/2021\/11\/Screenshot-2021-11-30-at-17.17.43-300x245.jpg 300w, https:\/\/laszlo1713.lima-city.de\/wp-content\/uploads\/2021\/11\/Screenshot-2021-11-30-at-17.17.43-768x628.jpg 768w, https:\/\/laszlo1713.lima-city.de\/wp-content\/uploads\/2021\/11\/Screenshot-2021-11-30-at-17.17.43.jpg 1088w\" sizes=\"auto, (max-width: 706px) 89vw, (max-width: 767px) 82vw, 740px\" \/><\/figure>\n\n\n\n<hr class=\"wp-block-separator\"\/>\n\n\n\n<figure class=\"wp-block-image size-large\"><img loading=\"lazy\" decoding=\"async\" width=\"1024\" height=\"1005\" src=\"https:\/\/laszlo1713.lima-city.de\/wp-content\/uploads\/2021\/11\/Screenshot-2021-11-30-at-17.25.43-1024x1005.jpg\" alt=\"\" class=\"wp-image-5007\" srcset=\"https:\/\/laszlo1713.lima-city.de\/wp-content\/uploads\/2021\/11\/Screenshot-2021-11-30-at-17.25.43-1024x1005.jpg 1024w, https:\/\/laszlo1713.lima-city.de\/wp-content\/uploads\/2021\/11\/Screenshot-2021-11-30-at-17.25.43-300x294.jpg 300w, https:\/\/laszlo1713.lima-city.de\/wp-content\/uploads\/2021\/11\/Screenshot-2021-11-30-at-17.25.43-768x754.jpg 768w, https:\/\/laszlo1713.lima-city.de\/wp-content\/uploads\/2021\/11\/Screenshot-2021-11-30-at-17.25.43.jpg 1524w\" sizes=\"auto, (max-width: 706px) 89vw, (max-width: 767px) 82vw, 740px\" \/><figcaption>Der Covid-\u201eImpfstoff\u201c macht anf\u00e4lliger f\u00fcr die Erkrankung an Covid und allen anderen Viren und Krankheiten, weil der \u201eImpfstoff\u201c das angeborene Immunsystem zerst\u00f6rt.<br>In Deutschland gibt es in den Bundesl\u00e4ndern mit der h\u00f6chsten Impfrate die meisten Todesf\u00e4lle.<br>Dr. Ute Bergner, Physikerin und Mitglied des Th\u00fcringer Landtags, hat Statistiker beauftragt, den Zusammenhang zwischen Impfung und \u00dcbersterblichkeit in den 16 deutschen Bundesl\u00e4ndern zu untersuchen. Die Statistiker fanden heraus, dass die Bundesl\u00e4nder mit dem geringsten Anteil an geimpfter Bev\u00f6lkerung die geringste \u00dcbersterblichkeit aufwiesen. Das Bundesland mit der h\u00f6chsten Impfrate (66 %) hatte dagegen die h\u00f6chste \u00dcbersterblichkeitsrate. \u201eDer Korrelationskoeffizient betr\u00e4gt +0,31. In den Augen der beiden Datenwissenschaftler ist das \u201aerstaunlich hoch\u2018. Zumal die Impfbef\u00fcrworter zwar das Gegenteil behaupten, aber keinen Beweis f\u00fcr ihre Vorstellung von \u201aSchutz\u2018 liefern. Zumindest sollte man ein anderes Verh\u00e4ltnis erwarten: Je mehr Impfungen, desto geringer die Sterblichkeit. Schlie\u00dflich sollen die Menschen ja gesch\u00fctzt werden.\u201c (&#8230;)<\/figcaption><\/figure>\n\n\n\n<hr class=\"wp-block-separator\"\/>\n\n\n\n<figure class=\"wp-block-image size-large\"><img loading=\"lazy\" decoding=\"async\" width=\"1024\" height=\"839\" src=\"https:\/\/laszlo1713.lima-city.de\/wp-content\/uploads\/2021\/11\/Screenshot-2021-11-30-at-20.07.39-1024x839.jpg\" alt=\"\" class=\"wp-image-5010\" srcset=\"https:\/\/laszlo1713.lima-city.de\/wp-content\/uploads\/2021\/11\/Screenshot-2021-11-30-at-20.07.39-1024x839.jpg 1024w, https:\/\/laszlo1713.lima-city.de\/wp-content\/uploads\/2021\/11\/Screenshot-2021-11-30-at-20.07.39-300x246.jpg 300w, https:\/\/laszlo1713.lima-city.de\/wp-content\/uploads\/2021\/11\/Screenshot-2021-11-30-at-20.07.39-768x630.jpg 768w, https:\/\/laszlo1713.lima-city.de\/wp-content\/uploads\/2021\/11\/Screenshot-2021-11-30-at-20.07.39.jpg 1442w\" sizes=\"auto, (max-width: 706px) 89vw, (max-width: 767px) 82vw, 740px\" \/><figcaption>U.S. Marines on Saturday served a military arrest warrant on Deep State agent Mike Donilon, an American attorney and campaign consultant who served as a Senior Advisor to fake President Joe Biden. He was the chief strategist of Joe Biden\u2019s 2020 criminal presidential campaign. (&#8230;) \u201cDonilon\u2019s arrest took place days before he was going to meet with Biden\u2019s economic team. We had tips that they planned to discuss how to once again lockdown the country over this Omicron thing. And evidence obtained at his home vindicated those tips,\u201d our source said. Among other incriminating evidence, Marines found in Donilon\u2019s possession a handwritten proposal that detailed plans to spike inflation by another 6% over the next 6 months, a move that would certainly bankrupt persons and businesses already hit hard by the scamdemic. \u201cDiscuss with [Chairman of the Council of Economic Advisors Chairperson] Celia Rouse\u2014the lower and middle class will realize we\u2019re not really opening the SPR (presumably meaning strategic petroleum reserves) when fuel prices do not drop and continue to increase in cost. Within 3-6 months suspicions will arise, and we may need other angles\u2026\u201d part of his notes read.<br>Moreover, the documents referenced the myriad cargo ships sitting off the coast of California.<br>\u201cWe must do everything in our authority to prevent imported goods from reaching consumers. In this, we can use Omicron to our advantage,\u201d it read. (&#8230;) \u201cWe expect to learn a lot more through information on his electronic devices. Donilon is a traitor to America and will finally have to answer for his crimes,\u201d our source said.<\/figcaption><\/figure>\n\n\n\n<hr class=\"wp-block-separator\"\/>\n\n\n\n<figure class=\"wp-block-image size-full\"><img loading=\"lazy\" decoding=\"async\" width=\"706\" height=\"702\" src=\"https:\/\/laszlo1713.lima-city.de\/wp-content\/uploads\/2021\/12\/Screenshot-2021-12-01-at-10.45.02.jpg\" alt=\"\" class=\"wp-image-5013\" srcset=\"https:\/\/laszlo1713.lima-city.de\/wp-content\/uploads\/2021\/12\/Screenshot-2021-12-01-at-10.45.02.jpg 706w, https:\/\/laszlo1713.lima-city.de\/wp-content\/uploads\/2021\/12\/Screenshot-2021-12-01-at-10.45.02-300x298.jpg 300w, https:\/\/laszlo1713.lima-city.de\/wp-content\/uploads\/2021\/12\/Screenshot-2021-12-01-at-10.45.02-150x150.jpg 150w, https:\/\/laszlo1713.lima-city.de\/wp-content\/uploads\/2021\/12\/Screenshot-2021-12-01-at-10.45.02-100x100.jpg 100w\" sizes=\"auto, (max-width: 706px) 100vw, 706px\" \/><figcaption><span class=\"has-inline-color has-vivid-green-cyan-color\">Nem &#8220;haza\u00e1rul\u00f3k&#8221;, mert nincs &#8220;haz\u00e1juk&#8221;, nem &#8220;\u00f6ntagad\u00f3k&#8221;, mert nincs &#8220;\u00f6nmaguk&#8221;, marionettek. Az eg\u00e9sz &#8220;rendszer&#8221; (illumin\u00e1tus h\u00e1tt\u00e9rhatalom, DS) &#8220;haza\u00e1rul\u00f3&#8221;, az embers\u00e9get (\u00f6nbecs\u00fcl\u00e9st) \u00e9s emberis\u00e9get m\u00e9lyen lesajn\u00e1l\u00f3. Aki ezt nem hajland\u00f3 l\u00e1tni, maga is a &#8220;l\u00e1pteny\u00e9szet&#8221; r\u00e9sze.<\/span> <span class=\"has-inline-color has-vivid-green-cyan-color\">Aki ezekkel van, maga is egy szarh\u00e1zi.<\/span> <\/figcaption><\/figure>\n\n\n\n<hr class=\"wp-block-separator\"\/>\n\n\n\n<figure class=\"wp-block-image size-large\"><img loading=\"lazy\" decoding=\"async\" width=\"1024\" height=\"715\" src=\"https:\/\/laszlo1713.lima-city.de\/wp-content\/uploads\/2021\/12\/Screenshot-2021-12-01-at-12.39.39-1024x715.jpg\" alt=\"\" class=\"wp-image-5018\" srcset=\"https:\/\/laszlo1713.lima-city.de\/wp-content\/uploads\/2021\/12\/Screenshot-2021-12-01-at-12.39.39-1024x715.jpg 1024w, https:\/\/laszlo1713.lima-city.de\/wp-content\/uploads\/2021\/12\/Screenshot-2021-12-01-at-12.39.39-300x209.jpg 300w, https:\/\/laszlo1713.lima-city.de\/wp-content\/uploads\/2021\/12\/Screenshot-2021-12-01-at-12.39.39-768x536.jpg 768w, https:\/\/laszlo1713.lima-city.de\/wp-content\/uploads\/2021\/12\/Screenshot-2021-12-01-at-12.39.39.jpg 1504w\" sizes=\"auto, (max-width: 706px) 89vw, (max-width: 767px) 82vw, 740px\" \/><figcaption>von Thierry Meyssan<br>Der von Frankreich und Italien geschlossene Quirinal-Vertrag, sowie das Regierungsprojekt des n\u00e4chsten deutschen Bundeskanzlers Olaf Scholz, sind mit der Geschichte der Europ\u00e4ischen Union unvereinbar. Paris und Berlin haben gerade konkrete Ma\u00dfnahmen ergriffen, die nur die unvermeidliche Aufl\u00f6sung der Europ\u00e4ischen Union einleiten k\u00f6nnen. (&#8230;)<\/figcaption><\/figure>\n\n\n\n<hr class=\"wp-block-separator\"\/>\n\n\n\n<figure class=\"wp-block-image size-full\"><img loading=\"lazy\" decoding=\"async\" width=\"717\" height=\"938\" src=\"https:\/\/laszlo1713.lima-city.de\/wp-content\/uploads\/2021\/12\/IMAGE-2021-12-01-154153.jpg\" alt=\"\" class=\"wp-image-5025\" srcset=\"https:\/\/laszlo1713.lima-city.de\/wp-content\/uploads\/2021\/12\/IMAGE-2021-12-01-154153.jpg 717w, https:\/\/laszlo1713.lima-city.de\/wp-content\/uploads\/2021\/12\/IMAGE-2021-12-01-154153-229x300.jpg 229w\" sizes=\"auto, (max-width: 717px) 100vw, 717px\" \/><figcaption><span class=\"has-inline-color has-vivid-green-cyan-color\">Nagyon helyes. \u00cdgy kellene tennie mindenkinek. <\/span><\/figcaption><\/figure>\n\n\n\n<figure class=\"wp-block-image size-full\"><img loading=\"lazy\" decoding=\"async\" width=\"608\" height=\"736\" src=\"https:\/\/laszlo1713.lima-city.de\/wp-content\/uploads\/2021\/12\/IMAGE-2021-12-01-154205.jpg\" alt=\"\" class=\"wp-image-5027\" srcset=\"https:\/\/laszlo1713.lima-city.de\/wp-content\/uploads\/2021\/12\/IMAGE-2021-12-01-154205.jpg 608w, https:\/\/laszlo1713.lima-city.de\/wp-content\/uploads\/2021\/12\/IMAGE-2021-12-01-154205-248x300.jpg 248w\" sizes=\"auto, (max-width: 608px) 100vw, 608px\" \/><\/figure>\n\n\n\n<hr class=\"wp-block-separator\"\/>\n\n\n\n<figure class=\"wp-block-image size-full\"><img loading=\"lazy\" decoding=\"async\" width=\"742\" height=\"700\" src=\"https:\/\/laszlo1713.lima-city.de\/wp-content\/uploads\/2021\/12\/Screenshot-2021-12-01-at-14.26.06.jpg\" alt=\"\" class=\"wp-image-5023\" srcset=\"https:\/\/laszlo1713.lima-city.de\/wp-content\/uploads\/2021\/12\/Screenshot-2021-12-01-at-14.26.06.jpg 742w, https:\/\/laszlo1713.lima-city.de\/wp-content\/uploads\/2021\/12\/Screenshot-2021-12-01-at-14.26.06-300x283.jpg 300w\" sizes=\"auto, (max-width: 706px) 89vw, (max-width: 767px) 82vw, 740px\" \/><figcaption>Graz, Innsbruck, Wien. \u00dcberall versammeln sich derzeit Tausende Menschen, die sich von den herrschenden Politikern nicht in die Nadel treiben lassen wollen. Der Widerstand gegen den Impfzwang w\u00e4chst.<\/figcaption><\/figure>\n\n\n\n<hr class=\"wp-block-separator\"\/>\n\n\n\n<p><span class=\"has-inline-color has-vivid-green-cyan-color\">\u00c9rdekes dolog lenne, angolnyelv\u0171 oldalak feszegetik:<\/span> DELTA (+) OMICRON = MEDIA CONTROL.<\/p>\n\n\n\n<hr class=\"wp-block-separator\"\/>\n\n\n\n<figure class=\"wp-block-image size-large\"><img loading=\"lazy\" decoding=\"async\" width=\"768\" height=\"1024\" src=\"https:\/\/laszlo1713.lima-city.de\/wp-content\/uploads\/2021\/12\/IMG_1464-768x1024.jpeg\" alt=\"\" class=\"wp-image-5031\" srcset=\"https:\/\/laszlo1713.lima-city.de\/wp-content\/uploads\/2021\/12\/IMG_1464-768x1024.jpeg 768w, https:\/\/laszlo1713.lima-city.de\/wp-content\/uploads\/2021\/12\/IMG_1464-225x300.jpeg 225w, https:\/\/laszlo1713.lima-city.de\/wp-content\/uploads\/2021\/12\/IMG_1464-1152x1536.jpeg 1152w, https:\/\/laszlo1713.lima-city.de\/wp-content\/uploads\/2021\/12\/IMG_1464-1536x2048.jpeg 1536w, https:\/\/laszlo1713.lima-city.de\/wp-content\/uploads\/2021\/12\/IMG_1464-scaled.jpeg 1920w\" sizes=\"auto, (max-width: 706px) 89vw, (max-width: 767px) 82vw, 740px\" \/><figcaption><span class=\"has-inline-color has-vivid-green-cyan-color\">A polg\u00e1rmesteri hivatal bej\u00e1rat\u00e1n egy kis kedvess\u00e9g a hat\u00f3s\u00e1gok \u00e9s a M\u00e1ltai Szeretetszolg\u00e1lat r\u00e9sz\u00e9r\u0151l: helybe j\u00f6n a v\u00e1rva v\u00e1rt (ki)olt\u00e1s.<\/span><\/figcaption><\/figure>\n\n\n\n<hr class=\"wp-block-separator\"\/>\n\n\n\n<figure class=\"wp-block-image size-large\"><img loading=\"lazy\" decoding=\"async\" width=\"1024\" height=\"776\" src=\"https:\/\/laszlo1713.lima-city.de\/wp-content\/uploads\/2021\/12\/IMAGE-2021-12-02-085008-1024x776.jpg\" alt=\"\" class=\"wp-image-5047\" srcset=\"https:\/\/laszlo1713.lima-city.de\/wp-content\/uploads\/2021\/12\/IMAGE-2021-12-02-085008-1024x776.jpg 1024w, https:\/\/laszlo1713.lima-city.de\/wp-content\/uploads\/2021\/12\/IMAGE-2021-12-02-085008-300x227.jpg 300w, https:\/\/laszlo1713.lima-city.de\/wp-content\/uploads\/2021\/12\/IMAGE-2021-12-02-085008-768x582.jpg 768w, https:\/\/laszlo1713.lima-city.de\/wp-content\/uploads\/2021\/12\/IMAGE-2021-12-02-085008.jpg 1280w\" sizes=\"auto, (max-width: 706px) 89vw, (max-width: 767px) 82vw, 740px\" \/><\/figure>\n\n\n\n<p><span class=\"has-inline-color has-vivid-green-cyan-color\">(Illumin\u00e1tus) Scholz:<strong> 6 <\/strong>h\u00f3nap &#8211; angol (h\u00e1tt\u00e9rhatalmi) korm\u00e1ny: <strong>6<\/strong> feet t\u00e1vols\u00e1gtart\u00e1s (a m\u00e9ter m\u00e9rt\u00e9kegys\u00e9gre alkalmazva: 1,5 (1+5=<strong>6<\/strong>) m stb. stb.<\/span> <span class=\"has-inline-color has-vivid-green-cyan-color\">\u00c1tl\u00e1tunk rajtatok, s\u00e1t\u00e1nim\u00e1d\u00f3k.<\/span><\/p>\n\n\n\n<hr class=\"wp-block-separator\"\/>\n\n\n\n<figure class=\"wp-block-image size-large\"><img loading=\"lazy\" decoding=\"async\" width=\"754\" height=\"1024\" src=\"https:\/\/laszlo1713.lima-city.de\/wp-content\/uploads\/2021\/12\/Screenshot-2021-12-02-at-08.59.25-754x1024.jpg\" alt=\"\" class=\"wp-image-5049\" srcset=\"https:\/\/laszlo1713.lima-city.de\/wp-content\/uploads\/2021\/12\/Screenshot-2021-12-02-at-08.59.25-754x1024.jpg 754w, https:\/\/laszlo1713.lima-city.de\/wp-content\/uploads\/2021\/12\/Screenshot-2021-12-02-at-08.59.25-221x300.jpg 221w, https:\/\/laszlo1713.lima-city.de\/wp-content\/uploads\/2021\/12\/Screenshot-2021-12-02-at-08.59.25-768x1043.jpg 768w, https:\/\/laszlo1713.lima-city.de\/wp-content\/uploads\/2021\/12\/Screenshot-2021-12-02-at-08.59.25-1131x1536.jpg 1131w, https:\/\/laszlo1713.lima-city.de\/wp-content\/uploads\/2021\/12\/Screenshot-2021-12-02-at-08.59.25.jpg 1306w\" sizes=\"auto, (max-width: 706px) 89vw, (max-width: 767px) 82vw, 740px\" \/><figcaption><span class=\"has-inline-color has-vivid-green-cyan-color\">A Covid-olt\u00e1s is, Baerbock (\u00e9s m\u00e1sok)?<\/span> <span class=\"has-inline-color has-vivid-green-cyan-color\">Na, az m\u00e1r nem!<\/span><\/figcaption><\/figure>\n\n\n\n<hr class=\"wp-block-separator\"\/>\n\n\n\n<figure class=\"wp-block-image size-large\"><img loading=\"lazy\" decoding=\"async\" width=\"1024\" height=\"743\" src=\"https:\/\/laszlo1713.lima-city.de\/wp-content\/uploads\/2021\/12\/Screenshot-2021-12-02-at-10.31.40-1024x743.jpg\" alt=\"\" class=\"wp-image-5054\" srcset=\"https:\/\/laszlo1713.lima-city.de\/wp-content\/uploads\/2021\/12\/Screenshot-2021-12-02-at-10.31.40-1024x743.jpg 1024w, https:\/\/laszlo1713.lima-city.de\/wp-content\/uploads\/2021\/12\/Screenshot-2021-12-02-at-10.31.40-300x218.jpg 300w, https:\/\/laszlo1713.lima-city.de\/wp-content\/uploads\/2021\/12\/Screenshot-2021-12-02-at-10.31.40-768x557.jpg 768w, https:\/\/laszlo1713.lima-city.de\/wp-content\/uploads\/2021\/12\/Screenshot-2021-12-02-at-10.31.40-1536x1115.jpg 1536w, https:\/\/laszlo1713.lima-city.de\/wp-content\/uploads\/2021\/12\/Screenshot-2021-12-02-at-10.31.40.jpg 1794w\" sizes=\"auto, (max-width: 706px) 89vw, (max-width: 767px) 82vw, 740px\" \/><figcaption>Ich bin bereits dreimal geimpft und empfehle die Impfung besonders vulnerablen Menschen. Aber eine allgemeine Impfpflicht ist unverantwortlich. Nicht einmal in der sonst so vehement als autorit\u00e4r gescholtenen Volksrepublik China besteht sie.<\/figcaption><\/figure>\n\n\n\n<hr class=\"wp-block-separator\"\/>\n\n\n\n<figure class=\"wp-block-image size-large\"><img loading=\"lazy\" decoding=\"async\" width=\"1024\" height=\"490\" src=\"https:\/\/laszlo1713.lima-city.de\/wp-content\/uploads\/2021\/12\/Screenshot-2021-12-02-at-12.12.31-1024x490.jpg\" alt=\"\" class=\"wp-image-5067\" srcset=\"https:\/\/laszlo1713.lima-city.de\/wp-content\/uploads\/2021\/12\/Screenshot-2021-12-02-at-12.12.31-1024x490.jpg 1024w, https:\/\/laszlo1713.lima-city.de\/wp-content\/uploads\/2021\/12\/Screenshot-2021-12-02-at-12.12.31-300x144.jpg 300w, https:\/\/laszlo1713.lima-city.de\/wp-content\/uploads\/2021\/12\/Screenshot-2021-12-02-at-12.12.31-768x368.jpg 768w, https:\/\/laszlo1713.lima-city.de\/wp-content\/uploads\/2021\/12\/Screenshot-2021-12-02-at-12.12.31.jpg 1450w\" sizes=\"auto, (max-width: 706px) 89vw, (max-width: 767px) 82vw, 740px\" \/><figcaption><span class=\"has-inline-color has-vivid-green-cyan-color\">BMJ (British Medical Journal)<\/span> <span class=\"has-inline-color has-vivid-green-cyan-color\">&#8211; ezek szerint nem tudj\u00e1k bizony\u00edtani, hogy a covid-vakcina val\u00f3ban \u00e9letet mentene (pedig ez\u00e9rt volt a s\u00fcrg\u0151ss\u00e9gi enged\u00e9lyez\u00e9s!!); a politika viszont k\u00f6ztudottan m\u00e1s v\u00e9lem\u00e9nyen van. <\/span> <span class=\"has-inline-color has-vivid-green-cyan-color\">Ez ut\u00f3bbi m\u00e1r csak jobban tudja, legal\u00e1bbis sokan \u00edgy gondolj\u00e1k.<\/span><\/figcaption><\/figure>\n\n\n\n<hr class=\"wp-block-separator\"\/>\n\n\n\n<figure class=\"wp-block-image size-full\"><img loading=\"lazy\" decoding=\"async\" width=\"642\" height=\"616\" src=\"https:\/\/laszlo1713.lima-city.de\/wp-content\/uploads\/2021\/12\/Screenshot-2021-12-02-at-12.44.35.jpg\" alt=\"\" class=\"wp-image-5070\" srcset=\"https:\/\/laszlo1713.lima-city.de\/wp-content\/uploads\/2021\/12\/Screenshot-2021-12-02-at-12.44.35.jpg 642w, https:\/\/laszlo1713.lima-city.de\/wp-content\/uploads\/2021\/12\/Screenshot-2021-12-02-at-12.44.35-300x288.jpg 300w\" sizes=\"auto, (max-width: 642px) 100vw, 642px\" \/><figcaption><span class=\"has-inline-color has-vivid-green-cyan-color\">Lehetett volna ebb\u0151l valami norm\u00e1lis is, sajnos nem siker\u00fclt (illumin\u00e1lt).<\/span><\/figcaption><\/figure>\n\n\n\n<hr class=\"wp-block-separator\"\/>\n\n\n\n<div class=\"wp-block-image\"><figure class=\"aligncenter size-large\"><img loading=\"lazy\" decoding=\"async\" width=\"1024\" height=\"664\" src=\"https:\/\/laszlo1713.lima-city.de\/wp-content\/uploads\/2021\/12\/Screenshot-2021-12-02-at-13.34.36-1024x664.jpg\" alt=\"\" class=\"wp-image-5073\" srcset=\"https:\/\/laszlo1713.lima-city.de\/wp-content\/uploads\/2021\/12\/Screenshot-2021-12-02-at-13.34.36-1024x664.jpg 1024w, https:\/\/laszlo1713.lima-city.de\/wp-content\/uploads\/2021\/12\/Screenshot-2021-12-02-at-13.34.36-300x195.jpg 300w, https:\/\/laszlo1713.lima-city.de\/wp-content\/uploads\/2021\/12\/Screenshot-2021-12-02-at-13.34.36-768x498.jpg 768w, https:\/\/laszlo1713.lima-city.de\/wp-content\/uploads\/2021\/12\/Screenshot-2021-12-02-at-13.34.36.jpg 1082w\" sizes=\"auto, (max-width: 706px) 89vw, (max-width: 767px) 82vw, 740px\" \/><figcaption>Crisis Actress. Everything is Fake and Staged.<br><br><span class=\"has-inline-color has-vivid-green-cyan-color\">Szerepek, azok a csod\u00e1latos szerepek. Vajon mi a &#8220;j\u00e1t\u00e9k&#8221; v\u00e9ge?<\/span><br><\/figcaption><\/figure><\/div>\n\n\n\n<hr class=\"wp-block-separator\"\/>\n\n\n\n<p><span class=\"has-inline-color has-vivid-green-cyan-color\">N\u00e9h\u00e1ny \u00fajabb p\u00e9lda: egy glob\u00e1lis b\u0171ntett  (eg\u00e9szs\u00e9ges sportol\u00f3) \u00e1ldozatai.<\/span><\/p>\n\n\n\n<p>1) 33-year-old professional dancer Santo Giuliano suffers a heart attack.<\/p>\n\n\n\n<p>2) Soccer player Jalen Leavey&nbsp; dies.<\/p>\n\n\n\n<p>3) Soccer player Tirrell Williams dies.<\/p>\n\n\n\n<p>4) Soccer player Okafor Kelechi dies.<\/p>\n\n\n\n<p>5) Soccer player Lee Mois\u00e9s dies.&nbsp;<\/p>\n\n\n\n<p>6) Footballer Stephen Sylvester dies.<\/p>\n\n\n\n<p>7) Footballer Emmanual Antwi dies.<\/p>\n\n\n\n<p>8) Soccer player Cayetano Nsofor dies.<\/p>\n\n\n\n<p>9) Footballer Moira Claire Arney dies.<\/p>\n\n\n\n<p>10) Baseball pitcher Andrew Roseman dies.<\/p>\n\n\n\n<p>11) Footballer Nickolas Lawrinas dies.<\/p>\n\n\n\n<p>12) Soccer player Miquel Lugo dies.<\/p>\n\n\n\n<p>13) Soccer player Devon DuHart dies.<\/p>\n\n\n\n<p>14) Footballer Ivan Hicks dies.<\/p>\n\n\n\n<p>15) Footballer Joe Bradshaw dies.<\/p>\n\n\n\n<p>16) Footballer Drake Geiger dies.<\/p>\n\n\n\n<p>17) Soccer player Joshua Ivory dies.<\/p>\n\n\n\n<p>18) Footballer Quandarius Wilbur dies.<\/p>\n\n\n\n<p>19) Footballer Dimitri McKee dies.<\/p>\n\n\n\n<p>20) Rugby player Dave Hyde dies.<\/p>\n\n\n\n<p>21) Baseball player Yusuke Kinoshita dies.<\/p>\n\n\n\n<p>22) Olympic cyclist Olivia Podmore dies.<\/p>\n\n\n\n<p>23) Sprinter Cameron Burell dies.<\/p>\n\n\n\n<p>24) Gilbert Kwemoi&#8217;s Chinese Olympic champion dies.<\/p>\n\n\n\n<p>25) Former footballer Franck Berrier dies.<\/p>\n\n\n\n<p>26) Belgian footballer Jente Van Genechten suffers from cardiac arrest.<\/p>\n\n\n\n<p>27) The Venezuelan marathon champion Alexaida Guedez dies.<\/p>\n\n\n\n<p>28) Jos\u00e9 dos Reis, 29 years old, collapses in the field and has to be resurrected.<\/p>\n\n\n\n<p>29) Diego Ferchaud suffers a cardiac arrest.<\/p>\n\n\n\n<p>30) ASV Baden&#8217;s Austrian player collapses on the field and has to be revived.<\/p>\n\n\n\n<p>31) 16-year-old soccer player in Bergamo suffers cardiac arrest.<\/p>\n\n\n\n<p>32) 27-year-old Belgian footballer Jens De Smet dies.<\/p>\n\n\n\n<p>33) 13-year-old soccer player suffers a heart attack on the field.<\/p>\n\n\n\n<p>34) Soccer player Dylan Rich dies.<\/p>\n\n\n\n<p>35) Birati Club M\u00fcnster player suffers cardiac arrest.<\/p>\n\n\n\n<p>36) Abou Ali collapses with cardiac arrest.<\/p>\n\n\n\n<p>37) Ice hockey player Sebastiaan Bos dies.<\/p>\n\n\n\n<p>38) Former NFL pro Parys Haralson dies.<\/p>\n\n\n\n<p>39) Soccer player Francis Perron dies.<\/p>\n\n\n\n<p>40) 19-year-old FC Nantes soccer player suffers cardiac arrest.<\/p>\n\n\n\n<p>41) Germany volleyball coach Traktor Divitz dies.<\/p>\n\n\n\n<p>42) Shrewsbury forward Ryan Bowman treated with defibrillator during the game.<\/p>\n\n\n\n<p>43) Goalkeeper Lukas Bommer dies.<\/p>\n\n\n\n<p>44) Professional footballer Fellipe de Jesus Moreira suffers a double heart attack.<\/p>\n\n\n\n<p>45) Cycling champion Gianni dies.<\/p>\n\n\n\n<p>46) English Helen Byrne with heart problems has to be removed from the field at the World Cup.<\/p>\n\n\n\n<p>47) Germany&#8217;s team leader Dietmar Gladow dies.<\/p>\n\n\n\n<p>48) German goalkeeper Bruno Stein dies at the age of 15.<\/p>\n\n\n\n<p>49) USA 14-year-old soccer player Ava Azzopardi collapses into a coma.<\/p>\n\n\n\n<p>50) 12-year-old Jayson Kidd dies after collapsing during basketball practice in the US.<\/p>\n\n\n\n<p>51) Robert Lima dies of a heart attack in Uruguay and a few hours later his wife dies.<\/p>\n\n\n\n<p>52) Bodybuilder George Peterson dies.<\/p>\n\n\n\n<p>53) The former champion of Kick Boxing Acero Cali dies.<\/p>\n\n\n\n<p>54) Mr. Olympia Shawn Rhoden dies.<\/p>\n\n\n\n<p>55) Italian footballer Giuseppe Perrino dies on the field.&nbsp;<\/p>\n\n\n\n<hr class=\"wp-block-separator\"\/>\n\n\n\n<figure class=\"wp-block-image size-full is-resized\"><img loading=\"lazy\" decoding=\"async\" src=\"https:\/\/laszlo1713.lima-city.de\/wp-content\/uploads\/2021\/12\/Screenshot-2021-12-02-at-16.12.33.jpg\" alt=\"\" class=\"wp-image-5080\" width=\"674\" height=\"677\" srcset=\"https:\/\/laszlo1713.lima-city.de\/wp-content\/uploads\/2021\/12\/Screenshot-2021-12-02-at-16.12.33.jpg 686w, https:\/\/laszlo1713.lima-city.de\/wp-content\/uploads\/2021\/12\/Screenshot-2021-12-02-at-16.12.33-298x300.jpg 298w, https:\/\/laszlo1713.lima-city.de\/wp-content\/uploads\/2021\/12\/Screenshot-2021-12-02-at-16.12.33-150x150.jpg 150w, https:\/\/laszlo1713.lima-city.de\/wp-content\/uploads\/2021\/12\/Screenshot-2021-12-02-at-16.12.33-100x100.jpg 100w\" sizes=\"auto, (max-width: 674px) 100vw, 674px\" \/><figcaption>\u201e(&#8230;) Bundeskanzlerin Angela Merkel (67, CDU) hat nach dem Corona-Gipfel best\u00e4tigt, dass harte Einschr\u00e4nkungen f\u00fcr Ungeimpfte kommen. <strong>Der Advents-Lockdown f\u00fcr Ungeimpfte.<\/strong><br>Sie sagte: Die 2G-Regeln werden fl\u00e4chendeckend auf den Einzelhandel ausgeweitet. Zudem wird auch der Zugang zu Einrichtungen und Veranstaltungen der Kultur- und Freizeitgestaltung (u. a. Kinos, Theater, Gastst\u00e4tten) inzidenzunabh\u00e4ngig nur f\u00fcr Geimpfte und Genese (2G) m\u00f6glich sein.<br>Optional kann zus\u00e4tzlich ein Test vorgeschrieben werden (2G+).(&#8230;)\u201c<br><br><span class=\"has-inline-color has-vivid-green-cyan-color\">Sok van ezeknek a szarh\u00e1ziaknak a rov\u00e1s\u00e1n, nagyon sok. \u00d6sszevethet\u0151 az akkori n\u00e1cikkal.<\/span><\/figcaption><\/figure>\n\n\n\n<hr class=\"wp-block-separator\"\/>\n\n\n\n<figure class=\"wp-block-image size-large\"><img loading=\"lazy\" decoding=\"async\" width=\"1024\" height=\"185\" src=\"https:\/\/laszlo1713.lima-city.de\/wp-content\/uploads\/2021\/12\/Screenshot-2021-12-02-at-16.27.06-1024x185.jpg\" alt=\"\" class=\"wp-image-5083\" srcset=\"https:\/\/laszlo1713.lima-city.de\/wp-content\/uploads\/2021\/12\/Screenshot-2021-12-02-at-16.27.06-1024x185.jpg 1024w, https:\/\/laszlo1713.lima-city.de\/wp-content\/uploads\/2021\/12\/Screenshot-2021-12-02-at-16.27.06-300x54.jpg 300w, https:\/\/laszlo1713.lima-city.de\/wp-content\/uploads\/2021\/12\/Screenshot-2021-12-02-at-16.27.06-768x139.jpg 768w, https:\/\/laszlo1713.lima-city.de\/wp-content\/uploads\/2021\/12\/Screenshot-2021-12-02-at-16.27.06.jpg 1086w\" sizes=\"auto, (max-width: 706px) 89vw, (max-width: 767px) 82vw, 740px\" \/><\/figure>\n\n\n\n<figure class=\"wp-block-image size-large\"><img loading=\"lazy\" decoding=\"async\" width=\"1024\" height=\"955\" src=\"https:\/\/laszlo1713.lima-city.de\/wp-content\/uploads\/2021\/12\/Screenshot-2021-12-02-at-16.27.18-1024x955.jpg\" alt=\"\" class=\"wp-image-5082\" srcset=\"https:\/\/laszlo1713.lima-city.de\/wp-content\/uploads\/2021\/12\/Screenshot-2021-12-02-at-16.27.18-1024x955.jpg 1024w, https:\/\/laszlo1713.lima-city.de\/wp-content\/uploads\/2021\/12\/Screenshot-2021-12-02-at-16.27.18-300x280.jpg 300w, https:\/\/laszlo1713.lima-city.de\/wp-content\/uploads\/2021\/12\/Screenshot-2021-12-02-at-16.27.18-768x716.jpg 768w, https:\/\/laszlo1713.lima-city.de\/wp-content\/uploads\/2021\/12\/Screenshot-2021-12-02-at-16.27.18.jpg 1512w\" sizes=\"auto, (max-width: 706px) 89vw, (max-width: 767px) 82vw, 740px\" \/><\/figure>\n\n\n\n<p><em>The&nbsp;<a href=\"https:\/\/nypost.com\/2021\/09\/22\/us-saw-record-increase-in-murders-in-2020\/\">crime wave sweeping across the country<\/a>&nbsp;is the direct result of a years-long campaign by George Soros to bankroll the election of far-left district attorneys committed to undermining law and order.<\/em><\/p>\n\n\n\n<p><em>Over the past six years or so, Soros has poured tens of millions of dollars into the&nbsp;<a href=\"https:\/\/nypost.com\/2020\/09\/05\/growing-numbers-of-us-attorneys-general-are-out-to-undermine-the-law\/\">campaigns of DA candidates&nbsp;<\/a>from coast to coast, achieving a remarkable degree of success by simply overwhelming all the other candidates. Whereas normal DA candidates typically run on five-figure budgets, Soros-backed DA candidates routinely enjoy seven-figure war chests.<\/em><\/p>\n\n\n\n<p><em>Soros is able to do this because federal campaign-finance limitations do not apply to local races. Many states have adopted their own laws capping the amounts that individuals and\/or political action committees can contribute to candidates, but those laws are often riddled with loopholes. In some cases, the limits only apply to statewide races. In other cases, Soros can circumvent individual contribution limits by funneling money through the PACs he has set up for this purpose, which generally go by the ironic name of \u201cSafety and Justice.\u201d<\/em> <\/p>\n\n\n\n<p>The reason Soros has spent so much money on races that used to be relatively obscure, local affairs is straightforward. Just as President Barack Obama seized upon the notion of \u201cprosecutorial discretion\u201d to grant de facto amnesty to millions of illegal immigrants after failing to get amnesty passed by Congress, Soros recognizes that local prosecutors can exercise the same discretion to selectively enforce laws. Rather than spending tens of millions of dollars per state on numerous higher-profile races for state lawmakers, he can spend comparatively smaller amounts on DA races knowing that the outcome will determine how \u2014 and even whether \u2014 laws are enforced. (&#8230;)<\/p>\n\n\n\n<hr class=\"wp-block-separator\"\/>\n\n\n\n<figure class=\"wp-block-image size-full is-resized\"><img loading=\"lazy\" decoding=\"async\" src=\"https:\/\/laszlo1713.lima-city.de\/wp-content\/uploads\/2021\/12\/Screenshot-2021-12-02-at-16.41.42.jpg\" alt=\"\" class=\"wp-image-5086\" width=\"669\" height=\"128\" srcset=\"https:\/\/laszlo1713.lima-city.de\/wp-content\/uploads\/2021\/12\/Screenshot-2021-12-02-at-16.41.42.jpg 778w, https:\/\/laszlo1713.lima-city.de\/wp-content\/uploads\/2021\/12\/Screenshot-2021-12-02-at-16.41.42-300x58.jpg 300w, https:\/\/laszlo1713.lima-city.de\/wp-content\/uploads\/2021\/12\/Screenshot-2021-12-02-at-16.41.42-768x148.jpg 768w\" sizes=\"auto, (max-width: 669px) 100vw, 669px\" \/><\/figure>\n\n\n\n<figure class=\"wp-block-image size-large\"><img loading=\"lazy\" decoding=\"async\" width=\"1024\" height=\"449\" src=\"https:\/\/laszlo1713.lima-city.de\/wp-content\/uploads\/2021\/12\/Screenshot-2021-12-02-at-16.42.30-1024x449.jpg\" alt=\"\" class=\"wp-image-5087\" srcset=\"https:\/\/laszlo1713.lima-city.de\/wp-content\/uploads\/2021\/12\/Screenshot-2021-12-02-at-16.42.30-1024x449.jpg 1024w, https:\/\/laszlo1713.lima-city.de\/wp-content\/uploads\/2021\/12\/Screenshot-2021-12-02-at-16.42.30-300x131.jpg 300w, https:\/\/laszlo1713.lima-city.de\/wp-content\/uploads\/2021\/12\/Screenshot-2021-12-02-at-16.42.30-768x337.jpg 768w, https:\/\/laszlo1713.lima-city.de\/wp-content\/uploads\/2021\/12\/Screenshot-2021-12-02-at-16.42.30-1536x673.jpg 1536w, https:\/\/laszlo1713.lima-city.de\/wp-content\/uploads\/2021\/12\/Screenshot-2021-12-02-at-16.42.30.jpg 1538w\" sizes=\"auto, (max-width: 706px) 89vw, (max-width: 767px) 82vw, 740px\" \/><\/figure>\n\n\n\n<p><span class=\"has-inline-color has-vivid-green-cyan-color\">Angela Merkel a k\u00f6telez\u0151 olt\u00e1st javasolja. \u00c9n magam \u00fagy l\u00e1tom, hogy a hal\u00e1los \u00edt\u00e9let vissza\u00e1ll\u00edt\u00e1s\u00e1t kellene szorgalmazni a &#8220;haza\u00e1rul\u00e1s&#8221; ill. az &#8220;emberis\u00e9g elleni b\u0171ntett&#8221; s\u00falyos eset\u00e9re. <\/span><\/p>\n\n\n\n<hr class=\"wp-block-separator\"\/>\n\n\n\n<figure class=\"wp-block-image size-large is-resized\"><img loading=\"lazy\" decoding=\"async\" src=\"https:\/\/laszlo1713.lima-city.de\/wp-content\/uploads\/2021\/12\/IMAGE-2021-12-03-204412-819x1024.jpg\" alt=\"\" class=\"wp-image-5113\" width=\"673\" height=\"841\" srcset=\"https:\/\/laszlo1713.lima-city.de\/wp-content\/uploads\/2021\/12\/IMAGE-2021-12-03-204412-819x1024.jpg 819w, https:\/\/laszlo1713.lima-city.de\/wp-content\/uploads\/2021\/12\/IMAGE-2021-12-03-204412-240x300.jpg 240w, https:\/\/laszlo1713.lima-city.de\/wp-content\/uploads\/2021\/12\/IMAGE-2021-12-03-204412-768x960.jpg 768w, https:\/\/laszlo1713.lima-city.de\/wp-content\/uploads\/2021\/12\/IMAGE-2021-12-03-204412.jpg 1024w\" sizes=\"auto, (max-width: 673px) 100vw, 673px\" \/><figcaption><span class=\"has-inline-color has-vivid-green-cyan-color\">Arschloch!<\/span><\/figcaption><\/figure>\n\n\n\n<hr class=\"wp-block-separator\"\/>\n\n\n\n<hr class=\"wp-block-separator\"\/>\n\n\n\n<hr class=\"wp-block-separator\"\/>\n","protected":false},"excerpt":{"rendered":"<p>Das b\u00f6se Genie dieses Narrativs ist, dass es keinerlei Beweise ben\u00f6tigt. Da niemand eine&#8220;Variante&#8221; tats\u00e4chlich sehen kann &#8211; und da es nirgendwo auf der Welt isolierte Omikron-Virusproben gibt, die durch Labortests best\u00e4tigt werden k\u00f6nnten &#8211; wird demmenschlichen Bewusstsein durch eine koordinierte Massenmedien-Hysteriekampagneeinfach die Illusion von Omikron eingeimpft, begleitet von extremer Angst. Quelle:https:\/\/www.naturalnews.com\/2021-11-27-ten-omicron-variant-predictions-for-2022-authoritarian-playbook.html# Nyilv\u00e1nval\u00f3 v\u00e1laszt\u00e1si csal\u00e1s &hellip; <\/p>\n<p class=\"link-more\"><a href=\"https:\/\/laszlo1713.lima-city.de\/index.php\/lapszemle-xii\/\" class=\"more-link\">Continue reading<span class=\"screen-reader-text\"> &#8220;Lapszemle XII.&#8221;<\/span><\/a><\/p>\n","protected":false},"author":1,"featured_media":0,"parent":0,"menu_order":0,"comment_status":"closed","ping_status":"closed","template":"","meta":{"footnotes":""},"class_list":["post-4915","page","type-page","status-publish","hentry"],"_links":{"self":[{"href":"https:\/\/laszlo1713.lima-city.de\/index.php\/wp-json\/wp\/v2\/pages\/4915","targetHints":{"allow":["GET"]}}],"collection":[{"href":"https:\/\/laszlo1713.lima-city.de\/index.php\/wp-json\/wp\/v2\/pages"}],"about":[{"href":"https:\/\/laszlo1713.lima-city.de\/index.php\/wp-json\/wp\/v2\/types\/page"}],"author":[{"embeddable":true,"href":"https:\/\/laszlo1713.lima-city.de\/index.php\/wp-json\/wp\/v2\/users\/1"}],"replies":[{"embeddable":true,"href":"https:\/\/laszlo1713.lima-city.de\/index.php\/wp-json\/wp\/v2\/comments?post=4915"}],"version-history":[{"count":64,"href":"https:\/\/laszlo1713.lima-city.de\/index.php\/wp-json\/wp\/v2\/pages\/4915\/revisions"}],"predecessor-version":[{"id":5115,"href":"https:\/\/laszlo1713.lima-city.de\/index.php\/wp-json\/wp\/v2\/pages\/4915\/revisions\/5115"}],"wp:attachment":[{"href":"https:\/\/laszlo1713.lima-city.de\/index.php\/wp-json\/wp\/v2\/media?parent=4915"}],"curies":[{"name":"wp","href":"https:\/\/api.w.org\/{rel}","templated":true}]}}