{"id":4778,"date":"2021-11-24T21:10:12","date_gmt":"2021-11-24T20:10:12","guid":{"rendered":"https:\/\/laszlo1713.lima-city.de\/?page_id=4778"},"modified":"2021-11-27T21:32:57","modified_gmt":"2021-11-27T20:32:57","slug":"lapszemle-xi","status":"publish","type":"page","link":"https:\/\/laszlo1713.lima-city.de\/index.php\/lapszemle-xi\/","title":{"rendered":"Lapszemle XI."},"content":{"rendered":"\n<figure class=\"wp-block-image size-full\"><img loading=\"lazy\" decoding=\"async\" width=\"694\" height=\"1024\" src=\"https:\/\/laszlo1713.lima-city.de\/wp-content\/uploads\/2021\/11\/IMAGE-2021-11-25-103005.jpg\" alt=\"\" class=\"wp-image-4783\" srcset=\"https:\/\/laszlo1713.lima-city.de\/wp-content\/uploads\/2021\/11\/IMAGE-2021-11-25-103005.jpg 694w, https:\/\/laszlo1713.lima-city.de\/wp-content\/uploads\/2021\/11\/IMAGE-2021-11-25-103005-203x300.jpg 203w\" sizes=\"auto, (max-width: 694px) 100vw, 694px\" \/><figcaption>\ud83d\udc41<strong> Prof. McCullogh: Spike-Protein im Zellkern und DNA-Sch\u00e4digung nachgewiesen.<\/strong><br><br><br>\ud83d\udc49\ud83c\udffb Prof. McCullogh: &#8220;<strong>Dieses Spike-Protein ist pathogen, alles, was wir seit der Ver\u00f6ffentlichung der Impstoffe \u00fcber das Spike-Protein gelernt haben, ist negativ. Zu 100% negativ!<\/strong>&#8220;<br><br><br>Peter Andrew McCullough ist ein US-amerikanischer Kardiologe. Er war stellvertretender Chefarzt der Inneren Medizin am Baylor University Medical Center und Professor an der Texas A&amp;M University. Er ist Chefredakteur der Zeitschriften Reviews in Cardiovascular Medicine und Cardiorenal Medicine.<br>(Quelle: <em>Epoch Times<\/em>)<br><\/figcaption><\/figure>\n\n\n\n<hr class=\"wp-block-separator\"\/>\n\n\n\n<figure class=\"wp-block-image size-full\"><img loading=\"lazy\" decoding=\"async\" width=\"694\" height=\"594\" src=\"https:\/\/laszlo1713.lima-city.de\/wp-content\/uploads\/2021\/11\/Screenshot-2021-11-25-at-10.32.39.jpg\" alt=\"\" class=\"wp-image-4785\" srcset=\"https:\/\/laszlo1713.lima-city.de\/wp-content\/uploads\/2021\/11\/Screenshot-2021-11-25-at-10.32.39.jpg 694w, https:\/\/laszlo1713.lima-city.de\/wp-content\/uploads\/2021\/11\/Screenshot-2021-11-25-at-10.32.39-300x257.jpg 300w\" sizes=\"auto, (max-width: 694px) 100vw, 694px\" \/><figcaption>Corona-Politik: \u201eMich bef\u00e4llt als Wissenschaftler gro\u00dfes<br>Unbehagen\u201c<br>By Bernhard M\u00fcller \u2022 November 21, 2021<br>Der Astrophysiker Bernhard M\u00fcller sagt: Viele Corona-Entscheidungen beruhen auf<br>Halbwissen. Bayern und \u00d6sterreich k\u00f6nnten mit ihrem harten Kurs falsch liegen.&nbsp;<br>Deutschland diskutiert \u00fcber 2G und eine Impfpflicht; in \u00d6sterreich wurde gar schon eine<br>generelle Impfpflicht beschlossen. Widerspruch gegen einen harten Kurs wird immer<br>sch\u00e4rfer abgeb\u00fcgelt. Frank Plasberg fragte j\u00fcngst: \u201eNur ja keinen Zwang: Ist unsere Politik<br>beim Impfen zu feige?\u201c Die Wissenschaft best\u00e4tigt doch, dass es mehr Druck braucht, so<br>in Person des Pr\u00e4sidenten der Leopoldina, Gerald Haug, der einem sch\u00e4rferen Kurs im<br>Vorwort der 9. Ad-Hoc Stellungnahme seiner Akademie das Wort redete.<br>Angesichts der derzeitigen Rhetorik bef\u00e4llt mich als Wissenschaftler gro\u00dfes Unbehagen.<br>Um Missverst\u00e4ndnissen vorzubeugen: Zweifelsohne ist der kommende Winter eine<br>Herausforderung f\u00fcr Deutschland, und es w\u00e4re zu hoffen, dass der Schutz vulnerabler<br>Gruppen mithilfe der Impfungen besser gelingt als im letzten Jahr. Beratung in Sachen<br>Impfung ist nicht mein Thema; das geh\u00f6rt vor allem in die Arztpraxen. Aber mich<br>beunruhigt, wie Politik, Teile der Medien und leider auch manche Kollegen kommunizieren<br>und sich Entscheidungsfindungsprozesse vorstellen. Vieles, was \u201eim Namen der<br>Wissenschaft\u201c als unumst\u00f6\u00dflich verk\u00fcndet wird, h\u00e4lt einer n\u00e4heren Betrachtung n\u00e4mlich<br>keineswegs stand.<br>In einer Streitschrift habe ich beispielsweise j\u00fcngst beleuchtet, dass beim Einsatz<br>mathematischer Modelle f\u00fcr Vorhersagen des Infektionsgeschehens erhebliche Defizite<br>bestanden und die Realit\u00e4t weit komplexer ist, als es gemeinhin verbreitet wird. Ich habe<br>darauf hingewiesen, dass es nat\u00fcrliche Mechanismen gibt, die exponentielles Wachstum<br>von Epidemien brechen k\u00f6nnen, und viele Modelle verzerrte Vorhersagen liefern, weil sie<br>der Komplexit\u00e4t der Infektionsausbreitung nicht gerecht werden.<br>Argumente gegen Joshua Kimmich entpuppen sich als<br>vorschnell<br>Ebenso habe ich herausgearbeitet, dass auch sehr detaillierte Simulationen des<br>Infektionsgeschehens ihre T\u00fccken haben. Die Berliner Zeitung hat mein recht technisches<br>Papier dankenswerter aufgegriffen, und dabei einen Aspekt meiner Kritik im Grunde noch<br>untersch\u00e4tzt. Denn es ging mir weniger um bessere Rezepte f\u00fcr Pandemie-Simulationen,<br>sondern vor allem darum, dass im Eifer des Gefechts oft naiv gearbeitet und sogar<br>Lehrbuchwissen aus der mathematischen Epidemiologie ignoriert wurde. Politiker und<br>weite Teile der Medien f\u00e4llen dann auf der Basis von Halbwissen sehr selbstbewusst<br>Urteile und Entscheidungen.<br>In der Frage des Impfzwangs scheinen mir \u00e4hnliche Mechanismen im Spiel zu sein. Es<br>befremdet beispielsweise sehr, dass der Pr\u00e4sident der Leopoldina seine Vorschl\u00e4ge zur<br>Ausweitung der 2G-Regel und einer berufsbezogenen Impfpflicht in das Vorwort einer<br>Stellungnahme packt, welche f\u00fcr diese Ma\u00dfnahmen gar keine wissenschaftliche<br>Begr\u00fcndung zu liefern sucht. Ihr Thema waren eigentlich antivirale Medikamente. Und die<br>Argumente, mit denen ein 26-j\u00e4hriger Joshua Kimmich zum<br>\u201eSozialsch\u00e4dling\u201c abgestempelt wird, entpuppen sich bei n\u00e4herer Betrachtung, gelinde<br>gesagt, als vorschnell. Kaum einer seiner Kritiker d\u00fcrfte an der Tafel bestehen, wenn er<br>absch\u00e4tzen m\u00fcsste, ob die freie Entscheidung junger M\u00e4nner in Kimmichs Alter \u00fcber drei,<br>vier Jahre tats\u00e4chlich die Krankheitslast durch COVID-19 nennenswert beeinflussen.<br>Noch immer spukt au\u00dferdem in vielen K\u00f6pfen die Idee herum, Impfen k\u00f6nne die Pandemie<br>bei dauerhaft niedrigen Infektionszahlen beenden, offenkundig selbst bei Lothar Wieler,<br>dem Pr\u00e4sidenten des RKI. Angesichts der bekannten Parameter der Impfung ist das aus<br>Sicht der mathematischen Epidemiologie so absurd, wie der Glaube, ein Glas w\u00fcrde nach<br>dem Loslassen nicht auf den Boden fallen, wenn man es vorher lang genug festh\u00e4lt. Doch<br>aus dem Bauch heraus gef\u00e4llte Urteile sind nun einmal bequemer.<br>Die Realit\u00e4t k\u00f6nnte kaum weiter von dem Ideal entfernt sein, das Wieler im Fr\u00fchjahr 2020<br>vorschwebte &#8211; der gl\u00fccklichen Rettung der Crew von Apollo 13. Gene Kranz, Flight<br>Director w\u00e4hrend der Explosion des Sauerstofftanks, hatte seinen Leuten damals<br>bekannterma\u00dfen eingesch\u00e4rft: \u201eLasst uns die Sache nicht durch Herumraten schlimmer<br>machen.\u201c Es waren nicht Pathos und \u00fcbereifriges Herumexperimentieren, dass die Crew<br>von Apollo 13 sicher zur\u00fcck auf den Boden brachte. Es war abgekl\u00e4rte, unaufgeregte<br>Professionalit\u00e4t. Jeder kannte die notwendigen Handb\u00fccher und Checklisten, jeder wusste<br>um die Wichtigkeit transparenten Zusammenwirkens, jeder wusste, dass er in seinem<br>Zust\u00e4ndigkeitsbereich hundertprozentig zuverl\u00e4ssig funktionieren musste. Die<br>F\u00fchrungskr\u00e4fte verstanden, dass Sie sich nicht mit oberfl\u00e4chlichen Visionen und<br>\u00dcberredungskunst durchwursteln konnten.<br>Stattdessen konnten sie dank Detailkenntnis und Betrachtung der Lage von allen Seiten<br>eine tragf\u00e4hige L\u00f6sung finden, allen Unsicherheiten zum Trotz. Sie wussten, dass Ihnen<br>Vertrauen nicht einfach aufgrund ihrer Position zuwuchs, sondern aufgrund ihrer<br>Kompetenz, ihrer Ehrlichkeit und ihrer F\u00e4higkeit zuzuh\u00f6ren und zu lernen. Man hatte die<br>Lektion aus Apollo 1 gelernt, wo drei Astronauten bei einem Brand der Landekapsel<br>w\u00e4hrend einer \u00dcbung ums Leben gekommen waren.<br>Autorit\u00e4tsanspruch ohne Kompetenz?<br>Angesichts des Beispiels anderer L\u00e4nder sollten wir uns fragen, ob man mit einem solchen<br>F\u00fchrungsverst\u00e4ndnis und mit realistischen Zielen mehr erreicht als mit einem<br>\u00fcberbordenden Autorit\u00e4tsanspruch. H\u00e4tte man sich gleich auf Booster f\u00fcr vulnerable<br>Gruppen konzentriert, anstatt mit fragw\u00fcrdiger Begr\u00fcndung unbedingt die Impfung an die<br>Schulen zu bringen, w\u00e4ren wir vielleicht besser aufgestellt. Wer aus Ma\u00dflosigkeit alles will,<br>macht am Ende alles schlecht. Es ist gut m\u00f6glich, dass ausgerechnet Bayern und<br>\u00d6sterreich als Bannertr\u00e4ger der harten Linie nach der Winterwelle schlechter dastehen<br>l\u00e4sst als das viel gescholtene Schweden, das ja auch noch den Nachteil eines h\u00f6heren<br>Urbanisierungsgrads hat. Zu denken geben werden ihnen unerwartete Wendungen im<br>Winter aber wohl kaum.<br>Ganz unabh\u00e4ngig von der Frage der richtigen Impfstrategie, sollten wir aber im Auge<br>behalten, welchen permanenten Schaden man anrichtet, wenn Autorit\u00e4tsanspruch und<br>Kompetenz des F\u00fchrungspersonals sich nicht die Waage halten. Wenn sich die derzeitige<br>Entscheidungskultur verfestigt, ist ein gro\u00dfer Knall irgendwann programmiert.<br>Bernhard M\u00fcller wurde 2009 an der TUM mit einer am Max-Planck-Institut f\u00fcr Astrophysik<br>(MPA) angefertigten Arbeit \u00fcber Neutrino-Strahlungstransport in Sternexplosionen<br>promoviert. Seit 2021 ist er Associate Professor an der Monash University in Australien.<br>Seine Forschung zu Supernova-Explosionen und den Endstadien massereicher Sternen<br>st\u00fctzt sich wesentlich auf komplexe Simulationen auf H\u00f6chstleistungsrechnern. Hier<br>flie\u00dfen Str\u00f6mungsmechanik, Strahlungstransport, Kernphysik, Neutrinophysik und<br>Relativit\u00e4tstheorie ein.<\/figcaption><\/figure>\n\n\n\n<hr class=\"wp-block-separator\"\/>\n\n\n\n<figure class=\"wp-block-image size-large\"><img loading=\"lazy\" decoding=\"async\" width=\"1024\" height=\"784\" src=\"https:\/\/laszlo1713.lima-city.de\/wp-content\/uploads\/2021\/11\/Screenshot-2021-11-25-at-10.34.23-1024x784.jpg\" alt=\"\" class=\"wp-image-4786\" srcset=\"https:\/\/laszlo1713.lima-city.de\/wp-content\/uploads\/2021\/11\/Screenshot-2021-11-25-at-10.34.23-1024x784.jpg 1024w, https:\/\/laszlo1713.lima-city.de\/wp-content\/uploads\/2021\/11\/Screenshot-2021-11-25-at-10.34.23-300x230.jpg 300w, https:\/\/laszlo1713.lima-city.de\/wp-content\/uploads\/2021\/11\/Screenshot-2021-11-25-at-10.34.23-768x588.jpg 768w, https:\/\/laszlo1713.lima-city.de\/wp-content\/uploads\/2021\/11\/Screenshot-2021-11-25-at-10.34.23.jpg 1042w\" sizes=\"auto, (max-width: 706px) 89vw, (max-width: 767px) 82vw, 740px\" \/><\/figure>\n\n\n\n<hr class=\"wp-block-separator\"\/>\n\n\n\n<figure class=\"wp-block-image size-full\"><img loading=\"lazy\" decoding=\"async\" width=\"662\" height=\"580\" src=\"https:\/\/laszlo1713.lima-city.de\/wp-content\/uploads\/2021\/11\/Screenshot-2021-11-25-at-10.35.12.jpg\" alt=\"\" class=\"wp-image-4791\" srcset=\"https:\/\/laszlo1713.lima-city.de\/wp-content\/uploads\/2021\/11\/Screenshot-2021-11-25-at-10.35.12.jpg 662w, https:\/\/laszlo1713.lima-city.de\/wp-content\/uploads\/2021\/11\/Screenshot-2021-11-25-at-10.35.12-300x263.jpg 300w\" sizes=\"auto, (max-width: 662px) 100vw, 662px\" \/><\/figure>\n\n\n\n<hr class=\"wp-block-separator\"\/>\n\n\n\n<figure class=\"wp-block-image size-large\"><img loading=\"lazy\" decoding=\"async\" width=\"709\" height=\"1024\" src=\"https:\/\/laszlo1713.lima-city.de\/wp-content\/uploads\/2021\/11\/Screenshot-2021-11-25-at-10.36.26-709x1024.jpg\" alt=\"\" class=\"wp-image-4792\" srcset=\"https:\/\/laszlo1713.lima-city.de\/wp-content\/uploads\/2021\/11\/Screenshot-2021-11-25-at-10.36.26-709x1024.jpg 709w, https:\/\/laszlo1713.lima-city.de\/wp-content\/uploads\/2021\/11\/Screenshot-2021-11-25-at-10.36.26-208x300.jpg 208w, https:\/\/laszlo1713.lima-city.de\/wp-content\/uploads\/2021\/11\/Screenshot-2021-11-25-at-10.36.26.jpg 724w\" sizes=\"auto, (max-width: 709px) 100vw, 709px\" \/><\/figure>\n\n\n\n<hr class=\"wp-block-separator\"\/>\n\n\n\n<p><span class=\"has-inline-color has-vivid-green-cyan-color\">A k\u00f6z\u00f6s nevez\u0151?<\/span><\/p>\n\n\n\n<div class=\"wp-block-image\"><figure class=\"aligncenter size-full\"><img loading=\"lazy\" decoding=\"async\" width=\"390\" height=\"380\" src=\"https:\/\/laszlo1713.lima-city.de\/wp-content\/uploads\/2021\/11\/IMAGE-2021-11-25-125420.jpg\" alt=\"\" class=\"wp-image-4795\" srcset=\"https:\/\/laszlo1713.lima-city.de\/wp-content\/uploads\/2021\/11\/IMAGE-2021-11-25-125420.jpg 390w, https:\/\/laszlo1713.lima-city.de\/wp-content\/uploads\/2021\/11\/IMAGE-2021-11-25-125420-300x292.jpg 300w\" sizes=\"auto, (max-width: 390px) 100vw, 390px\" \/><\/figure><\/div>\n\n\n\n<div class=\"wp-block-image\"><figure class=\"aligncenter size-full\"><img loading=\"lazy\" decoding=\"async\" width=\"380\" height=\"380\" src=\"https:\/\/laszlo1713.lima-city.de\/wp-content\/uploads\/2021\/11\/IMAGE-2021-11-25-125423.jpg\" alt=\"\" class=\"wp-image-4797\" srcset=\"https:\/\/laszlo1713.lima-city.de\/wp-content\/uploads\/2021\/11\/IMAGE-2021-11-25-125423.jpg 380w, https:\/\/laszlo1713.lima-city.de\/wp-content\/uploads\/2021\/11\/IMAGE-2021-11-25-125423-300x300.jpg 300w, https:\/\/laszlo1713.lima-city.de\/wp-content\/uploads\/2021\/11\/IMAGE-2021-11-25-125423-150x150.jpg 150w, https:\/\/laszlo1713.lima-city.de\/wp-content\/uploads\/2021\/11\/IMAGE-2021-11-25-125423-100x100.jpg 100w\" sizes=\"auto, (max-width: 380px) 100vw, 380px\" \/><\/figure><\/div>\n\n\n\n<div class=\"wp-block-image\"><figure class=\"aligncenter size-full\"><img loading=\"lazy\" decoding=\"async\" width=\"409\" height=\"380\" src=\"https:\/\/laszlo1713.lima-city.de\/wp-content\/uploads\/2021\/11\/IMAGE-2021-11-25-125427.jpg\" alt=\"\" class=\"wp-image-4798\" srcset=\"https:\/\/laszlo1713.lima-city.de\/wp-content\/uploads\/2021\/11\/IMAGE-2021-11-25-125427.jpg 409w, https:\/\/laszlo1713.lima-city.de\/wp-content\/uploads\/2021\/11\/IMAGE-2021-11-25-125427-300x279.jpg 300w\" sizes=\"auto, (max-width: 409px) 100vw, 409px\" \/><figcaption><span class=\"has-inline-color has-vivid-green-cyan-color\">Valamit \u00fczenni akarnak, nemde? <\/span> <span class=\"has-inline-color has-vivid-green-cyan-color\">Egy\u00edv\u00e1s\u00faak?<\/span><\/figcaption><\/figure><\/div>\n\n\n\n<hr class=\"wp-block-separator\"\/>\n\n\n\n<figure class=\"wp-block-image size-large\"><img loading=\"lazy\" decoding=\"async\" width=\"768\" height=\"1024\" src=\"https:\/\/laszlo1713.lima-city.de\/wp-content\/uploads\/2021\/11\/IMAGE-2021-11-25-130033-768x1024.jpg\" alt=\"\" class=\"wp-image-4800\" srcset=\"https:\/\/laszlo1713.lima-city.de\/wp-content\/uploads\/2021\/11\/IMAGE-2021-11-25-130033-768x1024.jpg 768w, https:\/\/laszlo1713.lima-city.de\/wp-content\/uploads\/2021\/11\/IMAGE-2021-11-25-130033-225x300.jpg 225w, https:\/\/laszlo1713.lima-city.de\/wp-content\/uploads\/2021\/11\/IMAGE-2021-11-25-130033.jpg 960w\" sizes=\"auto, (max-width: 706px) 89vw, (max-width: 767px) 82vw, 740px\" \/><figcaption><span class=\"has-inline-color has-vivid-green-cyan-color\">\u00d3vatos (sunyi?) ember: \u0151 csak aj\u00e1nlja (?), de nem teszi &#8220;k\u00f6telez\u0151v\u00e9&#8221;. Hogy n\u00e9z ki a dolog a gyakorlatban? Munkahelyeken? Id\u0151sotthonokban? Iskol\u00e1kban?<\/span><\/figcaption><\/figure>\n\n\n\n<figure class=\"wp-block-image size-large\"><img loading=\"lazy\" decoding=\"async\" width=\"1024\" height=\"1007\" src=\"https:\/\/laszlo1713.lima-city.de\/wp-content\/uploads\/2021\/11\/IMAGE-2021-11-25-130623-1024x1007.jpg\" alt=\"\" class=\"wp-image-4804\" srcset=\"https:\/\/laszlo1713.lima-city.de\/wp-content\/uploads\/2021\/11\/IMAGE-2021-11-25-130623-1024x1007.jpg 1024w, https:\/\/laszlo1713.lima-city.de\/wp-content\/uploads\/2021\/11\/IMAGE-2021-11-25-130623-300x295.jpg 300w, https:\/\/laszlo1713.lima-city.de\/wp-content\/uploads\/2021\/11\/IMAGE-2021-11-25-130623-768x755.jpg 768w, https:\/\/laszlo1713.lima-city.de\/wp-content\/uploads\/2021\/11\/IMAGE-2021-11-25-130623.jpg 1280w\" sizes=\"auto, (max-width: 706px) 89vw, (max-width: 767px) 82vw, 740px\" \/><\/figure>\n\n\n\n<hr class=\"wp-block-separator\"\/>\n\n\n\n<figure class=\"wp-block-image size-large\"><img loading=\"lazy\" decoding=\"async\" width=\"704\" height=\"1024\" src=\"https:\/\/laszlo1713.lima-city.de\/wp-content\/uploads\/2021\/11\/Screenshot-2021-11-25-at-13.05.47-704x1024.jpg\" alt=\"\" class=\"wp-image-4802\" srcset=\"https:\/\/laszlo1713.lima-city.de\/wp-content\/uploads\/2021\/11\/Screenshot-2021-11-25-at-13.05.47-704x1024.jpg 704w, https:\/\/laszlo1713.lima-city.de\/wp-content\/uploads\/2021\/11\/Screenshot-2021-11-25-at-13.05.47-206x300.jpg 206w, https:\/\/laszlo1713.lima-city.de\/wp-content\/uploads\/2021\/11\/Screenshot-2021-11-25-at-13.05.47-768x1117.jpg 768w, https:\/\/laszlo1713.lima-city.de\/wp-content\/uploads\/2021\/11\/Screenshot-2021-11-25-at-13.05.47-1056x1536.jpg 1056w, https:\/\/laszlo1713.lima-city.de\/wp-content\/uploads\/2021\/11\/Screenshot-2021-11-25-at-13.05.47.jpg 1128w\" sizes=\"auto, (max-width: 704px) 100vw, 704px\" \/><\/figure>\n\n\n\n<hr class=\"wp-block-separator\"\/>\n\n\n\n<div class=\"wp-block-image\"><figure class=\"aligncenter size-full\"><img loading=\"lazy\" decoding=\"async\" width=\"568\" height=\"498\" src=\"https:\/\/laszlo1713.lima-city.de\/wp-content\/uploads\/2021\/11\/Screenshot-2021-11-25-at-15.31.09.jpg\" alt=\"\" class=\"wp-image-4806\" srcset=\"https:\/\/laszlo1713.lima-city.de\/wp-content\/uploads\/2021\/11\/Screenshot-2021-11-25-at-15.31.09.jpg 568w, https:\/\/laszlo1713.lima-city.de\/wp-content\/uploads\/2021\/11\/Screenshot-2021-11-25-at-15.31.09-300x263.jpg 300w\" sizes=\"auto, (max-width: 568px) 100vw, 568px\" \/><\/figure><\/div>\n\n\n\n<figure class=\"wp-block-image size-full\"><img loading=\"lazy\" decoding=\"async\" width=\"670\" height=\"754\" src=\"https:\/\/laszlo1713.lima-city.de\/wp-content\/uploads\/2021\/11\/Screenshot-2021-11-25-at-15.31.41.jpg\" alt=\"\" class=\"wp-image-4807\" srcset=\"https:\/\/laszlo1713.lima-city.de\/wp-content\/uploads\/2021\/11\/Screenshot-2021-11-25-at-15.31.41.jpg 670w, https:\/\/laszlo1713.lima-city.de\/wp-content\/uploads\/2021\/11\/Screenshot-2021-11-25-at-15.31.41-267x300.jpg 267w\" sizes=\"auto, (max-width: 670px) 100vw, 670px\" \/><\/figure>\n\n\n\n<hr class=\"wp-block-separator\"\/>\n\n\n\n<figure class=\"wp-block-image size-large\"><img loading=\"lazy\" decoding=\"async\" width=\"1024\" height=\"986\" src=\"https:\/\/laszlo1713.lima-city.de\/wp-content\/uploads\/2021\/11\/Screenshot-2021-11-25-at-15.33.38-1024x986.jpg\" alt=\"\" class=\"wp-image-4808\" srcset=\"https:\/\/laszlo1713.lima-city.de\/wp-content\/uploads\/2021\/11\/Screenshot-2021-11-25-at-15.33.38-1024x986.jpg 1024w, https:\/\/laszlo1713.lima-city.de\/wp-content\/uploads\/2021\/11\/Screenshot-2021-11-25-at-15.33.38-300x289.jpg 300w, https:\/\/laszlo1713.lima-city.de\/wp-content\/uploads\/2021\/11\/Screenshot-2021-11-25-at-15.33.38-768x739.jpg 768w, https:\/\/laszlo1713.lima-city.de\/wp-content\/uploads\/2021\/11\/Screenshot-2021-11-25-at-15.33.38-1536x1479.jpg 1536w, https:\/\/laszlo1713.lima-city.de\/wp-content\/uploads\/2021\/11\/Screenshot-2021-11-25-at-15.33.38.jpg 1990w\" sizes=\"auto, (max-width: 706px) 89vw, (max-width: 767px) 82vw, 740px\" \/><\/figure>\n\n\n\n<hr class=\"wp-block-separator\"\/>\n\n\n\n<figure class=\"wp-block-image size-large\"><img loading=\"lazy\" decoding=\"async\" width=\"1024\" height=\"538\" src=\"https:\/\/laszlo1713.lima-city.de\/wp-content\/uploads\/2021\/11\/IMAGE-2021-11-25-152852-1024x538.jpg\" alt=\"\" class=\"wp-image-4809\" srcset=\"https:\/\/laszlo1713.lima-city.de\/wp-content\/uploads\/2021\/11\/IMAGE-2021-11-25-152852-1024x538.jpg 1024w, https:\/\/laszlo1713.lima-city.de\/wp-content\/uploads\/2021\/11\/IMAGE-2021-11-25-152852-300x158.jpg 300w, https:\/\/laszlo1713.lima-city.de\/wp-content\/uploads\/2021\/11\/IMAGE-2021-11-25-152852-768x403.jpg 768w, https:\/\/laszlo1713.lima-city.de\/wp-content\/uploads\/2021\/11\/IMAGE-2021-11-25-152852.jpg 1200w\" sizes=\"auto, (max-width: 706px) 89vw, (max-width: 767px) 82vw, 740px\" \/><\/figure>\n\n\n\n<hr class=\"wp-block-separator\"\/>\n\n\n\n<figure class=\"wp-block-image size-large\"><img loading=\"lazy\" decoding=\"async\" width=\"861\" height=\"1024\" src=\"https:\/\/laszlo1713.lima-city.de\/wp-content\/uploads\/2021\/11\/Screenshot-2021-11-25-at-16.10.36-861x1024.jpg\" alt=\"\" class=\"wp-image-4812\" srcset=\"https:\/\/laszlo1713.lima-city.de\/wp-content\/uploads\/2021\/11\/Screenshot-2021-11-25-at-16.10.36-861x1024.jpg 861w, https:\/\/laszlo1713.lima-city.de\/wp-content\/uploads\/2021\/11\/Screenshot-2021-11-25-at-16.10.36-252x300.jpg 252w, https:\/\/laszlo1713.lima-city.de\/wp-content\/uploads\/2021\/11\/Screenshot-2021-11-25-at-16.10.36-768x913.jpg 768w, https:\/\/laszlo1713.lima-city.de\/wp-content\/uploads\/2021\/11\/Screenshot-2021-11-25-at-16.10.36.jpg 1004w\" sizes=\"auto, (max-width: 706px) 89vw, (max-width: 767px) 82vw, 740px\" \/><\/figure>\n\n\n\n<hr class=\"wp-block-separator\"\/>\n\n\n\n<figure class=\"wp-block-image size-large\"><img loading=\"lazy\" decoding=\"async\" width=\"1024\" height=\"845\" src=\"https:\/\/laszlo1713.lima-city.de\/wp-content\/uploads\/2021\/11\/Screenshot-2021-11-25-at-16.40.33-1024x845.jpg\" alt=\"\" class=\"wp-image-4815\" srcset=\"https:\/\/laszlo1713.lima-city.de\/wp-content\/uploads\/2021\/11\/Screenshot-2021-11-25-at-16.40.33-1024x845.jpg 1024w, https:\/\/laszlo1713.lima-city.de\/wp-content\/uploads\/2021\/11\/Screenshot-2021-11-25-at-16.40.33-300x247.jpg 300w, https:\/\/laszlo1713.lima-city.de\/wp-content\/uploads\/2021\/11\/Screenshot-2021-11-25-at-16.40.33-768x633.jpg 768w, https:\/\/laszlo1713.lima-city.de\/wp-content\/uploads\/2021\/11\/Screenshot-2021-11-25-at-16.40.33-1536x1267.jpg 1536w, https:\/\/laszlo1713.lima-city.de\/wp-content\/uploads\/2021\/11\/Screenshot-2021-11-25-at-16.40.33.jpg 1564w\" sizes=\"auto, (max-width: 706px) 89vw, (max-width: 767px) 82vw, 740px\" \/><figcaption>Die Todesf\u00e4lle, die auf die Impfungen folgen sollen, werden niemals dem Gift zugeschrieben werden k\u00f6nnen. Sie werden zu unterschiedlich sein, es werden zu viele sein, und sie werden in einem zu gro\u00dfen Zeitrahmen auftreten, als dass wir verstehen k\u00f6nnten, dass wir vergiftet wurden\u201c, sagte Dr. Shankara Chetty.<br>Ein prominenter Arzt, der die Entwicklung fr\u00fcher Behandlungsmethoden f\u00fcr COVID-19 vorangetrieben hat, erkl\u00e4rte, dass seiner Meinung nach der Zweck der Pandemie- und Impfkampagnen darin besteht, \u201eeinen gro\u00dfen Teil unserer Bev\u00f6lkerung zu kontrollieren und zu t\u00f6ten, ohne dass jemand merkt, dass wir vergiftet wurden\u201c.Dr. Shankara Chetty, ein Hausarzt in S\u00fcdafrika, der laut seiner Website \u201e7000 Covid-19-Patienten ohne einen einzigen Krankenhausaufenthalt oder Todesfall behandelt hat\u201c, kombinierte Erkenntnisse aus seinem medizinischen Wissen mit seinen Beobachtungen von Regierungsdiktaten und Medienzensur, um seine Schlussfolgerungen zu st\u00fctzen.<br>Bei einem Zoom-Treffen von Personen, die sich als \u00c4rzte ausgaben, stellte Chetty seinen Ausf\u00fchrungen eine Frage voran: \u201eIch denke, die Perspektive auf das, was geschieht, ist von entscheidender Bedeutung. Wir m\u00fcssen verstehen, was das Ziel ist. Jeder wei\u00df, dass es Ungereimtheiten gibt, dass Zwang ausge\u00fcbt wird, aber wir m\u00fcssen verstehen, warum. Warum gibt es sie?\u201c<br>Als \u201ewichtigsten\u201c Aspekt f\u00fcr die Beantwortung dieser Fragen nannte er den \u201eErreger, der bei der COVID-Krankheit alle Todesf\u00e4lle verursacht hat\u201c, das Spike-Protein, das vom Virus \u00fcbertragen wird und das der Impfstoff im K\u00f6rper des Empf\u00e4ngers produzieren soll.<br>\u201eWenn ich Ihnen meine Meinung zu dem sagen m\u00fcsste, was auf globaler Ebene geschieht\u201c, sagte er, \u201edann ist das Spike-Protein eines der ausgekl\u00fcgeltsten Gifte, die der Mensch je hergestellt hat. Und das Ziel dieses Giftes ist es, Milliarden von Menschen zu t\u00f6ten, ohne dass es jemand merkt. Es ist also ein Gift mit einer Agenda.\u201c (&#8230;)<\/figcaption><\/figure>\n\n\n\n<hr class=\"wp-block-separator\"\/>\n\n\n\n<figure class=\"wp-block-image size-large\"><img loading=\"lazy\" decoding=\"async\" width=\"1024\" height=\"651\" src=\"https:\/\/laszlo1713.lima-city.de\/wp-content\/uploads\/2021\/11\/Screenshot-2021-11-25-at-16.44.05-1024x651.jpg\" alt=\"\" class=\"wp-image-4818\" srcset=\"https:\/\/laszlo1713.lima-city.de\/wp-content\/uploads\/2021\/11\/Screenshot-2021-11-25-at-16.44.05-1024x651.jpg 1024w, https:\/\/laszlo1713.lima-city.de\/wp-content\/uploads\/2021\/11\/Screenshot-2021-11-25-at-16.44.05-300x191.jpg 300w, https:\/\/laszlo1713.lima-city.de\/wp-content\/uploads\/2021\/11\/Screenshot-2021-11-25-at-16.44.05-768x488.jpg 768w, https:\/\/laszlo1713.lima-city.de\/wp-content\/uploads\/2021\/11\/Screenshot-2021-11-25-at-16.44.05.jpg 1092w\" sizes=\"auto, (max-width: 706px) 89vw, (max-width: 767px) 82vw, 740px\" \/><\/figure>\n\n\n\n<hr class=\"wp-block-separator\"\/>\n\n\n\n<figure class=\"wp-block-image size-large\"><img loading=\"lazy\" decoding=\"async\" width=\"1024\" height=\"742\" src=\"https:\/\/laszlo1713.lima-city.de\/wp-content\/uploads\/2021\/11\/IMAGE-2021-11-25-170736-1024x742.jpg\" alt=\"\" class=\"wp-image-4820\" srcset=\"https:\/\/laszlo1713.lima-city.de\/wp-content\/uploads\/2021\/11\/IMAGE-2021-11-25-170736-1024x742.jpg 1024w, https:\/\/laszlo1713.lima-city.de\/wp-content\/uploads\/2021\/11\/IMAGE-2021-11-25-170736-300x217.jpg 300w, https:\/\/laszlo1713.lima-city.de\/wp-content\/uploads\/2021\/11\/IMAGE-2021-11-25-170736-768x556.jpg 768w, https:\/\/laszlo1713.lima-city.de\/wp-content\/uploads\/2021\/11\/IMAGE-2021-11-25-170736.jpg 1200w\" sizes=\"auto, (max-width: 706px) 89vw, (max-width: 767px) 82vw, 740px\" \/><figcaption><strong>Australia has recorded 11 times more Deaths in 8 months following Covid-19 Vaccination than it has Deaths following every other Vaccine combined in over 50 years<\/strong><br><\/figcaption><\/figure>\n\n\n\n<hr class=\"wp-block-separator\"\/>\n\n\n\n<div class=\"wp-block-image\"><figure class=\"aligncenter size-large\"><img loading=\"lazy\" decoding=\"async\" width=\"425\" height=\"1024\" src=\"https:\/\/laszlo1713.lima-city.de\/wp-content\/uploads\/2021\/11\/IMAGE-2021-11-25-171152-425x1024.jpg\" alt=\"\" class=\"wp-image-4822\" srcset=\"https:\/\/laszlo1713.lima-city.de\/wp-content\/uploads\/2021\/11\/IMAGE-2021-11-25-171152-425x1024.jpg 425w, https:\/\/laszlo1713.lima-city.de\/wp-content\/uploads\/2021\/11\/IMAGE-2021-11-25-171152-124x300.jpg 124w, https:\/\/laszlo1713.lima-city.de\/wp-content\/uploads\/2021\/11\/IMAGE-2021-11-25-171152.jpg 531w\" sizes=\"auto, (max-width: 425px) 100vw, 425px\" \/><figcaption><span class=\"has-inline-color has-vivid-green-cyan-color\">Ez a fasiszta szenny Bajororsz\u00e1g minisztereln\u00f6ke. Hogy \u00edgy lett, az pedig nem(csak) rajta m\u00falott.<\/span><\/figcaption><\/figure><\/div>\n\n\n\n<hr class=\"wp-block-separator\"\/>\n\n\n\n<div class=\"wp-block-image\"><figure class=\"aligncenter size-large\"><img loading=\"lazy\" decoding=\"async\" width=\"616\" height=\"1024\" src=\"https:\/\/laszlo1713.lima-city.de\/wp-content\/uploads\/2021\/11\/Screenshot-2021-11-25-at-17.51.30-616x1024.jpg\" alt=\"\" class=\"wp-image-4825\" srcset=\"https:\/\/laszlo1713.lima-city.de\/wp-content\/uploads\/2021\/11\/Screenshot-2021-11-25-at-17.51.30-616x1024.jpg 616w, https:\/\/laszlo1713.lima-city.de\/wp-content\/uploads\/2021\/11\/Screenshot-2021-11-25-at-17.51.30-180x300.jpg 180w, https:\/\/laszlo1713.lima-city.de\/wp-content\/uploads\/2021\/11\/Screenshot-2021-11-25-at-17.51.30-768x1278.jpg 768w, https:\/\/laszlo1713.lima-city.de\/wp-content\/uploads\/2021\/11\/Screenshot-2021-11-25-at-17.51.30.jpg 880w\" sizes=\"auto, (max-width: 616px) 100vw, 616px\" \/><\/figure><\/div>\n\n\n\n<hr class=\"wp-block-separator\"\/>\n\n\n\n<figure class=\"wp-block-image size-full\"><img loading=\"lazy\" decoding=\"async\" width=\"860\" height=\"516\" src=\"https:\/\/laszlo1713.lima-city.de\/wp-content\/uploads\/2021\/11\/Screenshot-2021-11-25-at-19.14.07.jpg\" alt=\"\" class=\"wp-image-4827\" srcset=\"https:\/\/laszlo1713.lima-city.de\/wp-content\/uploads\/2021\/11\/Screenshot-2021-11-25-at-19.14.07.jpg 860w, https:\/\/laszlo1713.lima-city.de\/wp-content\/uploads\/2021\/11\/Screenshot-2021-11-25-at-19.14.07-300x180.jpg 300w, https:\/\/laszlo1713.lima-city.de\/wp-content\/uploads\/2021\/11\/Screenshot-2021-11-25-at-19.14.07-768x461.jpg 768w\" sizes=\"auto, (max-width: 706px) 89vw, (max-width: 767px) 82vw, 740px\" \/><\/figure>\n\n\n\n<hr class=\"wp-block-separator\"\/>\n\n\n\n<figure class=\"wp-block-image size-large\"><img loading=\"lazy\" decoding=\"async\" width=\"1024\" height=\"610\" src=\"https:\/\/laszlo1713.lima-city.de\/wp-content\/uploads\/2021\/11\/Screenshot-2021-11-25-at-19.17.48-1024x610.jpg\" alt=\"\" class=\"wp-image-4829\" srcset=\"https:\/\/laszlo1713.lima-city.de\/wp-content\/uploads\/2021\/11\/Screenshot-2021-11-25-at-19.17.48-1024x610.jpg 1024w, https:\/\/laszlo1713.lima-city.de\/wp-content\/uploads\/2021\/11\/Screenshot-2021-11-25-at-19.17.48-300x179.jpg 300w, https:\/\/laszlo1713.lima-city.de\/wp-content\/uploads\/2021\/11\/Screenshot-2021-11-25-at-19.17.48-768x458.jpg 768w, https:\/\/laszlo1713.lima-city.de\/wp-content\/uploads\/2021\/11\/Screenshot-2021-11-25-at-19.17.48-1536x915.jpg 1536w, https:\/\/laszlo1713.lima-city.de\/wp-content\/uploads\/2021\/11\/Screenshot-2021-11-25-at-19.17.48-2048x1220.jpg 2048w\" sizes=\"auto, (max-width: 706px) 89vw, (max-width: 767px) 82vw, 740px\" \/><figcaption>Anthony Fauci is the second coming of Joseph Mengele. I said back in 2020 that this dude is probably the most prolific serial killer in history. I was not, at all, joking with that statement.&nbsp;<br>The blood of millions of lives over the decades lies on his hands. His track record would make Genghis Khan green with envy.&nbsp; &nbsp;<br>In so far as his touting of a \u201c100% effective vaccine\u201d;&nbsp;<\/figcaption><\/figure>\n\n\n\n<figure class=\"wp-block-image size-full\"><img loading=\"lazy\" decoding=\"async\" width=\"730\" height=\"618\" src=\"https:\/\/laszlo1713.lima-city.de\/wp-content\/uploads\/2021\/11\/Screenshot-2021-11-25-at-19.19.34.jpg\" alt=\"\" class=\"wp-image-4832\" srcset=\"https:\/\/laszlo1713.lima-city.de\/wp-content\/uploads\/2021\/11\/Screenshot-2021-11-25-at-19.19.34.jpg 730w, https:\/\/laszlo1713.lima-city.de\/wp-content\/uploads\/2021\/11\/Screenshot-2021-11-25-at-19.19.34-300x254.jpg 300w\" sizes=\"auto, (max-width: 730px) 100vw, 730px\" \/><\/figure>\n\n\n\n<hr class=\"wp-block-separator\"\/>\n\n\n\n<p><span class=\"has-inline-color has-vivid-green-cyan-color\">H\u00e1ny (szomor\u00fa) eset kell m\u00e9g? Meddig mehet m\u00e9g ez a gaztett?<\/span> <span class=\"has-inline-color has-vivid-green-cyan-color\">Mindenki szem\u00e9ly szerint felel\u0151s az\u00e9rt, ha nem teszi, amit tehetne (tennie kellene) ellene!<\/span><\/p>\n\n\n\n<figure class=\"wp-block-image size-full\"><img loading=\"lazy\" decoding=\"async\" width=\"994\" height=\"952\" src=\"https:\/\/laszlo1713.lima-city.de\/wp-content\/uploads\/2021\/11\/Screenshot-2021-11-25-at-20.25.23.jpg\" alt=\"\" class=\"wp-image-4835\" srcset=\"https:\/\/laszlo1713.lima-city.de\/wp-content\/uploads\/2021\/11\/Screenshot-2021-11-25-at-20.25.23.jpg 994w, https:\/\/laszlo1713.lima-city.de\/wp-content\/uploads\/2021\/11\/Screenshot-2021-11-25-at-20.25.23-300x287.jpg 300w, https:\/\/laszlo1713.lima-city.de\/wp-content\/uploads\/2021\/11\/Screenshot-2021-11-25-at-20.25.23-768x736.jpg 768w\" sizes=\"auto, (max-width: 706px) 89vw, (max-width: 767px) 82vw, 740px\" \/><\/figure>\n\n\n\n<figure class=\"wp-block-image size-large\"><img loading=\"lazy\" decoding=\"async\" width=\"742\" height=\"1024\" src=\"https:\/\/laszlo1713.lima-city.de\/wp-content\/uploads\/2021\/11\/Screenshot-2021-11-25-at-20.33.15-742x1024.jpg\" alt=\"\" class=\"wp-image-4836\" srcset=\"https:\/\/laszlo1713.lima-city.de\/wp-content\/uploads\/2021\/11\/Screenshot-2021-11-25-at-20.33.15-742x1024.jpg 742w, https:\/\/laszlo1713.lima-city.de\/wp-content\/uploads\/2021\/11\/Screenshot-2021-11-25-at-20.33.15-217x300.jpg 217w, https:\/\/laszlo1713.lima-city.de\/wp-content\/uploads\/2021\/11\/Screenshot-2021-11-25-at-20.33.15.jpg 756w\" sizes=\"auto, (max-width: 706px) 89vw, (max-width: 767px) 82vw, 740px\" \/><\/figure>\n\n\n\n<hr class=\"wp-block-separator\"\/>\n\n\n\n<figure class=\"wp-block-image size-full\"><img loading=\"lazy\" decoding=\"async\" width=\"516\" height=\"428\" src=\"https:\/\/laszlo1713.lima-city.de\/wp-content\/uploads\/2021\/11\/Screenshot-2021-11-25-at-21.14.30.jpg\" alt=\"\" class=\"wp-image-4838\" srcset=\"https:\/\/laszlo1713.lima-city.de\/wp-content\/uploads\/2021\/11\/Screenshot-2021-11-25-at-21.14.30.jpg 516w, https:\/\/laszlo1713.lima-city.de\/wp-content\/uploads\/2021\/11\/Screenshot-2021-11-25-at-21.14.30-300x249.jpg 300w\" sizes=\"auto, (max-width: 516px) 100vw, 516px\" \/><\/figure>\n\n\n\n<figure class=\"wp-block-image size-large\"><img loading=\"lazy\" decoding=\"async\" width=\"1024\" height=\"248\" src=\"https:\/\/laszlo1713.lima-city.de\/wp-content\/uploads\/2021\/11\/Screenshot-2021-11-25-at-21.14.49-1024x248.jpg\" alt=\"\" class=\"wp-image-4839\" srcset=\"https:\/\/laszlo1713.lima-city.de\/wp-content\/uploads\/2021\/11\/Screenshot-2021-11-25-at-21.14.49-1024x248.jpg 1024w, https:\/\/laszlo1713.lima-city.de\/wp-content\/uploads\/2021\/11\/Screenshot-2021-11-25-at-21.14.49-300x73.jpg 300w, https:\/\/laszlo1713.lima-city.de\/wp-content\/uploads\/2021\/11\/Screenshot-2021-11-25-at-21.14.49-768x186.jpg 768w, https:\/\/laszlo1713.lima-city.de\/wp-content\/uploads\/2021\/11\/Screenshot-2021-11-25-at-21.14.49-1536x372.jpg 1536w, https:\/\/laszlo1713.lima-city.de\/wp-content\/uploads\/2021\/11\/Screenshot-2021-11-25-at-21.14.49.jpg 1908w\" sizes=\"auto, (max-width: 706px) 89vw, (max-width: 767px) 82vw, 740px\" \/><\/figure>\n\n\n\n<figure class=\"wp-block-image size-full\"><img loading=\"lazy\" decoding=\"async\" width=\"726\" height=\"400\" src=\"https:\/\/laszlo1713.lima-city.de\/wp-content\/uploads\/2021\/11\/BtB_Babys.png\" alt=\"\" class=\"wp-image-4840\" srcset=\"https:\/\/laszlo1713.lima-city.de\/wp-content\/uploads\/2021\/11\/BtB_Babys.png 726w, https:\/\/laszlo1713.lima-city.de\/wp-content\/uploads\/2021\/11\/BtB_Babys-300x165.png 300w\" sizes=\"auto, (max-width: 726px) 100vw, 726px\" \/><figcaption><strong>Im US-Verzeichnis f\u00fcr Impfsch\u00e4den VAERS (Vaccine Adverse Event Reporting System) wurden mit Stand vom 12. November bisher 2.620 t\u00f6dliche Fehlgeburten nach einer Covid-19-Impfung registriert. Mit 2.015 F\u00e4llen ist BioNTech\/Pfizer trauriger Spitzenreiter, gefolgt von Moderna mit 689 toten Babys. Der Impfstoff Janssen von Johnson &amp; Johnson wird mit 100 Fehlgeburten in Verbindung gebracht. Doch auch schreckliche Berichte \u00fcber Missbildungen und schwerste Impffolgen bei Babys h\u00e4ufen sich \u2013 die teils unertr\u00e4glich grausamen Bilder der armen, leidenden Kleinen zerrei\u00dfen einem dabei regelrecht das Herz.<\/strong><br>2.620 tote Babys nach Corona-Impfungen in VAERS verzeichnet<br>Fehlgeburten: derzeit (Stand 12. November) 2.015 Todes-F\u00e4lle von Babys nach BioNTech\/Pfizer und 689 nach Moderna. Johnson &amp; Johnson mit 100 Todesf\u00e4llen<br>Bis zu 91 Prozent Fehlgeburten bei Impfung vor 20. Woche<br>Furchtbare Berichte schwerer Impf-Nebenwirkungen bei Babys<br>Britischer Bestatter berichtet von zehnmal so vielen toten Babys<br>Auf der Webseite&nbsp;<a href=\"https:\/\/medalerts.org\/vaersdb\/findfield.php?TABLE=ON&amp;GROUP1=MAN&amp;EVENTS=ON&amp;PERPAGE=100&amp;ESORT=ONSET-DATE&amp;SYMPTOMS%5b%5d=Aborted+pregnancy+%2810000209%29&amp;SYMPTOMS%5b%5d=Abortion+%2810000210%29&amp;SYMPTOMS%5b%5d=Abortion+complete+%2810061614%29&amp;SYMPTOMS%5b%5d=Abortion+early+%2810052846%29&amp;SYMPTOMS%5b%5d=Abortion+incomplete+%2810000217%29&amp;SYMPTOMS%5b%5d=Abortion+induced+%2810000220%29&amp;SYMPTOMS%5b%5d=Abortion+late+%2810052847%29&amp;SYMPTOMS%5b%5d=Abortion+missed+%2810000230%29&amp;SYMPTOMS%5b%5d=Abortion+of+ectopic+pregnancy+%2810066266%29&amp;SYMPTOMS%5b%5d=Abortion+spontaneous+%2810000234%29&amp;SYMPTOMS%5b%5d=Abortion+spontaneous+complete+%2810061616%29&amp;SYMPTOMS%5b%5d=Abortion+spontaneous+incomplete+%2810061617%29&amp;SYMPTOMS%5b%5d=Foetal+cardiac+arrest+%2810084280%29&amp;SYMPTOMS%5b%5d=Foetal+death+%2810055690%29&amp;SYMPTOMS%5b%5d=Premature+baby+death+%2810076700%29&amp;SYMPTOMS%5b%5d=Premature+delivery+%2810036595%29&amp;SYMPTOMS%5b%5d=Stillbirth+%2810042062%29&amp;VAX=COVID19\">Medalerts<\/a>, die die VAERS-Daten verarbeitet, wird darauf hingewiesen, dass&nbsp;<strong>bei einigen F\u00e4llen<\/strong>&nbsp;<strong>mehrere Impfungen und Symptome vorliegen<\/strong>. Daher k\u00f6nne ein einziger Fall mehrere Eintr\u00e4ge in der Tabelle verursachen.&nbsp;<strong>Aus diesem Grund ist die Gesamtzahl gr\u00f6\u00dfer als 2620<\/strong>&nbsp;(die Zahl der gefundenen F\u00e4lle) und der&nbsp;<strong>Gesamtprozentsatz liegt \u00fcber 100 Prozent.<\/strong><\/figcaption><\/figure>\n\n\n\n<figure class=\"wp-block-image size-full\"><img loading=\"lazy\" decoding=\"async\" width=\"797\" height=\"303\" src=\"https:\/\/laszlo1713.lima-city.de\/wp-content\/uploads\/2021\/11\/Medalerts_Tabelle.jpg\" alt=\"\" class=\"wp-image-4842\" srcset=\"https:\/\/laszlo1713.lima-city.de\/wp-content\/uploads\/2021\/11\/Medalerts_Tabelle.jpg 797w, https:\/\/laszlo1713.lima-city.de\/wp-content\/uploads\/2021\/11\/Medalerts_Tabelle-300x114.jpg 300w, https:\/\/laszlo1713.lima-city.de\/wp-content\/uploads\/2021\/11\/Medalerts_Tabelle-768x292.jpg 768w\" sizes=\"auto, (max-width: 706px) 89vw, (max-width: 767px) 82vw, 740px\" \/><figcaption>(Quelle:&nbsp;<a href=\"https:\/\/medalerts.org\/vaersdb\/findfield.php?TABLE=ON&amp;GROUP1=MAN&amp;EVENTS=ON&amp;PERPAGE=100&amp;ESORT=ONSET-DATE&amp;SYMPTOMS[]=Aborted+pregnancy+%2810000209%29&amp;SYMPTOMS[]=Abortion+%2810000210%29&amp;SYMPTOMS[]=Abortion+complete+%2810061614%29&amp;SYMPTOMS[]=Abortion+early+%2810052846%29&amp;SYMPTOMS[]=Abortion+incomplete+%2810000217%29&amp;SYMPTOMS[]=Abortion+induced+%2810000220%29&amp;SYMPTOMS[]=Abortion+late+%2810052847%29&amp;SYMPTOMS[]=Abortion+missed+%2810000230%29&amp;SYMPTOMS[]=Abortion+of+ectopic+pregnancy+%2810066266%29&amp;SYMPTOMS[]=Abortion+spontaneous+%2810000234%29&amp;SYMPTOMS[]=Abortion+spontaneous+complete+%2810061616%29&amp;SYMPTOMS[]=Abortion+spontaneous+incomplete+%2810061617%29&amp;SYMPTOMS[]=Foetal+cardiac+arrest+%2810084280%29&amp;SYMPTOMS[]=Foetal+death+%2810055690%29&amp;SYMPTOMS[]=Premature+baby+death+%2810076700%29&amp;SYMPTOMS[]=Premature+delivery+%2810036595%29&amp;SYMPTOMS[]=Stillbirth+%2810042062%29&amp;VAX=COVID19\">Medalerts.org<\/a>)<\/figcaption><\/figure>\n\n\n\n<hr class=\"wp-block-separator\"\/>\n\n\n\n<figure class=\"wp-block-image size-large\"><img loading=\"lazy\" decoding=\"async\" width=\"1024\" height=\"742\" src=\"https:\/\/laszlo1713.lima-city.de\/wp-content\/uploads\/2021\/11\/Screenshot-2021-11-26-at-07.31.38-1024x742.jpg\" alt=\"\" class=\"wp-image-4845\" srcset=\"https:\/\/laszlo1713.lima-city.de\/wp-content\/uploads\/2021\/11\/Screenshot-2021-11-26-at-07.31.38-1024x742.jpg 1024w, https:\/\/laszlo1713.lima-city.de\/wp-content\/uploads\/2021\/11\/Screenshot-2021-11-26-at-07.31.38-300x217.jpg 300w, https:\/\/laszlo1713.lima-city.de\/wp-content\/uploads\/2021\/11\/Screenshot-2021-11-26-at-07.31.38-768x557.jpg 768w, https:\/\/laszlo1713.lima-city.de\/wp-content\/uploads\/2021\/11\/Screenshot-2021-11-26-at-07.31.38-1536x1114.jpg 1536w, https:\/\/laszlo1713.lima-city.de\/wp-content\/uploads\/2021\/11\/Screenshot-2021-11-26-at-07.31.38.jpg 1556w\" sizes=\"auto, (max-width: 706px) 89vw, (max-width: 767px) 82vw, 740px\" \/><figcaption>First published on November 23, 2021<br>&nbsp;<br><em>\u201cThe PCR is a Process. It does not tell you that you are sick\u201d.&nbsp;<\/em><br><em><strong>Dr. Kary Mullis<\/strong>, Nobel Laureate and Inventor of the RT-PCR,&nbsp;passed away in August 2019.<\/em><br><em><strong>\u201c\u2026<\/strong>All or a substantial part of these positives could be due to what\u2019s called&nbsp;<strong>false positives tests<\/strong>.\u201d<\/em><br><em><strong>Dr. Michael Yeadon<\/strong>: former Vice President and Chief Science Officer for Pfizer<\/em><br><em>This misuse of the RT-PCR technique is applied as<strong>&nbsp;a relentless and intentional strategy by some governments<\/strong>&nbsp;<strong>to justify excessive measures<\/strong>&nbsp;such as the violation of a large number of constitutional rights, \u2026 under the pretext of a pandemic&nbsp;<strong>based on a number of positive RT-PCR tests, and not on a real number of patients<\/strong>.<\/em><\/figcaption><\/figure>\n\n\n\n<p><span class=\"has-inline-color has-vivid-green-cyan-color\">\u00c9s \u00edgy n\u00e9z ki a &#8220;tudom\u00e1ny vas\u00f6kle&#8221; a gyakorlatban. Infektol\u00f3gus (a &#8220;legel\u0151r\u0151l&#8221; m\u00e1r elzavart\u00e1k?) nyilatkozik:<\/span><\/p>\n\n\n\n<figure class=\"wp-block-image size-large\"><img loading=\"lazy\" decoding=\"async\" width=\"905\" height=\"1024\" src=\"https:\/\/laszlo1713.lima-city.de\/wp-content\/uploads\/2021\/11\/Screenshot-2021-11-26-at-07.42.26-905x1024.jpg\" alt=\"\" class=\"wp-image-4850\" srcset=\"https:\/\/laszlo1713.lima-city.de\/wp-content\/uploads\/2021\/11\/Screenshot-2021-11-26-at-07.42.26-905x1024.jpg 905w, https:\/\/laszlo1713.lima-city.de\/wp-content\/uploads\/2021\/11\/Screenshot-2021-11-26-at-07.42.26-265x300.jpg 265w, https:\/\/laszlo1713.lima-city.de\/wp-content\/uploads\/2021\/11\/Screenshot-2021-11-26-at-07.42.26-768x869.jpg 768w, https:\/\/laszlo1713.lima-city.de\/wp-content\/uploads\/2021\/11\/Screenshot-2021-11-26-at-07.42.26-1357x1536.jpg 1357w, https:\/\/laszlo1713.lima-city.de\/wp-content\/uploads\/2021\/11\/Screenshot-2021-11-26-at-07.42.26.jpg 1458w\" sizes=\"auto, (max-width: 706px) 89vw, (max-width: 767px) 82vw, 740px\" \/><figcaption>\u2757\ufe0f\ud83c\udde8\ud83c\udded Infektiologe Huldrych G\u00fcnthard fordert: &#8220;Eine Corona-Steuer f\u00fcr Ungeimpfte w\u00e4re nichts als fair&#8221;!\ud83c\udde8\ud83c\udded\u2757\ufe0f<br><br>Der Genfer Epidemiologe Antoine Flahault schl\u00e4gt vor, in \u00f6ffentlichen R\u00e4umen wie Restaurants L\u00fcftungs- und Messger\u00e4te zu installieren. Bei Werten \u00fcber 1000 ppm m\u00fcsste ein Lokal die T\u00fcren schliessen. Was halten Sie davon?<br><br>Wenn die Epidemie noch lange andauert, ist das eine Option. Im Moment w\u00fcrde ich allerdings eher auf einfache, schnell zu realisierende L\u00f6sungen setzen. Und vielleicht jene moralisch unterst\u00fctzen, die sich impfen lassen. Warum nicht Ungeimpfte mit einem Solidarit\u00e4tsbeitrag an den immensen Gesundheitskosten beteiligen, die sie verursachen? Eine CO2-Steuer zahlt man auch nach dem Verursacherprinzip. Eine Corona-Steuer, abgestuft nach Einkommen, w\u00e4re demnach nichts als fair.<br><br>Quelle: https:\/\/www.blick.ch\/politik\/infektiologe-huldrych-guenthard-fordert-eine-corona-steuer-fuer-ungeimpfte-waere-nichts-als-fair-id17005348.html<\/figcaption><\/figure>\n\n\n\n<hr class=\"wp-block-separator\"\/>\n\n\n\n<figure class=\"wp-block-image size-full\"><img loading=\"lazy\" decoding=\"async\" width=\"838\" height=\"534\" src=\"https:\/\/laszlo1713.lima-city.de\/wp-content\/uploads\/2021\/11\/Screenshot-2021-11-26-at-07.34.59.jpg\" alt=\"\" class=\"wp-image-4848\" srcset=\"https:\/\/laszlo1713.lima-city.de\/wp-content\/uploads\/2021\/11\/Screenshot-2021-11-26-at-07.34.59.jpg 838w, https:\/\/laszlo1713.lima-city.de\/wp-content\/uploads\/2021\/11\/Screenshot-2021-11-26-at-07.34.59-300x191.jpg 300w, https:\/\/laszlo1713.lima-city.de\/wp-content\/uploads\/2021\/11\/Screenshot-2021-11-26-at-07.34.59-768x489.jpg 768w\" sizes=\"auto, (max-width: 706px) 89vw, (max-width: 767px) 82vw, 740px\" \/><figcaption><strong>Dr. Aseem Malhotra: Cardiology Researcher Found Similar Results to New Report Showing COVID-19 mRNA Vaccines Increase Risk of Heart Attack&nbsp;<\/strong><br><br>Dr. Aseem Malhotra reveals a respected cardiology researcher from a prestigious institution found results similar to those from <a href=\"https:\/\/www.ahajournals.org\/doi\/abs\/10.1161\/circ.144.suppl_1.10712#\">an analysis<\/a> done by Dr. Steven Gundry showing the COVID-19 mRNA vaccines <a href=\"https:\/\/childrenshealthdefense.org\/defender\/sharyl-attkisson-steven-gundry-pfizer-moderna-vaccines-heart-attack-risk\/\">dramatically increase<\/a> the risk of new acute coronary syndrome, such as heart attack:<br><br>\u201cWe conclude that the mRNA vacs dramatically increase inflammation on the endothelium and T cell infiltration of cardiac muscle and may account for the observations of increased thrombosis, cardiomyopathy, and other vascular events following vaccination.\u201d<br><br>He says the researcher has chosen not to publish their findings, however, because <em>&#8220;they are concerned about losing research money.&#8221;<\/em><br>\ud83d\udc49 Source: <a href=\"https:\/\/twitter.com\/GBNEWS\/status\/1463926037889396736\">GB News<\/a><\/figcaption><\/figure>\n\n\n\n<hr class=\"wp-block-separator\"\/>\n\n\n\n<p><span class=\"has-inline-color has-vivid-green-cyan-color\">A n\u00e9met parlamenti v\u00e1laszt\u00e1sok el\u0151tt Anne Will (DS) feltette a politikai p\u00e1rtok k\u00e9pvisel\u0151inek a k\u00e9rd\u00e9st: Kellene-e, hogy  a Covid-olt\u00e1st k\u00f6telez\u0151v\u00e9 tegy\u00e9k bizonyos \u00e1gazatokban? (&#8220;Sollte es eine Impflicht f\u00fcr bestimmte Berufsgruppen geben?&#8221;) R\u00e1ad\u00e1sul m\u00e9g nem is a mindenkit \u00e9rint\u0151 k\u00f6telez\u0151 beoltat\u00e1sr\u00f3l volt ekkor (m\u00e9g) sz\u00f3. \u00c9s hol tartunk jelenleg? Hazugs\u00e1g minden szavuk, minden ig\u00e9ret\u00fck, minden mozdulatuk?<\/span> <span class=\"has-inline-color has-vivid-green-cyan-color\">Aki nem l\u00e1tja, az vak.<\/span><\/p>\n\n\n\n<figure class=\"wp-block-image size-large\"><img loading=\"lazy\" decoding=\"async\" width=\"1024\" height=\"547\" src=\"https:\/\/laszlo1713.lima-city.de\/wp-content\/uploads\/2021\/11\/Sollte-es-eine-Impflicht-fur-bestimmte-Berufsgruppen-geben-1024x547.jpg\" alt=\"\" class=\"wp-image-4854\" srcset=\"https:\/\/laszlo1713.lima-city.de\/wp-content\/uploads\/2021\/11\/Sollte-es-eine-Impflicht-fur-bestimmte-Berufsgruppen-geben-1024x547.jpg 1024w, https:\/\/laszlo1713.lima-city.de\/wp-content\/uploads\/2021\/11\/Sollte-es-eine-Impflicht-fur-bestimmte-Berufsgruppen-geben-300x160.jpg 300w, https:\/\/laszlo1713.lima-city.de\/wp-content\/uploads\/2021\/11\/Sollte-es-eine-Impflicht-fur-bestimmte-Berufsgruppen-geben-768x410.jpg 768w, https:\/\/laszlo1713.lima-city.de\/wp-content\/uploads\/2021\/11\/Sollte-es-eine-Impflicht-fur-bestimmte-Berufsgruppen-geben-1536x821.jpg 1536w, https:\/\/laszlo1713.lima-city.de\/wp-content\/uploads\/2021\/11\/Sollte-es-eine-Impflicht-fur-bestimmte-Berufsgruppen-geben-2048x1094.jpg 2048w\" sizes=\"auto, (max-width: 706px) 89vw, (max-width: 767px) 82vw, 740px\" \/><\/figure>\n\n\n\n<hr class=\"wp-block-separator\"\/>\n\n\n\n<figure class=\"wp-block-image size-large\"><img loading=\"lazy\" decoding=\"async\" width=\"1024\" height=\"588\" src=\"https:\/\/laszlo1713.lima-city.de\/wp-content\/uploads\/2021\/11\/Screenshot-2021-11-26-at-15.45.18-1024x588.jpg\" alt=\"\" class=\"wp-image-4856\" srcset=\"https:\/\/laszlo1713.lima-city.de\/wp-content\/uploads\/2021\/11\/Screenshot-2021-11-26-at-15.45.18-1024x588.jpg 1024w, https:\/\/laszlo1713.lima-city.de\/wp-content\/uploads\/2021\/11\/Screenshot-2021-11-26-at-15.45.18-300x172.jpg 300w, https:\/\/laszlo1713.lima-city.de\/wp-content\/uploads\/2021\/11\/Screenshot-2021-11-26-at-15.45.18-768x441.jpg 768w, https:\/\/laszlo1713.lima-city.de\/wp-content\/uploads\/2021\/11\/Screenshot-2021-11-26-at-15.45.18-1536x882.jpg 1536w, https:\/\/laszlo1713.lima-city.de\/wp-content\/uploads\/2021\/11\/Screenshot-2021-11-26-at-15.45.18.jpg 1626w\" sizes=\"auto, (max-width: 706px) 89vw, (max-width: 767px) 82vw, 740px\" \/><figcaption><strong>Dr. Keil, \u00c4rztlicher Direktor in Brandenburg:<\/strong><br><\/figcaption><\/figure>\n\n\n\n<p><em>\u201eDas Problem, ist mittlerweile eher, dass sehr, sehr viele Geimpfte erkranken und diese dann auch einen deutlich l\u00e4ngeren Krankenhaus-Behandlungsbedarf haben, also von der Zeitdauer.\u201c<\/em> (Dr. Keil)<\/p>\n\n\n\n<p><a href=\"https:\/\/t.co\/KXStkkhJMW\">https:\/\/t.co\/KXStkkhJMW<\/a><\/p>\n\n\n\n<hr class=\"wp-block-separator\"\/>\n\n\n\n<figure class=\"wp-block-image size-large\"><img loading=\"lazy\" decoding=\"async\" width=\"820\" height=\"1024\" src=\"https:\/\/laszlo1713.lima-city.de\/wp-content\/uploads\/2021\/11\/IMG_0225-1-820x1024.jpg\" alt=\"\" class=\"wp-image-4862\" srcset=\"https:\/\/laszlo1713.lima-city.de\/wp-content\/uploads\/2021\/11\/IMG_0225-1-820x1024.jpg 820w, https:\/\/laszlo1713.lima-city.de\/wp-content\/uploads\/2021\/11\/IMG_0225-1-240x300.jpg 240w, https:\/\/laszlo1713.lima-city.de\/wp-content\/uploads\/2021\/11\/IMG_0225-1-768x959.jpg 768w, https:\/\/laszlo1713.lima-city.de\/wp-content\/uploads\/2021\/11\/IMG_0225-1.jpg 1025w\" sizes=\"auto, (max-width: 706px) 89vw, (max-width: 767px) 82vw, 740px\" \/><figcaption><span class=\"has-inline-color has-vivid-green-cyan-color\">A cseh infiltr\u00e1ci\u00f3.<\/span><\/figcaption><\/figure>\n\n\n\n<hr class=\"wp-block-separator\"\/>\n\n\n\n<figure class=\"wp-block-image size-large\"><img loading=\"lazy\" decoding=\"async\" width=\"915\" height=\"1024\" src=\"https:\/\/laszlo1713.lima-city.de\/wp-content\/uploads\/2021\/11\/IMG_0224-915x1024.jpg\" alt=\"\" class=\"wp-image-4863\" srcset=\"https:\/\/laszlo1713.lima-city.de\/wp-content\/uploads\/2021\/11\/IMG_0224-915x1024.jpg 915w, https:\/\/laszlo1713.lima-city.de\/wp-content\/uploads\/2021\/11\/IMG_0224-268x300.jpg 268w, https:\/\/laszlo1713.lima-city.de\/wp-content\/uploads\/2021\/11\/IMG_0224-768x859.jpg 768w, https:\/\/laszlo1713.lima-city.de\/wp-content\/uploads\/2021\/11\/IMG_0224.jpg 1144w\" sizes=\"auto, (max-width: 706px) 89vw, (max-width: 767px) 82vw, 740px\" \/><figcaption><span class=\"has-inline-color has-vivid-green-cyan-color\">Az egyiptomi sz\u00ednj\u00e1t\u00e9k (pantomim).<\/span><\/figcaption><\/figure>\n\n\n\n<hr class=\"wp-block-separator\"\/>\n\n\n\n<figure class=\"wp-block-image size-large\"><img loading=\"lazy\" decoding=\"async\" width=\"1024\" height=\"882\" src=\"https:\/\/laszlo1713.lima-city.de\/wp-content\/uploads\/2021\/11\/IMG_0223-1024x882.jpg\" alt=\"\" class=\"wp-image-4864\" srcset=\"https:\/\/laszlo1713.lima-city.de\/wp-content\/uploads\/2021\/11\/IMG_0223-1024x882.jpg 1024w, https:\/\/laszlo1713.lima-city.de\/wp-content\/uploads\/2021\/11\/IMG_0223-300x258.jpg 300w, https:\/\/laszlo1713.lima-city.de\/wp-content\/uploads\/2021\/11\/IMG_0223-768x661.jpg 768w, https:\/\/laszlo1713.lima-city.de\/wp-content\/uploads\/2021\/11\/IMG_0223.jpg 1208w\" sizes=\"auto, (max-width: 706px) 89vw, (max-width: 767px) 82vw, 740px\" \/><figcaption><span class=\"has-inline-color has-vivid-green-cyan-color\">A &#8220;sorozat&#8221; (Covid-bl\u00f6ff) \u00fajabb epiz\u00f3djainak \u0151sbemutat\u00f3ja  a k\u00f6vetkez\u0151 id\u0151pontokban.<\/span><\/figcaption><\/figure>\n\n\n\n<hr class=\"wp-block-separator\"\/>\n\n\n\n<figure class=\"wp-block-image size-full\"><img loading=\"lazy\" decoding=\"async\" width=\"864\" height=\"816\" src=\"https:\/\/laszlo1713.lima-city.de\/wp-content\/uploads\/2021\/11\/Screenshot-2021-11-27-at-13.06.39.jpg\" alt=\"\" class=\"wp-image-4866\" srcset=\"https:\/\/laszlo1713.lima-city.de\/wp-content\/uploads\/2021\/11\/Screenshot-2021-11-27-at-13.06.39.jpg 864w, https:\/\/laszlo1713.lima-city.de\/wp-content\/uploads\/2021\/11\/Screenshot-2021-11-27-at-13.06.39-300x283.jpg 300w, https:\/\/laszlo1713.lima-city.de\/wp-content\/uploads\/2021\/11\/Screenshot-2021-11-27-at-13.06.39-768x725.jpg 768w\" sizes=\"auto, (max-width: 706px) 89vw, (max-width: 767px) 82vw, 740px\" \/><figcaption><span class=\"has-inline-color has-vivid-green-cyan-color\">\u00dagy t\u0171nik, hogy ezek a sunyi szarh\u00e1ziak (illumin\u00e1tusok, h\u00e1tt\u00e9rhatalmi s\u00e1t\u00e1nosok) p\u00e1nikban vannak; sietnek gyorsan m\u00e9g lenyomni a torkunkon, amit &#8220;nyugodt k\u00f6r\u00fclm\u00e9nyek k\u00f6z\u00f6tt&#8221; csak j\u00f6v\u0151re terveztek. Tudj\u00e1k, hogy nincs j\u00f6v\u0151re (a sz\u00e1mukra)?<\/span><\/figcaption><\/figure>\n\n\n\n<figure class=\"wp-block-image size-full\"><img loading=\"lazy\" decoding=\"async\" width=\"726\" height=\"748\" src=\"https:\/\/laszlo1713.lima-city.de\/wp-content\/uploads\/2021\/11\/Screenshot-2021-11-27-at-14.58.59.jpg\" alt=\"\" class=\"wp-image-4886\" srcset=\"https:\/\/laszlo1713.lima-city.de\/wp-content\/uploads\/2021\/11\/Screenshot-2021-11-27-at-14.58.59.jpg 726w, https:\/\/laszlo1713.lima-city.de\/wp-content\/uploads\/2021\/11\/Screenshot-2021-11-27-at-14.58.59-291x300.jpg 291w\" sizes=\"auto, (max-width: 726px) 100vw, 726px\" \/><\/figure>\n\n\n\n<hr class=\"wp-block-separator\"\/>\n\n\n\n<figure class=\"wp-block-image size-full\"><img loading=\"lazy\" decoding=\"async\" width=\"714\" height=\"498\" src=\"https:\/\/laszlo1713.lima-city.de\/wp-content\/uploads\/2021\/11\/Screenshot-2021-11-27-at-13.13.16.jpg\" alt=\"\" class=\"wp-image-4869\" srcset=\"https:\/\/laszlo1713.lima-city.de\/wp-content\/uploads\/2021\/11\/Screenshot-2021-11-27-at-13.13.16.jpg 714w, https:\/\/laszlo1713.lima-city.de\/wp-content\/uploads\/2021\/11\/Screenshot-2021-11-27-at-13.13.16-300x209.jpg 300w\" sizes=\"auto, (max-width: 714px) 100vw, 714px\" \/><figcaption><span class=\"has-inline-color has-vivid-green-cyan-color\">V\u00e9denek benn\u00fcnket? Mit\u0151l? A hazugs\u00e1gokt\u00f3l bizony\u00e1ra nem.<\/span><\/figcaption><\/figure>\n\n\n\n<hr class=\"wp-block-separator\"\/>\n\n\n\n<div class=\"wp-block-image\"><figure class=\"aligncenter size-full\"><img loading=\"lazy\" decoding=\"async\" width=\"474\" height=\"355\" src=\"https:\/\/laszlo1713.lima-city.de\/wp-content\/uploads\/2021\/11\/2021-11-27-13.16.12.jpg\" alt=\"\" class=\"wp-image-4871\" srcset=\"https:\/\/laszlo1713.lima-city.de\/wp-content\/uploads\/2021\/11\/2021-11-27-13.16.12.jpg 474w, https:\/\/laszlo1713.lima-city.de\/wp-content\/uploads\/2021\/11\/2021-11-27-13.16.12-300x225.jpg 300w\" sizes=\"auto, (max-width: 474px) 100vw, 474px\" \/><figcaption><strong>\ud83d\udca5Impfstatus \u00dcberblick<\/strong><br><strong>\ud83d\udc49 Wer gilt zur Zeit in Deutschland als nicht C geimpft:<\/strong><br>Impfstatus unbekannt = ungeimpft<br>1x geimpft = ungeimpft<br>2x geimpft = &lt; 14 Tage Abstand = ungeimpft<br>2x geimpft + C Symptome = ungeimpft<br>2x geimpft, aber kreuzgeimpft = ungeimpft<br>2x geimpft +6 (4, 5, 12) Monate = ungeimpft<br>Mit in der EU nicht zugelassene Injektionen wie Sputnik oder Sinovac, etc. geimpft = ungeimpft<br>Genesen + 6 Monate = ungeimpft (denn auch eine weiter vorhandene nat\u00fcrliche Immunabwehr z\u00e4hlt ab dann nicht mehr).<br>&nbsp;<br>\u201cDie allgemeine Bev\u00f6lkerung wei\u00df nicht, was passiert, und sie wei\u00df nicht einmal, dass sie es nicht wei\u00df.\u201d sagte Noam Chomsky.<br><strong>\u203c\ufe0f\u201cWir befinden uns in einer Zeit, in der die Diskussion eingeengt wird\u201d&nbsp;<\/strong><br><\/figcaption><\/figure><\/div>\n\n\n\n<hr class=\"wp-block-separator\"\/>\n\n\n\n<figure class=\"wp-block-image size-large\"><img loading=\"lazy\" decoding=\"async\" width=\"1024\" height=\"933\" src=\"https:\/\/laszlo1713.lima-city.de\/wp-content\/uploads\/2021\/11\/IMAGE-2021-11-27-131919-1024x933.jpg\" alt=\"\" class=\"wp-image-4873\" srcset=\"https:\/\/laszlo1713.lima-city.de\/wp-content\/uploads\/2021\/11\/IMAGE-2021-11-27-131919-1024x933.jpg 1024w, https:\/\/laszlo1713.lima-city.de\/wp-content\/uploads\/2021\/11\/IMAGE-2021-11-27-131919-300x273.jpg 300w, https:\/\/laszlo1713.lima-city.de\/wp-content\/uploads\/2021\/11\/IMAGE-2021-11-27-131919-768x700.jpg 768w, https:\/\/laszlo1713.lima-city.de\/wp-content\/uploads\/2021\/11\/IMAGE-2021-11-27-131919.jpg 1200w\" sizes=\"auto, (max-width: 706px) 89vw, (max-width: 767px) 82vw, 740px\" \/><figcaption><span class=\"has-inline-color has-vivid-green-cyan-color\">A mindenkori napi aktu\u00e1lis!<\/span> <\/figcaption><\/figure>\n\n\n\n<hr class=\"wp-block-separator\"\/>\n\n\n\n<figure class=\"wp-block-image size-full\"><img loading=\"lazy\" decoding=\"async\" width=\"670\" height=\"664\" src=\"https:\/\/laszlo1713.lima-city.de\/wp-content\/uploads\/2021\/11\/Screenshot-2021-11-27-at-14.08.37.jpg\" alt=\"\" class=\"wp-image-4876\" srcset=\"https:\/\/laszlo1713.lima-city.de\/wp-content\/uploads\/2021\/11\/Screenshot-2021-11-27-at-14.08.37.jpg 670w, https:\/\/laszlo1713.lima-city.de\/wp-content\/uploads\/2021\/11\/Screenshot-2021-11-27-at-14.08.37-300x297.jpg 300w, https:\/\/laszlo1713.lima-city.de\/wp-content\/uploads\/2021\/11\/Screenshot-2021-11-27-at-14.08.37-150x150.jpg 150w, https:\/\/laszlo1713.lima-city.de\/wp-content\/uploads\/2021\/11\/Screenshot-2021-11-27-at-14.08.37-100x100.jpg 100w\" sizes=\"auto, (max-width: 670px) 100vw, 670px\" \/><figcaption><span class=\"has-inline-color has-vivid-green-cyan-color\">Ez lenne a saj\u00e1t hal\u00e1los \u00edt\u00e9lete? A n\u00fcrnbergi t\u00f6rv\u00e9nyek szerint bizonyosan.<\/span><\/figcaption><\/figure>\n\n\n\n<figure class=\"wp-block-image size-large is-resized\"><img loading=\"lazy\" decoding=\"async\" src=\"https:\/\/laszlo1713.lima-city.de\/wp-content\/uploads\/2021\/11\/Screenshot-2021-11-27-at-15.07.42-1024x582.jpg\" alt=\"\" class=\"wp-image-4891\" width=\"674\" height=\"383\" srcset=\"https:\/\/laszlo1713.lima-city.de\/wp-content\/uploads\/2021\/11\/Screenshot-2021-11-27-at-15.07.42-1024x582.jpg 1024w, https:\/\/laszlo1713.lima-city.de\/wp-content\/uploads\/2021\/11\/Screenshot-2021-11-27-at-15.07.42-300x171.jpg 300w, https:\/\/laszlo1713.lima-city.de\/wp-content\/uploads\/2021\/11\/Screenshot-2021-11-27-at-15.07.42-768x437.jpg 768w, https:\/\/laszlo1713.lima-city.de\/wp-content\/uploads\/2021\/11\/Screenshot-2021-11-27-at-15.07.42.jpg 1076w\" sizes=\"auto, (max-width: 674px) 100vw, 674px\" \/><figcaption><span class=\"has-inline-color has-vivid-green-cyan-color\">Ez  is szint\u00fagy. <\/span><\/figcaption><\/figure>\n\n\n\n<figure class=\"wp-block-image size-full\"><img loading=\"lazy\" decoding=\"async\" width=\"838\" height=\"702\" src=\"https:\/\/laszlo1713.lima-city.de\/wp-content\/uploads\/2021\/11\/Screenshot-2021-11-27-at-14.24.28.jpg\" alt=\"\" class=\"wp-image-4881\" srcset=\"https:\/\/laszlo1713.lima-city.de\/wp-content\/uploads\/2021\/11\/Screenshot-2021-11-27-at-14.24.28.jpg 838w, https:\/\/laszlo1713.lima-city.de\/wp-content\/uploads\/2021\/11\/Screenshot-2021-11-27-at-14.24.28-300x251.jpg 300w, https:\/\/laszlo1713.lima-city.de\/wp-content\/uploads\/2021\/11\/Screenshot-2021-11-27-at-14.24.28-768x643.jpg 768w\" sizes=\"auto, (max-width: 706px) 89vw, (max-width: 767px) 82vw, 740px\" \/><\/figure>\n\n\n\n<hr class=\"wp-block-separator\"\/>\n\n\n\n<figure class=\"wp-block-image size-large\"><img loading=\"lazy\" decoding=\"async\" width=\"1024\" height=\"990\" src=\"https:\/\/laszlo1713.lima-city.de\/wp-content\/uploads\/2021\/11\/IMAGE-2021-11-27-140910-1024x990.jpg\" alt=\"\" class=\"wp-image-4879\" srcset=\"https:\/\/laszlo1713.lima-city.de\/wp-content\/uploads\/2021\/11\/IMAGE-2021-11-27-140910-1024x990.jpg 1024w, https:\/\/laszlo1713.lima-city.de\/wp-content\/uploads\/2021\/11\/IMAGE-2021-11-27-140910-300x290.jpg 300w, https:\/\/laszlo1713.lima-city.de\/wp-content\/uploads\/2021\/11\/IMAGE-2021-11-27-140910-768x743.jpg 768w, https:\/\/laszlo1713.lima-city.de\/wp-content\/uploads\/2021\/11\/IMAGE-2021-11-27-140910.jpg 1029w\" sizes=\"auto, (max-width: 706px) 89vw, (max-width: 767px) 82vw, 740px\" \/><figcaption><span class=\"has-inline-color has-vivid-green-cyan-color\">Ha nem lenne \u00fan &#8220;h\u00e1tt\u00e9rhatalom&#8221;(\u00f6sszeesk\u00fcv\u00e9selm\u00e9let?) , hanem ami eddig rejtett volt, el\u0151\u00e1llna, \u00e9s megnevezn\u00e9 mag\u00e1t annak, ami t\u00e9nylegesen, ilyennek l\u00e1thatn\u00e1k a birk\u00e1k (is)  a val\u00f3s\u00e1got.<\/span><\/figcaption><\/figure>\n\n\n\n<hr class=\"wp-block-separator\"\/>\n\n\n\n<figure class=\"wp-block-image size-large\"><img loading=\"lazy\" decoding=\"async\" width=\"825\" height=\"1024\" src=\"https:\/\/laszlo1713.lima-city.de\/wp-content\/uploads\/2021\/11\/IMAGE-2021-11-27-145532-825x1024.jpg\" alt=\"\" class=\"wp-image-4883\" srcset=\"https:\/\/laszlo1713.lima-city.de\/wp-content\/uploads\/2021\/11\/IMAGE-2021-11-27-145532-825x1024.jpg 825w, https:\/\/laszlo1713.lima-city.de\/wp-content\/uploads\/2021\/11\/IMAGE-2021-11-27-145532-242x300.jpg 242w, https:\/\/laszlo1713.lima-city.de\/wp-content\/uploads\/2021\/11\/IMAGE-2021-11-27-145532-768x953.jpg 768w, https:\/\/laszlo1713.lima-city.de\/wp-content\/uploads\/2021\/11\/IMAGE-2021-11-27-145532.jpg 1031w\" sizes=\"auto, (max-width: 706px) 89vw, (max-width: 767px) 82vw, 740px\" \/><figcaption>A street full of people in Melbourne, not to mention the side streets. <br>The pilot was in the air last week and said this rally is larger. RDA now have the right equipment and footage to show that MSM are infact covering up the numbers.<\/figcaption><\/figure>\n\n\n\n<hr class=\"wp-block-separator\"\/>\n\n\n\n<figure class=\"wp-block-image size-full\"><img loading=\"lazy\" decoding=\"async\" width=\"800\" height=\"448\" src=\"https:\/\/laszlo1713.lima-city.de\/wp-content\/uploads\/2021\/11\/Screenshot-2021-11-27-at-15.02.04.jpg\" alt=\"\" class=\"wp-image-4897\" srcset=\"https:\/\/laszlo1713.lima-city.de\/wp-content\/uploads\/2021\/11\/Screenshot-2021-11-27-at-15.02.04.jpg 800w, https:\/\/laszlo1713.lima-city.de\/wp-content\/uploads\/2021\/11\/Screenshot-2021-11-27-at-15.02.04-300x168.jpg 300w, https:\/\/laszlo1713.lima-city.de\/wp-content\/uploads\/2021\/11\/Screenshot-2021-11-27-at-15.02.04-768x430.jpg 768w\" sizes=\"auto, (max-width: 706px) 89vw, (max-width: 767px) 82vw, 740px\" \/><\/figure>\n\n\n\n<p><span class=\"has-inline-color has-vivid-green-cyan-color\">Ausztri\u00e1ban is t\u00f6megek az utc\u00e1n. Eg\u00e9szen addig, am\u00edg el nem zavarj\u00e1k a saj\u00e1t (haza)\u00e1rul\u00f3 korm\u00e1nyukat. J\u00f3 l\u00e1tni  magyar szimpatiz\u00e1nsokat  is k\u00f6z\u00f6tt\u00fck.<\/span><\/p>\n\n\n\n<figure class=\"wp-block-image size-full\"><img loading=\"lazy\" decoding=\"async\" width=\"892\" height=\"530\" src=\"https:\/\/laszlo1713.lima-city.de\/wp-content\/uploads\/2021\/11\/Screenshot-2021-11-27-at-15.06.25.jpg\" alt=\"\" class=\"wp-image-4889\" srcset=\"https:\/\/laszlo1713.lima-city.de\/wp-content\/uploads\/2021\/11\/Screenshot-2021-11-27-at-15.06.25.jpg 892w, https:\/\/laszlo1713.lima-city.de\/wp-content\/uploads\/2021\/11\/Screenshot-2021-11-27-at-15.06.25-300x178.jpg 300w, https:\/\/laszlo1713.lima-city.de\/wp-content\/uploads\/2021\/11\/Screenshot-2021-11-27-at-15.06.25-768x456.jpg 768w\" sizes=\"auto, (max-width: 706px) 89vw, (max-width: 767px) 82vw, 740px\" \/><\/figure>\n\n\n\n<hr class=\"wp-block-separator\"\/>\n\n\n\n<figure class=\"wp-block-image size-large\"><img loading=\"lazy\" decoding=\"async\" width=\"1024\" height=\"190\" src=\"https:\/\/laszlo1713.lima-city.de\/wp-content\/uploads\/2021\/11\/Screenshot-2021-11-27-at-15.12.19-1024x190.jpg\" alt=\"\" class=\"wp-image-4893\" srcset=\"https:\/\/laszlo1713.lima-city.de\/wp-content\/uploads\/2021\/11\/Screenshot-2021-11-27-at-15.12.19-1024x190.jpg 1024w, https:\/\/laszlo1713.lima-city.de\/wp-content\/uploads\/2021\/11\/Screenshot-2021-11-27-at-15.12.19-300x56.jpg 300w, https:\/\/laszlo1713.lima-city.de\/wp-content\/uploads\/2021\/11\/Screenshot-2021-11-27-at-15.12.19-768x142.jpg 768w, https:\/\/laszlo1713.lima-city.de\/wp-content\/uploads\/2021\/11\/Screenshot-2021-11-27-at-15.12.19.jpg 1100w\" sizes=\"auto, (max-width: 706px) 89vw, (max-width: 767px) 82vw, 740px\" \/><\/figure>\n\n\n\n<hr class=\"wp-block-separator\"\/>\n\n\n\n<figure class=\"wp-block-image size-large\"><img loading=\"lazy\" decoding=\"async\" width=\"1024\" height=\"758\" src=\"https:\/\/laszlo1713.lima-city.de\/wp-content\/uploads\/2021\/11\/Screenshot-2021-11-27-at-15.13.12-1024x758.jpg\" alt=\"\" class=\"wp-image-4895\" srcset=\"https:\/\/laszlo1713.lima-city.de\/wp-content\/uploads\/2021\/11\/Screenshot-2021-11-27-at-15.13.12-1024x758.jpg 1024w, https:\/\/laszlo1713.lima-city.de\/wp-content\/uploads\/2021\/11\/Screenshot-2021-11-27-at-15.13.12-300x222.jpg 300w, https:\/\/laszlo1713.lima-city.de\/wp-content\/uploads\/2021\/11\/Screenshot-2021-11-27-at-15.13.12-768x569.jpg 768w, https:\/\/laszlo1713.lima-city.de\/wp-content\/uploads\/2021\/11\/Screenshot-2021-11-27-at-15.13.12.jpg 1110w\" sizes=\"auto, (max-width: 706px) 89vw, (max-width: 767px) 82vw, 740px\" \/><\/figure>\n\n\n\n<hr class=\"wp-block-separator\"\/>\n\n\n\n<figure class=\"wp-block-image size-full\"><img loading=\"lazy\" decoding=\"async\" width=\"744\" height=\"208\" src=\"https:\/\/laszlo1713.lima-city.de\/wp-content\/uploads\/2021\/11\/Screenshot-2021-11-27-at-17.11.52.jpg\" alt=\"\" class=\"wp-image-4900\" srcset=\"https:\/\/laszlo1713.lima-city.de\/wp-content\/uploads\/2021\/11\/Screenshot-2021-11-27-at-17.11.52.jpg 744w, https:\/\/laszlo1713.lima-city.de\/wp-content\/uploads\/2021\/11\/Screenshot-2021-11-27-at-17.11.52-300x84.jpg 300w\" sizes=\"auto, (max-width: 706px) 89vw, (max-width: 767px) 82vw, 740px\" \/><\/figure>\n\n\n\n<figure class=\"wp-block-image size-large\"><img loading=\"lazy\" decoding=\"async\" width=\"1024\" height=\"807\" src=\"https:\/\/laszlo1713.lima-city.de\/wp-content\/uploads\/2021\/11\/Screenshot-2021-11-27-at-17.12.02-1024x807.jpg\" alt=\"\" class=\"wp-image-4901\" srcset=\"https:\/\/laszlo1713.lima-city.de\/wp-content\/uploads\/2021\/11\/Screenshot-2021-11-27-at-17.12.02-1024x807.jpg 1024w, https:\/\/laszlo1713.lima-city.de\/wp-content\/uploads\/2021\/11\/Screenshot-2021-11-27-at-17.12.02-300x236.jpg 300w, https:\/\/laszlo1713.lima-city.de\/wp-content\/uploads\/2021\/11\/Screenshot-2021-11-27-at-17.12.02-768x605.jpg 768w, https:\/\/laszlo1713.lima-city.de\/wp-content\/uploads\/2021\/11\/Screenshot-2021-11-27-at-17.12.02.jpg 1526w\" sizes=\"auto, (max-width: 706px) 89vw, (max-width: 767px) 82vw, 740px\" \/><figcaption><strong>Das World Economic Forum soll 2022 vom 17. bis zum 21. Januar wieder in Davos stattfinden \u2013 doch mittlerweile bricht \u00fcber den Zusammenschluss elit\u00e4rer Globalisten unter der F\u00fchrung von Klaus Schwab eine solche Welle von Wut und Hass aus der Bev\u00f6lkerung herein, dass man sich zumindest die Veranstaltung des \u00f6ffentlichen \u201cOpen Forums\u201d nicht mehr traut. Dieser Teil des kommenden Weltwirtschaftsforums im Januar wurde nun abgesagt.<\/strong><br><br>Grund daf\u00fcr sind unter anderem Morddrohungen sogenannter Verschw\u00f6rungstheoretiker, wie etwa&nbsp;<a rel=\"noreferrer noopener\" href=\"https:\/\/www.blick.ch\/wirtschaft\/open-forum-abgesagt-morddrohungen-am-wef-id17018626.html\" target=\"_blank\">Blick.ch<\/a>&nbsp;zu berichten wei\u00df. Diese sind laut WEF Direktor Alois Zwinggi mittlerweile an der Tagesordnung. Dabei habe man sich nicht vorstellen k\u00f6nnen, dass man je \u201cim Fadenkreuz von Verschw\u00f6rungstheoretikern landen\u201d k\u00f6nnte, gab Zwinggi an. Jedoch:&nbsp;<strong>\u201cUns erreichen t\u00e4glich Dutzende Drohungen auf den sozialen Medien oder per Mail.<\/strong>&nbsp;Es kommt aber auch schon einmal vor, dass Exponenten des Forums pers\u00f6nlich angegangen werden.\u201d Selbst das Job-Formular auf der WEF-Homepage werde f\u00fcr Beschimpfungen missbraucht.<\/figcaption><\/figure>\n\n\n\n<p><span class=\"has-inline-color has-vivid-green-cyan-color\">J\u00f3l hangzik, de tal\u00e1n az (lehetne) az igazi oka mindennek, hogy Klaus Schwabot elfogt\u00e1k (el\u0151\u00e1ll\u00edtott\u00e1k), \u00edgy nem lehet ott a f\u00f3rumon. Ezt pal\u00e1stoland\u00f3? <\/span> <span class=\"has-inline-color has-vivid-green-cyan-color\">V\u00e9g\u00fcl is tal\u00e1lgathatunk, a t\u00e9nyen nem v\u00e1ltoztat.<\/span><\/p>\n\n\n\n<hr class=\"wp-block-separator\"\/>\n\n\n\n<figure class=\"wp-block-image size-large\"><img loading=\"lazy\" decoding=\"async\" width=\"1024\" height=\"1000\" src=\"https:\/\/laszlo1713.lima-city.de\/wp-content\/uploads\/2021\/11\/IMAGE-2021-11-27-193639-1024x1000.jpg\" alt=\"\" class=\"wp-image-4905\" srcset=\"https:\/\/laszlo1713.lima-city.de\/wp-content\/uploads\/2021\/11\/IMAGE-2021-11-27-193639-1024x1000.jpg 1024w, https:\/\/laszlo1713.lima-city.de\/wp-content\/uploads\/2021\/11\/IMAGE-2021-11-27-193639-300x293.jpg 300w, https:\/\/laszlo1713.lima-city.de\/wp-content\/uploads\/2021\/11\/IMAGE-2021-11-27-193639-768x750.jpg 768w, https:\/\/laszlo1713.lima-city.de\/wp-content\/uploads\/2021\/11\/IMAGE-2021-11-27-193639.jpg 1200w\" sizes=\"auto, (max-width: 706px) 89vw, (max-width: 767px) 82vw, 740px\" \/><figcaption><span class=\"has-inline-color has-vivid-green-cyan-color\">A Covid-csal\u00e1s, ahogy m\u0171k\u00f6dik (m\u0171k\u00f6dne)<\/span><\/figcaption><\/figure>\n\n\n\n<figure class=\"wp-block-image size-full\"><img loading=\"lazy\" decoding=\"async\" width=\"822\" height=\"512\" src=\"https:\/\/laszlo1713.lima-city.de\/wp-content\/uploads\/2021\/11\/Screenshot-2021-11-27-at-19.36.29.jpg\" alt=\"\" class=\"wp-image-4907\" srcset=\"https:\/\/laszlo1713.lima-city.de\/wp-content\/uploads\/2021\/11\/Screenshot-2021-11-27-at-19.36.29.jpg 822w, https:\/\/laszlo1713.lima-city.de\/wp-content\/uploads\/2021\/11\/Screenshot-2021-11-27-at-19.36.29-300x187.jpg 300w, https:\/\/laszlo1713.lima-city.de\/wp-content\/uploads\/2021\/11\/Screenshot-2021-11-27-at-19.36.29-768x478.jpg 768w\" sizes=\"auto, (max-width: 706px) 89vw, (max-width: 767px) 82vw, 740px\" \/><figcaption><span class=\"has-inline-color has-vivid-green-cyan-color\">General Michael Flynn<\/span><\/figcaption><\/figure>\n\n\n\n<p><span class=\"has-inline-color has-vivid-green-cyan-color\">Tiffany Blue, az egyik legfontosabb szimb\u00f3lum. \u00c9rti, aki \u00e9rti.<\/span> <span class=\"has-inline-color has-vivid-green-cyan-color\">Ennek a mocskos band\u00e1nak \u00e9s kiszolg\u00e1l\u00f3iknak el kell t\u0171nni\u00fck, k\u00fcl\u00f6nben Amerika elveszett, \u00e9s az eg\u00e9sz vil\u00e1g elveszett. Ahogy szimb\u00f3lumaik ism\u00e9telten el\u00e1rult\u00e1k \u0151ket, ugyancsak (\u00fajabb) szimb\u00f3lumok mutatj\u00e1k, hogy megfordult a kocka,  \u00e9s a &#8220;j\u00e1t\u00e9k&#8221; v\u00e9g\u00e9hez \u00e9rt\u00fcnk. Az eg\u00e9sz egy hatalmas inform\u00e1ci\u00f3h\u00e1bor\u00fa, ami nem azt jelenti, hogy nincsenek \u00e1ldozatai. \u00dagy is szokt\u00e1k tekinteni, hogy l\u00e9nyeg\u00e9ben a III. vil\u00e1gh\u00e1bor\u00fa zajlik,  m\u00e9gpedig soha nem tapasztalt m\u00f3don: a sz\u00ednfalak m\u00f6g\u00f6tt.<\/span><\/p>\n\n\n\n<figure class=\"wp-block-image size-large\"><img loading=\"lazy\" decoding=\"async\" width=\"1024\" height=\"640\" src=\"https:\/\/laszlo1713.lima-city.de\/wp-content\/uploads\/2021\/11\/Screenshot-2021-11-27-at-21.16.27-1024x640.jpg\" alt=\"\" class=\"wp-image-4913\" srcset=\"https:\/\/laszlo1713.lima-city.de\/wp-content\/uploads\/2021\/11\/Screenshot-2021-11-27-at-21.16.27-1024x640.jpg 1024w, https:\/\/laszlo1713.lima-city.de\/wp-content\/uploads\/2021\/11\/Screenshot-2021-11-27-at-21.16.27-300x188.jpg 300w, https:\/\/laszlo1713.lima-city.de\/wp-content\/uploads\/2021\/11\/Screenshot-2021-11-27-at-21.16.27-768x480.jpg 768w, https:\/\/laszlo1713.lima-city.de\/wp-content\/uploads\/2021\/11\/Screenshot-2021-11-27-at-21.16.27-1536x960.jpg 1536w, https:\/\/laszlo1713.lima-city.de\/wp-content\/uploads\/2021\/11\/Screenshot-2021-11-27-at-21.16.27.jpg 1904w\" sizes=\"auto, (max-width: 706px) 89vw, (max-width: 767px) 82vw, 740px\" \/><\/figure>\n\n\n\n<hr class=\"wp-block-separator\"\/>\n\n\n\n<hr class=\"wp-block-separator\"\/>\n\n\n\n<hr class=\"wp-block-separator\"\/>\n","protected":false},"excerpt":{"rendered":"<p>A k\u00f6z\u00f6s nevez\u0151? H\u00e1ny (szomor\u00fa) eset kell m\u00e9g? Meddig mehet m\u00e9g ez a gaztett? Mindenki szem\u00e9ly szerint felel\u0151s az\u00e9rt, ha nem teszi, amit tehetne (tennie kellene) ellene! \u00c9s \u00edgy n\u00e9z ki a &#8220;tudom\u00e1ny vas\u00f6kle&#8221; a gyakorlatban. Infektol\u00f3gus (a &#8220;legel\u0151r\u0151l&#8221; m\u00e1r elzavart\u00e1k?) nyilatkozik: A n\u00e9met parlamenti v\u00e1laszt\u00e1sok el\u0151tt Anne Will (DS) feltette a politikai p\u00e1rtok k\u00e9pvisel\u0151inek &hellip; <\/p>\n<p class=\"link-more\"><a href=\"https:\/\/laszlo1713.lima-city.de\/index.php\/lapszemle-xi\/\" class=\"more-link\">Continue reading<span class=\"screen-reader-text\"> &#8220;Lapszemle XI.&#8221;<\/span><\/a><\/p>\n","protected":false},"author":1,"featured_media":0,"parent":0,"menu_order":0,"comment_status":"closed","ping_status":"closed","template":"","meta":{"footnotes":""},"class_list":["post-4778","page","type-page","status-publish","hentry"],"_links":{"self":[{"href":"https:\/\/laszlo1713.lima-city.de\/index.php\/wp-json\/wp\/v2\/pages\/4778","targetHints":{"allow":["GET"]}}],"collection":[{"href":"https:\/\/laszlo1713.lima-city.de\/index.php\/wp-json\/wp\/v2\/pages"}],"about":[{"href":"https:\/\/laszlo1713.lima-city.de\/index.php\/wp-json\/wp\/v2\/types\/page"}],"author":[{"embeddable":true,"href":"https:\/\/laszlo1713.lima-city.de\/index.php\/wp-json\/wp\/v2\/users\/1"}],"replies":[{"embeddable":true,"href":"https:\/\/laszlo1713.lima-city.de\/index.php\/wp-json\/wp\/v2\/comments?post=4778"}],"version-history":[{"count":51,"href":"https:\/\/laszlo1713.lima-city.de\/index.php\/wp-json\/wp\/v2\/pages\/4778\/revisions"}],"predecessor-version":[{"id":4914,"href":"https:\/\/laszlo1713.lima-city.de\/index.php\/wp-json\/wp\/v2\/pages\/4778\/revisions\/4914"}],"wp:attachment":[{"href":"https:\/\/laszlo1713.lima-city.de\/index.php\/wp-json\/wp\/v2\/media?parent=4778"}],"curies":[{"name":"wp","href":"https:\/\/api.w.org\/{rel}","templated":true}]}}