{"id":4620,"date":"2021-11-21T15:07:25","date_gmt":"2021-11-21T14:07:25","guid":{"rendered":"https:\/\/laszlo1713.lima-city.de\/?page_id=4620"},"modified":"2021-11-24T08:48:24","modified_gmt":"2021-11-24T07:48:24","slug":"lapszemle-ix","status":"publish","type":"page","link":"https:\/\/laszlo1713.lima-city.de\/index.php\/lapszemle-ix\/","title":{"rendered":"Lapszemle IX."},"content":{"rendered":"\n<figure class=\"wp-block-image size-full\"><img loading=\"lazy\" decoding=\"async\" width=\"867\" height=\"804\" src=\"https:\/\/laszlo1713.lima-city.de\/wp-content\/uploads\/2021\/11\/IMAGE-2021-11-21-212523.jpg\" alt=\"\" class=\"wp-image-4626\" srcset=\"https:\/\/laszlo1713.lima-city.de\/wp-content\/uploads\/2021\/11\/IMAGE-2021-11-21-212523.jpg 867w, https:\/\/laszlo1713.lima-city.de\/wp-content\/uploads\/2021\/11\/IMAGE-2021-11-21-212523-300x278.jpg 300w, https:\/\/laszlo1713.lima-city.de\/wp-content\/uploads\/2021\/11\/IMAGE-2021-11-21-212523-768x712.jpg 768w\" sizes=\"auto, (max-width: 706px) 89vw, (max-width: 767px) 82vw, 740px\" \/><\/figure>\n\n\n\n<figure class=\"wp-block-image size-large\"><img loading=\"lazy\" decoding=\"async\" width=\"1024\" height=\"472\" src=\"https:\/\/laszlo1713.lima-city.de\/wp-content\/uploads\/2021\/11\/Screenshot-2021-11-21-at-21.45.23-1024x472.jpg\" alt=\"\" class=\"wp-image-4628\" srcset=\"https:\/\/laszlo1713.lima-city.de\/wp-content\/uploads\/2021\/11\/Screenshot-2021-11-21-at-21.45.23-1024x472.jpg 1024w, https:\/\/laszlo1713.lima-city.de\/wp-content\/uploads\/2021\/11\/Screenshot-2021-11-21-at-21.45.23-300x138.jpg 300w, https:\/\/laszlo1713.lima-city.de\/wp-content\/uploads\/2021\/11\/Screenshot-2021-11-21-at-21.45.23-768x354.jpg 768w, https:\/\/laszlo1713.lima-city.de\/wp-content\/uploads\/2021\/11\/Screenshot-2021-11-21-at-21.45.23-1536x708.jpg 1536w, https:\/\/laszlo1713.lima-city.de\/wp-content\/uploads\/2021\/11\/Screenshot-2021-11-21-at-21.45.23.jpg 1706w\" sizes=\"auto, (max-width: 706px) 89vw, (max-width: 767px) 82vw, 740px\" \/><\/figure>\n\n\n\n<figure class=\"wp-block-image size-large\"><img loading=\"lazy\" decoding=\"async\" width=\"1024\" height=\"1009\" src=\"https:\/\/laszlo1713.lima-city.de\/wp-content\/uploads\/2021\/11\/Screenshot-2021-11-21-at-21.44.55-1024x1009.jpg\" alt=\"\" class=\"wp-image-4629\" srcset=\"https:\/\/laszlo1713.lima-city.de\/wp-content\/uploads\/2021\/11\/Screenshot-2021-11-21-at-21.44.55-1024x1009.jpg 1024w, https:\/\/laszlo1713.lima-city.de\/wp-content\/uploads\/2021\/11\/Screenshot-2021-11-21-at-21.44.55-300x296.jpg 300w, https:\/\/laszlo1713.lima-city.de\/wp-content\/uploads\/2021\/11\/Screenshot-2021-11-21-at-21.44.55-768x757.jpg 768w, https:\/\/laszlo1713.lima-city.de\/wp-content\/uploads\/2021\/11\/Screenshot-2021-11-21-at-21.44.55-1536x1514.jpg 1536w, https:\/\/laszlo1713.lima-city.de\/wp-content\/uploads\/2021\/11\/Screenshot-2021-11-21-at-21.44.55-100x100.jpg 100w, https:\/\/laszlo1713.lima-city.de\/wp-content\/uploads\/2021\/11\/Screenshot-2021-11-21-at-21.44.55.jpg 1784w\" sizes=\"auto, (max-width: 706px) 89vw, (max-width: 767px) 82vw, 740px\" \/><\/figure>\n\n\n\n<p><span class=\"has-inline-color has-vivid-green-cyan-color\">Legal\u00e1bb sz\u00e9pen egy\u00fctt vannak az \u00fan. &#8220;nagymesterek&#8221;, a vil\u00e1g h\u00e1tt\u00e9rhatalmi urai. \u0150k a felel\u0151sek a jelenlegi (glob\u00e1lis) &#8220;k\u00e1osz\u00e9rt&#8221;, amib\u0151l terveik szerint \u00faj &#8220;rendet&#8221; (\u00faj vil\u00e1grendet, NWO) teremtenek. Meggy\u0151z\u0151d\u00e9sem, hogy ebben t\u00e9vedtek. A vil\u00e1gnak egyre ink\u00e1bb elege van ezekb\u0151l \u00e9s hazugs\u00e1gaikb\u00f3l. <\/span> <span class=\"has-inline-color has-vivid-green-cyan-color\">Sok a l\u00e1tsz\u00f3lag k\u00fcl\u00f6n\u00e1ll\u00f3, sokszor \u00e9rthetetlen t\u00f6rt\u00e9n\u00e9s, m\u00e9gis egyre jobban l\u00e1tjuk a s\u00e1t\u00e1ni infiltr\u00e1ci\u00f3t minden\u00fctt.<\/span><\/p>\n\n\n\n<hr class=\"wp-block-separator\"\/>\n\n\n\n<figure class=\"wp-block-image size-full\"><img loading=\"lazy\" decoding=\"async\" width=\"658\" height=\"746\" src=\"https:\/\/laszlo1713.lima-city.de\/wp-content\/uploads\/2021\/11\/Screenshot-2021-11-22-at-08.17.38.jpg\" alt=\"\" class=\"wp-image-4633\" srcset=\"https:\/\/laszlo1713.lima-city.de\/wp-content\/uploads\/2021\/11\/Screenshot-2021-11-22-at-08.17.38.jpg 658w, https:\/\/laszlo1713.lima-city.de\/wp-content\/uploads\/2021\/11\/Screenshot-2021-11-22-at-08.17.38-265x300.jpg 265w\" sizes=\"auto, (max-width: 658px) 100vw, 658px\" \/><\/figure>\n\n\n\n<figure class=\"wp-block-image size-large\"><img loading=\"lazy\" decoding=\"async\" width=\"1024\" height=\"579\" src=\"https:\/\/laszlo1713.lima-city.de\/wp-content\/uploads\/2021\/11\/Screenshot-2021-11-22-at-08.14.32-1024x579.jpg\" alt=\"\" class=\"wp-image-4634\" srcset=\"https:\/\/laszlo1713.lima-city.de\/wp-content\/uploads\/2021\/11\/Screenshot-2021-11-22-at-08.14.32-1024x579.jpg 1024w, https:\/\/laszlo1713.lima-city.de\/wp-content\/uploads\/2021\/11\/Screenshot-2021-11-22-at-08.14.32-300x170.jpg 300w, https:\/\/laszlo1713.lima-city.de\/wp-content\/uploads\/2021\/11\/Screenshot-2021-11-22-at-08.14.32-768x434.jpg 768w, https:\/\/laszlo1713.lima-city.de\/wp-content\/uploads\/2021\/11\/Screenshot-2021-11-22-at-08.14.32-1536x868.jpg 1536w, https:\/\/laszlo1713.lima-city.de\/wp-content\/uploads\/2021\/11\/Screenshot-2021-11-22-at-08.14.32-2048x1158.jpg 2048w\" sizes=\"auto, (max-width: 706px) 89vw, (max-width: 767px) 82vw, 740px\" \/><\/figure>\n\n\n\n<hr class=\"wp-block-separator\"\/>\n\n\n\n<figure class=\"wp-block-image size-full\"><img loading=\"lazy\" decoding=\"async\" width=\"698\" height=\"552\" src=\"https:\/\/laszlo1713.lima-city.de\/wp-content\/uploads\/2021\/11\/Screenshot-2021-11-22-at-08.22.45.jpg\" alt=\"\" class=\"wp-image-4635\" srcset=\"https:\/\/laszlo1713.lima-city.de\/wp-content\/uploads\/2021\/11\/Screenshot-2021-11-22-at-08.22.45.jpg 698w, https:\/\/laszlo1713.lima-city.de\/wp-content\/uploads\/2021\/11\/Screenshot-2021-11-22-at-08.22.45-300x237.jpg 300w\" sizes=\"auto, (max-width: 698px) 100vw, 698px\" \/><figcaption><span class=\"has-inline-color has-vivid-green-cyan-color\">Fouci Mengele inkarn\u00e1ci\u00f3ja?<\/span><\/figcaption><\/figure>\n\n\n\n<hr class=\"wp-block-separator\"\/>\n\n\n\n<figure class=\"wp-block-image size-full\"><img loading=\"lazy\" decoding=\"async\" width=\"808\" height=\"722\" src=\"https:\/\/laszlo1713.lima-city.de\/wp-content\/uploads\/2021\/11\/Screenshot-2021-11-22-at-12.34.52.jpg\" alt=\"\" class=\"wp-image-4637\" srcset=\"https:\/\/laszlo1713.lima-city.de\/wp-content\/uploads\/2021\/11\/Screenshot-2021-11-22-at-12.34.52.jpg 808w, https:\/\/laszlo1713.lima-city.de\/wp-content\/uploads\/2021\/11\/Screenshot-2021-11-22-at-12.34.52-300x268.jpg 300w, https:\/\/laszlo1713.lima-city.de\/wp-content\/uploads\/2021\/11\/Screenshot-2021-11-22-at-12.34.52-768x686.jpg 768w\" sizes=\"auto, (max-width: 706px) 89vw, (max-width: 767px) 82vw, 740px\" \/><figcaption><span class=\"has-inline-color has-vivid-green-cyan-color\">Vil\u00e1gos? Ez is, mint a t\u00f6bbi &#8220;patk\u00e1ny&#8221;?<\/span><\/figcaption><\/figure>\n\n\n\n<hr class=\"wp-block-separator\"\/>\n\n\n\n<blockquote class=\"wp-block-quote is-layout-flow wp-block-quote-is-layout-flow\"><p><span class=\"has-inline-color has-vivid-green-cyan-color\">Hasra, magyar, h\u00ed a duma!<\/span><\/p><p><span class=\"has-inline-color has-vivid-green-cyan-color\">Itt az olt\u00e1s, most vagy soha!<\/span><\/p><p><span class=\"has-inline-color has-vivid-green-cyan-color\">\u00c9pek legy\u00fcnk vagy lankad\u00f3k?<\/span><\/p><p><span class=\"has-inline-color has-vivid-green-cyan-color\">Ez a k\u00e9rd\u00e9s, v\u00e1lasszatok!<\/span><\/p><p><span class=\"has-inline-color has-vivid-green-cyan-color\">A birk\u00e1k t\u00f6bbs\u00e9g\u00e9re<\/span><\/p><p><span class=\"has-inline-color has-vivid-green-cyan-color\">Esk\u00fcsz\u00fcnk,<\/span><\/p><p><span class=\"has-inline-color has-vivid-green-cyan-color\">Esk\u00fcsz\u00fcnk, hogy \u00e9pek tov\u00e1bb<\/span><\/p><p><span class=\"has-inline-color has-vivid-green-cyan-color\">nem lesz\u00fcnk!<\/span><\/p><\/blockquote>\n\n\n\n<hr class=\"wp-block-separator\"\/>\n\n\n\n<figure class=\"wp-block-image size-full\"><img loading=\"lazy\" decoding=\"async\" width=\"806\" height=\"934\" src=\"https:\/\/laszlo1713.lima-city.de\/wp-content\/uploads\/2021\/11\/Screenshot-2021-11-22-at-12.42.39.jpg\" alt=\"\" class=\"wp-image-4640\" srcset=\"https:\/\/laszlo1713.lima-city.de\/wp-content\/uploads\/2021\/11\/Screenshot-2021-11-22-at-12.42.39.jpg 806w, https:\/\/laszlo1713.lima-city.de\/wp-content\/uploads\/2021\/11\/Screenshot-2021-11-22-at-12.42.39-259x300.jpg 259w, https:\/\/laszlo1713.lima-city.de\/wp-content\/uploads\/2021\/11\/Screenshot-2021-11-22-at-12.42.39-768x890.jpg 768w\" sizes=\"auto, (max-width: 706px) 89vw, (max-width: 767px) 82vw, 740px\" \/><\/figure>\n\n\n\n<p><span class=\"has-inline-color has-vivid-green-cyan-color\">A &#8220;k\u00e9pl\u00e9kenys\u00e9g&#8221; fogalma.<\/span><\/p>\n\n\n\n<hr class=\"wp-block-separator\"\/>\n\n\n\n<figure class=\"wp-block-image size-full\"><img loading=\"lazy\" decoding=\"async\" width=\"828\" height=\"434\" src=\"https:\/\/laszlo1713.lima-city.de\/wp-content\/uploads\/2021\/11\/Screenshot-2021-11-22-at-12.41.03.jpg\" alt=\"\" class=\"wp-image-4644\" srcset=\"https:\/\/laszlo1713.lima-city.de\/wp-content\/uploads\/2021\/11\/Screenshot-2021-11-22-at-12.41.03.jpg 828w, https:\/\/laszlo1713.lima-city.de\/wp-content\/uploads\/2021\/11\/Screenshot-2021-11-22-at-12.41.03-300x157.jpg 300w, https:\/\/laszlo1713.lima-city.de\/wp-content\/uploads\/2021\/11\/Screenshot-2021-11-22-at-12.41.03-768x403.jpg 768w\" sizes=\"auto, (max-width: 706px) 89vw, (max-width: 767px) 82vw, 740px\" \/><\/figure>\n\n\n\n<hr class=\"wp-block-separator\"\/>\n\n\n\n<figure class=\"wp-block-image size-full\"><img loading=\"lazy\" decoding=\"async\" width=\"536\" height=\"242\" src=\"https:\/\/laszlo1713.lima-city.de\/wp-content\/uploads\/2021\/11\/Screenshot-2021-11-21-at-09.51.25.jpg\" alt=\"\" class=\"wp-image-4609\" srcset=\"https:\/\/laszlo1713.lima-city.de\/wp-content\/uploads\/2021\/11\/Screenshot-2021-11-21-at-09.51.25.jpg 536w, https:\/\/laszlo1713.lima-city.de\/wp-content\/uploads\/2021\/11\/Screenshot-2021-11-21-at-09.51.25-300x135.jpg 300w\" sizes=\"auto, (max-width: 536px) 100vw, 536px\" \/><\/figure>\n\n\n\n<figure class=\"wp-block-image size-large\"><img loading=\"lazy\" decoding=\"async\" width=\"1024\" height=\"776\" src=\"https:\/\/laszlo1713.lima-city.de\/wp-content\/uploads\/2021\/11\/Screenshot-2021-11-22-at-12.45.49-1024x776.jpg\" alt=\"\" class=\"wp-image-4642\" srcset=\"https:\/\/laszlo1713.lima-city.de\/wp-content\/uploads\/2021\/11\/Screenshot-2021-11-22-at-12.45.49-1024x776.jpg 1024w, https:\/\/laszlo1713.lima-city.de\/wp-content\/uploads\/2021\/11\/Screenshot-2021-11-22-at-12.45.49-300x227.jpg 300w, https:\/\/laszlo1713.lima-city.de\/wp-content\/uploads\/2021\/11\/Screenshot-2021-11-22-at-12.45.49-768x582.jpg 768w, https:\/\/laszlo1713.lima-city.de\/wp-content\/uploads\/2021\/11\/Screenshot-2021-11-22-at-12.45.49-1536x1164.jpg 1536w, https:\/\/laszlo1713.lima-city.de\/wp-content\/uploads\/2021\/11\/Screenshot-2021-11-22-at-12.45.49.jpg 1934w\" sizes=\"auto, (max-width: 706px) 89vw, (max-width: 767px) 82vw, 740px\" \/><\/figure>\n\n\n\n<p><span class=\"has-inline-color has-vivid-green-cyan-color\">A Covid-olt\u00e1s hat\u00e1sos \u00e9s vesz\u00e9lytelen. Ritk\u00e1bban (mind\u00f6ssze egy p\u00e1r milli\u00f3 embert \u00e9rint), lehetnek kellemetlenebb mell\u00e9khat\u00e1sok, mint pl. Sergio Aguero esete (is) mutatja. Egy\u00e9bk\u00e9nt \u00f6r\u00fclhet, hogy ennyib\u0151l meg\u00faszta. \u00c1ldozat\u00e1t k\u00f6sz\u00f6nettel vette a &#8220;birk\u00e1k&#8221; glob\u00e1lis k\u00f6z\u00f6ss\u00e9ge, eml\u00e9ke \u00f6r\u00f6kk\u00e9 megmarad a digit\u00e1lis lemezeken.<\/span><\/p>\n\n\n\n<hr class=\"wp-block-separator\"\/>\n\n\n\n<figure class=\"wp-block-image size-large\"><img loading=\"lazy\" decoding=\"async\" width=\"1024\" height=\"829\" src=\"https:\/\/laszlo1713.lima-city.de\/wp-content\/uploads\/2021\/11\/Screenshot-2021-11-22-at-13.00.45-1024x829.jpg\" alt=\"\" class=\"wp-image-4647\" srcset=\"https:\/\/laszlo1713.lima-city.de\/wp-content\/uploads\/2021\/11\/Screenshot-2021-11-22-at-13.00.45-1024x829.jpg 1024w, https:\/\/laszlo1713.lima-city.de\/wp-content\/uploads\/2021\/11\/Screenshot-2021-11-22-at-13.00.45-300x243.jpg 300w, https:\/\/laszlo1713.lima-city.de\/wp-content\/uploads\/2021\/11\/Screenshot-2021-11-22-at-13.00.45-768x621.jpg 768w, https:\/\/laszlo1713.lima-city.de\/wp-content\/uploads\/2021\/11\/Screenshot-2021-11-22-at-13.00.45-1536x1243.jpg 1536w, https:\/\/laszlo1713.lima-city.de\/wp-content\/uploads\/2021\/11\/Screenshot-2021-11-22-at-13.00.45.jpg 1624w\" sizes=\"auto, (max-width: 706px) 89vw, (max-width: 767px) 82vw, 740px\" \/><figcaption>(&#8230;) Mit anderen Worten: Um nur ein einziges Kind vor COVID zu retten, m\u00fcssten \u00fcber 1,2 MILLIONEN Kinder geimpft werden. Betrachtet man die Anzahl der Kinder, die durch die mRNA-Impfungen verletzt oder get\u00f6tet werden, w\u00fcrde der Plan der Biden-Administration wahrscheinlich \u201e5.248 Kinder durch Pfizer mRNA-Impfungen t\u00f6ten, um 45 Kinder vor dem Tod durch das Coronavirus zu bewahren\u201c.<br>Noch einfacher ausgedr\u00fcckt: \u201eF\u00fcr jedes Kind, das durch die Impfung gerettet wird, w\u00fcrden 117 weitere Kinder get\u00f6tet\u201c, so Rogers. (Originaltitel der Quelle: What is the Number Needed to Vaccinate (NNTV) to prevent a single COVID-19 fatality in kids 5 to 11 based on the Pfizer EUA application?<\/figcaption><\/figure>\n\n\n\n<hr class=\"wp-block-separator\"\/>\n\n\n\n<figure class=\"wp-block-image size-large\"><img loading=\"lazy\" decoding=\"async\" width=\"1024\" height=\"767\" src=\"https:\/\/laszlo1713.lima-city.de\/wp-content\/uploads\/2021\/11\/Screenshot-2021-11-22-at-13.05.11-1024x767.jpg\" alt=\"\" class=\"wp-image-4650\" srcset=\"https:\/\/laszlo1713.lima-city.de\/wp-content\/uploads\/2021\/11\/Screenshot-2021-11-22-at-13.05.11-1024x767.jpg 1024w, https:\/\/laszlo1713.lima-city.de\/wp-content\/uploads\/2021\/11\/Screenshot-2021-11-22-at-13.05.11-300x225.jpg 300w, https:\/\/laszlo1713.lima-city.de\/wp-content\/uploads\/2021\/11\/Screenshot-2021-11-22-at-13.05.11-768x575.jpg 768w, https:\/\/laszlo1713.lima-city.de\/wp-content\/uploads\/2021\/11\/Screenshot-2021-11-22-at-13.05.11.jpg 1076w\" sizes=\"auto, (max-width: 706px) 89vw, (max-width: 767px) 82vw, 740px\" \/><figcaption><span class=\"has-inline-color has-vivid-green-cyan-color\">S\u00f6der \u00e9s a &#8220;faiskola&#8221;<\/span>  <span class=\"has-inline-color has-vivid-green-cyan-color\">&#8211; telital\u00e1lat?<\/span><\/figcaption><\/figure>\n\n\n\n<hr class=\"wp-block-separator\"\/>\n\n\n\n<figure class=\"wp-block-image size-large\"><img loading=\"lazy\" decoding=\"async\" width=\"1024\" height=\"710\" src=\"https:\/\/laszlo1713.lima-city.de\/wp-content\/uploads\/2021\/11\/IMAGE-2021-11-22-130427-1024x710.jpg\" alt=\"\" class=\"wp-image-4652\" srcset=\"https:\/\/laszlo1713.lima-city.de\/wp-content\/uploads\/2021\/11\/IMAGE-2021-11-22-130427-1024x710.jpg 1024w, https:\/\/laszlo1713.lima-city.de\/wp-content\/uploads\/2021\/11\/IMAGE-2021-11-22-130427-300x208.jpg 300w, https:\/\/laszlo1713.lima-city.de\/wp-content\/uploads\/2021\/11\/IMAGE-2021-11-22-130427-768x533.jpg 768w, https:\/\/laszlo1713.lima-city.de\/wp-content\/uploads\/2021\/11\/IMAGE-2021-11-22-130427.jpg 1103w\" sizes=\"auto, (max-width: 706px) 89vw, (max-width: 767px) 82vw, 740px\" \/><figcaption><span class=\"has-inline-color has-vivid-green-cyan-color\">R\u00e1g\u00f3djunk ezen is.<\/span>: Tokyo before and after Ivermectin.<\/figcaption><\/figure>\n\n\n\n<figure class=\"wp-block-image size-large\"><img loading=\"lazy\" decoding=\"async\" width=\"934\" height=\"1024\" src=\"https:\/\/laszlo1713.lima-city.de\/wp-content\/uploads\/2021\/11\/Medikation-gegen-Covid-19-934x1024.jpg\" alt=\"\" class=\"wp-image-4673\" srcset=\"https:\/\/laszlo1713.lima-city.de\/wp-content\/uploads\/2021\/11\/Medikation-gegen-Covid-19-934x1024.jpg 934w, https:\/\/laszlo1713.lima-city.de\/wp-content\/uploads\/2021\/11\/Medikation-gegen-Covid-19-274x300.jpg 274w, https:\/\/laszlo1713.lima-city.de\/wp-content\/uploads\/2021\/11\/Medikation-gegen-Covid-19-768x842.jpg 768w, https:\/\/laszlo1713.lima-city.de\/wp-content\/uploads\/2021\/11\/Medikation-gegen-Covid-19.jpg 1080w\" sizes=\"auto, (max-width: 706px) 89vw, (max-width: 767px) 82vw, 740px\" \/><\/figure>\n\n\n\n<hr class=\"wp-block-separator\"\/>\n\n\n\n<figure class=\"wp-block-image size-large\"><img loading=\"lazy\" decoding=\"async\" width=\"769\" height=\"1024\" src=\"https:\/\/laszlo1713.lima-city.de\/wp-content\/uploads\/2021\/11\/IMG_0218-769x1024.jpg\" alt=\"\" class=\"wp-image-4654\" srcset=\"https:\/\/laszlo1713.lima-city.de\/wp-content\/uploads\/2021\/11\/IMG_0218-769x1024.jpg 769w, https:\/\/laszlo1713.lima-city.de\/wp-content\/uploads\/2021\/11\/IMG_0218-225x300.jpg 225w, https:\/\/laszlo1713.lima-city.de\/wp-content\/uploads\/2021\/11\/IMG_0218-768x1023.jpg 768w, https:\/\/laszlo1713.lima-city.de\/wp-content\/uploads\/2021\/11\/IMG_0218.jpg 955w\" sizes=\"auto, (max-width: 706px) 89vw, (max-width: 767px) 82vw, 740px\" \/><\/figure>\n\n\n\n<p><span class=\"has-inline-color has-vivid-green-cyan-color\">Mell\u00e9khat\u00e1sok, komplik\u00e1ci\u00f3k az egyes vakcin\u00e1kat illet\u0151en 2021-ig.<\/span><\/p>\n\n\n\n<hr class=\"wp-block-separator\"\/>\n\n\n\n<figure class=\"wp-block-image size-large\"><img loading=\"lazy\" decoding=\"async\" width=\"1024\" height=\"911\" src=\"https:\/\/laszlo1713.lima-city.de\/wp-content\/uploads\/2021\/11\/Screenshot-2021-11-22-at-17.32.36-1024x911.jpg\" alt=\"\" class=\"wp-image-4661\" srcset=\"https:\/\/laszlo1713.lima-city.de\/wp-content\/uploads\/2021\/11\/Screenshot-2021-11-22-at-17.32.36-1024x911.jpg 1024w, https:\/\/laszlo1713.lima-city.de\/wp-content\/uploads\/2021\/11\/Screenshot-2021-11-22-at-17.32.36-300x267.jpg 300w, https:\/\/laszlo1713.lima-city.de\/wp-content\/uploads\/2021\/11\/Screenshot-2021-11-22-at-17.32.36-768x683.jpg 768w, https:\/\/laszlo1713.lima-city.de\/wp-content\/uploads\/2021\/11\/Screenshot-2021-11-22-at-17.32.36-1536x1366.jpg 1536w, https:\/\/laszlo1713.lima-city.de\/wp-content\/uploads\/2021\/11\/Screenshot-2021-11-22-at-17.32.36.jpg 1574w\" sizes=\"auto, (max-width: 706px) 89vw, (max-width: 767px) 82vw, 740px\" \/><figcaption>Und das schon seit sechs Monaten. Diese Tabelle scheint unglaublich oder unm\u00f6glich zu erscheinen, aber sie ist korrekt und basiert auf w\u00f6chentlichen Daten der britischen Regierung.<br>Die braune Linie stellt die w\u00f6chentlichen Todesf\u00e4lle aller Ursachen bei geimpften Personen im Alter von 10-59 Jahren pro 100.000 Personen dar.<br>Die blaue Linie zeigt die w\u00f6chentlichen Todesf\u00e4lle aus allen Ursachen bei ungeimpften Personen pro 100.000 in derselben Altersgruppe. (&#8230;)<\/figcaption><\/figure>\n\n\n\n<figure class=\"wp-block-image size-large\"><img loading=\"lazy\" decoding=\"async\" width=\"1024\" height=\"635\" src=\"https:\/\/laszlo1713.lima-city.de\/wp-content\/uploads\/2021\/11\/https-bucketeer-e05bbc84-baa3-437e-9518-adb32be77984.s3.amazonaws.com-public-images-bdca5329-b20b-4518-a733-fff84cc22124_1098x681-1024x635.png\" alt=\"\" class=\"wp-image-4662\" srcset=\"https:\/\/laszlo1713.lima-city.de\/wp-content\/uploads\/2021\/11\/https-bucketeer-e05bbc84-baa3-437e-9518-adb32be77984.s3.amazonaws.com-public-images-bdca5329-b20b-4518-a733-fff84cc22124_1098x681-1024x635.png 1024w, https:\/\/laszlo1713.lima-city.de\/wp-content\/uploads\/2021\/11\/https-bucketeer-e05bbc84-baa3-437e-9518-adb32be77984.s3.amazonaws.com-public-images-bdca5329-b20b-4518-a733-fff84cc22124_1098x681-300x186.png 300w, https:\/\/laszlo1713.lima-city.de\/wp-content\/uploads\/2021\/11\/https-bucketeer-e05bbc84-baa3-437e-9518-adb32be77984.s3.amazonaws.com-public-images-bdca5329-b20b-4518-a733-fff84cc22124_1098x681-768x476.png 768w, https:\/\/laszlo1713.lima-city.de\/wp-content\/uploads\/2021\/11\/https-bucketeer-e05bbc84-baa3-437e-9518-adb32be77984.s3.amazonaws.com-public-images-bdca5329-b20b-4518-a733-fff84cc22124_1098x681.png 1098w\" sizes=\"auto, (max-width: 706px) 89vw, (max-width: 767px) 82vw, 740px\" \/><\/figure>\n\n\n\n<hr class=\"wp-block-separator\"\/>\n\n\n\n<figure class=\"wp-block-image size-large\"><img loading=\"lazy\" decoding=\"async\" width=\"1024\" height=\"576\" src=\"https:\/\/laszlo1713.lima-city.de\/wp-content\/uploads\/2021\/11\/IMAGE-2021-11-22-150225-1024x576.jpg\" alt=\"\" class=\"wp-image-4658\" srcset=\"https:\/\/laszlo1713.lima-city.de\/wp-content\/uploads\/2021\/11\/IMAGE-2021-11-22-150225-1024x576.jpg 1024w, https:\/\/laszlo1713.lima-city.de\/wp-content\/uploads\/2021\/11\/IMAGE-2021-11-22-150225-300x169.jpg 300w, https:\/\/laszlo1713.lima-city.de\/wp-content\/uploads\/2021\/11\/IMAGE-2021-11-22-150225-768x432.jpg 768w, https:\/\/laszlo1713.lima-city.de\/wp-content\/uploads\/2021\/11\/IMAGE-2021-11-22-150225.jpg 1280w\" sizes=\"auto, (max-width: 706px) 89vw, (max-width: 767px) 82vw, 740px\" \/><figcaption><span class=\"has-inline-color has-vivid-green-cyan-color\">1963. november 22. Dallas<\/span> <span class=\"has-inline-color has-vivid-green-cyan-color\">\u00e9s ut\u00f3rezg\u00e9sei eg\u00e9szen a mai napig<\/span><\/figcaption><\/figure>\n\n\n\n<hr class=\"wp-block-separator\"\/>\n\n\n\n<figure class=\"wp-block-image size-large\"><img loading=\"lazy\" decoding=\"async\" width=\"1024\" height=\"556\" src=\"https:\/\/laszlo1713.lima-city.de\/wp-content\/uploads\/2021\/11\/Screenshot-2021-11-22-at-20.06.21-1024x556.jpg\" alt=\"\" class=\"wp-image-4668\" srcset=\"https:\/\/laszlo1713.lima-city.de\/wp-content\/uploads\/2021\/11\/Screenshot-2021-11-22-at-20.06.21-1024x556.jpg 1024w, https:\/\/laszlo1713.lima-city.de\/wp-content\/uploads\/2021\/11\/Screenshot-2021-11-22-at-20.06.21-300x163.jpg 300w, https:\/\/laszlo1713.lima-city.de\/wp-content\/uploads\/2021\/11\/Screenshot-2021-11-22-at-20.06.21-768x417.jpg 768w, https:\/\/laszlo1713.lima-city.de\/wp-content\/uploads\/2021\/11\/Screenshot-2021-11-22-at-20.06.21.jpg 1200w\" sizes=\"auto, (max-width: 706px) 89vw, (max-width: 767px) 82vw, 740px\" \/><\/figure>\n\n\n\n<figure class=\"wp-block-image size-large\"><img loading=\"lazy\" decoding=\"async\" width=\"1013\" height=\"1024\" src=\"https:\/\/laszlo1713.lima-city.de\/wp-content\/uploads\/2021\/11\/Screenshot-2021-11-20-at-21.35.11-1013x1024.jpg\" alt=\"\" class=\"wp-image-4669\" srcset=\"https:\/\/laszlo1713.lima-city.de\/wp-content\/uploads\/2021\/11\/Screenshot-2021-11-20-at-21.35.11-1013x1024.jpg 1013w, https:\/\/laszlo1713.lima-city.de\/wp-content\/uploads\/2021\/11\/Screenshot-2021-11-20-at-21.35.11-297x300.jpg 297w, https:\/\/laszlo1713.lima-city.de\/wp-content\/uploads\/2021\/11\/Screenshot-2021-11-20-at-21.35.11-768x776.jpg 768w, https:\/\/laszlo1713.lima-city.de\/wp-content\/uploads\/2021\/11\/Screenshot-2021-11-20-at-21.35.11-1519x1536.jpg 1519w, https:\/\/laszlo1713.lima-city.de\/wp-content\/uploads\/2021\/11\/Screenshot-2021-11-20-at-21.35.11-100x100.jpg 100w, https:\/\/laszlo1713.lima-city.de\/wp-content\/uploads\/2021\/11\/Screenshot-2021-11-20-at-21.35.11.jpg 2012w\" sizes=\"auto, (max-width: 706px) 89vw, (max-width: 767px) 82vw, 740px\" \/><\/figure>\n\n\n\n<hr class=\"wp-block-separator\"\/>\n\n\n\n<figure class=\"wp-block-image size-large\"><img loading=\"lazy\" decoding=\"async\" width=\"1024\" height=\"290\" src=\"https:\/\/laszlo1713.lima-city.de\/wp-content\/uploads\/2021\/11\/Screenshot-2021-11-22-at-20.09.48-1024x290.jpg\" alt=\"\" class=\"wp-image-4671\" srcset=\"https:\/\/laszlo1713.lima-city.de\/wp-content\/uploads\/2021\/11\/Screenshot-2021-11-22-at-20.09.48-1024x290.jpg 1024w, https:\/\/laszlo1713.lima-city.de\/wp-content\/uploads\/2021\/11\/Screenshot-2021-11-22-at-20.09.48-300x85.jpg 300w, https:\/\/laszlo1713.lima-city.de\/wp-content\/uploads\/2021\/11\/Screenshot-2021-11-22-at-20.09.48-768x218.jpg 768w, https:\/\/laszlo1713.lima-city.de\/wp-content\/uploads\/2021\/11\/Screenshot-2021-11-22-at-20.09.48.jpg 1094w\" sizes=\"auto, (max-width: 706px) 89vw, (max-width: 767px) 82vw, 740px\" \/><\/figure>\n\n\n\n<p><span class=\"has-inline-color has-vivid-green-cyan-color\">Sakknyelv-metafora<\/span> <span class=\"has-inline-color has-vivid-green-cyan-color\">&#8211; aki \u00e9rti, \u00e9rti.<\/span><\/p>\n\n\n\n<hr class=\"wp-block-separator\"\/>\n\n\n\n<figure class=\"wp-block-image size-large\"><img loading=\"lazy\" decoding=\"async\" width=\"1024\" height=\"886\" src=\"https:\/\/laszlo1713.lima-city.de\/wp-content\/uploads\/2021\/11\/Screenshot-2021-11-23-at-08.54.27-1024x886.jpg\" alt=\"\" class=\"wp-image-4675\" srcset=\"https:\/\/laszlo1713.lima-city.de\/wp-content\/uploads\/2021\/11\/Screenshot-2021-11-23-at-08.54.27-1024x886.jpg 1024w, https:\/\/laszlo1713.lima-city.de\/wp-content\/uploads\/2021\/11\/Screenshot-2021-11-23-at-08.54.27-300x259.jpg 300w, https:\/\/laszlo1713.lima-city.de\/wp-content\/uploads\/2021\/11\/Screenshot-2021-11-23-at-08.54.27-768x664.jpg 768w, https:\/\/laszlo1713.lima-city.de\/wp-content\/uploads\/2021\/11\/Screenshot-2021-11-23-at-08.54.27-1536x1328.jpg 1536w, https:\/\/laszlo1713.lima-city.de\/wp-content\/uploads\/2021\/11\/Screenshot-2021-11-23-at-08.54.27.jpg 1568w\" sizes=\"auto, (max-width: 706px) 89vw, (max-width: 767px) 82vw, 740px\" \/><figcaption>Dr. Peter McCullough, Kardiologe, stellvertretender Chefarzt am Baylor University Medical Center in Dallas, Texas, und wissenschaftlicher Berater, der zu den f\u00fcnf meistpublizierenden medizinischen Forschern in den USA geh\u00f6rt, deckte auf der Jahrestagung der \u201eAmerican Association of Physicians and Surgeons\u201c am 2.10.2021 schonungslos die Unverantwortlichkeit der offiziellen Impfkampagne auf. Es f\u00e4nde, anders als zuvor, trotz zahlreicher schwerer Nebenwirkungen und Todesf\u00e4lle keine Sicherheits\u00fcberwachung statt. Es sei wahrscheinlicher, dass man an den Folgen des Impfstoffes sterbe als an Covid. Kinder w\u00fcrden ohne Not der Gefahr schwerer Herzmuskelentz\u00fcndungen ausgesetzt und Fr\u00fchbehandlungen der Menschen mit guten Medikamenten unterdr\u00fcckt.<\/figcaption><\/figure>\n\n\n\n<hr class=\"wp-block-separator\"\/>\n\n\n\n<figure class=\"wp-block-image size-large\"><img loading=\"lazy\" decoding=\"async\" width=\"1024\" height=\"839\" src=\"https:\/\/laszlo1713.lima-city.de\/wp-content\/uploads\/2021\/11\/Screenshot-2021-11-23-at-08.56.44-1024x839.jpg\" alt=\"\" class=\"wp-image-4677\" srcset=\"https:\/\/laszlo1713.lima-city.de\/wp-content\/uploads\/2021\/11\/Screenshot-2021-11-23-at-08.56.44-1024x839.jpg 1024w, https:\/\/laszlo1713.lima-city.de\/wp-content\/uploads\/2021\/11\/Screenshot-2021-11-23-at-08.56.44-300x246.jpg 300w, https:\/\/laszlo1713.lima-city.de\/wp-content\/uploads\/2021\/11\/Screenshot-2021-11-23-at-08.56.44-768x629.jpg 768w, https:\/\/laszlo1713.lima-city.de\/wp-content\/uploads\/2021\/11\/Screenshot-2021-11-23-at-08.56.44-1536x1258.jpg 1536w, https:\/\/laszlo1713.lima-city.de\/wp-content\/uploads\/2021\/11\/Screenshot-2021-11-23-at-08.56.44.jpg 1558w\" sizes=\"auto, (max-width: 706px) 89vw, (max-width: 767px) 82vw, 740px\" \/><figcaption>Der Bundestag hat mit den \u00c4nderungen am Infektionsschutzgesetz den sogenannten Versorgungsaufschlag f\u00fcr Kliniken beschlossen.&nbsp;Somit erhalten Krankenh\u00e4user, die Covid-Patienten behandeln, erneut Geld aus dem Bundeshaushalt. Der Systematik des Versorgungsaufschlags, lehnt sich an die bisherigen Ausgleichszahlungen an: Je nach Aufwand und Anzahl der Covid-19-Patienten betr\u00e4gt dieser Aufschlag pro Kliniktag 360, 560 oder 760 Euro. Diese Pauschale kann das Krankenhaus dann mit 0,9 (Absenkung der Pauschale aus vorangegangenen Gesetzgebungen) sowie 13,9 (derzeit durchschnittliche Verweildauer von Covid-19-Patienten) multiplizieren und abrechnen. Bei einer Pauschale von 360 Euro w\u00e4ren das 4.500 Euro pro Fall, bei einer Pauschale von 760 Euro w\u00e4ren es 9.500 Euro.&nbsp;<br>Der Versorgungsaufschlag wird allerdings nur an Kliniken gezahlt, die Covid-Patienten mehr als zwei Tage behandeln. Au\u00dferdem m\u00fcssen die Zahlungen im f\u00fcr die Pandemiezeit festgelegten Ganzjahresausgleich 2021 f\u00fcr Corona-bedingte Erl\u00f6sr\u00fcckg\u00e4nge verrechnet werden.<\/figcaption><\/figure>\n\n\n\n<hr class=\"wp-block-separator\"\/>\n\n\n\n<figure class=\"wp-block-image size-large\"><img loading=\"lazy\" decoding=\"async\" width=\"1024\" height=\"589\" src=\"https:\/\/laszlo1713.lima-city.de\/wp-content\/uploads\/2021\/11\/IMAGE-2021-11-23-101528-1024x589.jpg\" alt=\"\" class=\"wp-image-4681\" srcset=\"https:\/\/laszlo1713.lima-city.de\/wp-content\/uploads\/2021\/11\/IMAGE-2021-11-23-101528-1024x589.jpg 1024w, https:\/\/laszlo1713.lima-city.de\/wp-content\/uploads\/2021\/11\/IMAGE-2021-11-23-101528-300x173.jpg 300w, https:\/\/laszlo1713.lima-city.de\/wp-content\/uploads\/2021\/11\/IMAGE-2021-11-23-101528-768x442.jpg 768w, https:\/\/laszlo1713.lima-city.de\/wp-content\/uploads\/2021\/11\/IMAGE-2021-11-23-101528.jpg 1280w\" sizes=\"auto, (max-width: 706px) 89vw, (max-width: 767px) 82vw, 740px\" \/><figcaption><span class=\"has-inline-color has-vivid-green-cyan-color\">Minden a s\u00e1t\u00e1ni (illumin\u00e1tus) &#8220;inverzi\u00f3&#8221; jegy\u00e9ben.  Lucifer kedvence (lehet) ez a buzi.<\/span><\/figcaption><\/figure>\n\n\n\n<hr class=\"wp-block-separator\"\/>\n\n\n\n<figure class=\"wp-block-image size-large\"><img loading=\"lazy\" decoding=\"async\" width=\"1024\" height=\"458\" src=\"https:\/\/laszlo1713.lima-city.de\/wp-content\/uploads\/2021\/11\/Screenshot-2021-11-23-at-10.23.25-1024x458.jpg\" alt=\"\" class=\"wp-image-4684\" srcset=\"https:\/\/laszlo1713.lima-city.de\/wp-content\/uploads\/2021\/11\/Screenshot-2021-11-23-at-10.23.25-1024x458.jpg 1024w, https:\/\/laszlo1713.lima-city.de\/wp-content\/uploads\/2021\/11\/Screenshot-2021-11-23-at-10.23.25-300x134.jpg 300w, https:\/\/laszlo1713.lima-city.de\/wp-content\/uploads\/2021\/11\/Screenshot-2021-11-23-at-10.23.25-768x343.jpg 768w, https:\/\/laszlo1713.lima-city.de\/wp-content\/uploads\/2021\/11\/Screenshot-2021-11-23-at-10.23.25.jpg 1118w\" sizes=\"auto, (max-width: 706px) 89vw, (max-width: 767px) 82vw, 740px\" \/><figcaption><strong>\ud83d\udd35 Der Impfzwangbluff? Die perfide Taktik der Eliten<\/strong><br><\/figcaption><\/figure>\n\n\n\n<figure class=\"wp-block-image size-large\"><img loading=\"lazy\" decoding=\"async\" width=\"1024\" height=\"585\" src=\"https:\/\/laszlo1713.lima-city.de\/wp-content\/uploads\/2021\/11\/Screenshot-2021-11-23-at-10.22.20-1024x585.jpg\" alt=\"\" class=\"wp-image-4685\" srcset=\"https:\/\/laszlo1713.lima-city.de\/wp-content\/uploads\/2021\/11\/Screenshot-2021-11-23-at-10.22.20-1024x585.jpg 1024w, https:\/\/laszlo1713.lima-city.de\/wp-content\/uploads\/2021\/11\/Screenshot-2021-11-23-at-10.22.20-300x171.jpg 300w, https:\/\/laszlo1713.lima-city.de\/wp-content\/uploads\/2021\/11\/Screenshot-2021-11-23-at-10.22.20-768x439.jpg 768w, https:\/\/laszlo1713.lima-city.de\/wp-content\/uploads\/2021\/11\/Screenshot-2021-11-23-at-10.22.20-1536x878.jpg 1536w, https:\/\/laszlo1713.lima-city.de\/wp-content\/uploads\/2021\/11\/Screenshot-2021-11-23-at-10.22.20.jpg 1596w\" sizes=\"auto, (max-width: 706px) 89vw, (max-width: 767px) 82vw, 740px\" \/><\/figure>\n\n\n\n<hr class=\"wp-block-separator\"\/>\n\n\n\n<figure class=\"wp-block-image size-large\"><img loading=\"lazy\" decoding=\"async\" width=\"1024\" height=\"941\" src=\"https:\/\/laszlo1713.lima-city.de\/wp-content\/uploads\/2021\/11\/Screenshot-2021-11-23-at-13.08.46-1024x941.jpg\" alt=\"\" class=\"wp-image-4688\" srcset=\"https:\/\/laszlo1713.lima-city.de\/wp-content\/uploads\/2021\/11\/Screenshot-2021-11-23-at-13.08.46-1024x941.jpg 1024w, https:\/\/laszlo1713.lima-city.de\/wp-content\/uploads\/2021\/11\/Screenshot-2021-11-23-at-13.08.46-300x276.jpg 300w, https:\/\/laszlo1713.lima-city.de\/wp-content\/uploads\/2021\/11\/Screenshot-2021-11-23-at-13.08.46-768x706.jpg 768w, https:\/\/laszlo1713.lima-city.de\/wp-content\/uploads\/2021\/11\/Screenshot-2021-11-23-at-13.08.46-1536x1412.jpg 1536w, https:\/\/laszlo1713.lima-city.de\/wp-content\/uploads\/2021\/11\/Screenshot-2021-11-23-at-13.08.46.jpg 1588w\" sizes=\"auto, (max-width: 706px) 89vw, (max-width: 767px) 82vw, 740px\" \/><figcaption>Michael \u201eMike\u201c Anthony Granata aus Gilroy, Kalifornien, der diesen Monat 56 Jahre alt wurde, starb unerwartet, nachdem er den Moderna-Impfstoff erhalten hatte. Er nahm den Impfstoff nur auf Dr\u00e4ngen seines Arztes ein. Bald darauf entwickelte er eine Multisystementz\u00fcndung und ein Multisystemversagen, das selbst die Mediziner nicht aufhalten konnten, wie es in seinem Nachruf hei\u00dft.<br>Michael begann drei Tage, nachdem er am 17. August den Moderna-Impfstoff erhalten hatte, sich krank zu f\u00fchlen. Er lag mehrere Wochen lang auf der Intensivstation und wurde in diesen Wochen bis zu 24 Mal am Tag mit Nadeln gestochen, w\u00e4hrend er gleichzeitig sechs oder sieben Infusionen erhielt (kontinuierlich). Er beschrieb dies als st\u00e4ndige Folter.<br><em>\u201eIch war nichts weiter als ein menschliches Versuchskaninchen f\u00fcr den Covid-Impfstoff, und die \u00c4rzte freuten sich, an meiner faszinierenden Entwicklung bis zum Tod teilzuhaben. Ich w\u00fcnschte, ich h\u00e4tte mich nie impfen lassen. Wenn Sie nicht geimpft sind, tun Sie es nicht, es sei denn, Sie sind bereit, zu leiden und zu sterben.\u201c<\/em><\/figcaption><\/figure>\n\n\n\n<figure class=\"wp-block-image size-large\"><img loading=\"lazy\" decoding=\"async\" width=\"1024\" height=\"105\" src=\"https:\/\/laszlo1713.lima-city.de\/wp-content\/uploads\/2021\/11\/Screenshot-2021-11-23-at-13.09.41-1024x105.jpg\" alt=\"\" class=\"wp-image-4689\" srcset=\"https:\/\/laszlo1713.lima-city.de\/wp-content\/uploads\/2021\/11\/Screenshot-2021-11-23-at-13.09.41-1024x105.jpg 1024w, https:\/\/laszlo1713.lima-city.de\/wp-content\/uploads\/2021\/11\/Screenshot-2021-11-23-at-13.09.41-300x31.jpg 300w, https:\/\/laszlo1713.lima-city.de\/wp-content\/uploads\/2021\/11\/Screenshot-2021-11-23-at-13.09.41-768x79.jpg 768w, https:\/\/laszlo1713.lima-city.de\/wp-content\/uploads\/2021\/11\/Screenshot-2021-11-23-at-13.09.41.jpg 1424w\" sizes=\"auto, (max-width: 706px) 89vw, (max-width: 767px) 82vw, 740px\" \/><\/figure>\n\n\n\n<hr class=\"wp-block-separator\"\/>\n\n\n\n<figure class=\"wp-block-image size-full\"><img loading=\"lazy\" decoding=\"async\" width=\"778\" height=\"726\" src=\"https:\/\/laszlo1713.lima-city.de\/wp-content\/uploads\/2021\/11\/Screenshot-2021-11-23-at-13.06.35.jpg\" alt=\"\" class=\"wp-image-4691\" srcset=\"https:\/\/laszlo1713.lima-city.de\/wp-content\/uploads\/2021\/11\/Screenshot-2021-11-23-at-13.06.35.jpg 778w, https:\/\/laszlo1713.lima-city.de\/wp-content\/uploads\/2021\/11\/Screenshot-2021-11-23-at-13.06.35-300x280.jpg 300w, https:\/\/laszlo1713.lima-city.de\/wp-content\/uploads\/2021\/11\/Screenshot-2021-11-23-at-13.06.35-768x717.jpg 768w\" sizes=\"auto, (max-width: 706px) 89vw, (max-width: 767px) 82vw, 740px\" \/><\/figure>\n\n\n\n<hr class=\"wp-block-separator\"\/>\n\n\n\n<figure class=\"wp-block-image size-full\"><img loading=\"lazy\" decoding=\"async\" width=\"732\" height=\"836\" src=\"https:\/\/laszlo1713.lima-city.de\/wp-content\/uploads\/2021\/11\/Screenshot-2021-11-23-at-13.11.27.jpg\" alt=\"\" class=\"wp-image-4693\" srcset=\"https:\/\/laszlo1713.lima-city.de\/wp-content\/uploads\/2021\/11\/Screenshot-2021-11-23-at-13.11.27.jpg 732w, https:\/\/laszlo1713.lima-city.de\/wp-content\/uploads\/2021\/11\/Screenshot-2021-11-23-at-13.11.27-263x300.jpg 263w\" sizes=\"auto, (max-width: 732px) 100vw, 732px\" \/><\/figure>\n\n\n\n<p><span class=\"has-inline-color has-vivid-green-cyan-color\">Ausztria (pontosabban az Ausztri\u00e1t is korm\u00e1nyz\u00f3 h\u00e1tt\u00e9rhatalmi szenny) a m\u00e9lyponton: kis ideje egy szabad f\u00e9l\u00f3r\u00e1t &#8220;aj\u00e1nd\u00e9koztak&#8221; a bord\u00e9lyban azoknak, akik elfogadt\u00e1k az olt\u00e1si felh\u00edv\u00e1st (bed\u00f6ltek neki), \u00fajabban h\u00e1zat lehet nyerni ugyanazon okb\u00f3l. Szerencs\u00e9tlen barmok (mindk\u00e9t oldalon), ez m\u00e1r minden bizonnyal a v\u00e9gj\u00e1t\u00e9k.<\/span><\/p>\n\n\n\n<hr class=\"wp-block-separator\"\/>\n\n\n\n<figure class=\"wp-block-image size-full\"><img loading=\"lazy\" decoding=\"async\" width=\"640\" height=\"706\" src=\"https:\/\/laszlo1713.lima-city.de\/wp-content\/uploads\/2021\/11\/Screenshot-2021-11-23-at-13.17.10.jpg\" alt=\"\" class=\"wp-image-4695\" srcset=\"https:\/\/laszlo1713.lima-city.de\/wp-content\/uploads\/2021\/11\/Screenshot-2021-11-23-at-13.17.10.jpg 640w, https:\/\/laszlo1713.lima-city.de\/wp-content\/uploads\/2021\/11\/Screenshot-2021-11-23-at-13.17.10-272x300.jpg 272w\" sizes=\"auto, (max-width: 640px) 100vw, 640px\" \/><figcaption><span class=\"has-inline-color has-vivid-green-cyan-color\">\u00cdgy m\u0171k\u00f6dik pl. egy  rendszer-barom az illumin\u00e1tus ist\u00e1ll\u00f3 marionett-k\u00e9szlet\u00e9b\u0151l.<\/span><\/figcaption><\/figure>\n\n\n\n<hr class=\"wp-block-separator\"\/>\n\n\n\n<div class=\"wp-block-image\"><figure class=\"aligncenter size-full\"><img loading=\"lazy\" decoding=\"async\" width=\"415\" height=\"679\" src=\"https:\/\/laszlo1713.lima-city.de\/wp-content\/uploads\/2021\/11\/IMAGE-2021-11-23-132045.jpg\" alt=\"\" class=\"wp-image-4697\" srcset=\"https:\/\/laszlo1713.lima-city.de\/wp-content\/uploads\/2021\/11\/IMAGE-2021-11-23-132045.jpg 415w, https:\/\/laszlo1713.lima-city.de\/wp-content\/uploads\/2021\/11\/IMAGE-2021-11-23-132045-183x300.jpg 183w\" sizes=\"auto, (max-width: 415px) 100vw, 415px\" \/><figcaption><span class=\"has-inline-color has-vivid-green-cyan-color\">Mit lehet ehhez m\u00e9g hozz\u00e1tenni? Hannover azonban nem az egyetlen, sokan vannak sajnos ebb\u0151l a fajt\u00e1b\u00f3l. <\/span><\/figcaption><\/figure><\/div>\n\n\n\n<hr class=\"wp-block-separator\"\/>\n\n\n\n<figure class=\"wp-block-image size-large\"><img loading=\"lazy\" decoding=\"async\" width=\"628\" height=\"1024\" src=\"https:\/\/laszlo1713.lima-city.de\/wp-content\/uploads\/2021\/11\/Screenshot-2021-11-23-at-13.31.09-628x1024.jpg\" alt=\"\" class=\"wp-image-4701\" srcset=\"https:\/\/laszlo1713.lima-city.de\/wp-content\/uploads\/2021\/11\/Screenshot-2021-11-23-at-13.31.09-628x1024.jpg 628w, https:\/\/laszlo1713.lima-city.de\/wp-content\/uploads\/2021\/11\/Screenshot-2021-11-23-at-13.31.09-184x300.jpg 184w, https:\/\/laszlo1713.lima-city.de\/wp-content\/uploads\/2021\/11\/Screenshot-2021-11-23-at-13.31.09.jpg 724w\" sizes=\"auto, (max-width: 628px) 100vw, 628px\" \/><figcaption><strong>Die verlorene Generation<\/strong><br><br><strong>Verheizt f\u00fcr den F\u00fchrer, gezeichnet f\u00fcrs Leben &#8211; der Zweite Weltkrieg aus Sicht der Kindersoldaten<\/strong><br><br>Hitlers letztes Aufgebot war minderj\u00e4hrig. Aufgepeitscht durch Kriegspropaganda, glaubten viele Hitlerjungen, sie k\u00f6nnten den Endsieg noch herbeif\u00fchren und Deutschland vor dem Untergang bewahren. Etwa 200.000 Luftwaffenhelfer ab 15 Jahren verteidigten schon 1943 deutsche St\u00e4dte fast im Alleingang; im Herbst 1944 wurde der Volkssturm f\u00fcr alle ab 16 Jahren zur Pflicht, und 1945 missbrauchte die NS-F\u00fchrung selbst 14-J\u00e4hrige als L\u00fcckenf\u00fcller und Kanonenfutter in Panzervernichtungstrupps. Allein in den letzten Kriegswochen fielen \u00fcber 60.000 Kindersoldaten.<br><br>Die \u00dcberlebenden leiden bis heute an verdr\u00e4ngten Kriegstraumata, und die meisten von ihnen konnten oder wollten nie dar\u00fcber sprechen. Am Ende ihres Lebens berichten dreizehn Zeitzeugen unbesch\u00f6nigt von ihren Kindheitserlebnissen w\u00e4hrend erbarmungsloser K\u00e4mpfe oder zerm\u00fcrbender Gefangenschaft.<\/figcaption><\/figure>\n\n\n\n<p><span class=\"has-inline-color has-vivid-green-cyan-color\">Mi lenne ennek a t\u00f6rt\u00e9nelmi visszatekint\u00e9snek az aktualit\u00e1sa? Tal\u00e1n az mindenk\u00e9ppen, hogy a dolgok m\u00e1s form\u00e1ban, m\u00e1s kontextusban, de l\u00e9nyeg\u00e9ben megism\u00e9tl\u0151dnek. Minden esetre, amikor a s\u00e1t\u00e1ni rendszerek (fasiszt\u00e1k, kommunist\u00e1k, globalist\u00e1k pl.) gyermekeket &#8220;\u00e1ldoznak&#8221; fel k\u00fcl\u00f6nf\u00e9le m\u00f3don, de egyazon s\u00f6t\u00e9t c\u00e9lb\u00f3l, akkor bizony\u00e1ra \u00fct\u00f6tt az utols\u00f3 \u00f3r\u00e1juk.<\/span> <span class=\"has-inline-color has-vivid-green-cyan-color\">K\u00f6zben elvesz\u00edt\u00fcnk (\u00fajra) egy (vagy t\u00f6bb?) eg\u00e9sz gener\u00e1ci\u00f3t.<\/span><\/p>\n\n\n\n<hr class=\"wp-block-separator\"\/>\n\n\n\n<figure class=\"wp-block-image size-full\"><img loading=\"lazy\" decoding=\"async\" width=\"652\" height=\"834\" src=\"https:\/\/laszlo1713.lima-city.de\/wp-content\/uploads\/2021\/11\/Screenshot-2021-11-23-at-13.43.28.jpg\" alt=\"\" class=\"wp-image-4704\" srcset=\"https:\/\/laszlo1713.lima-city.de\/wp-content\/uploads\/2021\/11\/Screenshot-2021-11-23-at-13.43.28.jpg 652w, https:\/\/laszlo1713.lima-city.de\/wp-content\/uploads\/2021\/11\/Screenshot-2021-11-23-at-13.43.28-235x300.jpg 235w\" sizes=\"auto, (max-width: 652px) 100vw, 652px\" \/><figcaption><span class=\"has-inline-color has-vivid-green-cyan-color\">V\u00e9letlen?<\/span><\/figcaption><\/figure>\n\n\n\n<hr class=\"wp-block-separator\"\/>\n\n\n\n<figure class=\"wp-block-image size-full\"><img loading=\"lazy\" decoding=\"async\" width=\"724\" height=\"1024\" src=\"https:\/\/laszlo1713.lima-city.de\/wp-content\/uploads\/2021\/11\/Cover_COMPACT_2021_12_shop-724x1024-1.jpg\" alt=\"\" class=\"wp-image-4708\" srcset=\"https:\/\/laszlo1713.lima-city.de\/wp-content\/uploads\/2021\/11\/Cover_COMPACT_2021_12_shop-724x1024-1.jpg 724w, https:\/\/laszlo1713.lima-city.de\/wp-content\/uploads\/2021\/11\/Cover_COMPACT_2021_12_shop-724x1024-1-212x300.jpg 212w\" sizes=\"auto, (max-width: 724px) 100vw, 724px\" \/><figcaption><strong>Fakten statt Hysterie<\/strong><br><br><br><strong>1.)<\/strong>&nbsp;Schon jetzt sind bei den \u00dc60-Toten fast die H\u00e4lfte geimpft. Addiert man die Dunkelziffer dazu, sind es bereits 70 Prozent. Tendenz immer weiter steigend! (<br><strong>2.)<\/strong>&nbsp;Schon jetzt sind 30 bis 40 Prozent der offiziell als \u201cCorona-Tote\u201d Gez\u00e4hlten in Wahrheit Impftote. Sagt der Chefpathologe der Uni Heidelberg, der im Auftrag der Landesregierung die Toten obduziert! Der muss es wissen, denn er untersucht die Leichen! Hei\u00dft: Die Impfung n\u00fctzt nicht nur nichts, sie schadet \u2013 und in vielen F\u00e4llen t\u00f6tet sie! <br><strong>3.)<\/strong>&nbsp;Die Impfung schadet, weil sie unser nat\u00fcrliches Immunsystem schw\u00e4cht, das viel st\u00e4rker ist als alle eingespritzten Chemikalien. <\/figcaption><\/figure>\n\n\n\n<hr class=\"wp-block-separator\"\/>\n\n\n\n<figure class=\"wp-block-image size-large\"><img loading=\"lazy\" decoding=\"async\" width=\"638\" height=\"1024\" src=\"https:\/\/laszlo1713.lima-city.de\/wp-content\/uploads\/2021\/11\/Screenshot-2021-11-23-at-14.22.40-638x1024.jpg\" alt=\"\" class=\"wp-image-4711\" srcset=\"https:\/\/laszlo1713.lima-city.de\/wp-content\/uploads\/2021\/11\/Screenshot-2021-11-23-at-14.22.40-638x1024.jpg 638w, https:\/\/laszlo1713.lima-city.de\/wp-content\/uploads\/2021\/11\/Screenshot-2021-11-23-at-14.22.40-187x300.jpg 187w, https:\/\/laszlo1713.lima-city.de\/wp-content\/uploads\/2021\/11\/Screenshot-2021-11-23-at-14.22.40.jpg 726w\" sizes=\"auto, (max-width: 638px) 100vw, 638px\" \/><\/figure>\n\n\n\n<hr class=\"wp-block-separator\"\/>\n\n\n\n<figure class=\"wp-block-image size-large\"><img loading=\"lazy\" decoding=\"async\" width=\"1024\" height=\"814\" src=\"https:\/\/laszlo1713.lima-city.de\/wp-content\/uploads\/2021\/11\/Screenshot-2021-11-23-at-14.26.22-1024x814.jpg\" alt=\"\" class=\"wp-image-4713\" srcset=\"https:\/\/laszlo1713.lima-city.de\/wp-content\/uploads\/2021\/11\/Screenshot-2021-11-23-at-14.26.22-1024x814.jpg 1024w, https:\/\/laszlo1713.lima-city.de\/wp-content\/uploads\/2021\/11\/Screenshot-2021-11-23-at-14.26.22-300x238.jpg 300w, https:\/\/laszlo1713.lima-city.de\/wp-content\/uploads\/2021\/11\/Screenshot-2021-11-23-at-14.26.22-768x610.jpg 768w, https:\/\/laszlo1713.lima-city.de\/wp-content\/uploads\/2021\/11\/Screenshot-2021-11-23-at-14.26.22.jpg 1470w\" sizes=\"auto, (max-width: 706px) 89vw, (max-width: 767px) 82vw, 740px\" \/><figcaption><em>Von Paul Craig Roberts: Er ist ein US-amerikanischer \u00d6konom und Publizist. Er war stellvertretender Finanzminister w\u00e4hrend der Regierung Reagan und ist als Mitbegr\u00fcnder des wirtschaftspolitischen Programms der Regierung Reagans bekannt.<\/em><br>Das korrupte amerikanische medizinische Establishment unter der Leitung des Massenm\u00f6rders Tony Fauci war vor einiger Zeit gezwungen zuzugeben, dass der Covid-\u201eImpfstoff\u201c schnell an Wirksamkeit gegen das Virus verliert. Sie behaupteten jedoch, der \u201eImpfstoff\u201c sch\u00fctze vor F\u00e4llen, die schlimm genug seien, um einen ins Krankenhaus oder in den Tod zu schicken.<br>Jetzt ist Fauci gezwungen, diese falsche Behauptung zur\u00fcckzunehmen. Vasko Kohlmayer berichtet:<br>Letzte Woche machte Dr. Anthony Fauci das vielleicht vernichtendste Gest\u00e4ndnis in der Covid-Impfstoff-Saga. Die Auswirkungen seiner Aussage sind so weitreichend, dass sich das Interview, in dem er sie machte, durchaus als Wendepunkt im Kampf gegen den gro\u00dfen Impfstoffbetrug erweisen k\u00f6nnte, der an den V\u00f6lkern der Welt ver\u00fcbt wird.In einer Podcast-Sitzung mit der New York Times am 12. November musste Fauci zugeben, dass die Impfstoffe ihre Empf\u00e4nger nicht zuverl\u00e4ssig vor schweren Covidien oder dem Tod sch\u00fctzen.<br>Auf die Frage nach den Daten aus Israel \u2013 einem Land mit einer der h\u00f6chsten Impfraten der Welt \u2013 sagte Fauci Folgendes:<br>\u201eSie beobachten eine nachlassende Immunit\u00e4t nicht nur gegen Infektionen, sondern auch gegen Krankenhausaufenthalte und in gewissem Ma\u00dfe auch gegen den Tod, und das betrifft inzwischen alle Altersgruppen. Es sind nicht nur \u00e4ltere Menschen.\u201c<br>Mit anderen Worten: Die Schutzwirkung der Impfstoffe l\u00e4sst nicht nur in Bezug auf die Infektionsgefahr nach, sondern auch in Bezug auf schwere Covidit\u00e4t und Tod. In Bezug auf die Wirksamkeit der Impfstoffe in L\u00e4ndern mit hohen Impfraten r\u00e4umte Fauci ein:<br><em>\u201eSie l\u00e4sst so weit nach, dass immer mehr Menschen an Durchbruchsinfektionen erkranken, und immer mehr dieser Menschen, die an Durchbruchsinfektionen erkranken, landen im Krankenhaus.\u201c<\/em><br><br>Mit anderen Worten, alle Behauptungen, die f\u00fcr den \u201eImpfstoff\u201c Covid aufgestellt wurden, sind falsch. Unz\u00e4hlige Menschen wurden durch ein korruptes medizinisches Establishment und korrupte Medien zu Selbstmord und schweren Gesundheitssch\u00e4den verleitet. Dennoch geht die Zwangskampagne zur Impfung weiter. Die f\u00fcr diese Kampagne verantwortlichen Personen sind M\u00f6rder. Zu diesen M\u00f6rdern geh\u00f6ren alle politischen F\u00fchrer der westlichen Welt.<br>Warum l\u00fcgen sie alle und der Medienabschaum weiterhin unverhohlen? Diese v\u00f6llig korrupten Leute preisen immer wieder \u201edie Pandemie der Ungeimpften\u201c an. Es gibt keine solche Pandemie.&nbsp;<strong><a rel=\"noreferrer noopener\" href=\"https:\/\/www.globalresearch.ca\/trends-in-mortality-and-morbidity-in-the-most-vaccinated-countries-twenty-one-proven-facts\/5761773\" target=\"_blank\">Informationen aus allen L\u00e4ndern<\/a><\/strong>&nbsp;zeigen, dass die Zahl der Infektionen und Todesf\u00e4lle mit der Anzahl der Impfungen zunimmt.<br>Im Vereinigten K\u00f6nigreich&nbsp;<strong><a rel=\"noreferrer noopener\" href=\"https:\/\/dailyexpose.uk\/2021\/09\/18\/fully-vaccinated-account-for-74-percent-of-covid-19-deaths-in-the-uk\/\" target=\"_blank\">waren 74 % der angeblichen Covid-Todesf\u00e4lle<\/a><\/strong>&nbsp;zwischen August und September geimpfte Menschen.<br>Die von&nbsp;<strong><a rel=\"noreferrer noopener\" href=\"https:\/\/humansarefree.com\/2021\/09\/covid-19-deaths-higher-than-this-time-last-year.html\" target=\"_blank\">Public Health Scotland gesammelten Daten<\/a><\/strong>&nbsp;zeigen, dass die Impfkampagne in Schottland zu einem Anstieg der Todesf\u00e4lle um 3.071 % gegen\u00fcber dem Vorjahr und zu mehr Covid-F\u00e4llen unter den Geimpften als unter den Ungeimpften gef\u00fchrt hat.<br>Auf die&nbsp;<strong><a rel=\"noreferrer noopener\" href=\"https:\/\/humansarefree.com\/2021\/09\/covid-19-deaths-higher-than-this-time-last-year.html\" target=\"_blank\">Ungeimpften entfallen nur 19,7 % aller Covid-19-Todesf\u00e4lle<\/a><\/strong>&nbsp;seit dem 14. August 2021, w\u00e4hrend auf die geimpfte Bev\u00f6lkerung 80,3 % aller Todesf\u00e4lle seit demselben Datum entfallen, wobei die vollst\u00e4ndig Geimpften 76 % der Todesf\u00e4lle ausmachen.<br><strong>Die Daten aus Israel belegen, dass die Pandemie unter den Geimpften grassiert.<\/strong><br>Der Grund, warum die Geimpften gef\u00e4hrdet sind, ist ein doppelter. Der \u201eImpfstoff\u201c hat schwerwiegende Nebenwirkungen, die mit Covid verwechselt werden, und der \u201eImpfstoff\u201c sch\u00e4digt und zerst\u00f6rt letztlich das angeborene menschliche Immunsystem, wodurch die Geimpften anf\u00e4lliger f\u00fcr alle Viren und Krankheiten werden. Renommierte Wissenschaftler und medizinische Forscher, die von Big Pharma unabh\u00e4ngig sind, haben diese Fakten festgestellt, aber die Hurenmedien weigern sich, dar\u00fcber zu berichten. Alles, was die Menschen von CNN, MSNBC, NPR, BBC, New York Times, CDC, NIH, AMA, Politikern und sozialen Medien erfahren, ist Indoktrination, die Menschen dazu bringt, sich selbst zu sch\u00e4digen und zu t\u00f6ten, indem sie den \u201eImpfstoff\u201c akzeptieren.<br>Die Fakten sind eindeutig. Die Covid-Impfkampagne ist die gr\u00f6\u00dfte Massenmordbewegung der Geschichte.<br>Die \u00f6ffentliche Reaktion auf das gerade ver\u00f6ffentlichte Buch von Robert F. Kennedy, Jr. \u201eDer wahre Anthony Fauci\u201c zeigt, dass die Menschen das von den Hurenmedien inszenierte Narrativ durchschauen. Das Buch wurde von den Medien totgeschwiegen, als ob es nicht existieren w\u00fcrde, aber es ist trotzdem die Nummer Eins auf der Bestsellerliste von Amazon und die Nummer Eins auf der Bestsellerliste von Kindle.<br>Neben Amazon und Kindle ist das Buch auch in \u00f6rtlichen Buchhandlungen und bei Barnes &amp; Noble, IndieBound, Bookshop.org, Target, Walmart und Books-A-Million erh\u00e4ltlich. Kaufen und lesen Sie das Buch. Sie werden sehen, dass die \u00f6ffentliche Gesundheit in den H\u00e4nden von Gangstern liegt.<br>Was uns die \u201eCovid-Pandemie\u201c gelehrt hat, ist, dass wir dem medizinischen Establishment, den Politikern und den Medien NULL VERTRAUEN k\u00f6nnen. Diese korrupten Leute haben ganz andere Ziele als die \u00f6ffentliche Gesundheit.<\/figcaption><\/figure>\n\n\n\n<figure class=\"wp-block-image size-full\"><img loading=\"lazy\" decoding=\"async\" width=\"902\" height=\"74\" src=\"https:\/\/laszlo1713.lima-city.de\/wp-content\/uploads\/2021\/11\/Screenshot-2021-11-23-at-14.28.26.jpg\" alt=\"\" class=\"wp-image-4714\" srcset=\"https:\/\/laszlo1713.lima-city.de\/wp-content\/uploads\/2021\/11\/Screenshot-2021-11-23-at-14.28.26.jpg 902w, https:\/\/laszlo1713.lima-city.de\/wp-content\/uploads\/2021\/11\/Screenshot-2021-11-23-at-14.28.26-300x25.jpg 300w, https:\/\/laszlo1713.lima-city.de\/wp-content\/uploads\/2021\/11\/Screenshot-2021-11-23-at-14.28.26-768x63.jpg 768w\" sizes=\"auto, (max-width: 706px) 89vw, (max-width: 767px) 82vw, 740px\" \/><\/figure>\n\n\n\n<hr class=\"wp-block-separator\"\/>\n\n\n\n<figure class=\"wp-block-image size-full\"><img loading=\"lazy\" decoding=\"async\" width=\"678\" height=\"500\" src=\"https:\/\/laszlo1713.lima-city.de\/wp-content\/uploads\/2021\/11\/Screenshot-2021-11-23-at-17.13.23.jpg\" alt=\"\" class=\"wp-image-4716\" srcset=\"https:\/\/laszlo1713.lima-city.de\/wp-content\/uploads\/2021\/11\/Screenshot-2021-11-23-at-17.13.23.jpg 678w, https:\/\/laszlo1713.lima-city.de\/wp-content\/uploads\/2021\/11\/Screenshot-2021-11-23-at-17.13.23-300x221.jpg 300w\" sizes=\"auto, (max-width: 678px) 100vw, 678px\" \/><figcaption>Diesen Sonntag hat der linksradikale Doktor Fauci endlich die T\u00fcr f\u00fcr eine lebenslange Covid-19-Auffrischungsimpfung ge\u00f6ffnet! &#8220;Albert Bourla, CEO von Pfizer, sagte k\u00fcrzlich, es sei sehr wahrscheinlich, dass Auffrischungsimpfungen j\u00e4hrlich erforderlich sind.&#8221;<\/figcaption><\/figure>\n\n\n\n<hr class=\"wp-block-separator\"\/>\n","protected":false},"excerpt":{"rendered":"<p>Legal\u00e1bb sz\u00e9pen egy\u00fctt vannak az \u00fan. &#8220;nagymesterek&#8221;, a vil\u00e1g h\u00e1tt\u00e9rhatalmi urai. \u0150k a felel\u0151sek a jelenlegi (glob\u00e1lis) &#8220;k\u00e1osz\u00e9rt&#8221;, amib\u0151l terveik szerint \u00faj &#8220;rendet&#8221; (\u00faj vil\u00e1grendet, NWO) teremtenek. Meggy\u0151z\u0151d\u00e9sem, hogy ebben t\u00e9vedtek. A vil\u00e1gnak egyre ink\u00e1bb elege van ezekb\u0151l \u00e9s hazugs\u00e1gaikb\u00f3l. Sok a l\u00e1tsz\u00f3lag k\u00fcl\u00f6n\u00e1ll\u00f3, sokszor \u00e9rthetetlen t\u00f6rt\u00e9n\u00e9s, m\u00e9gis egyre jobban l\u00e1tjuk a s\u00e1t\u00e1ni infiltr\u00e1ci\u00f3t minden\u00fctt. &hellip; <\/p>\n<p class=\"link-more\"><a href=\"https:\/\/laszlo1713.lima-city.de\/index.php\/lapszemle-ix\/\" class=\"more-link\">Continue reading<span class=\"screen-reader-text\"> &#8220;Lapszemle IX.&#8221;<\/span><\/a><\/p>\n","protected":false},"author":1,"featured_media":0,"parent":0,"menu_order":0,"comment_status":"closed","ping_status":"closed","template":"","meta":{"footnotes":""},"class_list":["post-4620","page","type-page","status-publish","hentry"],"_links":{"self":[{"href":"https:\/\/laszlo1713.lima-city.de\/index.php\/wp-json\/wp\/v2\/pages\/4620","targetHints":{"allow":["GET"]}}],"collection":[{"href":"https:\/\/laszlo1713.lima-city.de\/index.php\/wp-json\/wp\/v2\/pages"}],"about":[{"href":"https:\/\/laszlo1713.lima-city.de\/index.php\/wp-json\/wp\/v2\/types\/page"}],"author":[{"embeddable":true,"href":"https:\/\/laszlo1713.lima-city.de\/index.php\/wp-json\/wp\/v2\/users\/1"}],"replies":[{"embeddable":true,"href":"https:\/\/laszlo1713.lima-city.de\/index.php\/wp-json\/wp\/v2\/comments?post=4620"}],"version-history":[{"count":34,"href":"https:\/\/laszlo1713.lima-city.de\/index.php\/wp-json\/wp\/v2\/pages\/4620\/revisions"}],"predecessor-version":[{"id":4737,"href":"https:\/\/laszlo1713.lima-city.de\/index.php\/wp-json\/wp\/v2\/pages\/4620\/revisions\/4737"}],"wp:attachment":[{"href":"https:\/\/laszlo1713.lima-city.de\/index.php\/wp-json\/wp\/v2\/media?parent=4620"}],"curies":[{"name":"wp","href":"https:\/\/api.w.org\/{rel}","templated":true}]}}