{"id":4420,"date":"2021-11-08T17:52:13","date_gmt":"2021-11-08T16:52:13","guid":{"rendered":"https:\/\/laszlo1713.lima-city.de\/?page_id=4420"},"modified":"2021-11-21T20:58:56","modified_gmt":"2021-11-21T19:58:56","slug":"lapszemle-viii","status":"publish","type":"page","link":"https:\/\/laszlo1713.lima-city.de\/index.php\/lapszemle-viii\/","title":{"rendered":"Lapszemle VIII."},"content":{"rendered":"\n<p>We\u00f6res S\u00e1ndor \u00edrja (<strong>A vez\u00e9remberr\u0151l<\/strong>): &#8220;<em>N\u00e9gyf\u00e9le vezet\u0151ember lehet az orsz\u00e1g \u00e9l\u00e9n. Prokruszt\u00e9sz, Nap\u00f3leon, Samu b\u00e1csi \u00e9s Szol\u00f3n. (&#8230;) Samu b\u00e1csi \u00fagy \u00fcl az uralkod\u00f3i teremben, mint egy f\u0171szeresboltban, dek\u00e1kkal \u00e9s garasokkal ravaszkodik<\/em>.&#8221;<\/p>\n\n\n\n<p><span class=\"has-inline-color has-vivid-green-cyan-color\">Itt tartunk jelenleg, Samu b\u00e1csi (lenne) az orsz\u00e1g \u00e9l\u00e9n?<\/span><\/p>\n\n\n\n<hr class=\"wp-block-separator\"\/>\n\n\n\n<figure class=\"wp-block-image size-large\"><img loading=\"lazy\" decoding=\"async\" width=\"1024\" height=\"978\" src=\"https:\/\/laszlo1713.lima-city.de\/wp-content\/uploads\/2021\/11\/IMAGE-2021-11-15-083030-1024x978.jpg\" alt=\"\" class=\"wp-image-4466\" srcset=\"https:\/\/laszlo1713.lima-city.de\/wp-content\/uploads\/2021\/11\/IMAGE-2021-11-15-083030-1024x978.jpg 1024w, https:\/\/laszlo1713.lima-city.de\/wp-content\/uploads\/2021\/11\/IMAGE-2021-11-15-083030-300x286.jpg 300w, https:\/\/laszlo1713.lima-city.de\/wp-content\/uploads\/2021\/11\/IMAGE-2021-11-15-083030-768x733.jpg 768w, https:\/\/laszlo1713.lima-city.de\/wp-content\/uploads\/2021\/11\/IMAGE-2021-11-15-083030.jpg 1080w\" sizes=\"auto, (max-width: 706px) 89vw, (max-width: 767px) 82vw, 740px\" \/><\/figure>\n\n\n\n<p><span class=\"has-inline-color has-vivid-green-cyan-color\">A v\u00e1laszt\u00e1s szabads\u00e1ga. A szabads\u00e1g v\u00e1laszt\u00e1sa?<\/span><\/p>\n\n\n\n<hr class=\"wp-block-separator\"\/>\n\n\n\n<figure class=\"wp-block-image size-large\"><img loading=\"lazy\" decoding=\"async\" width=\"1024\" height=\"824\" src=\"https:\/\/laszlo1713.lima-city.de\/wp-content\/uploads\/2021\/11\/Screenshot-2021-11-15-at-08.37.34-1024x824.jpg\" alt=\"\" class=\"wp-image-4469\" srcset=\"https:\/\/laszlo1713.lima-city.de\/wp-content\/uploads\/2021\/11\/Screenshot-2021-11-15-at-08.37.34-1024x824.jpg 1024w, https:\/\/laszlo1713.lima-city.de\/wp-content\/uploads\/2021\/11\/Screenshot-2021-11-15-at-08.37.34-300x241.jpg 300w, https:\/\/laszlo1713.lima-city.de\/wp-content\/uploads\/2021\/11\/Screenshot-2021-11-15-at-08.37.34-768x618.jpg 768w, https:\/\/laszlo1713.lima-city.de\/wp-content\/uploads\/2021\/11\/Screenshot-2021-11-15-at-08.37.34-1536x1236.jpg 1536w, https:\/\/laszlo1713.lima-city.de\/wp-content\/uploads\/2021\/11\/Screenshot-2021-11-15-at-08.37.34.jpg 1548w\" sizes=\"auto, (max-width: 706px) 89vw, (max-width: 767px) 82vw, 740px\" \/><figcaption>Es sollte inzwischen klar sein, dass die Pandemie nicht enden wird, bis Dr. Fauci abgesetzt und ersetzt wird.<br>\u00dcber ein Jahr lang hat Dr. Fauci erfolgreiche Behandlungen blockiert und zu viele unwirksame Impfstoffe versprochen. Aber wenigstens hat Big Pharma Rekordgewinne gemacht.<br>Am Freitag erkl\u00e4rte Dr. Fauci im Podcast der New York Times, dass die Impfstoffe nicht wie versprochen wirken und dass die Amerikaner aufgrund ihrer schwindenden Immunit\u00e4t in Gefahr sind.<\/figcaption><\/figure>\n\n\n\n<hr class=\"wp-block-separator\"\/>\n\n\n\n<figure class=\"wp-block-image size-large\"><img loading=\"lazy\" decoding=\"async\" width=\"1024\" height=\"629\" src=\"https:\/\/laszlo1713.lima-city.de\/wp-content\/uploads\/2021\/11\/Screenshot-2021-11-15-at-09.58.26-1024x629.jpg\" alt=\"\" class=\"wp-image-4472\" srcset=\"https:\/\/laszlo1713.lima-city.de\/wp-content\/uploads\/2021\/11\/Screenshot-2021-11-15-at-09.58.26-1024x629.jpg 1024w, https:\/\/laszlo1713.lima-city.de\/wp-content\/uploads\/2021\/11\/Screenshot-2021-11-15-at-09.58.26-300x184.jpg 300w, https:\/\/laszlo1713.lima-city.de\/wp-content\/uploads\/2021\/11\/Screenshot-2021-11-15-at-09.58.26-768x472.jpg 768w, https:\/\/laszlo1713.lima-city.de\/wp-content\/uploads\/2021\/11\/Screenshot-2021-11-15-at-09.58.26.jpg 1536w\" sizes=\"auto, (max-width: 706px) 89vw, (max-width: 767px) 82vw, 740px\" \/><figcaption>Fauci ist der bestbezahlte Bundesangestellte in den USA, und 68% seines Gehalts von 437.000 Dollar pro Jahr stammen aus der Biowaffenforschung<br>Anstatt die \u00f6ffentliche Gesundheit zu sch\u00fctzen, hat Dr. Anthony Fauci die National Institutes of Health in einen Inkubator f\u00fcr pharmazeutische Produkte verwandelt und im Grunde das ganze Land an die Pharmaindustrie verkauft<br>Fauci hatte seine Hand im Spiel, als es darum ging, den Goldrausch der Impfstoffe anzuheizen. Im Jahr 2000 traf er sich mit Bill Gates, der ihn um eine Partnerschaft mit den NIH bat, um die Welt mit einer Reihe neuer Impfstoffe zu versorgen. Im Jahr 2009 wurde diese Vereinbarung zum \u201eJahrzehnt der Impfstoffe\u201c umbenannt, mit dem Ziel, bis zum Jahr 2020 f\u00fcr alle Erwachsenen und Kinder auf der Welt eine Impfpflicht einzuf\u00fchren.<br>Einer der dunkelsten Flecken auf Faucis Karriere, abgesehen von seiner Rolle bei der COVID-Pandemie, war sein Umgang mit der HIV-Epidemie. Fauci unterdr\u00fcckte die Verwendung neuartiger Medikamente und konzentrierte sich auf AZT, ein giftiges Medikament, das sch\u00e4tzungsweise 300.000 AIDS-Patienten das Leben gekostet hat.<br>Die \u00c4hnlichkeiten zwischen dem AZT-Skandal und dem, was heute mit dem COVID-Impfstoff und Remdesivir geschieht, sind frappierend. Auch hier hat Fauci alle Behandlungen mit kosteng\u00fcnstigen und ungiftigen Medikamenten unterdr\u00fcckt. Die US-Steuerzahler haben f\u00fcr die Forschung bezahlt, w\u00e4hrend die Pharmakonzerne die Gewinne eingestrichen haben, w\u00e4hrend sie f\u00fcr Verletzungen und Todesf\u00e4lle nicht haftbar gemacht werden.<\/figcaption><\/figure>\n\n\n\n<hr class=\"wp-block-separator\"\/>\n\n\n\n<figure class=\"wp-block-image size-large\"><img loading=\"lazy\" decoding=\"async\" width=\"1024\" height=\"585\" src=\"https:\/\/laszlo1713.lima-city.de\/wp-content\/uploads\/2021\/11\/IMAGE-2021-11-15-095705-1024x585.jpg\" alt=\"\" class=\"wp-image-4473\" srcset=\"https:\/\/laszlo1713.lima-city.de\/wp-content\/uploads\/2021\/11\/IMAGE-2021-11-15-095705-1024x585.jpg 1024w, https:\/\/laszlo1713.lima-city.de\/wp-content\/uploads\/2021\/11\/IMAGE-2021-11-15-095705-300x171.jpg 300w, https:\/\/laszlo1713.lima-city.de\/wp-content\/uploads\/2021\/11\/IMAGE-2021-11-15-095705-768x439.jpg 768w, https:\/\/laszlo1713.lima-city.de\/wp-content\/uploads\/2021\/11\/IMAGE-2021-11-15-095705.jpg 1199w\" sizes=\"auto, (max-width: 706px) 89vw, (max-width: 767px) 82vw, 740px\" \/><\/figure>\n\n\n\n<p><span class=\"has-inline-color has-vivid-green-cyan-color\">M\u00fcckstein (az osztr\u00e1k eg\u00e9szs\u00e9g\u00fcgyminiszter) is a nagy glob\u00e1lis &#8220;klubnak&#8221; (DS) egy \u00fajabb marionettje (&#8220;L\u00e9gi\u00f3 a nevem, mert sokan vagyunk&#8221;).<\/span> <span class=\"has-inline-color has-vivid-green-cyan-color\">Egy akaszt\u00f3favir\u00e1g.<\/span><\/p>\n\n\n\n<hr class=\"wp-block-separator\"\/>\n\n\n\n<figure class=\"wp-block-image size-large\"><img loading=\"lazy\" decoding=\"async\" width=\"1024\" height=\"403\" src=\"https:\/\/laszlo1713.lima-city.de\/wp-content\/uploads\/2021\/11\/Screenshot-2021-11-15-at-10.24.46-1024x403.jpg\" alt=\"\" class=\"wp-image-4476\" srcset=\"https:\/\/laszlo1713.lima-city.de\/wp-content\/uploads\/2021\/11\/Screenshot-2021-11-15-at-10.24.46-1024x403.jpg 1024w, https:\/\/laszlo1713.lima-city.de\/wp-content\/uploads\/2021\/11\/Screenshot-2021-11-15-at-10.24.46-300x118.jpg 300w, https:\/\/laszlo1713.lima-city.de\/wp-content\/uploads\/2021\/11\/Screenshot-2021-11-15-at-10.24.46-768x302.jpg 768w, https:\/\/laszlo1713.lima-city.de\/wp-content\/uploads\/2021\/11\/Screenshot-2021-11-15-at-10.24.46-1536x605.jpg 1536w, https:\/\/laszlo1713.lima-city.de\/wp-content\/uploads\/2021\/11\/Screenshot-2021-11-15-at-10.24.46-2048x806.jpg 2048w\" sizes=\"auto, (max-width: 706px) 89vw, (max-width: 767px) 82vw, 740px\" \/><\/figure>\n\n\n\n<p><span class=\"has-inline-color has-vivid-green-cyan-color\"><strong>Bl\u00f6d<\/strong> &#8211; S\u00f6der &#8211; al Schallenberg<\/span><\/p>\n\n\n\n<hr class=\"wp-block-separator\"\/>\n\n\n\n<figure class=\"wp-block-image size-large\"><img loading=\"lazy\" decoding=\"async\" width=\"1024\" height=\"458\" src=\"https:\/\/laszlo1713.lima-city.de\/wp-content\/uploads\/2021\/11\/Screenshot-2021-11-15-at-14.06.24-1024x458.jpg\" alt=\"\" class=\"wp-image-4479\" srcset=\"https:\/\/laszlo1713.lima-city.de\/wp-content\/uploads\/2021\/11\/Screenshot-2021-11-15-at-14.06.24-1024x458.jpg 1024w, https:\/\/laszlo1713.lima-city.de\/wp-content\/uploads\/2021\/11\/Screenshot-2021-11-15-at-14.06.24-300x134.jpg 300w, https:\/\/laszlo1713.lima-city.de\/wp-content\/uploads\/2021\/11\/Screenshot-2021-11-15-at-14.06.24-768x343.jpg 768w, https:\/\/laszlo1713.lima-city.de\/wp-content\/uploads\/2021\/11\/Screenshot-2021-11-15-at-14.06.24-1536x687.jpg 1536w, https:\/\/laszlo1713.lima-city.de\/wp-content\/uploads\/2021\/11\/Screenshot-2021-11-15-at-14.06.24-2048x915.jpg 2048w\" sizes=\"auto, (max-width: 706px) 89vw, (max-width: 767px) 82vw, 740px\" \/><\/figure>\n\n\n\n<figure class=\"wp-block-image size-large\"><img loading=\"lazy\" decoding=\"async\" width=\"1024\" height=\"467\" src=\"https:\/\/laszlo1713.lima-city.de\/wp-content\/uploads\/2021\/11\/Screenshot-2021-11-15-at-14.06.44-1024x467.jpg\" alt=\"\" class=\"wp-image-4480\" srcset=\"https:\/\/laszlo1713.lima-city.de\/wp-content\/uploads\/2021\/11\/Screenshot-2021-11-15-at-14.06.44-1024x467.jpg 1024w, https:\/\/laszlo1713.lima-city.de\/wp-content\/uploads\/2021\/11\/Screenshot-2021-11-15-at-14.06.44-300x137.jpg 300w, https:\/\/laszlo1713.lima-city.de\/wp-content\/uploads\/2021\/11\/Screenshot-2021-11-15-at-14.06.44-768x350.jpg 768w, https:\/\/laszlo1713.lima-city.de\/wp-content\/uploads\/2021\/11\/Screenshot-2021-11-15-at-14.06.44-1536x701.jpg 1536w, https:\/\/laszlo1713.lima-city.de\/wp-content\/uploads\/2021\/11\/Screenshot-2021-11-15-at-14.06.44.jpg 1640w\" sizes=\"auto, (max-width: 706px) 89vw, (max-width: 767px) 82vw, 740px\" \/><figcaption>Klaus Schwab, founder of the&nbsp;<a href=\"https:\/\/www.weforum.org\/about\/klaus-schwab\">World Economic Forum<\/a>&nbsp;(WEF), has&nbsp;<a href=\"https:\/\/www.youtube.com\/watch?v=B28k_1D2zb4&amp;ab_channel=DekhNews6\">been arrested<\/a>&nbsp;at his home in&nbsp;<a href=\"https:\/\/en.wikipedia.org\/wiki\/Cologny\">Cologny<\/a>, Switzerland Friday and charged for multiple counts of fraud. A police source states that he was arrested on request of Europol in relation to crimes he allegedly committed during the COVID-19 pandemic. Klaus Schwab is currently in custody. His lawyer was not immediately available for comment.<\/figcaption><\/figure>\n\n\n\n<hr class=\"wp-block-separator\"\/>\n\n\n\n<figure class=\"wp-block-image size-large\"><img loading=\"lazy\" decoding=\"async\" width=\"1024\" height=\"1024\" src=\"https:\/\/laszlo1713.lima-city.de\/wp-content\/uploads\/2021\/11\/IMAGE-2021-11-15-141036-1024x1024.jpg\" alt=\"\" class=\"wp-image-4482\" srcset=\"https:\/\/laszlo1713.lima-city.de\/wp-content\/uploads\/2021\/11\/IMAGE-2021-11-15-141036-1024x1024.jpg 1024w, https:\/\/laszlo1713.lima-city.de\/wp-content\/uploads\/2021\/11\/IMAGE-2021-11-15-141036-300x300.jpg 300w, https:\/\/laszlo1713.lima-city.de\/wp-content\/uploads\/2021\/11\/IMAGE-2021-11-15-141036-150x150.jpg 150w, https:\/\/laszlo1713.lima-city.de\/wp-content\/uploads\/2021\/11\/IMAGE-2021-11-15-141036-768x769.jpg 768w, https:\/\/laszlo1713.lima-city.de\/wp-content\/uploads\/2021\/11\/IMAGE-2021-11-15-141036-100x100.jpg 100w, https:\/\/laszlo1713.lima-city.de\/wp-content\/uploads\/2021\/11\/IMAGE-2021-11-15-141036.jpg 1279w\" sizes=\"auto, (max-width: 706px) 89vw, (max-width: 767px) 82vw, 740px\" \/><\/figure>\n\n\n\n<p><span class=\"has-inline-color has-vivid-green-cyan-color\">Tudj\u00e1k, mert m\u00e1r el\u0151re megtervezt\u00e9k. Ausztria (is) nyakig benne.<\/span><\/p>\n\n\n\n<hr class=\"wp-block-separator\"\/>\n\n\n\n<figure class=\"wp-block-image size-full\"><img loading=\"lazy\" decoding=\"async\" width=\"630\" height=\"534\" src=\"https:\/\/laszlo1713.lima-city.de\/wp-content\/uploads\/2021\/11\/Screenshot-2021-11-15-at-14.11.50.jpg\" alt=\"\" class=\"wp-image-4484\" srcset=\"https:\/\/laszlo1713.lima-city.de\/wp-content\/uploads\/2021\/11\/Screenshot-2021-11-15-at-14.11.50.jpg 630w, https:\/\/laszlo1713.lima-city.de\/wp-content\/uploads\/2021\/11\/Screenshot-2021-11-15-at-14.11.50-300x254.jpg 300w\" sizes=\"auto, (max-width: 630px) 100vw, 630px\" \/><\/figure>\n\n\n\n<p><span class=\"has-inline-color has-vivid-green-cyan-color\">Az \u00f3vatoss\u00e1g r\u00e9gen volt, ma az ellenkez\u0151j\u00e9t s\u00falykolj\u00e1k &#8220;felebar\u00e1ti szeretet&#8221; c\u00edmke alatt.<\/span><\/p>\n\n\n\n<hr class=\"wp-block-separator\"\/>\n\n\n\n<figure class=\"wp-block-image size-full\"><img loading=\"lazy\" decoding=\"async\" width=\"666\" height=\"712\" src=\"https:\/\/laszlo1713.lima-city.de\/wp-content\/uploads\/2021\/11\/Screenshot-2021-11-15-at-14.11.19.jpg\" alt=\"\" class=\"wp-image-4485\" srcset=\"https:\/\/laszlo1713.lima-city.de\/wp-content\/uploads\/2021\/11\/Screenshot-2021-11-15-at-14.11.19.jpg 666w, https:\/\/laszlo1713.lima-city.de\/wp-content\/uploads\/2021\/11\/Screenshot-2021-11-15-at-14.11.19-281x300.jpg 281w\" sizes=\"auto, (max-width: 666px) 100vw, 666px\" \/><\/figure>\n\n\n\n<hr class=\"wp-block-separator\"\/>\n\n\n\n<figure class=\"wp-block-image size-large\"><img loading=\"lazy\" decoding=\"async\" width=\"1024\" height=\"893\" src=\"https:\/\/laszlo1713.lima-city.de\/wp-content\/uploads\/2021\/11\/Screenshot-2021-11-15-at-16.50.45-1024x893.jpg\" alt=\"\" class=\"wp-image-4487\" srcset=\"https:\/\/laszlo1713.lima-city.de\/wp-content\/uploads\/2021\/11\/Screenshot-2021-11-15-at-16.50.45-1024x893.jpg 1024w, https:\/\/laszlo1713.lima-city.de\/wp-content\/uploads\/2021\/11\/Screenshot-2021-11-15-at-16.50.45-300x262.jpg 300w, https:\/\/laszlo1713.lima-city.de\/wp-content\/uploads\/2021\/11\/Screenshot-2021-11-15-at-16.50.45-768x670.jpg 768w, https:\/\/laszlo1713.lima-city.de\/wp-content\/uploads\/2021\/11\/Screenshot-2021-11-15-at-16.50.45.jpg 1452w\" sizes=\"auto, (max-width: 706px) 89vw, (max-width: 767px) 82vw, 740px\" \/><figcaption>U.S. Special Forces arrested former President George W. Bush Saturday morning at his Crawford, Texas, ranch following a blistering firefight with Secret Service agents and private security contractors assigned to protect him. (&#8230;)Our source said that JAG and the Office of Military Commissions had long sought Bush\u2019s arrest. He did not say why it waited so long or why it felt such an impetus to grab Bush Saturday morning. Bush, he said, has been charged with treason and is being held to account for the deaths of thousands of soldiers in Iraq and Afghanistan and for his role in masterminding 9\/11, in addition to other crimes.<br>\u201cHe will face a military tribunal,\u201d our source said.<\/figcaption><\/figure>\n\n\n\n<hr class=\"wp-block-separator\"\/>\n\n\n\n<figure class=\"wp-block-image size-large\"><img loading=\"lazy\" decoding=\"async\" width=\"1024\" height=\"736\" src=\"https:\/\/laszlo1713.lima-city.de\/wp-content\/uploads\/2021\/11\/Screenshot-2021-11-15-at-17.59.25-1024x736.jpg\" alt=\"\" class=\"wp-image-4490\" srcset=\"https:\/\/laszlo1713.lima-city.de\/wp-content\/uploads\/2021\/11\/Screenshot-2021-11-15-at-17.59.25-1024x736.jpg 1024w, https:\/\/laszlo1713.lima-city.de\/wp-content\/uploads\/2021\/11\/Screenshot-2021-11-15-at-17.59.25-300x216.jpg 300w, https:\/\/laszlo1713.lima-city.de\/wp-content\/uploads\/2021\/11\/Screenshot-2021-11-15-at-17.59.25-768x552.jpg 768w, https:\/\/laszlo1713.lima-city.de\/wp-content\/uploads\/2021\/11\/Screenshot-2021-11-15-at-17.59.25-1536x1104.jpg 1536w, https:\/\/laszlo1713.lima-city.de\/wp-content\/uploads\/2021\/11\/Screenshot-2021-11-15-at-17.59.25.jpg 1544w\" sizes=\"auto, (max-width: 706px) 89vw, (max-width: 767px) 82vw, 740px\" \/><figcaption>Wir alle wissen, dass Impfstoffe f\u00fcr Menschen sch\u00e4dlich sind, und jetzt sind sie auch f\u00fcr Kinder zugelassen.<br>Was k\u00f6nnte das wohl bedeuten?<br>Es bedeutet, dass die Globalisten so viele Kinder wie m\u00f6glich t\u00f6ten wollen und das schnell!<\/figcaption><\/figure>\n\n\n\n<hr class=\"wp-block-separator\"\/>\n\n\n\n<figure class=\"wp-block-image size-full\"><img loading=\"lazy\" decoding=\"async\" width=\"816\" height=\"916\" src=\"https:\/\/laszlo1713.lima-city.de\/wp-content\/uploads\/2021\/11\/Screenshot-2021-11-15-at-20.13.33.jpg\" alt=\"\" class=\"wp-image-4492\" srcset=\"https:\/\/laszlo1713.lima-city.de\/wp-content\/uploads\/2021\/11\/Screenshot-2021-11-15-at-20.13.33.jpg 816w, https:\/\/laszlo1713.lima-city.de\/wp-content\/uploads\/2021\/11\/Screenshot-2021-11-15-at-20.13.33-267x300.jpg 267w, https:\/\/laszlo1713.lima-city.de\/wp-content\/uploads\/2021\/11\/Screenshot-2021-11-15-at-20.13.33-768x862.jpg 768w\" sizes=\"auto, (max-width: 706px) 89vw, (max-width: 767px) 82vw, 740px\" \/><\/figure>\n\n\n\n<hr class=\"wp-block-separator\"\/>\n\n\n\n<figure class=\"wp-block-image size-large\"><img loading=\"lazy\" decoding=\"async\" width=\"1024\" height=\"1010\" src=\"https:\/\/laszlo1713.lima-city.de\/wp-content\/uploads\/2021\/11\/IMAGE-2021-11-15-212648-1024x1010.jpg\" alt=\"\" class=\"wp-image-4494\" srcset=\"https:\/\/laszlo1713.lima-city.de\/wp-content\/uploads\/2021\/11\/IMAGE-2021-11-15-212648-1024x1010.jpg 1024w, https:\/\/laszlo1713.lima-city.de\/wp-content\/uploads\/2021\/11\/IMAGE-2021-11-15-212648-300x296.jpg 300w, https:\/\/laszlo1713.lima-city.de\/wp-content\/uploads\/2021\/11\/IMAGE-2021-11-15-212648-768x757.jpg 768w, https:\/\/laszlo1713.lima-city.de\/wp-content\/uploads\/2021\/11\/IMAGE-2021-11-15-212648-100x100.jpg 100w, https:\/\/laszlo1713.lima-city.de\/wp-content\/uploads\/2021\/11\/IMAGE-2021-11-15-212648.jpg 1170w\" sizes=\"auto, (max-width: 706px) 89vw, (max-width: 767px) 82vw, 740px\" \/><\/figure>\n\n\n\n<hr class=\"wp-block-separator\"\/>\n\n\n\n<figure class=\"wp-block-image size-large\"><img loading=\"lazy\" decoding=\"async\" width=\"1024\" height=\"1000\" src=\"https:\/\/laszlo1713.lima-city.de\/wp-content\/uploads\/2021\/11\/Screenshot-2021-11-17-at-08.32.50-1024x1000.jpg\" alt=\"\" class=\"wp-image-4497\" srcset=\"https:\/\/laszlo1713.lima-city.de\/wp-content\/uploads\/2021\/11\/Screenshot-2021-11-17-at-08.32.50-1024x1000.jpg 1024w, https:\/\/laszlo1713.lima-city.de\/wp-content\/uploads\/2021\/11\/Screenshot-2021-11-17-at-08.32.50-300x293.jpg 300w, https:\/\/laszlo1713.lima-city.de\/wp-content\/uploads\/2021\/11\/Screenshot-2021-11-17-at-08.32.50-768x750.jpg 768w, https:\/\/laszlo1713.lima-city.de\/wp-content\/uploads\/2021\/11\/Screenshot-2021-11-17-at-08.32.50.jpg 1514w\" sizes=\"auto, (max-width: 706px) 89vw, (max-width: 767px) 82vw, 740px\" \/><\/figure>\n\n\n\n<p><span class=\"has-inline-color has-vivid-green-cyan-color\">A t\u00e9nyek, a makacs t\u00e9nyek.<\/span> <span class=\"has-inline-color has-vivid-green-cyan-color\">Aki l\u00e1tja, l\u00e1tja.<\/span><\/p>\n\n\n\n<hr class=\"wp-block-separator\"\/>\n\n\n\n<figure class=\"wp-block-image size-full\"><img loading=\"lazy\" decoding=\"async\" width=\"1018\" height=\"860\" src=\"https:\/\/laszlo1713.lima-city.de\/wp-content\/uploads\/2021\/11\/Screenshot-2021-11-17-at-08.49.49.jpg\" alt=\"\" class=\"wp-image-4500\" srcset=\"https:\/\/laszlo1713.lima-city.de\/wp-content\/uploads\/2021\/11\/Screenshot-2021-11-17-at-08.49.49.jpg 1018w, https:\/\/laszlo1713.lima-city.de\/wp-content\/uploads\/2021\/11\/Screenshot-2021-11-17-at-08.49.49-300x253.jpg 300w, https:\/\/laszlo1713.lima-city.de\/wp-content\/uploads\/2021\/11\/Screenshot-2021-11-17-at-08.49.49-768x649.jpg 768w\" sizes=\"auto, (max-width: 706px) 89vw, (max-width: 767px) 82vw, 740px\" \/><\/figure>\n\n\n\n<hr class=\"wp-block-separator\"\/>\n\n\n\n<figure class=\"wp-block-image size-large\"><img loading=\"lazy\" decoding=\"async\" width=\"1024\" height=\"934\" src=\"https:\/\/laszlo1713.lima-city.de\/wp-content\/uploads\/2021\/11\/Screenshot-2021-11-17-at-09.50.27-1024x934.jpg\" alt=\"\" class=\"wp-image-4502\" srcset=\"https:\/\/laszlo1713.lima-city.de\/wp-content\/uploads\/2021\/11\/Screenshot-2021-11-17-at-09.50.27-1024x934.jpg 1024w, https:\/\/laszlo1713.lima-city.de\/wp-content\/uploads\/2021\/11\/Screenshot-2021-11-17-at-09.50.27-300x274.jpg 300w, https:\/\/laszlo1713.lima-city.de\/wp-content\/uploads\/2021\/11\/Screenshot-2021-11-17-at-09.50.27-768x700.jpg 768w, https:\/\/laszlo1713.lima-city.de\/wp-content\/uploads\/2021\/11\/Screenshot-2021-11-17-at-09.50.27-1536x1400.jpg 1536w, https:\/\/laszlo1713.lima-city.de\/wp-content\/uploads\/2021\/11\/Screenshot-2021-11-17-at-09.50.27.jpg 1700w\" sizes=\"auto, (max-width: 706px) 89vw, (max-width: 767px) 82vw, 740px\" \/><\/figure>\n\n\n\n<p><span class=\"has-inline-color has-vivid-green-cyan-color\">A hazug (b\u0171nr\u00e9szes) m\u00e9dia.<\/span><\/p>\n\n\n\n<figure class=\"wp-block-image size-full\"><img loading=\"lazy\" decoding=\"async\" width=\"933\" height=\"532\" src=\"https:\/\/laszlo1713.lima-city.de\/wp-content\/uploads\/2021\/11\/IMAGE-2021-11-17-095005.jpg\" alt=\"\" class=\"wp-image-4504\" srcset=\"https:\/\/laszlo1713.lima-city.de\/wp-content\/uploads\/2021\/11\/IMAGE-2021-11-17-095005.jpg 933w, https:\/\/laszlo1713.lima-city.de\/wp-content\/uploads\/2021\/11\/IMAGE-2021-11-17-095005-300x171.jpg 300w, https:\/\/laszlo1713.lima-city.de\/wp-content\/uploads\/2021\/11\/IMAGE-2021-11-17-095005-768x438.jpg 768w\" sizes=\"auto, (max-width: 706px) 89vw, (max-width: 767px) 82vw, 740px\" \/><\/figure>\n\n\n\n<p><span class=\"has-inline-color has-vivid-green-cyan-color\">Emberek ezek, vagy \u00f6rd\u00f6g\u00f6k? <\/span><\/p>\n\n\n\n<hr class=\"wp-block-separator\"\/>\n\n\n\n<figure class=\"wp-block-image size-large\"><img loading=\"lazy\" decoding=\"async\" width=\"819\" height=\"1024\" src=\"https:\/\/laszlo1713.lima-city.de\/wp-content\/uploads\/2021\/11\/IMAGE-2021-11-17-132119-819x1024.jpg\" alt=\"\" class=\"wp-image-4507\" srcset=\"https:\/\/laszlo1713.lima-city.de\/wp-content\/uploads\/2021\/11\/IMAGE-2021-11-17-132119-819x1024.jpg 819w, https:\/\/laszlo1713.lima-city.de\/wp-content\/uploads\/2021\/11\/IMAGE-2021-11-17-132119-240x300.jpg 240w, https:\/\/laszlo1713.lima-city.de\/wp-content\/uploads\/2021\/11\/IMAGE-2021-11-17-132119-768x960.jpg 768w, https:\/\/laszlo1713.lima-city.de\/wp-content\/uploads\/2021\/11\/IMAGE-2021-11-17-132119.jpg 1024w\" sizes=\"auto, (max-width: 706px) 89vw, (max-width: 767px) 82vw, 740px\" \/><figcaption><span class=\"has-inline-color has-vivid-green-cyan-color\">Lehet-e egy\u00e1ltal\u00e1n k\u00e9t ilyen k\u00fcl\u00f6nb\u00f6z\u0151 (t\u00f6rt\u00e9nelmi) gaztettet \u00f6sszehasonl\u00edtani? Term\u00e9szetesen. Mindkett\u0151 jelens\u00e9g m\u00f6g\u00f6tt ugyanazok a &#8220;s\u00f6t\u00e9t&#8221; (\u00f6rd\u00f6gi) er\u0151k<\/span>: <span class=\"has-inline-color has-vivid-green-cyan-color\">Ausztria akkor \u00e9s most.<\/span><\/figcaption><\/figure>\n\n\n\n<hr class=\"wp-block-separator\"\/>\n\n\n\n<div class=\"wp-block-image\"><figure class=\"aligncenter size-large\"><img loading=\"lazy\" decoding=\"async\" width=\"516\" height=\"1024\" src=\"https:\/\/laszlo1713.lima-city.de\/wp-content\/uploads\/2021\/11\/Screenshot-2021-11-17-at-14.27.48-516x1024.jpg\" alt=\"\" class=\"wp-image-4510\" srcset=\"https:\/\/laszlo1713.lima-city.de\/wp-content\/uploads\/2021\/11\/Screenshot-2021-11-17-at-14.27.48-516x1024.jpg 516w, https:\/\/laszlo1713.lima-city.de\/wp-content\/uploads\/2021\/11\/Screenshot-2021-11-17-at-14.27.48-151x300.jpg 151w, https:\/\/laszlo1713.lima-city.de\/wp-content\/uploads\/2021\/11\/Screenshot-2021-11-17-at-14.27.48-768x1525.jpg 768w, https:\/\/laszlo1713.lima-city.de\/wp-content\/uploads\/2021\/11\/Screenshot-2021-11-17-at-14.27.48-773x1536.jpg 773w, https:\/\/laszlo1713.lima-city.de\/wp-content\/uploads\/2021\/11\/Screenshot-2021-11-17-at-14.27.48.jpg 854w\" sizes=\"auto, (max-width: 516px) 100vw, 516px\" \/><figcaption><span class=\"has-inline-color has-vivid-green-cyan-color\">R\u00f6vid helyzetjelent\u00e9s a k\u00fcl\u00f6nb\u00f6z\u0151 &#8220;frontokr\u00f3l&#8221;.<\/span><\/figcaption><\/figure><\/div>\n\n\n\n<figure class=\"wp-block-image size-large\"><img loading=\"lazy\" decoding=\"async\" width=\"1024\" height=\"569\" src=\"https:\/\/laszlo1713.lima-city.de\/wp-content\/uploads\/2021\/11\/Screenshot-2021-11-18-at-14.09.44-1024x569.jpg\" alt=\"\" class=\"wp-image-4516\" srcset=\"https:\/\/laszlo1713.lima-city.de\/wp-content\/uploads\/2021\/11\/Screenshot-2021-11-18-at-14.09.44-1024x569.jpg 1024w, https:\/\/laszlo1713.lima-city.de\/wp-content\/uploads\/2021\/11\/Screenshot-2021-11-18-at-14.09.44-300x167.jpg 300w, https:\/\/laszlo1713.lima-city.de\/wp-content\/uploads\/2021\/11\/Screenshot-2021-11-18-at-14.09.44-768x427.jpg 768w, https:\/\/laszlo1713.lima-city.de\/wp-content\/uploads\/2021\/11\/Screenshot-2021-11-18-at-14.09.44-1536x854.jpg 1536w, https:\/\/laszlo1713.lima-city.de\/wp-content\/uploads\/2021\/11\/Screenshot-2021-11-18-at-14.09.44.jpg 1580w\" sizes=\"auto, (max-width: 706px) 89vw, (max-width: 767px) 82vw, 740px\" \/><figcaption>The FDA has&nbsp;<a href=\"https:\/\/www.sirillp.com\/wp-content\/uploads\/2021\/11\/020-Second-Joint-Status-Report-8989f1fed17e2d919391d8df1978006e.pdf\">asked<\/a>&nbsp;a federal judge to make the public wait until the year 2076 to disclose all of the data and information it relied upon to license Pfizer\u2019s COVID-19 vaccine.&nbsp; &nbsp;That is not a typo.&nbsp;&nbsp; It wants 55 years to produce this information to the public.&nbsp;<br>As explained in a prior&nbsp;<a href=\"https:\/\/aaronsiri.substack.com\/p\/scientists-sue-the-fda-for-data-it\">article<\/a>, the FDA repeatedly promised \u201c<a href=\"https:\/\/www.fda.gov\/news-events\/press-announcements\/coronavirus-covid-19-update-fda-announces-advisory-committee-meeting-discuss-second-covid-19-vaccine\">full transparency<\/a>\u201d with regard to Covid-19 vaccines, including reaffirming \u201c<a href=\"https:\/\/www.fda.gov\/news-events\/press-announcements\/fda-authorizes-booster-dose-pfizer-biontech-covid-19-vaccine-certain-populations\">the FDA\u2019s commitment to transparency<\/a>\u201d when licensing Pfizer\u2019s COVID-19 vaccine.&nbsp;<br><br><\/figcaption><\/figure>\n\n\n\n<p><span class=\"has-inline-color has-vivid-green-cyan-color\">Egy \u00fajabb mozaik a  COVID-19 vakcina k\u00f6r\u00fcli &#8220;transzparencia&#8221; ter\u00fclet\u00e9r\u0151l.<\/span><\/p>\n\n\n\n<hr class=\"wp-block-separator\"\/>\n\n\n\n<figure class=\"wp-block-image size-large\"><img loading=\"lazy\" decoding=\"async\" width=\"1024\" height=\"579\" src=\"https:\/\/laszlo1713.lima-city.de\/wp-content\/uploads\/2021\/11\/Screenshot-2021-11-18-at-16.50.42-1024x579.jpg\" alt=\"\" class=\"wp-image-4518\" srcset=\"https:\/\/laszlo1713.lima-city.de\/wp-content\/uploads\/2021\/11\/Screenshot-2021-11-18-at-16.50.42-1024x579.jpg 1024w, https:\/\/laszlo1713.lima-city.de\/wp-content\/uploads\/2021\/11\/Screenshot-2021-11-18-at-16.50.42-300x170.jpg 300w, https:\/\/laszlo1713.lima-city.de\/wp-content\/uploads\/2021\/11\/Screenshot-2021-11-18-at-16.50.42-768x434.jpg 768w, https:\/\/laszlo1713.lima-city.de\/wp-content\/uploads\/2021\/11\/Screenshot-2021-11-18-at-16.50.42-1536x869.jpg 1536w, https:\/\/laszlo1713.lima-city.de\/wp-content\/uploads\/2021\/11\/Screenshot-2021-11-18-at-16.50.42-2048x1158.jpg 2048w\" sizes=\"auto, (max-width: 706px) 89vw, (max-width: 767px) 82vw, 740px\" \/><\/figure>\n\n\n\n<p><span class=\"has-inline-color has-vivid-green-cyan-color\">II. Erzs\u00e9bet angol kir\u00e1lyn\u0151 temet\u00e9se ( az &#8220;Operation London Bridge&#8221; forgat\u00f3k\u00f6nyv szerint).                   Az esem\u00e9nyek innent\u0151l felgyorsulnak?<\/span><\/p>\n\n\n\n<hr class=\"wp-block-separator\"\/>\n\n\n\n<figure class=\"wp-block-image size-large\"><img loading=\"lazy\" decoding=\"async\" width=\"1024\" height=\"422\" src=\"https:\/\/laszlo1713.lima-city.de\/wp-content\/uploads\/2021\/11\/Screenshot-2021-11-18-at-21.26.18-1024x422.jpg\" alt=\"\" class=\"wp-image-4522\" srcset=\"https:\/\/laszlo1713.lima-city.de\/wp-content\/uploads\/2021\/11\/Screenshot-2021-11-18-at-21.26.18-1024x422.jpg 1024w, https:\/\/laszlo1713.lima-city.de\/wp-content\/uploads\/2021\/11\/Screenshot-2021-11-18-at-21.26.18-300x124.jpg 300w, https:\/\/laszlo1713.lima-city.de\/wp-content\/uploads\/2021\/11\/Screenshot-2021-11-18-at-21.26.18-768x316.jpg 768w, https:\/\/laszlo1713.lima-city.de\/wp-content\/uploads\/2021\/11\/Screenshot-2021-11-18-at-21.26.18-1536x633.jpg 1536w, https:\/\/laszlo1713.lima-city.de\/wp-content\/uploads\/2021\/11\/Screenshot-2021-11-18-at-21.26.18-2048x844.jpg 2048w\" sizes=\"auto, (max-width: 706px) 89vw, (max-width: 767px) 82vw, 740px\" \/><figcaption><span class=\"has-inline-color has-vivid-green-cyan-color\">P\u00e9nz besz\u00e9l ( akasztott) kutya ugat?<\/span><\/figcaption><\/figure>\n\n\n\n<hr class=\"wp-block-separator\"\/>\n\n\n\n<figure class=\"wp-block-image size-full\"><img loading=\"lazy\" decoding=\"async\" width=\"976\" height=\"966\" src=\"https:\/\/laszlo1713.lima-city.de\/wp-content\/uploads\/2021\/11\/Screenshot-2021-11-19-at-08.53.16.jpg\" alt=\"\" class=\"wp-image-4529\" srcset=\"https:\/\/laszlo1713.lima-city.de\/wp-content\/uploads\/2021\/11\/Screenshot-2021-11-19-at-08.53.16.jpg 976w, https:\/\/laszlo1713.lima-city.de\/wp-content\/uploads\/2021\/11\/Screenshot-2021-11-19-at-08.53.16-300x297.jpg 300w, https:\/\/laszlo1713.lima-city.de\/wp-content\/uploads\/2021\/11\/Screenshot-2021-11-19-at-08.53.16-768x760.jpg 768w, https:\/\/laszlo1713.lima-city.de\/wp-content\/uploads\/2021\/11\/Screenshot-2021-11-19-at-08.53.16-100x100.jpg 100w\" sizes=\"auto, (max-width: 706px) 89vw, (max-width: 767px) 82vw, 740px\" \/><\/figure>\n\n\n\n<figure class=\"wp-block-image size-large\"><img loading=\"lazy\" decoding=\"async\" width=\"1024\" height=\"503\" src=\"https:\/\/laszlo1713.lima-city.de\/wp-content\/uploads\/2021\/11\/Screenshot-2021-11-19-at-08.52.11-1024x503.jpg\" alt=\"\" class=\"wp-image-4530\" srcset=\"https:\/\/laszlo1713.lima-city.de\/wp-content\/uploads\/2021\/11\/Screenshot-2021-11-19-at-08.52.11-1024x503.jpg 1024w, https:\/\/laszlo1713.lima-city.de\/wp-content\/uploads\/2021\/11\/Screenshot-2021-11-19-at-08.52.11-300x147.jpg 300w, https:\/\/laszlo1713.lima-city.de\/wp-content\/uploads\/2021\/11\/Screenshot-2021-11-19-at-08.52.11-768x377.jpg 768w, https:\/\/laszlo1713.lima-city.de\/wp-content\/uploads\/2021\/11\/Screenshot-2021-11-19-at-08.52.11.jpg 1474w\" sizes=\"auto, (max-width: 706px) 89vw, (max-width: 767px) 82vw, 740px\" \/><\/figure>\n\n\n\n<hr class=\"wp-block-separator\"\/>\n\n\n\n<figure class=\"wp-block-image size-large\"><img loading=\"lazy\" decoding=\"async\" width=\"1024\" height=\"155\" src=\"https:\/\/laszlo1713.lima-city.de\/wp-content\/uploads\/2021\/11\/Screenshot-2021-11-19-at-08.58.29-1024x155.jpg\" alt=\"\" class=\"wp-image-4532\" srcset=\"https:\/\/laszlo1713.lima-city.de\/wp-content\/uploads\/2021\/11\/Screenshot-2021-11-19-at-08.58.29-1024x155.jpg 1024w, https:\/\/laszlo1713.lima-city.de\/wp-content\/uploads\/2021\/11\/Screenshot-2021-11-19-at-08.58.29-300x45.jpg 300w, https:\/\/laszlo1713.lima-city.de\/wp-content\/uploads\/2021\/11\/Screenshot-2021-11-19-at-08.58.29-768x116.jpg 768w, https:\/\/laszlo1713.lima-city.de\/wp-content\/uploads\/2021\/11\/Screenshot-2021-11-19-at-08.58.29.jpg 1098w\" sizes=\"auto, (max-width: 706px) 89vw, (max-width: 767px) 82vw, 740px\" \/><\/figure>\n\n\n\n<hr class=\"wp-block-separator\"\/>\n\n\n\n<figure class=\"wp-block-image size-full\"><img loading=\"lazy\" decoding=\"async\" width=\"912\" height=\"608\" src=\"https:\/\/laszlo1713.lima-city.de\/wp-content\/uploads\/2021\/11\/Screenshot-2021-11-19-at-10.10.16.jpg\" alt=\"\" class=\"wp-image-4534\" srcset=\"https:\/\/laszlo1713.lima-city.de\/wp-content\/uploads\/2021\/11\/Screenshot-2021-11-19-at-10.10.16.jpg 912w, https:\/\/laszlo1713.lima-city.de\/wp-content\/uploads\/2021\/11\/Screenshot-2021-11-19-at-10.10.16-300x200.jpg 300w, https:\/\/laszlo1713.lima-city.de\/wp-content\/uploads\/2021\/11\/Screenshot-2021-11-19-at-10.10.16-768x512.jpg 768w\" sizes=\"auto, (max-width: 706px) 89vw, (max-width: 767px) 82vw, 740px\" \/><figcaption><strong>Admiral Mike Rodgers<\/strong><br><\/figcaption><\/figure>\n\n\n\n<hr class=\"wp-block-separator\"\/>\n\n\n\n<figure class=\"wp-block-image size-full\"><img loading=\"lazy\" decoding=\"async\" width=\"822\" height=\"682\" src=\"https:\/\/laszlo1713.lima-city.de\/wp-content\/uploads\/2021\/11\/Screenshot-2021-11-19-at-10.14.19.jpg\" alt=\"\" class=\"wp-image-4537\" srcset=\"https:\/\/laszlo1713.lima-city.de\/wp-content\/uploads\/2021\/11\/Screenshot-2021-11-19-at-10.14.19.jpg 822w, https:\/\/laszlo1713.lima-city.de\/wp-content\/uploads\/2021\/11\/Screenshot-2021-11-19-at-10.14.19-300x249.jpg 300w, https:\/\/laszlo1713.lima-city.de\/wp-content\/uploads\/2021\/11\/Screenshot-2021-11-19-at-10.14.19-768x637.jpg 768w\" sizes=\"auto, (max-width: 706px) 89vw, (max-width: 767px) 82vw, 740px\" \/><\/figure>\n\n\n\n<hr class=\"wp-block-separator\"\/>\n\n\n\n<figure class=\"wp-block-image size-large\"><img loading=\"lazy\" decoding=\"async\" width=\"853\" height=\"1024\" src=\"https:\/\/laszlo1713.lima-city.de\/wp-content\/uploads\/2021\/11\/IMAGE-2021-11-19-104233-853x1024.jpg\" alt=\"\" class=\"wp-image-4539\" srcset=\"https:\/\/laszlo1713.lima-city.de\/wp-content\/uploads\/2021\/11\/IMAGE-2021-11-19-104233-853x1024.jpg 853w, https:\/\/laszlo1713.lima-city.de\/wp-content\/uploads\/2021\/11\/IMAGE-2021-11-19-104233-250x300.jpg 250w, https:\/\/laszlo1713.lima-city.de\/wp-content\/uploads\/2021\/11\/IMAGE-2021-11-19-104233-768x922.jpg 768w, https:\/\/laszlo1713.lima-city.de\/wp-content\/uploads\/2021\/11\/IMAGE-2021-11-19-104233.jpg 1066w\" sizes=\"auto, (max-width: 706px) 89vw, (max-width: 767px) 82vw, 740px\" \/><figcaption><span class=\"has-inline-color has-vivid-green-cyan-color\">Nemcsak a pestist, hanem a hazugs\u00e1got is &#8220;patk\u00e1nyok&#8221; terjesztik.<\/span><\/figcaption><\/figure>\n\n\n\n<figure class=\"wp-block-image size-large\"><img loading=\"lazy\" decoding=\"async\" width=\"1024\" height=\"626\" src=\"https:\/\/laszlo1713.lima-city.de\/wp-content\/uploads\/2021\/11\/Screenshot-2021-11-19-at-10.47.07-1024x626.jpg\" alt=\"\" class=\"wp-image-4542\" srcset=\"https:\/\/laszlo1713.lima-city.de\/wp-content\/uploads\/2021\/11\/Screenshot-2021-11-19-at-10.47.07-1024x626.jpg 1024w, https:\/\/laszlo1713.lima-city.de\/wp-content\/uploads\/2021\/11\/Screenshot-2021-11-19-at-10.47.07-300x183.jpg 300w, https:\/\/laszlo1713.lima-city.de\/wp-content\/uploads\/2021\/11\/Screenshot-2021-11-19-at-10.47.07-768x469.jpg 768w, https:\/\/laszlo1713.lima-city.de\/wp-content\/uploads\/2021\/11\/Screenshot-2021-11-19-at-10.47.07.jpg 1420w\" sizes=\"auto, (max-width: 706px) 89vw, (max-width: 767px) 82vw, 740px\" \/><figcaption><span class=\"has-inline-color has-vivid-green-cyan-color\">Rattus rattus (illumin\u00e1tus szarh\u00e1zi)<\/span><\/figcaption><\/figure>\n\n\n\n<figure class=\"wp-block-image size-large\"><img loading=\"lazy\" decoding=\"async\" width=\"1024\" height=\"821\" src=\"https:\/\/laszlo1713.lima-city.de\/wp-content\/uploads\/2021\/11\/Screenshot-2021-11-19-at-10.46.21-1024x821.jpg\" alt=\"\" class=\"wp-image-4544\" srcset=\"https:\/\/laszlo1713.lima-city.de\/wp-content\/uploads\/2021\/11\/Screenshot-2021-11-19-at-10.46.21-1024x821.jpg 1024w, https:\/\/laszlo1713.lima-city.de\/wp-content\/uploads\/2021\/11\/Screenshot-2021-11-19-at-10.46.21-300x241.jpg 300w, https:\/\/laszlo1713.lima-city.de\/wp-content\/uploads\/2021\/11\/Screenshot-2021-11-19-at-10.46.21-768x616.jpg 768w, https:\/\/laszlo1713.lima-city.de\/wp-content\/uploads\/2021\/11\/Screenshot-2021-11-19-at-10.46.21.jpg 1412w\" sizes=\"auto, (max-width: 706px) 89vw, (max-width: 767px) 82vw, 740px\" \/><figcaption>Corona-Hammer in \u00d6sterreich!<br>Die \u00f6sterreichische Regierung hat sich mit den Bundesl\u00e4ndern auf einen Lockdown<br>und eine Impfpflicht f\u00fcr ALLE geeinigt, Bundeskanzler Alexander Schallenberg (52,<br>\u00d6VP) mitteilte. Der gilt ab Montag in ganz \u00d6sterreich f\u00fcr zehn Tage und kann noch<br>einmal um h\u00f6chstens zehn Tage verl\u00e4ngert werden. Die Schulen sollen aber offen<br>bleiben.<br>Die Impfpflicht f\u00fcr alle gilt ab 1. Februar 2022!<br>\u201eWir m\u00fcssen der Realit\u00e4t ins Auge schauen\u201c, begr\u00fcndete Schallenberg die<br>Entscheidung zur Impfpflicht. \u201eAufgestachelt von radikalen Impfgegnern und<br>fadenscheinigen Fake-News\u201c haben sich zu wenige impfen lassen, so Schallenberg.<br>Dann wird er besonders deutlich: \u201eDas ist ein Attentat auf unser<br>Gesundheitssystem.\u201c<\/figcaption><\/figure>\n\n\n\n<hr class=\"wp-block-separator\"\/>\n\n\n\n<figure class=\"wp-block-image size-full\"><img loading=\"lazy\" decoding=\"async\" width=\"612\" height=\"338\" src=\"https:\/\/laszlo1713.lima-city.de\/wp-content\/uploads\/2021\/11\/Screenshot-2021-11-19-at-12.43.29.jpg\" alt=\"\" class=\"wp-image-4546\" srcset=\"https:\/\/laszlo1713.lima-city.de\/wp-content\/uploads\/2021\/11\/Screenshot-2021-11-19-at-12.43.29.jpg 612w, https:\/\/laszlo1713.lima-city.de\/wp-content\/uploads\/2021\/11\/Screenshot-2021-11-19-at-12.43.29-300x166.jpg 300w\" sizes=\"auto, (max-width: 612px) 100vw, 612px\" \/><figcaption><strong>Abp. Vigan\u00f2 calls for Anti-Globalist Alliance to stop global enslavement of humanity<\/strong><br>Archbishop Carlo Maria Vigan\u00f2 is calling for the creation of an Anti-Globalist Alliance \u201cunder the Cross of Our Lord Jesus Christ, the only King and Savior,\u201d to fight back against the establishment of the New World Order.<br><\/figcaption><\/figure>\n\n\n\n<hr class=\"wp-block-separator\"\/>\n\n\n\n<figure class=\"wp-block-image size-full\"><img loading=\"lazy\" decoding=\"async\" width=\"640\" height=\"353\" src=\"https:\/\/laszlo1713.lima-city.de\/wp-content\/uploads\/2021\/11\/IMAGE-2021-11-19-135452.jpg\" alt=\"\" class=\"wp-image-4549\" srcset=\"https:\/\/laszlo1713.lima-city.de\/wp-content\/uploads\/2021\/11\/IMAGE-2021-11-19-135452.jpg 640w, https:\/\/laszlo1713.lima-city.de\/wp-content\/uploads\/2021\/11\/IMAGE-2021-11-19-135452-300x165.jpg 300w\" sizes=\"auto, (max-width: 640px) 100vw, 640px\" \/><figcaption><span class=\"has-inline-color has-vivid-green-cyan-color\">V\u00e9gj\u00e1t\u00e9k?<\/span><\/figcaption><\/figure>\n\n\n\n<figure class=\"wp-block-image size-full\"><img loading=\"lazy\" decoding=\"async\" width=\"840\" height=\"668\" src=\"https:\/\/laszlo1713.lima-city.de\/wp-content\/uploads\/2021\/11\/Screenshot-2021-11-19-at-18.42.35.jpg\" alt=\"\" class=\"wp-image-4564\" srcset=\"https:\/\/laszlo1713.lima-city.de\/wp-content\/uploads\/2021\/11\/Screenshot-2021-11-19-at-18.42.35.jpg 840w, https:\/\/laszlo1713.lima-city.de\/wp-content\/uploads\/2021\/11\/Screenshot-2021-11-19-at-18.42.35-300x239.jpg 300w, https:\/\/laszlo1713.lima-city.de\/wp-content\/uploads\/2021\/11\/Screenshot-2021-11-19-at-18.42.35-768x611.jpg 768w\" sizes=\"auto, (max-width: 706px) 89vw, (max-width: 767px) 82vw, 740px\" \/><\/figure>\n\n\n\n<hr class=\"wp-block-separator\"\/>\n\n\n\n<figure class=\"wp-block-image size-large\"><img loading=\"lazy\" decoding=\"async\" width=\"1024\" height=\"582\" src=\"https:\/\/laszlo1713.lima-city.de\/wp-content\/uploads\/2021\/11\/Screenshot-2021-11-19-at-16.56.42-1024x582.jpg\" alt=\"\" class=\"wp-image-4551\" srcset=\"https:\/\/laszlo1713.lima-city.de\/wp-content\/uploads\/2021\/11\/Screenshot-2021-11-19-at-16.56.42-1024x582.jpg 1024w, https:\/\/laszlo1713.lima-city.de\/wp-content\/uploads\/2021\/11\/Screenshot-2021-11-19-at-16.56.42-300x171.jpg 300w, https:\/\/laszlo1713.lima-city.de\/wp-content\/uploads\/2021\/11\/Screenshot-2021-11-19-at-16.56.42-768x437.jpg 768w, https:\/\/laszlo1713.lima-city.de\/wp-content\/uploads\/2021\/11\/Screenshot-2021-11-19-at-16.56.42.jpg 1224w\" sizes=\"auto, (max-width: 706px) 89vw, (max-width: 767px) 82vw, 740px\" \/><figcaption>Israel \u201c\u2026we\u2019re seeing vaccinated individuals that are SICK\u2026and we\u2019re seeing DEATH as well\u2026there isn\u2019t ANY MEDICAL BASIS as of today, FOR MASSIVE AND BULK VACCINATION of the population with a third vaccine, with a booster\u2026\u201d [Nicole Elisei, Twitter]<\/figcaption><\/figure>\n\n\n\n<hr class=\"wp-block-separator\"\/>\n\n\n\n<figure class=\"wp-block-image size-large\"><img loading=\"lazy\" decoding=\"async\" width=\"832\" height=\"1024\" src=\"https:\/\/laszlo1713.lima-city.de\/wp-content\/uploads\/2021\/11\/IMAGE-2021-11-19-170136-832x1024.jpg\" alt=\"\" class=\"wp-image-4554\" srcset=\"https:\/\/laszlo1713.lima-city.de\/wp-content\/uploads\/2021\/11\/IMAGE-2021-11-19-170136-832x1024.jpg 832w, https:\/\/laszlo1713.lima-city.de\/wp-content\/uploads\/2021\/11\/IMAGE-2021-11-19-170136-244x300.jpg 244w, https:\/\/laszlo1713.lima-city.de\/wp-content\/uploads\/2021\/11\/IMAGE-2021-11-19-170136-768x945.jpg 768w, https:\/\/laszlo1713.lima-city.de\/wp-content\/uploads\/2021\/11\/IMAGE-2021-11-19-170136.jpg 1040w\" sizes=\"auto, (max-width: 706px) 89vw, (max-width: 767px) 82vw, 740px\" \/><figcaption>The enemy always overplays its hand.&nbsp;<br>In seeking to destroy him, they themselves will be destroyed.<\/figcaption><\/figure>\n\n\n\n<hr class=\"wp-block-separator\"\/>\n\n\n\n<figure class=\"wp-block-image size-full\"><img loading=\"lazy\" decoding=\"async\" width=\"965\" height=\"950\" src=\"https:\/\/laszlo1713.lima-city.de\/wp-content\/uploads\/2021\/11\/IMAGE-2021-11-19-173226.jpg\" alt=\"\" class=\"wp-image-4556\" srcset=\"https:\/\/laszlo1713.lima-city.de\/wp-content\/uploads\/2021\/11\/IMAGE-2021-11-19-173226.jpg 965w, https:\/\/laszlo1713.lima-city.de\/wp-content\/uploads\/2021\/11\/IMAGE-2021-11-19-173226-300x295.jpg 300w, https:\/\/laszlo1713.lima-city.de\/wp-content\/uploads\/2021\/11\/IMAGE-2021-11-19-173226-768x756.jpg 768w\" sizes=\"auto, (max-width: 706px) 89vw, (max-width: 767px) 82vw, 740px\" \/><figcaption><strong>WE WILL NOT COMPLY!<\/strong><\/figcaption><\/figure>\n\n\n\n<figure class=\"wp-block-image size-full\"><img loading=\"lazy\" decoding=\"async\" width=\"818\" height=\"826\" src=\"https:\/\/laszlo1713.lima-city.de\/wp-content\/uploads\/2021\/11\/IMAGE-2021-11-19-183448.jpg\" alt=\"\" class=\"wp-image-4558\" srcset=\"https:\/\/laszlo1713.lima-city.de\/wp-content\/uploads\/2021\/11\/IMAGE-2021-11-19-183448.jpg 818w, https:\/\/laszlo1713.lima-city.de\/wp-content\/uploads\/2021\/11\/IMAGE-2021-11-19-183448-297x300.jpg 297w, https:\/\/laszlo1713.lima-city.de\/wp-content\/uploads\/2021\/11\/IMAGE-2021-11-19-183448-150x150.jpg 150w, https:\/\/laszlo1713.lima-city.de\/wp-content\/uploads\/2021\/11\/IMAGE-2021-11-19-183448-768x776.jpg 768w, https:\/\/laszlo1713.lima-city.de\/wp-content\/uploads\/2021\/11\/IMAGE-2021-11-19-183448-100x100.jpg 100w\" sizes=\"auto, (max-width: 706px) 89vw, (max-width: 767px) 82vw, 740px\" \/><\/figure>\n\n\n\n<figure class=\"wp-block-image size-full\"><img loading=\"lazy\" decoding=\"async\" width=\"720\" height=\"783\" src=\"https:\/\/laszlo1713.lima-city.de\/wp-content\/uploads\/2021\/11\/IMAGE-2021-11-19-184115.jpg\" alt=\"\" class=\"wp-image-4562\" srcset=\"https:\/\/laszlo1713.lima-city.de\/wp-content\/uploads\/2021\/11\/IMAGE-2021-11-19-184115.jpg 720w, https:\/\/laszlo1713.lima-city.de\/wp-content\/uploads\/2021\/11\/IMAGE-2021-11-19-184115-276x300.jpg 276w\" sizes=\"auto, (max-width: 720px) 100vw, 720px\" \/><\/figure>\n\n\n\n<hr class=\"wp-block-separator\"\/>\n\n\n\n<figure class=\"wp-block-image size-large\"><img loading=\"lazy\" decoding=\"async\" width=\"794\" height=\"1024\" src=\"https:\/\/laszlo1713.lima-city.de\/wp-content\/uploads\/2021\/11\/IMAGE-2021-11-19-183331-794x1024.jpg\" alt=\"\" class=\"wp-image-4559\" srcset=\"https:\/\/laszlo1713.lima-city.de\/wp-content\/uploads\/2021\/11\/IMAGE-2021-11-19-183331-794x1024.jpg 794w, https:\/\/laszlo1713.lima-city.de\/wp-content\/uploads\/2021\/11\/IMAGE-2021-11-19-183331-233x300.jpg 233w, https:\/\/laszlo1713.lima-city.de\/wp-content\/uploads\/2021\/11\/IMAGE-2021-11-19-183331-768x991.jpg 768w, https:\/\/laszlo1713.lima-city.de\/wp-content\/uploads\/2021\/11\/IMAGE-2021-11-19-183331.jpg 992w\" sizes=\"auto, (max-width: 706px) 89vw, (max-width: 767px) 82vw, 740px\" \/><figcaption><span class=\"has-inline-color has-vivid-green-cyan-color\">Biden (kl\u00f3n-hasonm\u00e1s) levele a szen\u00e1tushoz, l\u00e9nyeg\u00e9ben a hatalom \u00e1tj\u00e1tsz\u00e1s\u00e1r\u00f3l. A v\u00e9gj\u00e1t\u00e9k kezdete? Hamarosan: sakk-matt?<\/span><\/figcaption><\/figure>\n\n\n\n<figure class=\"wp-block-image size-full\"><img loading=\"lazy\" decoding=\"async\" width=\"762\" height=\"1010\" src=\"https:\/\/laszlo1713.lima-city.de\/wp-content\/uploads\/2021\/11\/2021-11-19-18.45.47.jpg\" alt=\"\" class=\"wp-image-4566\" srcset=\"https:\/\/laszlo1713.lima-city.de\/wp-content\/uploads\/2021\/11\/2021-11-19-18.45.47.jpg 762w, https:\/\/laszlo1713.lima-city.de\/wp-content\/uploads\/2021\/11\/2021-11-19-18.45.47-226x300.jpg 226w\" sizes=\"auto, (max-width: 706px) 89vw, (max-width: 767px) 82vw, 740px\" \/><\/figure>\n\n\n\n<hr class=\"wp-block-separator\"\/>\n\n\n\n<div class=\"wp-block-image\"><figure class=\"aligncenter size-full\"><img loading=\"lazy\" decoding=\"async\" width=\"490\" height=\"640\" src=\"https:\/\/laszlo1713.lima-city.de\/wp-content\/uploads\/2021\/11\/IMAGE-2021-11-19-201701.jpg\" alt=\"\" class=\"wp-image-4568\" srcset=\"https:\/\/laszlo1713.lima-city.de\/wp-content\/uploads\/2021\/11\/IMAGE-2021-11-19-201701.jpg 490w, https:\/\/laszlo1713.lima-city.de\/wp-content\/uploads\/2021\/11\/IMAGE-2021-11-19-201701-230x300.jpg 230w\" sizes=\"auto, (max-width: 490px) 100vw, 490px\" \/><\/figure><\/div>\n\n\n\n<div class=\"wp-block-image\"><figure class=\"aligncenter size-full\"><img loading=\"lazy\" decoding=\"async\" width=\"567\" height=\"529\" src=\"https:\/\/laszlo1713.lima-city.de\/wp-content\/uploads\/2021\/11\/IMAGE-2021-11-19-201928.jpg\" alt=\"\" class=\"wp-image-4570\" srcset=\"https:\/\/laszlo1713.lima-city.de\/wp-content\/uploads\/2021\/11\/IMAGE-2021-11-19-201928.jpg 567w, https:\/\/laszlo1713.lima-city.de\/wp-content\/uploads\/2021\/11\/IMAGE-2021-11-19-201928-300x280.jpg 300w\" sizes=\"auto, (max-width: 567px) 100vw, 567px\" \/><\/figure><\/div>\n\n\n\n<hr class=\"wp-block-separator\"\/>\n\n\n\n<figure class=\"wp-block-image size-large is-resized\"><img loading=\"lazy\" decoding=\"async\" src=\"https:\/\/laszlo1713.lima-city.de\/wp-content\/uploads\/2021\/11\/IMAGE-2021-11-19-204000-1024x778.jpg\" alt=\"\" class=\"wp-image-4573\" width=\"674\" height=\"512\" srcset=\"https:\/\/laszlo1713.lima-city.de\/wp-content\/uploads\/2021\/11\/IMAGE-2021-11-19-204000-1024x778.jpg 1024w, https:\/\/laszlo1713.lima-city.de\/wp-content\/uploads\/2021\/11\/IMAGE-2021-11-19-204000-300x228.jpg 300w, https:\/\/laszlo1713.lima-city.de\/wp-content\/uploads\/2021\/11\/IMAGE-2021-11-19-204000-768x584.jpg 768w, https:\/\/laszlo1713.lima-city.de\/wp-content\/uploads\/2021\/11\/IMAGE-2021-11-19-204000.jpg 1280w\" sizes=\"auto, (max-width: 674px) 100vw, 674px\" \/><figcaption><span class=\"has-inline-color has-vivid-green-cyan-color\">Mennyire viheti egy &#8220;barom&#8221; manaps\u00e1g.<\/span><\/figcaption><\/figure>\n\n\n\n<figure class=\"wp-block-image size-full\"><img loading=\"lazy\" decoding=\"async\" width=\"660\" height=\"668\" src=\"https:\/\/laszlo1713.lima-city.de\/wp-content\/uploads\/2021\/11\/Screenshot-2021-11-20-at-10.03.44.jpg\" alt=\"\" class=\"wp-image-4576\" srcset=\"https:\/\/laszlo1713.lima-city.de\/wp-content\/uploads\/2021\/11\/Screenshot-2021-11-20-at-10.03.44.jpg 660w, https:\/\/laszlo1713.lima-city.de\/wp-content\/uploads\/2021\/11\/Screenshot-2021-11-20-at-10.03.44-296x300.jpg 296w, https:\/\/laszlo1713.lima-city.de\/wp-content\/uploads\/2021\/11\/Screenshot-2021-11-20-at-10.03.44-100x100.jpg 100w\" sizes=\"auto, (max-width: 660px) 100vw, 660px\" \/><figcaption><span class=\"has-inline-color has-vivid-green-cyan-color\">&#8220;Werden um Impfpflicht nicht herumkommen&#8221;. Ez nem egy szuver\u00e9n ember, hanem egy t\u00e1v\u00edr\u00e1ny\u00edtott (DS) marionett &#8220;v\u00e9lem\u00e9nye&#8221;. Szerencs\u00e9tlen, a h\u00e1tt\u00e9rhatalommal egy\u00fctt \u0151 is (hamarosan) elt\u0171nik a Pokolba.<\/span><\/figcaption><\/figure>\n\n\n\n<figure class=\"wp-block-image size-full\"><img loading=\"lazy\" decoding=\"async\" width=\"828\" height=\"1015\" src=\"https:\/\/laszlo1713.lima-city.de\/wp-content\/uploads\/2021\/11\/IMAGE-2021-11-19-203713.jpg\" alt=\"\" class=\"wp-image-4586\" srcset=\"https:\/\/laszlo1713.lima-city.de\/wp-content\/uploads\/2021\/11\/IMAGE-2021-11-19-203713.jpg 828w, https:\/\/laszlo1713.lima-city.de\/wp-content\/uploads\/2021\/11\/IMAGE-2021-11-19-203713-245x300.jpg 245w, https:\/\/laszlo1713.lima-city.de\/wp-content\/uploads\/2021\/11\/IMAGE-2021-11-19-203713-768x941.jpg 768w\" sizes=\"auto, (max-width: 706px) 89vw, (max-width: 767px) 82vw, 740px\" \/><figcaption><span class=\"has-inline-color has-vivid-green-cyan-color\">Csak eml\u00e9keztet\u0151\u00fcl: A Bundesministerium f\u00fcr Gesundheit \u00e1ll\u00e1sfoglal\u00e1sa. Azt\u00e1n ezt is k\u00f6nnyen meg lehetett v\u00e1ltoztatni. A korm\u00e1ny maga \u00e1ll\u00edtotta ki a bizony\u00edtv\u00e1nyt \u00f6nmag\u00e1r\u00f3l, hogy szavahihetetlen zsiv\u00e1nyok tany\u00e1ja.<\/span><\/figcaption><\/figure>\n\n\n\n<figure class=\"wp-block-image size-full is-resized\"><img loading=\"lazy\" decoding=\"async\" src=\"https:\/\/laszlo1713.lima-city.de\/wp-content\/uploads\/2021\/11\/IMAGE-2021-11-21-205438.jpg\" alt=\"\" class=\"wp-image-4624\" width=\"674\" height=\"492\" srcset=\"https:\/\/laszlo1713.lima-city.de\/wp-content\/uploads\/2021\/11\/IMAGE-2021-11-21-205438.jpg 750w, https:\/\/laszlo1713.lima-city.de\/wp-content\/uploads\/2021\/11\/IMAGE-2021-11-21-205438-300x219.jpg 300w\" sizes=\"auto, (max-width: 674px) 100vw, 674px\" \/><\/figure>\n\n\n\n<hr class=\"wp-block-separator\"\/>\n\n\n\n<figure class=\"wp-block-image size-full\"><img loading=\"lazy\" decoding=\"async\" width=\"664\" height=\"714\" src=\"https:\/\/laszlo1713.lima-city.de\/wp-content\/uploads\/2021\/11\/Screenshot-2021-11-20-at-10.16.36.jpg\" alt=\"\" class=\"wp-image-4579\" srcset=\"https:\/\/laszlo1713.lima-city.de\/wp-content\/uploads\/2021\/11\/Screenshot-2021-11-20-at-10.16.36.jpg 664w, https:\/\/laszlo1713.lima-city.de\/wp-content\/uploads\/2021\/11\/Screenshot-2021-11-20-at-10.16.36-279x300.jpg 279w\" sizes=\"auto, (max-width: 664px) 100vw, 664px\" \/><figcaption><span class=\"has-inline-color has-vivid-green-cyan-color\">A &#8220;hazugs\u00e1g&#8221; fellegv\u00e1rai: a BBC, CNN stb. mellett az els\u0151 n\u00e9met k\u00f6zszolg\u00e1lati televizi\u00f3 is &#8220;b\u00fcszke&#8221; lehet, hiszen eredm\u00e9nyesen terjeszti a szellemi v\u00edrust, amit &#8220;agymos\u00e1snak&#8221; is nevezhet\u00fcnk n\u00e9piesen.  A p\u00e1lm\u00e1t az\u00e9rt a  ZDF-nek adn\u00e1m, mert az meg\u00edt\u00e9l\u00e9sem szerint a legjobb h\u00e1tt\u00e9rhatalmi (illumin\u00e1tus) propaganda-ad\u00f3 (Egy-szem f*siszt\u00e1k)<\/span><\/figcaption><\/figure>\n\n\n\n<hr class=\"wp-block-separator\"\/>\n\n\n\n<figure class=\"wp-block-image size-large\"><img loading=\"lazy\" decoding=\"async\" width=\"1024\" height=\"884\" src=\"https:\/\/laszlo1713.lima-city.de\/wp-content\/uploads\/2021\/11\/Screenshot-2021-11-20-at-10.28.32-1024x884.jpg\" alt=\"\" class=\"wp-image-4581\" srcset=\"https:\/\/laszlo1713.lima-city.de\/wp-content\/uploads\/2021\/11\/Screenshot-2021-11-20-at-10.28.32-1024x884.jpg 1024w, https:\/\/laszlo1713.lima-city.de\/wp-content\/uploads\/2021\/11\/Screenshot-2021-11-20-at-10.28.32-300x259.jpg 300w, https:\/\/laszlo1713.lima-city.de\/wp-content\/uploads\/2021\/11\/Screenshot-2021-11-20-at-10.28.32-768x663.jpg 768w, https:\/\/laszlo1713.lima-city.de\/wp-content\/uploads\/2021\/11\/Screenshot-2021-11-20-at-10.28.32-1536x1326.jpg 1536w, https:\/\/laszlo1713.lima-city.de\/wp-content\/uploads\/2021\/11\/Screenshot-2021-11-20-at-10.28.32.jpg 1638w\" sizes=\"auto, (max-width: 706px) 89vw, (max-width: 767px) 82vw, 740px\" \/><figcaption>Zusammenfassung der Ergebnisse: Prof. Dr. Rolf Steyer und Dr. Gregor Kappler analysierten den Zeitraum von KW 36 bis KW 40.<br>Die Ergebnisse sind alarmierend. In der Zusammenfassung der Analyse hei\u00dft es:<br><em>Eine \u00dcbersterblichkeit ist in allen 16 L\u00e4ndern festzustellen. Die Anzahl der vom RKI berichteten Covid-Sterbef\u00e4lle in dem betrachteten Zeitraum stellt durchweg nur einen relativ kleinen Teil der \u00dcbersterblichkeit dar und kann vor allem den kritischen Sachverhalt nicht erkl\u00e4ren:<\/em><br><br><em>Je h\u00f6her die Impfquote, desto h\u00f6her die \u00dcbersterblichkeit.<\/em><br><em>Die direkteste Erkl\u00e4rung ist:<\/em><br><em>\uff65 Vollst\u00e4ndige Impfung erh\u00f6ht die Sterbewahrscheinlichkeit.<\/em><br><em>Nat\u00fcrlich sind indirektere Erkl\u00e4rungen m\u00f6glich:<\/em><br><em>\uff65 Je h\u00f6her der Anteil der Alten, desto h\u00f6her die Impfquote und die \u00dcbersterblichkeit. Daher korrelieren auch Impfquote und \u00dcbersterblichkeit. (Diese Erkl\u00e4rung ist aber nicht sehr plausibel, da sich der Anteil der Alten zwischen 2016-2020 einerseits und 2021 andererseits erheblich ver\u00e4ndert haben m\u00fcsste.)<\/em><br><em>\uff65 H\u00f6here Impfquoten werden durch erh\u00f6hten Stress und Angst in dem betreffenden Land erzielt und letztere f\u00fchren zu erh\u00f6hten Anzahlen bei den Sterbef\u00e4llen.<\/em><br><br><\/figcaption><\/figure>\n\n\n\n<hr class=\"wp-block-separator\"\/>\n\n\n\n<figure class=\"wp-block-image size-full\"><img loading=\"lazy\" decoding=\"async\" width=\"656\" height=\"1010\" src=\"https:\/\/laszlo1713.lima-city.de\/wp-content\/uploads\/2021\/11\/Screenshot-2021-11-20-at-10.33.49.jpg\" alt=\"\" class=\"wp-image-4584\" srcset=\"https:\/\/laszlo1713.lima-city.de\/wp-content\/uploads\/2021\/11\/Screenshot-2021-11-20-at-10.33.49.jpg 656w, https:\/\/laszlo1713.lima-city.de\/wp-content\/uploads\/2021\/11\/Screenshot-2021-11-20-at-10.33.49-195x300.jpg 195w\" sizes=\"auto, (max-width: 656px) 100vw, 656px\" \/><\/figure>\n\n\n\n<p><span class=\"has-inline-color has-vivid-green-cyan-color\">Remek lehet a min\u0151s\u00e9gi ellen\u0151rz\u00e9s, hogy az ilyesmi csak ut\u00f3lag der\u00fcl ki.<\/span> <span class=\"has-inline-color has-vivid-green-cyan-color\">Sz\u00e1nd\u00e9koss\u00e1g? \u0150r\u00fclt gondolat (norm\u00e1lis esetben), m\u00e9gsem z\u00e1rn\u00e1m ki teljesen. <\/span><\/p>\n\n\n\n<hr class=\"wp-block-separator\"\/>\n\n\n\n<figure class=\"wp-block-image size-large\"><img loading=\"lazy\" decoding=\"async\" width=\"814\" height=\"1024\" src=\"https:\/\/laszlo1713.lima-city.de\/wp-content\/uploads\/2021\/11\/Screenshot-2021-11-20-at-12.24.59-814x1024.jpg\" alt=\"\" class=\"wp-image-4589\" srcset=\"https:\/\/laszlo1713.lima-city.de\/wp-content\/uploads\/2021\/11\/Screenshot-2021-11-20-at-12.24.59-814x1024.jpg 814w, https:\/\/laszlo1713.lima-city.de\/wp-content\/uploads\/2021\/11\/Screenshot-2021-11-20-at-12.24.59-238x300.jpg 238w, https:\/\/laszlo1713.lima-city.de\/wp-content\/uploads\/2021\/11\/Screenshot-2021-11-20-at-12.24.59-768x966.jpg 768w, https:\/\/laszlo1713.lima-city.de\/wp-content\/uploads\/2021\/11\/Screenshot-2021-11-20-at-12.24.59-1221x1536.jpg 1221w, https:\/\/laszlo1713.lima-city.de\/wp-content\/uploads\/2021\/11\/Screenshot-2021-11-20-at-12.24.59-1628x2048.jpg 1628w, https:\/\/laszlo1713.lima-city.de\/wp-content\/uploads\/2021\/11\/Screenshot-2021-11-20-at-12.24.59.jpg 1858w\" sizes=\"auto, (max-width: 706px) 89vw, (max-width: 767px) 82vw, 740px\" \/><figcaption><span class=\"has-inline-color has-vivid-green-cyan-color\">Ezt mondja egy  <strong>alkotm\u00e1nyjog\u00e1sz<\/strong> Ausztri\u00e1ban. Ez is a &#8220;dal\u00e1rda&#8221; (DS) tagja, viszont &#8220;hamisan&#8221;  \u00e9nekel.<\/span> <span class=\"has-inline-color has-vivid-green-cyan-color\">K\u00f6zben semmi k\u00fcl\u00f6n\u00f6s nem t\u00f6rt\u00e9nik (?), csak az \u00e9vtizedes-\u00e9vsz\u00e1zados szenny lassan a felsz\u00ednre ker\u00fcl,  \u00e9s irt\u00f3zatosan b\u0171zlik. (Valami b\u0171zlik  Ausztri\u00e1ban, nem csak D\u00e1ni\u00e1ban.)<\/span><\/figcaption><\/figure>\n\n\n\n<hr class=\"wp-block-separator\"\/>\n\n\n\n<figure class=\"wp-block-image size-large\"><img loading=\"lazy\" decoding=\"async\" width=\"1024\" height=\"740\" src=\"https:\/\/laszlo1713.lima-city.de\/wp-content\/uploads\/2021\/11\/Screenshot-2021-11-20-at-16.17.36-1024x740.jpg\" alt=\"\" class=\"wp-image-4595\" srcset=\"https:\/\/laszlo1713.lima-city.de\/wp-content\/uploads\/2021\/11\/Screenshot-2021-11-20-at-16.17.36-1024x740.jpg 1024w, https:\/\/laszlo1713.lima-city.de\/wp-content\/uploads\/2021\/11\/Screenshot-2021-11-20-at-16.17.36-300x217.jpg 300w, https:\/\/laszlo1713.lima-city.de\/wp-content\/uploads\/2021\/11\/Screenshot-2021-11-20-at-16.17.36-768x555.jpg 768w, https:\/\/laszlo1713.lima-city.de\/wp-content\/uploads\/2021\/11\/Screenshot-2021-11-20-at-16.17.36.jpg 1212w\" sizes=\"auto, (max-width: 706px) 89vw, (max-width: 767px) 82vw, 740px\" \/><figcaption><span class=\"has-inline-color has-vivid-green-cyan-color\">A  <strong>B\u00b4nai B\u00b4rith p\u00e1holy<\/strong> &#8211; \u00edgy is vil\u00e1gos, de napjainkban m\u00e9g vil\u00e1gosabb, hogy kik is \u00e1llnak a &#8220;k\u00e1osz&#8221; m\u00f6g\u00f6tt, hogy majd \u0151 maguk teremtsenek &#8220;rendet&#8221;. &#8220;Wir schaffen das!&#8221; (mit?), \u00e9s a sok agymosott elhiszi mindezt. \u00dagy t\u0171nik, ez az emberi l\u00e9tez\u00e9s igazi pr\u00f3bat\u00e9tele: nem bed\u0151lni a hamis pr\u00f3f\u00e9t\u00e1knak.<\/span><\/figcaption><\/figure>\n\n\n\n<hr class=\"wp-block-separator\"\/>\n\n\n\n<figure class=\"wp-block-image size-full\"><img loading=\"lazy\" decoding=\"async\" width=\"860\" height=\"612\" src=\"https:\/\/laszlo1713.lima-city.de\/wp-content\/uploads\/2021\/11\/Screenshot-2021-11-20-at-19.40.31.jpg\" alt=\"\" class=\"wp-image-4598\" srcset=\"https:\/\/laszlo1713.lima-city.de\/wp-content\/uploads\/2021\/11\/Screenshot-2021-11-20-at-19.40.31.jpg 860w, https:\/\/laszlo1713.lima-city.de\/wp-content\/uploads\/2021\/11\/Screenshot-2021-11-20-at-19.40.31-300x213.jpg 300w, https:\/\/laszlo1713.lima-city.de\/wp-content\/uploads\/2021\/11\/Screenshot-2021-11-20-at-19.40.31-768x547.jpg 768w\" sizes=\"auto, (max-width: 706px) 89vw, (max-width: 767px) 82vw, 740px\" \/><figcaption>Dr. Wolfgang Wodarg ist durch seine fachlich fundierten Einw\u00e4nde und seinen Mut, Gesicht zu zeigen, einer der f\u00fchrenden Kritiker des Corona-Zwangsregimes im deutschsprachigen Raum. Im AUFrecht-Interview spricht er mit Elsa Mittmannsgruber \u00fcber die Covid-Impfungen. Was macht die Impfung mit meinem K\u00f6rper, ist sie ansteckend und inwiefern k\u00f6nnen Impffolgen mit Covid-19 verwechselt werden? Diese und mehr Fragen beantwortet Dr. Wodarg ausf\u00fchrlich und auch f\u00fcr den Laien gut verst\u00e4ndlich. Wolfgang Wodargs Botschaft ist klar: Lassen Sie sich nicht mit diesen Covid-Impfstoffen impfen! Und wenn Sie bereits geimpft sind: Nehmen Sie auf keinen Fall noch eine Spritze! Seine Gesundheit bekommt man, wenn \u00fcberhaupt, nur noch schwer zur\u00fcck.<br><\/figcaption><\/figure>\n\n\n\n<hr class=\"wp-block-separator\"\/>\n\n\n\n<figure class=\"wp-block-image size-large\"><img loading=\"lazy\" decoding=\"async\" width=\"1024\" height=\"632\" src=\"https:\/\/laszlo1713.lima-city.de\/wp-content\/uploads\/2021\/11\/IMAGE-2021-11-20-204903-1024x632.jpg\" alt=\"\" class=\"wp-image-4602\" srcset=\"https:\/\/laszlo1713.lima-city.de\/wp-content\/uploads\/2021\/11\/IMAGE-2021-11-20-204903-1024x632.jpg 1024w, https:\/\/laszlo1713.lima-city.de\/wp-content\/uploads\/2021\/11\/IMAGE-2021-11-20-204903-300x185.jpg 300w, https:\/\/laszlo1713.lima-city.de\/wp-content\/uploads\/2021\/11\/IMAGE-2021-11-20-204903-768x474.jpg 768w, https:\/\/laszlo1713.lima-city.de\/wp-content\/uploads\/2021\/11\/IMAGE-2021-11-20-204903.jpg 1059w\" sizes=\"auto, (max-width: 706px) 89vw, (max-width: 767px) 82vw, 740px\" \/><figcaption><span class=\"has-inline-color has-vivid-green-cyan-color\">A <strong>liber\u00e1lis<\/strong> ir\u00e1ny ugyan\u00fagy hazug (k\u00e9pvisel\u0151i h\u00e1tt\u00e9rhatalmi marionettek) mint az \u00fan. <strong>illiber\u00e1lis<\/strong> (k\u00e9pvisel\u0151i nemzetinek \u00e1lc\u00e1zott h\u00e1tt\u00e9rhatalmi marionettek) . A Corona-t\u00e9ma egyfajta lakmuszpap\u00edr, nagy pontoss\u00e1ggal mutatja a (lelki) &#8220;szennyezetts\u00e9g&#8221;  fok\u00e1t.<\/span> <span class=\"has-inline-color has-vivid-green-cyan-color\">\u00c9s az eg\u00e9sz jelenlegi politikai-t\u00e1rsadalmi rendszer &#8220;szennyezett&#8221;.<\/span><\/figcaption><\/figure>\n\n\n\n<hr class=\"wp-block-separator\"\/>\n\n\n\n<figure class=\"wp-block-image size-full\"><img loading=\"lazy\" decoding=\"async\" width=\"750\" height=\"492\" src=\"https:\/\/laszlo1713.lima-city.de\/wp-content\/uploads\/2021\/11\/IMG_0217.jpg\" alt=\"\" class=\"wp-image-4604\" srcset=\"https:\/\/laszlo1713.lima-city.de\/wp-content\/uploads\/2021\/11\/IMG_0217.jpg 750w, https:\/\/laszlo1713.lima-city.de\/wp-content\/uploads\/2021\/11\/IMG_0217-300x197.jpg 300w\" sizes=\"auto, (max-width: 706px) 89vw, (max-width: 767px) 82vw, 740px\" \/><figcaption><span class=\"has-inline-color has-vivid-green-cyan-color\">A &#8220;b\u0171n\u00f6s v\u00e1ros&#8221;?  Egy\u00e9rtelm\u0171 szimb\u00f3lumok (berendez\u00e9s) tartalmi megjelen\u00edt\u00e9ssel (gyermekek). Az eg\u00e9sz eszk\u00f6zt\u00e1ra ezeknek a(z)  (eddig) rejt\u0151zk\u00f6d\u0151 s\u00e1t\u00e1nfajzat szarh\u00e1ziaknak (illumin\u00e1tus h\u00e1tt\u00e9rhatalom, DS) l\u00e9nyeg\u00e9ben egy\u00fctt egy k\u00e9pben. Aki l\u00e1tja, l\u00e1tja.<\/span><\/figcaption><\/figure>\n\n\n\n<hr class=\"wp-block-separator\"\/>\n\n\n\n<figure class=\"wp-block-image size-full\"><img loading=\"lazy\" decoding=\"async\" width=\"800\" height=\"800\" src=\"https:\/\/laszlo1713.lima-city.de\/wp-content\/uploads\/2021\/11\/IMAGE-2021-11-21-083622.jpg\" alt=\"\" class=\"wp-image-4607\" srcset=\"https:\/\/laszlo1713.lima-city.de\/wp-content\/uploads\/2021\/11\/IMAGE-2021-11-21-083622.jpg 800w, https:\/\/laszlo1713.lima-city.de\/wp-content\/uploads\/2021\/11\/IMAGE-2021-11-21-083622-300x300.jpg 300w, https:\/\/laszlo1713.lima-city.de\/wp-content\/uploads\/2021\/11\/IMAGE-2021-11-21-083622-150x150.jpg 150w, https:\/\/laszlo1713.lima-city.de\/wp-content\/uploads\/2021\/11\/IMAGE-2021-11-21-083622-768x768.jpg 768w, https:\/\/laszlo1713.lima-city.de\/wp-content\/uploads\/2021\/11\/IMAGE-2021-11-21-083622-100x100.jpg 100w\" sizes=\"auto, (max-width: 706px) 89vw, (max-width: 767px) 82vw, 740px\" \/><figcaption><span class=\"has-inline-color has-vivid-green-cyan-color\">Egyesek (Covid-fetisiszt\u00e1k) &#8220;t\u00f6r\u00f6lni&#8221; szeretn\u00e9k \u00fajra \u00e9s \u00fajra Kar\u00e1csonyt. Ez a kar\u00e1csonyi k\u00e1rtya viszont m\u00e1s szimbolik\u00e1t (sz\u00ednt \u00e9s form\u00e1t) mutat. Aki l\u00e1tja, l\u00e1tja. Aki \u00e9rti (is), \u00e9rti (is).<\/span><\/figcaption><\/figure>\n\n\n\n<hr class=\"wp-block-separator\"\/>\n\n\n\n<figure class=\"wp-block-image size-full\"><img loading=\"lazy\" decoding=\"async\" width=\"536\" height=\"242\" src=\"https:\/\/laszlo1713.lima-city.de\/wp-content\/uploads\/2021\/11\/Screenshot-2021-11-21-at-09.51.25.jpg\" alt=\"\" class=\"wp-image-4609\" srcset=\"https:\/\/laszlo1713.lima-city.de\/wp-content\/uploads\/2021\/11\/Screenshot-2021-11-21-at-09.51.25.jpg 536w, https:\/\/laszlo1713.lima-city.de\/wp-content\/uploads\/2021\/11\/Screenshot-2021-11-21-at-09.51.25-300x135.jpg 300w\" sizes=\"auto, (max-width: 536px) 100vw, 536px\" \/><\/figure>\n\n\n\n<figure class=\"wp-block-image size-large\"><img loading=\"lazy\" decoding=\"async\" width=\"881\" height=\"1024\" src=\"https:\/\/laszlo1713.lima-city.de\/wp-content\/uploads\/2021\/11\/Screenshot-2021-11-21-at-09.51.14-881x1024.jpg\" alt=\"\" class=\"wp-image-4610\" srcset=\"https:\/\/laszlo1713.lima-city.de\/wp-content\/uploads\/2021\/11\/Screenshot-2021-11-21-at-09.51.14-881x1024.jpg 881w, https:\/\/laszlo1713.lima-city.de\/wp-content\/uploads\/2021\/11\/Screenshot-2021-11-21-at-09.51.14-258x300.jpg 258w, https:\/\/laszlo1713.lima-city.de\/wp-content\/uploads\/2021\/11\/Screenshot-2021-11-21-at-09.51.14-768x893.jpg 768w, https:\/\/laszlo1713.lima-city.de\/wp-content\/uploads\/2021\/11\/Screenshot-2021-11-21-at-09.51.14.jpg 1258w\" sizes=\"auto, (max-width: 706px) 89vw, (max-width: 767px) 82vw, 740px\" \/><figcaption>(&#8230;) A source told The Sun On Sunday: \u201cPictures like this show just&nbsp;<a href=\"https:\/\/www.thesun.co.uk\/news\/12396590\/jeffrey-epstein-little-black-book-famous-contacts-addresses\/\">how powerful Epstein\u2019s connections were<\/a>&nbsp;and his ability to open almost any door.<br>\u201cHe managed to manipulate his way into royal palaces,&nbsp;<a href=\"https:\/\/www.thesun.co.uk\/where\/the-white-house\/\">the White House<\/a> and the Vatican, all with Maxwell by his side.\u201d <\/figcaption><\/figure>\n\n\n\n<p><span class=\"has-inline-color has-vivid-green-cyan-color\">A Vatik\u00e1n (is) nyakig benne. Egyre t\u00f6bbet l\u00e1tunk (l\u00e1thatunk) a &#8220;kapcsolatokb\u00f3l&#8221;.<\/span> <span class=\"has-inline-color has-vivid-green-cyan-color\">A jelenlegi (m\u00e9g) p\u00e1pa egy hossz\u00fa z\u00fcll\u00e9sfolyamat utols\u00f3 l\u00e1ncszeme. <\/span><\/p>\n\n\n\n<hr class=\"wp-block-separator\"\/>\n\n\n\n<figure class=\"wp-block-image size-full\"><img loading=\"lazy\" decoding=\"async\" width=\"714\" height=\"856\" src=\"https:\/\/laszlo1713.lima-city.de\/wp-content\/uploads\/2021\/11\/Screenshot-2021-11-21-at-10.00.01.jpg\" alt=\"\" class=\"wp-image-4613\" srcset=\"https:\/\/laszlo1713.lima-city.de\/wp-content\/uploads\/2021\/11\/Screenshot-2021-11-21-at-10.00.01.jpg 714w, https:\/\/laszlo1713.lima-city.de\/wp-content\/uploads\/2021\/11\/Screenshot-2021-11-21-at-10.00.01-250x300.jpg 250w\" sizes=\"auto, (max-width: 714px) 100vw, 714px\" \/><figcaption>\ud83c\udde8\ud83c\udded <strong>Warum stehen solche Skulpturen auf verschiedenen Bergen in der Schweiz, z.B. Matterhorn, Rothorn usw.?<\/strong><br><span class=\"has-inline-color has-vivid-green-cyan-color\">Na, vajon mi\u00e9rt? K\u00f6lt\u0151i k\u00e9rd\u00e9s?<\/span> <span class=\"has-inline-color has-vivid-green-cyan-color\">Vagy nem stilisztika, hanem szimbolika?<\/span><\/figcaption><\/figure>\n\n\n\n<hr class=\"wp-block-separator\"\/>\n\n\n\n<figure class=\"wp-block-image size-large\"><img loading=\"lazy\" decoding=\"async\" width=\"872\" height=\"1024\" src=\"https:\/\/laszlo1713.lima-city.de\/wp-content\/uploads\/2021\/11\/IMAGE-2021-11-21-134902-872x1024.jpg\" alt=\"\" class=\"wp-image-4617\" srcset=\"https:\/\/laszlo1713.lima-city.de\/wp-content\/uploads\/2021\/11\/IMAGE-2021-11-21-134902-872x1024.jpg 872w, https:\/\/laszlo1713.lima-city.de\/wp-content\/uploads\/2021\/11\/IMAGE-2021-11-21-134902-255x300.jpg 255w, https:\/\/laszlo1713.lima-city.de\/wp-content\/uploads\/2021\/11\/IMAGE-2021-11-21-134902-768x902.jpg 768w, https:\/\/laszlo1713.lima-city.de\/wp-content\/uploads\/2021\/11\/IMAGE-2021-11-21-134902.jpg 1090w\" sizes=\"auto, (max-width: 706px) 89vw, (max-width: 767px) 82vw, 740px\" \/><\/figure>\n\n\n\n<hr class=\"wp-block-separator\"\/>\n","protected":false},"excerpt":{"rendered":"<p>We\u00f6res S\u00e1ndor \u00edrja (A vez\u00e9remberr\u0151l): &#8220;N\u00e9gyf\u00e9le vezet\u0151ember lehet az orsz\u00e1g \u00e9l\u00e9n. Prokruszt\u00e9sz, Nap\u00f3leon, Samu b\u00e1csi \u00e9s Szol\u00f3n. (&#8230;) Samu b\u00e1csi \u00fagy \u00fcl az uralkod\u00f3i teremben, mint egy f\u0171szeresboltban, dek\u00e1kkal \u00e9s garasokkal ravaszkodik.&#8221; Itt tartunk jelenleg, Samu b\u00e1csi (lenne) az orsz\u00e1g \u00e9l\u00e9n? A v\u00e1laszt\u00e1s szabads\u00e1ga. A szabads\u00e1g v\u00e1laszt\u00e1sa? M\u00fcckstein (az osztr\u00e1k eg\u00e9szs\u00e9g\u00fcgyminiszter) is a nagy glob\u00e1lis &hellip; <\/p>\n<p class=\"link-more\"><a href=\"https:\/\/laszlo1713.lima-city.de\/index.php\/lapszemle-viii\/\" class=\"more-link\">Continue reading<span class=\"screen-reader-text\"> &#8220;Lapszemle VIII.&#8221;<\/span><\/a><\/p>\n","protected":false},"author":1,"featured_media":0,"parent":0,"menu_order":0,"comment_status":"closed","ping_status":"closed","template":"","meta":{"footnotes":""},"class_list":["post-4420","page","type-page","status-publish","hentry"],"_links":{"self":[{"href":"https:\/\/laszlo1713.lima-city.de\/index.php\/wp-json\/wp\/v2\/pages\/4420","targetHints":{"allow":["GET"]}}],"collection":[{"href":"https:\/\/laszlo1713.lima-city.de\/index.php\/wp-json\/wp\/v2\/pages"}],"about":[{"href":"https:\/\/laszlo1713.lima-city.de\/index.php\/wp-json\/wp\/v2\/types\/page"}],"author":[{"embeddable":true,"href":"https:\/\/laszlo1713.lima-city.de\/index.php\/wp-json\/wp\/v2\/users\/1"}],"replies":[{"embeddable":true,"href":"https:\/\/laszlo1713.lima-city.de\/index.php\/wp-json\/wp\/v2\/comments?post=4420"}],"version-history":[{"count":57,"href":"https:\/\/laszlo1713.lima-city.de\/index.php\/wp-json\/wp\/v2\/pages\/4420\/revisions"}],"predecessor-version":[{"id":4625,"href":"https:\/\/laszlo1713.lima-city.de\/index.php\/wp-json\/wp\/v2\/pages\/4420\/revisions\/4625"}],"wp:attachment":[{"href":"https:\/\/laszlo1713.lima-city.de\/index.php\/wp-json\/wp\/v2\/media?parent=4420"}],"curies":[{"name":"wp","href":"https:\/\/api.w.org\/{rel}","templated":true}]}}