{"id":4222,"date":"2021-10-26T18:11:06","date_gmt":"2021-10-26T16:11:06","guid":{"rendered":"https:\/\/laszlo1713.lima-city.de\/?page_id=4222"},"modified":"2021-11-14T13:54:07","modified_gmt":"2021-11-14T12:54:07","slug":"lapszemle-vii","status":"publish","type":"page","link":"https:\/\/laszlo1713.lima-city.de\/index.php\/lapszemle-vii\/","title":{"rendered":"Lapszemle VII."},"content":{"rendered":"\n<figure class=\"wp-block-image size-large\"><img loading=\"lazy\" decoding=\"async\" width=\"1024\" height=\"993\" src=\"https:\/\/laszlo1713.lima-city.de\/wp-content\/uploads\/2021\/11\/Screenshot-2021-11-04-at-17.17.53-1024x993.jpg\" alt=\"\" class=\"wp-image-4327\" srcset=\"https:\/\/laszlo1713.lima-city.de\/wp-content\/uploads\/2021\/11\/Screenshot-2021-11-04-at-17.17.53-1024x993.jpg 1024w, https:\/\/laszlo1713.lima-city.de\/wp-content\/uploads\/2021\/11\/Screenshot-2021-11-04-at-17.17.53-300x291.jpg 300w, https:\/\/laszlo1713.lima-city.de\/wp-content\/uploads\/2021\/11\/Screenshot-2021-11-04-at-17.17.53-768x745.jpg 768w, https:\/\/laszlo1713.lima-city.de\/wp-content\/uploads\/2021\/11\/Screenshot-2021-11-04-at-17.17.53.jpg 1504w\" sizes=\"auto, (max-width: 706px) 89vw, (max-width: 767px) 82vw, 740px\" \/><figcaption>Navy SEALs on Tuesday launched a predawn raid on one of the hundreds of cargo vessels, a Hong Kong-flagged bulk carrier called the Morning Star, anchored off Long Beach, California, and rescued 200 foreign children who had been imprisoned in a decrepit cargo hold, said a military adjunct under promise of anonymity. Alas, the SEALs also recovered the bodies of 12 dead children, our source added. (&#8230;) \u201cIt was a horrible scene. Some of these kids were shackled to bulkhead, others were lying in puddles of their own feces and urine. No food in the hold, and only a few 55-gallon drums of what looked like putrid water,\u201d our source said.<\/figcaption><\/figure>\n\n\n\n<hr class=\"wp-block-separator\"\/>\n\n\n\n<div class=\"wp-block-image\"><figure class=\"aligncenter size-full\"><img loading=\"lazy\" decoding=\"async\" width=\"526\" height=\"514\" src=\"https:\/\/laszlo1713.lima-city.de\/wp-content\/uploads\/2021\/11\/IMAGE-2021-11-04-172755.jpg\" alt=\"\" class=\"wp-image-4331\" srcset=\"https:\/\/laszlo1713.lima-city.de\/wp-content\/uploads\/2021\/11\/IMAGE-2021-11-04-172755.jpg 526w, https:\/\/laszlo1713.lima-city.de\/wp-content\/uploads\/2021\/11\/IMAGE-2021-11-04-172755-300x293.jpg 300w\" sizes=\"auto, (max-width: 526px) 100vw, 526px\" \/><figcaption><span class=\"has-inline-color has-vivid-green-cyan-color\">Tal\u00e1l\u00f3!<\/span><\/figcaption><\/figure><\/div>\n\n\n\n<hr class=\"wp-block-separator\"\/>\n\n\n\n<figure class=\"wp-block-image size-large\"><img loading=\"lazy\" decoding=\"async\" width=\"1024\" height=\"891\" src=\"https:\/\/laszlo1713.lima-city.de\/wp-content\/uploads\/2021\/11\/Screenshot-2021-11-04-at-17.40.40-1024x891.jpg\" alt=\"\" class=\"wp-image-4334\" srcset=\"https:\/\/laszlo1713.lima-city.de\/wp-content\/uploads\/2021\/11\/Screenshot-2021-11-04-at-17.40.40-1024x891.jpg 1024w, https:\/\/laszlo1713.lima-city.de\/wp-content\/uploads\/2021\/11\/Screenshot-2021-11-04-at-17.40.40-300x261.jpg 300w, https:\/\/laszlo1713.lima-city.de\/wp-content\/uploads\/2021\/11\/Screenshot-2021-11-04-at-17.40.40-768x668.jpg 768w, https:\/\/laszlo1713.lima-city.de\/wp-content\/uploads\/2021\/11\/Screenshot-2021-11-04-at-17.40.40-1536x1337.jpg 1536w, https:\/\/laszlo1713.lima-city.de\/wp-content\/uploads\/2021\/11\/Screenshot-2021-11-04-at-17.40.40.jpg 1636w\" sizes=\"auto, (max-width: 706px) 89vw, (max-width: 767px) 82vw, 740px\" \/><figcaption>The Russian-born analyst who provided information to British ex-spy Christopher Steele for his \u201cdirty dossier\u201d of allegations against Donald Trump has been arrested in the United States for allegedly lying to the FBI.<\/figcaption><\/figure>\n\n\n\n<div data-wp-interactive=\"core\/file\" class=\"wp-block-file\"><object data-wp-bind--hidden=\"!state.hasPdfPreview\" hidden class=\"wp-block-file__embed\" data=\"https:\/\/laszlo1713.lima-city.de\/wp-content\/uploads\/2021\/11\/gov.uscourts.vaed_.515692.1.0_2-page1.pdf\" type=\"application\/pdf\" style=\"width:100%;height:600px\" aria-label=\"Embed of Embed of gov.uscourts.vaed_.515692.1.0_2-page1..\"><\/object><a href=\"https:\/\/laszlo1713.lima-city.de\/wp-content\/uploads\/2021\/11\/gov.uscourts.vaed_.515692.1.0_2-page1.pdf\">gov.uscourts.vaed_.515692.1.0_2-page1<\/a><a href=\"https:\/\/laszlo1713.lima-city.de\/wp-content\/uploads\/2021\/11\/gov.uscourts.vaed_.515692.1.0_2-page1.pdf\" class=\"wp-block-file__button\" download>Download<\/a><\/div>\n\n\n\n<hr class=\"wp-block-separator\"\/>\n\n\n\n<figure class=\"wp-block-image size-large is-resized\"><img loading=\"lazy\" decoding=\"async\" src=\"https:\/\/laszlo1713.lima-city.de\/wp-content\/uploads\/2021\/11\/Screenshot-2021-11-05-at-10.01.08-1024x245.jpg\" alt=\"\" class=\"wp-image-4346\" width=\"674\" height=\"161\" srcset=\"https:\/\/laszlo1713.lima-city.de\/wp-content\/uploads\/2021\/11\/Screenshot-2021-11-05-at-10.01.08-1024x245.jpg 1024w, https:\/\/laszlo1713.lima-city.de\/wp-content\/uploads\/2021\/11\/Screenshot-2021-11-05-at-10.01.08-300x72.jpg 300w, https:\/\/laszlo1713.lima-city.de\/wp-content\/uploads\/2021\/11\/Screenshot-2021-11-05-at-10.01.08-768x184.jpg 768w, https:\/\/laszlo1713.lima-city.de\/wp-content\/uploads\/2021\/11\/Screenshot-2021-11-05-at-10.01.08.jpg 1110w\" sizes=\"auto, (max-width: 674px) 100vw, 674px\" \/><\/figure>\n\n\n\n<hr class=\"wp-block-separator\"\/>\n\n\n\n<figure class=\"wp-block-image size-full\"><img loading=\"lazy\" decoding=\"async\" width=\"750\" height=\"972\" src=\"https:\/\/laszlo1713.lima-city.de\/wp-content\/uploads\/2021\/11\/IMAGE-2021-11-04-193437.jpg\" alt=\"\" class=\"wp-image-4338\" srcset=\"https:\/\/laszlo1713.lima-city.de\/wp-content\/uploads\/2021\/11\/IMAGE-2021-11-04-193437.jpg 750w, https:\/\/laszlo1713.lima-city.de\/wp-content\/uploads\/2021\/11\/IMAGE-2021-11-04-193437-231x300.jpg 231w\" sizes=\"auto, (max-width: 706px) 89vw, (max-width: 767px) 82vw, 740px\" \/><\/figure>\n\n\n\n<figure class=\"wp-block-image size-large\"><img loading=\"lazy\" decoding=\"async\" width=\"1024\" height=\"734\" src=\"https:\/\/laszlo1713.lima-city.de\/wp-content\/uploads\/2021\/11\/Screenshot-2021-11-05-at-08.24.48-1024x734.jpg\" alt=\"\" class=\"wp-image-4340\" srcset=\"https:\/\/laszlo1713.lima-city.de\/wp-content\/uploads\/2021\/11\/Screenshot-2021-11-05-at-08.24.48-1024x734.jpg 1024w, https:\/\/laszlo1713.lima-city.de\/wp-content\/uploads\/2021\/11\/Screenshot-2021-11-05-at-08.24.48-300x215.jpg 300w, https:\/\/laszlo1713.lima-city.de\/wp-content\/uploads\/2021\/11\/Screenshot-2021-11-05-at-08.24.48-768x550.jpg 768w, https:\/\/laszlo1713.lima-city.de\/wp-content\/uploads\/2021\/11\/Screenshot-2021-11-05-at-08.24.48-1536x1101.jpg 1536w, https:\/\/laszlo1713.lima-city.de\/wp-content\/uploads\/2021\/11\/Screenshot-2021-11-05-at-08.24.48-2048x1468.jpg 2048w\" sizes=\"auto, (max-width: 706px) 89vw, (max-width: 767px) 82vw, 740px\" \/><\/figure>\n\n\n\n<figure class=\"wp-block-image size-large\"><img loading=\"lazy\" decoding=\"async\" width=\"1024\" height=\"810\" src=\"https:\/\/laszlo1713.lima-city.de\/wp-content\/uploads\/2021\/11\/Screenshot-2021-11-05-at-08.23.04-1024x810.jpg\" alt=\"\" class=\"wp-image-4341\" srcset=\"https:\/\/laszlo1713.lima-city.de\/wp-content\/uploads\/2021\/11\/Screenshot-2021-11-05-at-08.23.04-1024x810.jpg 1024w, https:\/\/laszlo1713.lima-city.de\/wp-content\/uploads\/2021\/11\/Screenshot-2021-11-05-at-08.23.04-300x237.jpg 300w, https:\/\/laszlo1713.lima-city.de\/wp-content\/uploads\/2021\/11\/Screenshot-2021-11-05-at-08.23.04-768x608.jpg 768w, https:\/\/laszlo1713.lima-city.de\/wp-content\/uploads\/2021\/11\/Screenshot-2021-11-05-at-08.23.04-1536x1216.jpg 1536w, https:\/\/laszlo1713.lima-city.de\/wp-content\/uploads\/2021\/11\/Screenshot-2021-11-05-at-08.23.04-2048x1621.jpg 2048w\" sizes=\"auto, (max-width: 706px) 89vw, (max-width: 767px) 82vw, 740px\" \/><\/figure>\n\n\n\n<hr class=\"wp-block-separator\"\/>\n\n\n\n<p>&#8220;<strong>csak olyan vakcin\u00e1k ker\u00fclhettek \u00e9s ker\u00fclhetnek forgalomba, amelyek&nbsp;a magyar hat\u00f3s\u00e1gok vizsg\u00e1lata alapj\u00e1n is hat\u00e1sosak, biztons\u00e1gosak&nbsp;\u00e9s amelyet m\u00e1s orsz\u00e1gban is haszn\u00e1lnak<\/strong>&#8221; (Magyarorsz\u00e1g Korm\u00e1nya). <span class=\"has-inline-color has-vivid-green-cyan-color\">Hazudna a Korm\u00e1ny?  Igen.<\/span><\/p>\n\n\n\n<hr class=\"wp-block-separator\"\/>\n\n\n\n<figure class=\"wp-block-image size-large\"><img loading=\"lazy\" decoding=\"async\" width=\"839\" height=\"1024\" src=\"https:\/\/laszlo1713.lima-city.de\/wp-content\/uploads\/2021\/11\/Screenshot-2021-11-05-at-08.54.05-839x1024.jpg\" alt=\"\" class=\"wp-image-4344\" srcset=\"https:\/\/laszlo1713.lima-city.de\/wp-content\/uploads\/2021\/11\/Screenshot-2021-11-05-at-08.54.05-839x1024.jpg 839w, https:\/\/laszlo1713.lima-city.de\/wp-content\/uploads\/2021\/11\/Screenshot-2021-11-05-at-08.54.05-246x300.jpg 246w, https:\/\/laszlo1713.lima-city.de\/wp-content\/uploads\/2021\/11\/Screenshot-2021-11-05-at-08.54.05-768x938.jpg 768w, https:\/\/laszlo1713.lima-city.de\/wp-content\/uploads\/2021\/11\/Screenshot-2021-11-05-at-08.54.05.jpg 978w\" sizes=\"auto, (max-width: 706px) 89vw, (max-width: 767px) 82vw, 740px\" \/><\/figure>\n\n\n\n<hr class=\"wp-block-separator\"\/>\n\n\n\n<figure class=\"wp-block-image size-large\"><img loading=\"lazy\" decoding=\"async\" width=\"1024\" height=\"863\" src=\"https:\/\/laszlo1713.lima-city.de\/wp-content\/uploads\/2021\/11\/Screenshot-2021-11-05-at-10.08.31-1024x863.jpg\" alt=\"\" class=\"wp-image-4349\" srcset=\"https:\/\/laszlo1713.lima-city.de\/wp-content\/uploads\/2021\/11\/Screenshot-2021-11-05-at-10.08.31-1024x863.jpg 1024w, https:\/\/laszlo1713.lima-city.de\/wp-content\/uploads\/2021\/11\/Screenshot-2021-11-05-at-10.08.31-300x253.jpg 300w, https:\/\/laszlo1713.lima-city.de\/wp-content\/uploads\/2021\/11\/Screenshot-2021-11-05-at-10.08.31-768x648.jpg 768w, https:\/\/laszlo1713.lima-city.de\/wp-content\/uploads\/2021\/11\/Screenshot-2021-11-05-at-10.08.31-1536x1295.jpg 1536w, https:\/\/laszlo1713.lima-city.de\/wp-content\/uploads\/2021\/11\/Screenshot-2021-11-05-at-10.08.31.jpg 1696w\" sizes=\"auto, (max-width: 706px) 89vw, (max-width: 767px) 82vw, 740px\" \/><\/figure>\n\n\n\n<figure class=\"wp-block-image size-large\"><img loading=\"lazy\" decoding=\"async\" width=\"828\" height=\"1024\" src=\"https:\/\/laszlo1713.lima-city.de\/wp-content\/uploads\/2021\/11\/Screenshot-2021-11-05-at-10.09.24-828x1024.jpg\" alt=\"\" class=\"wp-image-4350\" srcset=\"https:\/\/laszlo1713.lima-city.de\/wp-content\/uploads\/2021\/11\/Screenshot-2021-11-05-at-10.09.24-828x1024.jpg 828w, https:\/\/laszlo1713.lima-city.de\/wp-content\/uploads\/2021\/11\/Screenshot-2021-11-05-at-10.09.24-243x300.jpg 243w, https:\/\/laszlo1713.lima-city.de\/wp-content\/uploads\/2021\/11\/Screenshot-2021-11-05-at-10.09.24-768x949.jpg 768w, https:\/\/laszlo1713.lima-city.de\/wp-content\/uploads\/2021\/11\/Screenshot-2021-11-05-at-10.09.24-1243x1536.jpg 1243w, https:\/\/laszlo1713.lima-city.de\/wp-content\/uploads\/2021\/11\/Screenshot-2021-11-05-at-10.09.24.jpg 1534w\" sizes=\"auto, (max-width: 706px) 89vw, (max-width: 767px) 82vw, 740px\" \/><\/figure>\n\n\n\n<hr class=\"wp-block-separator\"\/>\n\n\n\n<figure class=\"wp-block-image size-large\"><img loading=\"lazy\" decoding=\"async\" width=\"768\" height=\"1024\" src=\"https:\/\/laszlo1713.lima-city.de\/wp-content\/uploads\/2021\/11\/IMAGE-2021-11-05-101503-768x1024.jpg\" alt=\"\" class=\"wp-image-4353\" srcset=\"https:\/\/laszlo1713.lima-city.de\/wp-content\/uploads\/2021\/11\/IMAGE-2021-11-05-101503-768x1024.jpg 768w, https:\/\/laszlo1713.lima-city.de\/wp-content\/uploads\/2021\/11\/IMAGE-2021-11-05-101503-225x300.jpg 225w, https:\/\/laszlo1713.lima-city.de\/wp-content\/uploads\/2021\/11\/IMAGE-2021-11-05-101503.jpg 960w\" sizes=\"auto, (max-width: 706px) 89vw, (max-width: 767px) 82vw, 740px\" \/><\/figure>\n\n\n\n<hr class=\"wp-block-separator\"\/>\n\n\n\n<figure class=\"wp-block-image size-large\"><img loading=\"lazy\" decoding=\"async\" width=\"1024\" height=\"863\" src=\"https:\/\/laszlo1713.lima-city.de\/wp-content\/uploads\/2021\/11\/Screenshot-2021-11-05-at-10.23.41-1024x863.jpg\" alt=\"\" class=\"wp-image-4355\" srcset=\"https:\/\/laszlo1713.lima-city.de\/wp-content\/uploads\/2021\/11\/Screenshot-2021-11-05-at-10.23.41-1024x863.jpg 1024w, https:\/\/laszlo1713.lima-city.de\/wp-content\/uploads\/2021\/11\/Screenshot-2021-11-05-at-10.23.41-300x253.jpg 300w, https:\/\/laszlo1713.lima-city.de\/wp-content\/uploads\/2021\/11\/Screenshot-2021-11-05-at-10.23.41-768x647.jpg 768w, https:\/\/laszlo1713.lima-city.de\/wp-content\/uploads\/2021\/11\/Screenshot-2021-11-05-at-10.23.41.jpg 1446w\" sizes=\"auto, (max-width: 706px) 89vw, (max-width: 767px) 82vw, 740px\" \/><figcaption>Disgraced politician, murderer, and sexual predator Andrew Cuomo was hanged at Guantanamo Bay early Tuesday morning for his role in perpetrating the global plandemic and callously killing thousands of senior citizens who, were it not for his actions, might still be alive today.<\/figcaption><\/figure>\n\n\n\n<hr class=\"wp-block-separator\"\/>\n\n\n\n<figure class=\"wp-block-image size-large\"><img loading=\"lazy\" decoding=\"async\" width=\"951\" height=\"1024\" src=\"https:\/\/laszlo1713.lima-city.de\/wp-content\/uploads\/2021\/11\/IMAGE-2021-11-06-151350-951x1024.jpg\" alt=\"\" class=\"wp-image-4358\" srcset=\"https:\/\/laszlo1713.lima-city.de\/wp-content\/uploads\/2021\/11\/IMAGE-2021-11-06-151350-951x1024.jpg 951w, https:\/\/laszlo1713.lima-city.de\/wp-content\/uploads\/2021\/11\/IMAGE-2021-11-06-151350-279x300.jpg 279w, https:\/\/laszlo1713.lima-city.de\/wp-content\/uploads\/2021\/11\/IMAGE-2021-11-06-151350-768x827.jpg 768w, https:\/\/laszlo1713.lima-city.de\/wp-content\/uploads\/2021\/11\/IMAGE-2021-11-06-151350.jpg 1080w\" sizes=\"auto, (max-width: 706px) 89vw, (max-width: 767px) 82vw, 740px\" \/><\/figure>\n\n\n\n<p><span class=\"has-inline-color has-vivid-green-cyan-color\">Freudi elsz\u00f3l\u00e1s (el\u00edr\u00e1s) vagy &#8220;fekete humor&#8221;?<\/span><\/p>\n\n\n\n<hr class=\"wp-block-separator\"\/>\n\n\n\n<figure class=\"wp-block-image size-full\"><img loading=\"lazy\" decoding=\"async\" width=\"720\" height=\"723\" src=\"https:\/\/laszlo1713.lima-city.de\/wp-content\/uploads\/2021\/11\/IMG_1424.jpg\" alt=\"\" class=\"wp-image-4361\" srcset=\"https:\/\/laszlo1713.lima-city.de\/wp-content\/uploads\/2021\/11\/IMG_1424.jpg 720w, https:\/\/laszlo1713.lima-city.de\/wp-content\/uploads\/2021\/11\/IMG_1424-300x300.jpg 300w, https:\/\/laszlo1713.lima-city.de\/wp-content\/uploads\/2021\/11\/IMG_1424-150x150.jpg 150w, https:\/\/laszlo1713.lima-city.de\/wp-content\/uploads\/2021\/11\/IMG_1424-100x100.jpg 100w\" sizes=\"auto, (max-width: 720px) 100vw, 720px\" \/><\/figure>\n\n\n\n<p><span class=\"has-inline-color has-vivid-green-cyan-color\">&#8220;Fekete humor&#8221;?  Vagy tal\u00e1n ink\u00e1bb &#8220;komoly&#8221; el\u0151gondoskod\u00e1s?<\/span><\/p>\n\n\n\n<hr class=\"wp-block-separator\"\/>\n\n\n\n<figure class=\"wp-block-image size-full\"><img loading=\"lazy\" decoding=\"async\" width=\"748\" height=\"146\" src=\"https:\/\/laszlo1713.lima-city.de\/wp-content\/uploads\/2021\/11\/Screenshot-2021-11-07-at-08.31.54.jpg\" alt=\"\" class=\"wp-image-4367\" srcset=\"https:\/\/laszlo1713.lima-city.de\/wp-content\/uploads\/2021\/11\/Screenshot-2021-11-07-at-08.31.54.jpg 748w, https:\/\/laszlo1713.lima-city.de\/wp-content\/uploads\/2021\/11\/Screenshot-2021-11-07-at-08.31.54-300x59.jpg 300w\" sizes=\"auto, (max-width: 706px) 89vw, (max-width: 767px) 82vw, 740px\" \/><\/figure>\n\n\n\n<figure class=\"wp-block-image size-large\"><img loading=\"lazy\" decoding=\"async\" width=\"958\" height=\"1024\" src=\"https:\/\/laszlo1713.lima-city.de\/wp-content\/uploads\/2021\/11\/Screenshot-2021-11-07-at-08.31.16-958x1024.jpg\" alt=\"\" class=\"wp-image-4366\" srcset=\"https:\/\/laszlo1713.lima-city.de\/wp-content\/uploads\/2021\/11\/Screenshot-2021-11-07-at-08.31.16-958x1024.jpg 958w, https:\/\/laszlo1713.lima-city.de\/wp-content\/uploads\/2021\/11\/Screenshot-2021-11-07-at-08.31.16-281x300.jpg 281w, https:\/\/laszlo1713.lima-city.de\/wp-content\/uploads\/2021\/11\/Screenshot-2021-11-07-at-08.31.16-768x821.jpg 768w, https:\/\/laszlo1713.lima-city.de\/wp-content\/uploads\/2021\/11\/Screenshot-2021-11-07-at-08.31.16.jpg 1078w\" sizes=\"auto, (max-width: 706px) 89vw, (max-width: 767px) 82vw, 740px\" \/><\/figure>\n\n\n\n<p>In Wien soll eine Impfstra\u00dfe f\u00fcr Kinder ab f\u00fcnf Jahren er\u00f6ffnet werden. Gesundheitsstadtrat Hacker betont, dass es sich dabei um ein Angebot und keine Empfehlung handelt. Momentan gibt es noch keine Zulassung der EMA, diese soll aber bald folgen.<\/p>\n\n\n\n<figure class=\"wp-block-image size-large\"><img loading=\"lazy\" decoding=\"async\" width=\"1024\" height=\"574\" src=\"https:\/\/laszlo1713.lima-city.de\/wp-content\/uploads\/2021\/11\/Screenshot-2021-11-07-at-08.31.33-1024x574.jpg\" alt=\"\" class=\"wp-image-4369\" srcset=\"https:\/\/laszlo1713.lima-city.de\/wp-content\/uploads\/2021\/11\/Screenshot-2021-11-07-at-08.31.33-1024x574.jpg 1024w, https:\/\/laszlo1713.lima-city.de\/wp-content\/uploads\/2021\/11\/Screenshot-2021-11-07-at-08.31.33-300x168.jpg 300w, https:\/\/laszlo1713.lima-city.de\/wp-content\/uploads\/2021\/11\/Screenshot-2021-11-07-at-08.31.33-768x431.jpg 768w, https:\/\/laszlo1713.lima-city.de\/wp-content\/uploads\/2021\/11\/Screenshot-2021-11-07-at-08.31.33.jpg 1138w\" sizes=\"auto, (max-width: 706px) 89vw, (max-width: 767px) 82vw, 740px\" \/><\/figure>\n\n\n\n<hr class=\"wp-block-separator\"\/>\n\n\n\n<figure class=\"wp-block-image size-large\"><img loading=\"lazy\" decoding=\"async\" width=\"1024\" height=\"864\" src=\"https:\/\/laszlo1713.lima-city.de\/wp-content\/uploads\/2021\/11\/Screenshot-2021-11-07-at-08.37.25-1024x864.jpg\" alt=\"\" class=\"wp-image-4371\" srcset=\"https:\/\/laszlo1713.lima-city.de\/wp-content\/uploads\/2021\/11\/Screenshot-2021-11-07-at-08.37.25-1024x864.jpg 1024w, https:\/\/laszlo1713.lima-city.de\/wp-content\/uploads\/2021\/11\/Screenshot-2021-11-07-at-08.37.25-300x253.jpg 300w, https:\/\/laszlo1713.lima-city.de\/wp-content\/uploads\/2021\/11\/Screenshot-2021-11-07-at-08.37.25-768x648.jpg 768w, https:\/\/laszlo1713.lima-city.de\/wp-content\/uploads\/2021\/11\/Screenshot-2021-11-07-at-08.37.25.jpg 1474w\" sizes=\"auto, (max-width: 706px) 89vw, (max-width: 767px) 82vw, 740px\" \/><figcaption><strong>Die schwerwiegenden Nebenwirkungen nach den mRNA-Injektionen steigen weiter an.<\/strong>&nbsp;Gem\u00e4ss dem Bulletin der Schweizer Zulassungsbeh\u00f6rde Swissmedic vom 3. November Oktober 2021 wurden inzwischen 3396 schwerwiegende Nebenwirkungen gemeldet. Zum Vergleich: 2019, in der letzten Periode mit zuverl\u00e4ssigen Vergleichszahlen, verzeichnete Swissmedic im ganzen Jahr \u00ab77 medizinisch wichtige Ereignisse und 19 Ereignisse mit schwerwiegenden Folgen\u00bb&nbsp;<em>(Corona-Transition<\/em>&nbsp;<a href=\"https:\/\/corona-transition.org\/263-schwerwiegende-nebenwirkungen-nach-impfung-dreizehnmal-mehr-als-im-ganzen\">berichtete<\/a>).<br><strong>In den vergangenen rund zehn Monaten seit Beginn der Impfkampagne haben die schwerwiegenden Nebenwirkungen somit um das 178-fache zugenommen.&nbsp;<\/strong>Auf das ganze Jahr hochgerechnet liegt die Zunahme bei einem Faktor von 214. 1173 schwerwiegende Nebenwirkungen ereigneten sich nach der mRNA-Injektion von Pfizer\/BioNTech, 2115 nach derjenigen von Moderna. <strong>Gesamthaft meldet Swissmedic 9834 \u00abVerdachtsmeldungen unerw\u00fcnschter Wirkungen der Covid-19-Impfungen\u00bb.<\/strong>&nbsp;Somit handelte es sich bei 34,5 Prozent der gemeldeten F\u00e4lle um schwerwiegende. Zum Vergleich: 2019 machten die \u00ab19 Ereignisse mit schwerwiegenden Folgen\u00bb 7 Prozent aller 273 Meldungen aus, die \u00fcber \u00abunerw\u00fcnschte Wirkungen\u00bb berichteten. Die von den Nebenwirkungen Betroffenen seien im Mittel 52,6 Jahre alt \u2013 bei den als schwerwiegend eingestuften F\u00e4llen liege das mittlere Alter bei 55,4 Jahren. (&#8230;) <strong>Dass die Dunkelziffer enorm hoch sein muss, best\u00e4tigten uns unl\u00e4ngst auch mehrere Mitarbeiter von Spit\u00e4lern.<\/strong>&nbsp;Sie alle berichteten gegen\u00fcber&nbsp;<em>Corona-Transition<\/em>, dass \u00c4rzte einen Zusammenhang zu den Gen-Pr\u00e4paraten vielfach \u00fcberhaupt nicht in Betracht ziehen w\u00fcrden (siehe unsere&nbsp;<a href=\"https:\/\/corona-transition.org\/burgerspital-solothurn-lehnt-behandlung-einer-herzkranken-patientin-nach-wie\">Serie<\/a>&nbsp;\u00abWas in den Schweizer Spit\u00e4lern wirklich passiert\u00bb).<br><strong>Die Swissmedic \u2013 mit einem Zusammenarbeitsvertrag mit der&nbsp;<em>Bill &amp; Melinda Gates-Stiftung<\/em><\/strong>&nbsp;\u2013 ist gleichzeitig Zulassungsbeh\u00f6rde f\u00fcr neue Heilmittel sowie Kontrollinstanz f\u00fcr Nebenwirkungen in der Schweiz.<\/figcaption><\/figure>\n\n\n\n<hr class=\"wp-block-separator\"\/>\n\n\n\n<figure class=\"wp-block-image size-full\"><img loading=\"lazy\" decoding=\"async\" width=\"616\" height=\"326\" src=\"https:\/\/laszlo1713.lima-city.de\/wp-content\/uploads\/2021\/11\/Screenshot-2021-11-07-at-09.37.59.jpg\" alt=\"\" class=\"wp-image-4373\" srcset=\"https:\/\/laszlo1713.lima-city.de\/wp-content\/uploads\/2021\/11\/Screenshot-2021-11-07-at-09.37.59.jpg 616w, https:\/\/laszlo1713.lima-city.de\/wp-content\/uploads\/2021\/11\/Screenshot-2021-11-07-at-09.37.59-300x159.jpg 300w\" sizes=\"auto, (max-width: 616px) 100vw, 616px\" \/><figcaption>\u00abProf. Sucharit Bhakdi zum BMJ-Enth\u00fcllungsbericht \u00fcber US-Forschungsfirma.\u00bb<br><br>\u00abHier ein paar Zitate von Prof. Sucharit Bhakdi aus diesem Video:<br><br><br>Zur Bedeutung dieser Aufdeckungen: \u201eEs ist v\u00f6llig klar, dass Daten manipuliert wurden, in wissenschaftlicher Sprache hei\u00dft es \u201egef\u00e4lscht\u201c wurden. Und in dem Moment, in dem bekannt ist, dass Daten einer wissenschaftlichen Studie gef\u00e4lscht sind, gilt jede wissenschaftliche Studie als nicht mehr existent. Denn die F\u00e4lschung der Daten macht sofort jede wissenschaftliche Studie ung\u00fcltig. (\u2026) und wenn die Wirksamkeit eines Impfstoffes nicht belegt ist, dann darf der Impfstoff nicht zugelassen werden, es ist n\u00e4mlich die Voraussetzung f\u00fcr die Zulassung. (\u2026) und damit m\u00fcsste sofort das ganze \u201eKartenhaus\u201c zusammenbrechen!\u201c<br>Zur Booster-Impfung (3. Impfung): \u201eDa wir jetzt wissen, dass es keinen Beleg gibt f\u00fcr die Wirksamkeit dieser Impfung, da wir definitiv wissen, dass sehr viele Menschen durch die Impfung zu Schaden gekommen sind, leicht krank, schwerkrank, tot-krank geworden sind, warum soll irgendein vern\u00fcnftiger Mensch dieses Risiko der dritten Impfung auf sich nehmen? Warum \u201eRussisch-Roulette\u201c spielen, wo man damit auch nichts gewinnen kann?<br>Es gibt keine Logik. Macht das nicht!\u201c<\/figcaption><\/figure>\n\n\n\n<hr class=\"wp-block-separator\"\/>\n\n\n\n<figure class=\"wp-block-image size-large\"><img loading=\"lazy\" decoding=\"async\" width=\"1024\" height=\"442\" src=\"https:\/\/laszlo1713.lima-city.de\/wp-content\/uploads\/2021\/11\/Screenshot-2021-11-07-at-09.42.59-1024x442.jpg\" alt=\"\" class=\"wp-image-4376\" srcset=\"https:\/\/laszlo1713.lima-city.de\/wp-content\/uploads\/2021\/11\/Screenshot-2021-11-07-at-09.42.59-1024x442.jpg 1024w, https:\/\/laszlo1713.lima-city.de\/wp-content\/uploads\/2021\/11\/Screenshot-2021-11-07-at-09.42.59-300x129.jpg 300w, https:\/\/laszlo1713.lima-city.de\/wp-content\/uploads\/2021\/11\/Screenshot-2021-11-07-at-09.42.59-768x331.jpg 768w, https:\/\/laszlo1713.lima-city.de\/wp-content\/uploads\/2021\/11\/Screenshot-2021-11-07-at-09.42.59-1536x663.jpg 1536w, https:\/\/laszlo1713.lima-city.de\/wp-content\/uploads\/2021\/11\/Screenshot-2021-11-07-at-09.42.59-2048x883.jpg 2048w\" sizes=\"auto, (max-width: 706px) 89vw, (max-width: 767px) 82vw, 740px\" \/><\/figure>\n\n\n\n<hr class=\"wp-block-separator\"\/>\n\n\n\n<figure class=\"wp-block-image size-large\"><img loading=\"lazy\" decoding=\"async\" width=\"1024\" height=\"580\" src=\"https:\/\/laszlo1713.lima-city.de\/wp-content\/uploads\/2021\/11\/Screenshot-2021-11-07-at-10.44.56-1024x580.jpg\" alt=\"\" class=\"wp-image-4378\" srcset=\"https:\/\/laszlo1713.lima-city.de\/wp-content\/uploads\/2021\/11\/Screenshot-2021-11-07-at-10.44.56-1024x580.jpg 1024w, https:\/\/laszlo1713.lima-city.de\/wp-content\/uploads\/2021\/11\/Screenshot-2021-11-07-at-10.44.56-300x170.jpg 300w, https:\/\/laszlo1713.lima-city.de\/wp-content\/uploads\/2021\/11\/Screenshot-2021-11-07-at-10.44.56-768x435.jpg 768w, https:\/\/laszlo1713.lima-city.de\/wp-content\/uploads\/2021\/11\/Screenshot-2021-11-07-at-10.44.56-1536x870.jpg 1536w, https:\/\/laszlo1713.lima-city.de\/wp-content\/uploads\/2021\/11\/Screenshot-2021-11-07-at-10.44.56.jpg 1812w\" sizes=\"auto, (max-width: 706px) 89vw, (max-width: 767px) 82vw, 740px\" \/><figcaption>Dr. Paul Cottrell: The covid vaccine is a government bioweapons &#8220;antidote&#8221; gone awry<\/figcaption><\/figure>\n\n\n\n<hr class=\"wp-block-separator\"\/>\n\n\n\n<figure class=\"wp-block-image size-full\"><img loading=\"lazy\" decoding=\"async\" width=\"818\" height=\"734\" src=\"https:\/\/laszlo1713.lima-city.de\/wp-content\/uploads\/2021\/11\/Screenshot-2021-11-07-at-14.45.33.jpg\" alt=\"\" class=\"wp-image-4380\" srcset=\"https:\/\/laszlo1713.lima-city.de\/wp-content\/uploads\/2021\/11\/Screenshot-2021-11-07-at-14.45.33.jpg 818w, https:\/\/laszlo1713.lima-city.de\/wp-content\/uploads\/2021\/11\/Screenshot-2021-11-07-at-14.45.33-300x269.jpg 300w, https:\/\/laszlo1713.lima-city.de\/wp-content\/uploads\/2021\/11\/Screenshot-2021-11-07-at-14.45.33-768x689.jpg 768w\" sizes=\"auto, (max-width: 706px) 89vw, (max-width: 767px) 82vw, 740px\" \/><\/figure>\n\n\n\n<div class=\"wp-block-image\"><figure class=\"aligncenter size-full\"><img loading=\"lazy\" decoding=\"async\" width=\"509\" height=\"600\" src=\"https:\/\/laszlo1713.lima-city.de\/wp-content\/uploads\/2021\/11\/IMAGE-2021-11-07-144332.jpg\" alt=\"\" class=\"wp-image-4381\" srcset=\"https:\/\/laszlo1713.lima-city.de\/wp-content\/uploads\/2021\/11\/IMAGE-2021-11-07-144332.jpg 509w, https:\/\/laszlo1713.lima-city.de\/wp-content\/uploads\/2021\/11\/IMAGE-2021-11-07-144332-255x300.jpg 255w\" sizes=\"auto, (max-width: 509px) 100vw, 509px\" \/><\/figure><\/div>\n\n\n\n<figure class=\"wp-block-image size-large\"><img loading=\"lazy\" decoding=\"async\" width=\"1024\" height=\"780\" src=\"https:\/\/laszlo1713.lima-city.de\/wp-content\/uploads\/2021\/11\/Screenshot-2021-11-07-at-14.44.52-1024x780.jpg\" alt=\"\" class=\"wp-image-4382\" srcset=\"https:\/\/laszlo1713.lima-city.de\/wp-content\/uploads\/2021\/11\/Screenshot-2021-11-07-at-14.44.52-1024x780.jpg 1024w, https:\/\/laszlo1713.lima-city.de\/wp-content\/uploads\/2021\/11\/Screenshot-2021-11-07-at-14.44.52-300x228.jpg 300w, https:\/\/laszlo1713.lima-city.de\/wp-content\/uploads\/2021\/11\/Screenshot-2021-11-07-at-14.44.52-768x585.jpg 768w, https:\/\/laszlo1713.lima-city.de\/wp-content\/uploads\/2021\/11\/Screenshot-2021-11-07-at-14.44.52.jpg 1032w\" sizes=\"auto, (max-width: 706px) 89vw, (max-width: 767px) 82vw, 740px\" \/><\/figure>\n\n\n\n<p><span class=\"has-inline-color has-vivid-green-cyan-color\">K\u00f6rt\u00e1nc. Hal\u00e1lt\u00e1nc?<\/span><\/p>\n\n\n\n<hr class=\"wp-block-separator\"\/>\n\n\n\n<figure class=\"wp-block-image size-full\"><img loading=\"lazy\" decoding=\"async\" width=\"920\" height=\"948\" src=\"https:\/\/laszlo1713.lima-city.de\/wp-content\/uploads\/2021\/11\/Screenshot-2021-11-07-at-17.20.18.jpg\" alt=\"\" class=\"wp-image-4386\" srcset=\"https:\/\/laszlo1713.lima-city.de\/wp-content\/uploads\/2021\/11\/Screenshot-2021-11-07-at-17.20.18.jpg 920w, https:\/\/laszlo1713.lima-city.de\/wp-content\/uploads\/2021\/11\/Screenshot-2021-11-07-at-17.20.18-291x300.jpg 291w, https:\/\/laszlo1713.lima-city.de\/wp-content\/uploads\/2021\/11\/Screenshot-2021-11-07-at-17.20.18-768x791.jpg 768w\" sizes=\"auto, (max-width: 706px) 89vw, (max-width: 767px) 82vw, 740px\" \/><\/figure>\n\n\n\n<figure class=\"wp-block-image size-large\"><img loading=\"lazy\" decoding=\"async\" width=\"1024\" height=\"544\" src=\"https:\/\/laszlo1713.lima-city.de\/wp-content\/uploads\/2021\/11\/Screenshot-2021-11-07-at-17.23.15-1024x544.jpg\" alt=\"\" class=\"wp-image-4387\" srcset=\"https:\/\/laszlo1713.lima-city.de\/wp-content\/uploads\/2021\/11\/Screenshot-2021-11-07-at-17.23.15-1024x544.jpg 1024w, https:\/\/laszlo1713.lima-city.de\/wp-content\/uploads\/2021\/11\/Screenshot-2021-11-07-at-17.23.15-300x159.jpg 300w, https:\/\/laszlo1713.lima-city.de\/wp-content\/uploads\/2021\/11\/Screenshot-2021-11-07-at-17.23.15-768x408.jpg 768w, https:\/\/laszlo1713.lima-city.de\/wp-content\/uploads\/2021\/11\/Screenshot-2021-11-07-at-17.23.15-1536x816.jpg 1536w, https:\/\/laszlo1713.lima-city.de\/wp-content\/uploads\/2021\/11\/Screenshot-2021-11-07-at-17.23.15.jpg 1574w\" sizes=\"auto, (max-width: 706px) 89vw, (max-width: 767px) 82vw, 740px\" \/><\/figure>\n\n\n\n<hr class=\"wp-block-separator\"\/>\n\n\n\n<figure class=\"wp-block-image size-large\"><img loading=\"lazy\" decoding=\"async\" width=\"1024\" height=\"937\" src=\"https:\/\/laszlo1713.lima-city.de\/wp-content\/uploads\/2021\/11\/Screenshot-2021-11-07-at-21.33.03-1024x937.jpg\" alt=\"\" class=\"wp-image-4391\" srcset=\"https:\/\/laszlo1713.lima-city.de\/wp-content\/uploads\/2021\/11\/Screenshot-2021-11-07-at-21.33.03-1024x937.jpg 1024w, https:\/\/laszlo1713.lima-city.de\/wp-content\/uploads\/2021\/11\/Screenshot-2021-11-07-at-21.33.03-300x275.jpg 300w, https:\/\/laszlo1713.lima-city.de\/wp-content\/uploads\/2021\/11\/Screenshot-2021-11-07-at-21.33.03-768x703.jpg 768w, https:\/\/laszlo1713.lima-city.de\/wp-content\/uploads\/2021\/11\/Screenshot-2021-11-07-at-21.33.03.jpg 1088w\" sizes=\"auto, (max-width: 706px) 89vw, (max-width: 767px) 82vw, 740px\" \/><\/figure>\n\n\n\n<p><span class=\"has-inline-color has-vivid-green-cyan-color\">Milyen \u00e9rdekes, hogy sokszor (mindig?) valahogy ez a bizonyos  sz\u00e1m ker\u00fcl el\u0151. V\u00e9letlen? Vagy ink\u00e1bb a legl\u00e9nyegibb val\u00f3tok szimbolikus megjelen\u00edt\u00e9se? Ez ut\u00f3bbit val\u00f3sz\u00edn\u0171s\u00edti a hazugs\u00e1g, amit nap mint nap terjesztetek.<\/span><\/p>\n\n\n\n<hr class=\"wp-block-separator\"\/>\n\n\n\n<figure class=\"wp-block-image size-large\"><img loading=\"lazy\" decoding=\"async\" width=\"983\" height=\"1024\" src=\"https:\/\/laszlo1713.lima-city.de\/wp-content\/uploads\/2021\/11\/Screenshot-2021-11-08-at-11.42.55-983x1024.jpg\" alt=\"\" class=\"wp-image-4394\" srcset=\"https:\/\/laszlo1713.lima-city.de\/wp-content\/uploads\/2021\/11\/Screenshot-2021-11-08-at-11.42.55-983x1024.jpg 983w, https:\/\/laszlo1713.lima-city.de\/wp-content\/uploads\/2021\/11\/Screenshot-2021-11-08-at-11.42.55-288x300.jpg 288w, https:\/\/laszlo1713.lima-city.de\/wp-content\/uploads\/2021\/11\/Screenshot-2021-11-08-at-11.42.55-768x800.jpg 768w, https:\/\/laszlo1713.lima-city.de\/wp-content\/uploads\/2021\/11\/Screenshot-2021-11-08-at-11.42.55.jpg 1406w\" sizes=\"auto, (max-width: 706px) 89vw, (max-width: 767px) 82vw, 740px\" \/><\/figure>\n\n\n\n<figure class=\"wp-block-image size-large\"><img loading=\"lazy\" decoding=\"async\" width=\"982\" height=\"1024\" src=\"https:\/\/laszlo1713.lima-city.de\/wp-content\/uploads\/2021\/11\/Screenshot-2021-11-08-at-11.43.48-982x1024.jpg\" alt=\"\" class=\"wp-image-4395\" srcset=\"https:\/\/laszlo1713.lima-city.de\/wp-content\/uploads\/2021\/11\/Screenshot-2021-11-08-at-11.43.48-982x1024.jpg 982w, https:\/\/laszlo1713.lima-city.de\/wp-content\/uploads\/2021\/11\/Screenshot-2021-11-08-at-11.43.48-288x300.jpg 288w, https:\/\/laszlo1713.lima-city.de\/wp-content\/uploads\/2021\/11\/Screenshot-2021-11-08-at-11.43.48-768x801.jpg 768w, https:\/\/laszlo1713.lima-city.de\/wp-content\/uploads\/2021\/11\/Screenshot-2021-11-08-at-11.43.48.jpg 1452w\" sizes=\"auto, (max-width: 706px) 89vw, (max-width: 767px) 82vw, 740px\" \/><\/figure>\n\n\n\n<hr class=\"wp-block-separator\"\/>\n\n\n\n<p><span class=\"has-inline-color has-vivid-green-cyan-color\">\u00c9s Newsom hirtelen &#8220;elt\u0171n\u00e9s\u00e9r\u0151l&#8221; mit tudhat a t\u00e1j\u00e9kozott ember? Semmi bizonyosat. \u00cdgy folyik ez az eg\u00e9sz csiki-csuki &#8220;j\u00e1t\u00e9k&#8221;<\/span> <span class=\"has-inline-color has-vivid-green-cyan-color\">(inform\u00e1ci\u00f3-h\u00e1bor\u00fa)<\/span>.<\/p>\n\n\n\n<figure class=\"wp-block-image size-large\"><img loading=\"lazy\" decoding=\"async\" width=\"1024\" height=\"845\" src=\"https:\/\/laszlo1713.lima-city.de\/wp-content\/uploads\/2021\/11\/Screenshot-2021-11-08-at-12.03.00-1024x845.jpg\" alt=\"\" class=\"wp-image-4399\" srcset=\"https:\/\/laszlo1713.lima-city.de\/wp-content\/uploads\/2021\/11\/Screenshot-2021-11-08-at-12.03.00-1024x845.jpg 1024w, https:\/\/laszlo1713.lima-city.de\/wp-content\/uploads\/2021\/11\/Screenshot-2021-11-08-at-12.03.00-300x247.jpg 300w, https:\/\/laszlo1713.lima-city.de\/wp-content\/uploads\/2021\/11\/Screenshot-2021-11-08-at-12.03.00-768x634.jpg 768w, https:\/\/laszlo1713.lima-city.de\/wp-content\/uploads\/2021\/11\/Screenshot-2021-11-08-at-12.03.00-1536x1267.jpg 1536w, https:\/\/laszlo1713.lima-city.de\/wp-content\/uploads\/2021\/11\/Screenshot-2021-11-08-at-12.03.00.jpg 1554w\" sizes=\"auto, (max-width: 706px) 89vw, (max-width: 767px) 82vw, 740px\" \/><figcaption>Der kalifornische Gouverneur Gavin Newsom hat sich seit seiner Auffrischungsimpfung gegen das CCP-Virus am 27. Oktober nicht mehr in der \u00d6ffentlichkeit gezeigt.<br>Das B\u00fcro des Gouverneurs gab am 29. Oktober \u00fcberraschend bekannt, dass Newsom seine Teilnahme am Klimagipfel der Vereinten Nationen in Schottland wegen unklarer famili\u00e4rer Verpflichtungen abgesagt hat.<br>Der Sprecher des Gouverneurs sagte am 29. Oktober, dass Newsom geplant habe, virtuell an der Klimakonferenz teilzunehmen, aber ein sp\u00e4ter ver\u00f6ffentlichter Zeitplan der Delegation enthielt keine virtuellen Veranstaltungen mit Newsom. (&#8230;)Der Gouverneur wurde zuletzt am 27. Oktober gesehen, als er eine Moderna -Auffrischungsimpfung erhielt. (&#8230;) Der kalifornische Gouverneur h\u00e4tte vor die Fernsehkameras treten sollen, um das staatliche Impfprogramm gegen das Virus f\u00fcr Kinder zwischen 5 und 11 Jahren anzuk\u00fcndigen. Untypischerweise erfolgte die Ank\u00fcndigung stattdessen \u00fcber eine per E-Mail verschickte Pressemitteilung. (&#8230;)<\/figcaption><\/figure>\n\n\n\n<hr class=\"wp-block-separator\"\/>\n\n\n\n<figure class=\"wp-block-image size-large\"><img loading=\"lazy\" decoding=\"async\" width=\"1024\" height=\"730\" src=\"https:\/\/laszlo1713.lima-city.de\/wp-content\/uploads\/2021\/11\/Screenshot-2021-11-08-at-12.29.33-1024x730.jpg\" alt=\"\" class=\"wp-image-4401\" srcset=\"https:\/\/laszlo1713.lima-city.de\/wp-content\/uploads\/2021\/11\/Screenshot-2021-11-08-at-12.29.33-1024x730.jpg 1024w, https:\/\/laszlo1713.lima-city.de\/wp-content\/uploads\/2021\/11\/Screenshot-2021-11-08-at-12.29.33-300x214.jpg 300w, https:\/\/laszlo1713.lima-city.de\/wp-content\/uploads\/2021\/11\/Screenshot-2021-11-08-at-12.29.33-768x547.jpg 768w, https:\/\/laszlo1713.lima-city.de\/wp-content\/uploads\/2021\/11\/Screenshot-2021-11-08-at-12.29.33-1536x1094.jpg 1536w, https:\/\/laszlo1713.lima-city.de\/wp-content\/uploads\/2021\/11\/Screenshot-2021-11-08-at-12.29.33.jpg 1544w\" sizes=\"auto, (max-width: 706px) 89vw, (max-width: 767px) 82vw, 740px\" \/><figcaption>NEWCASTLE-UNDER-LYME, England (ChurchMilitant.com) Eine katholische Schule in der Erzdi\u00f6zese Birmingham weigert sich zu sagen, ob der Tod von zwei ihrer Sch\u00fcler mit der COVID-19-Impfung zusammenh\u00e4ngt, die im Rahmen einer Massenimpfungsaktion f\u00fcr Jugendliche verabreicht wurde.<br>Garrett Murray, der stellvertretende Schulleiter des St. John Fisher Catholic College in Newcastle-under-Lyme, bittet die Menschen eindringlich, \u201enicht zu spekulieren, insbesondere nicht in den sozialen Medien\u201c \u00fcber den pl\u00f6tzlichen Tod von Mohammed Habib (Klasse 10) und Harry Towers (Klasse 11).<br>Habib starb am 24. Oktober, Towers eine Woche sp\u00e4ter am 30. Oktober in Stoke-on-Trent, einer Stadt in Mittelengland, die historisch f\u00fcr ihre T\u00f6pferwaren und Keramik bekannt ist. In England sind die Sch\u00fcler der Jahrgangsstufe 10 14-15 Jahre alt und die Sch\u00fcler der Jahrgangsstufe 11 15-16 Jahre alt.<br>Eine der Schule nahestehende Quelle sagte Church Militant, dass Habib an einem Herzinfarkt und Towers an einem t\u00f6dlichen Gehirntumor gestorben sei. Beide Erkrankungen wurden mit der Impfung in Verbindung gebracht, wobei Myokarditis \u2013 eine Herzentz\u00fcndung \u2013 in etwa 1 von 5.000 F\u00e4llen bei geimpften Jungen im Alter von 12-15 Jahren auftritt. <strong>Bestattungsunternehmer schl\u00e4gt Alarm<\/strong><br>\u201eKinder sterben im ganzen Land, wie ich es vorausgesagt habe\u201c, sagte der&nbsp;<strong><a rel=\"noreferrer noopener\" href=\"https:\/\/rumble.com\/vmlz42-funeral-director-john-olooney-blows-the-whistle-on-covid.html?mref=4pvd7&amp;mrefc=2\" target=\"_blank\">Bestattungsunternehmer John O\u2019Looney&nbsp;<\/a><\/strong>aus Milton Keynes gegen\u00fcber Church Militant. \u201eIch habe meinem Parlamentsmitglied mehrmals eine E-Mail geschrieben, ich habe auch Boris Johnson und sogar den obersten Gerichtsmediziner von England angeschrieben.\u201c (&#8230;) &#8220;<em>Sie reagieren nicht, weil sie mitschuldig sind. Das ist Entv\u00f6lkerung im globalen Ma\u00dfstab. Ich habe gesagt, dass die experimentelle Gentherapie zu Todesf\u00e4llen f\u00fchren w\u00fcrde \u2013 Todesf\u00e4lle, die bei Kindern und Erwachsenen auftreten w\u00fcrden. Diese Todesf\u00e4lle sind nun eingetreten. Ich sehe die L\u00fcgen und Todesmuster aus erster Hand. Jetzt melden sich auch andere in meinem Beruf zu Wort. Sie sind alle sehr ver\u00e4ngstigt.<\/em><br>Seit vielen Monaten warne ich vor den L\u00fcgen rund um COVID und den gro\u00dfen Anstrengungen, die unternommen werden, um die Menschen zu zwingen, zu erpressen, zu bel\u00fcgen und ihnen Angst zu machen, damit sie sich eine Spritze geben. Diese Leute [unsere Machthaber] sind sich dessen v\u00f6llig bewusst.&#8221; (O\u00b4Looney)<\/figcaption><\/figure>\n\n\n\n<hr class=\"wp-block-separator\"\/>\n\n\n\n<figure class=\"wp-block-image size-full is-resized\"><img loading=\"lazy\" decoding=\"async\" src=\"https:\/\/laszlo1713.lima-city.de\/wp-content\/uploads\/2021\/11\/Screenshot-2021-11-08-at-12.41.48.jpg\" alt=\"\" class=\"wp-image-4404\" width=\"674\" height=\"466\" srcset=\"https:\/\/laszlo1713.lima-city.de\/wp-content\/uploads\/2021\/11\/Screenshot-2021-11-08-at-12.41.48.jpg 814w, https:\/\/laszlo1713.lima-city.de\/wp-content\/uploads\/2021\/11\/Screenshot-2021-11-08-at-12.41.48-300x208.jpg 300w, https:\/\/laszlo1713.lima-city.de\/wp-content\/uploads\/2021\/11\/Screenshot-2021-11-08-at-12.41.48-768x532.jpg 768w\" sizes=\"auto, (max-width: 674px) 100vw, 674px\" \/><\/figure>\n\n\n\n<p><span class=\"has-inline-color has-vivid-green-cyan-color\">Szerintem t\u00e9ved (sz\u00e1nd\u00e9kosan ferd\u00edt) ez a szerencs\u00e9tlen figura (b\u0171n\u00f6z\u0151) :  csak egy v\u00edrus (&#8220;hazugs\u00e1g&#8221;) \u00e9s ennek terjeszt\u0151i (politikus marionettek) val\u00f3s\u00e1gos  jelenleg. <\/span><\/p>\n\n\n\n<hr class=\"wp-block-separator\"\/>\n\n\n\n<figure class=\"wp-block-image size-large\"><img loading=\"lazy\" decoding=\"async\" width=\"978\" height=\"1024\" src=\"https:\/\/laszlo1713.lima-city.de\/wp-content\/uploads\/2021\/11\/Screenshot-2021-11-08-at-14.50.01-978x1024.jpg\" alt=\"\" class=\"wp-image-4408\" srcset=\"https:\/\/laszlo1713.lima-city.de\/wp-content\/uploads\/2021\/11\/Screenshot-2021-11-08-at-14.50.01-978x1024.jpg 978w, https:\/\/laszlo1713.lima-city.de\/wp-content\/uploads\/2021\/11\/Screenshot-2021-11-08-at-14.50.01-287x300.jpg 287w, https:\/\/laszlo1713.lima-city.de\/wp-content\/uploads\/2021\/11\/Screenshot-2021-11-08-at-14.50.01-768x804.jpg 768w, https:\/\/laszlo1713.lima-city.de\/wp-content\/uploads\/2021\/11\/Screenshot-2021-11-08-at-14.50.01.jpg 1244w\" sizes=\"auto, (max-width: 706px) 89vw, (max-width: 767px) 82vw, 740px\" \/><\/figure>\n\n\n\n<p><strong>If COVID-19 didn\u00b4t become an outbreak until late in 2019, and the outbreak wasn\u00b4t even named &#8220;COVID-19&#8221; until February 11. 2020,  then how could AstraZeneca have been manucfacturing &#8220;COVID-19 VACCINE&#8221; in July of 2018 ???????<\/strong><\/p>\n\n\n\n<p><span class=\"has-inline-color has-vivid-green-cyan-color\">Jogos k\u00e9rd\u00e9s. A v\u00e1lasz nagyon egyszer\u0171: mert az eg\u00e9sz egy hatalmas (&#8220;glob\u00e1lis&#8221;) hazugs\u00e1g. Aki nem l\u00e1tja, nem l\u00e1tja h\u00e1t (h\u00fclye marad).<\/span> <span class=\"has-inline-color has-vivid-green-cyan-color\">Let\u00b4s go Brandon!<\/span> <span class=\"has-inline-color has-vivid-green-cyan-color\">(F** Joe Biden!)<\/span><\/p>\n\n\n\n<hr class=\"wp-block-separator\"\/>\n\n\n\n<figure class=\"wp-block-image size-large\"><img loading=\"lazy\" decoding=\"async\" width=\"1024\" height=\"484\" src=\"https:\/\/laszlo1713.lima-city.de\/wp-content\/uploads\/2021\/11\/Screenshot-2021-11-08-at-15.10.28-1024x484.jpg\" alt=\"\" class=\"wp-image-4411\" srcset=\"https:\/\/laszlo1713.lima-city.de\/wp-content\/uploads\/2021\/11\/Screenshot-2021-11-08-at-15.10.28-1024x484.jpg 1024w, https:\/\/laszlo1713.lima-city.de\/wp-content\/uploads\/2021\/11\/Screenshot-2021-11-08-at-15.10.28-300x142.jpg 300w, https:\/\/laszlo1713.lima-city.de\/wp-content\/uploads\/2021\/11\/Screenshot-2021-11-08-at-15.10.28-768x363.jpg 768w, https:\/\/laszlo1713.lima-city.de\/wp-content\/uploads\/2021\/11\/Screenshot-2021-11-08-at-15.10.28-1536x726.jpg 1536w, https:\/\/laszlo1713.lima-city.de\/wp-content\/uploads\/2021\/11\/Screenshot-2021-11-08-at-15.10.28.jpg 1658w\" sizes=\"auto, (max-width: 706px) 89vw, (max-width: 767px) 82vw, 740px\" \/><\/figure>\n\n\n\n<figure class=\"wp-block-image size-large\"><img loading=\"lazy\" decoding=\"async\" width=\"1024\" height=\"733\" src=\"https:\/\/laszlo1713.lima-city.de\/wp-content\/uploads\/2021\/11\/Screenshot-2021-11-08-at-15.05.30-1024x733.jpg\" alt=\"\" class=\"wp-image-4410\" srcset=\"https:\/\/laszlo1713.lima-city.de\/wp-content\/uploads\/2021\/11\/Screenshot-2021-11-08-at-15.05.30-1024x733.jpg 1024w, https:\/\/laszlo1713.lima-city.de\/wp-content\/uploads\/2021\/11\/Screenshot-2021-11-08-at-15.05.30-300x215.jpg 300w, https:\/\/laszlo1713.lima-city.de\/wp-content\/uploads\/2021\/11\/Screenshot-2021-11-08-at-15.05.30-768x550.jpg 768w, https:\/\/laszlo1713.lima-city.de\/wp-content\/uploads\/2021\/11\/Screenshot-2021-11-08-at-15.05.30.jpg 1142w\" sizes=\"auto, (max-width: 706px) 89vw, (max-width: 767px) 82vw, 740px\" \/><\/figure>\n\n\n\n<p><span class=\"has-inline-color has-vivid-green-cyan-color\">Ennek az esem\u00e9nynek (Travis Scott Astroworld) a helysz\u00edne. A &#8220;ford\u00edtott kereszt&#8221; a s\u00e1t\u00e1ni ritu\u00e1l szimb\u00f3luma, ennek volt r\u00e9sze az itt \u00f6sszegy\u00fclt t\u00f6meg.<\/span> <span class=\"has-inline-color has-vivid-green-cyan-color\">Tal\u00e1n \u00e9rdemes odafigyelni a r\u00e9szletekre, nemcsak itt, minden\u00fctt. A szimb\u00f3lumaik el\u00e1rulj\u00e1k ezeket a b\u0171n\u00f6z\u0151ket.<\/span><\/p>\n\n\n\n<figure class=\"wp-block-image size-large\"><img loading=\"lazy\" decoding=\"async\" width=\"1024\" height=\"520\" src=\"https:\/\/laszlo1713.lima-city.de\/wp-content\/uploads\/2021\/11\/Screenshot-2021-11-08-at-15.20.37-1024x520.jpg\" alt=\"\" class=\"wp-image-4413\" srcset=\"https:\/\/laszlo1713.lima-city.de\/wp-content\/uploads\/2021\/11\/Screenshot-2021-11-08-at-15.20.37-1024x520.jpg 1024w, https:\/\/laszlo1713.lima-city.de\/wp-content\/uploads\/2021\/11\/Screenshot-2021-11-08-at-15.20.37-300x152.jpg 300w, https:\/\/laszlo1713.lima-city.de\/wp-content\/uploads\/2021\/11\/Screenshot-2021-11-08-at-15.20.37-768x390.jpg 768w, https:\/\/laszlo1713.lima-city.de\/wp-content\/uploads\/2021\/11\/Screenshot-2021-11-08-at-15.20.37.jpg 1088w\" sizes=\"auto, (max-width: 706px) 89vw, (max-width: 767px) 82vw, 740px\" \/><\/figure>\n\n\n\n<hr class=\"wp-block-separator\"\/>\n\n\n\n<figure class=\"wp-block-image size-large\"><img loading=\"lazy\" decoding=\"async\" width=\"1024\" height=\"820\" src=\"https:\/\/laszlo1713.lima-city.de\/wp-content\/uploads\/2021\/11\/Screenshot-2021-11-08-at-17.35.16-1024x820.jpg\" alt=\"\" class=\"wp-image-4415\" srcset=\"https:\/\/laszlo1713.lima-city.de\/wp-content\/uploads\/2021\/11\/Screenshot-2021-11-08-at-17.35.16-1024x820.jpg 1024w, https:\/\/laszlo1713.lima-city.de\/wp-content\/uploads\/2021\/11\/Screenshot-2021-11-08-at-17.35.16-300x240.jpg 300w, https:\/\/laszlo1713.lima-city.de\/wp-content\/uploads\/2021\/11\/Screenshot-2021-11-08-at-17.35.16-768x615.jpg 768w, https:\/\/laszlo1713.lima-city.de\/wp-content\/uploads\/2021\/11\/Screenshot-2021-11-08-at-17.35.16.jpg 1534w\" sizes=\"auto, (max-width: 706px) 89vw, (max-width: 767px) 82vw, 740px\" \/><\/figure>\n\n\n\n<p><em>\u201eIch denke, dass es sehr wahrscheinlich ist, dass die n\u00e4chste Phase in einem Ausma\u00df Todesf\u00e4lle beinhaltet, welche die bisherigen Behauptungen zu \u201eCovid-19-Todesf\u00e4llen\u201c verblassen l\u00e4sst.\u201c<\/em>&nbsp;\u2013&nbsp;<strong><em>Dr. Mike Yeadon, ehemaliger Pfizer Vizepr\u00e4sident<\/em><\/strong><\/p>\n\n\n\n<p><strong>Frage:<\/strong>&nbsp;Warum ist in Schottland die Sterblichkeit 2021 h\u00f6her als 2020?<\/p>\n\n\n\n<p><strong>Antwort:<\/strong>&nbsp;Weil mehr Menschen sterben. Und der Grund daf\u00fcr, dass mehr Menschen sterben, ist, dass mehr Menschen geimpft wurden. Mit anderen Worten: Es gibt einen Zusammenhang zwischen der steigenden Sterblichkeit und dem Covid-19-Impfstoff.<br><br><strong>Frage:<\/strong>&nbsp;Das k\u00f6nnen Sie nicht beweisen.<br><br><strong>Antwort:<\/strong>&nbsp;Sie haben recht, das kann ich nicht. Die Beweise sind nur Indizien. Aber sie sind dennoch zwingend. Die steigende Sterblichkeitsrate ist zum Beispiel nicht nur in Schottland zu beobachten. Sie steigt auch in vielen der L\u00e4nder, die Anfang des Jahres Massenimpfkampagnen gestartet haben. In allen L\u00e4ndern ist ein deutlicher Anstieg der Gesamtsterblichkeit zu verzeichnen. Warum ist das so? Was machen sie im Jahr 2021 anders als in den Jahren zuvor?<br><br><strong>Frage:<\/strong>&nbsp;Ich verstehe, worauf Sie hinauswollen, aber ich glaube immer noch nicht, dass Sie gen\u00fcgend Beweise haben, um Ihr Argument zu belegen.<\/p>\n\n\n\n<p><strong>Antwort:<\/strong>&nbsp;Okay, dann sagen Sie es mir: Warum sterben im Jahr 2021 mehr Menschen als im Jahr 2020? Und vergessen Sie nicht, dass die Gesamtsterblichkeit nicht nur ein wenig gestiegen ist, sondern den F\u00fcnfjahresdurchschnitt \u00fcbertrifft. Sehen Sie sich diesen j\u00fcngsten Beitrag von Alex Berenson bei Substack an:<\/p>\n\n\n\n<p><strong><em>In Schottland sind 87 % der Erwachsenen geimpft; die w\u00f6chentlichen Todesf\u00e4lle liegen jetzt 30 % \u00fcber dem Normalwert<\/em><\/strong><br><br><em>14. Oktober, Dies ist ein Auszug aus dem Covid-19 Daily Dashboard von Public Health Scotland:<\/em><br><br><em>\u201eDie 315 \u00fcberz\u00e4hligen Todesf\u00e4lle, die in der vergangenen Woche verzeichnet wurden, stellen einen Anstieg von 30% gegen\u00fcber dem F\u00fcnfjahresdurchschnitt vor der Pandemie f\u00fcr diese Zeit des Jahres dar.&nbsp;<strong>Dies ist die 20. Woche in Folge, in der die Zahl der \u00fcberz\u00e4hligen Todesf\u00e4lle \u00fcber dem F\u00fcnfjahresdurchschnitt liegt, und die h\u00f6chste seit der Woche, die am 10. Januar 2021 endete.\u201c<\/strong><\/em><\/p>\n\n\n\n<p><em>Selbst wenn man die Covid-Todesf\u00e4lle herausrechnet, lagen sie in der letzten Woche fast 20 % \u00fcber dem Normalwert, und die Tendenz ist steigend. (<strong>\u201eIn Schottland sind 87% der Erwachsenen geimpft; die w\u00f6chentlichen Todesf\u00e4lle liegen jetzt 30 % \u00fcber dem Normalwert\u201c<\/strong>,&nbsp;<strong><a rel=\"noreferrer noopener\" href=\"https:\/\/alexberenson.substack.com\/p\/scotland-is-87-adult-vaccinated-weekly\/comments\" target=\"_blank\">Alex Berenson Substack<\/a><\/strong>:<\/em><\/p>\n\n\n\n<p><strong>Frage:<\/strong>&nbsp;Aber wie kann man auf der Grundlage von Daten aus nur einem Land ein Urteil f\u00e4llen? Das ist doch l\u00e4cherlich.<br><br><strong>Antwort:<\/strong>&nbsp;Aber es ist nicht nur Schottland. Die gleiche Regel gilt f\u00fcr viele der L\u00e4nder, die Anfang des Jahres Impfkampagnen gestartet haben. Hier ist mehr von Berenson:<\/p>\n\n\n\n<p><strong><em>Deutschland \u2013 die bev\u00f6lkerungsreichste Nation Europas \u2013 geh\u00f6rt zu den L\u00e4ndern, die eine ungew\u00f6hnlich hohe Gesamtsterblichkeit aufweisen, die NICHT auf Covid zur\u00fcckzuf\u00fchren ist.<\/em><\/strong><br><br><em>Im September meldete Deutschland fast 78.000 Todesf\u00e4lle, mehr als 10 Prozent h\u00f6her als die erwartete Zahl, sagten Demografen der deutschen Regierung Anfang dieser Woche.<\/em><\/p>\n\n\n\n<p><em>Presse: \u201eSterblichkeitszahlen (in Deutschland) im September 2021: 10% \u00fcber dem Median der Vorjahre.\u201c (<strong>\u201eEs ist nicht nur das Vereinigte K\u00f6nigreich; auch in Deutschland liegen die Todesf\u00e4lle aller Ursachen jetzt deutlich \u00fcber dem Normalwert<\/strong>&nbsp;(80% der Erwachsenen sind vollst\u00e4ndig geimpft)\u201c,&nbsp;<strong><a href=\"https:\/\/alexberenson.substack.com\/p\/its-not-just-the-uk-all-cause-deaths\/comments\" target=\"_blank\" rel=\"noreferrer noopener\">Alex Berenson Substack<\/a><\/strong>:<\/em><\/p>\n\n\n\n<p>Und dann ist da noch das hier vom Twitter-Konto von Data Analyst (sehen Sie sich die Charts an):<br>Data Analyst @Data_is_Louder<\/p>\n\n\n\n<p>26. Oktober. COVID-R\u00e4tsel D\u00e4nemark, Finnland und Norwegen: Die Zahl der Todesf\u00e4lle ist h\u00f6her als bei ihrem schlimmsten Covid-Ausbruch. Diese mysteri\u00f6sen Todesf\u00e4lle traten zeitgleich mit der Einf\u00fchrung der Impfung auf.<\/p>\n\n\n\n<p><strong>D\u00e4nemark<\/strong>&nbsp;\u2014&nbsp;<strong>\u201e2021 hat 5 Monate in Folge den 10-Jahres-Rekord an Todesf\u00e4llen aus allen Ursachen gebrochen<\/strong>\u2026..Covid-19 Todesf\u00e4lle nahe Null im gleichen Zeitraum.\u201c<br><br>Das Gleiche gilt f\u00fcr Irland, das Vereinigte K\u00f6nigreich und Israel. Werfen Sie einen Blick auf England (Alter 10 bis 59 Jahre).<\/p>\n\n\n\n<figure class=\"wp-block-image size-full\"><img loading=\"lazy\" decoding=\"async\" width=\"643\" height=\"399\" src=\"https:\/\/laszlo1713.lima-city.de\/wp-content\/uploads\/2021\/11\/EnglandMortality-MW.jpg\" alt=\"\" class=\"wp-image-4417\" srcset=\"https:\/\/laszlo1713.lima-city.de\/wp-content\/uploads\/2021\/11\/EnglandMortality-MW.jpg 643w, https:\/\/laszlo1713.lima-city.de\/wp-content\/uploads\/2021\/11\/EnglandMortality-MW-300x186.jpg 300w\" sizes=\"auto, (max-width: 643px) 100vw, 643px\" \/><\/figure>\n\n\n\n<p>Das Beunruhigende an dieser Grafik ist, dass sie zeigt, wie die Impfstoffe auf die Jungen abzielen. \u201eW\u00e4hrend sich die COVID-Todesf\u00e4lle weitgehend auf \u00e4ltere Menschen beschr\u00e4nken,&nbsp;<strong>sind es die jungen Menschen, die die Hauptlast der Impfsch\u00e4den tragen<\/strong>. Laut VigiAccess, der Datenbank f\u00fcr unerw\u00fcnschte Ereignisse der Weltgesundheitsorganisation, sind 41% der mehr als 2,4 Millionen bisher gemeldeten Impfsch\u00e4den auf Personen unter 44 Jahren zur\u00fcckzuf\u00fchren, und nur sechs Prozent auf Personen \u00fcber 75 Jahren.\u201c (<strong>\u201eDie wahre Pandemie hat gerade erst begonnen, und es sind die durch COVID-Impfungen verursachten Herzinfarkte bei jungen Menschen\u201c<\/strong>,&nbsp;<strong><a href=\"https:\/\/www.lifesitenews.com\/blogs\/the-real-pandemic-has-just-begun-and-its-covid-shot-induced-heart-attacks-in-the-young\/\" target=\"_blank\" rel=\"noreferrer noopener\">Lifesite News<\/a><\/strong>:<\/p>\n\n\n\n<p>Das ist etwas, was Sie nicht in den Medien lesen werden, und das auch aus gutem Grund. Denn es w\u00fcrde ihr t\u00f6dliches Ziel untergraben, den Impfstoff weiter hochzujubeln.<\/p>\n\n\n\n<p>W\u00f6chentliches Todesfall-Update der CDC. \u201eTrotz\u201c \u00fcber 80% vollst\u00e4ndiger Impfung sind die Todesf\u00e4lle bei den \u00fcber 65-J\u00e4hrigen in Florida seit dem 24. Juli um 14% h\u00f6her als im gleichen Zeitraum des Vorjahres. \u201eTrotz\u201c eines Impfschutzes von mindestens 50% bei den unter 65-J\u00e4hrigen sind die Todesf\u00e4lle um 46% gestiegen und werden weiter zunehmen, wenn die Meldungen nachgeholt werden.<\/p>\n\n\n\n<p>Die Beispiele sind \u00fcberall im Internet zu finden. Man muss nicht sehr weit suchen. \u00dcberall dort, wo Massenimpfungen stattgefunden haben, ist auch die Mortalit\u00e4t gestiegen. Und \u2013 noch einmal \u2013 es handelt sich nicht um Covid-Todesf\u00e4lle. Es handelt sich haupts\u00e4chlich um Herzinfarkte, Schlaganf\u00e4lle, Blutgerinnsel, Kreislauferkrankungen und neurologische Probleme; dieselben durch Impfungen verursachten Krankheiten, vor denen uns die \u00c4rzte und Wissenschaftler gewarnt haben, die uns von Anfang an die Wahrheit gesagt haben. Es hat sich herausgestellt, dass sie doch recht hatten.<br><br>Einfach ausgedr\u00fcckt, die Impfstoffe erh\u00f6hen die Zahl der Todesf\u00e4lle, anstatt sie zu verringern. Sie verschlimmern die Situation, anstatt sie zu verbessern. Sie halten die Krise aufrecht, anstatt sie zu beenden. Und deshalb zeigt die rote Linie in der Grafik nach oben. Das ist ein Hinweis darauf, dass die Zahl der Todesopfer weiter steigen wird, solange wir das tun, was wir jetzt tun: Millionen von Menschen mit einem zytotoxischen Erreger impfen, der Blutgerinnsel, Entz\u00fcndungen und Autoimmunit\u00e4t ausl\u00f6st. Hier ist eine weitere Grafik aus Schottland mit einem kurzen Kommentar von The Daily Skeptic:<\/p>\n\n\n\n<figure class=\"wp-block-image size-full\"><img loading=\"lazy\" decoding=\"async\" width=\"614\" height=\"416\" src=\"https:\/\/laszlo1713.lima-city.de\/wp-content\/uploads\/2021\/11\/CovidMortality-ScotlandMW.png\" alt=\"\" class=\"wp-image-4418\" srcset=\"https:\/\/laszlo1713.lima-city.de\/wp-content\/uploads\/2021\/11\/CovidMortality-ScotlandMW.png 614w, https:\/\/laszlo1713.lima-city.de\/wp-content\/uploads\/2021\/11\/CovidMortality-ScotlandMW-300x203.png 300w\" sizes=\"auto, (max-width: 614px) 100vw, 614px\" \/><\/figure>\n\n\n\n<p>\u201e\u2026. wurde das Auftreten einer Covid-Epidemie im Sommer 2020 nicht beobachtet, wohl aber im Sommer 2021. Was ist der Unterschied zwischen diesen beiden Jahren? Die offensichtliche Antwort ist die Einf\u00fchrung der COVID-19-Impfung. Im Jahr 2020 gab es kein COVID-19-Impfprogramm, aber im Jahr 2021 wurden die Covid-Impfungen nach und nach auf immer j\u00fcngere Altersgruppen ausgeweitet, ein Muster, das sich in der H\u00e4ufung der Todesf\u00e4lle widerspiegelt. \u2026. Im Rahmen des Meldesystems f\u00fcr unerw\u00fcnschte Ereignisse (Yellow Card)\u2026. wurden in der britischen Bev\u00f6lkerung bereits \u00fcber 1.700 Todesf\u00e4lle im Zusammenhang mit den COVID-19-Impfstoffen registriert. Es spricht daher vieles daf\u00fcr, dass die COVID-19-Impfung zu dem dramatischen Anstieg der Todesf\u00e4lle in Schottland im Jahr 2021 beigetragen hat.\u201c<\/p>\n\n\n\n<p>(<strong>\u201eAre Vaccines Driving Excess Deaths in Scotland, a Professor of Biology Asks\u201c<\/strong>, The Daily Skeptic)<\/p>\n\n\n\n<p>Haben Sie bemerkt, wie die Medien versuchen, den pl\u00f6tzlichen Anstieg der Sterblichkeit zu vertuschen? Hier ist ein gutes Beispiel aus einem Artikel im britischen Telegraph:<\/p>\n\n\n\n<p><em>\u201eW\u00e4hrend die Aufmerksamkeit weiterhin fest auf Covid-19 gerichtet ist, zeichnet sich in Gro\u00dfbritannien still und leise eine zweite Gesundheitskrise ab. Seit Anfang Juli hat es Tausende von Todesf\u00e4llen gegeben, die nicht durch das Coronavirus verursacht wurden. Nach Ansicht von Gesundheitsexperten ist dies f\u00fcr den Sommer h\u00f6chst ungew\u00f6hnlich. Obwohl in den Wintermonaten, wenn kaltes Wetter und saisonale Infektionen den NHS unter Druck setzen, mit \u00fcberm\u00e4\u00dfigen Todesf\u00e4llen zu rechnen ist, herrscht im Sommer normalerweise Flaute.<\/em><\/p>\n\n\n\n<p><em>Dieses Jahr ist ein beunruhigender Ausrei\u00dfer.<\/em><\/p>\n\n\n\n<p><strong><em>Nach Angaben des Office for National Statistics (ONS) gab es seit dem 2. Juli 9.619 \u00fcberz\u00e4hlige Todesf\u00e4lle in England und Wales, von denen 48 Prozent (4.635) nicht durch Covid-19 verursacht wurden.<\/em><\/strong><\/p>\n\n\n\n<p><em>Wenn also all diese zus\u00e4tzlichen Menschen nicht am Coronavirus sterben, woran sind sie dann gestorben?<\/em><\/p>\n\n\n\n<p><em>Daten von Public Health England (PHE) zeigen, dass in diesem Zeitraum 2.103 zus\u00e4tzliche Todesf\u00e4lle durch isch\u00e4mische Herzkrankheiten, 1.552 durch Herzinsuffizienz sowie 760 zus\u00e4tzliche Todesf\u00e4lle durch zerebrovaskul\u00e4re Erkrankungen wie Schlaganfall und Aneurysma und 3.915 durch andere Kreislauferkrankungen registriert wurden.\u201c (<strong>\u201eTausende von Menschen sterben mehr als \u00fcblich \u2026 aber nicht an Covid\u201c<\/strong>, Telegraph)<\/em><\/p>\n\n\n\n<p>Dem Artikel zufolge gab es also:<\/p>\n\n\n\n<p>24 % mehr Todesf\u00e4lle durch Herzversagen als im Ausgangswert<\/p>\n\n\n\n<p>19 % isch\u00e4mische Herzkrankheiten<\/p>\n\n\n\n<p>16 % zerebrovaskul\u00e4re Erkrankungen (Schlaganf\u00e4lle)<\/p>\n\n\n\n<p>18% andere Kreislauferkrankungen<\/p>\n\n\n\n<p>All diese zerebrovaskul\u00e4ren, kardialen und kreislaufbedingten Erkrankungen sind nicht pl\u00f6tzlich im Jahr 2021 vom Himmel gefallen. Es sind durch Impfungen verursachte Verletzungen. K\u00f6nnen Sie das sehen?<\/p>\n\n\n\n<p>Und sie sind alle mit dem Spike-Protein verbunden, das der \u201ebiologische Wirkmechanismus\u201c ist, der \u201eBlutgef\u00e4\u00dfe und Organe sch\u00e4digt und Blutgerinnsel verursacht, die einen Menschen t\u00f6ten k\u00f6nnen\u201c (Zitat: Dr. Peter McCullough)<\/p>\n\n\n\n<p>Haben Sie sich gefragt, warum in diesem Jahr mehr Menschen an Covid gestorben sind als im gesamten Jahr 2020? Laut Johns Hopkins starben im Jahr 2020 in den Vereinigten Staaten 353.000 Menschen an Covid. Aber in nur 10 Monaten im Jahr 2021 sind 390.000 Menschen gestorben. Wie kann das sein? Immerhin:<\/p>\n\n\n\n<p>\u2013 Sind viele der extrem gef\u00e4hrdeten Menschen bereits gestorben<\/p>\n\n\n\n<p>\u2013 Sagen die Experten, Delta sei nicht so t\u00f6dlich wie die urspr\u00fcngliche Wuhan-Infektion<\/p>\n\n\n\n<p>\u2013 Haben 100 Millionen Menschen (nach Angaben der CDC) Covid bereits \u00fcberlebt und sind nun nat\u00fcrlich immun<\/p>\n\n\n\n<p>\u2013 Sind 190 Millionen Menschen doppelt geimpft worden.<\/p>\n\n\n\n<p><strong>Dies sind vier Gr\u00fcnde, warum die Todesf\u00e4lle zur\u00fcckgehen sollten.<\/strong><\/p>\n\n\n\n<p><strong>Aber sie nehmen nicht ab, sondern zu.<\/strong><\/p>\n\n\n\n<p>Und warum?<\/p>\n\n\n\n<p>Wegen des Impfstoffs, deshalb.<\/p>\n\n\n\n<p>Und warum sind die L\u00e4nder mit den h\u00f6chsten Covid-19-Todesraten auch die am meisten geimpften L\u00e4nder?<\/p>\n\n\n\n<p>Weil&nbsp;<strong>\u201ees eine massive positive Korrelation zwischen dem Prozentsatz der&nbsp;<a href=\"https:\/\/theexpose.uk\/2021\/11\/03\/worldwide-data-proves-highest-covid-19-death-rates-are-in-most-vaccinated-countries\/\" target=\"_blank\" rel=\"noreferrer noopener\">Impfungen und den Todesf\u00e4llen gibt<\/a>\u201e<\/strong>.<\/p>\n\n\n\n<p>Aber nehmen Sie mich nicht beim Wort. \u00dcberpr\u00fcfen Sie es selbst. Stellen Sie Ihre eigenen Nachforschungen an.<\/p>\n\n\n\n<p>Erst k\u00fcrzlich hat Professor Norman Fenton von der Queen Mary London University die Statistiken der Regierung (ONS) durchforstet, um herauszufinden, ob er \u201edas Gesamtrisiko-Nutzen-Verh\u00e4ltnis von Covid-19-Impfstoffen\u201c bestimmen kann, indem er \u201edie Gesamtsterblichkeitsraten zwischen Geimpften und Ungeimpften in jeder Alterskategorie\u201c vergleicht.<\/p>\n\n\n\n<p>Seine \u00dcberlegungen zu diesem Thema waren einfach:<\/p>\n\n\n\n<p><em>\u201eWenn Covid so gef\u00e4hrlich ist wie behauptet \u2013 und wenn der Impfstoff so wirksam ist wie behauptet \u2013 dann sollten wir inzwischen viel mehr Covid-bedingte Todesf\u00e4lle unter den Ungeimpften gesehen haben als unter den Geimpften\u2026.(und) Wenn der Impfstoff so sicher ist wie behauptet, dann sollte es nur sehr wenige Todesf\u00e4lle aus Ursachen geben, die nicht mit Covid zusammenh\u00e4ngen, unter den Geimpften als unter den Ungeimpften (in jeder Altersgruppe). Die Zahl der Todesf\u00e4lle aller Ursachen sollte also bei den Ungeimpften h\u00f6her sein als bei den Geimpften (in jeder Altersgruppe), was best\u00e4tigt, dass der Nutzen der Impfung die Risiken \u00fcberwiegt.\u201c (<strong>Diskrepanzen und Ungereimtheiten in den Datens\u00e4tzen der britischen Regierung beeintr\u00e4chtigen die Genauigkeit des Vergleichs der Sterblichkeitsraten zwischen&nbsp;<a rel=\"noreferrer noopener\" href=\"http:\/\/www.eecs.qmul.ac.uk\/~norman\/papers\/inconsistencies_vaccine.pdf\" target=\"_blank\">Geimpften und Ungeimpften\u201c<\/a><\/strong>):<\/em><\/p>\n\n\n\n<p>Ganz einfach, oder? Mit anderen Worten: Wenn der Impfstoff so gut ist, dann sollte das aus den Daten hervorgehen. Aber das ist nicht das, was Fenton gefunden hat. Er fand genau das Gegenteil. Er fand heraus, dass die Gesamtmortalit\u00e4t bei Geimpften h\u00f6her ist als bei Ungeimpften. (Und je nachdem, wie man die Daten interpretiert, k\u00f6nnte sie deutlich h\u00f6her sein.) Fenton hoffte, dass seine Analyse die Debatte \u00fcber das laufende Impfprogramm beeinflussen w\u00fcrde, aber stattdessen wurde er b\u00f6sartig als Rechtsextremist denunziert, was jedem passiert, der es wagt, das offizielle Narrativ in Frage zu stellen. Hier ist mehr von NPR:<\/p>\n\n\n\n<p><em>\u201eIn der Notaufnahme des Sparrow-Krankenhauses in Lansing, Michigan, haben die Mitarbeiter M\u00fche,&nbsp;<strong>Patienten zu versorgen, die viel kr\u00e4nker sind als je zuvor.<\/strong>&nbsp;Tiffani Dusang, die pflegerische Leiterin der Notaufnahme, vibriert f\u00f6rmlich vor aufgestauter Angst, wenn sie all die Patienten sieht, die auf einer langen Reihe von Tragen liegen, die gegen die beigen W\u00e4nde der Krankenhausflure gedr\u00fcckt werden. \u201eEs ist schwer mit anzusehen\u201c, sagt sie in ihrem warmen texanischen Tonfall.<\/em><\/p>\n\n\n\n<p><em>Aber es gibt nichts, was sie tun kann.&nbsp;<strong>Die 72 Zimmer der Notaufnahme sind bereits voll belegt.<\/strong><\/em><\/p>\n\n\n\n<p><em>\u201eIch f\u00fchle mich immer sehr, sehr schlecht, wenn ich den Flur entlang gehe und sehe, dass die Leute Schmerzen haben oder schlafen m\u00fcssen oder Ruhe brauchen.<\/em><\/p>\n\n\n\n<p><em>Selbst in Teilen des Landes, in denen COVID-19 das Gesundheitssystem nicht \u00fcberfordert,&nbsp;<strong>kommen die Patienten kr\u00e4nker in die Notaufnahme als vor der Pandemie<\/strong>, ihre Krankheiten sind weiter fortgeschritten und ben\u00f6tigen eine kompliziertere Behandlung.<\/em><\/p>\n\n\n\n<p><em>Monatelange Verz\u00f6gerungen bei der Behandlung haben die chronischen Erkrankungen verschlimmert und die Symptome verschlimmert. \u00c4rzte und Krankenschwestern berichten, dass der Schweregrad der Erkrankungen sehr unterschiedlich ist und u. a. Bauchschmerzen, Atemprobleme, Blutgerinnsel, Herzprobleme und Selbstmordversuche umfasst.\u201c(<strong>\u201eNotaufnahmen sind jetzt \u00fcberschwemmt mit schwerkranken Patienten \u2013 aber viele haben nicht einmal COVID\u201c<\/strong>,&nbsp;<strong><a rel=\"noreferrer noopener\" href=\"https:\/\/www.npr.org\/sections\/health-shots\/2021\/10\/26\/1046432435\/ers-are-now-swamped-with-seriously-ill-patients-but-most-dont-even-have-covid?t=1636226506946\" target=\"_blank\">NPR<\/a>:<\/strong><\/em><\/p>\n\n\n\n<p>Ich wiederhole: \u201eBauchschmerzen, Atemprobleme, Blutgerinnsel, Herzkrankheiten\u201c. Mit anderen Worten: Die \u00dcberf\u00fcllung der Notaufnahmen k\u00f6nnte ebenso gut mit durch Impfungen verursachten Verletzungen wie mit \u201everz\u00f6gerten Behandlungen\u201c zusammenh\u00e4ngen. Es f\u00e4llt auf, dass der Autor \u00fcber die ausufernden Notaufnahmen wirklich besorgt zu sein scheint, aber nicht ein einziges Mal den Elefanten im Raum erw\u00e4hnt: den Impfstoff. War das nur ein Ausrutscher seinerseits oder wollte er seine Leser von Anfang an hinters Licht f\u00fchren?<\/p>\n\n\n\n<p>Und dann ist da noch dieses Kleinod in der&nbsp;<em>New York Post<\/em>, das versucht, die \u00d6ffentlichkeit auf den Ansturm von \u201ethromboembolischen\u201c Erkrankungen vorzubereiten, mit denen wir in naher Zukunft konfrontiert sein werden. Der Artikel tr\u00e4gt den treffenden Titel \u201eDer wenig bekannte Herzinfarkt, der \u201afitte und gesunde\u2018 Frauen schon im Alter von 22 Jahren trifft\u201c. Hier ist ein Ausschnitt aus dem Artikel:<\/p>\n\n\n\n<p><em>\u201eWenn man an einen Herzinfarkt denkt, stellt man sich sofort jemanden vor, der schon \u00e4lter ist und vielleicht schon gesundheitliche Probleme hat. Doch Experten haben davor gewarnt, dass auch Frauen im Alter von 22 Jahren von einer wenig bekannten Krankheit betroffen sein k\u00f6nnen.<\/em><\/p>\n\n\n\n<p><em>Spontane Koronararteriendissektion (SCAD) tritt auf, wenn sich ein Riss in einem Blutgef\u00e4\u00df des Herzens bildet, berichtet die New York Post. Er kann den Blutfluss zum Herzen verlangsamen oder blockieren und so einen Herzinfarkt, Herzrhythmusst\u00f6rungen oder einen pl\u00f6tzlichen Tod verursachen, so Experten der Mayo Clinic.<\/em><\/p>\n\n\n\n<p><em>Im Allgemeinen handelt es sich um eine seltene Erkrankung, aber die \u00c4rzte raten Frauen dringend, eine Diagnose zu stellen und sich behandeln zu lassen, wenn die Symptome auftreten. Die Erkrankung tritt am h\u00e4ufigsten bei Frauen im Alter von 30 bis 60 Jahren auf \u2013 Experten warnen jedoch davor, dass sie auch fitte und gesunde Frauen im Alter von 22 Jahren trifft.\u201c<\/em><\/p>\n\n\n\n<p>Haben Sie das verstanden? Laut der Post ist es also v\u00f6llig normal, dass eine fitte 22-J\u00e4hrige einen Herzinfarkt erleidet. Glauben Sie vielleicht, dass der Autor versucht, die Haltung gegen\u00fcber Impfsch\u00e4den zu mildern, bevor sie uns wie eine Tonne Ziegelsteine treffen? Das tut er in der Tat, genau wie der Artikel in der&nbsp;<em>Times of India<\/em>&nbsp;\u00fcber den prominenten Superstar und Fitnessfan Puneeth Rajkumar, der vor wenigen Tagen an einem Herzstillstand starb. Er war 46 Jahre alt. Nach Angaben der Times of India:<\/p>\n\n\n\n<p>\u201e<em>Rajkumars pl\u00f6tzlicher Tod hat einmal mehr die Gefahren aufgezeigt, mit denen viele Menschen in ihren 30ern und 40ern heute konfrontiert sind, n\u00e4mlich das zunehmende Risiko von Herzkrankheiten und Herzstillst\u00e4nden\u2026.(Rajkumar) erlitt ein massives Herzleiden, w\u00e4hrend er im Fitnessstudio trainierte. Rajkumar war als ausgesprochen fit und gesund bekannt und trainierte h\u00e4ufig\u2026<\/em><\/p>\n\n\n\n<p><em>Die Zahl der Herzstillst\u00e4nde, die bei Menschen in jungen Jahren oder sogar in den 20ern zu beobachten sind, hat schockierend zugenommen. W\u00e4hrend Herzkrankheiten und Herzstillst\u00e4nde im Allgemeinen als \u201eAlterskrankheit\u201c angesehen wurden, ist das nicht mehr der Fall und jetzt ein Warnzeichen, das \u00c4rzte dringend beachten sollten. \u2026<\/em><\/p>\n\n\n\n<p><em>Wegen der Pandemie haben die \u00c4rzte auch betont, dass die Sorge um die Gesundheit des Herzens in den Hintergrund getreten ist, und es ist jetzt wahrscheinlicher als fr\u00fcher, dass Menschen an stillen Herzinfarkten und Herzstillst\u00e4nden leiden.\u201c (\u201e<strong>Kannada-Schauspieler Puneeth Rajkumar stirbt im Alter von 46 Jahren, er erlitt einen schweren Herzstillstand beim Training\u201c<\/strong>, Times of India)<\/em><\/p>\n\n\n\n<p>Sieht es so aus, als h\u00e4tten die Medien ihre Rolle als Komplizen der Massenvernichtung akzeptiert, oder ist das eine \u00dcbertreibung?<\/p>\n\n\n\n<p>Auf jeden Fall ist in naher Zukunft mit einer Flut \u00e4hnlicher Artikel zu rechnen, die \u00fcberall auftauchen werden. Artikel wie dieser:<\/p>\n\n\n\n<p><strong>\u201eK\u00f6rperliche Aktivit\u00e4t kann das Herzinfarktrisiko erh\u00f6hen \u2013 Neue Erkenntnisse \u00fcberwiegen nicht die gesundheitlichen Vorteile von Bewegung, betonen Forscher\u201c<\/strong>,&nbsp;<em>The Irish Times<\/em><\/p>\n\n\n\n<p>Oder dies:<\/p>\n\n\n\n<p><strong>\u201eHerzinfarkte bei jungen Menschen nehmen zu\u201c<\/strong>,&nbsp;<em>The Hindu<\/em><\/p>\n\n\n\n<p>Oder dies:<\/p>\n\n\n\n<p><strong>\u201eDie Zahl der Herzinfarkte ist im Jahr 2021 gestiegen, wobei das Alter keine Rolle spielt; hier ist, was dazu gef\u00fchrt hat\u201c<\/strong>,&nbsp;<em>cnbctv18<\/em><\/p>\n\n\n\n<p>K\u00f6nnen Sie erkennen, was hier vor sich geht? Diese Artikel wurden alle mit dem gleichen Ziel verfasst, n\u00e4mlich der \u00d6ffentlichkeit vorzugaukeln, dass die au\u00dfergew\u00f6hnliche Welle von Todesf\u00e4llen unter gesunden jungen Menschen v\u00f6llig normal ist. (\u201eHier gibt es nichts zu sehen. Gehen Sie weiter.\u201c) Aber nat\u00fcrlich ist nichts davon normal. Es ist alles erschreckend seltsam und schockierend, weshalb wir uns so sehr auf die \u00fcberz\u00e4hligen Todesf\u00e4lle und die Gesamtmortalit\u00e4t konzentrieren. Denn wir glauben, dass diese die n\u00f6tigen Beweise liefern werden, um zu zeigen, dass der Impfstoff ein entscheidender Bestandteil der Entv\u00f6lkerungsagenda der Elite ist, die darauf abzielt, die Weltbev\u00f6lkerung um Milliarden von Menschen zu reduzieren. Wir glauben nach wie vor, dass das wirklich der Fall ist. Die gro\u00dfen Geldgeber haben beschlossen, ein paar Milliarden von uns Kakerlaken auszurotten, damit sie mehr Platz zum Parken ihrer Learjets haben. Zuf\u00e4lligerweise haben sie sich f\u00fcr den Impfstoff entschieden, weil er eine \u201eweniger chaotische\u201c Alternative dazu ist, uns mit Maschinengewehren auf den Stra\u00dfen niederzum\u00e4hen. Nicht, dass sie deswegen keinen Schlaf finden w\u00fcrden.<\/p>\n\n\n\n<p>Ihr fragt euch, wie es mit dem Plan weitergeht? Seht es euch an:<\/p>\n\n\n\n<p>\u201eLaut Statistiken zur Gesamtmortalit\u00e4t ist die Zahl der Amerikaner, die zwischen Januar 2021 und August 2021 gestorben sind, um 18 % h\u00f6her als die durchschnittliche Todesrate zwischen 2015 und 2019.\u201c<\/p>\n\n\n\n<p>Und hier ist ein Ausschnitt aus einem Artikel, der seine Daten aus verschiedenen Untersuchungen gewonnen hat. Seht es euch an:<\/p>\n\n\n\n<p>\u201eIst die COVID Impfung f\u00fcr die \u00fcberh\u00f6hten Todesf\u00e4lle verantwortlich?\u2026<\/p>\n\n\n\n<p>Matthew Crawford vom Rounding the Earth Newsletter untersuchte die Sterblichkeitsstatistiken vor und nach der Einf\u00fchrung der COVID-Impfung\u2026 Crawford untersuchte auch Daten aus L\u00e4ndern, die eine hohe Impfquote und gleichzeitig eine sehr niedrige COVID-19-Rate aufweisen. Auf diese Weise kann man sich ein besseres Bild davon machen, ob die COVID-Impfungen f\u00fcr die \u00fcberz\u00e4hligen Todesf\u00e4lle verantwortlich sein k\u00f6nnten und nicht die Infektion selbst.<\/p>\n\n\n\n<p>Er ermittelte 23 L\u00e4nder, die diese Kriterien erf\u00fcllen und in denen 1,88 Milliarden Menschen leben, also etwa ein Viertel der Weltbev\u00f6lkerung\u2026 Crawford nahm eine Reihe von Anpassungen vor, um Ausrei\u00dfer zu entfernen, die die Datens\u00e4tze verzerren k\u00f6nnten, (aber) nachdem er Nationen mit mehr als 100 COVID-Todesf\u00e4llen pro Million vor ihrem Impfprogramm entfernt hatte, kam er auf 13 L\u00e4nder mit einer Gesamtbev\u00f6lkerung von 354 Millionen\u2026.<\/p>\n\n\n\n<p>Bemerkenswerterweise ist die Zahl der COVID-Todesf\u00e4lle in diesen 13 L\u00e4ndern nach der Impfung 11,61 Mal h\u00f6her als vor der Einf\u00fchrung der Impfungen. In f\u00fcnf der 13 L\u00e4nder wurden satte 90 % der COVID-19-Todesf\u00e4lle nach Beginn der Impfkampagnen registriert.<\/p>\n\n\n\n<p>\u201eAuf den ersten Blick best\u00e4tigen diese Ergebnisse die These, dass die experimentellen Impfstoffe t\u00f6dlich sind\u201c, schreibt Crawford. \u201eZumindest ist dies ein weiteres dramatisches Sicherheitssignal, das die Beh\u00f6rden, denen unsere Gesundheit am Herzen liegt, anspornen sollte, sich an den Tisch zu setzen und dar\u00fcber zu diskutieren, wie sie die Daten, die sie nicht auswerten, verfeinern k\u00f6nnen \u2026\u201c (<strong>\u201eSind die COVID-Impfungen f\u00fcr steigende Sterblichkeitsraten verantwortlich?\u201c<\/strong>&nbsp;Mercola.com:<\/p>\n\n\n\n<p>Interessant, nicht wahr? Wenn man also die L\u00e4nder nimmt, in denen es nicht viele Viren gibt, und trotzdem tonnenweise Menschen impft, dann kann man wirklich sehen, wie viele Menschen durch den Impfstoff get\u00f6tet werden. Mindestens 10-mal so viele!<\/p>\n\n\n\n<p>Im Gegensatz dazu sind in L\u00e4ndern, in denen sich viele Viren ausbreiten, die sch\u00e4dlichen Auswirkungen des Impfstoffs viel weniger sichtbar. Aber wie man es auch dreht und wendet, das Spike-Protein untergr\u00e4bt die lebenswichtige Infrastruktur des K\u00f6rpers, indem es das Gef\u00e4\u00dfsystem schw\u00e4cht, gesunde Zellen und Mitochondrien abt\u00f6tet, die Killer-Lymphozyten ersch\u00f6pft und das Immunsystem kurzschlie\u00dft. Die Folgen dieses grausamen Angriffs k\u00f6nnen unz\u00e4hlige Krankheiten sein, die sich unweigerlich aus einem durch Krankheitserreger gesch\u00e4digten Kreislaufsystem entwickeln, darunter Herzstillstand, Schlaganfall, Lungenembolie, Autoimmunit\u00e4t und eine ganze Reihe anderer. Gegenw\u00e4rtig scheint der Herzinfarkt die Liste anzuf\u00fchren. Sehen Sie sich diesen kurzen Beitrag von Dr. Peter McCullough an:<\/p>\n\n\n\n<p><strong>NSTEMI-Herzinfarkte, die durch Blutgerinnsel verursacht werden, sind weltweit eine Pandemie<\/strong><\/p>\n\n\n\n<p>Eine bestimmte Art von Herzinfarkt ist weltweit auf dem Vormarsch. Mediziner in Schottland haben einen starken Anstieg einer potenziell t\u00f6dlichen Art von Herzinfarkt, dem sogenannten NSTEMI, festgestellt. Dieser Zustand ist die Folge von teilweise blockierten Arterien, die die Blutzufuhr zum Herzen unterbrechen. Er verursacht weniger Gewebesch\u00e4den als ein normaler STEMI, kann aber ebenso t\u00f6dlich sein \u2026. Die Zahl der STEMI-Infarkte ist seit Jahren stabil geblieben, hat aber in letzter Zeit stark zugenommen\u2026 Im Sommer musste das Krankenhaus die Zahl der kardiologischen Betten um 44 Prozent erh\u00f6hen, da die Mitarbeiter des Gesundheitswesens mit der steigenden Zahl von Herzinfarktpatienten konfrontiert waren\u2026.<\/p>\n\n\n\n<p>Eine Pandemie von Herzinfarkten, die durch eine zytotoxische Injektion ausgel\u00f6st wird, die ihren Opfern Schaden zuf\u00fcgt, ob sie nun sterben oder nicht. Ist das eine zutreffende Zusammenfassung des Covid-19-Impfstoffs?<\/p>\n\n\n\n<p>Ja, ist es. Hier ist mehr von&nbsp;<em>The Expose<\/em>:<\/p>\n\n\n\n<p>\u201eDaten des CDC in den USA zeigen, dass seit Beginn des Covid-19-Impfprogramms in den USA&nbsp;<strong>die Todesf\u00e4lle aufgrund von \u201aanormalen klinischen Befunden, die nicht anderweitig klassifiziert werden\u2018 im Vergleich zu den Werten vor der Covid-19-Impfung exponentiell angestiegen sind\u2026<\/strong><\/p>\n\n\n\n<p>Zu den Todesf\u00e4llen in dieser Kategorie geh\u00f6ren F\u00e4lle, bei denen keine genauere Diagnose gestellt werden konnte\u2026 oder die Symptome schwer zu bestimmen waren\u2026 oder die F\u00e4lle wurden an andere Stellen \u00fcberwiesen)<\/p>\n\n\n\n<p>\u201e\u2026die Zahl der Todesf\u00e4lle aufgrund abnormaler klinischer Befunde \u2026 blieb seit Februar 2020 konstant bei durchschnittlich etwas mehr als 1.000 pro Woche und lag auch vor dem Ausbruch der angeblichen Pandemie in den USA auf diesem Niveau. Gegen Ende&nbsp;<strong>M\u00e4rz\/Anfang April 2021 kam es jedoch zu einem pl\u00f6tzlichen Anstieg der w\u00f6chentlich registrierten anormalen Todesf\u00e4lle, die bis Mitte September pl\u00f6tzlich auf \u00fcber 7.000 pro Woche anstiegen, was einem Anstieg von 600 % gegen\u00fcber dem w\u00f6chentlichen Durchschnitt vor Beginn der Covid-19-Impfung entspricht.<\/strong><\/p>\n\n\n\n<p>Die Frage ist nat\u00fcrlich, warum?<\/p>\n\n\n\n<p>\u2026Das Einzige, was Millionen von Menschen gemeinsam haben, seit die abnormalen Todesf\u00e4lle entgegen dem erwarteten Durchschnitt zu steigen begannen, ist, dass Millionen von Menschen eine experimentelle Injektion erhalten haben, f\u00fcr die es keine Langzeitsicherheitsdaten gibt, um zu wissen, welche Folgen das haben wird.<\/p>\n\n\n\n<p>Die offiziellen Daten der CDC deuten darauf hin, dass die Folgen einer experimentellen Massenimpfung ein schockierend steiler Anstieg der Zahl der Todesf\u00e4lle aufgrund anormaler, nicht identifizierter Ursachen ist\u2026\u201c (<strong>\u201eInvestigation: Offizielle CDC-Daten zeigen einen schockierend hohen Anstieg der Todesf\u00e4lle aufgrund abnormaler unbekannter Ursachen seit Beginn der Covid-19-Impfungen\u201c<\/strong>, The Expose)<\/p>\n\n\n\n<p>Der Artikel deckt sich mit den vielen Berichten von Krankenschwestern, die von Patienten mit ungew\u00f6hnlichen Symptomen berichten, die sich einer herk\u00f6mmlichen Diagnose entziehen. Angesichts der einzigartigen Eigenschaften des Spike-Proteins, dessen heimlicher Angriff auf das Gef\u00e4\u00dfsystem bereits einen Tsunami von kardiovaskul\u00e4ren, neurologischen und immunologischen Krankheiten ausgel\u00f6st hat, wie wir sie noch nie zuvor gesehen haben, sollte dies nicht \u00fcberraschen. All diese Todesf\u00e4lle lassen sich auf einen \u201egiftigen Todesschuss\u201c zur\u00fcckf\u00fchren, der die Gesamtsterblichkeit unaufhaltsam in die H\u00f6he treibt und gleichzeitig immer j\u00fcngere Menschen t\u00f6tet. Wenn Sie das bezweifeln, dann schauen Sie sich an, wie viele Sportler kurz nach der Injektion sterben. Das ist eine Geschichte, die jeden normalen Menschen zutiefst deprimieren muss.<\/p>\n\n\n\n<p>\u201e<strong>Weltweiter Anstieg bei Sportlern, die pl\u00f6tzlich&nbsp;<a href=\"https:\/\/www.notonthebeeb.co.uk\/post\/surge-of-sports-people-worldwide-suffering-unexpected-ill-health\" target=\"_blank\" rel=\"noreferrer noopener\">Gesundheitsprobleme und Tod erleiden<\/a>\u201c<\/strong><\/p>\n\n\n\n<p>Und schaut euch auch dieses aufschlussreiche&nbsp;<strong><a href=\"https:\/\/video.twimg.com\/ext_tw_video\/1456372913804824581\/pu\/vid\/640x360\/cW-rFkxO4NdcQnXH.mp4?tag=12\" target=\"_blank\" rel=\"noreferrer noopener\">2-min\u00fctige Video<\/a><\/strong>&nbsp;in Englisch \u00fcber Herzstillstand und unser gef\u00e4lschtes Meldesystem f\u00fcr Impfstoffverletzungen an. (VAERS)<\/p>\n\n\n\n<p>Dr. Mike Yeadon fasste die j\u00fcngsten Entwicklungen in einem Kommentar zusammen, den er erst letzte Woche auf dem&nbsp;<em>Morningstar Channel<\/em>&nbsp;ver\u00f6ffentlichte. Er sagte.<\/p>\n\n\n\n<p>\u201eEs gibt kein logisches Endspiel \u2026 au\u00dfer totalit\u00e4rer Tyrannei \u2026 und Massenentv\u00f6lkerung \u2026 Einige Kollegen stimmen dem Teil mit der Tyrannei zu, scheuen aber vor der Entv\u00f6lkerung zur\u00fcck. (Aber) die Beweise deuten eindeutig darauf hin.\u201c<\/p>\n\n\n\n<p>In der Tat, das stimmt.<\/p>\n\n\n\n<h3 class=\"wp-block-heading\"><a rel=\"noreferrer noopener\" href=\"https:\/\/www.unz.com\/mwhitney\/excess-deaths-point-to-depopulation-agenda\/#new_comments\" target=\"_blank\">QUELLE: EXCESS DEATHS POINT TO DEPOPULATION AGENDA<\/a><\/h3>\n\n\n\n<hr class=\"wp-block-separator\"\/>\n\n\n\n<figure class=\"wp-block-image size-large\"><img loading=\"lazy\" decoding=\"async\" width=\"1024\" height=\"813\" src=\"https:\/\/laszlo1713.lima-city.de\/wp-content\/uploads\/2021\/11\/Screenshot-2021-11-08-at-20.17.13-1024x813.jpg\" alt=\"\" class=\"wp-image-4424\" srcset=\"https:\/\/laszlo1713.lima-city.de\/wp-content\/uploads\/2021\/11\/Screenshot-2021-11-08-at-20.17.13-1024x813.jpg 1024w, https:\/\/laszlo1713.lima-city.de\/wp-content\/uploads\/2021\/11\/Screenshot-2021-11-08-at-20.17.13-300x238.jpg 300w, https:\/\/laszlo1713.lima-city.de\/wp-content\/uploads\/2021\/11\/Screenshot-2021-11-08-at-20.17.13-768x610.jpg 768w, https:\/\/laszlo1713.lima-city.de\/wp-content\/uploads\/2021\/11\/Screenshot-2021-11-08-at-20.17.13.jpg 1430w\" sizes=\"auto, (max-width: 706px) 89vw, (max-width: 767px) 82vw, 740px\" \/><figcaption>The false bravado Chelsea Clinton displayed at the conclusion of her military tribunal quickly evaporated when she learned the Office of Military Commissions intended to hang her, as it had her mother, for crimes committed against the nation and children of the world.<\/figcaption><\/figure>\n\n\n\n<hr class=\"wp-block-separator\"\/>\n\n\n\n<p><\/p>\n\n\n\n<div class=\"wp-block-image\"><figure class=\"aligncenter size-full\"><img loading=\"lazy\" decoding=\"async\" width=\"511\" height=\"337\" src=\"https:\/\/laszlo1713.lima-city.de\/wp-content\/uploads\/2021\/11\/22Wie-lange-werden-die-Geimpften-leben22-2-1-1.jpg\" alt=\"\" class=\"wp-image-4429\" srcset=\"https:\/\/laszlo1713.lima-city.de\/wp-content\/uploads\/2021\/11\/22Wie-lange-werden-die-Geimpften-leben22-2-1-1.jpg 511w, https:\/\/laszlo1713.lima-city.de\/wp-content\/uploads\/2021\/11\/22Wie-lange-werden-die-Geimpften-leben22-2-1-1-300x198.jpg 300w\" sizes=\"auto, (max-width: 511px) 100vw, 511px\" \/><\/figure><\/div>\n\n\n\n<hr class=\"wp-block-separator\"\/>\n\n\n\n<figure class=\"wp-block-image size-full\"><img loading=\"lazy\" decoding=\"async\" width=\"748\" height=\"712\" src=\"https:\/\/laszlo1713.lima-city.de\/wp-content\/uploads\/2021\/11\/Screenshot-2021-11-12-at-10.00.30.jpg\" alt=\"\" class=\"wp-image-4433\" srcset=\"https:\/\/laszlo1713.lima-city.de\/wp-content\/uploads\/2021\/11\/Screenshot-2021-11-12-at-10.00.30.jpg 748w, https:\/\/laszlo1713.lima-city.de\/wp-content\/uploads\/2021\/11\/Screenshot-2021-11-12-at-10.00.30-300x286.jpg 300w\" sizes=\"auto, (max-width: 706px) 89vw, (max-width: 767px) 82vw, 740px\" \/><figcaption>Deutscher Chefpathologe schl\u00e4gt wegen t\u00f6dlicher Impfsch\u00e4den Alarm<br>Der Direktor des Pathologischen Instituts der Universit\u00e4t Heidelberg, Peter Schirmacher, hat \u00fcber vierzig Autopsien an Menschen durchgef\u00fchrt, die innerhalb von zwei Wochen nach ihrer Impfung gestorben waren. Schirmacher \u00e4u\u00dferte sich alarmiert \u00fcber seine Ergebnisse.<br>Die regionale Tageszeitung Augsburger Allgemeine berichtete: &#8220;Schirmacher geht davon aus, dass 30 bis 40 Prozent von ihnen durch die Impfung gestorben sind. Seiner Meinung nach wird die H\u00e4ufigkeit t\u00f6dlicher Folgen von Impfungen untersch\u00e4tzt &#8211; eine politisch brisante Aussage in Zeiten, in denen die Impfkampagne an Schwung verliert, die Delta-Variante sich rasant ausbreitet und Einschr\u00e4nkungen f\u00fcr nicht geimpfte Menschen diskutiert werden&#8221;.<\/figcaption><\/figure>\n\n\n\n<hr class=\"wp-block-separator\"\/>\n\n\n\n<figure class=\"wp-block-image size-full is-resized\"><img loading=\"lazy\" decoding=\"async\" src=\"https:\/\/laszlo1713.lima-city.de\/wp-content\/uploads\/2021\/11\/IMAGE-2021-11-12-100251.jpg\" alt=\"\" class=\"wp-image-4435\" width=\"622\" height=\"960\" srcset=\"https:\/\/laszlo1713.lima-city.de\/wp-content\/uploads\/2021\/11\/IMAGE-2021-11-12-100251.jpg 622w, https:\/\/laszlo1713.lima-city.de\/wp-content\/uploads\/2021\/11\/IMAGE-2021-11-12-100251-194x300.jpg 194w\" sizes=\"auto, (max-width: 622px) 100vw, 622px\" \/><figcaption><span class=\"has-inline-color has-vivid-green-cyan-color\">Egy soha nem l\u00e1tott (glob\u00e1lis) b\u0171nt\u00e9ny k\u00e9pekben.<\/span><\/figcaption><\/figure>\n\n\n\n<hr class=\"wp-block-separator\"\/>\n\n\n\n<div class=\"wp-block-image\"><figure class=\"aligncenter size-large\"><img loading=\"lazy\" decoding=\"async\" width=\"504\" height=\"1024\" src=\"https:\/\/laszlo1713.lima-city.de\/wp-content\/uploads\/2021\/11\/IMAGE-2021-11-12-100718-504x1024.jpg\" alt=\"\" class=\"wp-image-4437\" srcset=\"https:\/\/laszlo1713.lima-city.de\/wp-content\/uploads\/2021\/11\/IMAGE-2021-11-12-100718-504x1024.jpg 504w, https:\/\/laszlo1713.lima-city.de\/wp-content\/uploads\/2021\/11\/IMAGE-2021-11-12-100718-148x300.jpg 148w, https:\/\/laszlo1713.lima-city.de\/wp-content\/uploads\/2021\/11\/IMAGE-2021-11-12-100718.jpg 630w\" sizes=\"auto, (max-width: 504px) 100vw, 504px\" \/><figcaption><span class=\"has-inline-color has-vivid-green-cyan-color\">Hazugs\u00e1g tartja \u00e9letben ezt a rendszert (mint ahogy t\u00f6rt\u00e9nelmileg a fasizmust \u00e9s a kommunizmust is). Nem v\u00e9letlen, egy a sz\u00fcl\u0151atyjuk: a s\u00e1t\u00e1n (illumin\u00e1tusok, \u00e1rny\u00e9k-korm\u00e1nyok, politikus marionettek, ezek kiszolg\u00e1l\u00f3i \u00e9s a t\u00f6megek korl\u00e1tlan butas\u00e1ga)..<\/span><\/figcaption><\/figure><\/div>\n\n\n\n<hr class=\"wp-block-separator\"\/>\n\n\n\n<figure class=\"wp-block-image size-large\"><img loading=\"lazy\" decoding=\"async\" width=\"1024\" height=\"586\" src=\"https:\/\/laszlo1713.lima-city.de\/wp-content\/uploads\/2021\/11\/IMAGE-2021-11-12-101636-1024x586.jpg\" alt=\"\" class=\"wp-image-4439\" srcset=\"https:\/\/laszlo1713.lima-city.de\/wp-content\/uploads\/2021\/11\/IMAGE-2021-11-12-101636-1024x586.jpg 1024w, https:\/\/laszlo1713.lima-city.de\/wp-content\/uploads\/2021\/11\/IMAGE-2021-11-12-101636-300x172.jpg 300w, https:\/\/laszlo1713.lima-city.de\/wp-content\/uploads\/2021\/11\/IMAGE-2021-11-12-101636-768x440.jpg 768w, https:\/\/laszlo1713.lima-city.de\/wp-content\/uploads\/2021\/11\/IMAGE-2021-11-12-101636.jpg 1280w\" sizes=\"auto, (max-width: 706px) 89vw, (max-width: 767px) 82vw, 740px\" \/><figcaption><span class=\"has-inline-color has-vivid-green-cyan-color\">(N\u00e9metorsz\u00e1gban pl.)<\/span> <strong>22,1 Prozent Ungeimpfte, da\u00df sind bei 83 Millionen Einwohnern 18,34 Millionen Menschen, welche sich dem Wahnsinn verweigern<\/strong><br><\/figcaption><\/figure>\n\n\n\n<hr class=\"wp-block-separator\"\/>\n\n\n\n<figure class=\"wp-block-image size-full\"><img loading=\"lazy\" decoding=\"async\" width=\"994\" height=\"706\" src=\"https:\/\/laszlo1713.lima-city.de\/wp-content\/uploads\/2021\/11\/Screenshot-2021-11-12-at-10.20.28.jpg\" alt=\"\" class=\"wp-image-4441\" srcset=\"https:\/\/laszlo1713.lima-city.de\/wp-content\/uploads\/2021\/11\/Screenshot-2021-11-12-at-10.20.28.jpg 994w, https:\/\/laszlo1713.lima-city.de\/wp-content\/uploads\/2021\/11\/Screenshot-2021-11-12-at-10.20.28-300x213.jpg 300w, https:\/\/laszlo1713.lima-city.de\/wp-content\/uploads\/2021\/11\/Screenshot-2021-11-12-at-10.20.28-768x545.jpg 768w\" sizes=\"auto, (max-width: 706px) 89vw, (max-width: 767px) 82vw, 740px\" \/><\/figure>\n\n\n\n<hr class=\"wp-block-separator\"\/>\n\n\n\n<figure class=\"wp-block-image size-large\"><img loading=\"lazy\" decoding=\"async\" width=\"1024\" height=\"413\" src=\"https:\/\/laszlo1713.lima-city.de\/wp-content\/uploads\/2021\/11\/IMAGE-2021-11-13-210049-1024x413.jpg\" alt=\"\" class=\"wp-image-4443\" srcset=\"https:\/\/laszlo1713.lima-city.de\/wp-content\/uploads\/2021\/11\/IMAGE-2021-11-13-210049-1024x413.jpg 1024w, https:\/\/laszlo1713.lima-city.de\/wp-content\/uploads\/2021\/11\/IMAGE-2021-11-13-210049-300x121.jpg 300w, https:\/\/laszlo1713.lima-city.de\/wp-content\/uploads\/2021\/11\/IMAGE-2021-11-13-210049-768x310.jpg 768w, https:\/\/laszlo1713.lima-city.de\/wp-content\/uploads\/2021\/11\/IMAGE-2021-11-13-210049.jpg 1200w\" sizes=\"auto, (max-width: 706px) 89vw, (max-width: 767px) 82vw, 740px\" \/><\/figure>\n\n\n\n<p><span class=\"has-inline-color has-vivid-green-cyan-color\">Eg\u00e9szen bizonyosan eljutottunk egy pontra, amikor nyilv\u00e1nval\u00f3an azt szugger\u00e1lj\u00e1k, hogy minden \u00e1ll\u00edt\u00e1s (\u00e1ll\u00edt\u00e1suk) igaz, \u00e9s egyben az ellenkez\u0151je is igaz lenne. Az \u00fan. &#8220;inform\u00e1ci\u00f3h\u00e1bor\u00fanak&#8221; ezzel elsz\u00e1llt az utols\u00f3 puskapora, magyar\u00e1n teljesen \u00e9rdektelen minden \u00e1ll\u00edt\u00e1s, teljesen \u00e9rdektelen minden (\u00e1l)h\u00edr.  Ebben az \u00f6sszef\u00fcgg\u00e9sben csakis egyetlen t\u00e9ny a l\u00e9nyeges, \u00e9s csakis ez kellene, hogy \u00e9rdekeljen mindenkit (mivel a k\u00f6vetkezm\u00e9nyeit mindenki a saj\u00e1t b\u0151r\u00e9n tapasztalja): az eg\u00e9sz korona-cirkusz (\u00edgy a sorozatos lockdown-fenyeget\u00e9s is) az emberis\u00e9g t\u00f6rt\u00e9net\u00e9nek &#8220;legzseni\u00e1lisabb&#8221; (legnagyobb) csal\u00e1sa.<\/span><\/p>\n\n\n\n<hr class=\"wp-block-separator\"\/>\n\n\n\n<figure class=\"wp-block-image size-large\"><img loading=\"lazy\" decoding=\"async\" width=\"821\" height=\"1024\" src=\"https:\/\/laszlo1713.lima-city.de\/wp-content\/uploads\/2021\/11\/IMAGE-2021-11-14-083420-821x1024.jpg\" alt=\"\" class=\"wp-image-4447\" srcset=\"https:\/\/laszlo1713.lima-city.de\/wp-content\/uploads\/2021\/11\/IMAGE-2021-11-14-083420-821x1024.jpg 821w, https:\/\/laszlo1713.lima-city.de\/wp-content\/uploads\/2021\/11\/IMAGE-2021-11-14-083420-240x300.jpg 240w, https:\/\/laszlo1713.lima-city.de\/wp-content\/uploads\/2021\/11\/IMAGE-2021-11-14-083420-768x958.jpg 768w, https:\/\/laszlo1713.lima-city.de\/wp-content\/uploads\/2021\/11\/IMAGE-2021-11-14-083420.jpg 1026w\" sizes=\"auto, (max-width: 706px) 89vw, (max-width: 767px) 82vw, 740px\" \/><\/figure>\n\n\n\n<p><span class=\"has-inline-color has-vivid-green-cyan-color\">A <strong>DS<\/strong> sz\u00ednpad\u00e1n, a szem\u00fcnk el\u0151tt \u00e9s  (sajnos) sokak (?) \u00f6r\u00f6m\u00e9re.<\/span><\/p>\n\n\n\n<hr class=\"wp-block-separator\"\/>\n\n\n\n<figure class=\"wp-block-image size-full\"><img loading=\"lazy\" decoding=\"async\" width=\"571\" height=\"729\" src=\"https:\/\/laszlo1713.lima-city.de\/wp-content\/uploads\/2021\/11\/IMAGE-2021-11-14-110042.jpg\" alt=\"\" class=\"wp-image-4449\" srcset=\"https:\/\/laszlo1713.lima-city.de\/wp-content\/uploads\/2021\/11\/IMAGE-2021-11-14-110042.jpg 571w, https:\/\/laszlo1713.lima-city.de\/wp-content\/uploads\/2021\/11\/IMAGE-2021-11-14-110042-235x300.jpg 235w\" sizes=\"auto, (max-width: 571px) 100vw, 571px\" \/><\/figure>\n\n\n\n<p><span class=\"has-inline-color has-vivid-green-cyan-color\">Hol tartunk jelenleg? Az olt\u00e1s m\u0171k\u00f6dik? Csak Magyarorsz\u00e1gon, m\u00e1sutt nem? Aki l\u00e1tja, l\u00e1tja.<\/span><\/p>\n\n\n\n<hr class=\"wp-block-separator\"\/>\n\n\n\n<figure class=\"wp-block-image size-large\"><img loading=\"lazy\" decoding=\"async\" width=\"1024\" height=\"500\" src=\"https:\/\/laszlo1713.lima-city.de\/wp-content\/uploads\/2021\/11\/Screenshot-2021-11-14-at-13.01.35-1024x500.jpg\" alt=\"\" class=\"wp-image-4452\" srcset=\"https:\/\/laszlo1713.lima-city.de\/wp-content\/uploads\/2021\/11\/Screenshot-2021-11-14-at-13.01.35-1024x500.jpg 1024w, https:\/\/laszlo1713.lima-city.de\/wp-content\/uploads\/2021\/11\/Screenshot-2021-11-14-at-13.01.35-300x146.jpg 300w, https:\/\/laszlo1713.lima-city.de\/wp-content\/uploads\/2021\/11\/Screenshot-2021-11-14-at-13.01.35-768x375.jpg 768w, https:\/\/laszlo1713.lima-city.de\/wp-content\/uploads\/2021\/11\/Screenshot-2021-11-14-at-13.01.35-1536x750.jpg 1536w, https:\/\/laszlo1713.lima-city.de\/wp-content\/uploads\/2021\/11\/Screenshot-2021-11-14-at-13.01.35.jpg 1750w\" sizes=\"auto, (max-width: 706px) 89vw, (max-width: 767px) 82vw, 740px\" \/><figcaption>Mir wird oft die Frage gestellt:&nbsp;<em>\u201cWenn ich den \u201cImpfstoff\u201d genommen habe, wie lange werde ich leben?\u201d&nbsp;<\/em>Ich&nbsp; habe diese Frage einem Freund von mir, Dr. Mylo Canderian, Ph.D.&nbsp;&nbsp;<em>[geboren Milos Iskanderianos, Korfu, Griechenland, 1938]&nbsp;<\/em>gestellt, der 2015 das&nbsp; Patent f\u00fcr Graphenoxid zur Verwendung als h\u00e4matologische Biowaffe&nbsp; entwickelt hat.&nbsp;<br>Dr.&nbsp; Canderian ist medizinischer Mitarbeiter der Weltgesundheitsorganisation&nbsp; und unterst\u00fctzt auch Klaus Schwab und den \u201cGreat Reset\u201d, der die&nbsp; digitale Weltw\u00e4hrung einf\u00fchrt, die ein sekund\u00e4res Ziel der WHO f\u00fcr 2022&nbsp; ist.<br>Ganz offen gesagt ist Dr. Canderian das, was ich einen \u201e<em>v\u00f6lkermordenden Globalisten\u201c<\/em>&nbsp;nennen w\u00fcrde, der dem selten diskutierten Grundsatz zehn der Georgia Guidestones folgt, der da lautet:&nbsp;<em>\u201eSei kein Krebsgeschw\u00fcr auf der Erde; lass Raum f\u00fcr die Natur.\u201c<\/em>&nbsp;Dr. Canderian ist der Meinung, dass 95% der Weltbev\u00f6lkerung&nbsp; \u201cnutzlose Parasiten\u201d sind, die so schnell wie m\u00f6glich eingeschl\u00e4fert&nbsp; werden m\u00fcssen.<\/figcaption><\/figure>\n\n\n\n<p><em>\u201c<strong>Schauen Sie sich die Innenstadt von Chicago,&nbsp; Baltimore oder Los Angeles an\u201d, sagte er, \u201cund Sie werden deutlich&nbsp; sehen, warum die Nutzlosen Parasiten wie tollw\u00fctige Hunde eingeschl\u00e4fert&nbsp; werden m\u00fcssen<\/strong>.\u201d<\/em>  (<em>Dr. Mylo Canderian, Erfinder des Graphenoxid<\/em>)<\/p>\n\n\n\n<p>Er hat seine Verachtung f\u00fcr \u201cinfekti\u00f6se&nbsp; P\u00e4dagogen\u201d zum Ausdruck gebracht, die die kritische Rassentheorie&nbsp; f\u00f6rdern und ist zuversichtlich, dass der \u201cImpfstoff\u201d dem \u201cmenschlichen&nbsp; Krebs auf der Erde\u201d ein Ende setzen wird.<br>Dr. Canderian ist ein&nbsp; gl\u00fchender Bef\u00fcrworter der Pflicht und Verpflichtung der Freimaurer, die&nbsp; Welt von der \u201cPest der Menschheit\u201d zu befreien. Also fragte ich Mylo:<\/p>\n\n\n\n<p>\u201cWie k\u00f6nnen die \u201cGeimpften\u201d mit Sicherheit wissen, wie lange sie nach der Impfung noch zu leben haben?\u201d<\/p>\n\n\n\n<p>Canderian pr\u00e4sentierte mir die Informationen, die als&nbsp;<em>\u201cEnd of Cycle Formula\u201d<\/em>&nbsp;bezeichnet wurden. Er erkl\u00e4rte, wie einfach die Berechnung ist.<\/p>\n\n\n\n<p><em>\u201e<strong>Die&nbsp; Macht der Einfachheit\u201c, sagte er. \u201cEs gibt einen maximalen Zyklus von&nbsp; zehn Jahren von der Injektion bis zum Ende des Zyklus\u201d [oder Tod],&nbsp; f\u00fchrte er aus. \u201cUnd es ist extrem einfach diesen Wert zu bestimmen<\/strong>.\u201d<\/em> (ebd.)<\/p>\n\n\n\n<p><em>Er&nbsp; sagte, dass jeder H\u00e4matologe es innerhalb von Sekunden unter einem&nbsp; Mikroskop sehen kann, und noch leichter unter einem Elektronenmikroskop.&nbsp;&nbsp;<\/em><\/p>\n\n\n\n<p><em>\u201c<strong>Der Prozentsatz des Blutes, das von oder mit Graphenoxid betroffen&nbsp; [oder kontaminiert] ist, ist die Reziprozit\u00e4t der Berechnung am Ende&nbsp; des Zyklus\u201d, gab er bekannt<\/strong>.<\/em>&#8221; (ebd.)<\/p>\n\n\n\n<p>(&#8230;) Ich&nbsp; habe Mylo gefragt, was die Wirkung von zweiten und dritten Dosen und&nbsp; Boostern bewirkt und wie dies die Tabelle zum Ende des Zyklus ver\u00e4ndert. Mylo antwortete:<\/p>\n\n\n\n<p><em>\u201c<strong>Alles&nbsp; ist durch h\u00e4matologische Tests messbar.&nbsp;Je mehr Spritzen und Verst\u00e4rker&nbsp; die Schwachk\u00f6pfe bekommen, desto schlechter sieht ihr Blut unter dem&nbsp; Mikroskop aus und desto schneller werden sie zu D\u00fcnger.<\/strong>\u201d<\/em> (ebd.)<\/p>\n\n\n\n<p>(&#8230;)<\/p>\n\n\n\n<p>Je h\u00f6her die Graphenoxid-Konzentration im Blut, desto schneller tritt der Tod ein.<\/p>\n\n\n\n<p>Mit anderen Worten: Ein \u201cGeimpfter\u201d&nbsp;<em>[wie er jeden nennt, der mit der Experimental Use Authorization Eugenics&nbsp; Depopulation Lethal Injection Bioweapon = Graphenoxid; gestochen wurde]&nbsp;<\/em>&nbsp;der mit 20% Graphenoxid-Verfall in seinem Blut aufzufinden ist,&nbsp; abgesehen von anderen Eingabekriterien, kann 8 Jahre leben.&nbsp;<em>[10 Jahre&nbsp; weniger 20 %].<\/em>&nbsp;Jemand mit einem Blutbild von 70% Graphenoxid Konzentration wird nicht l\u00e4nger als 3 Jahre leben. [10 Jahre weniger 70 %].<\/p>\n\n\n\n<hr class=\"wp-block-separator\"\/>\n\n\n\n<hr class=\"wp-block-separator\"\/>\n\n\n\n<p><\/p>\n","protected":false},"excerpt":{"rendered":"<p>&#8220;csak olyan vakcin\u00e1k ker\u00fclhettek \u00e9s ker\u00fclhetnek forgalomba, amelyek&nbsp;a magyar hat\u00f3s\u00e1gok vizsg\u00e1lata alapj\u00e1n is hat\u00e1sosak, biztons\u00e1gosak&nbsp;\u00e9s amelyet m\u00e1s orsz\u00e1gban is haszn\u00e1lnak&#8221; (Magyarorsz\u00e1g Korm\u00e1nya). Hazudna a Korm\u00e1ny? Igen. Freudi elsz\u00f3l\u00e1s (el\u00edr\u00e1s) vagy &#8220;fekete humor&#8221;? &#8220;Fekete humor&#8221;? Vagy tal\u00e1n ink\u00e1bb &#8220;komoly&#8221; el\u0151gondoskod\u00e1s? In Wien soll eine Impfstra\u00dfe f\u00fcr Kinder ab f\u00fcnf Jahren er\u00f6ffnet werden. Gesundheitsstadtrat Hacker betont, dass &hellip; <\/p>\n<p class=\"link-more\"><a href=\"https:\/\/laszlo1713.lima-city.de\/index.php\/lapszemle-vii\/\" class=\"more-link\">Continue reading<span class=\"screen-reader-text\"> &#8220;Lapszemle VII.&#8221;<\/span><\/a><\/p>\n","protected":false},"author":1,"featured_media":0,"parent":0,"menu_order":0,"comment_status":"closed","ping_status":"closed","template":"","meta":{"footnotes":""},"class_list":["post-4222","page","type-page","status-publish","hentry"],"_links":{"self":[{"href":"https:\/\/laszlo1713.lima-city.de\/index.php\/wp-json\/wp\/v2\/pages\/4222","targetHints":{"allow":["GET"]}}],"collection":[{"href":"https:\/\/laszlo1713.lima-city.de\/index.php\/wp-json\/wp\/v2\/pages"}],"about":[{"href":"https:\/\/laszlo1713.lima-city.de\/index.php\/wp-json\/wp\/v2\/types\/page"}],"author":[{"embeddable":true,"href":"https:\/\/laszlo1713.lima-city.de\/index.php\/wp-json\/wp\/v2\/users\/1"}],"replies":[{"embeddable":true,"href":"https:\/\/laszlo1713.lima-city.de\/index.php\/wp-json\/wp\/v2\/comments?post=4222"}],"version-history":[{"count":45,"href":"https:\/\/laszlo1713.lima-city.de\/index.php\/wp-json\/wp\/v2\/pages\/4222\/revisions"}],"predecessor-version":[{"id":4465,"href":"https:\/\/laszlo1713.lima-city.de\/index.php\/wp-json\/wp\/v2\/pages\/4222\/revisions\/4465"}],"wp:attachment":[{"href":"https:\/\/laszlo1713.lima-city.de\/index.php\/wp-json\/wp\/v2\/media?parent=4222"}],"curies":[{"name":"wp","href":"https:\/\/api.w.org\/{rel}","templated":true}]}}