{"id":4132,"date":"2021-10-16T18:46:42","date_gmt":"2021-10-16T16:46:42","guid":{"rendered":"https:\/\/laszlo1713.lima-city.de\/?page_id=4132"},"modified":"2021-11-04T17:06:00","modified_gmt":"2021-11-04T16:06:00","slug":"lapszemle-vi","status":"publish","type":"page","link":"https:\/\/laszlo1713.lima-city.de\/index.php\/lapszemle-vi\/","title":{"rendered":"Lapszemle VI."},"content":{"rendered":"\n<figure class=\"wp-block-image size-large\"><img loading=\"lazy\" decoding=\"async\" width=\"834\" height=\"772\" src=\"https:\/\/laszlo1713.lima-city.de\/wp-content\/uploads\/2021\/10\/Screenshot-2021-10-16-at-18.54.19.jpg\" alt=\"\" class=\"wp-image-4140\" srcset=\"https:\/\/laszlo1713.lima-city.de\/wp-content\/uploads\/2021\/10\/Screenshot-2021-10-16-at-18.54.19.jpg 834w, https:\/\/laszlo1713.lima-city.de\/wp-content\/uploads\/2021\/10\/Screenshot-2021-10-16-at-18.54.19-300x278.jpg 300w, https:\/\/laszlo1713.lima-city.de\/wp-content\/uploads\/2021\/10\/Screenshot-2021-10-16-at-18.54.19-768x711.jpg 768w\" sizes=\"auto, (max-width: 706px) 89vw, (max-width: 767px) 82vw, 740px\" \/><\/figure>\n\n\n\n<hr class=\"wp-block-separator\"\/>\n\n\n\n<figure class=\"wp-block-image size-large\"><img loading=\"lazy\" decoding=\"async\" width=\"1024\" height=\"872\" src=\"https:\/\/laszlo1713.lima-city.de\/wp-content\/uploads\/2021\/10\/Screenshot-2021-10-16-at-18.44.27-1-1024x872.jpg\" alt=\"\" class=\"wp-image-4137\" srcset=\"https:\/\/laszlo1713.lima-city.de\/wp-content\/uploads\/2021\/10\/Screenshot-2021-10-16-at-18.44.27-1-1024x872.jpg 1024w, https:\/\/laszlo1713.lima-city.de\/wp-content\/uploads\/2021\/10\/Screenshot-2021-10-16-at-18.44.27-1-300x255.jpg 300w, https:\/\/laszlo1713.lima-city.de\/wp-content\/uploads\/2021\/10\/Screenshot-2021-10-16-at-18.44.27-1-768x654.jpg 768w, https:\/\/laszlo1713.lima-city.de\/wp-content\/uploads\/2021\/10\/Screenshot-2021-10-16-at-18.44.27-1.jpg 1454w\" sizes=\"auto, (max-width: 706px) 89vw, (max-width: 767px) 82vw, 740px\" \/><figcaption>Hunter Biden\u2019s life ended Friday morning when the U.S. Navy Judge Advocate General\u2019s Corps in cooperation with the Office of Military Commissions hanged him to death at a few minutes past 8:00 a.m. His execution happened only a few weeks after a military tribunal at Guantanamo Bay found him guilty of treason\u2014a capital offense\u2014and a myriad of sex crimes against underage women. (&#8230;) \u201cYou can\u2019t do this to me; I\u2019m a civilian. I\u2019m not a politician. I\u2019m not in the game,\u201d said a defiant Biden.<br>\u201cGame?\u201d Rear Adm. Crandall queried. \u201cYou\u2019re about to be hanged, Mr. Biden, and you\u2019re talking of games. You probably thought this was a chess game and saw yourself as a rook or even the queen. You were always a pawn, and you put yourself in the game, as you put it, and you ran amok, afoul of everything this country is supposed to stand for.\u201d<br>\u201cIt was all Barack. He\u2019s calling all the shots. He\u2019s behind everything from Covid-19 to a tanking economy to wanting to see the country tear itself apart. All I ever did was have some fun,\u201d Biden pleaded as the anonymous soldier tightened the noose.<br>\u201cThe time for telling us what we already know is over,\u201d Rear Adm. Crandall said. (&#8230;) \u201cI don\u2019t take any sense of perverse pleasure in overseeing these executions,\u201d Rear Adm. Crandall told the assembly. \u201cBut justice today has been served.\u201d<br><br><\/figcaption><\/figure>\n\n\n\n<hr class=\"wp-block-separator\"\/>\n\n\n\n<figure class=\"wp-block-image size-large\"><img loading=\"lazy\" decoding=\"async\" width=\"1024\" height=\"244\" src=\"https:\/\/laszlo1713.lima-city.de\/wp-content\/uploads\/2021\/10\/Screenshot-2021-10-16-at-20.29.27-1024x244.jpg\" alt=\"\" class=\"wp-image-4142\" srcset=\"https:\/\/laszlo1713.lima-city.de\/wp-content\/uploads\/2021\/10\/Screenshot-2021-10-16-at-20.29.27-1024x244.jpg 1024w, https:\/\/laszlo1713.lima-city.de\/wp-content\/uploads\/2021\/10\/Screenshot-2021-10-16-at-20.29.27-300x71.jpg 300w, https:\/\/laszlo1713.lima-city.de\/wp-content\/uploads\/2021\/10\/Screenshot-2021-10-16-at-20.29.27-768x183.jpg 768w, https:\/\/laszlo1713.lima-city.de\/wp-content\/uploads\/2021\/10\/Screenshot-2021-10-16-at-20.29.27.jpg 1084w\" sizes=\"auto, (max-width: 706px) 89vw, (max-width: 767px) 82vw, 740px\" \/><\/figure>\n\n\n\n<hr class=\"wp-block-separator\"\/>\n\n\n\n<figure class=\"wp-block-image size-large\"><img loading=\"lazy\" decoding=\"async\" width=\"1024\" height=\"173\" src=\"https:\/\/laszlo1713.lima-city.de\/wp-content\/uploads\/2021\/10\/Screenshot-2021-10-16-at-20.36.23-1024x173.jpg\" alt=\"\" class=\"wp-image-4144\" srcset=\"https:\/\/laszlo1713.lima-city.de\/wp-content\/uploads\/2021\/10\/Screenshot-2021-10-16-at-20.36.23-1024x173.jpg 1024w, https:\/\/laszlo1713.lima-city.de\/wp-content\/uploads\/2021\/10\/Screenshot-2021-10-16-at-20.36.23-300x51.jpg 300w, https:\/\/laszlo1713.lima-city.de\/wp-content\/uploads\/2021\/10\/Screenshot-2021-10-16-at-20.36.23-768x130.jpg 768w, https:\/\/laszlo1713.lima-city.de\/wp-content\/uploads\/2021\/10\/Screenshot-2021-10-16-at-20.36.23.jpg 1102w\" sizes=\"auto, (max-width: 706px) 89vw, (max-width: 767px) 82vw, 740px\" \/><\/figure>\n\n\n\n<hr class=\"wp-block-separator\"\/>\n\n\n\n<figure class=\"wp-block-image size-large\"><img loading=\"lazy\" decoding=\"async\" width=\"1016\" height=\"708\" src=\"https:\/\/laszlo1713.lima-city.de\/wp-content\/uploads\/2021\/10\/Screenshot-2021-10-16-at-20.38.04.jpg\" alt=\"\" class=\"wp-image-4145\" srcset=\"https:\/\/laszlo1713.lima-city.de\/wp-content\/uploads\/2021\/10\/Screenshot-2021-10-16-at-20.38.04.jpg 1016w, https:\/\/laszlo1713.lima-city.de\/wp-content\/uploads\/2021\/10\/Screenshot-2021-10-16-at-20.38.04-300x209.jpg 300w, https:\/\/laszlo1713.lima-city.de\/wp-content\/uploads\/2021\/10\/Screenshot-2021-10-16-at-20.38.04-768x535.jpg 768w\" sizes=\"auto, (max-width: 706px) 89vw, (max-width: 767px) 82vw, 740px\" \/><\/figure>\n\n\n\n<hr class=\"wp-block-separator\"\/>\n\n\n\n<figure class=\"wp-block-image size-large\"><img loading=\"lazy\" decoding=\"async\" width=\"936\" height=\"664\" src=\"https:\/\/laszlo1713.lima-city.de\/wp-content\/uploads\/2021\/10\/Screenshot-2021-10-16-at-20.39.34.jpg\" alt=\"\" class=\"wp-image-4146\" srcset=\"https:\/\/laszlo1713.lima-city.de\/wp-content\/uploads\/2021\/10\/Screenshot-2021-10-16-at-20.39.34.jpg 936w, https:\/\/laszlo1713.lima-city.de\/wp-content\/uploads\/2021\/10\/Screenshot-2021-10-16-at-20.39.34-300x213.jpg 300w, https:\/\/laszlo1713.lima-city.de\/wp-content\/uploads\/2021\/10\/Screenshot-2021-10-16-at-20.39.34-768x545.jpg 768w\" sizes=\"auto, (max-width: 706px) 89vw, (max-width: 767px) 82vw, 740px\" \/><\/figure>\n\n\n\n<hr class=\"wp-block-separator\"\/>\n\n\n\n<figure class=\"wp-block-image size-large\"><img loading=\"lazy\" decoding=\"async\" width=\"772\" height=\"876\" src=\"https:\/\/laszlo1713.lima-city.de\/wp-content\/uploads\/2021\/10\/Screenshot-2021-10-16-at-20.44.08.jpg\" alt=\"\" class=\"wp-image-4147\" srcset=\"https:\/\/laszlo1713.lima-city.de\/wp-content\/uploads\/2021\/10\/Screenshot-2021-10-16-at-20.44.08.jpg 772w, https:\/\/laszlo1713.lima-city.de\/wp-content\/uploads\/2021\/10\/Screenshot-2021-10-16-at-20.44.08-264x300.jpg 264w, https:\/\/laszlo1713.lima-city.de\/wp-content\/uploads\/2021\/10\/Screenshot-2021-10-16-at-20.44.08-768x871.jpg 768w\" sizes=\"auto, (max-width: 706px) 89vw, (max-width: 767px) 82vw, 740px\" \/><\/figure>\n\n\n\n<hr class=\"wp-block-separator\"\/>\n\n\n\n<figure class=\"wp-block-image size-large\"><img loading=\"lazy\" decoding=\"async\" width=\"1020\" height=\"752\" src=\"https:\/\/laszlo1713.lima-city.de\/wp-content\/uploads\/2021\/10\/Screenshot-2021-10-16-at-20.47.43.jpg\" alt=\"\" class=\"wp-image-4148\" srcset=\"https:\/\/laszlo1713.lima-city.de\/wp-content\/uploads\/2021\/10\/Screenshot-2021-10-16-at-20.47.43.jpg 1020w, https:\/\/laszlo1713.lima-city.de\/wp-content\/uploads\/2021\/10\/Screenshot-2021-10-16-at-20.47.43-300x221.jpg 300w, https:\/\/laszlo1713.lima-city.de\/wp-content\/uploads\/2021\/10\/Screenshot-2021-10-16-at-20.47.43-768x566.jpg 768w\" sizes=\"auto, (max-width: 706px) 89vw, (max-width: 767px) 82vw, 740px\" \/><\/figure>\n\n\n\n<hr class=\"wp-block-separator\"\/>\n\n\n\n<div class=\"wp-block-image\"><figure class=\"aligncenter size-large\"><img loading=\"lazy\" decoding=\"async\" width=\"474\" height=\"234\" src=\"https:\/\/laszlo1713.lima-city.de\/wp-content\/uploads\/2021\/10\/iu.jpeg\" alt=\"\" class=\"wp-image-4150\" srcset=\"https:\/\/laszlo1713.lima-city.de\/wp-content\/uploads\/2021\/10\/iu.jpeg 474w, https:\/\/laszlo1713.lima-city.de\/wp-content\/uploads\/2021\/10\/iu-300x148.jpeg 300w\" sizes=\"auto, (max-width: 474px) 100vw, 474px\" \/><\/figure><\/div>\n\n\n\n<p><span class=\"has-inline-color has-vivid-green-cyan-color\">Semmi es\u00e9ly Schwab!<\/span><\/p>\n\n\n\n<hr class=\"wp-block-separator\"\/>\n\n\n\n<div class=\"wp-block-image\"><figure class=\"aligncenter size-large\"><img loading=\"lazy\" decoding=\"async\" width=\"474\" height=\"267\" src=\"https:\/\/laszlo1713.lima-city.de\/wp-content\/uploads\/2021\/10\/iu-1.jpeg\" alt=\"\" class=\"wp-image-4153\" srcset=\"https:\/\/laszlo1713.lima-city.de\/wp-content\/uploads\/2021\/10\/iu-1.jpeg 474w, https:\/\/laszlo1713.lima-city.de\/wp-content\/uploads\/2021\/10\/iu-1-300x169.jpeg 300w\" sizes=\"auto, (max-width: 474px) 100vw, 474px\" \/><\/figure><\/div>\n\n\n\n<figure class=\"wp-block-image size-large\"><img loading=\"lazy\" decoding=\"async\" width=\"626\" height=\"198\" src=\"https:\/\/laszlo1713.lima-city.de\/wp-content\/uploads\/2021\/10\/Screenshot-2021-10-16-at-21.11.55.jpg\" alt=\"\" class=\"wp-image-4154\" srcset=\"https:\/\/laszlo1713.lima-city.de\/wp-content\/uploads\/2021\/10\/Screenshot-2021-10-16-at-21.11.55.jpg 626w, https:\/\/laszlo1713.lima-city.de\/wp-content\/uploads\/2021\/10\/Screenshot-2021-10-16-at-21.11.55-300x95.jpg 300w\" sizes=\"auto, (max-width: 626px) 100vw, 626px\" \/><\/figure>\n\n\n\n<hr class=\"wp-block-separator\"\/>\n\n\n\n<p><span class=\"has-inline-color has-vivid-green-cyan-color\">Most t\u0171nik csak fel, hogy m\u00e1r milyen r\u00e9gen megtervezt\u00e9k ezt az eg\u00e9szet.<\/span><\/p>\n\n\n\n<figure class=\"wp-block-image size-large\"><img loading=\"lazy\" decoding=\"async\" width=\"820\" height=\"1024\" src=\"https:\/\/laszlo1713.lima-city.de\/wp-content\/uploads\/2021\/10\/IMG_0189-820x1024.jpg\" alt=\"\" class=\"wp-image-4161\" srcset=\"https:\/\/laszlo1713.lima-city.de\/wp-content\/uploads\/2021\/10\/IMG_0189-820x1024.jpg 820w, https:\/\/laszlo1713.lima-city.de\/wp-content\/uploads\/2021\/10\/IMG_0189-240x300.jpg 240w, https:\/\/laszlo1713.lima-city.de\/wp-content\/uploads\/2021\/10\/IMG_0189-768x959.jpg 768w, https:\/\/laszlo1713.lima-city.de\/wp-content\/uploads\/2021\/10\/IMG_0189.jpg 1025w\" sizes=\"auto, (max-width: 706px) 89vw, (max-width: 767px) 82vw, 740px\" \/><\/figure>\n\n\n\n<p><em><span class=\"has-inline-color has-vivid-green-cyan-color\"><strong>2011<\/strong>-ben m\u00e1r ny\u00edltan besz\u00e9ltek a (k\u00f6telez\u0151) vakcina j\u00f3t\u00e9kony hat\u00e1s\u00e1r\u00f3l a f\u00f6ld lakoss\u00e1g\u00e1nak cs\u00f6kkent\u00e9se c\u00e9lj\u00e1b\u00f3l. Kevesebb ember, kevesebb  gond (sz\u00e9ndioxid) ?<\/span><\/em><\/p>\n\n\n\n<figure class=\"wp-block-image size-large\"><img loading=\"lazy\" decoding=\"async\" width=\"1024\" height=\"795\" src=\"https:\/\/laszlo1713.lima-city.de\/wp-content\/uploads\/2021\/10\/IMG_1376-1024x795.jpg\" alt=\"\" class=\"wp-image-4162\" srcset=\"https:\/\/laszlo1713.lima-city.de\/wp-content\/uploads\/2021\/10\/IMG_1376-1024x795.jpg 1024w, https:\/\/laszlo1713.lima-city.de\/wp-content\/uploads\/2021\/10\/IMG_1376-300x233.jpg 300w, https:\/\/laszlo1713.lima-city.de\/wp-content\/uploads\/2021\/10\/IMG_1376-768x596.jpg 768w, https:\/\/laszlo1713.lima-city.de\/wp-content\/uploads\/2021\/10\/IMG_1376.jpg 1125w\" sizes=\"auto, (max-width: 706px) 89vw, (max-width: 767px) 82vw, 740px\" \/><\/figure>\n\n\n\n<p><span class=\"has-inline-color has-vivid-green-cyan-color\"><strong>2013<\/strong>-ban ez a felirat volt olvashat\u00f3 a London Gatwick repl\u0151t\u00e9ren.  Ez\u00e9rt kell mindenk\u00e9ppen a 100%-os beoltotts\u00e1g, m\u00e9gpedig az eg\u00e9sz f\u00f6ld\u00f6n?<\/span> <span class=\"has-inline-color has-vivid-green-cyan-color\">Globalista \u00e1lom (r\u00e9m\u00e1lom).<\/span> <span class=\"has-inline-color has-vivid-green-cyan-color\">Semmi es\u00e9ly Schwab (\u00e9s b\u0171nt\u00e1rsai)!<\/span><\/p>\n\n\n\n<hr class=\"wp-block-separator\"\/>\n\n\n\n<p><span class=\"has-inline-color has-vivid-green-cyan-color\">Annyi lett id\u0151k\u00f6zben a fagylaltoz\u00f3, pizz\u00e1t (sajtot,  t\u00e9szt\u00e1t stb.) ev\u0151 (demonstr\u00e1l\u00f3) politikus (vagy egy\u00e9b k\u00f6zszerepl\u0151). Mi\u00e9rt? Lenne ennek valami \u00fczenete? Nos, ha \u00e1ttekintj\u00fck az \u00fajabb angolsz\u00e1sz tolvajnyelvet (<em>b\u00fcn\u00f6z\u0151k saj\u00e1tos sz\u00f3kincs\u0171 csoportnyelve<\/em>), \u00e9rdekes megfelel\u00e9sekre bukkanhatunk. \u00c9s ford\u00edtsuk le a tolvajnyelvi sz\u00f3jelent\u00e9st a m\u00e9diabeli, szimbolikus megjelen\u00e9s\u00e9re, t\u00f6bbet (l\u00e9nyegesebbet) megtudhatunk az adott szem\u00e9lyr\u0151l<\/span> <span class=\"has-inline-color has-vivid-green-cyan-color\">(b\u00fcn\u00f6z\u0151r\u0151l).<\/span><\/p>\n\n\n\n<figure class=\"wp-block-image size-large\"><img loading=\"lazy\" decoding=\"async\" width=\"1024\" height=\"1017\" src=\"https:\/\/laszlo1713.lima-city.de\/wp-content\/uploads\/2021\/10\/IMG_0194-1024x1017.jpg\" alt=\"\" class=\"wp-image-4166\" srcset=\"https:\/\/laszlo1713.lima-city.de\/wp-content\/uploads\/2021\/10\/IMG_0194-1024x1017.jpg 1024w, https:\/\/laszlo1713.lima-city.de\/wp-content\/uploads\/2021\/10\/IMG_0194-300x298.jpg 300w, https:\/\/laszlo1713.lima-city.de\/wp-content\/uploads\/2021\/10\/IMG_0194-150x150.jpg 150w, https:\/\/laszlo1713.lima-city.de\/wp-content\/uploads\/2021\/10\/IMG_0194-768x763.jpg 768w, https:\/\/laszlo1713.lima-city.de\/wp-content\/uploads\/2021\/10\/IMG_0194-100x100.jpg 100w, https:\/\/laszlo1713.lima-city.de\/wp-content\/uploads\/2021\/10\/IMG_0194.jpg 1280w\" sizes=\"auto, (max-width: 706px) 89vw, (max-width: 767px) 82vw, 740px\" \/><\/figure>\n\n\n\n<figure class=\"wp-block-image size-large\"><img loading=\"lazy\" decoding=\"async\" width=\"820\" height=\"1024\" src=\"https:\/\/laszlo1713.lima-city.de\/wp-content\/uploads\/2021\/10\/IMAGE-2021-10-17-220847-820x1024.jpg\" alt=\"\" class=\"wp-image-4167\" srcset=\"https:\/\/laszlo1713.lima-city.de\/wp-content\/uploads\/2021\/10\/IMAGE-2021-10-17-220847-820x1024.jpg 820w, https:\/\/laszlo1713.lima-city.de\/wp-content\/uploads\/2021\/10\/IMAGE-2021-10-17-220847-240x300.jpg 240w, https:\/\/laszlo1713.lima-city.de\/wp-content\/uploads\/2021\/10\/IMAGE-2021-10-17-220847-768x959.jpg 768w, https:\/\/laszlo1713.lima-city.de\/wp-content\/uploads\/2021\/10\/IMAGE-2021-10-17-220847.jpg 1025w\" sizes=\"auto, (max-width: 706px) 89vw, (max-width: 767px) 82vw, 740px\" \/><\/figure>\n\n\n\n<hr class=\"wp-block-separator\"\/>\n\n\n\n<figure class=\"wp-block-image size-large is-resized\"><img loading=\"lazy\" decoding=\"async\" src=\"https:\/\/laszlo1713.lima-city.de\/wp-content\/uploads\/2021\/10\/2021-10-18-08.34.30-1024x486.jpg\" alt=\"\" class=\"wp-image-4169\" width=\"674\" height=\"319\" srcset=\"https:\/\/laszlo1713.lima-city.de\/wp-content\/uploads\/2021\/10\/2021-10-18-08.34.30-1024x486.jpg 1024w, https:\/\/laszlo1713.lima-city.de\/wp-content\/uploads\/2021\/10\/2021-10-18-08.34.30-300x142.jpg 300w, https:\/\/laszlo1713.lima-city.de\/wp-content\/uploads\/2021\/10\/2021-10-18-08.34.30-768x364.jpg 768w, https:\/\/laszlo1713.lima-city.de\/wp-content\/uploads\/2021\/10\/2021-10-18-08.34.30-1536x728.jpg 1536w, https:\/\/laszlo1713.lima-city.de\/wp-content\/uploads\/2021\/10\/2021-10-18-08.34.30.jpg 1902w\" sizes=\"auto, (max-width: 674px) 100vw, 674px\" \/><\/figure>\n\n\n\n<p><span class=\"has-inline-color has-vivid-green-cyan-color\">Ima a gyermekek\u00e9rt &#8230;<\/span> <strong><em>&#8220;Hagyj\u00e1tok a kisgyermekeket, hadd j\u00f6jjenek hozz\u00e1m, \u00e9s ne akad\u00e1lyozz\u00e1tok \u0151ket, mert ilyenek\u00e9 az Isten orsz\u00e1ga. Bizony, mondom nektek: aki nem fogadja Isten orsz\u00e1g\u00e1t \u00fagy, mint a kisgyermek, nem megy be oda.&#8221; Azut\u00e1n karjaiba vette \u0151ket, r\u00e1juk tette a kez\u00e9t,  \u00e9s meg\u00e1ldotta \u0151ket<\/em><\/strong>. (Mk,10:14-16)<\/p>\n\n\n\n<hr class=\"wp-block-separator\"\/>\n\n\n\n<p><span class=\"has-inline-color has-vivid-green-cyan-color\">Napjaink szomor\u00fa t\u00f6rt\u00e9n\u00e9se a &#8220;hirtelen (\u00e9s mint ilyen: v\u00e1ratlan) hal\u00e1l&#8221;. K\u00f6zben \u00fagy tesz\u00fcnk, mintha nem tudn\u00e1nk eg\u00e9szen pontosan, hogy mir\u0151l is van sz\u00f3. Mintha nem tudn\u00e1nk, hogy a covid elleni \u00fan. vakcina hal\u00e1los lehet, m\u00e9gpedig nem sz\u00e1m\u00edtva r\u00e1 (v\u00e1ratlanul) nagy sz\u00e1zal\u00e9kban. Egyesek szerint a sz\u00e1zal\u00e9kos ar\u00e1ny m\u00e9g v\u00e1ltozni fog az id\u0151 sor\u00e1n a &#8220;hal\u00e1l&#8221; jav\u00e1ra. Im\u00e1dkozzunk azok\u00e9rt, akik nem tudj\u00e1k, hogy mit tesznek mindk\u00e9t oldalon: a tettesek\u00e9rt \u00e9s az \u00e1ldozatok\u00e9rt!<\/span><\/p>\n\n\n\n<figure class=\"wp-block-image size-large\"><img loading=\"lazy\" decoding=\"async\" width=\"1024\" height=\"946\" src=\"https:\/\/laszlo1713.lima-city.de\/wp-content\/uploads\/2021\/10\/IMG_1377-1024x946.jpg\" alt=\"\" class=\"wp-image-4173\" srcset=\"https:\/\/laszlo1713.lima-city.de\/wp-content\/uploads\/2021\/10\/IMG_1377-1024x946.jpg 1024w, https:\/\/laszlo1713.lima-city.de\/wp-content\/uploads\/2021\/10\/IMG_1377-300x277.jpg 300w, https:\/\/laszlo1713.lima-city.de\/wp-content\/uploads\/2021\/10\/IMG_1377-768x710.jpg 768w, https:\/\/laszlo1713.lima-city.de\/wp-content\/uploads\/2021\/10\/IMG_1377.jpg 1280w\" sizes=\"auto, (max-width: 706px) 89vw, (max-width: 767px) 82vw, 740px\" \/><\/figure>\n\n\n\n<figure class=\"wp-block-image size-large\"><img loading=\"lazy\" decoding=\"async\" width=\"1024\" height=\"1015\" src=\"https:\/\/laszlo1713.lima-city.de\/wp-content\/uploads\/2021\/10\/IMG_1378-1024x1015.jpg\" alt=\"\" class=\"wp-image-4174\" srcset=\"https:\/\/laszlo1713.lima-city.de\/wp-content\/uploads\/2021\/10\/IMG_1378-1024x1015.jpg 1024w, https:\/\/laszlo1713.lima-city.de\/wp-content\/uploads\/2021\/10\/IMG_1378-300x297.jpg 300w, https:\/\/laszlo1713.lima-city.de\/wp-content\/uploads\/2021\/10\/IMG_1378-150x150.jpg 150w, https:\/\/laszlo1713.lima-city.de\/wp-content\/uploads\/2021\/10\/IMG_1378-768x761.jpg 768w, https:\/\/laszlo1713.lima-city.de\/wp-content\/uploads\/2021\/10\/IMG_1378-100x100.jpg 100w, https:\/\/laszlo1713.lima-city.de\/wp-content\/uploads\/2021\/10\/IMG_1378.jpg 1280w\" sizes=\"auto, (max-width: 706px) 89vw, (max-width: 767px) 82vw, 740px\" \/><\/figure>\n\n\n\n<hr class=\"wp-block-separator\"\/>\n\n\n\n<figure class=\"wp-block-image size-large\"><img loading=\"lazy\" decoding=\"async\" width=\"1024\" height=\"836\" src=\"https:\/\/laszlo1713.lima-city.de\/wp-content\/uploads\/2021\/10\/Screenshot-2021-10-18-at-17.52.10-1024x836.jpg\" alt=\"\" class=\"wp-image-4177\" srcset=\"https:\/\/laszlo1713.lima-city.de\/wp-content\/uploads\/2021\/10\/Screenshot-2021-10-18-at-17.52.10-1024x836.jpg 1024w, https:\/\/laszlo1713.lima-city.de\/wp-content\/uploads\/2021\/10\/Screenshot-2021-10-18-at-17.52.10-300x245.jpg 300w, https:\/\/laszlo1713.lima-city.de\/wp-content\/uploads\/2021\/10\/Screenshot-2021-10-18-at-17.52.10-768x627.jpg 768w, https:\/\/laszlo1713.lima-city.de\/wp-content\/uploads\/2021\/10\/Screenshot-2021-10-18-at-17.52.10.jpg 1468w\" sizes=\"auto, (max-width: 706px) 89vw, (max-width: 767px) 82vw, 740px\" \/><figcaption>At Bill Gates\u2019 military tribunal, Vice Adm. John G. Hannink touched on the notion that Gates and the pharmaceutical manufactures had devised a method to insert a human tracking chip into Covid-19 vaccinations. The attached PDF is an important read, dealing with the Pfizer clot shot. Please read or download. It\u2019s a long pdf, but worth the time to read.<\/figcaption><\/figure>\n\n\n\n<div class=\"wp-block-file\"><a href=\"https:\/\/laszlo1713.lima-city.de\/wp-content\/uploads\/2021\/10\/US-Patent.pdf\">US-Patent<\/a><a href=\"https:\/\/laszlo1713.lima-city.de\/wp-content\/uploads\/2021\/10\/US-Patent.pdf\" class=\"wp-block-file__button\" download>Download<\/a><\/div>\n\n\n\n<hr class=\"wp-block-separator\"\/>\n\n\n\n<figure class=\"wp-block-image size-large\"><img loading=\"lazy\" decoding=\"async\" width=\"694\" height=\"652\" src=\"https:\/\/laszlo1713.lima-city.de\/wp-content\/uploads\/2021\/10\/Screenshot-2021-10-18-at-14.44.43.jpg\" alt=\"\" class=\"wp-image-4181\" srcset=\"https:\/\/laszlo1713.lima-city.de\/wp-content\/uploads\/2021\/10\/Screenshot-2021-10-18-at-14.44.43.jpg 694w, https:\/\/laszlo1713.lima-city.de\/wp-content\/uploads\/2021\/10\/Screenshot-2021-10-18-at-14.44.43-300x282.jpg 300w\" sizes=\"auto, (max-width: 694px) 100vw, 694px\" \/><\/figure>\n\n\n\n<hr class=\"wp-block-separator\"\/>\n\n\n\n<figure class=\"wp-block-image size-large\"><img loading=\"lazy\" decoding=\"async\" width=\"1024\" height=\"668\" src=\"https:\/\/laszlo1713.lima-city.de\/wp-content\/uploads\/2021\/10\/buzi-Spahn-1024x668.jpg\" alt=\"\" class=\"wp-image-4183\" srcset=\"https:\/\/laszlo1713.lima-city.de\/wp-content\/uploads\/2021\/10\/buzi-Spahn-1024x668.jpg 1024w, https:\/\/laszlo1713.lima-city.de\/wp-content\/uploads\/2021\/10\/buzi-Spahn-300x196.jpg 300w, https:\/\/laszlo1713.lima-city.de\/wp-content\/uploads\/2021\/10\/buzi-Spahn-768x501.jpg 768w, https:\/\/laszlo1713.lima-city.de\/wp-content\/uploads\/2021\/10\/buzi-Spahn.jpg 1090w\" sizes=\"auto, (max-width: 706px) 89vw, (max-width: 767px) 82vw, 740px\" \/><figcaption><span class=\"has-inline-color has-vivid-green-cyan-color\">Spahn, a n\u00e9met eg\u00e9szs\u00e9g\u00fcgyi miniszter a &#8220;feles\u00e9g\u00e9vel&#8221;. Mi lenne itt a &#8220;tudom\u00e1nyosan&#8221; korrekt meghat\u00e1roz\u00e1s? Nem minden miniszter buzi, de minden miniszter ember?<\/span><\/figcaption><\/figure>\n\n\n\n<hr class=\"wp-block-separator\"\/>\n\n\n\n<figure class=\"wp-block-image size-large\"><img loading=\"lazy\" decoding=\"async\" width=\"1024\" height=\"560\" src=\"https:\/\/laszlo1713.lima-city.de\/wp-content\/uploads\/2021\/10\/Screenshot-2021-10-19-at-11.45.55-1024x560.jpg\" alt=\"\" class=\"wp-image-4186\" srcset=\"https:\/\/laszlo1713.lima-city.de\/wp-content\/uploads\/2021\/10\/Screenshot-2021-10-19-at-11.45.55-1024x560.jpg 1024w, https:\/\/laszlo1713.lima-city.de\/wp-content\/uploads\/2021\/10\/Screenshot-2021-10-19-at-11.45.55-300x164.jpg 300w, https:\/\/laszlo1713.lima-city.de\/wp-content\/uploads\/2021\/10\/Screenshot-2021-10-19-at-11.45.55-768x420.jpg 768w, https:\/\/laszlo1713.lima-city.de\/wp-content\/uploads\/2021\/10\/Screenshot-2021-10-19-at-11.45.55-1536x840.jpg 1536w, https:\/\/laszlo1713.lima-city.de\/wp-content\/uploads\/2021\/10\/Screenshot-2021-10-19-at-11.45.55.jpg 1930w\" sizes=\"auto, (max-width: 706px) 89vw, (max-width: 767px) 82vw, 740px\" \/><figcaption><span class=\"has-inline-color has-vivid-green-cyan-color\">A &#8220;szellemi&#8221; k\u00f6rnyezetszennyez\u00e9s glob\u00e1lis m\u00e9ret\u0171. &#8220;Szem\u00e9t&#8221; minden\u00fctt.<\/span><\/figcaption><\/figure>\n\n\n\n<figure class=\"wp-block-image size-large\"><img loading=\"lazy\" decoding=\"async\" width=\"1024\" height=\"379\" src=\"https:\/\/laszlo1713.lima-city.de\/wp-content\/uploads\/2021\/10\/IMAGE-2021-10-19-114428-1024x379.jpg\" alt=\"\" class=\"wp-image-4188\" srcset=\"https:\/\/laszlo1713.lima-city.de\/wp-content\/uploads\/2021\/10\/IMAGE-2021-10-19-114428-1024x379.jpg 1024w, https:\/\/laszlo1713.lima-city.de\/wp-content\/uploads\/2021\/10\/IMAGE-2021-10-19-114428-300x111.jpg 300w, https:\/\/laszlo1713.lima-city.de\/wp-content\/uploads\/2021\/10\/IMAGE-2021-10-19-114428-768x284.jpg 768w, https:\/\/laszlo1713.lima-city.de\/wp-content\/uploads\/2021\/10\/IMAGE-2021-10-19-114428.jpg 1280w\" sizes=\"auto, (max-width: 706px) 89vw, (max-width: 767px) 82vw, 740px\" \/><figcaption><span class=\"has-inline-color has-vivid-green-cyan-color\">K\u00f6zben &#8220;zajlik&#8221; az evol\u00faci\u00f3.<\/span><\/figcaption><\/figure>\n\n\n\n<hr class=\"wp-block-separator\"\/>\n\n\n\n<figure class=\"wp-block-image size-large\"><img loading=\"lazy\" decoding=\"async\" width=\"1024\" height=\"768\" src=\"https:\/\/laszlo1713.lima-city.de\/wp-content\/uploads\/2021\/10\/2021-10-19-11.52.36.jpg\" alt=\"\" class=\"wp-image-4190\" srcset=\"https:\/\/laszlo1713.lima-city.de\/wp-content\/uploads\/2021\/10\/2021-10-19-11.52.36.jpg 1024w, https:\/\/laszlo1713.lima-city.de\/wp-content\/uploads\/2021\/10\/2021-10-19-11.52.36-300x225.jpg 300w, https:\/\/laszlo1713.lima-city.de\/wp-content\/uploads\/2021\/10\/2021-10-19-11.52.36-768x576.jpg 768w\" sizes=\"auto, (max-width: 706px) 89vw, (max-width: 767px) 82vw, 740px\" \/><\/figure>\n\n\n\n<p><span class=\"has-inline-color has-vivid-green-cyan-color\"><strong>6.66<\/strong> billi\u00f3: a sz\u00e1mok eg\u00e9szen &#8220;leny\u00fcg\u00f6z\u0151ek&#8221;.<\/span> <span class=\"has-inline-color has-vivid-green-cyan-color\">Mindent a szimb\u00f3lumaitok ir\u00e1ny\u00e1ba kell hajl\u00edtani (hamis\u00edtani), ami azt\u00e1n el is \u00e1rul benneteket? Szerencs\u00e9tlen (\u00f6rd\u00f6gi) idi\u00f3t\u00e1k!<\/span><\/p>\n\n\n\n<hr class=\"wp-block-separator\"\/>\n\n\n\n<figure class=\"wp-block-image size-large\"><img loading=\"lazy\" decoding=\"async\" width=\"822\" height=\"1024\" src=\"https:\/\/laszlo1713.lima-city.de\/wp-content\/uploads\/2021\/10\/IMAGE-2021-10-19-134254-822x1024.jpg\" alt=\"\" class=\"wp-image-4194\" srcset=\"https:\/\/laszlo1713.lima-city.de\/wp-content\/uploads\/2021\/10\/IMAGE-2021-10-19-134254-822x1024.jpg 822w, https:\/\/laszlo1713.lima-city.de\/wp-content\/uploads\/2021\/10\/IMAGE-2021-10-19-134254-241x300.jpg 241w, https:\/\/laszlo1713.lima-city.de\/wp-content\/uploads\/2021\/10\/IMAGE-2021-10-19-134254-768x957.jpg 768w, https:\/\/laszlo1713.lima-city.de\/wp-content\/uploads\/2021\/10\/IMAGE-2021-10-19-134254.jpg 1027w\" sizes=\"auto, (max-width: 706px) 89vw, (max-width: 767px) 82vw, 740px\" \/><figcaption><span class=\"has-inline-color has-vivid-green-cyan-color\">Ez m\u00e1r val\u00f3ban &#8220;inteligensebb&#8221; megold\u00e1s. Azt gondolj\u00e1k, hogy mindenki olyan h\u00fclye, hogy \u00edgy nem l\u00e1tja? <\/span><\/figcaption><\/figure>\n\n\n\n<hr class=\"wp-block-separator\"\/>\n\n\n\n<figure class=\"wp-block-image size-large\"><img loading=\"lazy\" decoding=\"async\" width=\"1024\" height=\"658\" src=\"https:\/\/laszlo1713.lima-city.de\/wp-content\/uploads\/2021\/10\/Screenshot-2021-10-19-at-20.25.17-1024x658.jpg\" alt=\"\" class=\"wp-image-4199\" srcset=\"https:\/\/laszlo1713.lima-city.de\/wp-content\/uploads\/2021\/10\/Screenshot-2021-10-19-at-20.25.17-1024x658.jpg 1024w, https:\/\/laszlo1713.lima-city.de\/wp-content\/uploads\/2021\/10\/Screenshot-2021-10-19-at-20.25.17-300x193.jpg 300w, https:\/\/laszlo1713.lima-city.de\/wp-content\/uploads\/2021\/10\/Screenshot-2021-10-19-at-20.25.17-768x494.jpg 768w, https:\/\/laszlo1713.lima-city.de\/wp-content\/uploads\/2021\/10\/Screenshot-2021-10-19-at-20.25.17.jpg 1434w\" sizes=\"auto, (max-width: 706px) 89vw, (max-width: 767px) 82vw, 740px\" \/><\/figure>\n\n\n\n<figure class=\"wp-block-image size-large\"><img loading=\"lazy\" decoding=\"async\" width=\"1024\" height=\"304\" src=\"https:\/\/laszlo1713.lima-city.de\/wp-content\/uploads\/2021\/10\/Screenshot-2021-10-19-at-20.25.29-1024x304.jpg\" alt=\"\" class=\"wp-image-4200\" srcset=\"https:\/\/laszlo1713.lima-city.de\/wp-content\/uploads\/2021\/10\/Screenshot-2021-10-19-at-20.25.29-1024x304.jpg 1024w, https:\/\/laszlo1713.lima-city.de\/wp-content\/uploads\/2021\/10\/Screenshot-2021-10-19-at-20.25.29-300x89.jpg 300w, https:\/\/laszlo1713.lima-city.de\/wp-content\/uploads\/2021\/10\/Screenshot-2021-10-19-at-20.25.29-768x228.jpg 768w, https:\/\/laszlo1713.lima-city.de\/wp-content\/uploads\/2021\/10\/Screenshot-2021-10-19-at-20.25.29-1536x457.jpg 1536w, https:\/\/laszlo1713.lima-city.de\/wp-content\/uploads\/2021\/10\/Screenshot-2021-10-19-at-20.25.29-2048x609.jpg 2048w\" sizes=\"auto, (max-width: 706px) 89vw, (max-width: 767px) 82vw, 740px\" \/><\/figure>\n\n\n\n<p><span class=\"has-inline-color has-vivid-green-cyan-color\">\u00c9s ugyanez a szimb\u00f3lum (Lucifer) a jelenlegi amerikai t\u00f6rv\u00e9nyhoz\u00e1s szintj\u00e9n. <\/span> <span class=\"has-inline-color has-vivid-green-cyan-color\">Nem meglep\u0151, nem v\u00e9letlen, az \u00fan. &#8220;h\u00e1tt\u00e9rhatalom&#8221; ugyanis mindent beh\u00e1l\u00f3z.<\/span> <span class=\"has-inline-color has-vivid-green-cyan-color\">Ez az igazi harc, ennek a s\u00e1t\u00e1ni  uralomnak (a lelkek felett)  a visszaszor\u00edt\u00e1sa, megsz\u00fcntet\u00e9se.<\/span><\/p>\n\n\n\n<hr class=\"wp-block-separator\"\/>\n\n\n\n<figure class=\"wp-block-image size-large\"><img loading=\"lazy\" decoding=\"async\" width=\"980\" height=\"980\" src=\"https:\/\/laszlo1713.lima-city.de\/wp-content\/uploads\/2021\/10\/iu.png\" alt=\"\" class=\"wp-image-4203\" srcset=\"https:\/\/laszlo1713.lima-city.de\/wp-content\/uploads\/2021\/10\/iu.png 980w, https:\/\/laszlo1713.lima-city.de\/wp-content\/uploads\/2021\/10\/iu-300x300.png 300w, https:\/\/laszlo1713.lima-city.de\/wp-content\/uploads\/2021\/10\/iu-150x150.png 150w, https:\/\/laszlo1713.lima-city.de\/wp-content\/uploads\/2021\/10\/iu-768x768.png 768w, https:\/\/laszlo1713.lima-city.de\/wp-content\/uploads\/2021\/10\/iu-100x100.png 100w\" sizes=\"auto, (max-width: 706px) 89vw, (max-width: 767px) 82vw, 740px\" \/><\/figure>\n\n\n\n<p><em><span class=\"has-inline-color has-vivid-green-cyan-color\">Mi ez? Google (Chrome) embl\u00e9ma lesov\u00e1ny\u00edtva, l\u00e9nyeg\u00e9re bontva. Felteszem, a legt\u00f6bben ezt a keres\u0151t (google) haszn\u00e1lj\u00e1k az interneten. \u00c9s eg\u00e9szen biztosan azt kapj\u00e1k, amit ennek a c\u00e9gnek a &#8220;szellemis\u00e9ge&#8221; k\u00e9pvisel. Nem kell sok tal\u00e1l\u00e9konys\u00e1g, hogy itt is felismerj\u00fck a s\u00e1t\u00e1n sz\u00e1m\u00e1t. Jelenleg minden ennek a jegy\u00e9ben (hazugs\u00e1g, ferd\u00edt\u00e9s, vissz\u00e1j\u00e1ra ford\u00edt\u00e1s, f\u00e9lrevezet\u00e9s stb.) t\u00f6rt\u00e9nik &#8220;hivatalosan&#8221;.<\/span><\/em><\/p>\n\n\n\n<hr class=\"wp-block-separator\"\/>\n\n\n\n<div class=\"wp-block-image\"><figure class=\"aligncenter size-large\"><img loading=\"lazy\" decoding=\"async\" width=\"480\" height=\"313\" src=\"https:\/\/laszlo1713.lima-city.de\/wp-content\/uploads\/2021\/10\/IMAGE-2021-10-19-173600.jpg\" alt=\"\" class=\"wp-image-4206\" srcset=\"https:\/\/laszlo1713.lima-city.de\/wp-content\/uploads\/2021\/10\/IMAGE-2021-10-19-173600.jpg 480w, https:\/\/laszlo1713.lima-city.de\/wp-content\/uploads\/2021\/10\/IMAGE-2021-10-19-173600-300x196.jpg 300w\" sizes=\"auto, (max-width: 480px) 100vw, 480px\" \/><\/figure><\/div>\n\n\n\n<p><span class=\"has-inline-color has-vivid-green-cyan-color\">N\u00e9zd! Azok a marh\u00e1k! Meg ezek a marh\u00e1k! \u00d6r\u00f6k\u00f6s marh\u00e1k.<\/span><\/p>\n\n\n\n<hr class=\"wp-block-separator\"\/>\n\n\n\n<figure class=\"wp-block-image size-large\"><img loading=\"lazy\" decoding=\"async\" width=\"1024\" height=\"834\" src=\"https:\/\/laszlo1713.lima-city.de\/wp-content\/uploads\/2021\/10\/Screenshot-2021-10-23-at-09.44.21-1024x834.jpg\" alt=\"\" class=\"wp-image-4209\" srcset=\"https:\/\/laszlo1713.lima-city.de\/wp-content\/uploads\/2021\/10\/Screenshot-2021-10-23-at-09.44.21-1024x834.jpg 1024w, https:\/\/laszlo1713.lima-city.de\/wp-content\/uploads\/2021\/10\/Screenshot-2021-10-23-at-09.44.21-300x244.jpg 300w, https:\/\/laszlo1713.lima-city.de\/wp-content\/uploads\/2021\/10\/Screenshot-2021-10-23-at-09.44.21-768x626.jpg 768w, https:\/\/laszlo1713.lima-city.de\/wp-content\/uploads\/2021\/10\/Screenshot-2021-10-23-at-09.44.21.jpg 1348w\" sizes=\"auto, (max-width: 706px) 89vw, (max-width: 767px) 82vw, 740px\" \/><figcaption>Delta Force operators on Monday raided an Adrenochrome storage facility in California and seized 600 liters of a substance that Deep State despots believe extends life, prevents illness, and enhances the libido, said a high-ranking official in the Office of Military Commissions under condition of anonymity.<\/figcaption><\/figure>\n\n\n\n<hr class=\"wp-block-separator\"\/>\n\n\n\n<figure class=\"wp-block-image size-large\"><img loading=\"lazy\" decoding=\"async\" width=\"686\" height=\"643\" src=\"https:\/\/laszlo1713.lima-city.de\/wp-content\/uploads\/2021\/10\/IMG_1399.jpg\" alt=\"\" class=\"wp-image-4212\" srcset=\"https:\/\/laszlo1713.lima-city.de\/wp-content\/uploads\/2021\/10\/IMG_1399.jpg 686w, https:\/\/laszlo1713.lima-city.de\/wp-content\/uploads\/2021\/10\/IMG_1399-300x281.jpg 300w\" sizes=\"auto, (max-width: 686px) 100vw, 686px\" \/><\/figure>\n\n\n\n<p><span class=\"has-inline-color has-vivid-green-cyan-color\">A befoly\u00e1solhat\u00f3s\u00e1g diszkr\u00e9t b\u00e1ja.<\/span><\/p>\n\n\n\n<hr class=\"wp-block-separator\"\/>\n\n\n\n<figure class=\"wp-block-image size-large\"><img loading=\"lazy\" decoding=\"async\" width=\"1024\" height=\"1024\" src=\"https:\/\/laszlo1713.lima-city.de\/wp-content\/uploads\/2021\/10\/IMAGE-2021-10-26-171313-1024x1024.jpg\" alt=\"\" class=\"wp-image-4217\" srcset=\"https:\/\/laszlo1713.lima-city.de\/wp-content\/uploads\/2021\/10\/IMAGE-2021-10-26-171313-1024x1024.jpg 1024w, https:\/\/laszlo1713.lima-city.de\/wp-content\/uploads\/2021\/10\/IMAGE-2021-10-26-171313-300x300.jpg 300w, https:\/\/laszlo1713.lima-city.de\/wp-content\/uploads\/2021\/10\/IMAGE-2021-10-26-171313-150x150.jpg 150w, https:\/\/laszlo1713.lima-city.de\/wp-content\/uploads\/2021\/10\/IMAGE-2021-10-26-171313-768x768.jpg 768w, https:\/\/laszlo1713.lima-city.de\/wp-content\/uploads\/2021\/10\/IMAGE-2021-10-26-171313-100x100.jpg 100w, https:\/\/laszlo1713.lima-city.de\/wp-content\/uploads\/2021\/10\/IMAGE-2021-10-26-171313.jpg 1280w\" sizes=\"auto, (max-width: 706px) 89vw, (max-width: 767px) 82vw, 740px\" \/><figcaption><span class=\"has-inline-color has-vivid-green-cyan-color\">A n\u00e9met paprikajancsi. Nemcsak a sz\u00e1ja nagy, a l\u00f3ereje is.<\/span><\/figcaption><\/figure>\n\n\n\n<p>So wie es aussieht, wird unser<strong> k\u00fcnftiger Kanzler Olaf Scholz<\/strong> mit einem gepanzerten Mercedes S680 Guard durch die Gegend gefahren werden. Das flotte Mobil hat 680 PS, wiegt 4,2 Tonnen und hat 12 Zylinder.&nbsp;<\/p>\n\n\n\n<p>Kosten: rund 550 000 Euro. Aber das ist er uns doch wert.<\/p>\n\n\n\n<p>An die CO2-Bilanz des Klima-Kanzlers wollen wir erst gar nicht denken. Denn w\u00e4hrend wir aufs Lastenfahrrad umsteigen sollen, kann sich Scholz im S680 \u00fcber die &#8220;Luxus-, Infotainment- und Wellnessbehaglichkeit&#8221; freuen.<\/p>\n\n\n\n<hr class=\"wp-block-separator\"\/>\n\n\n\n<div class=\"wp-block-image\"><figure class=\"aligncenter size-large\"><img loading=\"lazy\" decoding=\"async\" width=\"400\" height=\"300\" src=\"https:\/\/laszlo1713.lima-city.de\/wp-content\/uploads\/2021\/10\/IMAGE-2021-10-26-172115.jpg\" alt=\"\" class=\"wp-image-4220\" srcset=\"https:\/\/laszlo1713.lima-city.de\/wp-content\/uploads\/2021\/10\/IMAGE-2021-10-26-172115.jpg 400w, https:\/\/laszlo1713.lima-city.de\/wp-content\/uploads\/2021\/10\/IMAGE-2021-10-26-172115-300x225.jpg 300w\" sizes=\"auto, (max-width: 400px) 100vw, 400px\" \/><figcaption>American gold coin with swastika for good luck. End of depression 1932.<br><br><br>After a couple of years the parasites turned this ancient vedic symbol which has been widely used on Earth for eons, to the arguably most hated one on Earth.<br><\/figcaption><\/figure><\/div>\n\n\n\n<hr class=\"wp-block-separator\"\/>\n\n\n\n<figure class=\"wp-block-image size-large\"><img loading=\"lazy\" decoding=\"async\" width=\"750\" height=\"750\" src=\"https:\/\/laszlo1713.lima-city.de\/wp-content\/uploads\/2021\/10\/IMAGE-2021-10-27-110715-1.jpg\" alt=\"\" class=\"wp-image-4226\" srcset=\"https:\/\/laszlo1713.lima-city.de\/wp-content\/uploads\/2021\/10\/IMAGE-2021-10-27-110715-1.jpg 750w, https:\/\/laszlo1713.lima-city.de\/wp-content\/uploads\/2021\/10\/IMAGE-2021-10-27-110715-1-300x300.jpg 300w, https:\/\/laszlo1713.lima-city.de\/wp-content\/uploads\/2021\/10\/IMAGE-2021-10-27-110715-1-150x150.jpg 150w, https:\/\/laszlo1713.lima-city.de\/wp-content\/uploads\/2021\/10\/IMAGE-2021-10-27-110715-1-100x100.jpg 100w\" sizes=\"auto, (max-width: 706px) 89vw, (max-width: 767px) 82vw, 740px\" \/><figcaption><span class=\"has-inline-color has-vivid-green-cyan-color\">Egy \u00fajabb szabadk\u0151m\u0171ves (illumin\u00e1tus) szimb\u00f3lum. Milyen sz\u00e9pen elterjedt a F\u00f6ld\u00f6n! Ezek mind (t\u00f6bbek k\u00f6z\u00f6tt) a s\u00e1t\u00e1n szolg\u00e1i, csak nem igen tudjuk (l\u00e1tjuk).<\/span><\/figcaption><\/figure>\n\n\n\n<figure class=\"wp-block-image size-large\"><img loading=\"lazy\" decoding=\"async\" width=\"750\" height=\"742\" src=\"https:\/\/laszlo1713.lima-city.de\/wp-content\/uploads\/2021\/10\/IMAGE-2021-10-27-110717.jpg\" alt=\"\" class=\"wp-image-4227\" srcset=\"https:\/\/laszlo1713.lima-city.de\/wp-content\/uploads\/2021\/10\/IMAGE-2021-10-27-110717.jpg 750w, https:\/\/laszlo1713.lima-city.de\/wp-content\/uploads\/2021\/10\/IMAGE-2021-10-27-110717-300x297.jpg 300w, https:\/\/laszlo1713.lima-city.de\/wp-content\/uploads\/2021\/10\/IMAGE-2021-10-27-110717-100x100.jpg 100w\" sizes=\"auto, (max-width: 706px) 89vw, (max-width: 767px) 82vw, 740px\" \/><\/figure>\n\n\n\n<figure class=\"wp-block-image size-large\"><img loading=\"lazy\" decoding=\"async\" width=\"750\" height=\"750\" src=\"https:\/\/laszlo1713.lima-city.de\/wp-content\/uploads\/2021\/10\/IMAGE-2021-10-27-110720.jpg\" alt=\"\" class=\"wp-image-4228\" srcset=\"https:\/\/laszlo1713.lima-city.de\/wp-content\/uploads\/2021\/10\/IMAGE-2021-10-27-110720.jpg 750w, https:\/\/laszlo1713.lima-city.de\/wp-content\/uploads\/2021\/10\/IMAGE-2021-10-27-110720-300x300.jpg 300w, https:\/\/laszlo1713.lima-city.de\/wp-content\/uploads\/2021\/10\/IMAGE-2021-10-27-110720-150x150.jpg 150w, https:\/\/laszlo1713.lima-city.de\/wp-content\/uploads\/2021\/10\/IMAGE-2021-10-27-110720-100x100.jpg 100w\" sizes=\"auto, (max-width: 706px) 89vw, (max-width: 767px) 82vw, 740px\" \/><\/figure>\n\n\n\n<figure class=\"wp-block-image size-large\"><img loading=\"lazy\" decoding=\"async\" width=\"750\" height=\"750\" src=\"https:\/\/laszlo1713.lima-city.de\/wp-content\/uploads\/2021\/10\/IMAGE-2021-10-27-110722.jpg\" alt=\"\" class=\"wp-image-4229\" srcset=\"https:\/\/laszlo1713.lima-city.de\/wp-content\/uploads\/2021\/10\/IMAGE-2021-10-27-110722.jpg 750w, https:\/\/laszlo1713.lima-city.de\/wp-content\/uploads\/2021\/10\/IMAGE-2021-10-27-110722-300x300.jpg 300w, https:\/\/laszlo1713.lima-city.de\/wp-content\/uploads\/2021\/10\/IMAGE-2021-10-27-110722-150x150.jpg 150w, https:\/\/laszlo1713.lima-city.de\/wp-content\/uploads\/2021\/10\/IMAGE-2021-10-27-110722-100x100.jpg 100w\" sizes=\"auto, (max-width: 706px) 89vw, (max-width: 767px) 82vw, 740px\" \/><\/figure>\n\n\n\n<figure class=\"wp-block-image size-large\"><img loading=\"lazy\" decoding=\"async\" width=\"750\" height=\"750\" src=\"https:\/\/laszlo1713.lima-city.de\/wp-content\/uploads\/2021\/10\/IMAGE-2021-10-27-110729.jpg\" alt=\"\" class=\"wp-image-4230\" srcset=\"https:\/\/laszlo1713.lima-city.de\/wp-content\/uploads\/2021\/10\/IMAGE-2021-10-27-110729.jpg 750w, https:\/\/laszlo1713.lima-city.de\/wp-content\/uploads\/2021\/10\/IMAGE-2021-10-27-110729-300x300.jpg 300w, https:\/\/laszlo1713.lima-city.de\/wp-content\/uploads\/2021\/10\/IMAGE-2021-10-27-110729-150x150.jpg 150w, https:\/\/laszlo1713.lima-city.de\/wp-content\/uploads\/2021\/10\/IMAGE-2021-10-27-110729-100x100.jpg 100w\" sizes=\"auto, (max-width: 706px) 89vw, (max-width: 767px) 82vw, 740px\" \/><\/figure>\n\n\n\n<figure class=\"wp-block-image size-large\"><img loading=\"lazy\" decoding=\"async\" width=\"750\" height=\"750\" src=\"https:\/\/laszlo1713.lima-city.de\/wp-content\/uploads\/2021\/10\/IMAGE-2021-10-27-110731.jpg\" alt=\"\" class=\"wp-image-4231\" srcset=\"https:\/\/laszlo1713.lima-city.de\/wp-content\/uploads\/2021\/10\/IMAGE-2021-10-27-110731.jpg 750w, https:\/\/laszlo1713.lima-city.de\/wp-content\/uploads\/2021\/10\/IMAGE-2021-10-27-110731-300x300.jpg 300w, https:\/\/laszlo1713.lima-city.de\/wp-content\/uploads\/2021\/10\/IMAGE-2021-10-27-110731-150x150.jpg 150w, https:\/\/laszlo1713.lima-city.de\/wp-content\/uploads\/2021\/10\/IMAGE-2021-10-27-110731-100x100.jpg 100w\" sizes=\"auto, (max-width: 706px) 89vw, (max-width: 767px) 82vw, 740px\" \/><\/figure>\n\n\n\n<hr class=\"wp-block-separator\"\/>\n\n\n\n<figure class=\"wp-block-image size-large\"><img loading=\"lazy\" decoding=\"async\" width=\"1024\" height=\"805\" src=\"https:\/\/laszlo1713.lima-city.de\/wp-content\/uploads\/2021\/10\/Screenshot-2021-10-27-at-11.50.37-1024x805.jpg\" alt=\"\" class=\"wp-image-4234\" srcset=\"https:\/\/laszlo1713.lima-city.de\/wp-content\/uploads\/2021\/10\/Screenshot-2021-10-27-at-11.50.37-1024x805.jpg 1024w, https:\/\/laszlo1713.lima-city.de\/wp-content\/uploads\/2021\/10\/Screenshot-2021-10-27-at-11.50.37-300x236.jpg 300w, https:\/\/laszlo1713.lima-city.de\/wp-content\/uploads\/2021\/10\/Screenshot-2021-10-27-at-11.50.37-768x604.jpg 768w, https:\/\/laszlo1713.lima-city.de\/wp-content\/uploads\/2021\/10\/Screenshot-2021-10-27-at-11.50.37.jpg 1348w\" sizes=\"auto, (max-width: 706px) 89vw, (max-width: 767px) 82vw, 740px\" \/><figcaption>Last week, Hollywood and the MSM lamented the death of actor Peter Scolari, who in the early 1980s starred alongside Tom Hanks in the transgender sitcom Bosom Buddies, in which the two dressed in drag to secure cheap housing at an all-female brownstone residence.<br>Within hours of Scolari\u2019s death, MSM quickly attributed his demise to a protracted battle with cancer, but those tales are a gross obfuscation of the truth. Sources inside the U.S. Navy Judge Advocate General\u2019s Corps and the Office of Military Commissions told Real Raw News that Scolari, a lifelong friend and alleged lover of Hanks, was executed on October 20 following a brief inquisition at the U.S. Military\u2019s covert base in Diego Garcia. (&#8230;)\u201cScolari wasn\u2019t even on our radar until we linked him to Hanks, and even then, we had no real reason to detain him. But our investigation into Hanks didn\u2019t stop with his death, and a few weeks after it we found more of his computers and devices. The obscene pics and vids on those machines told us we were right to execute the bastard. And they equally incriminated Scolari,\u201d our source said. One video, our source said, depicted a collaborative criminal venture. Garbed in drag, Hanks in a red evening gown and heels, and Scolari sporting a floral ensemble, the sadistic duo stood above a young child who was strapped face-down to a metal gurney. Pretending to be acupuncturists, they jabbed sharp metal tines into the child\u2019s back as the kid cried out at the top of his lungs for his mother. The holes on the child\u2019s back looked like pours on a sponge. The louder the kid screamed, the deeper they pushed the steel quills into his back. They stuck the kid for 30 minutes, after which his back looked like a slice of Swiss cheese. Then Scolari smothered the child\u2019s face with a pillow and apparently snuffed the life out of him. But even that act of cruelty did not satisfy the devious duo\u2019s barbarous cravings. For a coup de grace, Hanks held a silenced pistol to the kid\u2019s head, shouting, \u201cLife ain\u2019t like a box of chocolates, it\u2019s like a bag of shit,\u201d as he squeezed the trigger and blew out the kid\u2019s brains. A red-pink mist filled the lens\u2019 field-of-view. (&#8230;) \u201cWe saw these sick, sick vids long after Hanks\u2019 execution. As soon as we did, we opened an investigation into Scolari. We figured he was just a tag-a-long, not a real Deep State player, and so we first used an intermediary to get this info to California AG Rob Bonta and Merrick Garland. JAG wasn\u2019t going to waste resources on an iffy player if government authorities wanted him. But nope, Bonta and Garland had zero interest in prosecuting Scolari, so the military leapt into action.\u201d On October 15, 2021, U.S. Marines apprehended Scolari at his California townhouse, seizing 2 laptops and several cellphones during the raid. The newly found devices, our source said, held over 600,000 images of child pornography.<br>\u201cJAG believes many of these images are of children who were reported missing, and many are presumed dead,\u201d our source said.<br>The next day, the Military charged Scolari with murder, child sex crimes, and 600,000 counts of possession of child pornography. Unlike other Deep State assets who had to wait weeks or months for their trials and executions, Scolari had to wait only three days.<br>He was found guilty after a two-hour long tribunal and hanged the next morning.<br><br><\/figcaption><\/figure>\n\n\n\n<hr class=\"wp-block-separator\"\/>\n\n\n\n<figure class=\"wp-block-image size-large\"><img loading=\"lazy\" decoding=\"async\" width=\"1024\" height=\"207\" src=\"https:\/\/laszlo1713.lima-city.de\/wp-content\/uploads\/2021\/10\/Screenshot-2021-10-29-at-08.50.48-1024x207.jpg\" alt=\"\" class=\"wp-image-4237\" srcset=\"https:\/\/laszlo1713.lima-city.de\/wp-content\/uploads\/2021\/10\/Screenshot-2021-10-29-at-08.50.48-1024x207.jpg 1024w, https:\/\/laszlo1713.lima-city.de\/wp-content\/uploads\/2021\/10\/Screenshot-2021-10-29-at-08.50.48-300x61.jpg 300w, https:\/\/laszlo1713.lima-city.de\/wp-content\/uploads\/2021\/10\/Screenshot-2021-10-29-at-08.50.48-768x155.jpg 768w, https:\/\/laszlo1713.lima-city.de\/wp-content\/uploads\/2021\/10\/Screenshot-2021-10-29-at-08.50.48.jpg 1098w\" sizes=\"auto, (max-width: 706px) 89vw, (max-width: 767px) 82vw, 740px\" \/><\/figure>\n\n\n\n<hr class=\"wp-block-separator\"\/>\n\n\n\n<figure class=\"wp-block-image size-large\"><img loading=\"lazy\" decoding=\"async\" width=\"720\" height=\"405\" src=\"https:\/\/laszlo1713.lima-city.de\/wp-content\/uploads\/2021\/10\/652f9276ebee1475ec5edaccf5b635d6_L.jpg\" alt=\"\" class=\"wp-image-4238\" srcset=\"https:\/\/laszlo1713.lima-city.de\/wp-content\/uploads\/2021\/10\/652f9276ebee1475ec5edaccf5b635d6_L.jpg 720w, https:\/\/laszlo1713.lima-city.de\/wp-content\/uploads\/2021\/10\/652f9276ebee1475ec5edaccf5b635d6_L-300x169.jpg 300w\" sizes=\"auto, (max-width: 720px) 100vw, 720px\" \/><figcaption><span class=\"has-inline-color has-vivid-green-cyan-color\">Egy halom szencs\u00e9tlens\u00e9g!<\/span><\/figcaption><\/figure>\n\n\n\n<hr class=\"wp-block-separator\"\/>\n\n\n\n<figure class=\"wp-block-image size-large\"><img loading=\"lazy\" decoding=\"async\" width=\"897\" height=\"1024\" src=\"https:\/\/laszlo1713.lima-city.de\/wp-content\/uploads\/2021\/10\/IMG_1395-897x1024.jpg\" alt=\"\" class=\"wp-image-4241\" srcset=\"https:\/\/laszlo1713.lima-city.de\/wp-content\/uploads\/2021\/10\/IMG_1395-897x1024.jpg 897w, https:\/\/laszlo1713.lima-city.de\/wp-content\/uploads\/2021\/10\/IMG_1395-263x300.jpg 263w, https:\/\/laszlo1713.lima-city.de\/wp-content\/uploads\/2021\/10\/IMG_1395-768x876.jpg 768w, https:\/\/laszlo1713.lima-city.de\/wp-content\/uploads\/2021\/10\/IMG_1395.jpg 950w\" sizes=\"auto, (max-width: 706px) 89vw, (max-width: 767px) 82vw, 740px\" \/><figcaption><span class=\"has-inline-color has-vivid-green-cyan-color\">A fent \u00e9s a lent: az illumin\u00e1tus <strong>piramis.<\/strong><\/span><\/figcaption><\/figure>\n\n\n\n<figure class=\"wp-block-image size-large\"><img loading=\"lazy\" decoding=\"async\" width=\"800\" height=\"771\" src=\"https:\/\/laszlo1713.lima-city.de\/wp-content\/uploads\/2021\/10\/IMG_0198.jpg\" alt=\"\" class=\"wp-image-4243\" srcset=\"https:\/\/laszlo1713.lima-city.de\/wp-content\/uploads\/2021\/10\/IMG_0198.jpg 800w, https:\/\/laszlo1713.lima-city.de\/wp-content\/uploads\/2021\/10\/IMG_0198-300x289.jpg 300w, https:\/\/laszlo1713.lima-city.de\/wp-content\/uploads\/2021\/10\/IMG_0198-768x740.jpg 768w\" sizes=\"auto, (max-width: 706px) 89vw, (max-width: 767px) 82vw, 740px\" \/><figcaption><span class=\"has-inline-color has-vivid-green-cyan-color\">\u00c9s \u00fagyan\u00edgy a &#8220;m\u00e1rk\u00e1k&#8221; vil\u00e1g\u00e1ban: kevesen ir\u00e1ny\u00edtanak sokakat. A <strong>piramis<\/strong>-elv.<\/span><\/figcaption><\/figure>\n\n\n\n<hr class=\"wp-block-separator\"\/>\n\n\n\n<figure class=\"wp-block-image size-large\"><img loading=\"lazy\" decoding=\"async\" width=\"812\" height=\"422\" src=\"https:\/\/laszlo1713.lima-city.de\/wp-content\/uploads\/2021\/10\/Screenshot-2021-10-30-at-19.14.26.jpg\" alt=\"\" class=\"wp-image-4246\" srcset=\"https:\/\/laszlo1713.lima-city.de\/wp-content\/uploads\/2021\/10\/Screenshot-2021-10-30-at-19.14.26.jpg 812w, https:\/\/laszlo1713.lima-city.de\/wp-content\/uploads\/2021\/10\/Screenshot-2021-10-30-at-19.14.26-300x156.jpg 300w, https:\/\/laszlo1713.lima-city.de\/wp-content\/uploads\/2021\/10\/Screenshot-2021-10-30-at-19.14.26-768x399.jpg 768w\" sizes=\"auto, (max-width: 706px) 89vw, (max-width: 767px) 82vw, 740px\" \/><figcaption>The death jab is loaded with over 47 pathogens including; HIV proteins, graphene oxide, mRNA, Luciferise, human DNA, fetal tissues, animal DNA, monkey cells, liquid metals such as mercury the list goes on and on.&nbsp;<br><br><br>This is why I\u2019d rather die than get the jab and live a life of hell. Y\u2019all better wake up and realise what\u2019s good for your spiritual awakening. Take the jab and it\u2019s lights out.&nbsp;<br><br><br>You will be spiritually, mentally, emotionally and physically cut off from nature, the universe and the creator of all living things.&nbsp;<br><br><br>You Will lose all your human rights as being trans-human means being non-human. You will be owned by the state. A new age slave of a cybernetic system.&nbsp;<br><\/figcaption><\/figure>\n\n\n\n<hr class=\"wp-block-separator\"\/>\n\n\n\n<figure class=\"wp-block-image size-large is-resized\"><img loading=\"lazy\" decoding=\"async\" src=\"https:\/\/laszlo1713.lima-city.de\/wp-content\/uploads\/2021\/10\/IMAGE-2021-10-31-081717-1-819x1024.jpg\" alt=\"\" class=\"wp-image-4251\" width=\"674\" height=\"842\" srcset=\"https:\/\/laszlo1713.lima-city.de\/wp-content\/uploads\/2021\/10\/IMAGE-2021-10-31-081717-1-819x1024.jpg 819w, https:\/\/laszlo1713.lima-city.de\/wp-content\/uploads\/2021\/10\/IMAGE-2021-10-31-081717-1-240x300.jpg 240w, https:\/\/laszlo1713.lima-city.de\/wp-content\/uploads\/2021\/10\/IMAGE-2021-10-31-081717-1-768x960.jpg 768w, https:\/\/laszlo1713.lima-city.de\/wp-content\/uploads\/2021\/10\/IMAGE-2021-10-31-081717-1.jpg 828w\" sizes=\"auto, (max-width: 674px) 100vw, 674px\" \/><figcaption><span class=\"has-inline-color has-vivid-green-cyan-color\">Igaz? Vagy nem?<\/span> <span class=\"has-inline-color has-vivid-green-cyan-color\">Vagy m\u00e9gis? Azt hiszem, hogy t\u00fal vagyunk az ilyesfajta fontolgat\u00e1sokon. Tudunk (tudhatunk) mindent pontosan.<\/span><\/figcaption><\/figure>\n\n\n\n<hr class=\"wp-block-separator\"\/>\n\n\n\n<figure class=\"wp-block-image size-large\"><img loading=\"lazy\" decoding=\"async\" width=\"940\" height=\"744\" src=\"https:\/\/laszlo1713.lima-city.de\/wp-content\/uploads\/2021\/10\/Screenshot-2021-10-31-at-08.15.19.jpg\" alt=\"\" class=\"wp-image-4252\" srcset=\"https:\/\/laszlo1713.lima-city.de\/wp-content\/uploads\/2021\/10\/Screenshot-2021-10-31-at-08.15.19.jpg 940w, https:\/\/laszlo1713.lima-city.de\/wp-content\/uploads\/2021\/10\/Screenshot-2021-10-31-at-08.15.19-300x237.jpg 300w, https:\/\/laszlo1713.lima-city.de\/wp-content\/uploads\/2021\/10\/Screenshot-2021-10-31-at-08.15.19-768x608.jpg 768w\" sizes=\"auto, (max-width: 706px) 89vw, (max-width: 767px) 82vw, 740px\" \/><\/figure>\n\n\n\n<p><span class=\"has-inline-color has-vivid-green-cyan-color\">Vil\u00e1gos. Putyin is DS-j\u00e1t\u00e9kos, b\u00e1r tal\u00e1n nem is gondoltuk volna.<\/span><\/p>\n\n\n\n<hr class=\"wp-block-separator\"\/>\n\n\n\n<figure class=\"wp-block-image size-large\"><img loading=\"lazy\" decoding=\"async\" width=\"652\" height=\"1024\" src=\"https:\/\/laszlo1713.lima-city.de\/wp-content\/uploads\/2021\/10\/Screenshot-2021-10-31-at-09.52.34-652x1024.jpg\" alt=\"\" class=\"wp-image-4254\" srcset=\"https:\/\/laszlo1713.lima-city.de\/wp-content\/uploads\/2021\/10\/Screenshot-2021-10-31-at-09.52.34-652x1024.jpg 652w, https:\/\/laszlo1713.lima-city.de\/wp-content\/uploads\/2021\/10\/Screenshot-2021-10-31-at-09.52.34-191x300.jpg 191w, https:\/\/laszlo1713.lima-city.de\/wp-content\/uploads\/2021\/10\/Screenshot-2021-10-31-at-09.52.34-768x1206.jpg 768w, https:\/\/laszlo1713.lima-city.de\/wp-content\/uploads\/2021\/10\/Screenshot-2021-10-31-at-09.52.34-978x1536.jpg 978w, https:\/\/laszlo1713.lima-city.de\/wp-content\/uploads\/2021\/10\/Screenshot-2021-10-31-at-09.52.34.jpg 1196w\" sizes=\"auto, (max-width: 652px) 100vw, 652px\" \/><\/figure>\n\n\n\n<hr class=\"wp-block-separator\"\/>\n\n\n\n<figure class=\"wp-block-image size-large\"><img loading=\"lazy\" decoding=\"async\" width=\"1024\" height=\"959\" src=\"https:\/\/laszlo1713.lima-city.de\/wp-content\/uploads\/2021\/10\/Screenshot-2021-10-31-at-09.55.02-1024x959.jpg\" alt=\"\" class=\"wp-image-4256\" srcset=\"https:\/\/laszlo1713.lima-city.de\/wp-content\/uploads\/2021\/10\/Screenshot-2021-10-31-at-09.55.02-1024x959.jpg 1024w, https:\/\/laszlo1713.lima-city.de\/wp-content\/uploads\/2021\/10\/Screenshot-2021-10-31-at-09.55.02-300x281.jpg 300w, https:\/\/laszlo1713.lima-city.de\/wp-content\/uploads\/2021\/10\/Screenshot-2021-10-31-at-09.55.02-768x719.jpg 768w, https:\/\/laszlo1713.lima-city.de\/wp-content\/uploads\/2021\/10\/Screenshot-2021-10-31-at-09.55.02.jpg 1416w\" sizes=\"auto, (max-width: 706px) 89vw, (max-width: 767px) 82vw, 740px\" \/><figcaption>Der Vatikan ist schockiert, nachdem ein Jesuiten-Dekan und ein Jesuiten-Professor an der renommierten P\u00e4pstlichen Universit\u00e4t Gregoriana in Rom, die beide als enge Vertraute von Papst Franziskus galten, der bekanntlich auch Jesuit ist, gestorben sind, nachdem sie sich beide mit dem SARS-CoV-2-Impfstoff geimpft und mit COVID-19 infiziert hatten.<\/figcaption><\/figure>\n\n\n\n<hr class=\"wp-block-separator\"\/>\n\n\n\n<figure class=\"wp-block-image size-large\"><img loading=\"lazy\" decoding=\"async\" width=\"1024\" height=\"526\" src=\"https:\/\/laszlo1713.lima-city.de\/wp-content\/uploads\/2021\/10\/Screenshot-2021-10-31-at-09.56.36-1024x526.jpg\" alt=\"\" class=\"wp-image-4258\" srcset=\"https:\/\/laszlo1713.lima-city.de\/wp-content\/uploads\/2021\/10\/Screenshot-2021-10-31-at-09.56.36-1024x526.jpg 1024w, https:\/\/laszlo1713.lima-city.de\/wp-content\/uploads\/2021\/10\/Screenshot-2021-10-31-at-09.56.36-300x154.jpg 300w, https:\/\/laszlo1713.lima-city.de\/wp-content\/uploads\/2021\/10\/Screenshot-2021-10-31-at-09.56.36-768x395.jpg 768w, https:\/\/laszlo1713.lima-city.de\/wp-content\/uploads\/2021\/10\/Screenshot-2021-10-31-at-09.56.36-1536x789.jpg 1536w, https:\/\/laszlo1713.lima-city.de\/wp-content\/uploads\/2021\/10\/Screenshot-2021-10-31-at-09.56.36-2048x1052.jpg 2048w\" sizes=\"auto, (max-width: 706px) 89vw, (max-width: 767px) 82vw, 740px\" \/><\/figure>\n\n\n\n<p><span class=\"has-inline-color has-vivid-green-cyan-color\">G20-show. Politikusok (<strong>maszk n\u00e9lk\u00fcl<\/strong>), orvosok, eg\u00e9szs\u00e9g\u00fcgyisek (<strong>maszkban<\/strong>).<\/span> <span class=\"has-inline-color has-vivid-green-cyan-color\">Lehet \u00e9rtelmezgetni.<\/span><\/p>\n\n\n\n<hr class=\"wp-block-separator\"\/>\n\n\n\n<figure class=\"wp-block-image size-large\"><img loading=\"lazy\" decoding=\"async\" width=\"1024\" height=\"910\" src=\"https:\/\/laszlo1713.lima-city.de\/wp-content\/uploads\/2021\/10\/Screenshot-2021-10-31-at-20.10.33-1024x910.jpg\" alt=\"\" class=\"wp-image-4261\" srcset=\"https:\/\/laszlo1713.lima-city.de\/wp-content\/uploads\/2021\/10\/Screenshot-2021-10-31-at-20.10.33-1024x910.jpg 1024w, https:\/\/laszlo1713.lima-city.de\/wp-content\/uploads\/2021\/10\/Screenshot-2021-10-31-at-20.10.33-300x267.jpg 300w, https:\/\/laszlo1713.lima-city.de\/wp-content\/uploads\/2021\/10\/Screenshot-2021-10-31-at-20.10.33-768x682.jpg 768w, https:\/\/laszlo1713.lima-city.de\/wp-content\/uploads\/2021\/10\/Screenshot-2021-10-31-at-20.10.33.jpg 1130w\" sizes=\"auto, (max-width: 706px) 89vw, (max-width: 767px) 82vw, 740px\" \/><\/figure>\n\n\n\n<p><span class=\"has-inline-color has-vivid-green-cyan-color\">A &#8220;hirtelen, v\u00e1ratlan&#8221; t\u00e9m\u00e1b\u00f3l imm\u00e1r van (sajnos) el\u00e9g. Ez m\u00e9gis egy kiss\u00e9 m\u00e1s, mert minden bizonnyal nem k\u00e9nyszerb\u0151l, hanem hittel \u00e9s meggy\u0151z\u0151d\u00e9ssel v\u00e9gezte ez az ember a munk\u00e1j\u00e1t. Orvosk\u00e9nt minden bizonnyal &#8220;\u00e9len j\u00e1rt&#8221;,  gondolom,  v\u00e9gigoltatta mag\u00e1t &#8230; Ves\u00e9zhetn\u00e9nk  a dolgot, de minek (kinek)?<\/span><\/p>\n\n\n\n<hr class=\"wp-block-separator\"\/>\n\n\n\n<figure class=\"wp-block-image size-large\"><img loading=\"lazy\" decoding=\"async\" width=\"1024\" height=\"939\" src=\"https:\/\/laszlo1713.lima-city.de\/wp-content\/uploads\/2021\/10\/Screenshot-2021-10-31-at-21.42.26-1024x939.jpg\" alt=\"\" class=\"wp-image-4264\" srcset=\"https:\/\/laszlo1713.lima-city.de\/wp-content\/uploads\/2021\/10\/Screenshot-2021-10-31-at-21.42.26-1024x939.jpg 1024w, https:\/\/laszlo1713.lima-city.de\/wp-content\/uploads\/2021\/10\/Screenshot-2021-10-31-at-21.42.26-300x275.jpg 300w, https:\/\/laszlo1713.lima-city.de\/wp-content\/uploads\/2021\/10\/Screenshot-2021-10-31-at-21.42.26-768x704.jpg 768w, https:\/\/laszlo1713.lima-city.de\/wp-content\/uploads\/2021\/10\/Screenshot-2021-10-31-at-21.42.26.jpg 1078w\" sizes=\"auto, (max-width: 706px) 89vw, (max-width: 767px) 82vw, 740px\" \/><\/figure>\n\n\n\n<hr class=\"wp-block-separator\"\/>\n\n\n\n<figure class=\"wp-block-image size-large\"><img loading=\"lazy\" decoding=\"async\" width=\"1024\" height=\"958\" src=\"https:\/\/laszlo1713.lima-city.de\/wp-content\/uploads\/2021\/10\/Screenshot-2021-10-31-at-21.58.23-1024x958.jpg\" alt=\"\" class=\"wp-image-4266\" srcset=\"https:\/\/laszlo1713.lima-city.de\/wp-content\/uploads\/2021\/10\/Screenshot-2021-10-31-at-21.58.23-1024x958.jpg 1024w, https:\/\/laszlo1713.lima-city.de\/wp-content\/uploads\/2021\/10\/Screenshot-2021-10-31-at-21.58.23-300x281.jpg 300w, https:\/\/laszlo1713.lima-city.de\/wp-content\/uploads\/2021\/10\/Screenshot-2021-10-31-at-21.58.23-768x719.jpg 768w, https:\/\/laszlo1713.lima-city.de\/wp-content\/uploads\/2021\/10\/Screenshot-2021-10-31-at-21.58.23.jpg 1428w\" sizes=\"auto, (max-width: 706px) 89vw, (max-width: 767px) 82vw, 740px\" \/><figcaption>Marc Mezvinsky\u2019s testimony resumed Thursday morning, and his remarks helped slammed shut Chelsea Clinton\u2019s proverbial coffin. (&#8230;) Rear Adm. Crandall approached the 3 officers tasked with judging the military\u2019s evidence on Clinton. He laid on the table a ream of paper, saying the documents, regardless of muddled names, conclusively proved that Chelsea Clinton had authorized the selling of children who had been smuggled into the United States from countries such as Haiti, Columbia, and the Ukraine. (&#8230;) Rear Adm. Crandall asked the panel whether it had heard enough, and the officers unanimously found Chelsea Clinton guilty of all charges and recommended she be executed for crimes against humanity and for destroying the lives of countless families. Rear Adm. Crandall, however, admitted to quandary\u2014could the U.S. military execute Clinton given the absence of evidence that she was guilty of murdering an American citizen or committing treason as stipulated under the Insurrection Act of 1812, the U.S. Constitution, or the Patriot Act.<br>Sentencing, Rear Adm. Crandall said, would commence \u201cin days.\u201d<br>\u201cShe will either be hanged or spend life at GITMO,\u201d Rear Adm. Crandall said.<\/figcaption><\/figure>\n\n\n\n<hr class=\"wp-block-separator\"\/>\n\n\n\n<figure class=\"wp-block-image size-large\"><img loading=\"lazy\" decoding=\"async\" width=\"851\" height=\"1024\" src=\"https:\/\/laszlo1713.lima-city.de\/wp-content\/uploads\/2021\/11\/IMG_0199-851x1024.jpg\" alt=\"\" class=\"wp-image-4269\" srcset=\"https:\/\/laszlo1713.lima-city.de\/wp-content\/uploads\/2021\/11\/IMG_0199-851x1024.jpg 851w, https:\/\/laszlo1713.lima-city.de\/wp-content\/uploads\/2021\/11\/IMG_0199-249x300.jpg 249w, https:\/\/laszlo1713.lima-city.de\/wp-content\/uploads\/2021\/11\/IMG_0199-768x924.jpg 768w, https:\/\/laszlo1713.lima-city.de\/wp-content\/uploads\/2021\/11\/IMG_0199.jpg 1064w\" sizes=\"auto, (max-width: 706px) 89vw, (max-width: 767px) 82vw, 740px\" \/><\/figure>\n\n\n\n<p><span class=\"has-inline-color has-vivid-green-cyan-color\">Maszkab\u00e1l &#8230; hamarosan v\u00e9ge ennek a &#8220;szappanoper\u00e1nak&#8221;?<\/span><\/p>\n\n\n\n<figure class=\"wp-block-image size-large\"><img loading=\"lazy\" decoding=\"async\" width=\"1024\" height=\"813\" src=\"https:\/\/laszlo1713.lima-city.de\/wp-content\/uploads\/2021\/11\/Screenshot-2021-11-01-at-08.23.43-1024x813.jpg\" alt=\"\" class=\"wp-image-4271\" srcset=\"https:\/\/laszlo1713.lima-city.de\/wp-content\/uploads\/2021\/11\/Screenshot-2021-11-01-at-08.23.43-1024x813.jpg 1024w, https:\/\/laszlo1713.lima-city.de\/wp-content\/uploads\/2021\/11\/Screenshot-2021-11-01-at-08.23.43-300x238.jpg 300w, https:\/\/laszlo1713.lima-city.de\/wp-content\/uploads\/2021\/11\/Screenshot-2021-11-01-at-08.23.43-768x610.jpg 768w, https:\/\/laszlo1713.lima-city.de\/wp-content\/uploads\/2021\/11\/Screenshot-2021-11-01-at-08.23.43-1536x1219.jpg 1536w, https:\/\/laszlo1713.lima-city.de\/wp-content\/uploads\/2021\/11\/Screenshot-2021-11-01-at-08.23.43.jpg 1580w\" sizes=\"auto, (max-width: 706px) 89vw, (max-width: 767px) 82vw, 740px\" \/><figcaption>Wenn der gefeierte Alt-Intellektuelle nicht nur seine Gatekeeper-Funktion enttarnt, sondern gleich drei Stufen weitergeht und den offenen Faschismus samt Isolation und Hungertod f\u00fcr Regierungskritiker fordert\u2026(&#8230;) <em>\u201eDer Philosoph Noam Chomsky vertrat die Ansicht, dass diejenigen, die nicht geimpft sind, abgesondert werden sollten, die Beschaffung von Lebensmitteln, nachdem sie \u201aden Anstand hatten, sich aus der Gemeinschaft zu entfernen\u2018, sei \u201aihr Problem&#8217;\u201c<\/em> (Yahoo News)<\/figcaption><\/figure>\n\n\n\n<hr class=\"wp-block-separator\"\/>\n\n\n\n<figure class=\"wp-block-image size-large\"><img loading=\"lazy\" decoding=\"async\" width=\"570\" height=\"1024\" src=\"https:\/\/laszlo1713.lima-city.de\/wp-content\/uploads\/2021\/11\/IMAGE-2021-11-01-101635-570x1024.jpg\" alt=\"\" class=\"wp-image-4273\" srcset=\"https:\/\/laszlo1713.lima-city.de\/wp-content\/uploads\/2021\/11\/IMAGE-2021-11-01-101635-570x1024.jpg 570w, https:\/\/laszlo1713.lima-city.de\/wp-content\/uploads\/2021\/11\/IMAGE-2021-11-01-101635-167x300.jpg 167w, https:\/\/laszlo1713.lima-city.de\/wp-content\/uploads\/2021\/11\/IMAGE-2021-11-01-101635.jpg 712w\" sizes=\"auto, (max-width: 570px) 100vw, 570px\" \/><figcaption><span class=\"has-inline-color has-vivid-green-cyan-color\">Vom Strich zum Stich<\/span><\/figcaption><\/figure>\n\n\n\n<p><span class=\"has-inline-color has-vivid-green-cyan-color\">Valahogy \u00f6sszef\u00fcggnek ezek a dolgok &#8211; egyszer\u0171 k\u00f6z\u00f6s nevez\u0151 (&#8220;intellektu\u00e1lis&#8221; egyet\u00e9rt\u00e9s) a balliber\u00e1lis \u00e9rtelmis\u00e9g (Chomsky pl.) \u00e9s a bord\u00e9ly k\u00f6z\u00f6tt: Corona-Impfung. <\/span><\/p>\n\n\n\n<hr class=\"wp-block-separator\"\/>\n\n\n\n<figure class=\"wp-block-image size-full\"><img loading=\"lazy\" decoding=\"async\" width=\"750\" height=\"601\" src=\"https:\/\/laszlo1713.lima-city.de\/wp-content\/uploads\/2021\/11\/2021-11-01-10.30.53.jpg\" alt=\"\" class=\"wp-image-4276\" srcset=\"https:\/\/laszlo1713.lima-city.de\/wp-content\/uploads\/2021\/11\/2021-11-01-10.30.53.jpg 750w, https:\/\/laszlo1713.lima-city.de\/wp-content\/uploads\/2021\/11\/2021-11-01-10.30.53-300x240.jpg 300w\" sizes=\"auto, (max-width: 706px) 89vw, (max-width: 767px) 82vw, 740px\" \/><\/figure>\n\n\n\n<hr class=\"wp-block-separator\"\/>\n\n\n\n<figure class=\"wp-block-image size-large\"><img loading=\"lazy\" decoding=\"async\" width=\"745\" height=\"1024\" src=\"https:\/\/laszlo1713.lima-city.de\/wp-content\/uploads\/2021\/11\/IMAGE-2021-11-01-103633-745x1024.jpg\" alt=\"\" class=\"wp-image-4279\" srcset=\"https:\/\/laszlo1713.lima-city.de\/wp-content\/uploads\/2021\/11\/IMAGE-2021-11-01-103633-745x1024.jpg 745w, https:\/\/laszlo1713.lima-city.de\/wp-content\/uploads\/2021\/11\/IMAGE-2021-11-01-103633-218x300.jpg 218w, https:\/\/laszlo1713.lima-city.de\/wp-content\/uploads\/2021\/11\/IMAGE-2021-11-01-103633-768x1056.jpg 768w, https:\/\/laszlo1713.lima-city.de\/wp-content\/uploads\/2021\/11\/IMAGE-2021-11-01-103633.jpg 931w\" sizes=\"auto, (max-width: 706px) 89vw, (max-width: 767px) 82vw, 740px\" \/><\/figure>\n\n\n\n<hr class=\"wp-block-separator\"\/>\n\n\n\n<figure class=\"wp-block-image size-large\"><img loading=\"lazy\" decoding=\"async\" width=\"957\" height=\"1024\" src=\"https:\/\/laszlo1713.lima-city.de\/wp-content\/uploads\/2021\/11\/Screenshot-2021-11-01-at-12.35.54-957x1024.jpg\" alt=\"\" class=\"wp-image-4284\" srcset=\"https:\/\/laszlo1713.lima-city.de\/wp-content\/uploads\/2021\/11\/Screenshot-2021-11-01-at-12.35.54-957x1024.jpg 957w, https:\/\/laszlo1713.lima-city.de\/wp-content\/uploads\/2021\/11\/Screenshot-2021-11-01-at-12.35.54-280x300.jpg 280w, https:\/\/laszlo1713.lima-city.de\/wp-content\/uploads\/2021\/11\/Screenshot-2021-11-01-at-12.35.54-768x821.jpg 768w, https:\/\/laszlo1713.lima-city.de\/wp-content\/uploads\/2021\/11\/Screenshot-2021-11-01-at-12.35.54.jpg 1006w\" sizes=\"auto, (max-width: 706px) 89vw, (max-width: 767px) 82vw, 740px\" \/><figcaption>American Airlines on Sunday announced it had cancelled 1,500 weekend flights due to staffing shortages and \u201csevere weather\u201d at its central hubs in Boston, Chicago, and Dallas, with an AA spokesperson blaming the delays and cancellations on \u201cblustery winds\u201d and \u201catmospheric disruptions.\u201d (&#8230;) \u201cThere was no weather at DFW this weekend that would\u2019ve stopped a certified, train, competent pilot from operating his aircraft,\u201d our source said. \u201cAA is lying to the public and the media, so it doesn\u2019t lose ticket sales over the holidays. The real reason for cancelled flights is because vaccinated pilots are dying, sometimes in flight, and unvaccinated pilots and cabin crew are resigning over vaccine mandates.\u201d (&#8230;) Meanwhile, an alarming number of vaccinated pilots have died at the flight stick. Last week, RRN reported on the mid-flight deaths of two AA pilots who keeled over at 32,000ft. \u201cThe number is growing each day and the airlines, the FAA, and the NTSB are conspiring to keep it quiet. They have in-house reports that 12 pilots in the last month died within 3 weeks of getting the shot. They are doing everything in their power to impose a media blackout on this info. It was heart-related problems, all of them,\u201d our source said.<br>A 13<sup>th<\/sup>&nbsp;pilot, he added, died inflight of hypertoxicity to polyethylene glycol, a toxic chemical in antifreeze that also appears as an adjuvant in Covid-19 vaccinations.<\/figcaption><\/figure>\n\n\n\n<hr class=\"wp-block-separator\"\/>\n\n\n\n<hr class=\"wp-block-separator\"\/>\n\n\n\n<figure class=\"wp-block-image size-large\"><img loading=\"lazy\" decoding=\"async\" width=\"1024\" height=\"263\" src=\"https:\/\/laszlo1713.lima-city.de\/wp-content\/uploads\/2021\/11\/Screenshot-2021-11-01-at-16.57.35-1-1024x263.jpg\" alt=\"\" class=\"wp-image-4290\" srcset=\"https:\/\/laszlo1713.lima-city.de\/wp-content\/uploads\/2021\/11\/Screenshot-2021-11-01-at-16.57.35-1-1024x263.jpg 1024w, https:\/\/laszlo1713.lima-city.de\/wp-content\/uploads\/2021\/11\/Screenshot-2021-11-01-at-16.57.35-1-300x77.jpg 300w, https:\/\/laszlo1713.lima-city.de\/wp-content\/uploads\/2021\/11\/Screenshot-2021-11-01-at-16.57.35-1-768x198.jpg 768w, https:\/\/laszlo1713.lima-city.de\/wp-content\/uploads\/2021\/11\/Screenshot-2021-11-01-at-16.57.35-1-1536x395.jpg 1536w, https:\/\/laszlo1713.lima-city.de\/wp-content\/uploads\/2021\/11\/Screenshot-2021-11-01-at-16.57.35-1-2048x527.jpg 2048w\" sizes=\"auto, (max-width: 706px) 89vw, (max-width: 767px) 82vw, 740px\" \/><figcaption>In 2007 on Season 1, Episode 1 of the British TV series \u201cInspector Lewis\u201d <strong>Adrenochrome<\/strong> was showcased and explained. And yet the public had no idea what was happening.<\/figcaption><\/figure>\n\n\n\n<p><span class=\"has-inline-color has-vivid-green-cyan-color\">Mert (szinte) mindent, ami t\u00f6rt\u00e9nik k\u00f6r\u00f6l\u00f6tt\u00fcnk, k\u00f6z\u00f6ltek valamif\u00e9le form\u00e1ban: filmben, reg\u00e9nyben vagy ak\u00e1r k\u00e9preg\u00e9nyben. Egykor (szinte) minden fikci\u00f3nak t\u0171nt, m\u00e1ra sok minden mindebb\u0151l val\u00f3s\u00e1g lett.<\/span><\/p>\n\n\n\n<hr class=\"wp-block-separator\"\/>\n\n\n\n<figure class=\"wp-block-image size-large is-resized\"><img loading=\"lazy\" decoding=\"async\" src=\"https:\/\/laszlo1713.lima-city.de\/wp-content\/uploads\/2021\/11\/IMAGE-2021-11-02-120103-1024x1024.jpg\" alt=\"\" class=\"wp-image-4293\" width=\"673\" height=\"673\" srcset=\"https:\/\/laszlo1713.lima-city.de\/wp-content\/uploads\/2021\/11\/IMAGE-2021-11-02-120103-1024x1024.jpg 1024w, https:\/\/laszlo1713.lima-city.de\/wp-content\/uploads\/2021\/11\/IMAGE-2021-11-02-120103-300x300.jpg 300w, https:\/\/laszlo1713.lima-city.de\/wp-content\/uploads\/2021\/11\/IMAGE-2021-11-02-120103-150x150.jpg 150w, https:\/\/laszlo1713.lima-city.de\/wp-content\/uploads\/2021\/11\/IMAGE-2021-11-02-120103-768x768.jpg 768w, https:\/\/laszlo1713.lima-city.de\/wp-content\/uploads\/2021\/11\/IMAGE-2021-11-02-120103-100x100.jpg 100w, https:\/\/laszlo1713.lima-city.de\/wp-content\/uploads\/2021\/11\/IMAGE-2021-11-02-120103.jpg 1080w\" sizes=\"auto, (max-width: 673px) 100vw, 673px\" \/><figcaption><strong>&#8220;Hab\u00e1r f\u00f6l\u0171l a g\u00e1lya,<br>          S al\u00fal a v\u00edznek \u00e1rja,&#8221;<\/strong>   <span class=\"has-inline-color has-vivid-green-cyan-color\"> <\/span><br><span class=\"has-inline-color has-vivid-green-cyan-color\">(vagy al\u00fal csak a birk\u00e1k ny\u00e1ja?)<\/span><\/figcaption><\/figure>\n\n\n\n<hr class=\"wp-block-separator\"\/>\n\n\n\n<figure class=\"wp-block-image size-large\"><img loading=\"lazy\" decoding=\"async\" width=\"782\" height=\"1024\" src=\"https:\/\/laszlo1713.lima-city.de\/wp-content\/uploads\/2021\/11\/IMAGE-2021-11-02-120150-782x1024.jpg\" alt=\"\" class=\"wp-image-4295\" srcset=\"https:\/\/laszlo1713.lima-city.de\/wp-content\/uploads\/2021\/11\/IMAGE-2021-11-02-120150-782x1024.jpg 782w, https:\/\/laszlo1713.lima-city.de\/wp-content\/uploads\/2021\/11\/IMAGE-2021-11-02-120150-229x300.jpg 229w, https:\/\/laszlo1713.lima-city.de\/wp-content\/uploads\/2021\/11\/IMAGE-2021-11-02-120150-768x1005.jpg 768w, https:\/\/laszlo1713.lima-city.de\/wp-content\/uploads\/2021\/11\/IMAGE-2021-11-02-120150.jpg 978w\" sizes=\"auto, (max-width: 706px) 89vw, (max-width: 767px) 82vw, 740px\" \/><figcaption><span class=\"has-inline-color has-vivid-green-cyan-color\">Sz\u00ednv\u00e1lt\u00e1s?<\/span><\/figcaption><\/figure>\n\n\n\n<hr class=\"wp-block-separator\"\/>\n\n\n\n<figure class=\"wp-block-image size-full\"><img loading=\"lazy\" decoding=\"async\" width=\"640\" height=\"867\" src=\"https:\/\/laszlo1713.lima-city.de\/wp-content\/uploads\/2021\/11\/IMAGE-2021-11-03-125658.jpg\" alt=\"\" class=\"wp-image-4303\" srcset=\"https:\/\/laszlo1713.lima-city.de\/wp-content\/uploads\/2021\/11\/IMAGE-2021-11-03-125658.jpg 640w, https:\/\/laszlo1713.lima-city.de\/wp-content\/uploads\/2021\/11\/IMAGE-2021-11-03-125658-221x300.jpg 221w\" sizes=\"auto, (max-width: 640px) 100vw, 640px\" \/><\/figure>\n\n\n\n<p><span class=\"has-inline-color has-vivid-green-cyan-color\">\u00c9s amikor \u0151szint\u00e9k? Az ilyesmire odafigyel(t)\u00fcnk? Deutsches \u00c4rzteblatt 2002-ben. <\/span><\/p>\n\n\n\n<figure class=\"wp-block-image size-full\"><img loading=\"lazy\" decoding=\"async\" width=\"814\" height=\"1024\" src=\"https:\/\/laszlo1713.lima-city.de\/wp-content\/uploads\/2021\/11\/IMAGE-2021-11-03-125616.jpg\" alt=\"\" class=\"wp-image-4304\" srcset=\"https:\/\/laszlo1713.lima-city.de\/wp-content\/uploads\/2021\/11\/IMAGE-2021-11-03-125616.jpg 814w, https:\/\/laszlo1713.lima-city.de\/wp-content\/uploads\/2021\/11\/IMAGE-2021-11-03-125616-238x300.jpg 238w, https:\/\/laszlo1713.lima-city.de\/wp-content\/uploads\/2021\/11\/IMAGE-2021-11-03-125616-768x966.jpg 768w\" sizes=\"auto, (max-width: 706px) 89vw, (max-width: 767px) 82vw, 740px\" \/><\/figure>\n\n\n\n<p><span class=\"has-inline-color has-vivid-green-cyan-color\">Mindenki Gr\u00e9t\u00e1ja m\u00e9g egyszer, megfelel\u0151 kontextusban. Aki \u00e9rti, \u00e9rti. Aki nem, annak marad a Fridays for Future.<\/span><\/p>\n\n\n\n<hr class=\"wp-block-separator\"\/>\n\n\n\n<figure class=\"wp-block-image size-full\"><img loading=\"lazy\" decoding=\"async\" width=\"1000\" height=\"1000\" src=\"https:\/\/laszlo1713.lima-city.de\/wp-content\/uploads\/2021\/11\/IMAGE-2021-11-03-213240.jpg\" alt=\"\" class=\"wp-image-4308\" srcset=\"https:\/\/laszlo1713.lima-city.de\/wp-content\/uploads\/2021\/11\/IMAGE-2021-11-03-213240.jpg 1000w, https:\/\/laszlo1713.lima-city.de\/wp-content\/uploads\/2021\/11\/IMAGE-2021-11-03-213240-300x300.jpg 300w, https:\/\/laszlo1713.lima-city.de\/wp-content\/uploads\/2021\/11\/IMAGE-2021-11-03-213240-150x150.jpg 150w, https:\/\/laszlo1713.lima-city.de\/wp-content\/uploads\/2021\/11\/IMAGE-2021-11-03-213240-768x768.jpg 768w, https:\/\/laszlo1713.lima-city.de\/wp-content\/uploads\/2021\/11\/IMAGE-2021-11-03-213240-100x100.jpg 100w\" sizes=\"auto, (max-width: 706px) 89vw, (max-width: 767px) 82vw, 740px\" \/><\/figure>\n\n\n\n<p><span class=\"has-inline-color has-vivid-green-cyan-color\">Egy m\u00e1sik (DS-k\u00f6zeli) alak : Richard Branson (Founder of the Virgin Group, producer and actor). S\u00e1t\u00e1nfajzat, b\u00fcszk\u00e9n mutatja. Aki \u00e9rti, \u00e9rti.<\/span><\/p>\n\n\n\n<figure class=\"wp-block-image size-large\"><img loading=\"lazy\" decoding=\"async\" width=\"1024\" height=\"690\" src=\"https:\/\/laszlo1713.lima-city.de\/wp-content\/uploads\/2021\/11\/IMAGE-2021-11-04-170407-1024x690.jpg\" alt=\"\" class=\"wp-image-4324\" srcset=\"https:\/\/laszlo1713.lima-city.de\/wp-content\/uploads\/2021\/11\/IMAGE-2021-11-04-170407-1024x690.jpg 1024w, https:\/\/laszlo1713.lima-city.de\/wp-content\/uploads\/2021\/11\/IMAGE-2021-11-04-170407-300x202.jpg 300w, https:\/\/laszlo1713.lima-city.de\/wp-content\/uploads\/2021\/11\/IMAGE-2021-11-04-170407-768x517.jpg 768w, https:\/\/laszlo1713.lima-city.de\/wp-content\/uploads\/2021\/11\/IMAGE-2021-11-04-170407.jpg 1280w\" sizes=\"auto, (max-width: 706px) 89vw, (max-width: 767px) 82vw, 740px\" \/><figcaption><span class=\"has-inline-color has-vivid-green-cyan-color\">Kapcsolatok, \u00f6sszef\u00fcgg\u00e9sek.<\/span><\/figcaption><\/figure>\n\n\n\n<hr class=\"wp-block-separator\"\/>\n\n\n\n<figure class=\"wp-block-image size-full\"><img loading=\"lazy\" decoding=\"async\" width=\"660\" height=\"431\" src=\"https:\/\/laszlo1713.lima-city.de\/wp-content\/uploads\/2021\/11\/IMAGE-2021-11-04-070404.jpg\" alt=\"\" class=\"wp-image-4311\" srcset=\"https:\/\/laszlo1713.lima-city.de\/wp-content\/uploads\/2021\/11\/IMAGE-2021-11-04-070404.jpg 660w, https:\/\/laszlo1713.lima-city.de\/wp-content\/uploads\/2021\/11\/IMAGE-2021-11-04-070404-300x196.jpg 300w\" sizes=\"auto, (max-width: 660px) 100vw, 660px\" \/><\/figure>\n\n\n\n<p><span class=\"has-inline-color has-vivid-green-cyan-color\">\u0150 is b\u00fcszk\u00e9n mutogatja (vallja), hogy a &#8220;b\u0171nt&#8221; szolg\u00e1lja. Aki l\u00e1tja, l\u00e1tja.<\/span><\/p>\n\n\n\n<hr class=\"wp-block-separator\"\/>\n\n\n\n<figure class=\"wp-block-image size-large\"><img loading=\"lazy\" decoding=\"async\" width=\"1007\" height=\"1024\" src=\"https:\/\/laszlo1713.lima-city.de\/wp-content\/uploads\/2021\/11\/IMAGE-2021-11-04-070216-1007x1024.jpg\" alt=\"\" class=\"wp-image-4313\" srcset=\"https:\/\/laszlo1713.lima-city.de\/wp-content\/uploads\/2021\/11\/IMAGE-2021-11-04-070216-1007x1024.jpg 1007w, https:\/\/laszlo1713.lima-city.de\/wp-content\/uploads\/2021\/11\/IMAGE-2021-11-04-070216-295x300.jpg 295w, https:\/\/laszlo1713.lima-city.de\/wp-content\/uploads\/2021\/11\/IMAGE-2021-11-04-070216-768x781.jpg 768w, https:\/\/laszlo1713.lima-city.de\/wp-content\/uploads\/2021\/11\/IMAGE-2021-11-04-070216.jpg 1080w\" sizes=\"auto, (max-width: 706px) 89vw, (max-width: 767px) 82vw, 740px\" \/><figcaption><span class=\"has-inline-color has-vivid-green-cyan-color\">Facebook \u00faj neve: Meta. A szimb\u00f3luma pedig bizony nem &#8220;perec&#8221;.<\/span><\/figcaption><\/figure>\n\n\n\n<div class=\"wp-block-image\"><figure class=\"aligncenter size-large\"><img loading=\"lazy\" decoding=\"async\" width=\"548\" height=\"1024\" src=\"https:\/\/laszlo1713.lima-city.de\/wp-content\/uploads\/2021\/11\/2021-11-04-11.59.03-548x1024.jpg\" alt=\"\" class=\"wp-image-4322\" srcset=\"https:\/\/laszlo1713.lima-city.de\/wp-content\/uploads\/2021\/11\/2021-11-04-11.59.03-548x1024.jpg 548w, https:\/\/laszlo1713.lima-city.de\/wp-content\/uploads\/2021\/11\/2021-11-04-11.59.03-161x300.jpg 161w, https:\/\/laszlo1713.lima-city.de\/wp-content\/uploads\/2021\/11\/2021-11-04-11.59.03.jpg 640w\" sizes=\"auto, (max-width: 548px) 100vw, 548px\" \/><\/figure><\/div>\n\n\n\n<hr class=\"wp-block-separator\"\/>\n\n\n\n<hr class=\"wp-block-separator\"\/>\n\n\n\n<hr class=\"wp-block-separator\"\/>\n\n\n\n<figure class=\"wp-block-image size-large\"><img loading=\"lazy\" decoding=\"async\" width=\"1024\" height=\"791\" src=\"https:\/\/laszlo1713.lima-city.de\/wp-content\/uploads\/2021\/11\/IMAGE-2021-11-04-082056-1024x791.jpg\" alt=\"\" class=\"wp-image-4316\" srcset=\"https:\/\/laszlo1713.lima-city.de\/wp-content\/uploads\/2021\/11\/IMAGE-2021-11-04-082056-1024x791.jpg 1024w, https:\/\/laszlo1713.lima-city.de\/wp-content\/uploads\/2021\/11\/IMAGE-2021-11-04-082056-300x232.jpg 300w, https:\/\/laszlo1713.lima-city.de\/wp-content\/uploads\/2021\/11\/IMAGE-2021-11-04-082056-768x593.jpg 768w, https:\/\/laszlo1713.lima-city.de\/wp-content\/uploads\/2021\/11\/IMAGE-2021-11-04-082056.jpg 1080w\" sizes=\"auto, (max-width: 706px) 89vw, (max-width: 767px) 82vw, 740px\" \/><figcaption><strong>Blue Angels<br><\/strong><\/figcaption><\/figure>\n\n\n\n<div class=\"wp-block-image\"><figure class=\"aligncenter size-full\"><img loading=\"lazy\" decoding=\"async\" width=\"382\" height=\"580\" src=\"https:\/\/laszlo1713.lima-city.de\/wp-content\/uploads\/2021\/11\/iu-3.jpeg\" alt=\"\" class=\"wp-image-4319\" srcset=\"https:\/\/laszlo1713.lima-city.de\/wp-content\/uploads\/2021\/11\/iu-3.jpeg 382w, https:\/\/laszlo1713.lima-city.de\/wp-content\/uploads\/2021\/11\/iu-3-198x300.jpeg 198w\" sizes=\"auto, (max-width: 382px) 100vw, 382px\" \/><figcaption>Airborn Special Operations Command<\/figcaption><\/figure><\/div>\n\n\n\n<figure class=\"wp-block-image size-full\"><img loading=\"lazy\" decoding=\"async\" width=\"1016\" height=\"708\" src=\"https:\/\/laszlo1713.lima-city.de\/wp-content\/uploads\/2021\/10\/Screenshot-2021-10-16-at-20.38.04.jpg\" alt=\"\" class=\"wp-image-4145\" srcset=\"https:\/\/laszlo1713.lima-city.de\/wp-content\/uploads\/2021\/10\/Screenshot-2021-10-16-at-20.38.04.jpg 1016w, https:\/\/laszlo1713.lima-city.de\/wp-content\/uploads\/2021\/10\/Screenshot-2021-10-16-at-20.38.04-300x209.jpg 300w, https:\/\/laszlo1713.lima-city.de\/wp-content\/uploads\/2021\/10\/Screenshot-2021-10-16-at-20.38.04-768x535.jpg 768w\" sizes=\"auto, (max-width: 706px) 89vw, (max-width: 767px) 82vw, 740px\" \/><\/figure>\n\n\n\n<figure class=\"wp-block-image size-large\"><img loading=\"lazy\" decoding=\"async\" width=\"1024\" height=\"683\" src=\"https:\/\/laszlo1713.lima-city.de\/wp-content\/uploads\/2021\/11\/2021-11-03-08.08.07-1024x683.jpg\" alt=\"\" class=\"wp-image-4299\" srcset=\"https:\/\/laszlo1713.lima-city.de\/wp-content\/uploads\/2021\/11\/2021-11-03-08.08.07-1024x683.jpg 1024w, https:\/\/laszlo1713.lima-city.de\/wp-content\/uploads\/2021\/11\/2021-11-03-08.08.07-300x200.jpg 300w, https:\/\/laszlo1713.lima-city.de\/wp-content\/uploads\/2021\/11\/2021-11-03-08.08.07-768x512.jpg 768w, https:\/\/laszlo1713.lima-city.de\/wp-content\/uploads\/2021\/11\/2021-11-03-08.08.07.jpg 1200w\" sizes=\"auto, (max-width: 706px) 89vw, (max-width: 767px) 82vw, 740px\" \/><\/figure>\n\n\n\n<hr class=\"wp-block-separator\"\/>\n\n\n\n<hr class=\"wp-block-separator\"\/>\n\n\n\n<hr class=\"wp-block-separator\"\/>\n","protected":false},"excerpt":{"rendered":"<p>Semmi es\u00e9ly Schwab! Most t\u0171nik csak fel, hogy m\u00e1r milyen r\u00e9gen megtervezt\u00e9k ezt az eg\u00e9szet. 2011-ben m\u00e1r ny\u00edltan besz\u00e9ltek a (k\u00f6telez\u0151) vakcina j\u00f3t\u00e9kony hat\u00e1s\u00e1r\u00f3l a f\u00f6ld lakoss\u00e1g\u00e1nak cs\u00f6kkent\u00e9se c\u00e9lj\u00e1b\u00f3l. Kevesebb ember, kevesebb gond (sz\u00e9ndioxid) ? 2013-ban ez a felirat volt olvashat\u00f3 a London Gatwick repl\u0151t\u00e9ren. Ez\u00e9rt kell mindenk\u00e9ppen a 100%-os beoltotts\u00e1g, m\u00e9gpedig az eg\u00e9sz f\u00f6ld\u00f6n? &hellip; <\/p>\n<p class=\"link-more\"><a href=\"https:\/\/laszlo1713.lima-city.de\/index.php\/lapszemle-vi\/\" class=\"more-link\">Continue reading<span class=\"screen-reader-text\"> &#8220;Lapszemle VI.&#8221;<\/span><\/a><\/p>\n","protected":false},"author":1,"featured_media":0,"parent":0,"menu_order":0,"comment_status":"closed","ping_status":"closed","template":"","meta":{"footnotes":""},"class_list":["post-4132","page","type-page","status-publish","hentry"],"_links":{"self":[{"href":"https:\/\/laszlo1713.lima-city.de\/index.php\/wp-json\/wp\/v2\/pages\/4132","targetHints":{"allow":["GET"]}}],"collection":[{"href":"https:\/\/laszlo1713.lima-city.de\/index.php\/wp-json\/wp\/v2\/pages"}],"about":[{"href":"https:\/\/laszlo1713.lima-city.de\/index.php\/wp-json\/wp\/v2\/types\/page"}],"author":[{"embeddable":true,"href":"https:\/\/laszlo1713.lima-city.de\/index.php\/wp-json\/wp\/v2\/users\/1"}],"replies":[{"embeddable":true,"href":"https:\/\/laszlo1713.lima-city.de\/index.php\/wp-json\/wp\/v2\/comments?post=4132"}],"version-history":[{"count":65,"href":"https:\/\/laszlo1713.lima-city.de\/index.php\/wp-json\/wp\/v2\/pages\/4132\/revisions"}],"predecessor-version":[{"id":4326,"href":"https:\/\/laszlo1713.lima-city.de\/index.php\/wp-json\/wp\/v2\/pages\/4132\/revisions\/4326"}],"wp:attachment":[{"href":"https:\/\/laszlo1713.lima-city.de\/index.php\/wp-json\/wp\/v2\/media?parent=4132"}],"curies":[{"name":"wp","href":"https:\/\/api.w.org\/{rel}","templated":true}]}}