{"id":3974,"date":"2021-09-29T21:11:22","date_gmt":"2021-09-29T19:11:22","guid":{"rendered":"https:\/\/laszlo1713.lima-city.de\/?page_id=3974"},"modified":"2021-10-15T18:20:06","modified_gmt":"2021-10-15T16:20:06","slug":"lapszemle-v","status":"publish","type":"page","link":"https:\/\/laszlo1713.lima-city.de\/index.php\/lapszemle-v\/","title":{"rendered":"Lapszemle V."},"content":{"rendered":"\n<figure class=\"wp-block-image size-large\"><img loading=\"lazy\" decoding=\"async\" width=\"768\" height=\"579\" src=\"https:\/\/laszlo1713.lima-city.de\/wp-content\/uploads\/2021\/10\/IMAGE-2021-10-05-122813.jpg\" alt=\"\" class=\"wp-image-4027\" srcset=\"https:\/\/laszlo1713.lima-city.de\/wp-content\/uploads\/2021\/10\/IMAGE-2021-10-05-122813.jpg 768w, https:\/\/laszlo1713.lima-city.de\/wp-content\/uploads\/2021\/10\/IMAGE-2021-10-05-122813-300x226.jpg 300w\" sizes=\"auto, (max-width: 706px) 89vw, (max-width: 767px) 82vw, 740px\" \/><\/figure>\n\n\n\n<figure class=\"wp-block-image size-large\"><img loading=\"lazy\" decoding=\"async\" width=\"1024\" height=\"885\" src=\"https:\/\/laszlo1713.lima-city.de\/wp-content\/uploads\/2021\/10\/Screenshot-2021-10-01-at-22.34.10-1024x885.jpg\" alt=\"\" class=\"wp-image-3997\" srcset=\"https:\/\/laszlo1713.lima-city.de\/wp-content\/uploads\/2021\/10\/Screenshot-2021-10-01-at-22.34.10-1024x885.jpg 1024w, https:\/\/laszlo1713.lima-city.de\/wp-content\/uploads\/2021\/10\/Screenshot-2021-10-01-at-22.34.10-300x259.jpg 300w, https:\/\/laszlo1713.lima-city.de\/wp-content\/uploads\/2021\/10\/Screenshot-2021-10-01-at-22.34.10-768x664.jpg 768w, https:\/\/laszlo1713.lima-city.de\/wp-content\/uploads\/2021\/10\/Screenshot-2021-10-01-at-22.34.10.jpg 1412w\" sizes=\"auto, (max-width: 706px) 89vw, (max-width: 767px) 82vw, 740px\" \/><\/figure>\n\n\n\n<p><em>On Friday Morning convicted murderer and Microsoft founder Bill Gates got a surprise wakeup call when U.S. Marines entered his Camp Delta cell and informed him that JAG had rescheduled his execution from October 5 to at once. Without giving a reason for the rescheduling, they told Gates an execution detail would soon arrive to escort him to newly erected gallows on GITMO\u2019s southern edge, near to where other Deep State criminals had met the hangman\u2019s noose.<\/em> (&#8230;) <em>Bill Gates is no more<\/em> (&#8230;)<\/p>\n\n\n\n<hr class=\"wp-block-separator\"\/>\n\n\n\n<figure class=\"wp-block-image size-large\"><img loading=\"lazy\" decoding=\"async\" width=\"792\" height=\"647\" src=\"https:\/\/laszlo1713.lima-city.de\/wp-content\/uploads\/2021\/10\/IMAGE-2021-10-02-171235.jpg\" alt=\"\" class=\"wp-image-4002\" srcset=\"https:\/\/laszlo1713.lima-city.de\/wp-content\/uploads\/2021\/10\/IMAGE-2021-10-02-171235.jpg 792w, https:\/\/laszlo1713.lima-city.de\/wp-content\/uploads\/2021\/10\/IMAGE-2021-10-02-171235-300x245.jpg 300w, https:\/\/laszlo1713.lima-city.de\/wp-content\/uploads\/2021\/10\/IMAGE-2021-10-02-171235-768x627.jpg 768w\" sizes=\"auto, (max-width: 706px) 89vw, (max-width: 767px) 82vw, 740px\" \/><\/figure>\n\n\n\n<hr class=\"wp-block-separator\"\/>\n\n\n\n<figure class=\"wp-block-image size-large\"><img loading=\"lazy\" decoding=\"async\" width=\"1024\" height=\"1005\" src=\"https:\/\/laszlo1713.lima-city.de\/wp-content\/uploads\/2021\/10\/IMG_0135-1024x1005.jpg\" alt=\"\" class=\"wp-image-4004\" srcset=\"https:\/\/laszlo1713.lima-city.de\/wp-content\/uploads\/2021\/10\/IMG_0135-1024x1005.jpg 1024w, https:\/\/laszlo1713.lima-city.de\/wp-content\/uploads\/2021\/10\/IMG_0135-300x294.jpg 300w, https:\/\/laszlo1713.lima-city.de\/wp-content\/uploads\/2021\/10\/IMG_0135-768x754.jpg 768w, https:\/\/laszlo1713.lima-city.de\/wp-content\/uploads\/2021\/10\/IMG_0135.jpg 1125w\" sizes=\"auto, (max-width: 706px) 89vw, (max-width: 767px) 82vw, 740px\" \/><\/figure>\n\n\n\n<hr class=\"wp-block-separator\"\/>\n\n\n\n<figure class=\"wp-block-image size-large\"><img loading=\"lazy\" decoding=\"async\" width=\"1024\" height=\"928\" src=\"https:\/\/laszlo1713.lima-city.de\/wp-content\/uploads\/2021\/10\/IMG_0137-1024x928.jpg\" alt=\"\" class=\"wp-image-4007\" srcset=\"https:\/\/laszlo1713.lima-city.de\/wp-content\/uploads\/2021\/10\/IMG_0137-1024x928.jpg 1024w, https:\/\/laszlo1713.lima-city.de\/wp-content\/uploads\/2021\/10\/IMG_0137-300x272.jpg 300w, https:\/\/laszlo1713.lima-city.de\/wp-content\/uploads\/2021\/10\/IMG_0137-768x696.jpg 768w, https:\/\/laszlo1713.lima-city.de\/wp-content\/uploads\/2021\/10\/IMG_0137.jpg 1080w\" sizes=\"auto, (max-width: 706px) 89vw, (max-width: 767px) 82vw, 740px\" \/><\/figure>\n\n\n\n<p><span class=\"has-inline-color has-vivid-green-cyan-color\">Jelent ez valamit? Kinek mit? N\u00e9zz\u00fck, de nem l\u00e1tjuk (\u00e9rtj\u00fck)? K\u00f3dolt (rejtett) \u00fczenet?<\/span><\/p>\n\n\n\n<figure class=\"wp-block-image size-large\"><img loading=\"lazy\" decoding=\"async\" width=\"1024\" height=\"927\" src=\"https:\/\/laszlo1713.lima-city.de\/wp-content\/uploads\/2021\/10\/IMG_0138-1024x927.jpg\" alt=\"\" class=\"wp-image-4009\" srcset=\"https:\/\/laszlo1713.lima-city.de\/wp-content\/uploads\/2021\/10\/IMG_0138-1024x927.jpg 1024w, https:\/\/laszlo1713.lima-city.de\/wp-content\/uploads\/2021\/10\/IMG_0138-300x272.jpg 300w, https:\/\/laszlo1713.lima-city.de\/wp-content\/uploads\/2021\/10\/IMG_0138-768x695.jpg 768w, https:\/\/laszlo1713.lima-city.de\/wp-content\/uploads\/2021\/10\/IMG_0138.jpg 1280w\" sizes=\"auto, (max-width: 706px) 89vw, (max-width: 767px) 82vw, 740px\" \/><\/figure>\n\n\n\n<p><span class=\"has-inline-color has-vivid-green-cyan-color\">\u00cdgy tal\u00e1n jobban \u00e9rthet\u0151? Mickey Mouse? Walt Disney? Hollywood? 10:10? Vagy 10.2 ?<\/span> <span class=\"has-inline-color has-vivid-green-cyan-color\">&#8230;<\/span><\/p>\n\n\n\n<hr class=\"wp-block-separator\"\/>\n\n\n\n<div class=\"wp-block-image\"><figure class=\"aligncenter size-large\"><img loading=\"lazy\" decoding=\"async\" width=\"592\" height=\"888\" src=\"https:\/\/laszlo1713.lima-city.de\/wp-content\/uploads\/2021\/10\/IMAGE-2021-10-04-084616.jpg\" alt=\"\" class=\"wp-image-4011\" srcset=\"https:\/\/laszlo1713.lima-city.de\/wp-content\/uploads\/2021\/10\/IMAGE-2021-10-04-084616.jpg 592w, https:\/\/laszlo1713.lima-city.de\/wp-content\/uploads\/2021\/10\/IMAGE-2021-10-04-084616-200x300.jpg 200w\" sizes=\"auto, (max-width: 592px) 100vw, 592px\" \/><figcaption><span class=\"has-inline-color has-vivid-green-cyan-color\">Vil\u00e1gos? Egy \u00e9rdekes k\u00f6nyv? Izgalmas t\u00e9ma? Pedo-szimb\u00f3lum?<\/span><\/figcaption><\/figure><\/div>\n\n\n\n<hr class=\"wp-block-separator\"\/>\n\n\n\n<figure class=\"wp-block-image size-large\"><img loading=\"lazy\" decoding=\"async\" width=\"791\" height=\"1024\" src=\"https:\/\/laszlo1713.lima-city.de\/wp-content\/uploads\/2021\/10\/IMG_1364-791x1024.jpg\" alt=\"\" class=\"wp-image-4014\" srcset=\"https:\/\/laszlo1713.lima-city.de\/wp-content\/uploads\/2021\/10\/IMG_1364-791x1024.jpg 791w, https:\/\/laszlo1713.lima-city.de\/wp-content\/uploads\/2021\/10\/IMG_1364-232x300.jpg 232w, https:\/\/laszlo1713.lima-city.de\/wp-content\/uploads\/2021\/10\/IMG_1364-768x994.jpg 768w, https:\/\/laszlo1713.lima-city.de\/wp-content\/uploads\/2021\/10\/IMG_1364.jpg 989w\" sizes=\"auto, (max-width: 706px) 89vw, (max-width: 767px) 82vw, 740px\" \/><\/figure>\n\n\n\n<p><em><span class=\"has-inline-color has-vivid-green-cyan-color\">A s\u00e1t\u00e1n f\u00f6ldi hatalm\u00e1nak karrier-t\u00e9rk\u00e9pe &#8211; legfel\u00fcl, a 33. fokon az \u00fan. h\u00e1tt\u00e9rhatalom (DS) legbefoly\u00e1sosabbjai.<\/span><\/em> <\/p>\n\n\n\n<hr class=\"wp-block-separator\"\/>\n\n\n\n<figure class=\"wp-block-image size-large\"><img loading=\"lazy\" decoding=\"async\" width=\"758\" height=\"806\" src=\"https:\/\/laszlo1713.lima-city.de\/wp-content\/uploads\/2021\/10\/Screenshot-2021-10-04-at-20.23.26.jpg\" alt=\"\" class=\"wp-image-4017\" srcset=\"https:\/\/laszlo1713.lima-city.de\/wp-content\/uploads\/2021\/10\/Screenshot-2021-10-04-at-20.23.26.jpg 758w, https:\/\/laszlo1713.lima-city.de\/wp-content\/uploads\/2021\/10\/Screenshot-2021-10-04-at-20.23.26-282x300.jpg 282w\" sizes=\"auto, (max-width: 706px) 89vw, (max-width: 767px) 82vw, 740px\" \/><\/figure>\n\n\n\n<figure class=\"wp-block-image size-large\"><img loading=\"lazy\" decoding=\"async\" width=\"1024\" height=\"985\" src=\"https:\/\/laszlo1713.lima-city.de\/wp-content\/uploads\/2021\/10\/Screenshot-2021-10-05-at-16.51.39-1024x985.jpg\" alt=\"\" class=\"wp-image-4030\" srcset=\"https:\/\/laszlo1713.lima-city.de\/wp-content\/uploads\/2021\/10\/Screenshot-2021-10-05-at-16.51.39-1024x985.jpg 1024w, https:\/\/laszlo1713.lima-city.de\/wp-content\/uploads\/2021\/10\/Screenshot-2021-10-05-at-16.51.39-300x289.jpg 300w, https:\/\/laszlo1713.lima-city.de\/wp-content\/uploads\/2021\/10\/Screenshot-2021-10-05-at-16.51.39-768x739.jpg 768w, https:\/\/laszlo1713.lima-city.de\/wp-content\/uploads\/2021\/10\/Screenshot-2021-10-05-at-16.51.39-1536x1478.jpg 1536w, https:\/\/laszlo1713.lima-city.de\/wp-content\/uploads\/2021\/10\/Screenshot-2021-10-05-at-16.51.39-2048x1970.jpg 2048w\" sizes=\"auto, (max-width: 706px) 89vw, (max-width: 767px) 82vw, 740px\" \/><\/figure>\n\n\n\n<hr class=\"wp-block-separator\"\/>\n\n\n\n<div class=\"wp-block-image\"><figure class=\"aligncenter size-large\"><img loading=\"lazy\" decoding=\"async\" width=\"545\" height=\"1024\" src=\"https:\/\/laszlo1713.lima-city.de\/wp-content\/uploads\/2021\/10\/IMG_0142-545x1024.jpg\" alt=\"\" class=\"wp-image-4020\" srcset=\"https:\/\/laszlo1713.lima-city.de\/wp-content\/uploads\/2021\/10\/IMG_0142-545x1024.jpg 545w, https:\/\/laszlo1713.lima-city.de\/wp-content\/uploads\/2021\/10\/IMG_0142-160x300.jpg 160w, https:\/\/laszlo1713.lima-city.de\/wp-content\/uploads\/2021\/10\/IMG_0142.jpg 681w\" sizes=\"auto, (max-width: 545px) 100vw, 545px\" \/><\/figure><\/div>\n\n\n\n<hr class=\"wp-block-separator\"\/>\n\n\n\n<figure class=\"wp-block-image size-large\"><img loading=\"lazy\" decoding=\"async\" width=\"1024\" height=\"558\" src=\"https:\/\/laszlo1713.lima-city.de\/wp-content\/uploads\/2021\/10\/Screenshot-2021-10-05-at-20.09.20-1024x558.jpg\" alt=\"\" class=\"wp-image-4033\" srcset=\"https:\/\/laszlo1713.lima-city.de\/wp-content\/uploads\/2021\/10\/Screenshot-2021-10-05-at-20.09.20-1024x558.jpg 1024w, https:\/\/laszlo1713.lima-city.de\/wp-content\/uploads\/2021\/10\/Screenshot-2021-10-05-at-20.09.20-300x164.jpg 300w, https:\/\/laszlo1713.lima-city.de\/wp-content\/uploads\/2021\/10\/Screenshot-2021-10-05-at-20.09.20-768x419.jpg 768w, https:\/\/laszlo1713.lima-city.de\/wp-content\/uploads\/2021\/10\/Screenshot-2021-10-05-at-20.09.20-1536x837.jpg 1536w, https:\/\/laszlo1713.lima-city.de\/wp-content\/uploads\/2021\/10\/Screenshot-2021-10-05-at-20.09.20-2048x1116.jpg 2048w\" sizes=\"auto, (max-width: 706px) 89vw, (max-width: 767px) 82vw, 740px\" \/><figcaption>Senator Ed Markey to <strong>Mark Zuckerberg<\/strong>: \u201c<strong>Your time<\/strong> of invading privacy, promoting toxic content, and preying on children and teens <strong>is over<\/strong>. Congress will be taking action.\u201d<\/figcaption><\/figure>\n\n\n\n<hr class=\"wp-block-separator\"\/>\n\n\n\n<p>&#8220;<em>Die Tatsache, dass es gr\u00fcne Schwachmaten wie Annalena Baerbock mit dem Verstand eines geistig zur\u00fcckgebliebenen Kleinkindes bis in solche Positionen schaffen, ist insgesamt bezeichnend f\u00fcr den Zustand der Gesellschaft in der wir leben<\/em>.&#8221; (Internet)<\/p>\n\n\n\n<hr class=\"wp-block-separator\"\/>\n\n\n\n<figure class=\"wp-block-image size-large\"><img loading=\"lazy\" decoding=\"async\" width=\"1024\" height=\"774\" src=\"https:\/\/laszlo1713.lima-city.de\/wp-content\/uploads\/2021\/10\/Agamben-1024x774.png\" alt=\"\" class=\"wp-image-4038\" srcset=\"https:\/\/laszlo1713.lima-city.de\/wp-content\/uploads\/2021\/10\/Agamben-1024x774.png 1024w, https:\/\/laszlo1713.lima-city.de\/wp-content\/uploads\/2021\/10\/Agamben-300x227.png 300w, https:\/\/laszlo1713.lima-city.de\/wp-content\/uploads\/2021\/10\/Agamben-768x580.png 768w, https:\/\/laszlo1713.lima-city.de\/wp-content\/uploads\/2021\/10\/Agamben.png 1187w\" sizes=\"auto, (max-width: 706px) 89vw, (max-width: 767px) 82vw, 740px\" \/><\/figure>\n\n\n\n<p>Eine Gemeinschaft in der Gesellschaft<\/p>\n\n\n\n<p><em><strong>Von Giorgio Agamben, am 17. September 2021 f\u00fcr&nbsp;<\/strong><a href=\"https:\/\/www.quodlibet.it\/giorgio-agamben-una-comunit-14-ella-societa\"><strong>Quodlibet.it<\/strong><\/a><\/em><\/p>\n\n\n\n<p>Italien, das politische Laboratorium des Westens, in dem die Strategien der herrschenden M\u00e4chte in ihrer extremen Form im Voraus ausgearbeitet werden, ist heute ein Land in menschlichem und politischem Ruin, in dem sich eine skrupellose,&nbsp;<strong>zu allem entschlossene Tyrannei mit einer von pseudoreligi\u00f6sem Terror beherrschten Masse verb\u00fcndet hat,<\/strong>&nbsp;die bereit ist, nicht nur die so genannten <strong>verfassungsm\u00e4\u00dfigen Freiheiten<\/strong>, sondern sogar jegliche W\u00e4rme in den menschlichen Beziehungen zu opfern.<\/p>\n\n\n\n<p><strong>Zu glauben, dass der gr\u00fcne Pass eine R\u00fcckkehr zur Normalit\u00e4t bedeutet, ist in der Tat naiv.<\/strong>&nbsp;So wie bereits ein dritter Impfstoff eingef\u00fchrt wurde, werden neue Impfstoffe eingef\u00fchrt und neue Notsituationen und rote Zonen ausgerufen werden, solange die Regierung und die Machthaber dies f\u00fcr sinnvoll halten.&nbsp;<strong>Und es sind diejenigen, die unklugerweise gehorcht haben, die den Preis daf\u00fcr zahlen werden.&nbsp;<\/strong>Unter diesen Bedingungen m\u00fcssen die Dissidenten, ohne jedes m\u00f6gliche Instrument des unmittelbaren Widerstands aufzugeben, dar\u00fcber nachdenken, so etwas wie&nbsp;<strong>eine Gesellschaft in der Gesellschaft<\/strong>&nbsp;zu schaffen,&nbsp;<strong>eine Gemeinschaft von Freunden und Nachbarn innerhalb der Gesellschaft der Feindschaft und der Distanz.<\/strong><\/p>\n\n\n\n<p>Die Formen dieser neuen Klandestinit\u00e4t, die sich so weit wie m\u00f6glich von den Institutionen unabh\u00e4ngig machen muss, m\u00fcssen von Zeit zu Zeit \u00fcberdacht und erprobt werden, aber&nbsp;<strong>nur sie k\u00f6nnen das menschliche \u00dcberleben in einer Welt garantieren, die sich einer mehr oder weniger bewussten Selbstzerst\u00f6rung verschrieben hat.<\/strong><\/p>\n\n\n\n<hr class=\"wp-block-separator\"\/>\n\n\n\n<figure class=\"wp-block-image size-large\"><img loading=\"lazy\" decoding=\"async\" width=\"798\" height=\"532\" src=\"https:\/\/laszlo1713.lima-city.de\/wp-content\/uploads\/2021\/10\/Screenshot-2021-10-08-at-20.53.34.jpg\" alt=\"\" class=\"wp-image-4045\" srcset=\"https:\/\/laszlo1713.lima-city.de\/wp-content\/uploads\/2021\/10\/Screenshot-2021-10-08-at-20.53.34.jpg 798w, https:\/\/laszlo1713.lima-city.de\/wp-content\/uploads\/2021\/10\/Screenshot-2021-10-08-at-20.53.34-300x200.jpg 300w, https:\/\/laszlo1713.lima-city.de\/wp-content\/uploads\/2021\/10\/Screenshot-2021-10-08-at-20.53.34-768x512.jpg 768w\" sizes=\"auto, (max-width: 706px) 89vw, (max-width: 767px) 82vw, 740px\" \/><\/figure>\n\n\n\n<hr class=\"wp-block-separator\"\/>\n\n\n\n<figure class=\"wp-block-image size-large\"><img loading=\"lazy\" decoding=\"async\" width=\"760\" height=\"1024\" src=\"https:\/\/laszlo1713.lima-city.de\/wp-content\/uploads\/2021\/10\/IMAGE-2021-10-08-205129-760x1024.jpg\" alt=\"\" class=\"wp-image-4046\" srcset=\"https:\/\/laszlo1713.lima-city.de\/wp-content\/uploads\/2021\/10\/IMAGE-2021-10-08-205129-760x1024.jpg 760w, https:\/\/laszlo1713.lima-city.de\/wp-content\/uploads\/2021\/10\/IMAGE-2021-10-08-205129-223x300.jpg 223w, https:\/\/laszlo1713.lima-city.de\/wp-content\/uploads\/2021\/10\/IMAGE-2021-10-08-205129-768x1035.jpg 768w, https:\/\/laszlo1713.lima-city.de\/wp-content\/uploads\/2021\/10\/IMAGE-2021-10-08-205129.jpg 950w\" sizes=\"auto, (max-width: 706px) 89vw, (max-width: 767px) 82vw, 740px\" \/><\/figure>\n\n\n\n<hr class=\"wp-block-separator\"\/>\n\n\n\n<figure class=\"wp-block-image size-large\"><img loading=\"lazy\" decoding=\"async\" width=\"680\" height=\"678\" src=\"https:\/\/laszlo1713.lima-city.de\/wp-content\/uploads\/2021\/10\/IMG_1369.jpg\" alt=\"\" class=\"wp-image-4048\" srcset=\"https:\/\/laszlo1713.lima-city.de\/wp-content\/uploads\/2021\/10\/IMG_1369.jpg 680w, https:\/\/laszlo1713.lima-city.de\/wp-content\/uploads\/2021\/10\/IMG_1369-300x300.jpg 300w, https:\/\/laszlo1713.lima-city.de\/wp-content\/uploads\/2021\/10\/IMG_1369-150x150.jpg 150w, https:\/\/laszlo1713.lima-city.de\/wp-content\/uploads\/2021\/10\/IMG_1369-100x100.jpg 100w\" sizes=\"auto, (max-width: 680px) 100vw, 680px\" \/><figcaption><span class=\"has-inline-color has-vivid-green-cyan-color\">Hogyan lesz a jogrendszer maga egy megoldhatalannak l\u00e1tsz\u00f3 probl\u00e9ma? \u00c9s nemcsak az US\u00c1-ban, hanem minden\u00fctt a vil\u00e1gon.<\/span><\/figcaption><\/figure>\n\n\n\n<figure class=\"wp-block-image size-large\"><img loading=\"lazy\" decoding=\"async\" width=\"1024\" height=\"682\" src=\"https:\/\/laszlo1713.lima-city.de\/wp-content\/uploads\/2021\/10\/IMG_1371-1024x682.jpg\" alt=\"\" class=\"wp-image-4050\" srcset=\"https:\/\/laszlo1713.lima-city.de\/wp-content\/uploads\/2021\/10\/IMG_1371-1024x682.jpg 1024w, https:\/\/laszlo1713.lima-city.de\/wp-content\/uploads\/2021\/10\/IMG_1371-300x200.jpg 300w, https:\/\/laszlo1713.lima-city.de\/wp-content\/uploads\/2021\/10\/IMG_1371-768x512.jpg 768w, https:\/\/laszlo1713.lima-city.de\/wp-content\/uploads\/2021\/10\/IMG_1371.jpg 1280w\" sizes=\"auto, (max-width: 706px) 89vw, (max-width: 767px) 82vw, 740px\" \/><figcaption><span class=\"has-inline-color has-vivid-green-cyan-color\">Ezek a kret\u00e9nek (szabadk\u0151m\u0171vesek ill. illumin\u00e1tusok) nemcsak a jogrendszert sz\u00e1llt\u00e1k meg, hanem az \u00e9let minden ter\u00fclet\u00e9t. A h\u00e1tt\u00e9rb\u0151l, (szinte) \u00e9szrev\u00e9tlen\u00fcl ir\u00e1ny\u00edtj\u00e1k az \u00e9let\u00fcnket, ilyen \u00e9rtelemben \u0151k a felel\u0151sek k\u00f6zvetlen\u00fcl a vil\u00e1g \u00e1llapot\u00e1\u00e9rt az ut\u00f3bbi mintegy 300 \u00e9vben.<\/span><\/figcaption><\/figure>\n\n\n\n<figure class=\"wp-block-image size-large\"><img loading=\"lazy\" decoding=\"async\" width=\"671\" height=\"1024\" src=\"https:\/\/laszlo1713.lima-city.de\/wp-content\/uploads\/2021\/10\/IMG_0152-671x1024.jpg\" alt=\"\" class=\"wp-image-4056\" srcset=\"https:\/\/laszlo1713.lima-city.de\/wp-content\/uploads\/2021\/10\/IMG_0152-671x1024.jpg 671w, https:\/\/laszlo1713.lima-city.de\/wp-content\/uploads\/2021\/10\/IMG_0152-197x300.jpg 197w, https:\/\/laszlo1713.lima-city.de\/wp-content\/uploads\/2021\/10\/IMG_0152-768x1173.jpg 768w, https:\/\/laszlo1713.lima-city.de\/wp-content\/uploads\/2021\/10\/IMG_0152.jpg 786w\" sizes=\"auto, (max-width: 671px) 100vw, 671px\" \/><figcaption><span class=\"has-inline-color has-vivid-green-cyan-color\">Nem egyszer\u0171en beteg, hanem hal\u00e1losan fert\u0151z\u0151 beteg!<\/span><\/figcaption><\/figure>\n\n\n\n<figure class=\"wp-block-image size-large\"><img loading=\"lazy\" decoding=\"async\" width=\"819\" height=\"1024\" src=\"https:\/\/laszlo1713.lima-city.de\/wp-content\/uploads\/2021\/10\/Screenshot-2021-10-10-at-08.52.40-819x1024.jpg\" alt=\"\" class=\"wp-image-4058\" srcset=\"https:\/\/laszlo1713.lima-city.de\/wp-content\/uploads\/2021\/10\/Screenshot-2021-10-10-at-08.52.40-819x1024.jpg 819w, https:\/\/laszlo1713.lima-city.de\/wp-content\/uploads\/2021\/10\/Screenshot-2021-10-10-at-08.52.40-240x300.jpg 240w, https:\/\/laszlo1713.lima-city.de\/wp-content\/uploads\/2021\/10\/Screenshot-2021-10-10-at-08.52.40-768x960.jpg 768w, https:\/\/laszlo1713.lima-city.de\/wp-content\/uploads\/2021\/10\/Screenshot-2021-10-10-at-08.52.40-1229x1536.jpg 1229w, https:\/\/laszlo1713.lima-city.de\/wp-content\/uploads\/2021\/10\/Screenshot-2021-10-10-at-08.52.40-1638x2048.jpg 1638w, https:\/\/laszlo1713.lima-city.de\/wp-content\/uploads\/2021\/10\/Screenshot-2021-10-10-at-08.52.40.jpg 1774w\" sizes=\"auto, (max-width: 706px) 89vw, (max-width: 767px) 82vw, 740px\" \/><\/figure>\n\n\n\n<p><span class=\"has-inline-color has-vivid-green-cyan-color\">A globalista, pedofil , illumin\u00e1tus<strong>, s\u00e1t\u00e1nim\u00e1d\u00f3 aberr\u00e1ci\u00f3 <\/strong>mindent megfert\u0151z, a &#8220;gyermekj\u00e1tsz\u00f3teret&#8221; is<\/span> <span class=\"has-inline-color has-vivid-green-cyan-color\">(mint pl. Drezd\u00e1ban l\u00e1that\u00f3).<\/span><\/p>\n\n\n\n<hr class=\"wp-block-separator\"\/>\n\n\n\n<figure class=\"wp-block-image size-large\"><img loading=\"lazy\" decoding=\"async\" width=\"781\" height=\"1024\" src=\"https:\/\/laszlo1713.lima-city.de\/wp-content\/uploads\/2021\/10\/IMAGE-2021-10-10-100351-781x1024.jpg\" alt=\"\" class=\"wp-image-4060\" srcset=\"https:\/\/laszlo1713.lima-city.de\/wp-content\/uploads\/2021\/10\/IMAGE-2021-10-10-100351-781x1024.jpg 781w, https:\/\/laszlo1713.lima-city.de\/wp-content\/uploads\/2021\/10\/IMAGE-2021-10-10-100351-229x300.jpg 229w, https:\/\/laszlo1713.lima-city.de\/wp-content\/uploads\/2021\/10\/IMAGE-2021-10-10-100351-768x1006.jpg 768w, https:\/\/laszlo1713.lima-city.de\/wp-content\/uploads\/2021\/10\/IMAGE-2021-10-10-100351.jpg 976w\" sizes=\"auto, (max-width: 706px) 89vw, (max-width: 767px) 82vw, 740px\" \/><\/figure>\n\n\n\n<p><span class=\"has-inline-color has-vivid-green-cyan-color\">A jelenlegi Vatik\u00e1n (is) a s\u00e1t\u00e1n b\u0171ntany\u00e1ja. Itt van egy \u00fajabb nyilv\u00e1nval\u00f3 bizony\u00edt\u00e9k.<\/span><\/p>\n\n\n\n<hr class=\"wp-block-separator\"\/>\n\n\n\n<figure class=\"wp-block-image size-large\"><img loading=\"lazy\" decoding=\"async\" width=\"650\" height=\"276\" src=\"https:\/\/laszlo1713.lima-city.de\/wp-content\/uploads\/2021\/10\/IMAGE-2021-10-09-172555.jpg\" alt=\"\" class=\"wp-image-4053\" srcset=\"https:\/\/laszlo1713.lima-city.de\/wp-content\/uploads\/2021\/10\/IMAGE-2021-10-09-172555.jpg 650w, https:\/\/laszlo1713.lima-city.de\/wp-content\/uploads\/2021\/10\/IMAGE-2021-10-09-172555-300x127.jpg 300w\" sizes=\"auto, (max-width: 650px) 100vw, 650px\" \/><figcaption><span class=\"has-inline-color has-vivid-green-cyan-color\">Az eredeti \u00e9s a &#8220;hamis\u00edtv\u00e1ny&#8221; &#8211; az eg\u00e9sz egy tragikom\u00e9dia.<\/span> (FAKE JOE BIDEN AND FAKE PRESIDENT)<\/figcaption><\/figure>\n\n\n\n<hr class=\"wp-block-separator\"\/>\n\n\n\n<div class=\"wp-block-image\"><figure class=\"aligncenter size-large\"><img loading=\"lazy\" decoding=\"async\" width=\"299\" height=\"168\" src=\"https:\/\/laszlo1713.lima-city.de\/wp-content\/uploads\/2021\/10\/2021-10-10-10.52.22.jpg\" alt=\"\" class=\"wp-image-4066\"\/><\/figure><\/div>\n\n\n\n<p><\/p>\n\n\n\n<p><em>Es ist Bewegung hinter den Kulissen und es wird sogar teilweise sichtbar.<\/em><\/p>\n\n\n\n<p><em>Einige unsozialen Netzwerke wurden torpediert, Kurz ist weg! Kramp-Karrenbauer (was f\u00fcr ein f\u00fcrchterlicher Name) und Altmeier sind weg.<\/em><\/p>\n\n\n\n<p><em>Der Tiefe Staat beobachtet sehr genau, was seine Marionetten machen. Er tauscht die Spieler aus; er sieht sich&nbsp; dazu gezwungen. Sie haben dabei versagt, die Sklaven unter Kontrolle zu halten. Was nachkommt, wird nicht besser sein, aber auch diese werden keine lange Halbwertzeit haben.<\/em><\/p>\n\n\n\n<p><em>&#8220;Der Auserw\u00e4hlten wegen werden die Zeiten der Drangsal verk\u00fcrzt.&#8221; Es werden also voraussichtlich Ereignisse eintreten, welche den langwierigen Erwachungsprozess beschleunigen. Sie liegen in der Luft&#8230;<\/em><\/p>\n\n\n\n<p><a href=\"https:\/\/traugott-ickeroth.com\/wp-content\/uploads\/2021\/10\/auge.jpg\">Quelle<\/a>, <a href=\"https:\/\/bit.ly\/3r6ZIJY\">\ud83e\udd63<\/a>, https:\/\/traugott-ickeroth.com\/liveticker\/<\/p>\n\n\n\n<hr class=\"wp-block-separator\"\/>\n\n\n\n<figure class=\"wp-block-image size-large\"><img loading=\"lazy\" decoding=\"async\" width=\"770\" height=\"806\" src=\"https:\/\/laszlo1713.lima-city.de\/wp-content\/uploads\/2021\/10\/IMAGE-2021-10-10-184752.jpg\" alt=\"\" class=\"wp-image-4071\" srcset=\"https:\/\/laszlo1713.lima-city.de\/wp-content\/uploads\/2021\/10\/IMAGE-2021-10-10-184752.jpg 770w, https:\/\/laszlo1713.lima-city.de\/wp-content\/uploads\/2021\/10\/IMAGE-2021-10-10-184752-287x300.jpg 287w, https:\/\/laszlo1713.lima-city.de\/wp-content\/uploads\/2021\/10\/IMAGE-2021-10-10-184752-768x804.jpg 768w\" sizes=\"auto, (max-width: 706px) 89vw, (max-width: 767px) 82vw, 740px\" \/><figcaption><span class=\"has-inline-color has-vivid-green-cyan-color\">Ismerj\u00fck meg a legf\u0151bb ellens\u00e9geinket! Ki hitte volna?<\/span><\/figcaption><\/figure>\n\n\n\n<hr class=\"wp-block-separator\"\/>\n\n\n\n<figure class=\"wp-block-image size-large\"><img loading=\"lazy\" decoding=\"async\" width=\"1024\" height=\"563\" src=\"https:\/\/laszlo1713.lima-city.de\/wp-content\/uploads\/2021\/10\/Screenshot-2021-10-10-at-20.04.50-1024x563.jpg\" alt=\"\" class=\"wp-image-4073\" srcset=\"https:\/\/laszlo1713.lima-city.de\/wp-content\/uploads\/2021\/10\/Screenshot-2021-10-10-at-20.04.50-1024x563.jpg 1024w, https:\/\/laszlo1713.lima-city.de\/wp-content\/uploads\/2021\/10\/Screenshot-2021-10-10-at-20.04.50-300x165.jpg 300w, https:\/\/laszlo1713.lima-city.de\/wp-content\/uploads\/2021\/10\/Screenshot-2021-10-10-at-20.04.50-768x422.jpg 768w, https:\/\/laszlo1713.lima-city.de\/wp-content\/uploads\/2021\/10\/Screenshot-2021-10-10-at-20.04.50-1536x844.jpg 1536w, https:\/\/laszlo1713.lima-city.de\/wp-content\/uploads\/2021\/10\/Screenshot-2021-10-10-at-20.04.50-2048x1125.jpg 2048w\" sizes=\"auto, (max-width: 706px) 89vw, (max-width: 767px) 82vw, 740px\" \/><\/figure>\n\n\n\n<p><span class=\"has-inline-color has-vivid-green-cyan-color\">Mert nem tudj\u00e1k, mit tesznek? Nem tudom, hogy mit tudnak, mit nem. Tudhatn\u00e1k (kellene tudniuk) tetteik k\u00f6vetkezm\u00e9nyeit. Hiszen megmondt\u00e1k:<\/span> &#8220;<em><strong>Legyen a ti besz\u00e9detek: igen, igen, nem, nem; ami ezekn\u00e9l t\u00f6bb, a gonoszt\u00f3l van.<\/strong><\/em>&#8220;(Mt,5.37)<\/p>\n\n\n\n<hr class=\"wp-block-separator\"\/>\n\n\n\n<figure class=\"wp-block-image size-large\"><img loading=\"lazy\" decoding=\"async\" width=\"828\" height=\"917\" src=\"https:\/\/laszlo1713.lima-city.de\/wp-content\/uploads\/2021\/10\/IMAGE-2021-10-11-123128.jpg\" alt=\"\" class=\"wp-image-4076\" srcset=\"https:\/\/laszlo1713.lima-city.de\/wp-content\/uploads\/2021\/10\/IMAGE-2021-10-11-123128.jpg 828w, https:\/\/laszlo1713.lima-city.de\/wp-content\/uploads\/2021\/10\/IMAGE-2021-10-11-123128-271x300.jpg 271w, https:\/\/laszlo1713.lima-city.de\/wp-content\/uploads\/2021\/10\/IMAGE-2021-10-11-123128-768x851.jpg 768w\" sizes=\"auto, (max-width: 706px) 89vw, (max-width: 767px) 82vw, 740px\" \/><\/figure>\n\n\n\n<p><em><span class=\"has-inline-color has-vivid-green-cyan-color\">Mindez Sv\u00e1jcban! \u00c9s Sv\u00e1jc azt jelenti: minden\u00fctt. B\u00e1buk b\u00e1bukkal! (b\u00e1b-politikus egy b\u00e1b-s\u00fcrg\u00f6ss\u00e9gi oszt\u00e1lyon) Mint egy divat\u00e1ru-kirakat. Annyi &#8220;csak&#8221; a k\u00fcl\u00f6nbs\u00e9g, hogy ebben az esetben a COVID-\u00e1rut pr\u00f3b\u00e1lj\u00e1k &#8220;eladni&#8221;.<\/span><\/em><\/p>\n\n\n\n<hr class=\"wp-block-separator\"\/>\n\n\n\n<figure class=\"wp-block-image size-large is-resized\"><img loading=\"lazy\" decoding=\"async\" src=\"https:\/\/laszlo1713.lima-city.de\/wp-content\/uploads\/2021\/10\/Screenshot-2021-10-11-at-12.43.22-1024x781.jpg\" alt=\"\" class=\"wp-image-4079\" width=\"673\" height=\"513\" srcset=\"https:\/\/laszlo1713.lima-city.de\/wp-content\/uploads\/2021\/10\/Screenshot-2021-10-11-at-12.43.22-1024x781.jpg 1024w, https:\/\/laszlo1713.lima-city.de\/wp-content\/uploads\/2021\/10\/Screenshot-2021-10-11-at-12.43.22-300x229.jpg 300w, https:\/\/laszlo1713.lima-city.de\/wp-content\/uploads\/2021\/10\/Screenshot-2021-10-11-at-12.43.22-768x586.jpg 768w, https:\/\/laszlo1713.lima-city.de\/wp-content\/uploads\/2021\/10\/Screenshot-2021-10-11-at-12.43.22.jpg 1036w\" sizes=\"auto, (max-width: 673px) 100vw, 673px\" \/><\/figure>\n\n\n\n<hr class=\"wp-block-separator\"\/>\n\n\n\n<p><em>The U.S. Navy Judge Advocate General\u2019s Corps on Wednesday convicted and sentenced <strong>Hunter Biden<\/strong> to death after 6 women appeared via ZOOM to testify how Biden and his handlers had lured them into no-escape situations where they were drugged, raped, and threatened to remain silent \u201cor else.\u201d<\/em> (&#8230;)  <em>the tribunal reached a swift decision, finding Hunter Biden guilty on all charges and recommending he receive the death sentence for his crimes. Rear Adm. Crandall agreed, and he scheduled Hunter\u2019s hanging for October 15.<\/em> (Michael Baxter)<\/p>\n\n\n\n<hr class=\"wp-block-separator\"\/>\n\n\n\n<figure class=\"wp-block-image size-large\"><img loading=\"lazy\" decoding=\"async\" width=\"1024\" height=\"589\" src=\"https:\/\/laszlo1713.lima-city.de\/wp-content\/uploads\/2021\/10\/Screenshot-2021-10-11-at-15.54.16-1024x589.jpg\" alt=\"\" class=\"wp-image-4083\" srcset=\"https:\/\/laszlo1713.lima-city.de\/wp-content\/uploads\/2021\/10\/Screenshot-2021-10-11-at-15.54.16-1024x589.jpg 1024w, https:\/\/laszlo1713.lima-city.de\/wp-content\/uploads\/2021\/10\/Screenshot-2021-10-11-at-15.54.16-300x173.jpg 300w, https:\/\/laszlo1713.lima-city.de\/wp-content\/uploads\/2021\/10\/Screenshot-2021-10-11-at-15.54.16-768x442.jpg 768w, https:\/\/laszlo1713.lima-city.de\/wp-content\/uploads\/2021\/10\/Screenshot-2021-10-11-at-15.54.16-1536x884.jpg 1536w, https:\/\/laszlo1713.lima-city.de\/wp-content\/uploads\/2021\/10\/Screenshot-2021-10-11-at-15.54.16.jpg 1540w\" sizes=\"auto, (max-width: 706px) 89vw, (max-width: 767px) 82vw, 740px\" \/><\/figure>\n\n\n\n<p>K\u00fche, die dank Pillen kein Methan mehr produzieren, Seesterne aus dem Reagenzglas gegen den Klimawandel, Drohnen zur Wiederaufforstung in Afrika, Enzyme aus menschlichem Blut zur Betonverst\u00e4rkung. Die neuesten Ideen des Weltwirtschaftsforums sind skurril und lassen aufhorchen.<\/p>\n\n\n\n<p>Der gro\u00dfe Reset-Architekt Klaus Schwab m\u00f6chte, dass die Menschen frei von Eigentum sind, gegen jede Krankheit geimpft werden, kultiviertes Fleisch essen und in \u201eintelligenten St\u00e4dten\u201c leben. Das Weltwirtschaftsforum hat dazu kurze Wohlf\u00fchlvideos gedreht, die den B\u00fcrgern das Gef\u00fchl vermitteln, dass sie bei der Neugestaltung der Welt etwas zu sagen haben.<\/p>\n\n\n\n<p>Vor einigen Tagen erschien zum Beispiel ein Kurzfilm \u00fcber \u201eklimafreundliche\u201c H\u00e4user in Afrika, die mit einem 3D-Drucker hergestellt wurden. Wer profitiert von solchen H\u00e4usern? Afrikanische Landwirte tun dies wahrscheinlich nicht.<\/p>\n\n\n\n<figure class=\"wp-block-image size-large\"><img loading=\"lazy\" decoding=\"async\" width=\"837\" height=\"1024\" src=\"https:\/\/laszlo1713.lima-city.de\/wp-content\/uploads\/2021\/10\/IMAGE-2021-10-11-151133-837x1024.jpg\" alt=\"\" class=\"wp-image-4085\" srcset=\"https:\/\/laszlo1713.lima-city.de\/wp-content\/uploads\/2021\/10\/IMAGE-2021-10-11-151133-837x1024.jpg 837w, https:\/\/laszlo1713.lima-city.de\/wp-content\/uploads\/2021\/10\/IMAGE-2021-10-11-151133-245x300.jpg 245w, https:\/\/laszlo1713.lima-city.de\/wp-content\/uploads\/2021\/10\/IMAGE-2021-10-11-151133-768x940.jpg 768w, https:\/\/laszlo1713.lima-city.de\/wp-content\/uploads\/2021\/10\/IMAGE-2021-10-11-151133.jpg 1046w\" sizes=\"auto, (max-width: 706px) 89vw, (max-width: 767px) 82vw, 740px\" \/><\/figure>\n\n\n\n<hr class=\"wp-block-separator\"\/>\n\n\n\n<figure class=\"wp-block-image size-large\"><img loading=\"lazy\" decoding=\"async\" width=\"1024\" height=\"820\" src=\"https:\/\/laszlo1713.lima-city.de\/wp-content\/uploads\/2021\/10\/Screenshot-2021-10-12-at-17.59.33-1024x820.jpg\" alt=\"\" class=\"wp-image-4090\" srcset=\"https:\/\/laszlo1713.lima-city.de\/wp-content\/uploads\/2021\/10\/Screenshot-2021-10-12-at-17.59.33-1024x820.jpg 1024w, https:\/\/laszlo1713.lima-city.de\/wp-content\/uploads\/2021\/10\/Screenshot-2021-10-12-at-17.59.33-300x240.jpg 300w, https:\/\/laszlo1713.lima-city.de\/wp-content\/uploads\/2021\/10\/Screenshot-2021-10-12-at-17.59.33-768x615.jpg 768w, https:\/\/laszlo1713.lima-city.de\/wp-content\/uploads\/2021\/10\/Screenshot-2021-10-12-at-17.59.33.jpg 1102w\" sizes=\"auto, (max-width: 706px) 89vw, (max-width: 767px) 82vw, 740px\" \/><\/figure>\n\n\n\n<hr class=\"wp-block-separator\"\/>\n\n\n\n<figure class=\"wp-block-image size-large\"><img loading=\"lazy\" decoding=\"async\" width=\"1024\" height=\"510\" src=\"https:\/\/laszlo1713.lima-city.de\/wp-content\/uploads\/2021\/10\/2021-10-12-08.57.10-1024x510.jpg\" alt=\"\" class=\"wp-image-4088\" srcset=\"https:\/\/laszlo1713.lima-city.de\/wp-content\/uploads\/2021\/10\/2021-10-12-08.57.10-1024x510.jpg 1024w, https:\/\/laszlo1713.lima-city.de\/wp-content\/uploads\/2021\/10\/2021-10-12-08.57.10-300x150.jpg 300w, https:\/\/laszlo1713.lima-city.de\/wp-content\/uploads\/2021\/10\/2021-10-12-08.57.10-768x383.jpg 768w, https:\/\/laszlo1713.lima-city.de\/wp-content\/uploads\/2021\/10\/2021-10-12-08.57.10.jpg 1200w\" sizes=\"auto, (max-width: 706px) 89vw, (max-width: 767px) 82vw, 740px\" \/><\/figure>\n\n\n\n<hr class=\"wp-block-separator\"\/>\n\n\n\n<figure class=\"wp-block-image size-large\"><img loading=\"lazy\" decoding=\"async\" width=\"777\" height=\"960\" src=\"https:\/\/laszlo1713.lima-city.de\/wp-content\/uploads\/2021\/10\/IMAGE-2021-10-12-204427.jpg\" alt=\"\" class=\"wp-image-4092\" srcset=\"https:\/\/laszlo1713.lima-city.de\/wp-content\/uploads\/2021\/10\/IMAGE-2021-10-12-204427.jpg 777w, https:\/\/laszlo1713.lima-city.de\/wp-content\/uploads\/2021\/10\/IMAGE-2021-10-12-204427-243x300.jpg 243w, https:\/\/laszlo1713.lima-city.de\/wp-content\/uploads\/2021\/10\/IMAGE-2021-10-12-204427-768x949.jpg 768w\" sizes=\"auto, (max-width: 706px) 89vw, (max-width: 767px) 82vw, 740px\" \/><\/figure>\n\n\n\n<hr class=\"wp-block-separator\"\/>\n\n\n\n<figure class=\"wp-block-image size-large\"><img loading=\"lazy\" decoding=\"async\" width=\"800\" height=\"575\" src=\"https:\/\/laszlo1713.lima-city.de\/wp-content\/uploads\/2021\/10\/IMAGE-2021-10-12-213347.jpg\" alt=\"\" class=\"wp-image-4095\" srcset=\"https:\/\/laszlo1713.lima-city.de\/wp-content\/uploads\/2021\/10\/IMAGE-2021-10-12-213347.jpg 800w, https:\/\/laszlo1713.lima-city.de\/wp-content\/uploads\/2021\/10\/IMAGE-2021-10-12-213347-300x216.jpg 300w, https:\/\/laszlo1713.lima-city.de\/wp-content\/uploads\/2021\/10\/IMAGE-2021-10-12-213347-768x552.jpg 768w\" sizes=\"auto, (max-width: 706px) 89vw, (max-width: 767px) 82vw, 740px\" \/><figcaption>ANTIFA (Antifaschistische Aktion)<\/figcaption><\/figure>\n\n\n\n<p><em>The original Antifa was a Jewish run paramilitary organization of the Communist Party in Weimar Germany. &nbsp;<\/em><\/p>\n\n\n\n<p><em>They attempted to destroy any Nationalist uprising of the German people in a post WW1 society.&nbsp; Their goal was to force a communist revolution in Germany like the one in Russia.<\/em><\/p>\n\n\n\n<hr class=\"wp-block-separator\"\/>\n\n\n\n<figure class=\"wp-block-image size-large\"><img loading=\"lazy\" decoding=\"async\" width=\"1024\" height=\"881\" src=\"https:\/\/laszlo1713.lima-city.de\/wp-content\/uploads\/2021\/10\/Screenshot-2021-10-13-at-08.54.56-1024x881.jpg\" alt=\"\" class=\"wp-image-4097\" srcset=\"https:\/\/laszlo1713.lima-city.de\/wp-content\/uploads\/2021\/10\/Screenshot-2021-10-13-at-08.54.56-1024x881.jpg 1024w, https:\/\/laszlo1713.lima-city.de\/wp-content\/uploads\/2021\/10\/Screenshot-2021-10-13-at-08.54.56-300x258.jpg 300w, https:\/\/laszlo1713.lima-city.de\/wp-content\/uploads\/2021\/10\/Screenshot-2021-10-13-at-08.54.56-768x661.jpg 768w, https:\/\/laszlo1713.lima-city.de\/wp-content\/uploads\/2021\/10\/Screenshot-2021-10-13-at-08.54.56.jpg 1530w\" sizes=\"auto, (max-width: 706px) 89vw, (max-width: 767px) 82vw, 740px\" \/><figcaption>Dieser Artikel, der von Global Research am 30. Juli 2021 ver\u00f6ffentlicht wurde, best\u00e4tigt eindeutig, dass die WHO in etwas verwickelt ist, das man als eine profitorientierte \u201ekriminelle Agenda\u201c bezeichnen k\u00f6nnte.<\/figcaption><\/figure>\n\n\n\n<p><span class=\"has-inline-color has-vivid-green-cyan-color\">Sok van a WHO rov\u00e1s\u00e1n. Megint csak a szimb\u00f3lumok \u00e1rulkodnak a legink\u00e1bb.<\/span><\/p>\n\n\n\n<figure class=\"wp-block-image size-large\"><img loading=\"lazy\" decoding=\"async\" width=\"1024\" height=\"947\" src=\"https:\/\/laszlo1713.lima-city.de\/wp-content\/uploads\/2021\/10\/IMG_1373-1024x947.jpg\" alt=\"\" class=\"wp-image-4099\" srcset=\"https:\/\/laszlo1713.lima-city.de\/wp-content\/uploads\/2021\/10\/IMG_1373-1024x947.jpg 1024w, https:\/\/laszlo1713.lima-city.de\/wp-content\/uploads\/2021\/10\/IMG_1373-300x277.jpg 300w, https:\/\/laszlo1713.lima-city.de\/wp-content\/uploads\/2021\/10\/IMG_1373-768x710.jpg 768w, https:\/\/laszlo1713.lima-city.de\/wp-content\/uploads\/2021\/10\/IMG_1373.jpg 1125w\" sizes=\"auto, (max-width: 706px) 89vw, (max-width: 767px) 82vw, 740px\" \/><\/figure>\n\n\n\n<p><span class=\"has-inline-color has-vivid-green-cyan-color\">A WHO mondhatn\u00e1nk &#8220;nyakig benne van Baphometben&#8221;. Innen tal\u00e1n sok minden jobban \u00e9rthet\u0151.<\/span><\/p>\n\n\n\n<hr class=\"wp-block-separator\"\/>\n\n\n\n<figure class=\"wp-block-image size-large\"><img loading=\"lazy\" decoding=\"async\" width=\"960\" height=\"824\" src=\"https:\/\/laszlo1713.lima-city.de\/wp-content\/uploads\/2021\/10\/IMAGE-2021-10-13-111755.jpg\" alt=\"\" class=\"wp-image-4101\" srcset=\"https:\/\/laszlo1713.lima-city.de\/wp-content\/uploads\/2021\/10\/IMAGE-2021-10-13-111755.jpg 960w, https:\/\/laszlo1713.lima-city.de\/wp-content\/uploads\/2021\/10\/IMAGE-2021-10-13-111755-300x258.jpg 300w, https:\/\/laszlo1713.lima-city.de\/wp-content\/uploads\/2021\/10\/IMAGE-2021-10-13-111755-768x659.jpg 768w\" sizes=\"auto, (max-width: 706px) 89vw, (max-width: 767px) 82vw, 740px\" \/><\/figure>\n\n\n\n<p><span class=\"has-inline-color has-vivid-green-cyan-color\">Innent\u0151l (hivatalosan) m\u00e1r nem &#8220;\u00f6sszeesk\u00fcv\u00e9selm\u00e9let&#8221;? Nyomorultak.<\/span><\/p>\n\n\n\n<p><\/p>\n\n\n\n<hr class=\"wp-block-separator\"\/>\n\n\n\n<figure class=\"wp-block-image size-large\"><img loading=\"lazy\" decoding=\"async\" width=\"1024\" height=\"733\" src=\"https:\/\/laszlo1713.lima-city.de\/wp-content\/uploads\/2021\/10\/Screenshot-2021-10-13-at-15.22.01-1024x733.jpg\" alt=\"\" class=\"wp-image-4104\" srcset=\"https:\/\/laszlo1713.lima-city.de\/wp-content\/uploads\/2021\/10\/Screenshot-2021-10-13-at-15.22.01-1024x733.jpg 1024w, https:\/\/laszlo1713.lima-city.de\/wp-content\/uploads\/2021\/10\/Screenshot-2021-10-13-at-15.22.01-300x215.jpg 300w, https:\/\/laszlo1713.lima-city.de\/wp-content\/uploads\/2021\/10\/Screenshot-2021-10-13-at-15.22.01-768x549.jpg 768w, https:\/\/laszlo1713.lima-city.de\/wp-content\/uploads\/2021\/10\/Screenshot-2021-10-13-at-15.22.01-1536x1099.jpg 1536w, https:\/\/laszlo1713.lima-city.de\/wp-content\/uploads\/2021\/10\/Screenshot-2021-10-13-at-15.22.01.jpg 1546w\" sizes=\"auto, (max-width: 706px) 89vw, (max-width: 767px) 82vw, 740px\" \/><\/figure>\n\n\n\n<p><em>Ein weltbekannter Psychiater behauptet, dass eine b\u00f6se Kabale m\u00e4chtiger Eliten, darunter der Direktor des National Institute of Allergy and Infectious Diseases, Anthony Fauci, der Tech-Milliard\u00e4r Bill Gates und der Gr\u00fcnder des World Economic Forum, Klaus Schwab, die COVID-Pandemie ins Leben gerufen haben, um die t\u00f6dlichen Impfstoffe einer ahnungslosen \u00d6ffentlichkeit aufzudr\u00e4ngen und eine \u201eneue Weltordnung\u201c einzuf\u00fchren.<\/em> (&#8230;)<\/p>\n\n\n\n<p><em>\u201eEs ist an der Zeit, den Tatsachen ins Auge zu sehen und sich von der Vorstellung zu verabschieden, dass es sich um einen Zufall handelt oder um etwas Verr\u00fccktes oder Bizarres oder etwas, das keinen Sinn ergibt\u201c, sagte Breggin.<\/em> (&#8230;)<\/p>\n\n\n\n<hr class=\"wp-block-separator\"\/>\n\n\n\n<figure class=\"wp-block-image size-large\"><img loading=\"lazy\" decoding=\"async\" width=\"1024\" height=\"1005\" src=\"https:\/\/laszlo1713.lima-city.de\/wp-content\/uploads\/2021\/10\/Screenshot-2021-10-13-at-15.38.21-1024x1005.jpg\" alt=\"\" class=\"wp-image-4109\" srcset=\"https:\/\/laszlo1713.lima-city.de\/wp-content\/uploads\/2021\/10\/Screenshot-2021-10-13-at-15.38.21-1024x1005.jpg 1024w, https:\/\/laszlo1713.lima-city.de\/wp-content\/uploads\/2021\/10\/Screenshot-2021-10-13-at-15.38.21-300x294.jpg 300w, https:\/\/laszlo1713.lima-city.de\/wp-content\/uploads\/2021\/10\/Screenshot-2021-10-13-at-15.38.21-768x753.jpg 768w, https:\/\/laszlo1713.lima-city.de\/wp-content\/uploads\/2021\/10\/Screenshot-2021-10-13-at-15.38.21-1536x1507.jpg 1536w, https:\/\/laszlo1713.lima-city.de\/wp-content\/uploads\/2021\/10\/Screenshot-2021-10-13-at-15.38.21.jpg 1582w\" sizes=\"auto, (max-width: 706px) 89vw, (max-width: 767px) 82vw, 740px\" \/><\/figure>\n\n\n\n<p><em>Der renommierte COVID-19-Experte und hochrangig publizierte Arzt Dr. Peter McCullough hielt vor Kollegen einen umfassenden, gut&nbsp;dokumentierten Vortrag \u00fcber die \u201eunglaublichen Gr\u00e4ueltaten\u201c, die im Westen aufgrund von Gentransfer-Impfkampagnen geschehen, \u00fcber die Notwendigkeit eines \u201eun\u00fcberwindbaren Widerstands\u201c gegen die Impfung von Kindern und \u00fcber die \u201eerstaunliche \u2026 Unf\u00e4higkeit und das vors\u00e4tzliche Fehlverhalten\u201c der \u00f6ffentlichen Gesundheitsbeh\u00f6rden.<\/em><\/p>\n\n\n\n<hr class=\"wp-block-separator\"\/>\n\n\n\n<figure class=\"wp-block-image size-large\"><img loading=\"lazy\" decoding=\"async\" width=\"1024\" height=\"864\" src=\"https:\/\/laszlo1713.lima-city.de\/wp-content\/uploads\/2021\/10\/Screenshot-2021-10-13-at-18.48.56-1024x864.jpg\" alt=\"\" class=\"wp-image-4112\" srcset=\"https:\/\/laszlo1713.lima-city.de\/wp-content\/uploads\/2021\/10\/Screenshot-2021-10-13-at-18.48.56-1024x864.jpg 1024w, https:\/\/laszlo1713.lima-city.de\/wp-content\/uploads\/2021\/10\/Screenshot-2021-10-13-at-18.48.56-300x253.jpg 300w, https:\/\/laszlo1713.lima-city.de\/wp-content\/uploads\/2021\/10\/Screenshot-2021-10-13-at-18.48.56-768x648.jpg 768w, https:\/\/laszlo1713.lima-city.de\/wp-content\/uploads\/2021\/10\/Screenshot-2021-10-13-at-18.48.56.jpg 1448w\" sizes=\"auto, (max-width: 706px) 89vw, (max-width: 767px) 82vw, 740px\" \/><figcaption>On Monday afternoon, former New York Governor Andrew Cuomo learned his fate, having been held responsible for the needless deaths of thousands of senior citizens who perished during the first wave of a largely manufactured global plandemic. He was sentenced to death after a 3-officer panel at Guantanamo Bay heard testimony from former members of Cuomo\u2019s staff, nursing home and hospice employees, and the worker of a freight company who claimed Cuomo had threatened to bankrupt the company unless it converted 18-wheelers into a fleet of roving freezers and crematoriums. (&#8230;)<br><br>After excusing the witness, Rear Adm. Crandall instructed the tribunal to carefully read the documents and to thoroughly consider the testimony it had heard. The panel sequestered itself in an antechamber and deliberated for three hours before returning a verdict of guilty on all counts, recommending that Andrew Cuomo be hanged for his crimes.<br>An execution date is pending.<\/figcaption><\/figure>\n\n\n\n<hr class=\"wp-block-separator\"\/>\n\n\n\n<figure class=\"wp-block-image size-large\"><img loading=\"lazy\" decoding=\"async\" width=\"809\" height=\"1024\" src=\"https:\/\/laszlo1713.lima-city.de\/wp-content\/uploads\/2021\/10\/IMAGE-2021-10-14-085701-809x1024.jpg\" alt=\"\" class=\"wp-image-4115\" srcset=\"https:\/\/laszlo1713.lima-city.de\/wp-content\/uploads\/2021\/10\/IMAGE-2021-10-14-085701-809x1024.jpg 809w, https:\/\/laszlo1713.lima-city.de\/wp-content\/uploads\/2021\/10\/IMAGE-2021-10-14-085701-237x300.jpg 237w, https:\/\/laszlo1713.lima-city.de\/wp-content\/uploads\/2021\/10\/IMAGE-2021-10-14-085701-768x972.jpg 768w, https:\/\/laszlo1713.lima-city.de\/wp-content\/uploads\/2021\/10\/IMAGE-2021-10-14-085701.jpg 839w\" sizes=\"auto, (max-width: 706px) 89vw, (max-width: 767px) 82vw, 740px\" \/><\/figure>\n\n\n\n<figure class=\"wp-block-image size-large\"><img loading=\"lazy\" decoding=\"async\" width=\"1024\" height=\"768\" src=\"https:\/\/laszlo1713.lima-city.de\/wp-content\/uploads\/2021\/10\/IMAGE-2021-10-14-085931-1024x768.jpg\" alt=\"\" class=\"wp-image-4116\" srcset=\"https:\/\/laszlo1713.lima-city.de\/wp-content\/uploads\/2021\/10\/IMAGE-2021-10-14-085931-1024x768.jpg 1024w, https:\/\/laszlo1713.lima-city.de\/wp-content\/uploads\/2021\/10\/IMAGE-2021-10-14-085931-300x225.jpg 300w, https:\/\/laszlo1713.lima-city.de\/wp-content\/uploads\/2021\/10\/IMAGE-2021-10-14-085931-768x576.jpg 768w, https:\/\/laszlo1713.lima-city.de\/wp-content\/uploads\/2021\/10\/IMAGE-2021-10-14-085931.jpg 1280w\" sizes=\"auto, (max-width: 706px) 89vw, (max-width: 767px) 82vw, 740px\" \/><\/figure>\n\n\n\n<p>&#8220;<em>Vil\u00e1gosodik lassacsk\u00e1n elm\u00e9m<\/em> &#8230;&#8221;<\/p>\n\n\n\n<hr class=\"wp-block-separator\"\/>\n\n\n\n<figure class=\"wp-block-image size-large\"><img loading=\"lazy\" decoding=\"async\" width=\"710\" height=\"669\" src=\"https:\/\/laszlo1713.lima-city.de\/wp-content\/uploads\/2021\/10\/IMAGE-2021-10-14-103613.jpg\" alt=\"\" class=\"wp-image-4119\" srcset=\"https:\/\/laszlo1713.lima-city.de\/wp-content\/uploads\/2021\/10\/IMAGE-2021-10-14-103613.jpg 710w, https:\/\/laszlo1713.lima-city.de\/wp-content\/uploads\/2021\/10\/IMAGE-2021-10-14-103613-300x283.jpg 300w\" sizes=\"auto, (max-width: 710px) 100vw, 710px\" \/><figcaption><span class=\"has-inline-color has-vivid-green-cyan-color\">A &#8220;gy\u00f6k\u00e9r&#8221;. Te csak h\u00e1zasodj, Ausztria? Nem, az r\u00e9gen volt, most a &#8220;f\u00e9rfikapcsolat&#8221; j\u00f6tt divatba.<\/span><\/figcaption><\/figure>\n\n\n\n<hr class=\"wp-block-separator\"\/>\n\n\n\n<figure class=\"wp-block-image size-large\"><img loading=\"lazy\" decoding=\"async\" width=\"920\" height=\"646\" src=\"https:\/\/laszlo1713.lima-city.de\/wp-content\/uploads\/2021\/10\/Screenshot-2021-10-14-at-20.29.46.jpg\" alt=\"\" class=\"wp-image-4123\" srcset=\"https:\/\/laszlo1713.lima-city.de\/wp-content\/uploads\/2021\/10\/Screenshot-2021-10-14-at-20.29.46.jpg 920w, https:\/\/laszlo1713.lima-city.de\/wp-content\/uploads\/2021\/10\/Screenshot-2021-10-14-at-20.29.46-300x211.jpg 300w, https:\/\/laszlo1713.lima-city.de\/wp-content\/uploads\/2021\/10\/Screenshot-2021-10-14-at-20.29.46-768x539.jpg 768w\" sizes=\"auto, (max-width: 706px) 89vw, (max-width: 767px) 82vw, 740px\" \/><figcaption><span class=\"has-inline-color has-vivid-green-cyan-color\">Tal\u00e1l\u00f3s k\u00e9rd\u00e9s: kik ezek a tin\u00e9dzserek a k\u00e9pen? Nem k\u00f6nny\u0171 kital\u00e1lni, ekkor m\u00e9g csak kevesen ismert\u00e9k \u0151ket. Minden esetre az \u00fan. h\u00e1tt\u00e9rhatalom (DS) idejekor\u00e1n felkarolta h\u00e1romukat Londonban, ahol a t\u00f6megek szoci\u00e1lis befoly\u00e1solhat\u00f3s\u00e1g\u00e1t (Social Ingenieuring) tanult\u00e1k a h\u00edres k\u00e1derk\u00e9pz\u0151ben (Tavistock Institute).<\/span><\/figcaption><\/figure>\n\n\n\n<figure class=\"wp-block-image size-large\"><img loading=\"lazy\" decoding=\"async\" width=\"1024\" height=\"718\" src=\"https:\/\/laszlo1713.lima-city.de\/wp-content\/uploads\/2021\/10\/Screenshot-2021-10-14-at-20.30.08-1024x718.jpg\" alt=\"\" class=\"wp-image-4124\" srcset=\"https:\/\/laszlo1713.lima-city.de\/wp-content\/uploads\/2021\/10\/Screenshot-2021-10-14-at-20.30.08-1024x718.jpg 1024w, https:\/\/laszlo1713.lima-city.de\/wp-content\/uploads\/2021\/10\/Screenshot-2021-10-14-at-20.30.08-300x210.jpg 300w, https:\/\/laszlo1713.lima-city.de\/wp-content\/uploads\/2021\/10\/Screenshot-2021-10-14-at-20.30.08-768x538.jpg 768w, https:\/\/laszlo1713.lima-city.de\/wp-content\/uploads\/2021\/10\/Screenshot-2021-10-14-at-20.30.08.jpg 1278w\" sizes=\"auto, (max-width: 706px) 89vw, (max-width: 767px) 82vw, 740px\" \/><\/figure>\n\n\n\n<p><span class=\"has-inline-color has-vivid-green-cyan-color\">\u00c9s l\u00e1sd, mi lett bel\u0151l\u00fck: N\u00e9metorsz\u00e1g minisztereln\u00f6ke, Anglia minisztereln\u00f6ke \u00e9s Lettorsz\u00e1g minisztereln\u00f6ke. Micsoda v\u00e9letlen!<\/span><\/p>\n\n\n\n<figure class=\"wp-block-image size-large\"><img loading=\"lazy\" decoding=\"async\" width=\"1024\" height=\"724\" src=\"https:\/\/laszlo1713.lima-city.de\/wp-content\/uploads\/2021\/10\/Screenshot-2021-10-14-at-20.30.53-1024x724.jpg\" alt=\"\" class=\"wp-image-4125\" srcset=\"https:\/\/laszlo1713.lima-city.de\/wp-content\/uploads\/2021\/10\/Screenshot-2021-10-14-at-20.30.53-1024x724.jpg 1024w, https:\/\/laszlo1713.lima-city.de\/wp-content\/uploads\/2021\/10\/Screenshot-2021-10-14-at-20.30.53-300x212.jpg 300w, https:\/\/laszlo1713.lima-city.de\/wp-content\/uploads\/2021\/10\/Screenshot-2021-10-14-at-20.30.53-768x543.jpg 768w, https:\/\/laszlo1713.lima-city.de\/wp-content\/uploads\/2021\/10\/Screenshot-2021-10-14-at-20.30.53.jpg 1256w\" sizes=\"auto, (max-width: 706px) 89vw, (max-width: 767px) 82vw, 740px\" \/><\/figure>\n\n\n\n<hr class=\"wp-block-separator\"\/>\n\n\n\n<figure class=\"wp-block-image size-large\"><img loading=\"lazy\" decoding=\"async\" width=\"1024\" height=\"187\" src=\"https:\/\/laszlo1713.lima-city.de\/wp-content\/uploads\/2021\/10\/Screenshot-2021-10-15-at-18.18.02-1024x187.jpg\" alt=\"\" class=\"wp-image-4129\" srcset=\"https:\/\/laszlo1713.lima-city.de\/wp-content\/uploads\/2021\/10\/Screenshot-2021-10-15-at-18.18.02-1024x187.jpg 1024w, https:\/\/laszlo1713.lima-city.de\/wp-content\/uploads\/2021\/10\/Screenshot-2021-10-15-at-18.18.02-300x55.jpg 300w, https:\/\/laszlo1713.lima-city.de\/wp-content\/uploads\/2021\/10\/Screenshot-2021-10-15-at-18.18.02-768x140.jpg 768w, https:\/\/laszlo1713.lima-city.de\/wp-content\/uploads\/2021\/10\/Screenshot-2021-10-15-at-18.18.02.jpg 1098w\" sizes=\"auto, (max-width: 706px) 89vw, (max-width: 767px) 82vw, 740px\" \/><\/figure>\n\n\n\n<hr class=\"wp-block-separator\"\/>\n","protected":false},"excerpt":{"rendered":"<p>On Friday Morning convicted murderer and Microsoft founder Bill Gates got a surprise wakeup call when U.S. Marines entered his Camp Delta cell and informed him that JAG had rescheduled his execution from October 5 to at once. Without giving a reason for the rescheduling, they told Gates an execution detail would soon arrive to &hellip; <\/p>\n<p class=\"link-more\"><a href=\"https:\/\/laszlo1713.lima-city.de\/index.php\/lapszemle-v\/\" class=\"more-link\">Continue reading<span class=\"screen-reader-text\"> &#8220;Lapszemle V.&#8221;<\/span><\/a><\/p>\n","protected":false},"author":1,"featured_media":0,"parent":0,"menu_order":0,"comment_status":"closed","ping_status":"closed","template":"","meta":{"footnotes":""},"class_list":["post-3974","page","type-page","status-publish","hentry"],"_links":{"self":[{"href":"https:\/\/laszlo1713.lima-city.de\/index.php\/wp-json\/wp\/v2\/pages\/3974","targetHints":{"allow":["GET"]}}],"collection":[{"href":"https:\/\/laszlo1713.lima-city.de\/index.php\/wp-json\/wp\/v2\/pages"}],"about":[{"href":"https:\/\/laszlo1713.lima-city.de\/index.php\/wp-json\/wp\/v2\/types\/page"}],"author":[{"embeddable":true,"href":"https:\/\/laszlo1713.lima-city.de\/index.php\/wp-json\/wp\/v2\/users\/1"}],"replies":[{"embeddable":true,"href":"https:\/\/laszlo1713.lima-city.de\/index.php\/wp-json\/wp\/v2\/comments?post=3974"}],"version-history":[{"count":49,"href":"https:\/\/laszlo1713.lima-city.de\/index.php\/wp-json\/wp\/v2\/pages\/3974\/revisions"}],"predecessor-version":[{"id":4130,"href":"https:\/\/laszlo1713.lima-city.de\/index.php\/wp-json\/wp\/v2\/pages\/3974\/revisions\/4130"}],"wp:attachment":[{"href":"https:\/\/laszlo1713.lima-city.de\/index.php\/wp-json\/wp\/v2\/media?parent=3974"}],"curies":[{"name":"wp","href":"https:\/\/api.w.org\/{rel}","templated":true}]}}