{"id":3789,"date":"2021-09-01T16:21:55","date_gmt":"2021-09-01T14:21:55","guid":{"rendered":"https:\/\/laszlo1713.lima-city.de\/?page_id=3789"},"modified":"2021-10-01T20:47:17","modified_gmt":"2021-10-01T18:47:17","slug":"lapszemle-iv","status":"publish","type":"page","link":"https:\/\/laszlo1713.lima-city.de\/index.php\/lapszemle-iv\/","title":{"rendered":"Lapszemle IV."},"content":{"rendered":"\n<figure class=\"wp-block-image size-large\"><img loading=\"lazy\" decoding=\"async\" width=\"720\" height=\"787\" src=\"https:\/\/laszlo1713.lima-city.de\/wp-content\/uploads\/2021\/09\/IMAGE-2021-09-01-162857.jpg\" alt=\"\" class=\"wp-image-3797\" srcset=\"https:\/\/laszlo1713.lima-city.de\/wp-content\/uploads\/2021\/09\/IMAGE-2021-09-01-162857.jpg 720w, https:\/\/laszlo1713.lima-city.de\/wp-content\/uploads\/2021\/09\/IMAGE-2021-09-01-162857-274x300.jpg 274w\" sizes=\"auto, (max-width: 720px) 100vw, 720px\" \/><figcaption><span class=\"has-inline-color has-vivid-green-cyan-color\">\u00daj term\u00e9szeti t\u00f6rv\u00e9ny: a h\u00fclyes\u00e9g megmarad\u00e1s\u00e1nak t\u00f6rv\u00e9nye?<\/span><\/figcaption><\/figure>\n\n\n\n<hr class=\"wp-block-separator\"\/>\n\n\n\n<figure class=\"wp-block-image size-large\"><img loading=\"lazy\" decoding=\"async\" width=\"1024\" height=\"654\" src=\"https:\/\/laszlo1713.lima-city.de\/wp-content\/uploads\/2021\/09\/Screenshot-2021-09-01-at-20.39.00-1024x654.jpg\" alt=\"\" class=\"wp-image-3801\" srcset=\"https:\/\/laszlo1713.lima-city.de\/wp-content\/uploads\/2021\/09\/Screenshot-2021-09-01-at-20.39.00-1024x654.jpg 1024w, https:\/\/laszlo1713.lima-city.de\/wp-content\/uploads\/2021\/09\/Screenshot-2021-09-01-at-20.39.00-300x192.jpg 300w, https:\/\/laszlo1713.lima-city.de\/wp-content\/uploads\/2021\/09\/Screenshot-2021-09-01-at-20.39.00-768x490.jpg 768w, https:\/\/laszlo1713.lima-city.de\/wp-content\/uploads\/2021\/09\/Screenshot-2021-09-01-at-20.39.00.jpg 1344w\" sizes=\"auto, (max-width: 706px) 89vw, (max-width: 767px) 82vw, 740px\" \/><\/figure>\n\n\n\n<p>\u201c<em>People in authority lie. People in authority will abuse every power we relinquish to them . . . this is the product of pharmaceutical driven bio-security agenda that willl enslave the entire human race<\/em>.&#8221; (RFK Jr.)<\/p>\n\n\n\n<hr class=\"wp-block-separator\"\/>\n\n\n\n<figure class=\"wp-block-image size-large is-resized\"><img loading=\"lazy\" decoding=\"async\" src=\"https:\/\/laszlo1713.lima-city.de\/wp-content\/uploads\/2021\/09\/IMAGE-2021-09-02-072008.jpg\" alt=\"\" class=\"wp-image-3804\" width=\"622\" height=\"486\" srcset=\"https:\/\/laszlo1713.lima-city.de\/wp-content\/uploads\/2021\/09\/IMAGE-2021-09-02-072008.jpg 622w, https:\/\/laszlo1713.lima-city.de\/wp-content\/uploads\/2021\/09\/IMAGE-2021-09-02-072008-300x234.jpg 300w\" sizes=\"auto, (max-width: 622px) 100vw, 622px\" \/><\/figure>\n\n\n\n<p><span class=\"has-inline-color has-vivid-green-cyan-color\">Csak a &#8220;h\u00fclye&#8221; nem l\u00e1tja (l\u00e1tta kezdett\u0151l fogva)? A &#8220;h\u00fclyes\u00e9g&#8221;  teh\u00e1t milli\u00f3s nagys\u00e1grend\u0171? <\/span><\/p>\n\n\n\n<hr class=\"wp-block-separator\"\/>\n\n\n\n<figure class=\"wp-block-image size-large\"><img loading=\"lazy\" decoding=\"async\" width=\"750\" height=\"730\" src=\"https:\/\/laszlo1713.lima-city.de\/wp-content\/uploads\/2021\/09\/IMAGE-2021-09-02-072532.jpg\" alt=\"\" class=\"wp-image-3806\" srcset=\"https:\/\/laszlo1713.lima-city.de\/wp-content\/uploads\/2021\/09\/IMAGE-2021-09-02-072532.jpg 750w, https:\/\/laszlo1713.lima-city.de\/wp-content\/uploads\/2021\/09\/IMAGE-2021-09-02-072532-300x292.jpg 300w\" sizes=\"auto, (max-width: 706px) 89vw, (max-width: 767px) 82vw, 740px\" \/><\/figure>\n\n\n\n<p><span class=\"has-inline-color has-vivid-green-cyan-color\">A vakcina nagyon fontos nekik (DS, s\u00e1t\u00e1ni h\u00e1tt\u00e9rhatalom, illumin\u00e1tus vil\u00e1guralom), ez ugyanis t\u00e9nylegesen egyfajta &#8220;jel&#8221;. A &#8220;beavat\u00e1s&#8221; (hozz\u00e1tartoz\u00e1s) jele. Aki \u00f6nk\u00e9nt teszi, tegye.  Mi van viszont a csecsem\u0151kkel, gyermekekkel, mindenkivel, aki b\u00e1rmilyen okb\u00f3l nem tud maga d\u00f6nteni?<\/span><\/p>\n\n\n\n<hr class=\"wp-block-separator\"\/>\n\n\n\n<figure class=\"wp-block-image size-large\"><img loading=\"lazy\" decoding=\"async\" width=\"906\" height=\"981\" src=\"https:\/\/laszlo1713.lima-city.de\/wp-content\/uploads\/2021\/09\/IMAGE-2021-09-02-161227.jpg\" alt=\"\" class=\"wp-image-3808\" srcset=\"https:\/\/laszlo1713.lima-city.de\/wp-content\/uploads\/2021\/09\/IMAGE-2021-09-02-161227.jpg 906w, https:\/\/laszlo1713.lima-city.de\/wp-content\/uploads\/2021\/09\/IMAGE-2021-09-02-161227-277x300.jpg 277w, https:\/\/laszlo1713.lima-city.de\/wp-content\/uploads\/2021\/09\/IMAGE-2021-09-02-161227-768x832.jpg 768w\" sizes=\"auto, (max-width: 706px) 89vw, (max-width: 767px) 82vw, 740px\" \/><\/figure>\n\n\n\n<hr class=\"wp-block-separator\"\/>\n\n\n\n<figure class=\"wp-block-image size-large\"><img loading=\"lazy\" decoding=\"async\" width=\"960\" height=\"1024\" src=\"https:\/\/laszlo1713.lima-city.de\/wp-content\/uploads\/2021\/09\/Screenshot-2021-09-03-at-10.16.20-960x1024.jpg\" alt=\"\" class=\"wp-image-3811\" srcset=\"https:\/\/laszlo1713.lima-city.de\/wp-content\/uploads\/2021\/09\/Screenshot-2021-09-03-at-10.16.20-960x1024.jpg 960w, https:\/\/laszlo1713.lima-city.de\/wp-content\/uploads\/2021\/09\/Screenshot-2021-09-03-at-10.16.20-281x300.jpg 281w, https:\/\/laszlo1713.lima-city.de\/wp-content\/uploads\/2021\/09\/Screenshot-2021-09-03-at-10.16.20-768x819.jpg 768w, https:\/\/laszlo1713.lima-city.de\/wp-content\/uploads\/2021\/09\/Screenshot-2021-09-03-at-10.16.20-1440x1536.jpg 1440w, https:\/\/laszlo1713.lima-city.de\/wp-content\/uploads\/2021\/09\/Screenshot-2021-09-03-at-10.16.20.jpg 1468w\" sizes=\"auto, (max-width: 706px) 89vw, (max-width: 767px) 82vw, 740px\" \/><\/figure>\n\n\n\n<figure class=\"wp-block-image size-large\"><img loading=\"lazy\" decoding=\"async\" width=\"1024\" height=\"1024\" src=\"https:\/\/laszlo1713.lima-city.de\/wp-content\/uploads\/2021\/09\/IMAGE-2021-09-03-101548-1024x1024.jpg\" alt=\"\" class=\"wp-image-3812\" srcset=\"https:\/\/laszlo1713.lima-city.de\/wp-content\/uploads\/2021\/09\/IMAGE-2021-09-03-101548-1024x1024.jpg 1024w, https:\/\/laszlo1713.lima-city.de\/wp-content\/uploads\/2021\/09\/IMAGE-2021-09-03-101548-300x300.jpg 300w, https:\/\/laszlo1713.lima-city.de\/wp-content\/uploads\/2021\/09\/IMAGE-2021-09-03-101548-150x150.jpg 150w, https:\/\/laszlo1713.lima-city.de\/wp-content\/uploads\/2021\/09\/IMAGE-2021-09-03-101548-768x768.jpg 768w, https:\/\/laszlo1713.lima-city.de\/wp-content\/uploads\/2021\/09\/IMAGE-2021-09-03-101548-100x100.jpg 100w, https:\/\/laszlo1713.lima-city.de\/wp-content\/uploads\/2021\/09\/IMAGE-2021-09-03-101548.jpg 1080w\" sizes=\"auto, (max-width: 706px) 89vw, (max-width: 767px) 82vw, 740px\" \/><\/figure>\n\n\n\n<p><span class=\"has-inline-color has-vivid-green-cyan-color\">Ismerj\u00fck el\u00e9gg\u00e9 a &#8220;j\u00e1t\u00e9kot&#8221;, l\u00e1tjuk a &#8220;v\u00e9d\u0151int\u00e9zked\u00e9seket&#8221; (lockdown, terror, \u00f6nk\u00e9ny stb.), tudjuk, hogy mely alakok (patk\u00e1nyok) \u00e1llnak m\u00f6g\u00f6tte, mi a sz\u00e1nd\u00e9kuk (Agenda2030), \u00e9s csak ragozzuk az eg\u00e9szet \u00fajra \u00e9s \u00fajra. El\u00e9g volt a hazugs\u00e1gokb\u00f3l (fake news, false flag)! El\u00e9g volt a s\u00e1t\u00e1ni, sunyi (illumin\u00e1tus) h\u00e1tt\u00e9rhatalomb\u00f3l!<\/span><\/p>\n\n\n\n<hr class=\"wp-block-separator\"\/>\n\n\n\n<figure class=\"wp-block-image size-large\"><img loading=\"lazy\" decoding=\"async\" width=\"810\" height=\"1024\" src=\"https:\/\/laszlo1713.lima-city.de\/wp-content\/uploads\/2021\/09\/IMG_0119-810x1024.jpg\" alt=\"\" class=\"wp-image-3816\" srcset=\"https:\/\/laszlo1713.lima-city.de\/wp-content\/uploads\/2021\/09\/IMG_0119-810x1024.jpg 810w, https:\/\/laszlo1713.lima-city.de\/wp-content\/uploads\/2021\/09\/IMG_0119-237x300.jpg 237w, https:\/\/laszlo1713.lima-city.de\/wp-content\/uploads\/2021\/09\/IMG_0119-768x971.jpg 768w, https:\/\/laszlo1713.lima-city.de\/wp-content\/uploads\/2021\/09\/IMG_0119.jpg 1012w\" sizes=\"auto, (max-width: 706px) 89vw, (max-width: 767px) 82vw, 740px\" \/><\/figure>\n\n\n\n<p><span class=\"has-inline-color has-vivid-green-cyan-color\">Mi a fen\u00e9nek?  Az olt\u00e1s nem volt m\u00e9g el\u00e9g hat\u00e1sos (hal\u00e1los)?<\/span><\/p>\n\n\n\n<hr class=\"wp-block-separator\"\/>\n\n\n\n<figure class=\"wp-block-image size-large\"><img loading=\"lazy\" decoding=\"async\" width=\"1024\" height=\"697\" src=\"https:\/\/laszlo1713.lima-city.de\/wp-content\/uploads\/2021\/09\/Screenshot-2021-09-04-at-20.26.33-1024x697.jpg\" alt=\"\" class=\"wp-image-3819\" srcset=\"https:\/\/laszlo1713.lima-city.de\/wp-content\/uploads\/2021\/09\/Screenshot-2021-09-04-at-20.26.33-1024x697.jpg 1024w, https:\/\/laszlo1713.lima-city.de\/wp-content\/uploads\/2021\/09\/Screenshot-2021-09-04-at-20.26.33-300x204.jpg 300w, https:\/\/laszlo1713.lima-city.de\/wp-content\/uploads\/2021\/09\/Screenshot-2021-09-04-at-20.26.33-768x523.jpg 768w, https:\/\/laszlo1713.lima-city.de\/wp-content\/uploads\/2021\/09\/Screenshot-2021-09-04-at-20.26.33-1536x1045.jpg 1536w, https:\/\/laszlo1713.lima-city.de\/wp-content\/uploads\/2021\/09\/Screenshot-2021-09-04-at-20.26.33-2048x1394.jpg 2048w\" sizes=\"auto, (max-width: 706px) 89vw, (max-width: 767px) 82vw, 740px\" \/><\/figure>\n\n\n\n<p><span class=\"has-inline-color has-vivid-green-cyan-color\">A n\u00e9met k\u00fcl\u00fcgyminiszter, olyan mint a t\u00f6bbi (b\u00e1bu). Vagy m\u00e9g olyanabb?<\/span><\/p>\n\n\n\n<hr class=\"wp-block-separator\"\/>\n\n\n\n<figure class=\"wp-block-image size-large\"><img loading=\"lazy\" decoding=\"async\" width=\"1024\" height=\"989\" src=\"https:\/\/laszlo1713.lima-city.de\/wp-content\/uploads\/2021\/09\/IMAGE-2021-09-04-205056-1024x989.jpg\" alt=\"\" class=\"wp-image-3822\" srcset=\"https:\/\/laszlo1713.lima-city.de\/wp-content\/uploads\/2021\/09\/IMAGE-2021-09-04-205056-1024x989.jpg 1024w, https:\/\/laszlo1713.lima-city.de\/wp-content\/uploads\/2021\/09\/IMAGE-2021-09-04-205056-300x290.jpg 300w, https:\/\/laszlo1713.lima-city.de\/wp-content\/uploads\/2021\/09\/IMAGE-2021-09-04-205056-768x742.jpg 768w, https:\/\/laszlo1713.lima-city.de\/wp-content\/uploads\/2021\/09\/IMAGE-2021-09-04-205056.jpg 1125w\" sizes=\"auto, (max-width: 706px) 89vw, (max-width: 767px) 82vw, 740px\" \/><\/figure>\n\n\n\n<hr class=\"wp-block-separator\"\/>\n\n\n\n<figure class=\"wp-block-image size-large\"><img loading=\"lazy\" decoding=\"async\" width=\"602\" height=\"569\" src=\"https:\/\/laszlo1713.lima-city.de\/wp-content\/uploads\/2021\/09\/IMG_1316.jpg\" alt=\"\" class=\"wp-image-3825\" srcset=\"https:\/\/laszlo1713.lima-city.de\/wp-content\/uploads\/2021\/09\/IMG_1316.jpg 602w, https:\/\/laszlo1713.lima-city.de\/wp-content\/uploads\/2021\/09\/IMG_1316-300x284.jpg 300w\" sizes=\"auto, (max-width: 602px) 100vw, 602px\" \/><figcaption><span class=\"has-inline-color has-vivid-green-cyan-color\">A n\u00e9metorsz\u00e1gi v\u00e1laszt\u00e1sokra: 2021. szeptember 26-\u00e1n eld\u0151l, hogy mekkora m\u00e9g a birka\u00e1llom\u00e1ny.<\/span><\/figcaption><\/figure>\n\n\n\n<figure class=\"wp-block-image size-large\"><img loading=\"lazy\" decoding=\"async\" width=\"826\" height=\"1024\" src=\"https:\/\/laszlo1713.lima-city.de\/wp-content\/uploads\/2021\/09\/IMAGE-2021-09-14-224204-826x1024.jpg\" alt=\"\" class=\"wp-image-3841\" srcset=\"https:\/\/laszlo1713.lima-city.de\/wp-content\/uploads\/2021\/09\/IMAGE-2021-09-14-224204-826x1024.jpg 826w, https:\/\/laszlo1713.lima-city.de\/wp-content\/uploads\/2021\/09\/IMAGE-2021-09-14-224204-242x300.jpg 242w, https:\/\/laszlo1713.lima-city.de\/wp-content\/uploads\/2021\/09\/IMAGE-2021-09-14-224204-768x952.jpg 768w, https:\/\/laszlo1713.lima-city.de\/wp-content\/uploads\/2021\/09\/IMAGE-2021-09-14-224204.jpg 864w\" sizes=\"auto, (max-width: 706px) 89vw, (max-width: 767px) 82vw, 740px\" \/><\/figure>\n\n\n\n<hr class=\"wp-block-separator\"\/>\n\n\n\n<figure class=\"wp-block-image size-large\"><img loading=\"lazy\" decoding=\"async\" width=\"768\" height=\"1024\" src=\"https:\/\/laszlo1713.lima-city.de\/wp-content\/uploads\/2021\/09\/IMAGE-2021-09-09-160134-768x1024.jpg\" alt=\"\" class=\"wp-image-3829\" srcset=\"https:\/\/laszlo1713.lima-city.de\/wp-content\/uploads\/2021\/09\/IMAGE-2021-09-09-160134-768x1024.jpg 768w, https:\/\/laszlo1713.lima-city.de\/wp-content\/uploads\/2021\/09\/IMAGE-2021-09-09-160134-225x300.jpg 225w, https:\/\/laszlo1713.lima-city.de\/wp-content\/uploads\/2021\/09\/IMAGE-2021-09-09-160134.jpg 960w\" sizes=\"auto, (max-width: 706px) 89vw, (max-width: 767px) 82vw, 740px\" \/><figcaption><span class=\"has-inline-color has-vivid-green-cyan-color\">A &#8220;tr\u00f3jai fal\u00f3&#8221; CDU &#8211; tudjuk (tudhatjuk) m\u00e1r r\u00e9g\u00f3ta, de itt van egy eg\u00e9szen nyilv\u00e1nval\u00f3 bizony\u00edt\u00e9k: v\u00e1laszt\u00e1si plak\u00e1t a &#8220;Great Reset&#8221;-szimb\u00f3lumokkal (NWO).<\/span><\/figcaption><\/figure>\n\n\n\n<hr class=\"wp-block-separator\"\/>\n\n\n\n<figure class=\"wp-block-image size-large\"><img loading=\"lazy\" decoding=\"async\" width=\"768\" height=\"1024\" src=\"https:\/\/laszlo1713.lima-city.de\/wp-content\/uploads\/2021\/09\/IMAGE-2021-09-09-160137-768x1024.jpg\" alt=\"\" class=\"wp-image-3830\" srcset=\"https:\/\/laszlo1713.lima-city.de\/wp-content\/uploads\/2021\/09\/IMAGE-2021-09-09-160137-768x1024.jpg 768w, https:\/\/laszlo1713.lima-city.de\/wp-content\/uploads\/2021\/09\/IMAGE-2021-09-09-160137-225x300.jpg 225w, https:\/\/laszlo1713.lima-city.de\/wp-content\/uploads\/2021\/09\/IMAGE-2021-09-09-160137.jpg 960w\" sizes=\"auto, (max-width: 706px) 89vw, (max-width: 767px) 82vw, 740px\" \/><\/figure>\n\n\n\n<hr class=\"wp-block-separator\"\/>\n\n\n\n<figure class=\"wp-block-image size-large is-resized\"><img loading=\"lazy\" decoding=\"async\" src=\"https:\/\/laszlo1713.lima-city.de\/wp-content\/uploads\/2021\/09\/IMAGE-2021-09-10-205419-1024x739.jpg\" alt=\"\" class=\"wp-image-3832\" width=\"674\" height=\"486\" srcset=\"https:\/\/laszlo1713.lima-city.de\/wp-content\/uploads\/2021\/09\/IMAGE-2021-09-10-205419-1024x739.jpg 1024w, https:\/\/laszlo1713.lima-city.de\/wp-content\/uploads\/2021\/09\/IMAGE-2021-09-10-205419-300x217.jpg 300w, https:\/\/laszlo1713.lima-city.de\/wp-content\/uploads\/2021\/09\/IMAGE-2021-09-10-205419-768x554.jpg 768w, https:\/\/laszlo1713.lima-city.de\/wp-content\/uploads\/2021\/09\/IMAGE-2021-09-10-205419.jpg 1280w\" sizes=\"auto, (max-width: 674px) 100vw, 674px\" \/><figcaption><span class=\"has-inline-color has-vivid-green-cyan-color\">Mi k\u00f6tn\u00e9 \u00f6ssze ezeket? Mi lenne a k\u00f6z\u00f6s gy\u00f6k\u00e9r (nevez\u0151)? <\/span><\/figcaption><\/figure>\n\n\n\n<hr class=\"wp-block-separator\"\/>\n\n\n\n<figure class=\"wp-block-image size-large\"><img loading=\"lazy\" decoding=\"async\" width=\"991\" height=\"744\" src=\"https:\/\/laszlo1713.lima-city.de\/wp-content\/uploads\/2021\/09\/IMG_1318.jpg\" alt=\"\" class=\"wp-image-3850\" srcset=\"https:\/\/laszlo1713.lima-city.de\/wp-content\/uploads\/2021\/09\/IMG_1318.jpg 991w, https:\/\/laszlo1713.lima-city.de\/wp-content\/uploads\/2021\/09\/IMG_1318-300x225.jpg 300w, https:\/\/laszlo1713.lima-city.de\/wp-content\/uploads\/2021\/09\/IMG_1318-768x577.jpg 768w\" sizes=\"auto, (max-width: 706px) 89vw, (max-width: 767px) 82vw, 740px\" \/><\/figure>\n\n\n\n<hr class=\"wp-block-separator\"\/>\n\n\n\n<figure class=\"wp-block-image size-large\"><img loading=\"lazy\" decoding=\"async\" width=\"1024\" height=\"937\" src=\"https:\/\/laszlo1713.lima-city.de\/wp-content\/uploads\/2021\/09\/Screenshot-2021-09-14-at-21.43.38-1024x937.jpg\" alt=\"\" class=\"wp-image-3836\" srcset=\"https:\/\/laszlo1713.lima-city.de\/wp-content\/uploads\/2021\/09\/Screenshot-2021-09-14-at-21.43.38-1024x937.jpg 1024w, https:\/\/laszlo1713.lima-city.de\/wp-content\/uploads\/2021\/09\/Screenshot-2021-09-14-at-21.43.38-300x274.jpg 300w, https:\/\/laszlo1713.lima-city.de\/wp-content\/uploads\/2021\/09\/Screenshot-2021-09-14-at-21.43.38-768x702.jpg 768w, https:\/\/laszlo1713.lima-city.de\/wp-content\/uploads\/2021\/09\/Screenshot-2021-09-14-at-21.43.38.jpg 1406w\" sizes=\"auto, (max-width: 706px) 89vw, (max-width: 767px) 82vw, 740px\" \/><figcaption><span class=\"has-inline-color has-vivid-green-cyan-color\">Az amerikai katonai t\u00f6rv\u00e9nysz\u00e9k \u00f6tnapos b\u0171nv\u00e1di  elj\u00e1r\u00e1sban <em>b\u0171n\u00f6snek tal\u00e1lta <strong>Bill Gates<\/strong>t pedofilia, \u00f6sszeesk\u00fcv\u00e9s, p\u00e9nzmos\u00e1s \u00e9s gyilkoss\u00e1g v\u00e1dpontokban valamint eg\u00e9sz az eg\u00e9szs\u00e9g\u00fcgy ter\u00fclet\u00e9n v\u00e9gzett tev\u00e9kenys\u00e9g\u00e9t illet\u0151en<\/em>. A h\u00e1rom hadb\u00edr\u00f3 egy\u00f6ntet\u0171 \u00edt\u00e9lettel (k\u00f6t\u00e9l \u00e1ltali) hal\u00e1lra \u00edt\u00e9lte.<\/span><\/figcaption><\/figure>\n\n\n\n<p><em>The officers needed not one minute to reach a unanimous decision; they found Gates guilty on all charges and asked that he be hanged for his atrocities. Vice Adm. Hannink set an execution date of October 5, 2021.<\/em><\/p>\n\n\n\n<hr class=\"wp-block-separator\"\/>\n\n\n\n<p><span class=\"has-inline-color has-vivid-green-cyan-color\">Dr. Fauci, Bill Gates &#8220;harcost\u00e1rsa&#8221; (sorst\u00e1rsak is?), a saj\u00e1t szavai szerint nem oltatja be mag\u00e1t. \u00c9rdekes? M\u00e9g \u00e9rdekesebb, amikor fejtegi a dolgot nagyon is bosszankodva a feltett &#8220;h\u00fclye&#8221; k\u00e9rd\u00e9sen.<\/span><\/p>\n\n\n\n<figure class=\"wp-block-image size-large\"><img loading=\"lazy\" decoding=\"async\" width=\"1024\" height=\"855\" src=\"https:\/\/laszlo1713.lima-city.de\/wp-content\/uploads\/2021\/09\/Screenshot-2021-09-15-at-18.40.18-1024x855.jpg\" alt=\"\" class=\"wp-image-3855\" srcset=\"https:\/\/laszlo1713.lima-city.de\/wp-content\/uploads\/2021\/09\/Screenshot-2021-09-15-at-18.40.18-1024x855.jpg 1024w, https:\/\/laszlo1713.lima-city.de\/wp-content\/uploads\/2021\/09\/Screenshot-2021-09-15-at-18.40.18-300x250.jpg 300w, https:\/\/laszlo1713.lima-city.de\/wp-content\/uploads\/2021\/09\/Screenshot-2021-09-15-at-18.40.18-768x641.jpg 768w, https:\/\/laszlo1713.lima-city.de\/wp-content\/uploads\/2021\/09\/Screenshot-2021-09-15-at-18.40.18.jpg 1466w\" sizes=\"auto, (max-width: 706px) 89vw, (max-width: 767px) 82vw, 740px\" \/><figcaption>\u201cWhat kind of question is that? Not that it\u2019s any business of yours, but, no, heck no, I haven\u2019t been vaccinated. And I don\u2019t plan to be, at least not for a long time, if at all\u2026If I take the vaccine and get sick from it, then what? I\u2019m too important here to take that risk. You all are, too\u2014that\u2019s why I\u2019m telling you to wait. But you can be replaced; I\u2019m irreplaceable. The administration needs me to helm this response,\u201d Fauci reportedly said.<\/figcaption><\/figure>\n\n\n\n<figure class=\"wp-block-image size-large\"><img loading=\"lazy\" decoding=\"async\" width=\"1024\" height=\"617\" src=\"https:\/\/laszlo1713.lima-city.de\/wp-content\/uploads\/2021\/09\/Screenshot-2021-09-14-at-22.39.21-1024x617.jpg\" alt=\"\" class=\"wp-image-3839\" srcset=\"https:\/\/laszlo1713.lima-city.de\/wp-content\/uploads\/2021\/09\/Screenshot-2021-09-14-at-22.39.21-1024x617.jpg 1024w, https:\/\/laszlo1713.lima-city.de\/wp-content\/uploads\/2021\/09\/Screenshot-2021-09-14-at-22.39.21-300x181.jpg 300w, https:\/\/laszlo1713.lima-city.de\/wp-content\/uploads\/2021\/09\/Screenshot-2021-09-14-at-22.39.21-768x463.jpg 768w, https:\/\/laszlo1713.lima-city.de\/wp-content\/uploads\/2021\/09\/Screenshot-2021-09-14-at-22.39.21-1536x926.jpg 1536w, https:\/\/laszlo1713.lima-city.de\/wp-content\/uploads\/2021\/09\/Screenshot-2021-09-14-at-22.39.21.jpg 1540w\" sizes=\"auto, (max-width: 706px) 89vw, (max-width: 767px) 82vw, 740px\" \/><figcaption>Was jetzt geschieht, kann nicht ewig geheim gehalten werden, sagte der deutsche Rechtsanwalt Reiner Fuellmich in einem Interview mit Health Ranger Mike Adams.<\/figcaption><\/figure>\n\n\n\n<hr class=\"wp-block-separator\"\/>\n\n\n\n<p><span class=\"has-inline-color has-vivid-green-cyan-color\">A s\u00e1t\u00e1n katon\u00e1i?<\/span><\/p>\n\n\n\n<figure class=\"wp-block-image size-large\"><img loading=\"lazy\" decoding=\"async\" width=\"1024\" height=\"621\" src=\"https:\/\/laszlo1713.lima-city.de\/wp-content\/uploads\/2021\/09\/Screenshot-2021-09-15-at-10.40.58-1024x621.jpg\" alt=\"\" class=\"wp-image-3843\" srcset=\"https:\/\/laszlo1713.lima-city.de\/wp-content\/uploads\/2021\/09\/Screenshot-2021-09-15-at-10.40.58-1024x621.jpg 1024w, https:\/\/laszlo1713.lima-city.de\/wp-content\/uploads\/2021\/09\/Screenshot-2021-09-15-at-10.40.58-300x182.jpg 300w, https:\/\/laszlo1713.lima-city.de\/wp-content\/uploads\/2021\/09\/Screenshot-2021-09-15-at-10.40.58-768x466.jpg 768w, https:\/\/laszlo1713.lima-city.de\/wp-content\/uploads\/2021\/09\/Screenshot-2021-09-15-at-10.40.58.jpg 1168w\" sizes=\"auto, (max-width: 706px) 89vw, (max-width: 767px) 82vw, 740px\" \/><figcaption><span class=\"has-inline-color has-vivid-green-cyan-color\">A katal\u00e1n korm\u00e1ny. Vil\u00e1gos?<\/span><\/figcaption><\/figure>\n\n\n\n<hr class=\"wp-block-separator\"\/>\n\n\n\n<figure class=\"wp-block-image size-large\"><img loading=\"lazy\" decoding=\"async\" width=\"1024\" height=\"575\" src=\"https:\/\/laszlo1713.lima-city.de\/wp-content\/uploads\/2021\/09\/IMAGE-2021-09-14-221658-1024x575.jpg\" alt=\"\" class=\"wp-image-3846\" srcset=\"https:\/\/laszlo1713.lima-city.de\/wp-content\/uploads\/2021\/09\/IMAGE-2021-09-14-221658-1024x575.jpg 1024w, https:\/\/laszlo1713.lima-city.de\/wp-content\/uploads\/2021\/09\/IMAGE-2021-09-14-221658-300x169.jpg 300w, https:\/\/laszlo1713.lima-city.de\/wp-content\/uploads\/2021\/09\/IMAGE-2021-09-14-221658-768x431.jpg 768w, https:\/\/laszlo1713.lima-city.de\/wp-content\/uploads\/2021\/09\/IMAGE-2021-09-14-221658.jpg 1280w\" sizes=\"auto, (max-width: 706px) 89vw, (max-width: 767px) 82vw, 740px\" \/><figcaption><span class=\"has-inline-color has-vivid-green-cyan-color\">Amerikai &#8220;kiv\u00e1l\u00f3s\u00e1gok&#8221;?<\/span><\/figcaption><\/figure>\n\n\n\n<figure class=\"wp-block-image size-large is-resized\"><img loading=\"lazy\" decoding=\"async\" src=\"https:\/\/laszlo1713.lima-city.de\/wp-content\/uploads\/2021\/09\/IMG_1322-1024x576.jpg\" alt=\"\" class=\"wp-image-3853\" width=\"674\" height=\"379\" srcset=\"https:\/\/laszlo1713.lima-city.de\/wp-content\/uploads\/2021\/09\/IMG_1322-1024x576.jpg 1024w, https:\/\/laszlo1713.lima-city.de\/wp-content\/uploads\/2021\/09\/IMG_1322-300x169.jpg 300w, https:\/\/laszlo1713.lima-city.de\/wp-content\/uploads\/2021\/09\/IMG_1322-768x432.jpg 768w, https:\/\/laszlo1713.lima-city.de\/wp-content\/uploads\/2021\/09\/IMG_1322.jpg 1066w\" sizes=\"auto, (max-width: 674px) 100vw, 674px\" \/><figcaption><span class=\"has-inline-color has-light-green-cyan-color\">V\u00e9res a kezetek, az esk\u00fct\u00f6k pedig az \u00f6rd\u00f6gnek sz\u00f3l(t).<\/span> <span class=\"has-inline-color has-vivid-green-cyan-color\">Bush \u00e9s Biden sz\u00ednj\u00e1t\u00e9k.<\/span><\/figcaption><\/figure>\n\n\n\n<figure class=\"wp-block-image size-large\"><img loading=\"lazy\" decoding=\"async\" width=\"1024\" height=\"502\" src=\"https:\/\/laszlo1713.lima-city.de\/wp-content\/uploads\/2021\/09\/IMAGE-2021-09-14-221627-1024x502.jpg\" alt=\"\" class=\"wp-image-3847\" srcset=\"https:\/\/laszlo1713.lima-city.de\/wp-content\/uploads\/2021\/09\/IMAGE-2021-09-14-221627-1024x502.jpg 1024w, https:\/\/laszlo1713.lima-city.de\/wp-content\/uploads\/2021\/09\/IMAGE-2021-09-14-221627-300x147.jpg 300w, https:\/\/laszlo1713.lima-city.de\/wp-content\/uploads\/2021\/09\/IMAGE-2021-09-14-221627-768x377.jpg 768w, https:\/\/laszlo1713.lima-city.de\/wp-content\/uploads\/2021\/09\/IMAGE-2021-09-14-221627.jpg 1280w\" sizes=\"auto, (max-width: 706px) 89vw, (max-width: 767px) 82vw, 740px\" \/><figcaption><span class=\"has-inline-color has-vivid-green-cyan-color\">A Beatles?<\/span><\/figcaption><\/figure>\n\n\n\n<div class=\"wp-block-image\"><figure class=\"aligncenter size-large\"><img loading=\"lazy\" decoding=\"async\" width=\"225\" height=\"225\" src=\"https:\/\/laszlo1713.lima-city.de\/wp-content\/uploads\/2021\/09\/IMG_1321.jpg\" alt=\"\" class=\"wp-image-3852\" srcset=\"https:\/\/laszlo1713.lima-city.de\/wp-content\/uploads\/2021\/09\/IMG_1321.jpg 225w, https:\/\/laszlo1713.lima-city.de\/wp-content\/uploads\/2021\/09\/IMG_1321-150x150.jpg 150w, https:\/\/laszlo1713.lima-city.de\/wp-content\/uploads\/2021\/09\/IMG_1321-100x100.jpg 100w\" sizes=\"auto, (max-width: 225px) 100vw, 225px\" \/><\/figure><\/div>\n\n\n\n<p><em><span class=\"has-inline-color has-vivid-green-cyan-color\"><em>Vil\u00e1gos szimbolika, mindent el\u00e1rul.<\/em><\/span><\/em><\/p>\n\n\n\n<div class=\"wp-block-image\"><figure class=\"aligncenter size-large\"><img loading=\"lazy\" decoding=\"async\" width=\"448\" height=\"478\" src=\"https:\/\/laszlo1713.lima-city.de\/wp-content\/uploads\/2021\/09\/IMAGE-2021-09-15-083523.jpg\" alt=\"\" class=\"wp-image-3848\" srcset=\"https:\/\/laszlo1713.lima-city.de\/wp-content\/uploads\/2021\/09\/IMAGE-2021-09-15-083523.jpg 448w, https:\/\/laszlo1713.lima-city.de\/wp-content\/uploads\/2021\/09\/IMAGE-2021-09-15-083523-281x300.jpg 281w\" sizes=\"auto, (max-width: 448px) 100vw, 448px\" \/><figcaption><span class=\"has-inline-color has-vivid-green-cyan-color\">F\u00fcl\u00f6p herceg?<\/span> <span class=\"has-inline-color has-vivid-green-cyan-color\">Itt is a jelek (Black Eyes Club) \u00e1rulkodnak.<\/span><\/figcaption><\/figure><\/div>\n\n\n\n<hr class=\"wp-block-separator\"\/>\n\n\n\n<figure class=\"wp-block-image size-large\"><img loading=\"lazy\" decoding=\"async\" width=\"1024\" height=\"682\" src=\"https:\/\/laszlo1713.lima-city.de\/wp-content\/uploads\/2021\/09\/IMAGE-2021-09-15-212709-1024x682.jpg\" alt=\"\" class=\"wp-image-3858\" srcset=\"https:\/\/laszlo1713.lima-city.de\/wp-content\/uploads\/2021\/09\/IMAGE-2021-09-15-212709-1024x682.jpg 1024w, https:\/\/laszlo1713.lima-city.de\/wp-content\/uploads\/2021\/09\/IMAGE-2021-09-15-212709-300x200.jpg 300w, https:\/\/laszlo1713.lima-city.de\/wp-content\/uploads\/2021\/09\/IMAGE-2021-09-15-212709-768x512.jpg 768w, https:\/\/laszlo1713.lima-city.de\/wp-content\/uploads\/2021\/09\/IMAGE-2021-09-15-212709.jpg 1280w\" sizes=\"auto, (max-width: 706px) 89vw, (max-width: 767px) 82vw, 740px\" \/><figcaption><span class=\"has-inline-color has-vivid-green-cyan-color\">\u00c9s egy \u00fajabb Windsor! Andrew herceg, a pedofil?<\/span><\/figcaption><\/figure>\n\n\n\n<p><em>The Queen\u2019s son is being sued by Giuffre for allegedly sexually assaulting her as a teenager two decades ago and she claims was trafficked by convicted sex offender Jeffrey Epstein.<\/em><\/p>\n\n\n\n<hr class=\"wp-block-separator\"\/>\n\n\n\n<hr class=\"wp-block-separator\"\/>\n\n\n\n<figure class=\"wp-block-image size-large\"><img loading=\"lazy\" decoding=\"async\" width=\"931\" height=\"1024\" src=\"https:\/\/laszlo1713.lima-city.de\/wp-content\/uploads\/2021\/09\/IMAGE-2021-09-16-205121-931x1024.jpg\" alt=\"\" class=\"wp-image-3861\" srcset=\"https:\/\/laszlo1713.lima-city.de\/wp-content\/uploads\/2021\/09\/IMAGE-2021-09-16-205121-931x1024.jpg 931w, https:\/\/laszlo1713.lima-city.de\/wp-content\/uploads\/2021\/09\/IMAGE-2021-09-16-205121-273x300.jpg 273w, https:\/\/laszlo1713.lima-city.de\/wp-content\/uploads\/2021\/09\/IMAGE-2021-09-16-205121-768x845.jpg 768w, https:\/\/laszlo1713.lima-city.de\/wp-content\/uploads\/2021\/09\/IMAGE-2021-09-16-205121.jpg 1125w\" sizes=\"auto, (max-width: 706px) 89vw, (max-width: 767px) 82vw, 740px\" \/><figcaption><span class=\"has-inline-color has-vivid-green-cyan-color\">A &#8220;mocs\u00e1r&#8221; (Fake News) egyik harsog\u00f3 sz\u00f3cs\u00f6ve: CNN.   Kinek nem t\u00e1mad h\u00e1nyingere ett\u0151l?<\/span><\/figcaption><\/figure>\n\n\n\n<hr class=\"wp-block-separator\"\/>\n\n\n\n<hr class=\"wp-block-separator\"\/>\n\n\n\n<hr class=\"wp-block-separator\"\/>\n\n\n\n<p><span class=\"has-inline-color has-vivid-green-cyan-color\">Mi k\u00f6ti \u00f6ssze az al\u00e1bbi kiemelked\u0151 szem\u00e9lyis\u00e9get? A m\u00falt (elm\u00fal\u00e1s)? <\/span><\/p>\n\n\n\n<figure class=\"wp-block-image size-large\"><img loading=\"lazy\" decoding=\"async\" width=\"1024\" height=\"373\" src=\"https:\/\/laszlo1713.lima-city.de\/wp-content\/uploads\/2021\/09\/Screenshot-2021-09-17-at-07.23.33-1024x373.jpg\" alt=\"\" class=\"wp-image-3865\" srcset=\"https:\/\/laszlo1713.lima-city.de\/wp-content\/uploads\/2021\/09\/Screenshot-2021-09-17-at-07.23.33-1024x373.jpg 1024w, https:\/\/laszlo1713.lima-city.de\/wp-content\/uploads\/2021\/09\/Screenshot-2021-09-17-at-07.23.33-300x109.jpg 300w, https:\/\/laszlo1713.lima-city.de\/wp-content\/uploads\/2021\/09\/Screenshot-2021-09-17-at-07.23.33-768x279.jpg 768w, https:\/\/laszlo1713.lima-city.de\/wp-content\/uploads\/2021\/09\/Screenshot-2021-09-17-at-07.23.33.jpg 1440w\" sizes=\"auto, (max-width: 706px) 89vw, (max-width: 767px) 82vw, 740px\" \/><\/figure>\n\n\n\n<p><span class=\"has-inline-color has-vivid-green-cyan-color\">Val\u00f3ban? \u00c9s akkor \u00fajra a k\u00e9rd\u00e9s: Mi k\u00f6ti (val\u00f3ban) \u00f6ssze az al\u00e1bbi kiemelked\u0151 szem\u00e9lyis\u00e9geket?<\/span><\/p>\n\n\n\n<figure class=\"wp-block-image size-large\"><img loading=\"lazy\" decoding=\"async\" width=\"1024\" height=\"268\" src=\"https:\/\/laszlo1713.lima-city.de\/wp-content\/uploads\/2021\/09\/Screenshot-2021-09-17-at-07.23.42-1024x268.jpg\" alt=\"\" class=\"wp-image-3866\" srcset=\"https:\/\/laszlo1713.lima-city.de\/wp-content\/uploads\/2021\/09\/Screenshot-2021-09-17-at-07.23.42-1024x268.jpg 1024w, https:\/\/laszlo1713.lima-city.de\/wp-content\/uploads\/2021\/09\/Screenshot-2021-09-17-at-07.23.42-300x78.jpg 300w, https:\/\/laszlo1713.lima-city.de\/wp-content\/uploads\/2021\/09\/Screenshot-2021-09-17-at-07.23.42-768x201.jpg 768w, https:\/\/laszlo1713.lima-city.de\/wp-content\/uploads\/2021\/09\/Screenshot-2021-09-17-at-07.23.42.jpg 1454w\" sizes=\"auto, (max-width: 706px) 89vw, (max-width: 767px) 82vw, 740px\" \/><\/figure>\n\n\n\n<p><span class=\"has-inline-color has-vivid-green-cyan-color\">A helyes v\u00e1lasz (hamarosan) &#8220;hivatalosan&#8221; (is) meg fog jelenni.<\/span><\/p>\n\n\n\n<hr class=\"wp-block-separator\"\/>\n\n\n\n<hr class=\"wp-block-separator\"\/>\n\n\n\n<div class=\"wp-block-image\"><figure class=\"aligncenter size-large\"><img loading=\"lazy\" decoding=\"async\" width=\"606\" height=\"998\" src=\"https:\/\/laszlo1713.lima-city.de\/wp-content\/uploads\/2021\/09\/IMAGE-2021-09-17-205125.jpg\" alt=\"\" class=\"wp-image-3868\" srcset=\"https:\/\/laszlo1713.lima-city.de\/wp-content\/uploads\/2021\/09\/IMAGE-2021-09-17-205125.jpg 606w, https:\/\/laszlo1713.lima-city.de\/wp-content\/uploads\/2021\/09\/IMAGE-2021-09-17-205125-182x300.jpg 182w\" sizes=\"auto, (max-width: 606px) 100vw, 606px\" \/><\/figure><\/div>\n\n\n\n<figure class=\"wp-block-image size-large\"><img loading=\"lazy\" decoding=\"async\" width=\"828\" height=\"1008\" src=\"https:\/\/laszlo1713.lima-city.de\/wp-content\/uploads\/2021\/09\/IMAGE-2021-09-17-205725.jpg\" alt=\"\" class=\"wp-image-3870\" srcset=\"https:\/\/laszlo1713.lima-city.de\/wp-content\/uploads\/2021\/09\/IMAGE-2021-09-17-205725.jpg 828w, https:\/\/laszlo1713.lima-city.de\/wp-content\/uploads\/2021\/09\/IMAGE-2021-09-17-205725-246x300.jpg 246w, https:\/\/laszlo1713.lima-city.de\/wp-content\/uploads\/2021\/09\/IMAGE-2021-09-17-205725-768x935.jpg 768w\" sizes=\"auto, (max-width: 706px) 89vw, (max-width: 767px) 82vw, 740px\" \/><figcaption><span class=\"has-inline-color has-vivid-green-cyan-color\">Itt tartunk jelenleg: egy orvos (a sok k\u00f6z\u00fcl) megtagadja a kezel\u00e9st, mert a beteg nem &#8220;v\u00e9dett&#8221; (nem v\u00e1llalta az olt\u00e1st)  Az \u00faj n\u00fcrnbergi t\u00f6rv\u00e9nysz\u00e9k lesz az ilyeneknek (is) a v\u00e9g\u00e1llom\u00e1sa.<\/span><\/figcaption><\/figure>\n\n\n\n<div class=\"wp-block-image\"><figure class=\"aligncenter size-large\"><img loading=\"lazy\" decoding=\"async\" width=\"434\" height=\"568\" src=\"https:\/\/laszlo1713.lima-city.de\/wp-content\/uploads\/2021\/09\/Screenshot-2021-09-17-at-20.57.00.jpg\" alt=\"\" class=\"wp-image-3871\" srcset=\"https:\/\/laszlo1713.lima-city.de\/wp-content\/uploads\/2021\/09\/Screenshot-2021-09-17-at-20.57.00.jpg 434w, https:\/\/laszlo1713.lima-city.de\/wp-content\/uploads\/2021\/09\/Screenshot-2021-09-17-at-20.57.00-229x300.jpg 229w\" sizes=\"auto, (max-width: 434px) 100vw, 434px\" \/><\/figure><\/div>\n\n\n\n<hr class=\"wp-block-separator\"\/>\n\n\n\n<figure class=\"wp-block-image size-large\"><img loading=\"lazy\" decoding=\"async\" width=\"1024\" height=\"446\" src=\"https:\/\/laszlo1713.lima-city.de\/wp-content\/uploads\/2021\/09\/Screenshot-2021-09-17-at-22.08.22-1024x446.jpg\" alt=\"\" class=\"wp-image-3873\" srcset=\"https:\/\/laszlo1713.lima-city.de\/wp-content\/uploads\/2021\/09\/Screenshot-2021-09-17-at-22.08.22-1024x446.jpg 1024w, https:\/\/laszlo1713.lima-city.de\/wp-content\/uploads\/2021\/09\/Screenshot-2021-09-17-at-22.08.22-300x131.jpg 300w, https:\/\/laszlo1713.lima-city.de\/wp-content\/uploads\/2021\/09\/Screenshot-2021-09-17-at-22.08.22-768x334.jpg 768w, https:\/\/laszlo1713.lima-city.de\/wp-content\/uploads\/2021\/09\/Screenshot-2021-09-17-at-22.08.22.jpg 1448w\" sizes=\"auto, (max-width: 706px) 89vw, (max-width: 767px) 82vw, 740px\" \/><figcaption>Der ungarische Ministerpr\u00e4sident Viktor Orb\u00e1n forderte Papst Franziskus auf, das Christentum nicht \u201euntergehen\u201c zu lassen und \u00fcberreichte ihm ein Geschenk, das die Bef\u00fcrwortung der Masseneinwanderung durch den Papst in Frage stellte.<br>Bei dem Treffen am letzten Sonntag \u00fcberreichte Orban dem Papst laut staatlichen Medien sogar ein provokantes Geschenk: Die Kopie eines Briefes eines ungarischen K\u00f6nigs aus dem 13. Jahrhundert an den damaligen Papst Innozenz IV., in dem er Rom um Hilfe bei der Abwehr eines Ansturms ausl\u00e4ndischer Invasoren bittet \u2013 eine offensichtliche Anspielung auf Migration im 21Jahrhundert.<\/figcaption><\/figure>\n\n\n\n<p><span class=\"has-inline-color has-vivid-green-cyan-color\">Orb\u00e1n Viktor udvariasan (t\u00f6rt\u00e9nelmi utal\u00e1ssal), de hat\u00e1rozottan (?) megmondta a v\u00e9lem\u00e9ny\u00e9t a t\u00f6meges bev\u00e1ndorl\u00e1ssal kapcsolatban a p\u00e1p\u00e1nak. Ez minden? Mi van a &#8220;globalizmussal&#8221;,  a hazug covid-politik\u00e1val \u00e9s sorolhatn\u00e1nk.  K\u00e9t ember (k\u00e9t hazugs\u00e1g) mosolyog egym\u00e1sra, \u00e9s mindkett\u0151 Istenre hivatkozik (esk\u00fcszik?).<\/span><\/p>\n\n\n\n<figure class=\"wp-block-image size-large\"><img loading=\"lazy\" decoding=\"async\" width=\"825\" height=\"1024\" src=\"https:\/\/laszlo1713.lima-city.de\/wp-content\/uploads\/2021\/09\/Screenshot-2021-09-17-at-22.09.02-825x1024.jpg\" alt=\"\" class=\"wp-image-3876\" srcset=\"https:\/\/laszlo1713.lima-city.de\/wp-content\/uploads\/2021\/09\/Screenshot-2021-09-17-at-22.09.02-825x1024.jpg 825w, https:\/\/laszlo1713.lima-city.de\/wp-content\/uploads\/2021\/09\/Screenshot-2021-09-17-at-22.09.02-242x300.jpg 242w, https:\/\/laszlo1713.lima-city.de\/wp-content\/uploads\/2021\/09\/Screenshot-2021-09-17-at-22.09.02-768x953.jpg 768w, https:\/\/laszlo1713.lima-city.de\/wp-content\/uploads\/2021\/09\/Screenshot-2021-09-17-at-22.09.02.jpg 1170w\" sizes=\"auto, (max-width: 706px) 89vw, (max-width: 767px) 82vw, 740px\" \/><\/figure>\n\n\n\n<p><span class=\"has-inline-color has-vivid-green-cyan-color\">A p\u00e1pa &#8220;szabadk\u0151m\u0171ves (illumin\u00e1tus) k\u00e9zfog\u00e1ssal&#8221; (?)  \u00fcdv\u00f6zli Orb\u00e1nt. P\u00e1holyt\u00e1rsak? Mindkett\u0151r\u0151l rebesgettek m\u00e1r ilyesmit. A &#8220;rossz&#8221; nyelvek?<\/span><\/p>\n\n\n\n<hr class=\"wp-block-separator\"\/>\n\n\n\n<figure class=\"wp-block-image size-large\"><img loading=\"lazy\" decoding=\"async\" width=\"1024\" height=\"1024\" src=\"https:\/\/laszlo1713.lima-city.de\/wp-content\/uploads\/2021\/09\/IMAGE-2021-09-18-080206-1024x1024.jpg\" alt=\"\" class=\"wp-image-3880\" srcset=\"https:\/\/laszlo1713.lima-city.de\/wp-content\/uploads\/2021\/09\/IMAGE-2021-09-18-080206-1024x1024.jpg 1024w, https:\/\/laszlo1713.lima-city.de\/wp-content\/uploads\/2021\/09\/IMAGE-2021-09-18-080206-300x300.jpg 300w, https:\/\/laszlo1713.lima-city.de\/wp-content\/uploads\/2021\/09\/IMAGE-2021-09-18-080206-150x150.jpg 150w, https:\/\/laszlo1713.lima-city.de\/wp-content\/uploads\/2021\/09\/IMAGE-2021-09-18-080206-768x768.jpg 768w, https:\/\/laszlo1713.lima-city.de\/wp-content\/uploads\/2021\/09\/IMAGE-2021-09-18-080206-100x100.jpg 100w, https:\/\/laszlo1713.lima-city.de\/wp-content\/uploads\/2021\/09\/IMAGE-2021-09-18-080206.jpg 1200w\" sizes=\"auto, (max-width: 706px) 89vw, (max-width: 767px) 82vw, 740px\" \/><\/figure>\n\n\n\n<p><span class=\"has-inline-color has-vivid-green-cyan-color\">Birkalogika? Nem. (Bal) Liber\u00e1lis  logika birk\u00e1knak.<\/span><\/p>\n\n\n\n<hr class=\"wp-block-separator\"\/>\n\n\n\n<figure class=\"wp-block-image size-large\"><img loading=\"lazy\" decoding=\"async\" width=\"736\" height=\"467\" src=\"https:\/\/laszlo1713.lima-city.de\/wp-content\/uploads\/2021\/09\/IMAGE-2021-09-18-094554.jpg\" alt=\"\" class=\"wp-image-3883\" srcset=\"https:\/\/laszlo1713.lima-city.de\/wp-content\/uploads\/2021\/09\/IMAGE-2021-09-18-094554.jpg 736w, https:\/\/laszlo1713.lima-city.de\/wp-content\/uploads\/2021\/09\/IMAGE-2021-09-18-094554-300x190.jpg 300w\" sizes=\"auto, (max-width: 736px) 100vw, 736px\" \/><figcaption><span class=\"has-inline-color has-vivid-green-cyan-color\">Sachsen: <strong>A szabads\u00e1g \u00fatja nem a beoltotts\u00e1g\u00e9<\/strong> (tegy\u00fck hozz\u00e1: illumin\u00e1tus beavatotts\u00e1g\u00e9).<\/span> <span class=\"has-inline-color has-vivid-green-cyan-color\">Igaz.<\/span><\/figcaption><\/figure>\n\n\n\n<hr class=\"wp-block-separator\"\/>\n\n\n\n<figure class=\"wp-block-image size-large\"><img loading=\"lazy\" decoding=\"async\" width=\"716\" height=\"848\" src=\"https:\/\/laszlo1713.lima-city.de\/wp-content\/uploads\/2021\/09\/IMAGE-2021-09-18-181758.jpg\" alt=\"\" class=\"wp-image-3887\" srcset=\"https:\/\/laszlo1713.lima-city.de\/wp-content\/uploads\/2021\/09\/IMAGE-2021-09-18-181758.jpg 716w, https:\/\/laszlo1713.lima-city.de\/wp-content\/uploads\/2021\/09\/IMAGE-2021-09-18-181758-253x300.jpg 253w\" sizes=\"auto, (max-width: 716px) 100vw, 716px\" \/><figcaption><span class=\"has-inline-color has-vivid-green-cyan-color\">Minden f\u00e1t (csal\u00e1df\u00e1t?) a gy\u00fcm\u00f6lcs\u00e9r\u0151l.<\/span> <\/figcaption><\/figure>\n\n\n\n<hr class=\"wp-block-separator\"\/>\n\n\n\n<figure class=\"wp-block-image size-large\"><img loading=\"lazy\" decoding=\"async\" width=\"795\" height=\"1024\" src=\"https:\/\/laszlo1713.lima-city.de\/wp-content\/uploads\/2021\/09\/IMAGE-2021-09-18-181737-795x1024.jpg\" alt=\"\" class=\"wp-image-3890\" srcset=\"https:\/\/laszlo1713.lima-city.de\/wp-content\/uploads\/2021\/09\/IMAGE-2021-09-18-181737-795x1024.jpg 795w, https:\/\/laszlo1713.lima-city.de\/wp-content\/uploads\/2021\/09\/IMAGE-2021-09-18-181737-233x300.jpg 233w, https:\/\/laszlo1713.lima-city.de\/wp-content\/uploads\/2021\/09\/IMAGE-2021-09-18-181737-768x989.jpg 768w, https:\/\/laszlo1713.lima-city.de\/wp-content\/uploads\/2021\/09\/IMAGE-2021-09-18-181737.jpg 872w\" sizes=\"auto, (max-width: 706px) 89vw, (max-width: 767px) 82vw, 740px\" \/><\/figure>\n\n\n\n<hr class=\"wp-block-separator\"\/>\n\n\n\n<figure class=\"wp-block-image size-large\"><img loading=\"lazy\" decoding=\"async\" width=\"1024\" height=\"565\" src=\"https:\/\/laszlo1713.lima-city.de\/wp-content\/uploads\/2021\/09\/IMAGE-2021-09-19-145017-1024x565.jpg\" alt=\"\" class=\"wp-image-3892\" srcset=\"https:\/\/laszlo1713.lima-city.de\/wp-content\/uploads\/2021\/09\/IMAGE-2021-09-19-145017-1024x565.jpg 1024w, https:\/\/laszlo1713.lima-city.de\/wp-content\/uploads\/2021\/09\/IMAGE-2021-09-19-145017-300x166.jpg 300w, https:\/\/laszlo1713.lima-city.de\/wp-content\/uploads\/2021\/09\/IMAGE-2021-09-19-145017-768x424.jpg 768w, https:\/\/laszlo1713.lima-city.de\/wp-content\/uploads\/2021\/09\/IMAGE-2021-09-19-145017.jpg 1200w\" sizes=\"auto, (max-width: 706px) 89vw, (max-width: 767px) 82vw, 740px\" \/><figcaption><span class=\"has-inline-color has-vivid-green-cyan-color\">Spahn, ami k\u00e9pl\u00e9keny (szar), az a ti hazugs\u00e1gotok, nem az &#8220;igazs\u00e1g&#8221; (Wahrheit). <\/span><\/figcaption><\/figure>\n\n\n\n<hr class=\"wp-block-separator\"\/>\n\n\n\n<figure class=\"wp-block-image size-large\"><img loading=\"lazy\" decoding=\"async\" width=\"1024\" height=\"828\" src=\"https:\/\/laszlo1713.lima-city.de\/wp-content\/uploads\/2021\/09\/Screenshot-2021-09-19-at-18.55.43-1024x828.jpg\" alt=\"\" class=\"wp-image-3896\" srcset=\"https:\/\/laszlo1713.lima-city.de\/wp-content\/uploads\/2021\/09\/Screenshot-2021-09-19-at-18.55.43-1024x828.jpg 1024w, https:\/\/laszlo1713.lima-city.de\/wp-content\/uploads\/2021\/09\/Screenshot-2021-09-19-at-18.55.43-300x243.jpg 300w, https:\/\/laszlo1713.lima-city.de\/wp-content\/uploads\/2021\/09\/Screenshot-2021-09-19-at-18.55.43-768x621.jpg 768w, https:\/\/laszlo1713.lima-city.de\/wp-content\/uploads\/2021\/09\/Screenshot-2021-09-19-at-18.55.43.jpg 1464w\" sizes=\"auto, (max-width: 706px) 89vw, (max-width: 767px) 82vw, 740px\" \/><figcaption>The military alleges that Chelsea and her husband swept in, under the guise of a humanitarian mission sponsored by the Clinton Foundation and extracted Haitian kids under the pretense of rehoming them with stable, American families.<br>\u201cWe have evidence that Clinton pulled 50 kids out of Haiti. But there\u2019s no proof the children were listed for foster care or put up for adoption. Her mother did this in the aftermath of the 2010 quake, and it certainly looks like the apple don\u2019t fall far from the tree. Chelsea seems to have repeated her mother\u2019s actions\u2014and mistakes,\u201d (&#8230;)<\/figcaption><\/figure>\n\n\n\n<hr class=\"wp-block-separator\"\/>\n\n\n\n<figure class=\"wp-block-image size-large\"><img loading=\"lazy\" decoding=\"async\" width=\"695\" height=\"1024\" src=\"https:\/\/laszlo1713.lima-city.de\/wp-content\/uploads\/2021\/09\/IMAGE-2021-09-19-213924-695x1024.jpg\" alt=\"\" class=\"wp-image-3900\" srcset=\"https:\/\/laszlo1713.lima-city.de\/wp-content\/uploads\/2021\/09\/IMAGE-2021-09-19-213924-695x1024.jpg 695w, https:\/\/laszlo1713.lima-city.de\/wp-content\/uploads\/2021\/09\/IMAGE-2021-09-19-213924-204x300.jpg 204w, https:\/\/laszlo1713.lima-city.de\/wp-content\/uploads\/2021\/09\/IMAGE-2021-09-19-213924-768x1131.jpg 768w, https:\/\/laszlo1713.lima-city.de\/wp-content\/uploads\/2021\/09\/IMAGE-2021-09-19-213924.jpg 869w\" sizes=\"auto, (max-width: 695px) 100vw, 695px\" \/><\/figure>\n\n\n\n<hr class=\"wp-block-separator\"\/>\n\n\n\n<div class=\"wp-block-image\"><figure class=\"aligncenter size-large\"><img loading=\"lazy\" decoding=\"async\" width=\"464\" height=\"354\" src=\"https:\/\/laszlo1713.lima-city.de\/wp-content\/uploads\/2021\/09\/Screenshot-2021-09-19-at-22.06.04.jpg\" alt=\"\" class=\"wp-image-3905\" srcset=\"https:\/\/laszlo1713.lima-city.de\/wp-content\/uploads\/2021\/09\/Screenshot-2021-09-19-at-22.06.04.jpg 464w, https:\/\/laszlo1713.lima-city.de\/wp-content\/uploads\/2021\/09\/Screenshot-2021-09-19-at-22.06.04-300x229.jpg 300w\" sizes=\"auto, (max-width: 464px) 100vw, 464px\" \/><\/figure><\/div>\n\n\n\n<p>&#8220;<em>I believe that justice is what the American people want the most. That&#8217;s what I am fighting for. Everyone will get what they deserve. Justice will prevail.<\/em>&#8220;<\/p>\n\n\n\n<hr class=\"wp-block-separator\"\/>\n\n\n\n<figure class=\"wp-block-image size-large\"><img loading=\"lazy\" decoding=\"async\" width=\"950\" height=\"186\" src=\"https:\/\/laszlo1713.lima-city.de\/wp-content\/uploads\/2021\/09\/Screenshot-2021-09-19-at-20.40.49-1.jpg\" alt=\"\" class=\"wp-image-3907\" srcset=\"https:\/\/laszlo1713.lima-city.de\/wp-content\/uploads\/2021\/09\/Screenshot-2021-09-19-at-20.40.49-1.jpg 950w, https:\/\/laszlo1713.lima-city.de\/wp-content\/uploads\/2021\/09\/Screenshot-2021-09-19-at-20.40.49-1-300x59.jpg 300w, https:\/\/laszlo1713.lima-city.de\/wp-content\/uploads\/2021\/09\/Screenshot-2021-09-19-at-20.40.49-1-768x150.jpg 768w\" sizes=\"auto, (max-width: 706px) 89vw, (max-width: 767px) 82vw, 740px\" \/><\/figure>\n\n\n\n<hr class=\"wp-block-separator\"\/>\n\n\n\n<figure class=\"wp-block-image size-large\"><img loading=\"lazy\" decoding=\"async\" width=\"720\" height=\"843\" src=\"https:\/\/laszlo1713.lima-city.de\/wp-content\/uploads\/2021\/09\/IMAGE-2021-09-20-174823.jpg\" alt=\"\" class=\"wp-image-3910\" srcset=\"https:\/\/laszlo1713.lima-city.de\/wp-content\/uploads\/2021\/09\/IMAGE-2021-09-20-174823.jpg 720w, https:\/\/laszlo1713.lima-city.de\/wp-content\/uploads\/2021\/09\/IMAGE-2021-09-20-174823-256x300.jpg 256w\" sizes=\"auto, (max-width: 720px) 100vw, 720px\" \/><figcaption>&#8220;Things are hidden from you but they will soon come to light.&#8221;<br><\/figcaption><\/figure>\n\n\n\n<hr class=\"wp-block-separator\"\/>\n\n\n\n<figure class=\"wp-block-image size-large is-resized\"><img loading=\"lazy\" decoding=\"async\" src=\"https:\/\/laszlo1713.lima-city.de\/wp-content\/uploads\/2021\/09\/IMAGE-2021-09-21-151424-744x1024.jpg\" alt=\"\" class=\"wp-image-3912\" width=\"676\" height=\"930\" srcset=\"https:\/\/laszlo1713.lima-city.de\/wp-content\/uploads\/2021\/09\/IMAGE-2021-09-21-151424-744x1024.jpg 744w, https:\/\/laszlo1713.lima-city.de\/wp-content\/uploads\/2021\/09\/IMAGE-2021-09-21-151424-218x300.jpg 218w, https:\/\/laszlo1713.lima-city.de\/wp-content\/uploads\/2021\/09\/IMAGE-2021-09-21-151424-768x1057.jpg 768w, https:\/\/laszlo1713.lima-city.de\/wp-content\/uploads\/2021\/09\/IMAGE-2021-09-21-151424.jpg 930w\" sizes=\"auto, (max-width: 676px) 100vw, 676px\" \/><figcaption><span class=\"has-inline-color has-vivid-green-cyan-color\"><strong>Obama<\/strong> sz\u00fclet\u00e9si anyak\u00f6nyvi kivonata. Ezek szerint a sz\u00fclet\u00e9si helye Mombasa (Kenya) lenne. Akkor mik\u00e9ppen v\u00e1laszthatt\u00e1k az USA eln\u00f6k\u00e9v\u00e9? Csal\u00e1ssal? Ez ut\u00f3bbib\u00f3l mi k\u00f6vetkezne?<\/span><\/figcaption><\/figure>\n\n\n\n<div class=\"wp-block-image\"><figure class=\"aligncenter size-large\"><img loading=\"lazy\" decoding=\"async\" width=\"193\" height=\"262\" src=\"https:\/\/laszlo1713.lima-city.de\/wp-content\/uploads\/2021\/09\/IMAGE-2021-09-22-104522.jpg\" alt=\"\" class=\"wp-image-3916\"\/><\/figure><\/div>\n\n\n\n<p><span class=\"has-inline-color has-vivid-green-cyan-color\">Ezzel a h\u00faz\u00e1ssal (hazugs\u00e1ggal) lett Obama amerikai \u00e1llampolg\u00e1r, ami eln\u00f6kk\u00e9 v\u00e1laszt\u00e1s\u00e1nak alapfelt\u00e9tele volt. GAME OVER moslem brother!<\/span><\/p>\n\n\n\n<figure class=\"wp-block-image size-large\"><img loading=\"lazy\" decoding=\"async\" width=\"889\" height=\"594\" src=\"https:\/\/laszlo1713.lima-city.de\/wp-content\/uploads\/2021\/09\/IMAGE-2021-09-28-081740.jpg\" alt=\"\" class=\"wp-image-3966\" srcset=\"https:\/\/laszlo1713.lima-city.de\/wp-content\/uploads\/2021\/09\/IMAGE-2021-09-28-081740.jpg 889w, https:\/\/laszlo1713.lima-city.de\/wp-content\/uploads\/2021\/09\/IMAGE-2021-09-28-081740-300x200.jpg 300w, https:\/\/laszlo1713.lima-city.de\/wp-content\/uploads\/2021\/09\/IMAGE-2021-09-28-081740-768x513.jpg 768w\" sizes=\"auto, (max-width: 706px) 89vw, (max-width: 767px) 82vw, 740px\" \/><\/figure>\n\n\n\n<figure class=\"wp-block-image size-large\"><img loading=\"lazy\" decoding=\"async\" width=\"602\" height=\"459\" src=\"https:\/\/laszlo1713.lima-city.de\/wp-content\/uploads\/2021\/09\/IMAGE-2021-09-28-081815.jpg\" alt=\"\" class=\"wp-image-3969\" srcset=\"https:\/\/laszlo1713.lima-city.de\/wp-content\/uploads\/2021\/09\/IMAGE-2021-09-28-081815.jpg 602w, https:\/\/laszlo1713.lima-city.de\/wp-content\/uploads\/2021\/09\/IMAGE-2021-09-28-081815-300x229.jpg 300w\" sizes=\"auto, (max-width: 602px) 100vw, 602px\" \/><figcaption><span class=\"has-inline-color has-vivid-green-cyan-color\">\u00c9s mi\u00e9rt olyan fontos ez a k\u00e9rd\u00e9s \u00edgy ut\u00f3lag?  Ugyan mi\u00e9rt?<\/span><\/figcaption><\/figure>\n\n\n\n<div class=\"wp-block-image\"><figure class=\"aligncenter size-large\"><img loading=\"lazy\" decoding=\"async\" width=\"387\" height=\"414\" src=\"https:\/\/laszlo1713.lima-city.de\/wp-content\/uploads\/2021\/09\/IMAGE-2021-09-28-081657.jpg\" alt=\"\" class=\"wp-image-3971\" srcset=\"https:\/\/laszlo1713.lima-city.de\/wp-content\/uploads\/2021\/09\/IMAGE-2021-09-28-081657.jpg 387w, https:\/\/laszlo1713.lima-city.de\/wp-content\/uploads\/2021\/09\/IMAGE-2021-09-28-081657-280x300.jpg 280w\" sizes=\"auto, (max-width: 387px) 100vw, 387px\" \/><\/figure><\/div>\n\n\n\n<hr class=\"wp-block-separator\"\/>\n\n\n\n<figure class=\"wp-block-image size-large\"><img loading=\"lazy\" decoding=\"async\" width=\"858\" height=\"576\" src=\"https:\/\/laszlo1713.lima-city.de\/wp-content\/uploads\/2021\/09\/IMAGE-2021-09-22-104721.jpg\" alt=\"\" class=\"wp-image-3918\" srcset=\"https:\/\/laszlo1713.lima-city.de\/wp-content\/uploads\/2021\/09\/IMAGE-2021-09-22-104721.jpg 858w, https:\/\/laszlo1713.lima-city.de\/wp-content\/uploads\/2021\/09\/IMAGE-2021-09-22-104721-300x201.jpg 300w, https:\/\/laszlo1713.lima-city.de\/wp-content\/uploads\/2021\/09\/IMAGE-2021-09-22-104721-768x516.jpg 768w\" sizes=\"auto, (max-width: 706px) 89vw, (max-width: 767px) 82vw, 740px\" \/><\/figure>\n\n\n\n<hr class=\"wp-block-separator\"\/>\n\n\n\n<p><strong>List of the Jews leading the Covid charge and developing the drugs<\/strong><\/p>\n\n\n\n<p>CDC Director, Rochelle P. Walensky,&nbsp;<\/p>\n\n\n\n<p>CDC Deputy Director, Anne Schuchat, .<\/p>\n\n\n\n<p>CDC Chief of Staff, Sherri A. Berger,&nbsp;<\/p>\n\n\n\n<p>CDC Chief Medical Officer, Mitchell Wolfe,&nbsp;<\/p>\n\n\n\n<p>CDC Director, Washington Office, Jeff Reczek,<\/p>\n\n\n\n<p>COVID Czar, Jeff Zients,&nbsp;<\/p>\n\n\n\n<p>COVID Senior Advior, Andy Slavitt,&nbsp;<\/p>\n\n\n\n<p>HHS Ass. Secretary, Rachel Levine,&nbsp;<\/p>\n\n\n\n<p>Pfizer\u2019s CEO, Albert Bourla,&nbsp;<\/p>\n\n\n\n<p>Moderna\u2019s vaccine created by a jew, Tal Zaks.<\/p>\n\n\n\n<p>Teva is an Israel pharmaceutical company.<\/p>\n\n\n\n<p>Regeneron Pharma CEO, Leonard S.Schleifer,<\/p>\n\n\n\n<p>AstraZeneca\u2019s CEO, Pascal Soriot, was to take over as CEO of Israel\u2019s Teva Pharmaceuticals<\/p>\n\n\n\n<p><span class=\"has-inline-color has-vivid-green-cyan-color\">A k\u00f6vetkez\u0151 Nobel-d\u00edj v\u00e1rom\u00e1nyasai ezek a kiv\u00e1l\u00f3 &#8220;szakemberek&#8221;, akik olyan sokat tettek az emberek (emberis\u00e9g) eg\u00e9szs\u00e9g\u00e9\u00e9rt?<\/span><\/p>\n\n\n\n<hr class=\"wp-block-separator\"\/>\n\n\n\n<figure class=\"wp-block-image size-large\"><img loading=\"lazy\" decoding=\"async\" width=\"680\" height=\"361\" src=\"https:\/\/laszlo1713.lima-city.de\/wp-content\/uploads\/2021\/09\/IMAGE-2021-09-22-110710.jpg\" alt=\"\" class=\"wp-image-3920\" srcset=\"https:\/\/laszlo1713.lima-city.de\/wp-content\/uploads\/2021\/09\/IMAGE-2021-09-22-110710.jpg 680w, https:\/\/laszlo1713.lima-city.de\/wp-content\/uploads\/2021\/09\/IMAGE-2021-09-22-110710-300x159.jpg 300w\" sizes=\"auto, (max-width: 680px) 100vw, 680px\" \/><figcaption>They caused Chaos &amp; Darkness !<br><\/figcaption><\/figure>\n\n\n\n<hr class=\"wp-block-separator\"\/>\n\n\n\n<figure class=\"wp-block-image size-large\"><img loading=\"lazy\" decoding=\"async\" width=\"800\" height=\"242\" src=\"https:\/\/laszlo1713.lima-city.de\/wp-content\/uploads\/2021\/09\/Screenshot-2021-09-22-at-11.06.23.jpg\" alt=\"\" class=\"wp-image-3923\" srcset=\"https:\/\/laszlo1713.lima-city.de\/wp-content\/uploads\/2021\/09\/Screenshot-2021-09-22-at-11.06.23.jpg 800w, https:\/\/laszlo1713.lima-city.de\/wp-content\/uploads\/2021\/09\/Screenshot-2021-09-22-at-11.06.23-300x91.jpg 300w, https:\/\/laszlo1713.lima-city.de\/wp-content\/uploads\/2021\/09\/Screenshot-2021-09-22-at-11.06.23-768x232.jpg 768w\" sizes=\"auto, (max-width: 706px) 89vw, (max-width: 767px) 82vw, 740px\" \/><\/figure>\n\n\n\n<hr class=\"wp-block-separator\"\/>\n\n\n\n<hr class=\"wp-block-separator\"\/>\n\n\n\n<figure class=\"wp-block-image size-large\"><img loading=\"lazy\" decoding=\"async\" width=\"704\" height=\"114\" src=\"https:\/\/laszlo1713.lima-city.de\/wp-content\/uploads\/2021\/09\/Screenshot-2021-09-22-at-11.11.20.jpg\" alt=\"\" class=\"wp-image-3924\" srcset=\"https:\/\/laszlo1713.lima-city.de\/wp-content\/uploads\/2021\/09\/Screenshot-2021-09-22-at-11.11.20.jpg 704w, https:\/\/laszlo1713.lima-city.de\/wp-content\/uploads\/2021\/09\/Screenshot-2021-09-22-at-11.11.20-300x49.jpg 300w\" sizes=\"auto, (max-width: 704px) 100vw, 704px\" \/><\/figure>\n\n\n\n<hr class=\"wp-block-separator\"\/>\n\n\n\n<figure class=\"wp-block-image size-large\"><img loading=\"lazy\" decoding=\"async\" width=\"808\" height=\"488\" src=\"https:\/\/laszlo1713.lima-city.de\/wp-content\/uploads\/2021\/09\/Screenshot-2021-09-22-at-11.13.48.jpg\" alt=\"\" class=\"wp-image-3926\" srcset=\"https:\/\/laszlo1713.lima-city.de\/wp-content\/uploads\/2021\/09\/Screenshot-2021-09-22-at-11.13.48.jpg 808w, https:\/\/laszlo1713.lima-city.de\/wp-content\/uploads\/2021\/09\/Screenshot-2021-09-22-at-11.13.48-300x181.jpg 300w, https:\/\/laszlo1713.lima-city.de\/wp-content\/uploads\/2021\/09\/Screenshot-2021-09-22-at-11.13.48-768x464.jpg 768w\" sizes=\"auto, (max-width: 706px) 89vw, (max-width: 767px) 82vw, 740px\" \/><\/figure>\n\n\n\n<hr class=\"wp-block-separator\"\/>\n\n\n\n<figure class=\"wp-block-image size-large\"><img loading=\"lazy\" decoding=\"async\" width=\"1024\" height=\"951\" src=\"https:\/\/laszlo1713.lima-city.de\/wp-content\/uploads\/2021\/09\/Screenshot-2021-09-24-at-10.28.58-1024x951.jpg\" alt=\"\" class=\"wp-image-3930\" srcset=\"https:\/\/laszlo1713.lima-city.de\/wp-content\/uploads\/2021\/09\/Screenshot-2021-09-24-at-10.28.58-1024x951.jpg 1024w, https:\/\/laszlo1713.lima-city.de\/wp-content\/uploads\/2021\/09\/Screenshot-2021-09-24-at-10.28.58-300x279.jpg 300w, https:\/\/laszlo1713.lima-city.de\/wp-content\/uploads\/2021\/09\/Screenshot-2021-09-24-at-10.28.58-768x713.jpg 768w, https:\/\/laszlo1713.lima-city.de\/wp-content\/uploads\/2021\/09\/Screenshot-2021-09-24-at-10.28.58.jpg 1432w\" sizes=\"auto, (max-width: 706px) 89vw, (max-width: 767px) 82vw, 740px\" \/><figcaption>As reported previously, it is RRN\u2019s contention that the real Joseph R. Biden has not been seen in public since shortly after the 2020 presidential election. The reason is that, in early February, he suffered a massive stroke that left him brain dead and hospitalized at Walter Reed National Military Medical Center, where he has lain comatose ever since. Biden\u2019s Deep State handlers had had high hopes for Kamala Harris, and had intended that she would succeed him, but it soon became apparent that she lacked fortitude and the mental acuity needed to coalesce the liberal base. Much to her chagrin, she was put on the backburner while the Deep State sought body double replacements who could play a convincing Joe Biden.<\/figcaption><\/figure>\n\n\n\n<hr class=\"wp-block-separator\"\/>\n\n\n\n<p>&#8220;<strong>All the world\u2019s a stage,<br>And all the men and women merely players;<\/strong>&#8220;<\/p>\n\n\n\n<hr class=\"wp-block-separator\"\/>\n\n\n\n<figure class=\"wp-block-image size-large\"><img loading=\"lazy\" decoding=\"async\" width=\"1024\" height=\"691\" src=\"https:\/\/laszlo1713.lima-city.de\/wp-content\/uploads\/2021\/09\/IMAGE-2021-09-25-074957-1024x691.jpg\" alt=\"\" class=\"wp-image-3933\" srcset=\"https:\/\/laszlo1713.lima-city.de\/wp-content\/uploads\/2021\/09\/IMAGE-2021-09-25-074957-1024x691.jpg 1024w, https:\/\/laszlo1713.lima-city.de\/wp-content\/uploads\/2021\/09\/IMAGE-2021-09-25-074957-300x203.jpg 300w, https:\/\/laszlo1713.lima-city.de\/wp-content\/uploads\/2021\/09\/IMAGE-2021-09-25-074957-768x518.jpg 768w, https:\/\/laszlo1713.lima-city.de\/wp-content\/uploads\/2021\/09\/IMAGE-2021-09-25-074957.jpg 1080w\" sizes=\"auto, (max-width: 706px) 89vw, (max-width: 767px) 82vw, 740px\" \/><figcaption><strong>Hier sehen wir Ursula von der Leyen und Zuzana \u010caputov\u00e1 (die dank Hilfe einer israelischen Marketing Agentur Slowakische Pr\u00e4sidentin wurde) wie sie sich auf dem Brustkorb kreuzigen.<\/strong><br><br><br>&nbsp;Dabei handelt es sich um ein Alt\u00e4gyptisches Symbol: Ankh, oder auch Crux Ansata genannt, welches in den Freimaurer Logen Anwendung findet. Es ist mit das gef\u00e4hrlichste Symbol, welches von den Logen Mitgliedern und okkulten Kreisen, \u00e4u\u00dferst selten, in der \u00d6ffentlichkeit gezeigt wird. Es wird immer dann angewandt, wenn es eines Opfers f\u00fcr RA\/Baal bedarf. Dies ist eine Aufforderung Menschenopfer zu bringen.<\/figcaption><\/figure>\n\n\n\n<p><span class=\"has-inline-color has-vivid-green-cyan-color\">Ferenc p\u00e1pa keresztje ugyanez a szimb\u00f3lum. \u00c9rdekes?<\/span><\/p>\n\n\n\n<div class=\"wp-block-image\"><figure class=\"aligncenter size-large\"><img loading=\"lazy\" decoding=\"async\" width=\"146\" height=\"200\" src=\"https:\/\/laszlo1713.lima-city.de\/wp-content\/uploads\/2021\/09\/Ferenc-papa-keresztje.jpg\" alt=\"\" class=\"wp-image-3941\"\/><\/figure><\/div>\n\n\n\n<p><\/p>\n\n\n\n<hr class=\"wp-block-separator\"\/>\n\n\n\n<figure class=\"wp-block-image size-large\"><img loading=\"lazy\" decoding=\"async\" width=\"1024\" height=\"561\" src=\"https:\/\/laszlo1713.lima-city.de\/wp-content\/uploads\/2021\/09\/Screenshot-2021-09-25-at-17.03.47-1024x561.jpg\" alt=\"\" class=\"wp-image-3937\" srcset=\"https:\/\/laszlo1713.lima-city.de\/wp-content\/uploads\/2021\/09\/Screenshot-2021-09-25-at-17.03.47-1024x561.jpg 1024w, https:\/\/laszlo1713.lima-city.de\/wp-content\/uploads\/2021\/09\/Screenshot-2021-09-25-at-17.03.47-300x164.jpg 300w, https:\/\/laszlo1713.lima-city.de\/wp-content\/uploads\/2021\/09\/Screenshot-2021-09-25-at-17.03.47-768x421.jpg 768w, https:\/\/laszlo1713.lima-city.de\/wp-content\/uploads\/2021\/09\/Screenshot-2021-09-25-at-17.03.47-1536x842.jpg 1536w, https:\/\/laszlo1713.lima-city.de\/wp-content\/uploads\/2021\/09\/Screenshot-2021-09-25-at-17.03.47-2048x1122.jpg 2048w\" sizes=\"auto, (max-width: 706px) 89vw, (max-width: 767px) 82vw, 740px\" \/><figcaption><span class=\"has-inline-color has-vivid-green-cyan-color\">A jobb kez\u00e9re kell figyelni (itt), a szimb\u00f3lumaikkal megmutatj\u00e1k val\u00f3s\u00e1gos \u00f6nmagukat: s\u00e1t\u00e1nim\u00e1d\u00f3 illumin\u00e1tusok.<\/span><\/figcaption><\/figure>\n\n\n\n<p><em>These are the people that need to be separated, tracked down and tried in front of a jury chosen by the people for Crimes Against Humanity.&nbsp;<\/em><\/p>\n\n\n\n<hr class=\"wp-block-separator\"\/>\n\n\n\n<figure class=\"wp-block-image size-large\"><img loading=\"lazy\" decoding=\"async\" width=\"1024\" height=\"803\" src=\"https:\/\/laszlo1713.lima-city.de\/wp-content\/uploads\/2021\/09\/Screenshot-2021-09-25-at-20.51.25-1024x803.jpg\" alt=\"\" class=\"wp-image-3943\" srcset=\"https:\/\/laszlo1713.lima-city.de\/wp-content\/uploads\/2021\/09\/Screenshot-2021-09-25-at-20.51.25-1024x803.jpg 1024w, https:\/\/laszlo1713.lima-city.de\/wp-content\/uploads\/2021\/09\/Screenshot-2021-09-25-at-20.51.25-300x235.jpg 300w, https:\/\/laszlo1713.lima-city.de\/wp-content\/uploads\/2021\/09\/Screenshot-2021-09-25-at-20.51.25-768x602.jpg 768w, https:\/\/laszlo1713.lima-city.de\/wp-content\/uploads\/2021\/09\/Screenshot-2021-09-25-at-20.51.25.jpg 1156w\" sizes=\"auto, (max-width: 706px) 89vw, (max-width: 767px) 82vw, 740px\" \/><figcaption><span class=\"has-inline-color has-vivid-green-cyan-color\">Korunk betegs\u00e9ge szimbolikusan: Corona (666) <\/span><\/figcaption><\/figure>\n\n\n\n<hr class=\"wp-block-separator\"\/>\n\n\n\n<figure class=\"wp-block-image size-large\"><img loading=\"lazy\" decoding=\"async\" width=\"1024\" height=\"1020\" src=\"https:\/\/laszlo1713.lima-city.de\/wp-content\/uploads\/2021\/09\/IMAGE-2021-09-26-100430-1024x1020.jpg\" alt=\"\" class=\"wp-image-3946\" srcset=\"https:\/\/laszlo1713.lima-city.de\/wp-content\/uploads\/2021\/09\/IMAGE-2021-09-26-100430-1024x1020.jpg 1024w, https:\/\/laszlo1713.lima-city.de\/wp-content\/uploads\/2021\/09\/IMAGE-2021-09-26-100430-300x300.jpg 300w, https:\/\/laszlo1713.lima-city.de\/wp-content\/uploads\/2021\/09\/IMAGE-2021-09-26-100430-150x150.jpg 150w, https:\/\/laszlo1713.lima-city.de\/wp-content\/uploads\/2021\/09\/IMAGE-2021-09-26-100430-768x765.jpg 768w, https:\/\/laszlo1713.lima-city.de\/wp-content\/uploads\/2021\/09\/IMAGE-2021-09-26-100430-100x100.jpg 100w, https:\/\/laszlo1713.lima-city.de\/wp-content\/uploads\/2021\/09\/IMAGE-2021-09-26-100430.jpg 1125w\" sizes=\"auto, (max-width: 706px) 89vw, (max-width: 767px) 82vw, 740px\" \/><figcaption><span class=\"has-inline-color has-vivid-green-cyan-color\">&#8220;<strong>Endl\u00f6sung<\/strong>&#8220;?  Val\u00f3ban? D\u00e9j\u00e0 vu.<\/span><\/figcaption><\/figure>\n\n\n\n<hr class=\"wp-block-separator\"\/>\n\n\n\n<figure class=\"wp-block-image size-large\"><img loading=\"lazy\" decoding=\"async\" width=\"663\" height=\"1024\" src=\"https:\/\/laszlo1713.lima-city.de\/wp-content\/uploads\/2021\/09\/IMAGE-2021-09-26-121434-663x1024.jpg\" alt=\"\" class=\"wp-image-3949\" srcset=\"https:\/\/laszlo1713.lima-city.de\/wp-content\/uploads\/2021\/09\/IMAGE-2021-09-26-121434-663x1024.jpg 663w, https:\/\/laszlo1713.lima-city.de\/wp-content\/uploads\/2021\/09\/IMAGE-2021-09-26-121434-194x300.jpg 194w, https:\/\/laszlo1713.lima-city.de\/wp-content\/uploads\/2021\/09\/IMAGE-2021-09-26-121434-768x1186.jpg 768w, https:\/\/laszlo1713.lima-city.de\/wp-content\/uploads\/2021\/09\/IMAGE-2021-09-26-121434.jpg 829w\" sizes=\"auto, (max-width: 663px) 100vw, 663px\" \/><\/figure>\n\n\n\n<hr class=\"wp-block-separator\"\/>\n\n\n\n<figure class=\"wp-block-image size-large\"><img loading=\"lazy\" decoding=\"async\" width=\"625\" height=\"1024\" src=\"https:\/\/laszlo1713.lima-city.de\/wp-content\/uploads\/2021\/09\/IMAGE-2021-09-26-170301-625x1024.jpg\" alt=\"\" class=\"wp-image-3951\" srcset=\"https:\/\/laszlo1713.lima-city.de\/wp-content\/uploads\/2021\/09\/IMAGE-2021-09-26-170301-625x1024.jpg 625w, https:\/\/laszlo1713.lima-city.de\/wp-content\/uploads\/2021\/09\/IMAGE-2021-09-26-170301-183x300.jpg 183w, https:\/\/laszlo1713.lima-city.de\/wp-content\/uploads\/2021\/09\/IMAGE-2021-09-26-170301-768x1259.jpg 768w, https:\/\/laszlo1713.lima-city.de\/wp-content\/uploads\/2021\/09\/IMAGE-2021-09-26-170301.jpg 781w\" sizes=\"auto, (max-width: 625px) 100vw, 625px\" \/><\/figure>\n\n\n\n<hr class=\"wp-block-separator\"\/>\n\n\n\n<figure class=\"wp-block-image size-large\"><img loading=\"lazy\" decoding=\"async\" width=\"750\" height=\"747\" src=\"https:\/\/laszlo1713.lima-city.de\/wp-content\/uploads\/2021\/09\/IMAGE-2021-09-26-170240.jpg\" alt=\"\" class=\"wp-image-3952\" srcset=\"https:\/\/laszlo1713.lima-city.de\/wp-content\/uploads\/2021\/09\/IMAGE-2021-09-26-170240.jpg 750w, https:\/\/laszlo1713.lima-city.de\/wp-content\/uploads\/2021\/09\/IMAGE-2021-09-26-170240-300x300.jpg 300w, https:\/\/laszlo1713.lima-city.de\/wp-content\/uploads\/2021\/09\/IMAGE-2021-09-26-170240-150x150.jpg 150w, https:\/\/laszlo1713.lima-city.de\/wp-content\/uploads\/2021\/09\/IMAGE-2021-09-26-170240-100x100.jpg 100w\" sizes=\"auto, (max-width: 706px) 89vw, (max-width: 767px) 82vw, 740px\" \/><\/figure>\n\n\n\n<hr class=\"wp-block-separator\"\/>\n\n\n\n<hr class=\"wp-block-separator\"\/>\n\n\n\n<figure class=\"wp-block-image size-large\"><img loading=\"lazy\" decoding=\"async\" width=\"1024\" height=\"571\" src=\"https:\/\/laszlo1713.lima-city.de\/wp-content\/uploads\/2021\/09\/Screenshot-2021-09-27-at-08.35.52-1024x571.jpg\" alt=\"\" class=\"wp-image-3958\" srcset=\"https:\/\/laszlo1713.lima-city.de\/wp-content\/uploads\/2021\/09\/Screenshot-2021-09-27-at-08.35.52-1024x571.jpg 1024w, https:\/\/laszlo1713.lima-city.de\/wp-content\/uploads\/2021\/09\/Screenshot-2021-09-27-at-08.35.52-300x167.jpg 300w, https:\/\/laszlo1713.lima-city.de\/wp-content\/uploads\/2021\/09\/Screenshot-2021-09-27-at-08.35.52-768x428.jpg 768w, https:\/\/laszlo1713.lima-city.de\/wp-content\/uploads\/2021\/09\/Screenshot-2021-09-27-at-08.35.52-1536x856.jpg 1536w, https:\/\/laszlo1713.lima-city.de\/wp-content\/uploads\/2021\/09\/Screenshot-2021-09-27-at-08.35.52.jpg 1902w\" sizes=\"auto, (max-width: 706px) 89vw, (max-width: 767px) 82vw, 740px\" \/><\/figure>\n\n\n\n<p>&#8220;<strong><em>Wo n\u00e4mlich k\u00e4me die Politik hin, wenn jedermann erf\u00fchre, was durch die Bilderberger-Treffen und die Aktivit\u00e4ten der Trilateral Commission ja eigentlich offenkundig ist:&nbsp;Da\u00df es im Grunde genommen ab einer gewissen Stufe zwischen den in Westeuropa herrschenden Klassen und der sogenannten \u00bbsozialistischen\u00ab Opposition, da\u00df es zwischen den Rechtsparteien und der Linken im Kern schon l\u00e4ngst keine ideologischen oder sonstigen Gegens\u00e4tze mehr gibt, die dann im politischen Alltag zuhause freilich wieder zur allgemeinen Augenauswischerei ausgepackt werden, w\u00e4hrend man insgeheim am gemeinsamen Universalgeb\u00e4ude herumbaut.&nbsp;Weder die W\u00e4hler noch die kleinen Parteimitglieder, ja nicht einmal jene \u00bbParteifreunde in der Mitverantwortung\u00ab, die nicht f\u00fcr w\u00fcrdig befunden werden, in diesen ehrsamen Kreis einzutreten, erfahren etwas von den gemeinsamen Aktivit\u00e4ten, der \u00bbprofunden gemeinsamen Basis\u00ab dieser polychromen Bauleute vom Bilderberg und vom Hause Rockefeller &amp; Co.<\/em>&nbsp;<\/strong>&#8221; (<strong>E.R. Carmin: Das Schwarze Reich<\/strong>)<\/p>\n\n\n\n<hr class=\"wp-block-separator\"\/>\n\n\n\n<figure class=\"wp-block-image size-large\"><img loading=\"lazy\" decoding=\"async\" width=\"999\" height=\"865\" src=\"https:\/\/laszlo1713.lima-city.de\/wp-content\/uploads\/2021\/09\/IMG_1348.jpg\" alt=\"\" class=\"wp-image-3961\" srcset=\"https:\/\/laszlo1713.lima-city.de\/wp-content\/uploads\/2021\/09\/IMG_1348.jpg 999w, https:\/\/laszlo1713.lima-city.de\/wp-content\/uploads\/2021\/09\/IMG_1348-300x260.jpg 300w, https:\/\/laszlo1713.lima-city.de\/wp-content\/uploads\/2021\/09\/IMG_1348-768x665.jpg 768w\" sizes=\"auto, (max-width: 706px) 89vw, (max-width: 767px) 82vw, 740px\" \/><figcaption><span class=\"has-inline-color has-vivid-green-cyan-color\">Greta. A  b\u00e1lv\u00e1ny. <strong>Fridays for Future<\/strong>. Hogy milyen j\u00f6v\u0151, gondolom, vil\u00e1gos. Van-e  a &#8220;p\u00e9nteknek&#8221; itt m\u00e9lyebb jelent\u00e9se? A n\u00e9pl\u00e9lek (\u00e9s innen gyermekdal is) &#8220;szit\u00e1nak&#8221; nevezi. Minden bizonnyal tov\u00e1bb gondolhat\u00f3.<\/span><\/figcaption><\/figure>\n\n\n\n<figure class=\"wp-block-image size-large\"><img loading=\"lazy\" decoding=\"async\" width=\"749\" height=\"787\" src=\"https:\/\/laszlo1713.lima-city.de\/wp-content\/uploads\/2021\/09\/IMG_1349.jpg\" alt=\"\" class=\"wp-image-3963\" srcset=\"https:\/\/laszlo1713.lima-city.de\/wp-content\/uploads\/2021\/09\/IMG_1349.jpg 749w, https:\/\/laszlo1713.lima-city.de\/wp-content\/uploads\/2021\/09\/IMG_1349-286x300.jpg 286w\" sizes=\"auto, (max-width: 706px) 89vw, (max-width: 767px) 82vw, 740px\" \/><\/figure>\n\n\n\n<p><span class=\"has-inline-color has-vivid-green-cyan-color\">Mint ahogy a &#8220;v\u00edrus&#8221; is tov\u00e1bb \u00e9s tov\u00e1bb gondolhat\u00f3.<\/span><\/p>\n\n\n\n<hr class=\"wp-block-separator\"\/>\n\n\n\n<figure class=\"wp-block-image size-large\"><img loading=\"lazy\" decoding=\"async\" width=\"894\" height=\"1024\" src=\"https:\/\/laszlo1713.lima-city.de\/wp-content\/uploads\/2021\/09\/Screenshot-2021-09-30-at-21.02.17-894x1024.jpg\" alt=\"\" class=\"wp-image-3982\" srcset=\"https:\/\/laszlo1713.lima-city.de\/wp-content\/uploads\/2021\/09\/Screenshot-2021-09-30-at-21.02.17-894x1024.jpg 894w, https:\/\/laszlo1713.lima-city.de\/wp-content\/uploads\/2021\/09\/Screenshot-2021-09-30-at-21.02.17-262x300.jpg 262w, https:\/\/laszlo1713.lima-city.de\/wp-content\/uploads\/2021\/09\/Screenshot-2021-09-30-at-21.02.17-768x879.jpg 768w, https:\/\/laszlo1713.lima-city.de\/wp-content\/uploads\/2021\/09\/Screenshot-2021-09-30-at-21.02.17.jpg 1158w\" sizes=\"auto, (max-width: 706px) 89vw, (max-width: 767px) 82vw, 740px\" \/><\/figure>\n\n\n\n<figure class=\"wp-block-image size-large\"><img loading=\"lazy\" decoding=\"async\" width=\"1024\" height=\"503\" src=\"https:\/\/laszlo1713.lima-city.de\/wp-content\/uploads\/2021\/09\/Screenshot-2021-09-30-at-21.03.33-1024x503.jpg\" alt=\"\" class=\"wp-image-3983\" srcset=\"https:\/\/laszlo1713.lima-city.de\/wp-content\/uploads\/2021\/09\/Screenshot-2021-09-30-at-21.03.33-1024x503.jpg 1024w, https:\/\/laszlo1713.lima-city.de\/wp-content\/uploads\/2021\/09\/Screenshot-2021-09-30-at-21.03.33-300x147.jpg 300w, https:\/\/laszlo1713.lima-city.de\/wp-content\/uploads\/2021\/09\/Screenshot-2021-09-30-at-21.03.33-768x377.jpg 768w, https:\/\/laszlo1713.lima-city.de\/wp-content\/uploads\/2021\/09\/Screenshot-2021-09-30-at-21.03.33.jpg 1152w\" sizes=\"auto, (max-width: 706px) 89vw, (max-width: 767px) 82vw, 740px\" \/><\/figure>\n\n\n\n<p><span class=\"has-inline-color has-vivid-green-cyan-color\">A 6 ft (feet) egy\u00e9bk\u00e9nt (a sz\u00e1mmisztika alapj\u00e1n) pontosan a m\u00e1sf\u00e9l (1,5) m  megfelel\u0151je. Ne t\u00e9vesszen meg senkit, hogy az tkp. 1,8288 m lenne! Err\u0151l sz\u00f3l minden l\u00e9nyeg\u00e9ben napjainkban: ki hajland\u00f3 r\u00e9sztvenni egy s\u00e1t\u00e1ni ritu\u00e1l\u00e9ban , ki nem.  Ez a v\u00e9gs\u0151 pillanat, amely mindenkinek megadatott, hogy elt\u00e1volodj\u00e9k a &#8220;gonoszt\u00f3l&#8221; (s\u00e1t\u00e1n), ha eddig m\u00e9g nem tette volna.<\/span><\/p>\n\n\n\n<p><span class=\"has-inline-color has-vivid-green-cyan-color\">A gy\u00fcm\u00f6lcse pedig ennek a s\u00e1t\u00e1nkultusznak: az \u00e1llami (&#8220;glob\u00e1lis&#8221;) szintre emelt mindenf\u00e9le aberr\u00e1ci\u00f3 (&#8220;buzis\u00e1g&#8221;, &#8220;transgender&#8221; \u00e9s sorolhatn\u00e1nk a v\u00e9gtelens\u00e9gig).<\/span>  <span class=\"has-inline-color has-vivid-green-cyan-color\">Ez a vil\u00e1g sz\u00e9gyene (botr\u00e1nya).<\/span><\/p>\n\n\n\n<figure class=\"wp-block-image size-large is-resized\"><img loading=\"lazy\" decoding=\"async\" src=\"https:\/\/laszlo1713.lima-city.de\/wp-content\/uploads\/2021\/10\/IMG_1358-1024x1024.jpg\" alt=\"\" class=\"wp-image-3989\" width=\"674\" height=\"674\" srcset=\"https:\/\/laszlo1713.lima-city.de\/wp-content\/uploads\/2021\/10\/IMG_1358-1024x1024.jpg 1024w, https:\/\/laszlo1713.lima-city.de\/wp-content\/uploads\/2021\/10\/IMG_1358-300x300.jpg 300w, https:\/\/laszlo1713.lima-city.de\/wp-content\/uploads\/2021\/10\/IMG_1358-150x150.jpg 150w, https:\/\/laszlo1713.lima-city.de\/wp-content\/uploads\/2021\/10\/IMG_1358-768x768.jpg 768w, https:\/\/laszlo1713.lima-city.de\/wp-content\/uploads\/2021\/10\/IMG_1358-100x100.jpg 100w, https:\/\/laszlo1713.lima-city.de\/wp-content\/uploads\/2021\/10\/IMG_1358.jpg 1080w\" sizes=\"auto, (max-width: 674px) 100vw, 674px\" \/><figcaption><span class=\"has-inline-color has-vivid-green-cyan-color\">Hogy mib\u0151l lesz a cserebog\u00e1r? Barack Hussein  \u00e9s Michael<\/span> <span class=\"has-inline-color has-vivid-green-cyan-color\">(Michelle Obama)<\/span><\/figcaption><\/figure>\n\n\n\n<figure class=\"wp-block-image size-large\"><img loading=\"lazy\" decoding=\"async\" width=\"853\" height=\"1024\" src=\"https:\/\/laszlo1713.lima-city.de\/wp-content\/uploads\/2021\/10\/IMAGE-2021-10-01-095724-853x1024.jpg\" alt=\"\" class=\"wp-image-3991\" srcset=\"https:\/\/laszlo1713.lima-city.de\/wp-content\/uploads\/2021\/10\/IMAGE-2021-10-01-095724-853x1024.jpg 853w, https:\/\/laszlo1713.lima-city.de\/wp-content\/uploads\/2021\/10\/IMAGE-2021-10-01-095724-250x300.jpg 250w, https:\/\/laszlo1713.lima-city.de\/wp-content\/uploads\/2021\/10\/IMAGE-2021-10-01-095724-768x922.jpg 768w, https:\/\/laszlo1713.lima-city.de\/wp-content\/uploads\/2021\/10\/IMAGE-2021-10-01-095724.jpg 1066w\" sizes=\"auto, (max-width: 706px) 89vw, (max-width: 767px) 82vw, 740px\" \/><\/figure>\n\n\n\n<hr class=\"wp-block-separator\"\/>\n\n\n\n<figure class=\"wp-block-image size-large\"><img loading=\"lazy\" decoding=\"async\" width=\"779\" height=\"448\" src=\"https:\/\/laszlo1713.lima-city.de\/wp-content\/uploads\/2021\/10\/IMAGE-2021-10-01-203721.jpg\" alt=\"\" class=\"wp-image-3994\" srcset=\"https:\/\/laszlo1713.lima-city.de\/wp-content\/uploads\/2021\/10\/IMAGE-2021-10-01-203721.jpg 779w, https:\/\/laszlo1713.lima-city.de\/wp-content\/uploads\/2021\/10\/IMAGE-2021-10-01-203721-300x173.jpg 300w, https:\/\/laszlo1713.lima-city.de\/wp-content\/uploads\/2021\/10\/IMAGE-2021-10-01-203721-768x442.jpg 768w\" sizes=\"auto, (max-width: 706px) 89vw, (max-width: 767px) 82vw, 740px\" \/><figcaption>Das Paul-Ehrlich-Institut in Langen ist das deutsche Bundesinstitut f\u00fcr Impfstoffe und biomedizinische Arzneimittel.<\/figcaption><\/figure>\n\n\n\n<p><span class=\"has-inline-color has-vivid-green-cyan-color\">A vihar er\u0151s sz\u00e9ll\u00f6k\u00e9sekkel imm\u00e1r a fej\u00fcnk felett?<\/span> (&#8220;<em>The <strong>Storm<\/strong> is upon us<\/em>.&#8221;)<\/p>\n\n\n\n<hr class=\"wp-block-separator\"\/>\n\n\n\n<hr class=\"wp-block-separator\"\/>\n\n\n\n<hr class=\"wp-block-separator\"\/>\n\n\n\n<figure class=\"wp-block-image size-large\"><img loading=\"lazy\" decoding=\"async\" width=\"699\" height=\"644\" src=\"https:\/\/laszlo1713.lima-city.de\/wp-content\/uploads\/2021\/09\/IMG_1352.jpg\" alt=\"\" class=\"wp-image-3977\" srcset=\"https:\/\/laszlo1713.lima-city.de\/wp-content\/uploads\/2021\/09\/IMG_1352.jpg 699w, https:\/\/laszlo1713.lima-city.de\/wp-content\/uploads\/2021\/09\/IMG_1352-300x276.jpg 300w\" sizes=\"auto, (max-width: 699px) 100vw, 699px\" \/><\/figure>\n\n\n\n<hr class=\"wp-block-separator\"\/>\n\n\n\n<hr class=\"wp-block-separator\"\/>\n\n\n\n<hr class=\"wp-block-separator\"\/>\n","protected":false},"excerpt":{"rendered":"<p>\u201cPeople in authority lie. People in authority will abuse every power we relinquish to them . . . this is the product of pharmaceutical driven bio-security agenda that willl enslave the entire human race.&#8221; (RFK Jr.) Csak a &#8220;h\u00fclye&#8221; nem l\u00e1tja (l\u00e1tta kezdett\u0151l fogva)? A &#8220;h\u00fclyes\u00e9g&#8221; teh\u00e1t milli\u00f3s nagys\u00e1grend\u0171? A vakcina nagyon fontos nekik (DS, &hellip; <\/p>\n<p class=\"link-more\"><a href=\"https:\/\/laszlo1713.lima-city.de\/index.php\/lapszemle-iv\/\" class=\"more-link\">Continue reading<span class=\"screen-reader-text\"> &#8220;Lapszemle IV.&#8221;<\/span><\/a><\/p>\n","protected":false},"author":1,"featured_media":0,"parent":0,"menu_order":0,"comment_status":"closed","ping_status":"closed","template":"","meta":{"footnotes":""},"class_list":["post-3789","page","type-page","status-publish","hentry"],"_links":{"self":[{"href":"https:\/\/laszlo1713.lima-city.de\/index.php\/wp-json\/wp\/v2\/pages\/3789","targetHints":{"allow":["GET"]}}],"collection":[{"href":"https:\/\/laszlo1713.lima-city.de\/index.php\/wp-json\/wp\/v2\/pages"}],"about":[{"href":"https:\/\/laszlo1713.lima-city.de\/index.php\/wp-json\/wp\/v2\/types\/page"}],"author":[{"embeddable":true,"href":"https:\/\/laszlo1713.lima-city.de\/index.php\/wp-json\/wp\/v2\/users\/1"}],"replies":[{"embeddable":true,"href":"https:\/\/laszlo1713.lima-city.de\/index.php\/wp-json\/wp\/v2\/comments?post=3789"}],"version-history":[{"count":67,"href":"https:\/\/laszlo1713.lima-city.de\/index.php\/wp-json\/wp\/v2\/pages\/3789\/revisions"}],"predecessor-version":[{"id":3996,"href":"https:\/\/laszlo1713.lima-city.de\/index.php\/wp-json\/wp\/v2\/pages\/3789\/revisions\/3996"}],"wp:attachment":[{"href":"https:\/\/laszlo1713.lima-city.de\/index.php\/wp-json\/wp\/v2\/media?parent=3789"}],"curies":[{"name":"wp","href":"https:\/\/api.w.org\/{rel}","templated":true}]}}