{"id":3412,"date":"2021-08-15T09:51:45","date_gmt":"2021-08-15T07:51:45","guid":{"rendered":"https:\/\/laszlo1713.lima-city.de\/?page_id=3412"},"modified":"2021-09-01T16:36:40","modified_gmt":"2021-09-01T14:36:40","slug":"lapszemle-iii","status":"publish","type":"page","link":"https:\/\/laszlo1713.lima-city.de\/index.php\/lapszemle-iii\/","title":{"rendered":"Lapszemle III."},"content":{"rendered":"\n<figure class=\"wp-block-image size-large\"><img loading=\"lazy\" decoding=\"async\" width=\"1024\" height=\"577\" src=\"https:\/\/laszlo1713.lima-city.de\/wp-content\/uploads\/2021\/08\/2021-08-20-12.09.35-2-1024x577.jpg\" alt=\"\" class=\"wp-image-3537\" srcset=\"https:\/\/laszlo1713.lima-city.de\/wp-content\/uploads\/2021\/08\/2021-08-20-12.09.35-2-1024x577.jpg 1024w, https:\/\/laszlo1713.lima-city.de\/wp-content\/uploads\/2021\/08\/2021-08-20-12.09.35-2-300x169.jpg 300w, https:\/\/laszlo1713.lima-city.de\/wp-content\/uploads\/2021\/08\/2021-08-20-12.09.35-2-768x433.jpg 768w, https:\/\/laszlo1713.lima-city.de\/wp-content\/uploads\/2021\/08\/2021-08-20-12.09.35-2.jpg 1280w\" sizes=\"auto, (max-width: 706px) 89vw, (max-width: 767px) 82vw, 740px\" \/><figcaption><span class=\"has-inline-color has-vivid-green-cyan-color\">N\u00fcrnberg II. v\u00e1rom\u00e1nyosa.<\/span><\/figcaption><\/figure>\n\n\n\n<figure class=\"wp-block-image size-large\"><img loading=\"lazy\" decoding=\"async\" width=\"892\" height=\"904\" src=\"https:\/\/laszlo1713.lima-city.de\/wp-content\/uploads\/2021\/08\/IMAGE-2021-08-20-120425.jpg\" alt=\"\" class=\"wp-image-3538\" srcset=\"https:\/\/laszlo1713.lima-city.de\/wp-content\/uploads\/2021\/08\/IMAGE-2021-08-20-120425.jpg 892w, https:\/\/laszlo1713.lima-city.de\/wp-content\/uploads\/2021\/08\/IMAGE-2021-08-20-120425-296x300.jpg 296w, https:\/\/laszlo1713.lima-city.de\/wp-content\/uploads\/2021\/08\/IMAGE-2021-08-20-120425-768x778.jpg 768w, https:\/\/laszlo1713.lima-city.de\/wp-content\/uploads\/2021\/08\/IMAGE-2021-08-20-120425-100x100.jpg 100w\" sizes=\"auto, (max-width: 706px) 89vw, (max-width: 767px) 82vw, 740px\" \/><figcaption><span class=\"has-inline-color has-vivid-green-cyan-color\">N\u00fcrnberg II. ugyancsak? Az emberis\u00e9g ellen elk\u00f6vetett b\u0171ntett\u00e9rt!<\/span><\/figcaption><\/figure>\n\n\n\n<div class=\"wp-block-image\"><figure class=\"aligncenter size-large\"><img loading=\"lazy\" decoding=\"async\" width=\"348\" height=\"500\" src=\"https:\/\/laszlo1713.lima-city.de\/wp-content\/uploads\/2021\/08\/IMAGE-2021-08-20-122907.jpg\" alt=\"\" class=\"wp-image-3542\" srcset=\"https:\/\/laszlo1713.lima-city.de\/wp-content\/uploads\/2021\/08\/IMAGE-2021-08-20-122907.jpg 348w, https:\/\/laszlo1713.lima-city.de\/wp-content\/uploads\/2021\/08\/IMAGE-2021-08-20-122907-209x300.jpg 209w\" sizes=\"auto, (max-width: 348px) 100vw, 348px\" \/><figcaption><span class=\"has-inline-color has-vivid-green-cyan-color\">A &#8220;var\u00e1zsl\u00f3&#8221; hal\u00e1la?<\/span><\/figcaption><\/figure><\/div>\n\n\n\n<figure class=\"wp-block-image size-large\"><img loading=\"lazy\" decoding=\"async\" width=\"960\" height=\"960\" src=\"https:\/\/laszlo1713.lima-city.de\/wp-content\/uploads\/2021\/08\/IMG_1309.jpg\" alt=\"\" class=\"wp-image-3647\" srcset=\"https:\/\/laszlo1713.lima-city.de\/wp-content\/uploads\/2021\/08\/IMG_1309.jpg 960w, https:\/\/laszlo1713.lima-city.de\/wp-content\/uploads\/2021\/08\/IMG_1309-300x300.jpg 300w, https:\/\/laszlo1713.lima-city.de\/wp-content\/uploads\/2021\/08\/IMG_1309-150x150.jpg 150w, https:\/\/laszlo1713.lima-city.de\/wp-content\/uploads\/2021\/08\/IMG_1309-768x768.jpg 768w, https:\/\/laszlo1713.lima-city.de\/wp-content\/uploads\/2021\/08\/IMG_1309-100x100.jpg 100w\" sizes=\"auto, (max-width: 706px) 89vw, (max-width: 767px) 82vw, 740px\" \/><figcaption><span class=\"has-inline-color has-vivid-green-cyan-color\">\u00c9s itt van a <strong>Clinton<\/strong>-kl\u00e1n sz\u00e1ml\u00e1ja: 35 halott, azt\u00e1n m\u00e9g 12 halott r\u00e1ad\u00e1snak (mert tudtak valamit?).<\/span><\/figcaption><\/figure>\n\n\n\n<figure class=\"wp-block-image size-large\"><img loading=\"lazy\" decoding=\"async\" width=\"1024\" height=\"235\" src=\"https:\/\/laszlo1713.lima-city.de\/wp-content\/uploads\/2021\/08\/Screenshot-2021-08-23-at-12.06.30-1-1024x235.jpg\" alt=\"\" class=\"wp-image-3650\" srcset=\"https:\/\/laszlo1713.lima-city.de\/wp-content\/uploads\/2021\/08\/Screenshot-2021-08-23-at-12.06.30-1-1024x235.jpg 1024w, https:\/\/laszlo1713.lima-city.de\/wp-content\/uploads\/2021\/08\/Screenshot-2021-08-23-at-12.06.30-1-300x69.jpg 300w, https:\/\/laszlo1713.lima-city.de\/wp-content\/uploads\/2021\/08\/Screenshot-2021-08-23-at-12.06.30-1-768x176.jpg 768w, https:\/\/laszlo1713.lima-city.de\/wp-content\/uploads\/2021\/08\/Screenshot-2021-08-23-at-12.06.30-1.jpg 1280w\" sizes=\"auto, (max-width: 706px) 89vw, (max-width: 767px) 82vw, 740px\" \/><\/figure>\n\n\n\n<hr class=\"wp-block-separator\"\/>\n\n\n\n<figure class=\"wp-block-image size-large\"><img loading=\"lazy\" decoding=\"async\" width=\"686\" height=\"643\" src=\"https:\/\/laszlo1713.lima-city.de\/wp-content\/uploads\/2021\/08\/IMAGE-2021-08-24-135858.jpg\" alt=\"\" class=\"wp-image-3683\" srcset=\"https:\/\/laszlo1713.lima-city.de\/wp-content\/uploads\/2021\/08\/IMAGE-2021-08-24-135858.jpg 686w, https:\/\/laszlo1713.lima-city.de\/wp-content\/uploads\/2021\/08\/IMAGE-2021-08-24-135858-300x281.jpg 300w\" sizes=\"auto, (max-width: 686px) 100vw, 686px\" \/><figcaption><span class=\"has-inline-color has-vivid-green-cyan-color\">Bill Gates, aki a vil\u00e1g egyik leghat\u00e1sosabb b\u0171n\u00f6z\u0151je, katonai t\u00f6rv\u00e9nysz\u00e9k el\u0151tt felel a gaztettei\u00e9rt. Ez a legmegb\u00edzhat\u00f3bb (t\u00f6rv\u00e9nyes)  \u00fatja az elt\u00e1vol\u00edt\u00e1s\u00e1nak (kiv\u00e9gz\u00e9s\u00e9nek?).<\/span><\/figcaption><\/figure>\n\n\n\n<hr class=\"wp-block-separator\"\/>\n\n\n\n<p><span class=\"has-inline-color has-vivid-green-cyan-color\">Augusztus 20-a, nemzeti \u00fcnnep\u00fcnk. \u00c9rdekes megform\u00e1l\u00e1sa a &#8230; minek? A honfoglal\u00e1snak? \u00c1llamalap\u00edt\u00e1snak? A m\u00faltb\u00f3l kiteljesed\u0151 j\u00f6v\u0151nek (NWO)?<\/span> <\/p>\n\n\n\n<figure class=\"wp-block-image size-large\"><img loading=\"lazy\" decoding=\"async\" width=\"1024\" height=\"616\" src=\"https:\/\/laszlo1713.lima-city.de\/wp-content\/uploads\/2021\/08\/Screenshot-2021-08-20-at-12.36.26-1024x616.jpg\" alt=\"\" class=\"wp-image-3546\" srcset=\"https:\/\/laszlo1713.lima-city.de\/wp-content\/uploads\/2021\/08\/Screenshot-2021-08-20-at-12.36.26-1024x616.jpg 1024w, https:\/\/laszlo1713.lima-city.de\/wp-content\/uploads\/2021\/08\/Screenshot-2021-08-20-at-12.36.26-300x180.jpg 300w, https:\/\/laszlo1713.lima-city.de\/wp-content\/uploads\/2021\/08\/Screenshot-2021-08-20-at-12.36.26-768x462.jpg 768w, https:\/\/laszlo1713.lima-city.de\/wp-content\/uploads\/2021\/08\/Screenshot-2021-08-20-at-12.36.26.jpg 1280w\" sizes=\"auto, (max-width: 706px) 89vw, (max-width: 767px) 82vw, 740px\" \/><\/figure>\n\n\n\n<p><span class=\"has-inline-color has-vivid-green-cyan-color\">Nem lehet, hogy ez egy m\u00e1sik &#8220;m\u0171sor&#8221;? Kik ezek az alakok, mif\u00e9le szimb\u00f3lum a test\u00fck\u00f6n? Meg (lent) a fej\u00fck\u00f6n? Felismerhet\u0151 \u0151si legend\u00e1k modern (illumin\u00e1tus?) csomagol\u00e1sban? K\u00fcl\u00f6nben mi a fene lenne?<\/span> <span class=\"has-inline-color has-vivid-green-cyan-color\">Kinek hogy \u00edzlik ez az eg\u00e9sz?<\/span> <\/p>\n\n\n\n<figure class=\"wp-block-image size-large\"><img loading=\"lazy\" decoding=\"async\" width=\"1024\" height=\"710\" src=\"https:\/\/laszlo1713.lima-city.de\/wp-content\/uploads\/2021\/08\/Screenshot-2021-08-20-at-12.37.03-1024x710.jpg\" alt=\"\" class=\"wp-image-3547\" srcset=\"https:\/\/laszlo1713.lima-city.de\/wp-content\/uploads\/2021\/08\/Screenshot-2021-08-20-at-12.37.03-1024x710.jpg 1024w, https:\/\/laszlo1713.lima-city.de\/wp-content\/uploads\/2021\/08\/Screenshot-2021-08-20-at-12.37.03-300x208.jpg 300w, https:\/\/laszlo1713.lima-city.de\/wp-content\/uploads\/2021\/08\/Screenshot-2021-08-20-at-12.37.03-768x533.jpg 768w, https:\/\/laszlo1713.lima-city.de\/wp-content\/uploads\/2021\/08\/Screenshot-2021-08-20-at-12.37.03-1536x1066.jpg 1536w, https:\/\/laszlo1713.lima-city.de\/wp-content\/uploads\/2021\/08\/Screenshot-2021-08-20-at-12.37.03-2048x1421.jpg 2048w\" sizes=\"auto, (max-width: 706px) 89vw, (max-width: 767px) 82vw, 740px\" \/><\/figure>\n\n\n\n<figure class=\"wp-block-image size-large\"><img loading=\"lazy\" decoding=\"async\" width=\"1024\" height=\"647\" src=\"https:\/\/laszlo1713.lima-city.de\/wp-content\/uploads\/2021\/08\/Screenshot-2021-08-20-at-12.39.05-1024x647.jpg\" alt=\"\" class=\"wp-image-3548\" srcset=\"https:\/\/laszlo1713.lima-city.de\/wp-content\/uploads\/2021\/08\/Screenshot-2021-08-20-at-12.39.05-1024x647.jpg 1024w, https:\/\/laszlo1713.lima-city.de\/wp-content\/uploads\/2021\/08\/Screenshot-2021-08-20-at-12.39.05-300x190.jpg 300w, https:\/\/laszlo1713.lima-city.de\/wp-content\/uploads\/2021\/08\/Screenshot-2021-08-20-at-12.39.05-768x485.jpg 768w, https:\/\/laszlo1713.lima-city.de\/wp-content\/uploads\/2021\/08\/Screenshot-2021-08-20-at-12.39.05-1536x971.jpg 1536w, https:\/\/laszlo1713.lima-city.de\/wp-content\/uploads\/2021\/08\/Screenshot-2021-08-20-at-12.39.05-2048x1295.jpg 2048w\" sizes=\"auto, (max-width: 706px) 89vw, (max-width: 767px) 82vw, 740px\" \/><\/figure>\n\n\n\n<hr class=\"wp-block-separator\"\/>\n\n\n\n<hr class=\"wp-block-separator\"\/>\n\n\n\n<figure class=\"wp-block-image size-large\"><img loading=\"lazy\" decoding=\"async\" width=\"828\" height=\"821\" src=\"https:\/\/laszlo1713.lima-city.de\/wp-content\/uploads\/2021\/08\/IMAGE-2021-08-20-174338.jpg\" alt=\"\" class=\"wp-image-3553\" srcset=\"https:\/\/laszlo1713.lima-city.de\/wp-content\/uploads\/2021\/08\/IMAGE-2021-08-20-174338.jpg 828w, https:\/\/laszlo1713.lima-city.de\/wp-content\/uploads\/2021\/08\/IMAGE-2021-08-20-174338-300x297.jpg 300w, https:\/\/laszlo1713.lima-city.de\/wp-content\/uploads\/2021\/08\/IMAGE-2021-08-20-174338-150x150.jpg 150w, https:\/\/laszlo1713.lima-city.de\/wp-content\/uploads\/2021\/08\/IMAGE-2021-08-20-174338-768x762.jpg 768w, https:\/\/laszlo1713.lima-city.de\/wp-content\/uploads\/2021\/08\/IMAGE-2021-08-20-174338-100x100.jpg 100w\" sizes=\"auto, (max-width: 706px) 89vw, (max-width: 767px) 82vw, 740px\" \/><figcaption><span class=\"has-inline-color has-vivid-green-cyan-color\">S\u00edrjunk vagy nevess\u00fcnk?<\/span><\/figcaption><\/figure>\n\n\n\n<hr class=\"wp-block-separator\"\/>\n\n\n\n<figure class=\"wp-block-image size-large\"><img loading=\"lazy\" decoding=\"async\" width=\"1024\" height=\"567\" src=\"https:\/\/laszlo1713.lima-city.de\/wp-content\/uploads\/2021\/08\/Screenshot-2021-08-20-at-18.30.57-1024x567.jpg\" alt=\"\" class=\"wp-image-3555\" srcset=\"https:\/\/laszlo1713.lima-city.de\/wp-content\/uploads\/2021\/08\/Screenshot-2021-08-20-at-18.30.57-1024x567.jpg 1024w, https:\/\/laszlo1713.lima-city.de\/wp-content\/uploads\/2021\/08\/Screenshot-2021-08-20-at-18.30.57-300x166.jpg 300w, https:\/\/laszlo1713.lima-city.de\/wp-content\/uploads\/2021\/08\/Screenshot-2021-08-20-at-18.30.57-768x426.jpg 768w, https:\/\/laszlo1713.lima-city.de\/wp-content\/uploads\/2021\/08\/Screenshot-2021-08-20-at-18.30.57.jpg 1256w\" sizes=\"auto, (max-width: 706px) 89vw, (max-width: 767px) 82vw, 740px\" \/><figcaption><span class=\"has-inline-color has-vivid-green-cyan-color\">\u00d6zlem T\u00fcreci (<strong>Biontech<\/strong>) vizi\u00f3ja, hogy N\u00e9metorsz\u00e1g a j\u00f6v\u0151ben ism\u00e9t (sic!) a &#8220;vil\u00e1g gy\u00f3gyszert\u00e1ra&#8221; (Weltapotheke) lehet. Eufemizmus? D\u00e8j\u00e1 vu? Biztos vagyok benne, hogy N\u00fcrnberg II. helyreteszi az itt  haszn\u00e1lt fogalmat<\/span> <span class=\"has-inline-color has-vivid-green-cyan-color\">\u00e9s a fenti \u00fariasszonyt \u00e9s  \u00fariembert.<\/span><\/figcaption><\/figure>\n\n\n\n<hr class=\"wp-block-separator\"\/>\n\n\n\n<figure class=\"wp-block-image size-large\"><img loading=\"lazy\" decoding=\"async\" width=\"662\" height=\"544\" src=\"https:\/\/laszlo1713.lima-city.de\/wp-content\/uploads\/2021\/08\/Screenshot-2021-08-21-at-08.27.53.jpg\" alt=\"\" class=\"wp-image-3558\" srcset=\"https:\/\/laszlo1713.lima-city.de\/wp-content\/uploads\/2021\/08\/Screenshot-2021-08-21-at-08.27.53.jpg 662w, https:\/\/laszlo1713.lima-city.de\/wp-content\/uploads\/2021\/08\/Screenshot-2021-08-21-at-08.27.53-300x247.jpg 300w\" sizes=\"auto, (max-width: 662px) 100vw, 662px\" \/><\/figure>\n\n\n\n<hr class=\"wp-block-separator\"\/>\n\n\n\n<figure class=\"wp-block-image size-large\"><img loading=\"lazy\" decoding=\"async\" width=\"792\" height=\"308\" src=\"https:\/\/laszlo1713.lima-city.de\/wp-content\/uploads\/2021\/08\/Screenshot-2021-08-21-at-13.30.21.jpg\" alt=\"\" class=\"wp-image-3564\" srcset=\"https:\/\/laszlo1713.lima-city.de\/wp-content\/uploads\/2021\/08\/Screenshot-2021-08-21-at-13.30.21.jpg 792w, https:\/\/laszlo1713.lima-city.de\/wp-content\/uploads\/2021\/08\/Screenshot-2021-08-21-at-13.30.21-300x117.jpg 300w, https:\/\/laszlo1713.lima-city.de\/wp-content\/uploads\/2021\/08\/Screenshot-2021-08-21-at-13.30.21-768x299.jpg 768w\" sizes=\"auto, (max-width: 706px) 89vw, (max-width: 767px) 82vw, 740px\" \/><figcaption><span class=\"has-inline-color has-vivid-green-cyan-color\">\u00dagy legyen!<\/span><\/figcaption><\/figure>\n\n\n\n<hr class=\"wp-block-separator\"\/>\n\n\n\n<figure class=\"wp-block-image size-large\"><img loading=\"lazy\" decoding=\"async\" width=\"445\" height=\"594\" src=\"https:\/\/laszlo1713.lima-city.de\/wp-content\/uploads\/2021\/08\/IMAGE-2021-08-21-174433.jpg\" alt=\"\" class=\"wp-image-3566\" srcset=\"https:\/\/laszlo1713.lima-city.de\/wp-content\/uploads\/2021\/08\/IMAGE-2021-08-21-174433.jpg 445w, https:\/\/laszlo1713.lima-city.de\/wp-content\/uploads\/2021\/08\/IMAGE-2021-08-21-174433-225x300.jpg 225w\" sizes=\"auto, (max-width: 445px) 100vw, 445px\" \/><figcaption><span class=\"has-inline-color has-vivid-green-cyan-color\">Mindennek alapja a j\u00f3 tervez\u00e9s. \u00d6t\u00e9ves terv? Ismerj\u00fck j\u00f3l a kommunizmus idej\u00e9b\u0151l. M\u0171k\u00f6d\u00f6tt is a dolog (?), am\u00edg az eg\u00e9sz rendszer \u00f6ssze nem d\u0151lt. A Vil\u00e1gbankkal is \u00edgy lesz.<\/span><\/figcaption><\/figure>\n\n\n\n<hr class=\"wp-block-separator\"\/>\n\n\n\n<figure class=\"wp-block-image size-large\"><img loading=\"lazy\" decoding=\"async\" width=\"1024\" height=\"236\" src=\"https:\/\/laszlo1713.lima-city.de\/wp-content\/uploads\/2021\/08\/Screenshot-2021-08-21-at-17.54.38-1024x236.jpg\" alt=\"\" class=\"wp-image-3569\" srcset=\"https:\/\/laszlo1713.lima-city.de\/wp-content\/uploads\/2021\/08\/Screenshot-2021-08-21-at-17.54.38-1024x236.jpg 1024w, https:\/\/laszlo1713.lima-city.de\/wp-content\/uploads\/2021\/08\/Screenshot-2021-08-21-at-17.54.38-300x69.jpg 300w, https:\/\/laszlo1713.lima-city.de\/wp-content\/uploads\/2021\/08\/Screenshot-2021-08-21-at-17.54.38-768x177.jpg 768w, https:\/\/laszlo1713.lima-city.de\/wp-content\/uploads\/2021\/08\/Screenshot-2021-08-21-at-17.54.38-1536x354.jpg 1536w, https:\/\/laszlo1713.lima-city.de\/wp-content\/uploads\/2021\/08\/Screenshot-2021-08-21-at-17.54.38.jpg 1638w\" sizes=\"auto, (max-width: 706px) 89vw, (max-width: 767px) 82vw, 740px\" \/><\/figure>\n\n\n\n<figure class=\"wp-block-image size-large\"><img loading=\"lazy\" decoding=\"async\" width=\"1024\" height=\"321\" src=\"https:\/\/laszlo1713.lima-city.de\/wp-content\/uploads\/2021\/08\/Screenshot-2021-08-21-at-17.54.46-1024x321.jpg\" alt=\"\" class=\"wp-image-3570\" srcset=\"https:\/\/laszlo1713.lima-city.de\/wp-content\/uploads\/2021\/08\/Screenshot-2021-08-21-at-17.54.46-1024x321.jpg 1024w, https:\/\/laszlo1713.lima-city.de\/wp-content\/uploads\/2021\/08\/Screenshot-2021-08-21-at-17.54.46-300x94.jpg 300w, https:\/\/laszlo1713.lima-city.de\/wp-content\/uploads\/2021\/08\/Screenshot-2021-08-21-at-17.54.46-768x241.jpg 768w, https:\/\/laszlo1713.lima-city.de\/wp-content\/uploads\/2021\/08\/Screenshot-2021-08-21-at-17.54.46.jpg 1232w\" sizes=\"auto, (max-width: 706px) 89vw, (max-width: 767px) 82vw, 740px\" \/><\/figure>\n\n\n\n<p><strong><em>A leaked report from Moderna\u2019s data collection company reveals that the Moderna Covid-19 vaccines have&nbsp;<a href=\"https:\/\/alexberenson.substack.com\/p\/some-actual-news\">caused upwards of 300,000 vaccine injuries<\/a>&nbsp;in a three-month time span \u2013 dwarfing the number of vaccine injuries Moderna actually reported to VAERS in that time frame.<\/em><\/strong><\/p>\n\n\n\n<p><em>Moderna is new to the vaccine industry, and they are part of a global effort to introduce new mRNA spike protein replication technology to the field of vaccination. The company is also new to the Vaccine Adverse Events Reporting System (VAERS), a government reporting database that collects incidences of vaccine injury and death.<\/em><\/p>\n\n\n\n<figure class=\"wp-block-image size-large\"><img loading=\"lazy\" decoding=\"async\" width=\"1024\" height=\"1001\" src=\"https:\/\/laszlo1713.lima-city.de\/wp-content\/uploads\/2021\/08\/Screenshot-2021-08-21-at-17.56.17-1024x1001.jpg\" alt=\"\" class=\"wp-image-3572\" srcset=\"https:\/\/laszlo1713.lima-city.de\/wp-content\/uploads\/2021\/08\/Screenshot-2021-08-21-at-17.56.17-1024x1001.jpg 1024w, https:\/\/laszlo1713.lima-city.de\/wp-content\/uploads\/2021\/08\/Screenshot-2021-08-21-at-17.56.17-300x293.jpg 300w, https:\/\/laszlo1713.lima-city.de\/wp-content\/uploads\/2021\/08\/Screenshot-2021-08-21-at-17.56.17-768x751.jpg 768w, https:\/\/laszlo1713.lima-city.de\/wp-content\/uploads\/2021\/08\/Screenshot-2021-08-21-at-17.56.17.jpg 1176w\" sizes=\"auto, (max-width: 706px) 89vw, (max-width: 767px) 82vw, 740px\" \/><\/figure>\n\n\n\n<hr class=\"wp-block-separator\"\/>\n\n\n\n<figure class=\"wp-block-image size-large\"><img loading=\"lazy\" decoding=\"async\" width=\"682\" height=\"1024\" src=\"https:\/\/laszlo1713.lima-city.de\/wp-content\/uploads\/2021\/08\/IMAGE-2021-08-21-175750-682x1024.jpg\" alt=\"\" class=\"wp-image-3574\" srcset=\"https:\/\/laszlo1713.lima-city.de\/wp-content\/uploads\/2021\/08\/IMAGE-2021-08-21-175750-682x1024.jpg 682w, https:\/\/laszlo1713.lima-city.de\/wp-content\/uploads\/2021\/08\/IMAGE-2021-08-21-175750-200x300.jpg 200w, https:\/\/laszlo1713.lima-city.de\/wp-content\/uploads\/2021\/08\/IMAGE-2021-08-21-175750-768x1152.jpg 768w, https:\/\/laszlo1713.lima-city.de\/wp-content\/uploads\/2021\/08\/IMAGE-2021-08-21-175750.jpg 853w\" sizes=\"auto, (max-width: 682px) 100vw, 682px\" \/><\/figure>\n\n\n\n<p><em><span class=\"has-inline-color has-vivid-green-cyan-color\">Az osztr\u00e1k \u0151r\u00fclet sz\u00e1mokban. Van m\u00e9g valakinek valamif\u00e9le k\u00e9telye?<\/span><\/em><\/p>\n\n\n\n<hr class=\"wp-block-separator\"\/>\n\n\n\n<figure class=\"wp-block-image size-large is-resized\"><img loading=\"lazy\" decoding=\"async\" src=\"https:\/\/laszlo1713.lima-city.de\/wp-content\/uploads\/2020\/09\/Kurz.jpg\" alt=\"\" class=\"wp-image-1165\" width=\"624\" height=\"351\" srcset=\"https:\/\/laszlo1713.lima-city.de\/wp-content\/uploads\/2020\/09\/Kurz.jpg 624w, https:\/\/laszlo1713.lima-city.de\/wp-content\/uploads\/2020\/09\/Kurz-300x169.jpg 300w\" sizes=\"auto, (max-width: 624px) 100vw, 624px\" \/><figcaption><span class=\"has-inline-color has-vivid-green-cyan-color\">N\u00fcrberg II. ennek a b\u00e1bunak is.<\/span><\/figcaption><\/figure>\n\n\n\n<hr class=\"wp-block-separator\"\/>\n\n\n\n<figure class=\"wp-block-image size-large\"><img loading=\"lazy\" decoding=\"async\" width=\"696\" height=\"712\" src=\"https:\/\/laszlo1713.lima-city.de\/wp-content\/uploads\/2021\/08\/IMAGE-2021-08-21-205724.jpg\" alt=\"\" class=\"wp-image-3580\" srcset=\"https:\/\/laszlo1713.lima-city.de\/wp-content\/uploads\/2021\/08\/IMAGE-2021-08-21-205724.jpg 696w, https:\/\/laszlo1713.lima-city.de\/wp-content\/uploads\/2021\/08\/IMAGE-2021-08-21-205724-293x300.jpg 293w\" sizes=\"auto, (max-width: 696px) 100vw, 696px\" \/><figcaption>THE GREAT AWAKENING IS NOW!!<\/figcaption><\/figure>\n\n\n\n<hr class=\"wp-block-separator\"\/>\n\n\n\n<div class=\"wp-block-image\"><figure class=\"aligncenter size-large\"><img loading=\"lazy\" decoding=\"async\" width=\"496\" height=\"496\" src=\"https:\/\/laszlo1713.lima-city.de\/wp-content\/uploads\/2021\/08\/IMAGE-2021-08-21-210025.jpg\" alt=\"\" class=\"wp-image-3583\" srcset=\"https:\/\/laszlo1713.lima-city.de\/wp-content\/uploads\/2021\/08\/IMAGE-2021-08-21-210025.jpg 496w, https:\/\/laszlo1713.lima-city.de\/wp-content\/uploads\/2021\/08\/IMAGE-2021-08-21-210025-300x300.jpg 300w, https:\/\/laszlo1713.lima-city.de\/wp-content\/uploads\/2021\/08\/IMAGE-2021-08-21-210025-150x150.jpg 150w, https:\/\/laszlo1713.lima-city.de\/wp-content\/uploads\/2021\/08\/IMAGE-2021-08-21-210025-100x100.jpg 100w\" sizes=\"auto, (max-width: 496px) 100vw, 496px\" \/><\/figure><\/div>\n\n\n\n<hr class=\"wp-block-separator\"\/>\n\n\n\n<figure class=\"wp-block-image size-large\"><img loading=\"lazy\" decoding=\"async\" width=\"682\" height=\"1024\" src=\"https:\/\/laszlo1713.lima-city.de\/wp-content\/uploads\/2021\/08\/IMAGE-2021-08-21-211213-682x1024.jpg\" alt=\"\" class=\"wp-image-3585\" srcset=\"https:\/\/laszlo1713.lima-city.de\/wp-content\/uploads\/2021\/08\/IMAGE-2021-08-21-211213-682x1024.jpg 682w, https:\/\/laszlo1713.lima-city.de\/wp-content\/uploads\/2021\/08\/IMAGE-2021-08-21-211213-200x300.jpg 200w, https:\/\/laszlo1713.lima-city.de\/wp-content\/uploads\/2021\/08\/IMAGE-2021-08-21-211213-768x1152.jpg 768w, https:\/\/laszlo1713.lima-city.de\/wp-content\/uploads\/2021\/08\/IMAGE-2021-08-21-211213.jpg 853w\" sizes=\"auto, (max-width: 682px) 100vw, 682px\" \/><figcaption><span class=\"has-inline-color has-vivid-green-cyan-color\">The End of the Cabal &#8211; A h\u00e1tt\u00e9rhatalom (DS) v\u00e9ge. <strong>D.J. Trump<\/strong> <strong>az USA<\/strong> jogos (leg\u00e1lisan megv\u00e1lasztott) <strong>eln\u00f6ke<\/strong>. <\/span><\/figcaption><\/figure>\n\n\n\n<figure class=\"wp-block-image size-large\"><img loading=\"lazy\" decoding=\"async\" width=\"1024\" height=\"900\" src=\"https:\/\/laszlo1713.lima-city.de\/wp-content\/uploads\/2021\/08\/IMAGE-2021-08-24-141752-1024x900.jpg\" alt=\"\" class=\"wp-image-3687\" srcset=\"https:\/\/laszlo1713.lima-city.de\/wp-content\/uploads\/2021\/08\/IMAGE-2021-08-24-141752-1024x900.jpg 1024w, https:\/\/laszlo1713.lima-city.de\/wp-content\/uploads\/2021\/08\/IMAGE-2021-08-24-141752-300x264.jpg 300w, https:\/\/laszlo1713.lima-city.de\/wp-content\/uploads\/2021\/08\/IMAGE-2021-08-24-141752-768x675.jpg 768w, https:\/\/laszlo1713.lima-city.de\/wp-content\/uploads\/2021\/08\/IMAGE-2021-08-24-141752.jpg 1241w\" sizes=\"auto, (max-width: 706px) 89vw, (max-width: 767px) 82vw, 740px\" \/><figcaption><strong>\u201cEverything woke turns into shit!\u201d<\/strong> (D.J. Trump)<br><\/figcaption><\/figure>\n\n\n\n<hr class=\"wp-block-separator\"\/>\n\n\n\n<figure class=\"wp-block-image size-large\"><img loading=\"lazy\" decoding=\"async\" width=\"694\" height=\"1024\" src=\"https:\/\/laszlo1713.lima-city.de\/wp-content\/uploads\/2021\/08\/IMAGE-2021-08-23-134656.jpg\" alt=\"\" class=\"wp-image-3659\" srcset=\"https:\/\/laszlo1713.lima-city.de\/wp-content\/uploads\/2021\/08\/IMAGE-2021-08-23-134656.jpg 694w, https:\/\/laszlo1713.lima-city.de\/wp-content\/uploads\/2021\/08\/IMAGE-2021-08-23-134656-203x300.jpg 203w\" sizes=\"auto, (max-width: 694px) 100vw, 694px\" \/><\/figure>\n\n\n\n<hr class=\"wp-block-separator\"\/>\n\n\n\n<figure class=\"wp-block-image size-large\"><img loading=\"lazy\" decoding=\"async\" width=\"1024\" height=\"576\" src=\"https:\/\/laszlo1713.lima-city.de\/wp-content\/uploads\/2021\/08\/43586494_101.jpg\" alt=\"\" class=\"wp-image-3588\" srcset=\"https:\/\/laszlo1713.lima-city.de\/wp-content\/uploads\/2021\/08\/43586494_101.jpg 1024w, https:\/\/laszlo1713.lima-city.de\/wp-content\/uploads\/2021\/08\/43586494_101-300x169.jpg 300w, https:\/\/laszlo1713.lima-city.de\/wp-content\/uploads\/2021\/08\/43586494_101-768x432.jpg 768w\" sizes=\"auto, (max-width: 706px) 89vw, (max-width: 767px) 82vw, 740px\" \/><\/figure>\n\n\n\n<figure class=\"wp-block-image size-large\"><img loading=\"lazy\" decoding=\"async\" width=\"1024\" height=\"352\" src=\"https:\/\/laszlo1713.lima-city.de\/wp-content\/uploads\/2021\/08\/Screenshot-2021-08-22-at-08.10.03-1024x352.jpg\" alt=\"\" class=\"wp-image-3589\" srcset=\"https:\/\/laszlo1713.lima-city.de\/wp-content\/uploads\/2021\/08\/Screenshot-2021-08-22-at-08.10.03-1024x352.jpg 1024w, https:\/\/laszlo1713.lima-city.de\/wp-content\/uploads\/2021\/08\/Screenshot-2021-08-22-at-08.10.03-300x103.jpg 300w, https:\/\/laszlo1713.lima-city.de\/wp-content\/uploads\/2021\/08\/Screenshot-2021-08-22-at-08.10.03-768x264.jpg 768w, https:\/\/laszlo1713.lima-city.de\/wp-content\/uploads\/2021\/08\/Screenshot-2021-08-22-at-08.10.03.jpg 1444w\" sizes=\"auto, (max-width: 706px) 89vw, (max-width: 767px) 82vw, 740px\" \/><figcaption>Kein Politiker der herrschenden Parteien-Kaste verk\u00f6rpert so den unbedingten Willen zur absoluten Lenkung der Bev\u00f6lkerung durch freiheitseinschr\u00e4nkende Ma\u00dfnahmen wie der Bayern-F\u00fcrst Markus S\u00f6der. Er hat die evidenzfreie Theorie der Regierungs-Virologen vom lauernden pandemischen Killervirus vollkommen verinnerlicht, ohne dass sein unterdr\u00fcckter Verstand daran noch r\u00fctteln k\u00f6nnte. So befindet er sich in steter Kampfhaltung gegen das Person gewordene listige Virus, das keinen Urlaub kenne und jede Sorglosigkeit nutze, erneut verheerend zuzuschlagen. Niemand setzt so selbstverst\u00e4ndlich und bedenkenlos die unantastbaren demokratischen Menschenrechte au\u00dfer Kraft, die gerade gegen totalit\u00e4re \u00dcbergriffe des Staates errichtet worden sind.<br>Man kann psychologisch die Menschen grob in drei Typen einteilen:<br>in solche, bei denen das Denken ihr F\u00fchlen und Wollen \u00fcberwiegt, die \u201eGro\u00dfkopferte\u201c, wie u. a. die Schwaben sagen, die alles genau wissen, aber distanziert und ohne Empathie zuschauen, ohne selbst zum Handeln zu kommen;<br>die schnell Erregbaren, Emotionalen, deren Gef\u00fchle rasch aufwallen und ihr Denken und Wollen bestimmen;<br>in diejenigen, bei denen ein starker Wille vorherrscht, der Denken und F\u00fchlen in seinen Dienst stellt und oft erst nach der Tat zum gr\u00fcndlichen Nachdenken und Mitempfinden kommen, die aber ebenso das Denken der anderen zur Seite schieben und die Macht des Handelns an sich ziehen.<br>Dazwischen gibt es nat\u00fcrlich die verschiedensten Abstufungen und \u00dcberg\u00e4nge. Jeder Mensch steht vor der Aufgabe, die drei Seelenkr\u00e4fte Denken, F\u00fchlen und Wollen in einen harmonischen Ausgleich zu bringen.<br>Es kann jedem sofort auffallen, dass Markus S\u00f6der dem &nbsp;ausgepr\u00e4gten 3. Typus angeh\u00f6rt. Er ist ein Mensch des vorherrschenden Willens, dem Denken und F\u00fchlen untergeordnet sind. Er denkt zun\u00e4chst kurz, um von seinem Blickwinkel die Situation zu erfassen, h\u00f6rt noch einen Experten, dann ist f\u00fcr ihn alles klar und wird nicht wieder in Frage gestellt. Er fasst das Ziel ins Auge, und der Wille dr\u00e4ngt zum schnellen Handeln. Von nun an dient das Denken nur der best- und schnellstm\u00f6glichen Durchsetzung und dem Wegr\u00e4umen der Hindernisse. Aus Verstand wird Schl\u00e4ue.<\/figcaption><\/figure>\n\n\n\n<h3 class=\"wp-block-heading\"><strong><em>In der Bundespressekonferenz<\/em><\/strong><\/h3>\n\n\n\n<p><em>Vor diesem psychologischen Hintergrund sei einiges aus seinem Auftreten in der Bundespresse-Konferenz vom 10.8.2021, nach der Politb\u00fcro-Sitzung der Landesf\u00fcrsten mit der Berliner F\u00fchrerin, betrachtet.<strong><sup>1<\/sup><\/strong>&nbsp;Dort sagte er gleich zu Beginn:<\/em><\/p>\n\n\n\n<p><strong><em>\u201eDie vierte Welle\u201c<\/em><\/strong><\/p>\n\n\n\n<p><em>\u201eDie vierte Welle schleicht sich richtig heran. Es ist ein bissel \u00b4ne tr\u00fcgerische Ruhe. Die Mehrzahl der Menschen denkt, dass die Inzidenzen eigentlich ganz niedrig sind. Es ist bei den meisten auch noch Sommerurlaub. Aber klar ist: Diese vierte Welle kommt, und zwar ganz sicher im Herbst.\u201c<\/em><\/p>\n\n\n\n<p><em>Das ist die verinnerlichte Theorie der Hofvirologen vom Corona-Killervirus, das der Sommerw\u00e4rme weicht und dann in einer neuen Welle angreift, um wieder \u00fcber die Menschen herzufallen. Die Fakten, die das zurechtr\u00fccken w\u00fcrden, kommen dem S\u00f6der Markus gar nicht mehr in den Sinn: dass Corona eine Grippe-Variante mit nahezu identischen Symptomen ist, und dass die Grippe&nbsp;<a href=\"https:\/\/www.aerzteblatt.de\/archiv\/215317\/Respiratorische-Virusinfektionen-Mechanismen-der-saisonalen-Ausbreitung\">jedes Jahr&nbsp;<\/a>im Herbst aufkommt, zum Winter hin ansteigt und im Fr\u00fchjahr wieder ausklingt.<\/em><\/p>\n\n\n\n<p><em>Corona hat in den relativ wenigen schweren F\u00e4llen einen schlimmeren Verlauf, ist aber, wie vielfach von Experten nachgewiesen, in der Anzahl der Erkrankungen und Todesf\u00e4lle f\u00fcr die Bev\u00f6lkerung nicht gef\u00e4hrlicher als die gew\u00f6hnliche Grippe. Sie ist nur durch untaugliche Tests, welche irref\u00fchrende Inzidenzzahlen produzieren, die Erfindung von asymptomatischen Infektionen und gef\u00e4lschte Statistiken k\u00fcnstlich zu einer bedrohlichen Pandemie aufgeblasen worden. Sie hat dadurch merkw\u00fcrdigerweise die Grippe fast ganz aus der Statistik verdr\u00e4ngt. Gab es im Winterhalbjahr 2019\/20 noch 186.919 in Laboren best\u00e4tigte Grippef\u00e4lle, waren es im Winterhalbjahr 2020\/21 nur noch 564.<strong><sup>2<\/sup><\/strong><\/em><\/p>\n\n\n\n<p><em>Dieser \u201eR\u00fcckgang\u201c wird assoziativ-wunschgetrieben nat\u00fcrlich auf die Hygiene- und Abstandsregeln, also die Lockdown-Ma\u00dfnahmen des Staates zur\u00fcckgef\u00fchrt, was aber bei etwas Nachdenken schon daran scheitert, dass L\u00e4nder ohne Lockdown wie Schweden, Wei\u00dfrussland und inzwischen die meisten US-Bundesstaaten keinesfalls h\u00f6here Corona-Kranken- und Todeszahlen haben.<br>Da die \u00fcberhaupt nachweislich untauglichen PCR-Tests auch nach dem Eingest\u00e4ndnis der US-Seuchenbeh\u00f6rde CDC Corona und Grippe nicht unterscheiden k\u00f6nnen, deutet alles darauf hin, dass der Gro\u00dfteil der Infektionen und Grippe-Erkrankungen jetzt als Corona gez\u00e4hlt wird. Ein Schelm, der B\u00f6ses dabei denkt.<\/em><\/p>\n\n\n\n<p><strong><em>Das Impfen<\/em><\/strong><\/p>\n\n\n\n<p>S\u00f6der: \u201e<em>Wir sind gut beim Impfen, aber lange nicht so gut, wie es sein muss. Die bisherigen Impfquoten reichen einfach nicht aus, um sorglos zu sein. Wir bekommen die Gefahr einer Pandemie der Ungeimpften. Da sind die Inzidenzen \u00fcbrigens deutlich h\u00f6her. Wenn man das \u2013 die Bundeskanzlerin hat es gesagt \u2013 einfach mal herausrechnet, dann ist die Zahl derer, die ungeimpft sind, \u2026 haben wir halt deutlich h\u00f6here Inzidenzen, als die Gesamtzahl es vermuten l\u00e4sst. Wir kriegen immer mehr F\u00e4lle von \u00b4Long Covid`. Wir kriegen immer mehr Belastungen junger Menschen, die sich langfristig auf\u00b4s Leben auswirken k\u00f6nnen.\u201c<\/em><\/p>\n\n\n\n<p><em>F\u00fcr S\u00f6der ist Impfen das Non plus Ultra. D.h.&nbsp;<a href=\"https:\/\/tkp.at\/2021\/01\/23\/indien-entwickelt-covid-behandlungskit-fuer-weniger-als-3-dollar-pro-person-mit-wirksamen-ivermectin\/\">andere Medikamente<\/a>&nbsp;helfen nicht,&nbsp;<a href=\"https:\/\/fassadenkratzer.wordpress.com\/2020\/12\/20\/verbluffende-corona-heilungen-durch-homoopathische-und-anthroposophische-arzneimittel\/\">Naturheilmittel<\/a>&nbsp;werden sowieso ignoriert. Das ist zwar die Vorgabe der profits\u00fcchtigen Impfstoff-Industrie und ihrer Sprachrohr-Virologen und nicht seine eigene Erkenntnis, aber die ist auch nicht Sache eines Willens- und Machtmenschen. Dem kommt das Impfen als Handlungsinstrument entgegen: Es kann fl\u00e4chendeckend rasch organisiert, die Zahl der Geimpften st\u00e4ndig festgestellt und die Anstrengung schnell gesteigert werden, schlie\u00dflich auch die Widerborstigen, die auch einen Willen haben, zum Impfen zu bringen, koste es an Freiheitseinschr\u00e4nkung und Nachteilen was es wolle. Denn die beschw\u00f6ren ein Anschwellen der \u201ePandemie\u201c herauf, was man schon daran sehen k\u00f6nne, dass die h\u00f6heren Inzidenzen bei ihnen vork\u00e4men.<br>Von der Willk\u00fcrlichkeit und Ungeeignetheit des Inzidenzwertes ganz abgesehen: Wie wenig evidenzbasiert das ist, zeigt als Beispiel&nbsp;<a href=\"https:\/\/www.freiewelt.net\/nachricht\/island-fast-alle-geimpft-die-inzidenzen-schiessen-durch-die-decke-10085951\/\">Island,<\/a>&nbsp;wo 93 % der Bev\u00f6lkerung geimpft sind, die Inzidenzen aber knapp \u00fcber 200 liegen \u2013 Tendenz steigend.<\/em><\/p>\n\n\n\n<p><em>Kaum ein Politiker setzt so stark die Angst als Mittel ein, um die Folgsamkeit der Bev\u00f6lkerung zu erh\u00f6hen, wie der markige S\u00f6der. So beschw\u00f6rt er hier wieder die wenigen F\u00e4lle von \u00b4Long Covid` und die noch geringeren \u201eBelastungen\u201c junger Menschen. Aber von den unverh\u00e4ltnism\u00e4\u00dfig hohen schweren Nebenwirkungen und Todesf\u00e4llen der Corona-Impfung weltweit schweigt er. Paul Schreyer, dessen j\u00fcngster Artikel als Erg\u00e4nzung empfohlen sei, schreibt dazu:&nbsp;\u201eDem&nbsp;<a href=\"https:\/\/www.pei.de\/SharedDocs\/Downloads\/DE\/newsroom\/dossiers\/sicherheitsberichte\/sicherheitsbericht-27-12-bis-30-06-21.pdf?__blob=publicationFile&amp;v=5\">letzten Sicherheitsbericht<\/a>&nbsp;des Paul-Ehrlich-Instituts (PEI) ist zu entnehmen, dass allein in Deutschland bis zum 30. Juni (aktuellere Daten sind bislang nicht ver\u00f6ffentlicht) mehr als 100.000 Verdachtsf\u00e4lle von Nebenwirkungen in Zusammenhang mit der Impfung erfasst wurden, davon&nbsp;<strong>10.000 schwere F\u00e4lle<\/strong>, darunter die inzwischen schon bekannten auff\u00e4lligen H\u00e4ufungen von Thrombosen und Herzmuskelentz\u00fcndungen. Dar\u00fcber hinaus sind die Langzeitwirkungen und m\u00f6gliche Sp\u00e4tsch\u00e4den aufgrund der K\u00fcrze der Anwendungszeit noch unklar. Indizien geben Anlass zu&nbsp;<a href=\"https:\/\/omny.fm\/shows\/on-point-with-alex-pierson\/new-peer-reviewed-study-on-covid-19-vaccines-sugge?\">gro\u00dfer Sorge<\/a>, was&nbsp;m\u00f6gliche Sp\u00e4tsch\u00e4den angeht.\u201c&nbsp;<strong><sup>3<\/sup><\/strong>&nbsp;Man muss hinzunehmen, dass nach der Erfahrung und Einsch\u00e4tzung vieler Experten nur h\u00f6chstens 10 % der tats\u00e4chlichen Nebenwirkungen und Todesf\u00e4lle (bis 30.6. in Deutschland offiziell 1028) tats\u00e4chlich gemeldet werden.<\/em><\/p>\n\n\n\n<p><em>S\u00f6der schweigt ebenso dar\u00fcber, dass inzwischen eingestanden wird, der Impfstoff sch\u00fctze nicht voll gegen Ansteckung und Corona-Erkrankung, sondern haupts\u00e4chlich gegen schwere Krankheits-Verl\u00e4ufe. Das passt einem handlungsorientierten Willensmenschen nat\u00fcrlich nicht in den Kram, dazu w\u00fcrde Nachdenken und vor allem ein Wille zur vollen Wahrheitserkenntnis geh\u00f6ren.<\/em><\/p>\n\n\n\n<p><strong><em>Verl\u00e4ngerung der epidemischen Lage<\/em><\/strong><\/p>\n\n\n\n<p>S\u00f6der:&nbsp;<em>\u201eDer wichtigste Beschluss&nbsp;<\/em>(der Min.Pr\u00e4s.Konf.)&nbsp;<em>\u2026 ist die gemeinsame Auffassung, dass die epidemiologische Lage verl\u00e4ngert werden muss. Denn ohne einen solchen Beschluss \u2014 manche fordern ja einen \u00b4Freedom Day`. Ein \u00b4Freedom Day` w\u00fcrde \u00fcberhaupt nichts bringen, im Gegenteil. Er f\u00fchrt zur Wehrlosigkeit. Wir h\u00e4tten keine Chance mehr zu reagieren und zu steuern. Drum ist die Verl\u00e4ngerung dieser Lage zun\u00e4chst einmal ein entscheidendes Moment.\u201c<\/em><\/p>\n\n\n\n<p><em>Das sind besonders aufschlussreiche S\u00e4tze des Willens- und Machtmenschen S\u00f6der. Die \u201eepidemische Lage von nationaler Tragweite\u201c, die zuletzt vom Bundestag am 11.6.2021 f\u00fcr weitere 3 Monate festgestellt worden ist, m\u00fcsse Anfang September erneut verl\u00e4ngert werden, denn sie ist die Voraussetzung f\u00fcr die Erm\u00e4chtigungen des Infektionsschutzgesetzes an die Regierungen, um die einschneidenden Grundrechts-Einschr\u00e4nkungen und \u2013Suspendierungen verh\u00e4ngen zu k\u00f6nnen.<\/em><\/p>\n\n\n\n<p><em>Der S\u00f6der-Markus braucht und w\u00fcnscht diese totalit\u00e4ren Instrumente weiterhin, wobei er schon gar nicht mehr thematisiert, ob \u00fcberhaupt eine solche Notlage besteht. Da hat er keinerlei Erkenntnisbed\u00fcrfnis, das ist f\u00fcr ihn fraglos. Es gibt zwar praktisch keine nennenswerten Corona-Kranken und -Toten, aber die Killer-Viren lauern im Hintergrund, mit der 4. Welle erneut \u00fcber die Bev\u00f6lkerung herzufallen, das gen\u00fcgt. Spekulative Erwartungen, nach Wunsch interpretiert, reichen nach Auffassung des \u201eDemokraten\u201c S\u00f6der f\u00fcr ein diktatorisch-totalit\u00e4res Regime aus. Auf verantwortungsvolle Erkenntnisbem\u00fchung und gewissenhafte Begr\u00fcndungen kommt es nicht an.<\/em><\/p>\n\n\n\n<p><em>Bezeichnend ist die Bemerkung, mit einem \u201eFreedom Day\u201c w\u00e4re man wehrlos und h\u00e4tte keine Chance mehr zu steuern. Der Machtmensch st\u00fcnde eben hilflos da, k\u00f6nnte nicht mehr den anderen Menschen seinen Willen aufzwingen, ihnen ihre Grundrechte einschr\u00e4nken und sie wie das Vieh auf der bayerischen Alm behandeln, das keinen eigenen vern\u00fcnftigen Willen hat. Und dass der \u201eFreedom Day\u201c \u00fcberhaupt nichts bringen w\u00fcrde, kann nur von einem engstirnigen, stiernackigen Willensmenschen kommen, dem es nicht um die Erkenntnis der Wahrheit, sondern um die tyrannische Durchsetzung seines eigenen Willens geht. Gro\u00dfbritannien, Schweden, Wei\u00dfrussland und die meisten US-Bundesstaaten, die z.T. schon lange keinerlei Lockdown-Ma\u00dfnahmen mehr haben oder nie hatten, zeigen, dass sich die Situation bei ihnen nicht verschlechtert hat bzw. nie schlechter war. In Wahrheit bringen totalit\u00e4re Lockdown-Ma\u00dfnahmen nichts, sondern verschlimmern im Gegenteil nur die materiellen und immateriellen Sch\u00e4den der Menschen.<\/em><\/p>\n\n\n\n<p><strong>Kostenpflichtige Tests f\u00fcr freien Zugang<\/strong><\/p>\n\n\n\n<p><em>S\u00f6der:&nbsp;\u201eWir sagen im Grunde genommen 3G, aber nicht endlos. \u2013&nbsp;(Er will wohl, dass das Testen als Ausweichm\u00f6glichkeit noch wegf\u00e4llt, hl.)&nbsp;3G bedeutet ja geimpft, genesen und getestet. Wir wissen, dass sich die Impfzahlen verbessern m\u00fcssen. Wir wollen keine Impfpflicht. Jeder entscheidet echt selbst, ob er sich impfen lassen will oder nicht. Aber, jeder in einem freiheitlichen Staat tr\u00e4gt daf\u00fcr auch die Verantwortung. Der sich impfen l\u00e4sst, tr\u00e4gt die Verantwortung, der sich aber nicht impfen&nbsp;l\u00e4sst und auch bewusst Nein sagt dazu, tr\u00e4gt auch die Verantwortung. Was hei\u00dft das? Zum einen&nbsp;tr\u00e4gt er die Verantwortung: Jetzt muss mehr getestet werden. (\u2026) \u2026 das ist notwendig, um eine&nbsp;d\u00e4mpfende Wirkung zu haben. (\u2026)<br>Und &nbsp;\u2013 &nbsp;das ist auch wieder die Frage der Eigenverantwortung &nbsp;\u2013 &nbsp;man muss sich darauf einstellen, dass dieser Test eben auf Dauer nicht kostenlos ist. Ist das unfair oder gerecht? \u2013 Es ist nat\u00fcrlich gerecht. Denn wenn man sich bewusst entscheidet, sich und den anderen den Schutz \u2026 noch zu \u00fcberlegen oder zu distanzieren, dann kann nicht der Steuerzahler auf Dauer Unmengen von Tests bezahlen. Das ist nicht fair. (\u2026)<br>Das Impfen ist wirklich eine der leichtesten M\u00f6glichkeiten, f\u00fcr sich und andere Freiheit und eine gr\u00f6\u00dfere Form von Sorglosigkeit zur\u00fcckzubekommen. Unser normales Leben kommt zur\u00fcck durch das Impfen.\u201c<\/em><\/p>\n\n\n\n<p><em>Es wird ein gewaltiger Druck aufgebaut, sich impfen zu lassen, denn das Impfen wird als der optimale Schutz vor Corona gesehen. Bis zum 16.8.2021 waren nur 57,8 % der Bev\u00f6lkerung vollst\u00e4ndig geimpft.<strong><sup>4<\/sup><\/strong>&nbsp;Das alarmiert die Machtmenschen im h\u00f6chsten Ma\u00dfe, und sie erh\u00f6hen den Druck. Sie merken dabei aber gar nicht, dass die Frage, ob diese vorliegenden Impfstoffe den optimalen Schutz gew\u00e4hren, eine wissenschaftliche Frage ist, in der der Staat nicht Partei ergreifen und eine ihm genehme und empfohlene Richtung per Gewalt durchsetzen kann. Viele Wissenschaftler sind da, evidenzbasiert, ganz anderer Auffassung. Der Staat greift damit indirekt in die Freiheit des wissenschaftlichen Lebens sowohl der Wissenschaftler selbst, als auch der B\u00fcrger ein.<\/em><\/p>\n\n\n\n<p><em>Ungeimpften soll der freie Zugang zu \u00f6ffentlich zug\u00e4nglichen Einrichtungen und Veranstaltungen nur erm\u00f6glicht werden, wenn sie einen negativen, demn\u00e4chst kostenpflichtigen Test vorlegen, der in Zukunft, wenn immer noch nicht genug geimpft sind, als Ausweichm\u00f6glichkeit auch noch wegfallen soll, droht S\u00f6der. Dann sind die Ungeimpften v\u00f6llig als Menschen zweiter Klasse vom \u00f6ffentlichen Leben ausgeschlossen. Aber jeder ist ja v\u00f6llig frei, sich impfen zu lassen. Dieser bornierte \u201eDemokrat\u201c merkt in seinem Machtrausch gar nicht, dass es dann ein v\u00f6lliger Orwell`scher Neusprech, eine jede Vernunft beleidigende sprachliche Gehirnw\u00e4sche ist, davon zu reden, dass es keine Impfpflicht gebe.<\/em><br><em>Das ist so nach dem Muster: Jeder ist v\u00f6llig frei, \u00fcberall hin zu gehen. Aber wenn er die allgemeine Stra\u00dfe verl\u00e4sst, muss er damit rechnen, erschossen zu werden.<\/em><\/p>\n\n\n\n<p><em>Wer sich bewusst nicht impfen lasse, trage daf\u00fcr die \u201eVerantwortung\u201c, meint S\u00f6der. Das ist ein infamer Missbrauch dieses Begriffs. Denn worum es hier geht, ist, dass der Staat negative&nbsp; Konsequenzen androht, wenn man sein Grundrecht wahrnimmt und sich nicht impfen l\u00e4sst. Verantwortung hat mit Schuld zu tun, wenn man ihr nicht gerecht wird. Darum handelt es sich hier nicht. S\u00f6der belegt die Ungeimpften mit seine Grundrechte einschr\u00e4nkenden Ma\u00dfnahmen, deren angebliche Notwendigkeit er ihnen anlastet, da sie von ihrer rechtm\u00e4\u00dfigen Entscheidung gegen das Impfen Gebrauch machen. Es ist ungeheuerlich, wie hier totalit\u00e4res Handeln der Machthaber verschleiert und in die verantwortliche Schuld des B\u00fcrgers gewendet wird.<\/em><\/p>\n\n\n\n<p><em>Dieser f\u00fcrchterliche Jurist S\u00f6der kann noch bei dem spanischen Obersten Gerichtshof auf den Kanarischen Inseln grundlegendes demokratisches Rechtsverst\u00e4ndnis lernen. Dieser entschied am 17. August 2021, wie Peter F. Mayer auf seiner Webseite berichtet, \u201edass das Erfordernis einer Bescheinigung \u00fcber die Impfung gegen Covid-19 f\u00fcr den Zugang zu Einrichtungen, die der \u00d6ffentlichkeit zug\u00e4nglich sind, eine \u00b4Ausgrenzung` derjenigen B\u00fcrger bedeutet, die \u00b4rechtm\u00e4\u00dfig` beschlossen haben, sich nicht impfen zu lassen.\u201c<br>Der Gerichtshof erl\u00e4utere,&nbsp;\u201edass \u00b4trotz des guten Willens (\u2026), der dem Erlass dieser Ma\u00dfnahme zugrunde liegen mag`, die Entscheidung der kanarischen Regierung das Risiko birgt, dass \u00b4eine unbestimmte Anzahl von B\u00fcrgern von allen M\u00f6glichkeiten, die ihnen ihre verfassungsm\u00e4\u00dfig verankerte Freiheit bietet, ausgeschlossen wird`, und zwar \u00b4aufgrund der blo\u00dfen Entscheidung, sich nicht impfen zu lassen, was rechtm\u00e4\u00dfig ist, da die Impfung gegen Covid-19 freiwillig ist`, oder aufgrund der Nichtteilnahme an einem diagnostischen Test, \u00b4dessen Durchf\u00fchrung auch eine wirtschaftliche Belastung darstellt`, oder aufgrund des Nichtbestehens der Krankheit.\u201c&nbsp;<strong><sup>5<\/sup><\/strong><\/em><\/p>\n\n\n\n<p><em>Und die Begr\u00fcndung des bayerischen Juristen, dass die k\u00fcnftige Kostenpflicht der Tests fair und gerecht sei, ist so primitiv und willensgesteuert, dass man sich fragen muss, auf welche Weise der seine juristischen Examen an der Universit\u00e4t Erlangen-N\u00fcrnberg bestanden hat.<br>Einmal folgt schon aus dem Vorigen, dass man f\u00fcr Tests, die den Ungeimpften gegen ihren Willen auferlegt werden, um sie verfassungswidrig unter Impf-Druck zu setzen, &nbsp;ihnen nicht auch noch die Kosten auferlegen kann. Das ist zutiefst sittenwidrig. Zum anderen geh\u00f6ren zu den armen Steuerzahlern, die das tragen m\u00fcssen, auch die z.Zt. 42,2 % Ungeimpften, die dar\u00fcber hinaus aber ebenfalls das Impfen mitfinanzieren m\u00fcssen, das sie selber nicht in Anspruch nehmen.<\/em><\/p>\n\n\n\n<p><em>Freiheit reduziert sich f\u00fcr diesen totalit\u00e4ren Machttypen auf einen Gnadenakt des Staates, der nur denjenigen die demokratischen Grundrechte gew\u00e4hrt, die seinen Anweisungen und W\u00fcnschen gehorsam Folge leisten. Nur Impfen macht frei.<\/em><\/p>\n\n\n\n<h3 class=\"wp-block-heading\"><strong><em>Res\u00fcmee<\/em><\/strong><\/h3>\n\n\n\n<p><em>Der Willensmensch S\u00f6der kennt nicht die innere Freiheit und Selbst\u00e4ndigkeit des Menschen, der selber imstande ist, die Wahrheit zu erkennen und aus dieser Erkenntnis selbstbestimmt zu handeln. Denn das ist der freie B\u00fcrger, der Souver\u00e4n der Demokratie, von dem alle staatliche Macht ausgeht und in dessen Dienst seine Abgeordneten und Regierungen stehen. Diese innere Freiheit macht des Menschen eigentliche W\u00fcrde aus, die zu sch\u00fctzen das Grundgesetz dem Staat gleich am Anfang aufgibt. Sie und die dann folgenden Grundrechte, welche die W\u00fcrde n\u00e4her ausgestalten, sind den Menschen nicht gn\u00e4dig vom Staat gew\u00e4hrt, sondern sind vorstaatliche Menschenrechte, die jedem kraft seines Menschseins vom Beginn seines Erdenlebens an eigen sind. Keine Staatsmacht, die ja immer von Menschen ausge\u00fcbt wird, hat die Befugnis, \u00fcber sie zu verf\u00fcgen und die freien B\u00fcrger dadurch zu dirigierbaren Untertanen zu erniedrigen.<strong><sup>6<\/sup><\/strong><\/em><\/p>\n\n\n\n<p><em>Begriff und Gef\u00fchl daf\u00fcr ist dem totalit\u00e4ren Machtmenschen S\u00f6der offensichtlich vollst\u00e4ndig abhandengekommen, sofern er sie \u00fcberhaupt je besessen hat. Zusammen mit den anderen Landesf\u00fcrsten und der Berliner F\u00fchrerin, die schon in der DDR-Diktatur als FDJ-Funktion\u00e4rin f\u00fcr Agitation und Propaganda die Menschen-verachtenden Machtimpulse verinnerlicht hat, sorgt er daf\u00fcr, dass die innere Struktur der freiheitlichen demokratischen Grundordnung vollkommen auf den Kopf gestellt wird. Sie haben die Grundrechte des Menschen, die prim\u00e4r Abwehrrechte gegen totalit\u00e4re \u00dcbergriffe des Staates sind, okkupiert und den Menschen geraubt, um einen neuen Totalitarismus zu etablieren, der die freien B\u00fcrger zu blo\u00dfen Objekten obrigkeitsstaatlichen Handelns entw\u00fcrdigt und \u00e4u\u00dfere Freiheiten nur als Gnadenakt gegen untert\u00e4nigen Gehorsam scheibchenweise zur\u00fcckgew\u00e4hrt.<\/em><\/p>\n\n\n\n<p>\u2014\u2014\u2014\u2014\u2014\u2014\u2014\u2014\u2014\u2014\u2014\u2014\u2014-<br>1&nbsp;&nbsp;&nbsp;<a href=\"https:\/\/www.youtube.com\/watch?v=nLUHe84BkSs\">https:\/\/www.youtube.com\/watch?v=nLUHe84BkSs<\/a>&nbsp; ab min. 23:48<br>2&nbsp;&nbsp;&nbsp;<a href=\"https:\/\/www.mdr.de\/wissen\/grippewelle-influenza-winter-fieber-husten-arztbesuch-sachsen-anhalt-thueringen-100.htm\">mdr.de 2.6.2021<\/a><br>3&nbsp;&nbsp;&nbsp;<a href=\"https:\/\/multipolar-magazin.de\/artikel\/faktencheck-mpk\">https:\/\/multipolar-magazin.de\/artikel\/faktencheck-mpk<\/a><br>4&nbsp;&nbsp;&nbsp;<a href=\"https:\/\/de.statista.com\/themen\/7343\/impfgeschehen\/\">https:\/\/de.statista.com\/themen\/7343\/impfgeschehen\/<\/a><br>5&nbsp;&nbsp;&nbsp;<a href=\"https:\/\/tkp.at\/2021\/08\/18\/oberster-gerichtshof-der-kanarischen-inseln-hebt-einschraenkungen-fuer-ungeimpfte-und-3g-regeln-auf\/\">tkp.at 18.8.2021<\/a><br>6&nbsp;&nbsp; Vgl.&nbsp;<a href=\"https:\/\/fassadenkratzer.wordpress.com\/2021\/08\/11\/bild-chef-j-reichelt-benennt-den-kern-des-neuen-totalitarismus\/\">Kern des neuen Totalitarismus<\/a><\/p>\n\n\n\n<hr class=\"wp-block-separator\"\/>\n\n\n\n<figure class=\"wp-block-image size-large\"><img loading=\"lazy\" decoding=\"async\" width=\"720\" height=\"927\" src=\"https:\/\/laszlo1713.lima-city.de\/wp-content\/uploads\/2021\/08\/IMAGE-2021-08-22-080403.jpg\" alt=\"\" class=\"wp-image-3592\" srcset=\"https:\/\/laszlo1713.lima-city.de\/wp-content\/uploads\/2021\/08\/IMAGE-2021-08-22-080403.jpg 720w, https:\/\/laszlo1713.lima-city.de\/wp-content\/uploads\/2021\/08\/IMAGE-2021-08-22-080403-233x300.jpg 233w\" sizes=\"auto, (max-width: 720px) 100vw, 720px\" \/><\/figure>\n\n\n\n<hr class=\"wp-block-separator\"\/>\n\n\n\n<div class=\"wp-block-image\"><figure class=\"aligncenter size-large\"><img loading=\"lazy\" decoding=\"async\" width=\"350\" height=\"550\" src=\"https:\/\/laszlo1713.lima-city.de\/wp-content\/uploads\/2021\/08\/2021-08-22-08.08.46.jpg\" alt=\"\" class=\"wp-image-3594\" srcset=\"https:\/\/laszlo1713.lima-city.de\/wp-content\/uploads\/2021\/08\/2021-08-22-08.08.46.jpg 350w, https:\/\/laszlo1713.lima-city.de\/wp-content\/uploads\/2021\/08\/2021-08-22-08.08.46-191x300.jpg 191w\" sizes=\"auto, (max-width: 350px) 100vw, 350px\" \/><figcaption><span class=\"has-inline-color has-vivid-green-cyan-color\">ANTIFA-propaganda (fenyeget\u00e9s)  \u00fajra \u00e9s \u00fajra \u00e9s minden\u00fctt.<\/span><\/figcaption><\/figure><\/div>\n\n\n\n<hr class=\"wp-block-separator\"\/>\n\n\n\n<figure class=\"wp-block-image size-large\"><img loading=\"lazy\" decoding=\"async\" width=\"620\" height=\"197\" src=\"https:\/\/laszlo1713.lima-city.de\/wp-content\/uploads\/2021\/08\/alan-hennessy-620x197-1.jpg\" alt=\"\" class=\"wp-image-3596\" srcset=\"https:\/\/laszlo1713.lima-city.de\/wp-content\/uploads\/2021\/08\/alan-hennessy-620x197-1.jpg 620w, https:\/\/laszlo1713.lima-city.de\/wp-content\/uploads\/2021\/08\/alan-hennessy-620x197-1-300x95.jpg 300w\" sizes=\"auto, (max-width: 620px) 100vw, 620px\" \/><\/figure>\n\n\n\n<figure class=\"wp-block-image size-large\"><img loading=\"lazy\" decoding=\"async\" width=\"1024\" height=\"420\" src=\"https:\/\/laszlo1713.lima-city.de\/wp-content\/uploads\/2021\/08\/Screenshot-2021-08-22-at-08.25.40-1-1024x420.jpg\" alt=\"\" class=\"wp-image-3598\" srcset=\"https:\/\/laszlo1713.lima-city.de\/wp-content\/uploads\/2021\/08\/Screenshot-2021-08-22-at-08.25.40-1-1024x420.jpg 1024w, https:\/\/laszlo1713.lima-city.de\/wp-content\/uploads\/2021\/08\/Screenshot-2021-08-22-at-08.25.40-1-300x123.jpg 300w, https:\/\/laszlo1713.lima-city.de\/wp-content\/uploads\/2021\/08\/Screenshot-2021-08-22-at-08.25.40-1-768x315.jpg 768w, https:\/\/laszlo1713.lima-city.de\/wp-content\/uploads\/2021\/08\/Screenshot-2021-08-22-at-08.25.40-1.jpg 1464w\" sizes=\"auto, (max-width: 706px) 89vw, (max-width: 767px) 82vw, 740px\" \/><figcaption>Anfang dieses Monats k\u00fcndigte der Gesundheitsminister des australischen Bundesstaates New South Wales, Brad Hazzard, auf einer Pressekonferenz an, dass 24.000 Kinder in der Qudos Bank Arena in Sydney gegen Corona geimpft werden sollen.<br>Der Armee-Veteran Alan Hennessy, der 45 Jahre in der australischen Luftwaffe diente, hat jetzt best\u00e4tigt, dass drei Kinder nach der Impfung gestorben sind. Es sind zwei Jungen und ein M\u00e4dchen.<\/figcaption><\/figure>\n\n\n\n<hr class=\"wp-block-separator\"\/>\n\n\n\n<figure class=\"wp-block-image size-large\"><img loading=\"lazy\" decoding=\"async\" width=\"800\" height=\"417\" src=\"https:\/\/laszlo1713.lima-city.de\/wp-content\/uploads\/2021\/08\/Covid-vaccine-VAERS-082021-feature-800x417-1.jpg\" alt=\"\" class=\"wp-image-3600\" srcset=\"https:\/\/laszlo1713.lima-city.de\/wp-content\/uploads\/2021\/08\/Covid-vaccine-VAERS-082021-feature-800x417-1.jpg 800w, https:\/\/laszlo1713.lima-city.de\/wp-content\/uploads\/2021\/08\/Covid-vaccine-VAERS-082021-feature-800x417-1-300x156.jpg 300w, https:\/\/laszlo1713.lima-city.de\/wp-content\/uploads\/2021\/08\/Covid-vaccine-VAERS-082021-feature-800x417-1-768x400.jpg 768w\" sizes=\"auto, (max-width: 706px) 89vw, (max-width: 767px) 82vw, 740px\" \/><\/figure>\n\n\n\n<figure class=\"wp-block-image size-large\"><img loading=\"lazy\" decoding=\"async\" width=\"1024\" height=\"455\" src=\"https:\/\/laszlo1713.lima-city.de\/wp-content\/uploads\/2021\/08\/Screenshot-2021-08-22-at-08.37.05-1024x455.jpg\" alt=\"\" class=\"wp-image-3601\" srcset=\"https:\/\/laszlo1713.lima-city.de\/wp-content\/uploads\/2021\/08\/Screenshot-2021-08-22-at-08.37.05-1024x455.jpg 1024w, https:\/\/laszlo1713.lima-city.de\/wp-content\/uploads\/2021\/08\/Screenshot-2021-08-22-at-08.37.05-300x133.jpg 300w, https:\/\/laszlo1713.lima-city.de\/wp-content\/uploads\/2021\/08\/Screenshot-2021-08-22-at-08.37.05-768x341.jpg 768w, https:\/\/laszlo1713.lima-city.de\/wp-content\/uploads\/2021\/08\/Screenshot-2021-08-22-at-08.37.05-1536x682.jpg 1536w, https:\/\/laszlo1713.lima-city.de\/wp-content\/uploads\/2021\/08\/Screenshot-2021-08-22-at-08.37.05.jpg 1572w\" sizes=\"auto, (max-width: 706px) 89vw, (max-width: 767px) 82vw, 740px\" \/><\/figure>\n\n\n\n<figure class=\"wp-block-image size-large\"><img loading=\"lazy\" decoding=\"async\" width=\"1024\" height=\"773\" src=\"https:\/\/laszlo1713.lima-city.de\/wp-content\/uploads\/2021\/08\/vaers-vaccine-injury-august-20-1024x773-1.jpg\" alt=\"\" class=\"wp-image-3602\" srcset=\"https:\/\/laszlo1713.lima-city.de\/wp-content\/uploads\/2021\/08\/vaers-vaccine-injury-august-20-1024x773-1.jpg 1024w, https:\/\/laszlo1713.lima-city.de\/wp-content\/uploads\/2021\/08\/vaers-vaccine-injury-august-20-1024x773-1-300x226.jpg 300w, https:\/\/laszlo1713.lima-city.de\/wp-content\/uploads\/2021\/08\/vaers-vaccine-injury-august-20-1024x773-1-768x580.jpg 768w\" sizes=\"auto, (max-width: 706px) 89vw, (max-width: 767px) 82vw, 740px\" \/><figcaption><span class=\"has-inline-color has-vivid-green-cyan-color\">A probl\u00e9ma nemhogy megsz\u0171nik, hanem \u00e9ppen ellenkez\u0151 ir\u00e1nyt vesz. Az emberek kezdenek lassan (?) &#8220;megsz\u0171nni&#8221;. <\/span><\/figcaption><\/figure>\n\n\n\n<hr class=\"wp-block-separator\"\/>\n\n\n\n<figure class=\"wp-block-image size-large\"><img loading=\"lazy\" decoding=\"async\" width=\"800\" height=\"517\" src=\"https:\/\/laszlo1713.lima-city.de\/wp-content\/uploads\/2021\/08\/iu.jpeg\" alt=\"\" class=\"wp-image-3605\" srcset=\"https:\/\/laszlo1713.lima-city.de\/wp-content\/uploads\/2021\/08\/iu.jpeg 800w, https:\/\/laszlo1713.lima-city.de\/wp-content\/uploads\/2021\/08\/iu-300x194.jpeg 300w, https:\/\/laszlo1713.lima-city.de\/wp-content\/uploads\/2021\/08\/iu-768x496.jpeg 768w\" sizes=\"auto, (max-width: 706px) 89vw, (max-width: 767px) 82vw, 740px\" \/><\/figure>\n\n\n\n<div class=\"wp-block-image\"><figure class=\"aligncenter size-large\"><img loading=\"lazy\" decoding=\"async\" width=\"474\" height=\"181\" src=\"https:\/\/laszlo1713.lima-city.de\/wp-content\/uploads\/2021\/08\/iu-1.jpeg\" alt=\"\" class=\"wp-image-3606\" srcset=\"https:\/\/laszlo1713.lima-city.de\/wp-content\/uploads\/2021\/08\/iu-1.jpeg 474w, https:\/\/laszlo1713.lima-city.de\/wp-content\/uploads\/2021\/08\/iu-1-300x115.jpeg 300w\" sizes=\"auto, (max-width: 474px) 100vw, 474px\" \/><\/figure><\/div>\n\n\n\n<p><span class=\"has-inline-color has-vivid-green-cyan-color\">Hol a &#8220;munka&#8221; (Arbeit), hol az &#8220;olt\u00e1s&#8221; (Impfen) tesz szabadd\u00e1 (frei)? A t\u00f6rt\u00e9nelmi p\u00e1rhuzam nagyon is tal\u00e1l\u00f3.  A k\u00f6z\u00f6s nevez\u0151, hogy mindkett\u0151 (egy gy\u00f6k\u00e9rb\u0151l fakad\u00f3) aljas hazugs\u00e1g!<\/span><\/p>\n\n\n\n<hr class=\"wp-block-separator\"\/>\n\n\n\n<figure class=\"wp-block-image size-large\"><img loading=\"lazy\" decoding=\"async\" width=\"664\" height=\"634\" src=\"https:\/\/laszlo1713.lima-city.de\/wp-content\/uploads\/2021\/08\/Screenshot-2021-08-22-at-08.03.03.jpg\" alt=\"\" class=\"wp-image-3610\" srcset=\"https:\/\/laszlo1713.lima-city.de\/wp-content\/uploads\/2021\/08\/Screenshot-2021-08-22-at-08.03.03.jpg 664w, https:\/\/laszlo1713.lima-city.de\/wp-content\/uploads\/2021\/08\/Screenshot-2021-08-22-at-08.03.03-300x286.jpg 300w\" sizes=\"auto, (max-width: 664px) 100vw, 664px\" \/><figcaption><span class=\"has-inline-color has-vivid-green-cyan-color\">Mintha rendszer lenne m\u00f6g\u00f6tte, nemde? Val\u00f3ban, egy s\u00e1t\u00e1ni t\u00e1rsas\u00e1g \u00e1ll az eg\u00e9sz m\u00f6g\u00f6tt &#8211; a butas\u00e1guk, hogy &#8220;szimbolikus ujjlenyomatuk&#8221; l\u00e9pten-nyomon el\u00e1rulja \u0151ket. Ma, augusztus 22-\u00e9n vajon hol lesz egy \u00fan. &#8220;false flag&#8221;-akci\u00f3?<\/span><\/figcaption><\/figure>\n\n\n\n<figure class=\"wp-block-image size-large\"><img loading=\"lazy\" decoding=\"async\" width=\"679\" height=\"497\" src=\"https:\/\/laszlo1713.lima-city.de\/wp-content\/uploads\/2021\/08\/IMAGE-2021-08-23-094932.jpg\" alt=\"\" class=\"wp-image-3644\" srcset=\"https:\/\/laszlo1713.lima-city.de\/wp-content\/uploads\/2021\/08\/IMAGE-2021-08-23-094932.jpg 679w, https:\/\/laszlo1713.lima-city.de\/wp-content\/uploads\/2021\/08\/IMAGE-2021-08-23-094932-300x220.jpg 300w\" sizes=\"auto, (max-width: 679px) 100vw, 679px\" \/><figcaption>Fire erupts at Pemex\u2019s Ku Maloob Zaap platform in the Gulf of Mexico &#8211; said to be one of the largest offshore oil complexes in the world. (&#8230;) and more gas shortage to come.<br><\/figcaption><\/figure>\n\n\n\n<hr class=\"wp-block-separator\"\/>\n\n\n\n<figure class=\"wp-block-image size-large is-resized\"><img loading=\"lazy\" decoding=\"async\" src=\"https:\/\/laszlo1713.lima-city.de\/wp-content\/uploads\/2021\/08\/2021-08-22-12.16.18-1024x682.jpg\" alt=\"\" class=\"wp-image-3613\" width=\"674\" height=\"448\" srcset=\"https:\/\/laszlo1713.lima-city.de\/wp-content\/uploads\/2021\/08\/2021-08-22-12.16.18-1024x682.jpg 1024w, https:\/\/laszlo1713.lima-city.de\/wp-content\/uploads\/2021\/08\/2021-08-22-12.16.18-300x200.jpg 300w, https:\/\/laszlo1713.lima-city.de\/wp-content\/uploads\/2021\/08\/2021-08-22-12.16.18-768x511.jpg 768w, https:\/\/laszlo1713.lima-city.de\/wp-content\/uploads\/2021\/08\/2021-08-22-12.16.18.jpg 1200w\" sizes=\"auto, (max-width: 674px) 100vw, 674px\" \/><figcaption><span class=\"has-inline-color has-vivid-green-cyan-color\">Summ\u00e1s helyzetk\u00e9p, rengeteg \u00e9rtelmez\u00e9si \u00e9s alkalmaz\u00e1si lehet\u0151s\u00e9ggel.<\/span><\/figcaption><\/figure>\n\n\n\n<hr class=\"wp-block-separator\"\/>\n\n\n\n<figure class=\"wp-block-image size-large\"><img loading=\"lazy\" decoding=\"async\" width=\"1024\" height=\"432\" src=\"https:\/\/laszlo1713.lima-city.de\/wp-content\/uploads\/2021\/08\/2021-08-22-13.58.19-1-1024x432.jpg\" alt=\"\" class=\"wp-image-3620\" srcset=\"https:\/\/laszlo1713.lima-city.de\/wp-content\/uploads\/2021\/08\/2021-08-22-13.58.19-1-1024x432.jpg 1024w, https:\/\/laszlo1713.lima-city.de\/wp-content\/uploads\/2021\/08\/2021-08-22-13.58.19-1-300x126.jpg 300w, https:\/\/laszlo1713.lima-city.de\/wp-content\/uploads\/2021\/08\/2021-08-22-13.58.19-1-768x324.jpg 768w, https:\/\/laszlo1713.lima-city.de\/wp-content\/uploads\/2021\/08\/2021-08-22-13.58.19-1.jpg 1103w\" sizes=\"auto, (max-width: 706px) 89vw, (max-width: 767px) 82vw, 740px\" \/><\/figure>\n\n\n\n<hr class=\"wp-block-separator\"\/>\n\n\n\n<figure class=\"wp-block-image size-large\"><img loading=\"lazy\" decoding=\"async\" width=\"1024\" height=\"577\" src=\"https:\/\/laszlo1713.lima-city.de\/wp-content\/uploads\/2021\/08\/6122221db480cc2583778b13-1024x577.jpg\" alt=\"\" class=\"wp-image-3616\" srcset=\"https:\/\/laszlo1713.lima-city.de\/wp-content\/uploads\/2021\/08\/6122221db480cc2583778b13-1024x577.jpg 1024w, https:\/\/laszlo1713.lima-city.de\/wp-content\/uploads\/2021\/08\/6122221db480cc2583778b13-300x169.jpg 300w, https:\/\/laszlo1713.lima-city.de\/wp-content\/uploads\/2021\/08\/6122221db480cc2583778b13-768x433.jpg 768w, https:\/\/laszlo1713.lima-city.de\/wp-content\/uploads\/2021\/08\/6122221db480cc2583778b13.jpg 1104w\" sizes=\"auto, (max-width: 706px) 89vw, (max-width: 767px) 82vw, 740px\" \/><\/figure>\n\n\n\n<figure class=\"wp-block-image size-large\"><img loading=\"lazy\" decoding=\"async\" width=\"1024\" height=\"447\" src=\"https:\/\/laszlo1713.lima-city.de\/wp-content\/uploads\/2021\/08\/Screenshot-2021-08-22-at-14.00.35-1024x447.jpg\" alt=\"\" class=\"wp-image-3618\" srcset=\"https:\/\/laszlo1713.lima-city.de\/wp-content\/uploads\/2021\/08\/Screenshot-2021-08-22-at-14.00.35-1024x447.jpg 1024w, https:\/\/laszlo1713.lima-city.de\/wp-content\/uploads\/2021\/08\/Screenshot-2021-08-22-at-14.00.35-300x131.jpg 300w, https:\/\/laszlo1713.lima-city.de\/wp-content\/uploads\/2021\/08\/Screenshot-2021-08-22-at-14.00.35-768x335.jpg 768w, https:\/\/laszlo1713.lima-city.de\/wp-content\/uploads\/2021\/08\/Screenshot-2021-08-22-at-14.00.35-1536x671.jpg 1536w, https:\/\/laszlo1713.lima-city.de\/wp-content\/uploads\/2021\/08\/Screenshot-2021-08-22-at-14.00.35-2048x894.jpg 2048w\" sizes=\"auto, (max-width: 706px) 89vw, (max-width: 767px) 82vw, 740px\" \/><\/figure>\n\n\n\n<hr class=\"wp-block-separator\"\/>\n\n\n\n<figure class=\"wp-block-image size-large\"><img loading=\"lazy\" decoding=\"async\" width=\"1024\" height=\"534\" src=\"https:\/\/laszlo1713.lima-city.de\/wp-content\/uploads\/2021\/08\/RKF-Jr-Real-Anthony-Fauci-preorder-book-feature-800x417-2.jpg\" alt=\"\" class=\"wp-image-3623\" srcset=\"https:\/\/laszlo1713.lima-city.de\/wp-content\/uploads\/2021\/08\/RKF-Jr-Real-Anthony-Fauci-preorder-book-feature-800x417-2.jpg 1024w, https:\/\/laszlo1713.lima-city.de\/wp-content\/uploads\/2021\/08\/RKF-Jr-Real-Anthony-Fauci-preorder-book-feature-800x417-2-300x156.jpg 300w, https:\/\/laszlo1713.lima-city.de\/wp-content\/uploads\/2021\/08\/RKF-Jr-Real-Anthony-Fauci-preorder-book-feature-800x417-2-768x401.jpg 768w\" sizes=\"auto, (max-width: 706px) 89vw, (max-width: 767px) 82vw, 740px\" \/><\/figure>\n\n\n\n<figure class=\"wp-block-image size-large\"><img loading=\"lazy\" decoding=\"async\" width=\"972\" height=\"1024\" src=\"https:\/\/laszlo1713.lima-city.de\/wp-content\/uploads\/2021\/08\/Screenshot-2021-08-23-at-19.58.53-972x1024.jpg\" alt=\"\" class=\"wp-image-3678\" srcset=\"https:\/\/laszlo1713.lima-city.de\/wp-content\/uploads\/2021\/08\/Screenshot-2021-08-23-at-19.58.53-972x1024.jpg 972w, https:\/\/laszlo1713.lima-city.de\/wp-content\/uploads\/2021\/08\/Screenshot-2021-08-23-at-19.58.53-285x300.jpg 285w, https:\/\/laszlo1713.lima-city.de\/wp-content\/uploads\/2021\/08\/Screenshot-2021-08-23-at-19.58.53-768x809.jpg 768w, https:\/\/laszlo1713.lima-city.de\/wp-content\/uploads\/2021\/08\/Screenshot-2021-08-23-at-19.58.53.jpg 1432w\" sizes=\"auto, (max-width: 706px) 89vw, (max-width: 767px) 82vw, 740px\" \/><figcaption>Yes, Trump Did Tell RFK Jr. to Investigate Vaccine Dangers\u2014and Why It Matters by Jon Rappoport, No More Fake News August 23, 2021 &nbsp; In this&nbsp;explosive 12 minute Theo Von video interview with Robert Kennedy Jr., we get details of the 2016 Trump-Kennedy meeting, at which Trump gave Kennedy the go-ahead to investigate vaccine dangers.<\/figcaption><\/figure>\n\n\n\n<hr class=\"wp-block-separator\"\/>\n\n\n\n<figure class=\"wp-block-image size-large\"><img loading=\"lazy\" decoding=\"async\" width=\"986\" height=\"717\" src=\"https:\/\/laszlo1713.lima-city.de\/wp-content\/uploads\/2021\/08\/IMAGE-2021-08-22-184125.jpg\" alt=\"\" class=\"wp-image-3626\" srcset=\"https:\/\/laszlo1713.lima-city.de\/wp-content\/uploads\/2021\/08\/IMAGE-2021-08-22-184125.jpg 986w, https:\/\/laszlo1713.lima-city.de\/wp-content\/uploads\/2021\/08\/IMAGE-2021-08-22-184125-300x218.jpg 300w, https:\/\/laszlo1713.lima-city.de\/wp-content\/uploads\/2021\/08\/IMAGE-2021-08-22-184125-768x558.jpg 768w\" sizes=\"auto, (max-width: 706px) 89vw, (max-width: 767px) 82vw, 740px\" \/><\/figure>\n\n\n\n<hr class=\"wp-block-separator\"\/>\n\n\n\n<figure class=\"wp-block-image size-large\"><img loading=\"lazy\" decoding=\"async\" width=\"1024\" height=\"577\" src=\"https:\/\/laszlo1713.lima-city.de\/wp-content\/uploads\/2021\/08\/Screenshot-2021-08-22-at-20.42.50-1024x577.jpg\" alt=\"\" class=\"wp-image-3629\" srcset=\"https:\/\/laszlo1713.lima-city.de\/wp-content\/uploads\/2021\/08\/Screenshot-2021-08-22-at-20.42.50-1024x577.jpg 1024w, https:\/\/laszlo1713.lima-city.de\/wp-content\/uploads\/2021\/08\/Screenshot-2021-08-22-at-20.42.50-300x169.jpg 300w, https:\/\/laszlo1713.lima-city.de\/wp-content\/uploads\/2021\/08\/Screenshot-2021-08-22-at-20.42.50-768x433.jpg 768w, https:\/\/laszlo1713.lima-city.de\/wp-content\/uploads\/2021\/08\/Screenshot-2021-08-22-at-20.42.50-1536x866.jpg 1536w, https:\/\/laszlo1713.lima-city.de\/wp-content\/uploads\/2021\/08\/Screenshot-2021-08-22-at-20.42.50.jpg 1618w\" sizes=\"auto, (max-width: 706px) 89vw, (max-width: 767px) 82vw, 740px\" \/><figcaption><strong>Judge Jeanine Pirro calls for Biden to be court martialed.<\/strong>&nbsp;<span class=\"has-inline-color has-vivid-green-cyan-color\">A b\u00edr\u00f3n\u0151 hadit\u00f6rv\u00e9nysz\u00e9k el\u00e9 id\u00e9zi Bident. A jelenlegi &#8220;sz\u00edndarabban&#8221; minden esetre dr\u00e1mai fordul\u00f3pont. <\/span><\/figcaption><\/figure>\n\n\n\n<hr class=\"wp-block-separator\"\/>\n\n\n\n<figure class=\"wp-block-image size-large\"><img loading=\"lazy\" decoding=\"async\" width=\"1004\" height=\"134\" src=\"https:\/\/laszlo1713.lima-city.de\/wp-content\/uploads\/2021\/08\/Screenshot-2021-08-22-at-21.06.47.jpg\" alt=\"\" class=\"wp-image-3634\" srcset=\"https:\/\/laszlo1713.lima-city.de\/wp-content\/uploads\/2021\/08\/Screenshot-2021-08-22-at-21.06.47.jpg 1004w, https:\/\/laszlo1713.lima-city.de\/wp-content\/uploads\/2021\/08\/Screenshot-2021-08-22-at-21.06.47-300x40.jpg 300w, https:\/\/laszlo1713.lima-city.de\/wp-content\/uploads\/2021\/08\/Screenshot-2021-08-22-at-21.06.47-768x103.jpg 768w\" sizes=\"auto, (max-width: 706px) 89vw, (max-width: 767px) 82vw, 740px\" \/><\/figure>\n\n\n\n<hr class=\"wp-block-separator\"\/>\n\n\n\n<figure class=\"wp-block-image size-large\"><img loading=\"lazy\" decoding=\"async\" width=\"1024\" height=\"564\" src=\"https:\/\/laszlo1713.lima-city.de\/wp-content\/uploads\/2021\/08\/Screenshot-2021-08-22-at-20.54.01-1024x564.jpg\" alt=\"\" class=\"wp-image-3632\" srcset=\"https:\/\/laszlo1713.lima-city.de\/wp-content\/uploads\/2021\/08\/Screenshot-2021-08-22-at-20.54.01-1024x564.jpg 1024w, https:\/\/laszlo1713.lima-city.de\/wp-content\/uploads\/2021\/08\/Screenshot-2021-08-22-at-20.54.01-300x165.jpg 300w, https:\/\/laszlo1713.lima-city.de\/wp-content\/uploads\/2021\/08\/Screenshot-2021-08-22-at-20.54.01-768x423.jpg 768w, https:\/\/laszlo1713.lima-city.de\/wp-content\/uploads\/2021\/08\/Screenshot-2021-08-22-at-20.54.01.jpg 1032w\" sizes=\"auto, (max-width: 706px) 89vw, (max-width: 767px) 82vw, 740px\" \/><figcaption><strong>&#8220;Wir impfen Deutschland zur\u00fcck in die Freiheit, in die Normalit\u00e4t &#8230;&#8221; <\/strong>(Spahn)  &#8211; <span class=\"has-inline-color has-vivid-green-cyan-color\">Ami biztat\u00f3,  hogy er\u0151s f\u00fcttysz\u00f3 k\u00eds\u00e9ret\u00e9ben adja el\u0151 ez az alak (s\u00e1t\u00e1nfajzat) mindezt. N\u00fcrnberg II. a n\u00e9met b\u00e1bkorm\u00e1nyi eg\u00e9szs\u00e9g\u00fcgy-miniszternek is!<\/span><\/figcaption><\/figure>\n\n\n\n<figure class=\"wp-block-image size-large\"><img loading=\"lazy\" decoding=\"async\" width=\"622\" height=\"339\" src=\"https:\/\/laszlo1713.lima-city.de\/wp-content\/uploads\/2021\/08\/IMG_1308.jpg\" alt=\"\" class=\"wp-image-3645\" srcset=\"https:\/\/laszlo1713.lima-city.de\/wp-content\/uploads\/2021\/08\/IMG_1308.jpg 622w, https:\/\/laszlo1713.lima-city.de\/wp-content\/uploads\/2021\/08\/IMG_1308-300x164.jpg 300w\" sizes=\"auto, (max-width: 622px) 100vw, 622px\" \/><figcaption><span class=\"has-inline-color has-vivid-green-cyan-color\">Eg\u00e9szs\u00e9g\u00fcnkre! Ha nem oltatod magad, majd a rend\u0151r\u00f6k kiverik bel\u0151led a &#8220;v\u00edrust&#8221;. A n\u00e1ci NWO!<\/span><\/figcaption><\/figure>\n\n\n\n<div class=\"wp-block-image\"><figure class=\"aligncenter size-large\"><img loading=\"lazy\" decoding=\"async\" width=\"575\" height=\"431\" src=\"https:\/\/laszlo1713.lima-city.de\/wp-content\/uploads\/2021\/08\/IMG_0113.jpg\" alt=\"\" class=\"wp-image-3646\" srcset=\"https:\/\/laszlo1713.lima-city.de\/wp-content\/uploads\/2021\/08\/IMG_0113.jpg 575w, https:\/\/laszlo1713.lima-city.de\/wp-content\/uploads\/2021\/08\/IMG_0113-300x225.jpg 300w\" sizes=\"auto, (max-width: 575px) 100vw, 575px\" \/><figcaption><span class=\"has-inline-color has-vivid-green-cyan-color\">A t\u00fcntet\u0151k (&#8220;rendbont\u00f3k&#8221; ?) \u00e9s az alkalmazkod\u00f3 (h\u00fclye) polg\u00e1r. Hogy fog mindez v\u00e9gz\u0151dni?<\/span><\/figcaption><\/figure><\/div>\n\n\n\n<hr class=\"wp-block-separator\"\/>\n\n\n\n<figure class=\"wp-block-image size-large\"><img loading=\"lazy\" decoding=\"async\" width=\"693\" height=\"960\" src=\"https:\/\/laszlo1713.lima-city.de\/wp-content\/uploads\/2021\/08\/IMAGE-2021-08-24-135827.jpg\" alt=\"\" class=\"wp-image-3685\" srcset=\"https:\/\/laszlo1713.lima-city.de\/wp-content\/uploads\/2021\/08\/IMAGE-2021-08-24-135827.jpg 693w, https:\/\/laszlo1713.lima-city.de\/wp-content\/uploads\/2021\/08\/IMAGE-2021-08-24-135827-217x300.jpg 217w\" sizes=\"auto, (max-width: 693px) 100vw, 693px\" \/><\/figure>\n\n\n\n<hr class=\"wp-block-separator\"\/>\n\n\n\n<figure class=\"wp-block-image size-large\"><img loading=\"lazy\" decoding=\"async\" width=\"1024\" height=\"554\" src=\"https:\/\/laszlo1713.lima-city.de\/wp-content\/uploads\/2021\/08\/Screenshot-2021-08-22-at-21.10.09-1024x554.jpg\" alt=\"\" class=\"wp-image-3636\" srcset=\"https:\/\/laszlo1713.lima-city.de\/wp-content\/uploads\/2021\/08\/Screenshot-2021-08-22-at-21.10.09-1024x554.jpg 1024w, https:\/\/laszlo1713.lima-city.de\/wp-content\/uploads\/2021\/08\/Screenshot-2021-08-22-at-21.10.09-300x162.jpg 300w, https:\/\/laszlo1713.lima-city.de\/wp-content\/uploads\/2021\/08\/Screenshot-2021-08-22-at-21.10.09-768x415.jpg 768w, https:\/\/laszlo1713.lima-city.de\/wp-content\/uploads\/2021\/08\/Screenshot-2021-08-22-at-21.10.09-1536x831.jpg 1536w, https:\/\/laszlo1713.lima-city.de\/wp-content\/uploads\/2021\/08\/Screenshot-2021-08-22-at-21.10.09.jpg 1720w\" sizes=\"auto, (max-width: 706px) 89vw, (max-width: 767px) 82vw, 740px\" \/><figcaption>Dr. Roger Hodkinson (Canada)<\/figcaption><\/figure>\n\n\n\n<p><\/p>\n\n\n\n<p><em>Hat einen medizinischen Abschluss der Universit\u00e4t Cambridge, hat diverse Positionen besetzt, u.a. als Assistenzprofessor oder Vorsitzender der kanadischen Pr\u00fcfungskommission.<\/em><\/p>\n\n\n\n<p><em>\u201eGlauben Sie nichts von dem, was man Ihnen sagt, es war alles ein Haufen L\u00fcgen.&nbsp;<\/em><\/p>\n\n\n\n<p><em>Von Anfang bis Ende reine Propaganda.\u201c<\/em><\/p>\n\n\n\n<p><em>\u201eDie Politiker, die Medien und die \u00c4rzte, insbesondere die Mediziner, die durch ihr feiges Schweigen beschlossen haben, das Einkommen \u00fcber die Ethik zu stellen.\u201c<\/em><\/p>\n\n\n\n<p><em>\u201eDas ist nur ein politisches Spiel mit der Medizin. Und das ist ein sehr gef\u00e4hrliches Spiel.\u201c<\/em><\/p>\n\n\n\n<p><em><strong>\u201eLassen Sie sich also um Himmels Willen nicht einsch\u00fcchtern, sich impfen zu lassen.\u201c<\/strong><\/em><\/p>\n\n\n\n<p><strong>Quelle:<\/strong> https:\/\/www.brighteon.com\/2cb95f1a-0e44-41ce-9cc6-d59e5d5c8fbd<\/p>\n\n\n\n<hr class=\"wp-block-separator\"\/>\n\n\n\n<figure class=\"wp-block-image size-large\"><img loading=\"lazy\" decoding=\"async\" width=\"729\" height=\"810\" src=\"https:\/\/laszlo1713.lima-city.de\/wp-content\/uploads\/2021\/08\/IMAGE-2021-08-23-124538.jpg\" alt=\"\" class=\"wp-image-3652\" srcset=\"https:\/\/laszlo1713.lima-city.de\/wp-content\/uploads\/2021\/08\/IMAGE-2021-08-23-124538.jpg 729w, https:\/\/laszlo1713.lima-city.de\/wp-content\/uploads\/2021\/08\/IMAGE-2021-08-23-124538-270x300.jpg 270w\" sizes=\"auto, (max-width: 729px) 100vw, 729px\" \/><figcaption><span class=\"has-inline-color has-vivid-green-cyan-color\">Tulajdonk\u00e9ppen ennyire egyszer\u0171 a dolog, aki ezt megpr\u00f3b\u00e1lja magyar\u00e1zgatni, m\u00e1s megvil\u00e1g\u00edt\u00e1sba (honnan j\u00f6n a f\u00e9ny?) helyezni, maga is b\u0171nsz\u00f6vets\u00e9ges. A szabad akarat ment\u00e9n mindenki eld\u00f6ntheti, hogy melyik oldalra \u00e1ll, mint Shakespeare III. Rich\u00e1rdja is ( &#8220;Gazember leszek!&#8221;), hogy \u00e9ppen gazember lesz. Innent\u0151l nincs t\u00f6bb menteget\u0151z\u00e9s, mindenki az elhat\u00e1roz\u00e1sa jutalm\u00e1t fogja kapni. <\/span><\/figcaption><\/figure>\n\n\n\n<hr class=\"wp-block-separator\"\/>\n\n\n\n<div class=\"wp-block-image\"><figure class=\"aligncenter size-large\"><img loading=\"lazy\" decoding=\"async\" width=\"400\" height=\"266\" src=\"https:\/\/laszlo1713.lima-city.de\/wp-content\/uploads\/2021\/08\/Valerie-Bugault-400x266-1.jpg\" alt=\"\" class=\"wp-image-3655\" srcset=\"https:\/\/laszlo1713.lima-city.de\/wp-content\/uploads\/2021\/08\/Valerie-Bugault-400x266-1.jpg 400w, https:\/\/laszlo1713.lima-city.de\/wp-content\/uploads\/2021\/08\/Valerie-Bugault-400x266-1-300x200.jpg 300w\" sizes=\"auto, (max-width: 400px) 100vw, 400px\" \/><\/figure><\/div>\n\n\n\n<figure class=\"wp-block-image size-large\"><img loading=\"lazy\" decoding=\"async\" width=\"1024\" height=\"274\" src=\"https:\/\/laszlo1713.lima-city.de\/wp-content\/uploads\/2021\/08\/Screenshot-2021-08-23-at-13.25.08-1024x274.jpg\" alt=\"\" class=\"wp-image-3656\" srcset=\"https:\/\/laszlo1713.lima-city.de\/wp-content\/uploads\/2021\/08\/Screenshot-2021-08-23-at-13.25.08-1024x274.jpg 1024w, https:\/\/laszlo1713.lima-city.de\/wp-content\/uploads\/2021\/08\/Screenshot-2021-08-23-at-13.25.08-300x80.jpg 300w, https:\/\/laszlo1713.lima-city.de\/wp-content\/uploads\/2021\/08\/Screenshot-2021-08-23-at-13.25.08-768x205.jpg 768w, https:\/\/laszlo1713.lima-city.de\/wp-content\/uploads\/2021\/08\/Screenshot-2021-08-23-at-13.25.08.jpg 1488w\" sizes=\"auto, (max-width: 706px) 89vw, (max-width: 767px) 82vw, 740px\" \/><figcaption><em><strong>Observateur Continental: Bedeutet Ihr Aufruf, dass wir uns im Dritten Weltkrieg befinden?<\/strong><\/em><br><strong>Val\u00e9rie Bugault:&nbsp;<\/strong>Man k\u00f6nnte es so ausdr\u00fccken, aber es muss klar sein, dass dies eine neue Art von Krieg ist. Dieser Krieg wird nicht milit\u00e4risch zwischen Staaten gef\u00fchrt. Dieser Krieg wird in jedem einzelnen Staat von einer Oligarchie nach dem gleichen Modell gegen die Bev\u00f6lkerung gef\u00fchrt. Diese Oligarchien sind eine Mischung aus globalen Banken, multinationalen Konzernen, ehemaligen Herrscherfamilien und Grossindustriellen.<br>Um der Klarheit willen muss man hinzuf\u00fcgen, dass die Bev\u00f6lkerung eines Landes den politischen Begriff eines Staates ausmacht. Daraus folgt, dass ein Staat, der von einer Oligarchen-Kaste \u00fcbernommen wurde, rechtlich und institutionell gesehen nichts anderes mehr ist als eine leere H\u00fclle. Der Staatsbegriff wird zweckentfremdet.<\/figcaption><\/figure>\n\n\n\n<hr class=\"wp-block-separator\"\/>\n\n\n\n<figure class=\"wp-block-image size-large\"><img loading=\"lazy\" decoding=\"async\" width=\"880\" height=\"796\" src=\"https:\/\/laszlo1713.lima-city.de\/wp-content\/uploads\/2021\/08\/IMAGE-2021-08-23-155459.jpg\" alt=\"\" class=\"wp-image-3661\" srcset=\"https:\/\/laszlo1713.lima-city.de\/wp-content\/uploads\/2021\/08\/IMAGE-2021-08-23-155459.jpg 880w, https:\/\/laszlo1713.lima-city.de\/wp-content\/uploads\/2021\/08\/IMAGE-2021-08-23-155459-300x271.jpg 300w, https:\/\/laszlo1713.lima-city.de\/wp-content\/uploads\/2021\/08\/IMAGE-2021-08-23-155459-768x695.jpg 768w\" sizes=\"auto, (max-width: 706px) 89vw, (max-width: 767px) 82vw, 740px\" \/><figcaption><span class=\"has-inline-color has-vivid-green-cyan-color\">Akkor most minden olt\u00e1s \u00fagymond leg\u00e1lis? Nem hiszem, hogy az \u00e1ltal\u00e1nos meg\u00edt\u00e9l\u00e9s ezzel megv\u00e1ltozna, mert az t\u00e9nyeken alapul. Egy &#8220;b\u0171ntettet&#8221; nem lehet legaliz\u00e1lni, ak\u00e1rki pr\u00f3b\u00e1ln\u00e1. <\/span><\/figcaption><\/figure>\n\n\n\n<hr class=\"wp-block-separator\"\/>\n\n\n\n<figure class=\"wp-block-image size-large\"><img loading=\"lazy\" decoding=\"async\" width=\"1024\" height=\"587\" src=\"https:\/\/laszlo1713.lima-city.de\/wp-content\/uploads\/2021\/08\/Screenshot-2021-08-23-at-17.51.54-1024x587.jpg\" alt=\"\" class=\"wp-image-3664\" srcset=\"https:\/\/laszlo1713.lima-city.de\/wp-content\/uploads\/2021\/08\/Screenshot-2021-08-23-at-17.51.54-1024x587.jpg 1024w, https:\/\/laszlo1713.lima-city.de\/wp-content\/uploads\/2021\/08\/Screenshot-2021-08-23-at-17.51.54-300x172.jpg 300w, https:\/\/laszlo1713.lima-city.de\/wp-content\/uploads\/2021\/08\/Screenshot-2021-08-23-at-17.51.54-768x440.jpg 768w, https:\/\/laszlo1713.lima-city.de\/wp-content\/uploads\/2021\/08\/Screenshot-2021-08-23-at-17.51.54.jpg 1266w\" sizes=\"auto, (max-width: 706px) 89vw, (max-width: 767px) 82vw, 740px\" \/><figcaption><strong>\u201cLet Bill Gates jab himself with it! Let the Rockefellers jab themselves with it. Let the Rothschilds jab themselves with it. Let Klaus Schwab jab himself with it. Let George Soros jab himself with it. Enough stupidity. Enough!\u201d &nbsp;<\/strong><br><br><\/figcaption><\/figure>\n\n\n\n<hr class=\"wp-block-separator\"\/>\n\n\n\n<figure class=\"wp-block-image size-large\"><img loading=\"lazy\" decoding=\"async\" width=\"526\" height=\"526\" src=\"https:\/\/laszlo1713.lima-city.de\/wp-content\/uploads\/2021\/08\/IMAGE-2021-08-23-180230.jpg\" alt=\"\" class=\"wp-image-3667\" srcset=\"https:\/\/laszlo1713.lima-city.de\/wp-content\/uploads\/2021\/08\/IMAGE-2021-08-23-180230.jpg 526w, https:\/\/laszlo1713.lima-city.de\/wp-content\/uploads\/2021\/08\/IMAGE-2021-08-23-180230-300x300.jpg 300w, https:\/\/laszlo1713.lima-city.de\/wp-content\/uploads\/2021\/08\/IMAGE-2021-08-23-180230-150x150.jpg 150w, https:\/\/laszlo1713.lima-city.de\/wp-content\/uploads\/2021\/08\/IMAGE-2021-08-23-180230-100x100.jpg 100w\" sizes=\"auto, (max-width: 526px) 100vw, 526px\" \/><figcaption><span class=\"has-inline-color has-vivid-green-cyan-color\">Evoluci\u00f3elm\u00e9let \u00e9s beteljesed\u00e9se  a &#8220;Great Reset&#8221;  (nagy semmi)<\/span> <span class=\"has-inline-color has-vivid-green-cyan-color\">elm\u00e9letben &#8230;<\/span><\/figcaption><\/figure>\n\n\n\n<figure class=\"wp-block-image size-large\"><img loading=\"lazy\" decoding=\"async\" width=\"813\" height=\"1024\" src=\"https:\/\/laszlo1713.lima-city.de\/wp-content\/uploads\/2021\/08\/Screenshot-2021-08-23-at-18.06.36-813x1024.jpg\" alt=\"\" class=\"wp-image-3669\" srcset=\"https:\/\/laszlo1713.lima-city.de\/wp-content\/uploads\/2021\/08\/Screenshot-2021-08-23-at-18.06.36-813x1024.jpg 813w, https:\/\/laszlo1713.lima-city.de\/wp-content\/uploads\/2021\/08\/Screenshot-2021-08-23-at-18.06.36-238x300.jpg 238w, https:\/\/laszlo1713.lima-city.de\/wp-content\/uploads\/2021\/08\/Screenshot-2021-08-23-at-18.06.36-768x967.jpg 768w, https:\/\/laszlo1713.lima-city.de\/wp-content\/uploads\/2021\/08\/Screenshot-2021-08-23-at-18.06.36-1220x1536.jpg 1220w, https:\/\/laszlo1713.lima-city.de\/wp-content\/uploads\/2021\/08\/Screenshot-2021-08-23-at-18.06.36.jpg 1398w\" sizes=\"auto, (max-width: 706px) 89vw, (max-width: 767px) 82vw, 740px\" \/><figcaption><span class=\"has-inline-color has-vivid-green-cyan-color\">&#8230; \u00e9s az eg\u00e9sz a gyakorlatban. A liber\u00e1lis &#8220;open society&#8221; (Soros Gy\u00f6rgy pl.) utols\u00f3 el\u0151tti st\u00e1diuma.<\/span><\/figcaption><\/figure>\n\n\n\n<hr class=\"wp-block-separator\"\/>\n\n\n\n<figure class=\"wp-block-image size-large\"><img loading=\"lazy\" decoding=\"async\" width=\"1024\" height=\"98\" src=\"https:\/\/laszlo1713.lima-city.de\/wp-content\/uploads\/2021\/08\/Screenshot-2021-08-23-at-19.06.12-1024x98.jpg\" alt=\"\" class=\"wp-image-3671\" srcset=\"https:\/\/laszlo1713.lima-city.de\/wp-content\/uploads\/2021\/08\/Screenshot-2021-08-23-at-19.06.12-1024x98.jpg 1024w, https:\/\/laszlo1713.lima-city.de\/wp-content\/uploads\/2021\/08\/Screenshot-2021-08-23-at-19.06.12-300x29.jpg 300w, https:\/\/laszlo1713.lima-city.de\/wp-content\/uploads\/2021\/08\/Screenshot-2021-08-23-at-19.06.12-768x74.jpg 768w, https:\/\/laszlo1713.lima-city.de\/wp-content\/uploads\/2021\/08\/Screenshot-2021-08-23-at-19.06.12.jpg 1166w\" sizes=\"auto, (max-width: 706px) 89vw, (max-width: 767px) 82vw, 740px\" \/><\/figure>\n\n\n\n<div class=\"wp-block-image\"><figure class=\"aligncenter size-large\"><img loading=\"lazy\" decoding=\"async\" width=\"329\" height=\"464\" src=\"https:\/\/laszlo1713.lima-city.de\/wp-content\/uploads\/2021\/08\/IMAGE-2021-08-24-110459.jpg\" alt=\"\" class=\"wp-image-3681\" srcset=\"https:\/\/laszlo1713.lima-city.de\/wp-content\/uploads\/2021\/08\/IMAGE-2021-08-24-110459.jpg 329w, https:\/\/laszlo1713.lima-city.de\/wp-content\/uploads\/2021\/08\/IMAGE-2021-08-24-110459-213x300.jpg 213w\" sizes=\"auto, (max-width: 329px) 100vw, 329px\" \/><\/figure><\/div>\n\n\n\n<hr class=\"wp-block-separator\"\/>\n\n\n\n<figure class=\"wp-block-image size-large\"><img loading=\"lazy\" decoding=\"async\" width=\"784\" height=\"638\" src=\"https:\/\/laszlo1713.lima-city.de\/wp-content\/uploads\/2021\/08\/Screenshot-2021-08-23-at-19.09.04.jpg\" alt=\"\" class=\"wp-image-3676\" srcset=\"https:\/\/laszlo1713.lima-city.de\/wp-content\/uploads\/2021\/08\/Screenshot-2021-08-23-at-19.09.04.jpg 784w, https:\/\/laszlo1713.lima-city.de\/wp-content\/uploads\/2021\/08\/Screenshot-2021-08-23-at-19.09.04-300x244.jpg 300w, https:\/\/laszlo1713.lima-city.de\/wp-content\/uploads\/2021\/08\/Screenshot-2021-08-23-at-19.09.04-768x625.jpg 768w\" sizes=\"auto, (max-width: 706px) 89vw, (max-width: 767px) 82vw, 740px\" \/><\/figure>\n\n\n\n<hr class=\"wp-block-separator\"\/>\n\n\n\n<figure class=\"wp-block-image size-large\"><img loading=\"lazy\" decoding=\"async\" width=\"1024\" height=\"112\" src=\"https:\/\/laszlo1713.lima-city.de\/wp-content\/uploads\/2021\/08\/Screenshot-2021-08-24-at-14.55.09-1024x112.jpg\" alt=\"\" class=\"wp-image-3690\" srcset=\"https:\/\/laszlo1713.lima-city.de\/wp-content\/uploads\/2021\/08\/Screenshot-2021-08-24-at-14.55.09-1024x112.jpg 1024w, https:\/\/laszlo1713.lima-city.de\/wp-content\/uploads\/2021\/08\/Screenshot-2021-08-24-at-14.55.09-300x33.jpg 300w, https:\/\/laszlo1713.lima-city.de\/wp-content\/uploads\/2021\/08\/Screenshot-2021-08-24-at-14.55.09-768x84.jpg 768w, https:\/\/laszlo1713.lima-city.de\/wp-content\/uploads\/2021\/08\/Screenshot-2021-08-24-at-14.55.09.jpg 1100w\" sizes=\"auto, (max-width: 706px) 89vw, (max-width: 767px) 82vw, 740px\" \/><\/figure>\n\n\n\n<hr class=\"wp-block-separator\"\/>\n\n\n\n<figure class=\"wp-block-image size-large\"><img loading=\"lazy\" decoding=\"async\" width=\"794\" height=\"764\" src=\"https:\/\/laszlo1713.lima-city.de\/wp-content\/uploads\/2021\/08\/Screenshot-2021-08-23-at-19.07.51.jpg\" alt=\"\" class=\"wp-image-3673\" srcset=\"https:\/\/laszlo1713.lima-city.de\/wp-content\/uploads\/2021\/08\/Screenshot-2021-08-23-at-19.07.51.jpg 794w, https:\/\/laszlo1713.lima-city.de\/wp-content\/uploads\/2021\/08\/Screenshot-2021-08-23-at-19.07.51-300x289.jpg 300w, https:\/\/laszlo1713.lima-city.de\/wp-content\/uploads\/2021\/08\/Screenshot-2021-08-23-at-19.07.51-768x739.jpg 768w\" sizes=\"auto, (max-width: 706px) 89vw, (max-width: 767px) 82vw, 740px\" \/><\/figure>\n\n\n\n<hr class=\"wp-block-separator\"\/>\n\n\n\n<hr class=\"wp-block-separator\"\/>\n\n\n\n<figure class=\"wp-block-image size-large\"><img loading=\"lazy\" decoding=\"async\" width=\"781\" height=\"916\" src=\"https:\/\/laszlo1713.lima-city.de\/wp-content\/uploads\/2021\/08\/IMAGE-2021-08-24-204154.jpg\" alt=\"\" class=\"wp-image-3692\" srcset=\"https:\/\/laszlo1713.lima-city.de\/wp-content\/uploads\/2021\/08\/IMAGE-2021-08-24-204154.jpg 781w, https:\/\/laszlo1713.lima-city.de\/wp-content\/uploads\/2021\/08\/IMAGE-2021-08-24-204154-256x300.jpg 256w, https:\/\/laszlo1713.lima-city.de\/wp-content\/uploads\/2021\/08\/IMAGE-2021-08-24-204154-768x901.jpg 768w\" sizes=\"auto, (max-width: 706px) 89vw, (max-width: 767px) 82vw, 740px\" \/><figcaption><em><span class=\"has-inline-color has-vivid-green-cyan-color\">Amit John F. Kennedy Jr. 1994-ben Bidenr\u0151l \u00e1ll\u00edtott (&#8220;\u00e1rul\u00f3&#8221;), az v\u00e1ltozatlanul igaz az id\u0151ben.  Vagy nem?<\/span><\/em>  <span class=\"has-inline-color has-vivid-green-cyan-color\">Ami 1994-ben nem lehetett, az most beharangozza a v\u00e9gj\u00e1t\u00e9kot. Vagy t\u00e9vedn\u00e9k?<\/span><\/figcaption><\/figure>\n\n\n\n<hr class=\"wp-block-separator\"\/>\n\n\n\n<p><span class=\"has-inline-color has-vivid-green-cyan-color\">Hazug, korrupt, nagy r\u00e9szben pedofil b\u0171n\u00f6z\u0151k ir\u00e1ny\u00edtj\u00e1k (ir\u00e1ny\u00edtott\u00e1k?) a vil\u00e1got. Elj\u00f6tt a felel\u0151ss\u00e9gre von\u00e1s (lesz\u00e1mol\u00e1s) ideje. A feladat nehezebb r\u00e9sze megk\u00eds\u00e9relni, hogy a &#8220;birk\u00e1k&#8221; fel\u00e9bredjenek. Ha ez nem siker\u00fcl (siker\u00fclne), akkor \u00fajra \u00e9s \u00fajra \u00e9s az id\u0151k v\u00e9g\u00e9ig el\u0151j\u00f6nne  az &#8220;\u00f6rd\u00f6gi&#8221; (hazugs\u00e1g, korrupci\u00f3, mindenf\u00e9le aberr\u00e1ci\u00f3). Az embereknek kell felel\u0151s\u00e9ggel kez\u00fckbe venni\u00fck sorsukat, mindez pedig Istenbe vetett hit n\u00e9lk\u00fcl nem megy. Vagy-vagy: az \u00f6rd\u00f6g vagy Isten.  \u00c9s elj\u00f6tt az \u00f3ra, mindenkinek v\u00e1lasztania kell, a &#8220;birkas\u00e1g&#8221; nem lesz (lehet) ments\u00e9g.<\/span><\/p>\n\n\n\n<figure class=\"wp-block-image size-large\"><img loading=\"lazy\" decoding=\"async\" width=\"640\" height=\"547\" src=\"https:\/\/laszlo1713.lima-city.de\/wp-content\/uploads\/2021\/08\/IMAGE-2021-08-25-082521.jpg\" alt=\"\" class=\"wp-image-3696\" srcset=\"https:\/\/laszlo1713.lima-city.de\/wp-content\/uploads\/2021\/08\/IMAGE-2021-08-25-082521.jpg 640w, https:\/\/laszlo1713.lima-city.de\/wp-content\/uploads\/2021\/08\/IMAGE-2021-08-25-082521-300x256.jpg 300w\" sizes=\"auto, (max-width: 640px) 100vw, 640px\" \/><figcaption><span class=\"has-inline-color has-vivid-green-cyan-color\">Nem lep meg, hogy mindent sz\u00e9pen megterveztek. Az \u00e1bra mutatja az id\u0151pontokat, amikor a k\u00f6zm\u00e9dia (MSM) terjesztheti az \u00fajabb &#8220;\u00e1lh\u00edreket&#8221; az \u00fajabb &#8220;\u00e1lv\u00edrus-vari\u00e1nsr\u00f3l&#8221; , hogy  \u00edgy  (f\u00e9lelemkelt\u00e9ssel) egyengess\u00e9k a s\u00e1t\u00e1n tr\u00f3nj\u00e1hoz (NWO) vezet\u0151 nagyon is sz\u00e9les utat.<\/span> <span class=\"has-inline-color has-vivid-green-cyan-color\">A s\u00e1t\u00e1n glob\u00e1lis birodalma pedig a 4. lesz a megismert 3. ut\u00e1n. \u00c9breszt\u0151, am\u00edg nem k\u00e9s\u0151!!<\/span><\/figcaption><\/figure>\n\n\n\n<figure class=\"wp-block-image size-large\"><img loading=\"lazy\" decoding=\"async\" width=\"623\" height=\"609\" src=\"https:\/\/laszlo1713.lima-city.de\/wp-content\/uploads\/2021\/08\/IMAGE-2021-08-25-084507.jpg\" alt=\"\" class=\"wp-image-3697\" srcset=\"https:\/\/laszlo1713.lima-city.de\/wp-content\/uploads\/2021\/08\/IMAGE-2021-08-25-084507.jpg 623w, https:\/\/laszlo1713.lima-city.de\/wp-content\/uploads\/2021\/08\/IMAGE-2021-08-25-084507-300x293.jpg 300w\" sizes=\"auto, (max-width: 623px) 100vw, 623px\" \/><figcaption><span class=\"has-inline-color has-vivid-green-cyan-color\"><em>A 4. birodalom (NWO ; olt\u00e1s-demokr\u00e1cia)<\/em> szimb\u00f3luma lehetne! \u00cdgy \u00e9rthet\u0151bb?<\/span><\/figcaption><\/figure>\n\n\n\n<hr class=\"wp-block-separator\"\/>\n\n\n\n<div class=\"wp-block-image\"><figure class=\"aligncenter size-large\"><img loading=\"lazy\" decoding=\"async\" width=\"504\" height=\"1024\" src=\"https:\/\/laszlo1713.lima-city.de\/wp-content\/uploads\/2021\/08\/IMAGE-2021-08-25-142536-504x1024.jpg\" alt=\"\" class=\"wp-image-3700\" srcset=\"https:\/\/laszlo1713.lima-city.de\/wp-content\/uploads\/2021\/08\/IMAGE-2021-08-25-142536-504x1024.jpg 504w, https:\/\/laszlo1713.lima-city.de\/wp-content\/uploads\/2021\/08\/IMAGE-2021-08-25-142536-148x300.jpg 148w, https:\/\/laszlo1713.lima-city.de\/wp-content\/uploads\/2021\/08\/IMAGE-2021-08-25-142536.jpg 518w\" sizes=\"auto, (max-width: 504px) 100vw, 504px\" \/><figcaption>There are 70 CCP members of the Chinese Communist Party on Pfizer. Pfizer also has board members who are on the main media board. CCP-MainStream Media-BillGates, Fauci, Phizer, Glaxo, are practically all one company.<br><\/figcaption><\/figure><\/div>\n\n\n\n<hr class=\"wp-block-separator\"\/>\n\n\n\n<figure class=\"wp-block-image size-large\"><img loading=\"lazy\" decoding=\"async\" width=\"1024\" height=\"154\" src=\"https:\/\/laszlo1713.lima-city.de\/wp-content\/uploads\/2021\/08\/Screenshot-2021-08-25-at-17.50.59-1024x154.jpg\" alt=\"\" class=\"wp-image-3702\" srcset=\"https:\/\/laszlo1713.lima-city.de\/wp-content\/uploads\/2021\/08\/Screenshot-2021-08-25-at-17.50.59-1024x154.jpg 1024w, https:\/\/laszlo1713.lima-city.de\/wp-content\/uploads\/2021\/08\/Screenshot-2021-08-25-at-17.50.59-300x45.jpg 300w, https:\/\/laszlo1713.lima-city.de\/wp-content\/uploads\/2021\/08\/Screenshot-2021-08-25-at-17.50.59-768x116.jpg 768w, https:\/\/laszlo1713.lima-city.de\/wp-content\/uploads\/2021\/08\/Screenshot-2021-08-25-at-17.50.59-1536x232.jpg 1536w, https:\/\/laszlo1713.lima-city.de\/wp-content\/uploads\/2021\/08\/Screenshot-2021-08-25-at-17.50.59.jpg 1724w\" sizes=\"auto, (max-width: 706px) 89vw, (max-width: 767px) 82vw, 740px\" \/><\/figure>\n\n\n\n<figure class=\"wp-block-image size-large is-resized\"><img loading=\"lazy\" decoding=\"async\" src=\"https:\/\/laszlo1713.lima-city.de\/wp-content\/uploads\/2021\/08\/Screenshot-2021-08-25-at-17.51.15-1018x1024.jpg\" alt=\"\" class=\"wp-image-3703\" width=\"674\" height=\"677\" srcset=\"https:\/\/laszlo1713.lima-city.de\/wp-content\/uploads\/2021\/08\/Screenshot-2021-08-25-at-17.51.15-1018x1024.jpg 1018w, https:\/\/laszlo1713.lima-city.de\/wp-content\/uploads\/2021\/08\/Screenshot-2021-08-25-at-17.51.15-298x300.jpg 298w, https:\/\/laszlo1713.lima-city.de\/wp-content\/uploads\/2021\/08\/Screenshot-2021-08-25-at-17.51.15-150x150.jpg 150w, https:\/\/laszlo1713.lima-city.de\/wp-content\/uploads\/2021\/08\/Screenshot-2021-08-25-at-17.51.15-768x772.jpg 768w, https:\/\/laszlo1713.lima-city.de\/wp-content\/uploads\/2021\/08\/Screenshot-2021-08-25-at-17.51.15-100x100.jpg 100w, https:\/\/laszlo1713.lima-city.de\/wp-content\/uploads\/2021\/08\/Screenshot-2021-08-25-at-17.51.15.jpg 1416w\" sizes=\"auto, (max-width: 674px) 100vw, 674px\" \/><figcaption><span class=\"has-inline-color has-vivid-green-cyan-color\">Stimmel. Remek \u00f6nkritika: az ember (tkp. cs\u00fasz\u00f3-m\u00e1sz\u00f3 f\u00e9reg) Schwab \u00e9s k\u00f6re fenyegeti a legink\u00e1bb bolyg\u00f3nkat. <\/span><\/figcaption><\/figure>\n\n\n\n<hr class=\"wp-block-separator\"\/>\n\n\n\n<figure class=\"wp-block-image size-large is-resized\"><img loading=\"lazy\" decoding=\"async\" src=\"https:\/\/laszlo1713.lima-city.de\/wp-content\/uploads\/2021\/08\/IMAGE-2021-08-25-181333.jpg\" alt=\"\" class=\"wp-image-3706\" width=\"674\" height=\"674\" srcset=\"https:\/\/laszlo1713.lima-city.de\/wp-content\/uploads\/2021\/08\/IMAGE-2021-08-25-181333.jpg 960w, https:\/\/laszlo1713.lima-city.de\/wp-content\/uploads\/2021\/08\/IMAGE-2021-08-25-181333-300x300.jpg 300w, https:\/\/laszlo1713.lima-city.de\/wp-content\/uploads\/2021\/08\/IMAGE-2021-08-25-181333-150x150.jpg 150w, https:\/\/laszlo1713.lima-city.de\/wp-content\/uploads\/2021\/08\/IMAGE-2021-08-25-181333-768x768.jpg 768w, https:\/\/laszlo1713.lima-city.de\/wp-content\/uploads\/2021\/08\/IMAGE-2021-08-25-181333-100x100.jpg 100w\" sizes=\"auto, (max-width: 674px) 100vw, 674px\" \/><figcaption><span class=\"has-inline-color has-vivid-green-cyan-color\">\u00c9rdekes megk\u00f6zel\u00edt\u00e9s<\/span> <span class=\"has-inline-color has-vivid-green-cyan-color\">N\u00e9metorsz\u00e1got illet\u0151en.<\/span><\/figcaption><\/figure>\n\n\n\n<hr class=\"wp-block-separator\"\/>\n\n\n\n<figure class=\"wp-block-image size-large\"><img loading=\"lazy\" decoding=\"async\" width=\"1024\" height=\"596\" src=\"https:\/\/laszlo1713.lima-city.de\/wp-content\/uploads\/2021\/08\/Screenshot-2021-08-26-at-07.48.16-1024x596.jpg\" alt=\"\" class=\"wp-image-3709\" srcset=\"https:\/\/laszlo1713.lima-city.de\/wp-content\/uploads\/2021\/08\/Screenshot-2021-08-26-at-07.48.16-1024x596.jpg 1024w, https:\/\/laszlo1713.lima-city.de\/wp-content\/uploads\/2021\/08\/Screenshot-2021-08-26-at-07.48.16-300x175.jpg 300w, https:\/\/laszlo1713.lima-city.de\/wp-content\/uploads\/2021\/08\/Screenshot-2021-08-26-at-07.48.16-768x447.jpg 768w, https:\/\/laszlo1713.lima-city.de\/wp-content\/uploads\/2021\/08\/Screenshot-2021-08-26-at-07.48.16-1536x893.jpg 1536w, https:\/\/laszlo1713.lima-city.de\/wp-content\/uploads\/2021\/08\/Screenshot-2021-08-26-at-07.48.16.jpg 1726w\" sizes=\"auto, (max-width: 706px) 89vw, (max-width: 767px) 82vw, 740px\" \/><\/figure>\n\n\n\n<p><span class=\"has-inline-color has-vivid-green-cyan-color\">Akkor most mik\u00e9ppen? V\u00e9ge vagy m\u00e9gsem? \u00c9s vajon ki mire gondol(t)?<\/span><\/p>\n\n\n\n<hr class=\"wp-block-separator\"\/>\n\n\n\n<figure class=\"wp-block-image size-large\"><img loading=\"lazy\" decoding=\"async\" width=\"640\" height=\"480\" src=\"https:\/\/laszlo1713.lima-city.de\/wp-content\/uploads\/2021\/08\/IMAGE-2021-08-26-073842.jpg\" alt=\"\" class=\"wp-image-3712\" srcset=\"https:\/\/laszlo1713.lima-city.de\/wp-content\/uploads\/2021\/08\/IMAGE-2021-08-26-073842.jpg 640w, https:\/\/laszlo1713.lima-city.de\/wp-content\/uploads\/2021\/08\/IMAGE-2021-08-26-073842-300x225.jpg 300w\" sizes=\"auto, (max-width: 640px) 100vw, 640px\" \/><\/figure>\n\n\n\n<p><span class=\"has-inline-color has-vivid-green-cyan-color\">A m\u00falt \u00e1rnya? Ki f\u00e9l t\u0151l\u00fck? Who\u00b4s Afraid of Q?  <\/span><\/p>\n\n\n\n<hr class=\"wp-block-separator\"\/>\n\n\n\n<figure class=\"wp-block-image size-large\"><img loading=\"lazy\" decoding=\"async\" width=\"1024\" height=\"762\" src=\"https:\/\/laszlo1713.lima-city.de\/wp-content\/uploads\/2021\/08\/Screenshot-2021-08-26-at-08.06.57-1-1024x762.jpg\" alt=\"\" class=\"wp-image-3716\" srcset=\"https:\/\/laszlo1713.lima-city.de\/wp-content\/uploads\/2021\/08\/Screenshot-2021-08-26-at-08.06.57-1-1024x762.jpg 1024w, https:\/\/laszlo1713.lima-city.de\/wp-content\/uploads\/2021\/08\/Screenshot-2021-08-26-at-08.06.57-1-300x223.jpg 300w, https:\/\/laszlo1713.lima-city.de\/wp-content\/uploads\/2021\/08\/Screenshot-2021-08-26-at-08.06.57-1-768x571.jpg 768w, https:\/\/laszlo1713.lima-city.de\/wp-content\/uploads\/2021\/08\/Screenshot-2021-08-26-at-08.06.57-1.jpg 1280w\" sizes=\"auto, (max-width: 706px) 89vw, (max-width: 767px) 82vw, 740px\" \/><figcaption>Weltwirtschaftsforum f\u00f6rdert ZyCov-D, einen Covid-19-Impfstoff, der zu <strong>66,6<\/strong> % wirksam ist<br>Das Weltwirtschaftsforum pr\u00e4sentiert: den ersten Covid-19-Impfstoff auf DNA-Basis. Es enth\u00e4lt genetisches Material \u201evom Virus\u201c, das den K\u00f6rper anweist, das spezifische Spike-Protein herzustellen, auf das das Immunsystem reagiert.<br>Der Impfstoff hei\u00dft ZyCov-D und wurde in Indien entwickelt, wo er f\u00fcr den Notfalleinsatz zugelassen wurde. Erwachsene sollen diesen Impfstoff im Dezember erhalten. Experten erwarten im Oktober eine dritte Coronawelle in Indien.<br>Der Hersteller, Zydus Cadila, sagt, dass ZyCov-D f\u00fcr Kinder ab 12 Jahren sicher ist. Die Menschen erhalten insgesamt drei Dosen. Tests haben Berichten zufolge eine Wirksamkeit von <strong>66,6<\/strong> Prozent ergeben. Sie w\u00e4re auch gegen die \u201eDelta-Variante\u201c wirksam.<br>Gegenw\u00e4rtig sind nur 9,5 Prozent der indischen Bev\u00f6lkerung geimpft worden.<br>Was w\u00fcrden j\u00fcdische Menschen von diesem Namen halten?<br>Der Unternehmer Roland Brautigam antwortet: \u201eZyCov-D\u2026 ZyCov-D! Sie nennen es ZYCOV-D. Sie h\u00e4tten ihm jeden beliebigen Namen geben k\u00f6nnen, aber sie w\u00e4hlten ZyCov-D. Was w\u00fcrden j\u00fcdische Menschen von diesem Namen halten? Oder Deutsche?\u201c<br>Der Politologe Kees van der Pijl f\u00fcgt hinzu: \u201eEs k\u00f6nnte auch sein, dass ZyCov-D und Zyklon B die gleiche Wirkung haben, n\u00e4mlich die Vernichtung der Menschen, die dem Stoff ausgesetzt sind.\u201c<br>\u201eIch habe versehentlich Zyklon B gelesen, aber das ist eine andere Marke. Ich hoffe, dass sie Ihren Markennamen in Israel zu sch\u00e4tzen wissen\u201c, sagte jemand auf dem Weltwirtschaftsforum.<br><br><br><span class=\"has-inline-color has-vivid-green-cyan-color\">K\u00fcl\u00f6n\u00f6sen \u00e9rdekes a szimb\u00f3lumok ment\u00e9n olvasni az eg\u00e9szet. <strong>66,6<\/strong> % hat\u00e9konys\u00e1g. Vegy\u00fck hozz\u00e1, hogy ki \u00e1ll a WEF m\u00f6g\u00f6tt, \u00e9s akkor nincs is tov\u00e1bbi k\u00e9rd\u00e9s\u00fcnk. Lucifer (illumin\u00e1tus \u00f6rd\u00f6gszekta) akci\u00f3ban!<\/span><\/figcaption><\/figure>\n\n\n\n<hr class=\"wp-block-separator\"\/>\n\n\n\n<figure class=\"wp-block-image size-large\"><img loading=\"lazy\" decoding=\"async\" width=\"1024\" height=\"481\" src=\"https:\/\/laszlo1713.lima-city.de\/wp-content\/uploads\/2021\/08\/Screenshot-2021-08-26-at-18.37.45-1024x481.jpg\" alt=\"\" class=\"wp-image-3721\" srcset=\"https:\/\/laszlo1713.lima-city.de\/wp-content\/uploads\/2021\/08\/Screenshot-2021-08-26-at-18.37.45-1024x481.jpg 1024w, https:\/\/laszlo1713.lima-city.de\/wp-content\/uploads\/2021\/08\/Screenshot-2021-08-26-at-18.37.45-300x141.jpg 300w, https:\/\/laszlo1713.lima-city.de\/wp-content\/uploads\/2021\/08\/Screenshot-2021-08-26-at-18.37.45-768x361.jpg 768w, https:\/\/laszlo1713.lima-city.de\/wp-content\/uploads\/2021\/08\/Screenshot-2021-08-26-at-18.37.45-1536x721.jpg 1536w, https:\/\/laszlo1713.lima-city.de\/wp-content\/uploads\/2021\/08\/Screenshot-2021-08-26-at-18.37.45-2048x962.jpg 2048w\" sizes=\"auto, (max-width: 706px) 89vw, (max-width: 767px) 82vw, 740px\" \/><\/figure>\n\n\n\n<figure class=\"wp-block-image size-large\"><img loading=\"lazy\" decoding=\"async\" width=\"1024\" height=\"475\" src=\"https:\/\/laszlo1713.lima-city.de\/wp-content\/uploads\/2021\/08\/Screenshot-2021-08-26-at-18.38.42-1-1024x475.jpg\" alt=\"\" class=\"wp-image-3724\" srcset=\"https:\/\/laszlo1713.lima-city.de\/wp-content\/uploads\/2021\/08\/Screenshot-2021-08-26-at-18.38.42-1-1024x475.jpg 1024w, https:\/\/laszlo1713.lima-city.de\/wp-content\/uploads\/2021\/08\/Screenshot-2021-08-26-at-18.38.42-1-300x139.jpg 300w, https:\/\/laszlo1713.lima-city.de\/wp-content\/uploads\/2021\/08\/Screenshot-2021-08-26-at-18.38.42-1-768x356.jpg 768w, https:\/\/laszlo1713.lima-city.de\/wp-content\/uploads\/2021\/08\/Screenshot-2021-08-26-at-18.38.42-1-1536x713.jpg 1536w, https:\/\/laszlo1713.lima-city.de\/wp-content\/uploads\/2021\/08\/Screenshot-2021-08-26-at-18.38.42-1.jpg 1920w\" sizes=\"auto, (max-width: 706px) 89vw, (max-width: 767px) 82vw, 740px\" \/><\/figure>\n\n\n\n<p><span class=\"has-inline-color has-vivid-green-cyan-color\">Ha a hazugs\u00e1got el\u00e9gszer ism\u00e9tlik, akkor igazz\u00e1 v\u00e1lna? Tal\u00e1n, de csak a &#8220;birk\u00e1k&#8221; tudat\u00e1ban.<\/span><\/p>\n\n\n\n<hr class=\"wp-block-separator\"\/>\n\n\n\n<figure class=\"wp-block-image size-large\"><img loading=\"lazy\" decoding=\"async\" width=\"870\" height=\"1024\" src=\"https:\/\/laszlo1713.lima-city.de\/wp-content\/uploads\/2021\/08\/IMAGE-2021-08-27-074025-870x1024.jpg\" alt=\"\" class=\"wp-image-3729\" srcset=\"https:\/\/laszlo1713.lima-city.de\/wp-content\/uploads\/2021\/08\/IMAGE-2021-08-27-074025-870x1024.jpg 870w, https:\/\/laszlo1713.lima-city.de\/wp-content\/uploads\/2021\/08\/IMAGE-2021-08-27-074025-255x300.jpg 255w, https:\/\/laszlo1713.lima-city.de\/wp-content\/uploads\/2021\/08\/IMAGE-2021-08-27-074025-768x904.jpg 768w, https:\/\/laszlo1713.lima-city.de\/wp-content\/uploads\/2021\/08\/IMAGE-2021-08-27-074025.jpg 1087w\" sizes=\"auto, (max-width: 706px) 89vw, (max-width: 767px) 82vw, 740px\" \/><figcaption><span class=\"has-inline-color has-vivid-green-cyan-color\">Nagyon j\u00f3 javaslat. Nemcsak az orvosok, kutat\u00f3k, hanem a politikusok is!  B\u00e1r mindez csak a &#8220;birk\u00e1knak&#8221;, nekik kellenek (kellen\u00e9nek) a l\u00e1that\u00f3 jelek.<\/span><\/figcaption><\/figure>\n\n\n\n<hr class=\"wp-block-separator\"\/>\n\n\n\n<figure class=\"wp-block-image size-large\"><img loading=\"lazy\" decoding=\"async\" width=\"730\" height=\"212\" src=\"https:\/\/laszlo1713.lima-city.de\/wp-content\/uploads\/2021\/08\/Screenshot-2021-08-27-at-08.35.38.jpg\" alt=\"\" class=\"wp-image-3732\" srcset=\"https:\/\/laszlo1713.lima-city.de\/wp-content\/uploads\/2021\/08\/Screenshot-2021-08-27-at-08.35.38.jpg 730w, https:\/\/laszlo1713.lima-city.de\/wp-content\/uploads\/2021\/08\/Screenshot-2021-08-27-at-08.35.38-300x87.jpg 300w\" sizes=\"auto, (max-width: 730px) 100vw, 730px\" \/><\/figure>\n\n\n\n<figure class=\"wp-block-image size-large\"><img loading=\"lazy\" decoding=\"async\" width=\"1024\" height=\"930\" src=\"https:\/\/laszlo1713.lima-city.de\/wp-content\/uploads\/2021\/08\/Screenshot-2021-08-27-at-08.35.50-1-1024x930.jpg\" alt=\"\" class=\"wp-image-3736\" srcset=\"https:\/\/laszlo1713.lima-city.de\/wp-content\/uploads\/2021\/08\/Screenshot-2021-08-27-at-08.35.50-1-1024x930.jpg 1024w, https:\/\/laszlo1713.lima-city.de\/wp-content\/uploads\/2021\/08\/Screenshot-2021-08-27-at-08.35.50-1-300x272.jpg 300w, https:\/\/laszlo1713.lima-city.de\/wp-content\/uploads\/2021\/08\/Screenshot-2021-08-27-at-08.35.50-1-768x698.jpg 768w, https:\/\/laszlo1713.lima-city.de\/wp-content\/uploads\/2021\/08\/Screenshot-2021-08-27-at-08.35.50-1.jpg 1526w\" sizes=\"auto, (max-width: 706px) 89vw, (max-width: 767px) 82vw, 740px\" \/><\/figure>\n\n\n\n<p><strong>Bereits im M\u00e4rz&nbsp;<a rel=\"noreferrer noopener\" href=\"https:\/\/www.npr.org\/sections\/coronavirus-live-updates\/2021\/03\/30\/982628814\/many-world-leaders-call-for-treaty-on-future-pandemics?t=1630005207213\" target=\"_blank\">unterzeichneten so genannte \u201eGlobale F\u00fchrer\u201c einen Brief<\/a>, um im Hinblick auf kommende Pandemien \u201edie Versuchungen von Isolationismus und Nationalismus zerstreuen\u201c. Die Richtung ist klar \u2013 es geht um die neue Weltordnung in Form des \u201eGreat Reset\u201c, die von Klaus Schwab und dem Weltwirtschaftsforum propagiert wird. Die Vereinigten Staaten, Russland und China unterzeichneten nicht \u2013 sehr wohl aber Angela Merkel, Boris Johnson und viele andere.<\/strong><\/p>\n\n\n\n<p><\/p>\n\n\n\n<ul class=\"wp-block-list\"><li>J. V. Bainimarama, Prime Minister of Fiji<\/li><li>Ant\u00f3nio Lu\u00eds Santos da Costa, Prime Minister of Portugal<\/li><li>Klaus Iohannis, President of Romania<\/li><li>Boris Johnson, Prime Minister of the United Kingdom<\/li><li>Paul Kagame, President of Rwanda<\/li><li>Uhuru Kenyatta, President of Kenya<\/li><li>Emmanuel Macron, President of France<\/li><li>Angela Merkel, Chancellor of Germany<\/li><li>Charles Michel, President of the European Council<\/li><li>Kyriakos Mitsotakis, Prime Minister of Greece<\/li><li>Moon Jae-in, President of the Republic of Korea<\/li><li>Sebasti\u00e1n Pi\u00f1era, President of Chile<\/li><li>Carlos Alvarado Quesada, President of Costa Rica<\/li><li>Edi Rama, Prime Minister of Albania<\/li><li>Cyril Ramaphosa, President of South Africa<\/li><li>Keith Rowley, Prime Minister of Trinidad and Tobago<\/li><li>Mark Rutte, Prime Minister of the Netherlands<\/li><li>Kais Saied, President of Tunisia<\/li><li>Macky Sall, President of Senegal<\/li><li>Pedro S\u00e1nchez, Prime Minister of Spain<\/li><li>Erna Solberg, Prime Minister of Norway<\/li><li>Aleksandar Vu\u010di\u0107, President of Serbia<\/li><li>Joko Widodo, President of Indonesia<\/li><li>Volodymyr Zelensky, President of Ukraine<\/li><li>Dr Tedros Adhanom Ghebreyesus, Director-General of the World Health Organisation<\/li><\/ul>\n\n\n\n<p><em>Noch immer halten einige Klaus Schwab und seinen \u201eGro\u00dfen Neustart\u201c,&nbsp;<a rel=\"noreferrer noopener\" href=\"https:\/\/www.br.de\/nachrichten\/wirtschaft\/the-great-reset-szenarien-fuer-eine-neue-wirtschaftsordnung,SNJ3i9R\" target=\"_blank\">den \u201eGreat Reset\u201c<\/a>, f\u00fcr eine Verschw\u00f6rungstheorie. Doch allein in den letzten zw\u00f6lf Monaten zeigte sich immer wieder,&nbsp;<strong>dass die Vorsagen in Verschw\u00f6rungstheorien oft genauer zutrafen als Wettervorhersagen.<\/strong>&nbsp;So ist es kaum verwunderlich, dass sich die Mainstreampresse kaum mit dem Great Reset besch\u00e4ftigt, wobei dieser gerade unser aller Leben beeinflusst und unsere Zukunft bestimmt.&nbsp;<\/em><\/p>\n\n\n\n<p><em>Die Wahrheit unter den Teppich gekehrt, h\u00f6rt man in Systemmedien kaum bis gar nichts \u00fcber die Zukunftspl\u00e4ne des Herrn Schwab, der noch immer von einer Weltherrschaft tr\u00e4umt. Diesmal allerdings in entnazifiziertem Kontext, versteckt unter blumigen, sch\u00f6nen Begriffen.&nbsp;<strong>Die Welt soll die dahinter verborgenen Intentionen nicht direkt erkennen.<\/strong>&nbsp;Wie zur Zeit fr\u00fcherer Diktaturen fallen wieder zahlreiche Menschen auf die Zukunftsvisionen f\u00fcr eine bessere Welt herein und folgen bedingungslos dem Weg in die neue Weltordnung, welche immer mehr Gestalt annimmt.<\/em> (von Alina Adair)<\/p>\n\n\n\n<p>&#8220;<em>T<strong>he Covid-19 pandemic has been a stark and painful reminder that nobody is safe until everyone is safe.<\/strong><\/em><\/p>\n\n\n\n<p><em><strong>We are, therefore, committed to ensuring universal and equitable access to safe, efficacious and affordable vaccines, medicines and diagnostics for this and future pandemics<\/strong>.<\/em>&#8221; ( Brief von 25 \u201eGlobal Leaders\u201c, 29. M\u00e4rz 2021)<\/p>\n\n\n\n<figure class=\"wp-block-image size-large\"><img loading=\"lazy\" decoding=\"async\" width=\"1024\" height=\"572\" src=\"https:\/\/laszlo1713.lima-city.de\/wp-content\/uploads\/2021\/08\/2021-08-27-08.34.51-1024x572.jpg\" alt=\"\" class=\"wp-image-3735\" srcset=\"https:\/\/laszlo1713.lima-city.de\/wp-content\/uploads\/2021\/08\/2021-08-27-08.34.51-1024x572.jpg 1024w, https:\/\/laszlo1713.lima-city.de\/wp-content\/uploads\/2021\/08\/2021-08-27-08.34.51-300x168.jpg 300w, https:\/\/laszlo1713.lima-city.de\/wp-content\/uploads\/2021\/08\/2021-08-27-08.34.51-768x429.jpg 768w, https:\/\/laszlo1713.lima-city.de\/wp-content\/uploads\/2021\/08\/2021-08-27-08.34.51.jpg 1190w\" sizes=\"auto, (max-width: 706px) 89vw, (max-width: 767px) 82vw, 740px\" \/><figcaption><span class=\"has-inline-color has-vivid-green-cyan-color\">Az \u00f6rd\u00f6g megtestes\u00fcl\u00e9se? Mindenesetre hat\u00e1stalan\u00edtani kell ezt az alakot (patk\u00e1nyt)!<\/span><\/figcaption><\/figure>\n\n\n\n<hr class=\"wp-block-separator\"\/>\n\n\n\n<figure class=\"wp-block-image size-large\"><img loading=\"lazy\" decoding=\"async\" width=\"1024\" height=\"926\" src=\"https:\/\/laszlo1713.lima-city.de\/wp-content\/uploads\/2021\/08\/2021-08-27-08.52.26-1024x926.jpg\" alt=\"\" class=\"wp-image-3738\" srcset=\"https:\/\/laszlo1713.lima-city.de\/wp-content\/uploads\/2021\/08\/2021-08-27-08.52.26-1024x926.jpg 1024w, https:\/\/laszlo1713.lima-city.de\/wp-content\/uploads\/2021\/08\/2021-08-27-08.52.26-300x271.jpg 300w, https:\/\/laszlo1713.lima-city.de\/wp-content\/uploads\/2021\/08\/2021-08-27-08.52.26-768x695.jpg 768w, https:\/\/laszlo1713.lima-city.de\/wp-content\/uploads\/2021\/08\/2021-08-27-08.52.26-1536x1390.jpg 1536w, https:\/\/laszlo1713.lima-city.de\/wp-content\/uploads\/2021\/08\/2021-08-27-08.52.26.jpg 1920w\" sizes=\"auto, (max-width: 706px) 89vw, (max-width: 767px) 82vw, 740px\" \/><\/figure>\n\n\n\n<hr class=\"wp-block-separator\"\/>\n\n\n\n<figure class=\"wp-block-image size-large\"><img loading=\"lazy\" decoding=\"async\" width=\"720\" height=\"960\" src=\"https:\/\/laszlo1713.lima-city.de\/wp-content\/uploads\/2021\/08\/IMAGE-2021-08-27-102603.jpg\" alt=\"\" class=\"wp-image-3740\" srcset=\"https:\/\/laszlo1713.lima-city.de\/wp-content\/uploads\/2021\/08\/IMAGE-2021-08-27-102603.jpg 720w, https:\/\/laszlo1713.lima-city.de\/wp-content\/uploads\/2021\/08\/IMAGE-2021-08-27-102603-225x300.jpg 225w\" sizes=\"auto, (max-width: 720px) 100vw, 720px\" \/><figcaption><span class=\"has-inline-color has-vivid-green-cyan-color\">A rem\u00e9ny jelei. Ebb\u0151l kell t\u00f6bb!<\/span><\/figcaption><\/figure>\n\n\n\n<hr class=\"wp-block-separator\"\/>\n\n\n\n<figure class=\"wp-block-image size-large\"><img loading=\"lazy\" decoding=\"async\" width=\"702\" height=\"408\" src=\"https:\/\/laszlo1713.lima-city.de\/wp-content\/uploads\/2021\/08\/Screenshot-2021-08-27-at-14.04.33.jpg\" alt=\"\" class=\"wp-image-3745\" srcset=\"https:\/\/laszlo1713.lima-city.de\/wp-content\/uploads\/2021\/08\/Screenshot-2021-08-27-at-14.04.33.jpg 702w, https:\/\/laszlo1713.lima-city.de\/wp-content\/uploads\/2021\/08\/Screenshot-2021-08-27-at-14.04.33-300x174.jpg 300w\" sizes=\"auto, (max-width: 702px) 100vw, 702px\" \/><figcaption>Japan first country \u2018officially\u2019 realises that there is <strong>NO NEED FOR BEING VACCINATED<\/strong>, because ivermectin is a very cheap useful and effective drug in the treatment of the Covid virus.<\/figcaption><\/figure>\n\n\n\n<hr class=\"wp-block-separator\"\/>\n\n\n\n<figure class=\"wp-block-image size-large\"><img loading=\"lazy\" decoding=\"async\" width=\"473\" height=\"1024\" src=\"https:\/\/laszlo1713.lima-city.de\/wp-content\/uploads\/2021\/08\/IMAGE-2021-08-27-140342-473x1024.jpg\" alt=\"\" class=\"wp-image-3746\" srcset=\"https:\/\/laszlo1713.lima-city.de\/wp-content\/uploads\/2021\/08\/IMAGE-2021-08-27-140342-473x1024.jpg 473w, https:\/\/laszlo1713.lima-city.de\/wp-content\/uploads\/2021\/08\/IMAGE-2021-08-27-140342-139x300.jpg 139w, https:\/\/laszlo1713.lima-city.de\/wp-content\/uploads\/2021\/08\/IMAGE-2021-08-27-140342.jpg 591w\" sizes=\"auto, (max-width: 473px) 100vw, 473px\" \/><\/figure>\n\n\n\n<hr class=\"wp-block-separator\"\/>\n\n\n\n<figure class=\"wp-block-image size-large\"><img loading=\"lazy\" decoding=\"async\" width=\"1024\" height=\"246\" src=\"https:\/\/laszlo1713.lima-city.de\/wp-content\/uploads\/2021\/08\/Screenshot-2021-08-27-at-14.29.06-1024x246.jpg\" alt=\"\" class=\"wp-image-3748\" srcset=\"https:\/\/laszlo1713.lima-city.de\/wp-content\/uploads\/2021\/08\/Screenshot-2021-08-27-at-14.29.06-1024x246.jpg 1024w, https:\/\/laszlo1713.lima-city.de\/wp-content\/uploads\/2021\/08\/Screenshot-2021-08-27-at-14.29.06-300x72.jpg 300w, https:\/\/laszlo1713.lima-city.de\/wp-content\/uploads\/2021\/08\/Screenshot-2021-08-27-at-14.29.06-768x185.jpg 768w, https:\/\/laszlo1713.lima-city.de\/wp-content\/uploads\/2021\/08\/Screenshot-2021-08-27-at-14.29.06-1536x370.jpg 1536w, https:\/\/laszlo1713.lima-city.de\/wp-content\/uploads\/2021\/08\/Screenshot-2021-08-27-at-14.29.06.jpg 1670w\" sizes=\"auto, (max-width: 706px) 89vw, (max-width: 767px) 82vw, 740px\" \/><\/figure>\n\n\n\n<figure class=\"wp-block-image size-large\"><img loading=\"lazy\" decoding=\"async\" width=\"1024\" height=\"305\" src=\"https:\/\/laszlo1713.lima-city.de\/wp-content\/uploads\/2021\/08\/Screenshot-2021-08-27-at-14.29.17-1024x305.jpg\" alt=\"\" class=\"wp-image-3749\" srcset=\"https:\/\/laszlo1713.lima-city.de\/wp-content\/uploads\/2021\/08\/Screenshot-2021-08-27-at-14.29.17-1024x305.jpg 1024w, https:\/\/laszlo1713.lima-city.de\/wp-content\/uploads\/2021\/08\/Screenshot-2021-08-27-at-14.29.17-300x89.jpg 300w, https:\/\/laszlo1713.lima-city.de\/wp-content\/uploads\/2021\/08\/Screenshot-2021-08-27-at-14.29.17-768x229.jpg 768w, https:\/\/laszlo1713.lima-city.de\/wp-content\/uploads\/2021\/08\/Screenshot-2021-08-27-at-14.29.17.jpg 1270w\" sizes=\"auto, (max-width: 706px) 89vw, (max-width: 767px) 82vw, 740px\" \/><figcaption><strong>Authorities in Melbourne, Australia, are building a concentration camp where residents deemed to be \u201ca danger to public health\u201d due to testing positive for Covid-19 will be held under forced quarantine.<\/strong><\/figcaption><\/figure>\n\n\n\n<hr class=\"wp-block-separator\"\/>\n\n\n\n<figure class=\"wp-block-image size-large\"><img loading=\"lazy\" decoding=\"async\" width=\"1024\" height=\"691\" src=\"https:\/\/laszlo1713.lima-city.de\/wp-content\/uploads\/2021\/08\/IMAGE-2021-08-27-143213-1024x691.jpg\" alt=\"\" class=\"wp-image-3751\" srcset=\"https:\/\/laszlo1713.lima-city.de\/wp-content\/uploads\/2021\/08\/IMAGE-2021-08-27-143213-1024x691.jpg 1024w, https:\/\/laszlo1713.lima-city.de\/wp-content\/uploads\/2021\/08\/IMAGE-2021-08-27-143213-300x203.jpg 300w, https:\/\/laszlo1713.lima-city.de\/wp-content\/uploads\/2021\/08\/IMAGE-2021-08-27-143213-768x518.jpg 768w, https:\/\/laszlo1713.lima-city.de\/wp-content\/uploads\/2021\/08\/IMAGE-2021-08-27-143213.jpg 1280w\" sizes=\"auto, (max-width: 706px) 89vw, (max-width: 767px) 82vw, 740px\" \/><\/figure>\n\n\n\n<figure class=\"wp-block-image size-large\"><img loading=\"lazy\" decoding=\"async\" width=\"1024\" height=\"670\" src=\"https:\/\/laszlo1713.lima-city.de\/wp-content\/uploads\/2021\/08\/Screenshot-2021-08-27-at-14.32.37-1024x670.jpg\" alt=\"\" class=\"wp-image-3752\" srcset=\"https:\/\/laszlo1713.lima-city.de\/wp-content\/uploads\/2021\/08\/Screenshot-2021-08-27-at-14.32.37-1024x670.jpg 1024w, https:\/\/laszlo1713.lima-city.de\/wp-content\/uploads\/2021\/08\/Screenshot-2021-08-27-at-14.32.37-300x196.jpg 300w, https:\/\/laszlo1713.lima-city.de\/wp-content\/uploads\/2021\/08\/Screenshot-2021-08-27-at-14.32.37-768x503.jpg 768w, https:\/\/laszlo1713.lima-city.de\/wp-content\/uploads\/2021\/08\/Screenshot-2021-08-27-at-14.32.37-1536x1006.jpg 1536w, https:\/\/laszlo1713.lima-city.de\/wp-content\/uploads\/2021\/08\/Screenshot-2021-08-27-at-14.32.37-2048x1341.jpg 2048w\" sizes=\"auto, (max-width: 706px) 89vw, (max-width: 767px) 82vw, 740px\" \/><figcaption><span class=\"has-inline-color has-vivid-green-cyan-color\">B\u00e1bub\u00f3l nem lesz m\u00e9g kutya sem! A n\u00e9met &#8220;szem\u00e9ttelep&#8221;.<\/span><\/figcaption><\/figure>\n\n\n\n<hr class=\"wp-block-separator\"\/>\n\n\n\n<figure class=\"wp-block-image size-large\"><img loading=\"lazy\" decoding=\"async\" width=\"1024\" height=\"297\" src=\"https:\/\/laszlo1713.lima-city.de\/wp-content\/uploads\/2021\/08\/Screenshot-2021-08-27-at-18.12.37-1-1024x297.jpg\" alt=\"\" class=\"wp-image-3758\" srcset=\"https:\/\/laszlo1713.lima-city.de\/wp-content\/uploads\/2021\/08\/Screenshot-2021-08-27-at-18.12.37-1-1024x297.jpg 1024w, https:\/\/laszlo1713.lima-city.de\/wp-content\/uploads\/2021\/08\/Screenshot-2021-08-27-at-18.12.37-1-300x87.jpg 300w, https:\/\/laszlo1713.lima-city.de\/wp-content\/uploads\/2021\/08\/Screenshot-2021-08-27-at-18.12.37-1-768x223.jpg 768w, https:\/\/laszlo1713.lima-city.de\/wp-content\/uploads\/2021\/08\/Screenshot-2021-08-27-at-18.12.37-1.jpg 1280w\" sizes=\"auto, (max-width: 706px) 89vw, (max-width: 767px) 82vw, 740px\" \/><figcaption><span class=\"has-inline-color has-vivid-green-cyan-color\">Mario Draghi, egy m\u00e1sik \u00f6rd\u00f6gi (illumin\u00e1tus) inkarn\u00e1ci\u00f3.<\/span><\/figcaption><\/figure>\n\n\n\n<p>\u201e<em>Italien ist ein Testgel\u00e4nde f\u00fcr die Experimente der Sozialtechnik, die die globalistische Agenda in den n\u00e4chsten zehn Jahren auf alle Regierungen ausweiten will.<\/em>\u201e (Monsignore Carlo Maria Vigan\u00f2)<\/p>\n\n\n\n<hr class=\"wp-block-separator\"\/>\n\n\n\n<figure class=\"wp-block-image size-large\"><img loading=\"lazy\" decoding=\"async\" width=\"1024\" height=\"475\" src=\"https:\/\/laszlo1713.lima-city.de\/wp-content\/uploads\/2021\/08\/IMAGE-2021-08-28-074643-1024x475.jpg\" alt=\"\" class=\"wp-image-3768\" srcset=\"https:\/\/laszlo1713.lima-city.de\/wp-content\/uploads\/2021\/08\/IMAGE-2021-08-28-074643-1024x475.jpg 1024w, https:\/\/laszlo1713.lima-city.de\/wp-content\/uploads\/2021\/08\/IMAGE-2021-08-28-074643-300x139.jpg 300w, https:\/\/laszlo1713.lima-city.de\/wp-content\/uploads\/2021\/08\/IMAGE-2021-08-28-074643-768x356.jpg 768w, https:\/\/laszlo1713.lima-city.de\/wp-content\/uploads\/2021\/08\/IMAGE-2021-08-28-074643.jpg 1125w\" sizes=\"auto, (max-width: 706px) 89vw, (max-width: 767px) 82vw, 740px\" \/><\/figure>\n\n\n\n<h2 class=\"wp-block-heading\"><strong>Twenty-Fifth Amendment<\/strong><\/h2>\n\n\n\n<p>Twenty-Fifth Amendment Annotated<\/p>\n\n\n\n<h3 class=\"wp-block-heading\" id=\"amendment-25-section-1\">Section 1<\/h3>\n\n\n\n<p>In case of the removal of the President from office or of his death or resignation, the Vice President shall become President.<\/p>\n\n\n\n<h3 class=\"wp-block-heading\" id=\"amendment-25-section-2\">Section 2<\/h3>\n\n\n\n<p>Whenever there is a vacancy in the office of the Vice President, the President shall nominate a Vice President who shall take office upon confirmation by a majority vote of both Houses of Congress.<\/p>\n\n\n\n<h3 class=\"wp-block-heading\" id=\"amendment-25-section-3\">Section 3<\/h3>\n\n\n\n<p>Whenever the President transmits to the President pro tempore of the Senate and the Speaker of the House of Representatives his written declaration that he is unable to discharge the powers and duties of his office, and until he transmits to them a written declaration to the contrary, such powers and duties shall be discharged by the Vice President as Acting President.<\/p>\n\n\n\n<h3 class=\"wp-block-heading\" id=\"amendment-25-section-4\">Section 4<\/h3>\n\n\n\n<p>Whenever the Vice President and a majority of either the principal officers of the executive departments or of such other body as Congress may by law provide, transmit to the President pro tempore of the Senate and the Speaker of the House of Representatives their written declaration that the President is unable to discharge the powers and duties of his office, the Vice President shall immediately assume the powers and duties of the office as Acting President.<\/p>\n\n\n\n<p>Thereafter, when the President transmits to the President pro tempore of the Senate and the Speaker of the House of Representatives his written declaration that no inability exists, he shall resume the powers and duties of his office unless the Vice President and a majority of either the principal officers of the executive department or of such other body as Congress may by law provide, transmit within four days to the President pro tempore of the Senate and the Speaker of the House of Representatives their written declaration that the President is unable to discharge the powers and duties of his office. Thereupon Congress shall decide the issue, assembling within forty-eight hours for that purpose if not in session. If the Congress, within twenty-one days after receipt of the latter written declaration, or, if Congress is not in session, within twenty-one days after Congress is required to assemble, determines by two-thirds vote of both Houses that the President is unable to discharge the powers and duties of his office, the Vice President shall continue to discharge the same as Acting President; otherwise, the President shall resume the powers and duties of his office.<\/p>\n\n\n\n<hr class=\"wp-block-separator\"\/>\n\n\n\n<figure class=\"wp-block-image size-large\"><img loading=\"lazy\" decoding=\"async\" width=\"768\" height=\"359\" src=\"https:\/\/laszlo1713.lima-city.de\/wp-content\/uploads\/2021\/08\/IMAGE-2021-08-28-075128.jpg\" alt=\"\" class=\"wp-image-3770\" srcset=\"https:\/\/laszlo1713.lima-city.de\/wp-content\/uploads\/2021\/08\/IMAGE-2021-08-28-075128.jpg 768w, https:\/\/laszlo1713.lima-city.de\/wp-content\/uploads\/2021\/08\/IMAGE-2021-08-28-075128-300x140.jpg 300w\" sizes=\"auto, (max-width: 706px) 89vw, (max-width: 767px) 82vw, 740px\" \/><\/figure>\n\n\n\n<hr class=\"wp-block-separator\"\/>\n\n\n\n<figure class=\"wp-block-image size-large\"><img loading=\"lazy\" decoding=\"async\" width=\"836\" height=\"668\" src=\"https:\/\/laszlo1713.lima-city.de\/wp-content\/uploads\/2021\/08\/Screenshot-2021-08-28-at-07.56.41.jpg\" alt=\"\" class=\"wp-image-3771\" srcset=\"https:\/\/laszlo1713.lima-city.de\/wp-content\/uploads\/2021\/08\/Screenshot-2021-08-28-at-07.56.41.jpg 836w, https:\/\/laszlo1713.lima-city.de\/wp-content\/uploads\/2021\/08\/Screenshot-2021-08-28-at-07.56.41-300x240.jpg 300w, https:\/\/laszlo1713.lima-city.de\/wp-content\/uploads\/2021\/08\/Screenshot-2021-08-28-at-07.56.41-768x614.jpg 768w\" sizes=\"auto, (max-width: 706px) 89vw, (max-width: 767px) 82vw, 740px\" \/><\/figure>\n\n\n\n<hr class=\"wp-block-separator\"\/>\n\n\n\n<figure class=\"wp-block-image size-large\"><img loading=\"lazy\" decoding=\"async\" width=\"1024\" height=\"1009\" src=\"https:\/\/laszlo1713.lima-city.de\/wp-content\/uploads\/2021\/08\/IMAGE-2021-08-28-075457-1024x1009.jpg\" alt=\"\" class=\"wp-image-3773\" srcset=\"https:\/\/laszlo1713.lima-city.de\/wp-content\/uploads\/2021\/08\/IMAGE-2021-08-28-075457-1024x1009.jpg 1024w, https:\/\/laszlo1713.lima-city.de\/wp-content\/uploads\/2021\/08\/IMAGE-2021-08-28-075457-300x296.jpg 300w, https:\/\/laszlo1713.lima-city.de\/wp-content\/uploads\/2021\/08\/IMAGE-2021-08-28-075457-768x757.jpg 768w, https:\/\/laszlo1713.lima-city.de\/wp-content\/uploads\/2021\/08\/IMAGE-2021-08-28-075457-100x100.jpg 100w, https:\/\/laszlo1713.lima-city.de\/wp-content\/uploads\/2021\/08\/IMAGE-2021-08-28-075457.jpg 1080w\" sizes=\"auto, (max-width: 706px) 89vw, (max-width: 767px) 82vw, 740px\" \/><\/figure>\n\n\n\n<hr class=\"wp-block-separator\"\/>\n\n\n\n<figure class=\"wp-block-image size-large\"><img loading=\"lazy\" decoding=\"async\" width=\"1007\" height=\"798\" src=\"https:\/\/laszlo1713.lima-city.de\/wp-content\/uploads\/2021\/08\/dd2490_8906cd51531c42a48e9a78081bdaddf0mv2.jpg\" alt=\"\" class=\"wp-image-3775\" srcset=\"https:\/\/laszlo1713.lima-city.de\/wp-content\/uploads\/2021\/08\/dd2490_8906cd51531c42a48e9a78081bdaddf0mv2.jpg 1007w, https:\/\/laszlo1713.lima-city.de\/wp-content\/uploads\/2021\/08\/dd2490_8906cd51531c42a48e9a78081bdaddf0mv2-300x238.jpg 300w, https:\/\/laszlo1713.lima-city.de\/wp-content\/uploads\/2021\/08\/dd2490_8906cd51531c42a48e9a78081bdaddf0mv2-768x609.jpg 768w\" sizes=\"auto, (max-width: 706px) 89vw, (max-width: 767px) 82vw, 740px\" \/><\/figure>\n\n\n\n<hr class=\"wp-block-separator\"\/>\n\n\n\n<figure class=\"wp-block-image size-large\"><img loading=\"lazy\" decoding=\"async\" width=\"1024\" height=\"590\" src=\"https:\/\/laszlo1713.lima-city.de\/wp-content\/uploads\/2021\/08\/Screenshot-2021-08-28-at-10.03.40-1024x590.jpg\" alt=\"\" class=\"wp-image-3777\" srcset=\"https:\/\/laszlo1713.lima-city.de\/wp-content\/uploads\/2021\/08\/Screenshot-2021-08-28-at-10.03.40-1024x590.jpg 1024w, https:\/\/laszlo1713.lima-city.de\/wp-content\/uploads\/2021\/08\/Screenshot-2021-08-28-at-10.03.40-300x173.jpg 300w, https:\/\/laszlo1713.lima-city.de\/wp-content\/uploads\/2021\/08\/Screenshot-2021-08-28-at-10.03.40-768x443.jpg 768w, https:\/\/laszlo1713.lima-city.de\/wp-content\/uploads\/2021\/08\/Screenshot-2021-08-28-at-10.03.40.jpg 1280w\" sizes=\"auto, (max-width: 706px) 89vw, (max-width: 767px) 82vw, 740px\" \/><figcaption><span class=\"has-inline-color has-vivid-green-cyan-color\"><strong>\u03b1<\/strong>rschloch &#8211; <strong>\u03b1<\/strong>\u26a1\u26a1hole &#8211; \u26a1eggfej<\/span><\/figcaption><\/figure>\n\n\n\n<hr class=\"wp-block-separator\"\/>\n\n\n\n<hr class=\"wp-block-separator\"\/>\n\n\n\n<figure class=\"wp-block-image size-large\"><img loading=\"lazy\" decoding=\"async\" width=\"1024\" height=\"451\" src=\"https:\/\/laszlo1713.lima-city.de\/wp-content\/uploads\/2021\/09\/IMAGE-2021-09-01-094055-1024x451.jpg\" alt=\"\" class=\"wp-image-3786\" srcset=\"https:\/\/laszlo1713.lima-city.de\/wp-content\/uploads\/2021\/09\/IMAGE-2021-09-01-094055-1024x451.jpg 1024w, https:\/\/laszlo1713.lima-city.de\/wp-content\/uploads\/2021\/09\/IMAGE-2021-09-01-094055-300x132.jpg 300w, https:\/\/laszlo1713.lima-city.de\/wp-content\/uploads\/2021\/09\/IMAGE-2021-09-01-094055-768x338.jpg 768w, https:\/\/laszlo1713.lima-city.de\/wp-content\/uploads\/2021\/09\/IMAGE-2021-09-01-094055.jpg 1280w\" sizes=\"auto, (max-width: 706px) 89vw, (max-width: 767px) 82vw, 740px\" \/><\/figure>\n\n\n\n<p><em>\u26a1\u26a1<\/em> &#8211; a &#8220;fasizmus&#8221; diszkr\u00e9t b\u00e1ja <\/p>\n\n\n\n<hr class=\"wp-block-separator\"\/>\n\n\n\n<figure class=\"wp-block-image size-large\"><img loading=\"lazy\" decoding=\"async\" width=\"642\" height=\"1024\" src=\"https:\/\/laszlo1713.lima-city.de\/wp-content\/uploads\/2021\/09\/IMAGE-2021-09-01-162349-642x1024.jpg\" alt=\"\" class=\"wp-image-3791\" srcset=\"https:\/\/laszlo1713.lima-city.de\/wp-content\/uploads\/2021\/09\/IMAGE-2021-09-01-162349-642x1024.jpg 642w, https:\/\/laszlo1713.lima-city.de\/wp-content\/uploads\/2021\/09\/IMAGE-2021-09-01-162349-188x300.jpg 188w, https:\/\/laszlo1713.lima-city.de\/wp-content\/uploads\/2021\/09\/IMAGE-2021-09-01-162349-768x1224.jpg 768w, https:\/\/laszlo1713.lima-city.de\/wp-content\/uploads\/2021\/09\/IMAGE-2021-09-01-162349.jpg 803w\" sizes=\"auto, (max-width: 642px) 100vw, 642px\" \/><figcaption><span class=\"has-inline-color has-vivid-green-cyan-color\">A m\u00e1r &#8220;megjel\u00f6lteknek&#8221; (beoltottaknak?) nem kell t\u00f6bb\u00e9 maszk, Spahn?<\/span><\/figcaption><\/figure>\n\n\n\n<hr class=\"wp-block-separator\"\/>\n\n\n\n<figure class=\"wp-block-image size-large\"><img loading=\"lazy\" decoding=\"async\" width=\"1024\" height=\"768\" src=\"https:\/\/laszlo1713.lima-city.de\/wp-content\/uploads\/2021\/09\/2021-09-01-16.29.32-1024x768.jpg\" alt=\"\" class=\"wp-image-3794\" srcset=\"https:\/\/laszlo1713.lima-city.de\/wp-content\/uploads\/2021\/09\/2021-09-01-16.29.32-1024x768.jpg 1024w, https:\/\/laszlo1713.lima-city.de\/wp-content\/uploads\/2021\/09\/2021-09-01-16.29.32-300x225.jpg 300w, https:\/\/laszlo1713.lima-city.de\/wp-content\/uploads\/2021\/09\/2021-09-01-16.29.32-768x576.jpg 768w, https:\/\/laszlo1713.lima-city.de\/wp-content\/uploads\/2021\/09\/2021-09-01-16.29.32.jpg 1280w\" sizes=\"auto, (max-width: 706px) 89vw, (max-width: 767px) 82vw, 740px\" \/><figcaption><span class=\"has-inline-color has-vivid-green-cyan-color\">A j\u00f6v\u0151 \u00fatja? Covid-19 rubrika a csecsem\u0151k olt\u00e1si lapj\u00e1n  \u00fajabban. Bel\u00e9p\u0151 (beavat\u00e1s) az NWO vil\u00e1g\u00e1ba?<\/span><\/figcaption><\/figure>\n\n\n\n<hr class=\"wp-block-separator\"\/>\n\n\n\n<hr class=\"wp-block-separator\"\/>\n\n\n\n<hr class=\"wp-block-separator\"\/>\n","protected":false},"excerpt":{"rendered":"<p>Augusztus 20-a, nemzeti \u00fcnnep\u00fcnk. \u00c9rdekes megform\u00e1l\u00e1sa a &#8230; minek? A honfoglal\u00e1snak? \u00c1llamalap\u00edt\u00e1snak? A m\u00faltb\u00f3l kiteljesed\u0151 j\u00f6v\u0151nek (NWO)? Nem lehet, hogy ez egy m\u00e1sik &#8220;m\u0171sor&#8221;? Kik ezek az alakok, mif\u00e9le szimb\u00f3lum a test\u00fck\u00f6n? Meg (lent) a fej\u00fck\u00f6n? Felismerhet\u0151 \u0151si legend\u00e1k modern (illumin\u00e1tus?) csomagol\u00e1sban? K\u00fcl\u00f6nben mi a fene lenne? Kinek hogy \u00edzlik ez az eg\u00e9sz? A leaked &hellip; <\/p>\n<p class=\"link-more\"><a href=\"https:\/\/laszlo1713.lima-city.de\/index.php\/lapszemle-iii\/\" class=\"more-link\">Continue reading<span class=\"screen-reader-text\"> &#8220;Lapszemle III.&#8221;<\/span><\/a><\/p>\n","protected":false},"author":1,"featured_media":0,"parent":0,"menu_order":0,"comment_status":"closed","ping_status":"closed","template":"","meta":{"footnotes":""},"class_list":["post-3412","page","type-page","status-publish","hentry"],"_links":{"self":[{"href":"https:\/\/laszlo1713.lima-city.de\/index.php\/wp-json\/wp\/v2\/pages\/3412","targetHints":{"allow":["GET"]}}],"collection":[{"href":"https:\/\/laszlo1713.lima-city.de\/index.php\/wp-json\/wp\/v2\/pages"}],"about":[{"href":"https:\/\/laszlo1713.lima-city.de\/index.php\/wp-json\/wp\/v2\/types\/page"}],"author":[{"embeddable":true,"href":"https:\/\/laszlo1713.lima-city.de\/index.php\/wp-json\/wp\/v2\/users\/1"}],"replies":[{"embeddable":true,"href":"https:\/\/laszlo1713.lima-city.de\/index.php\/wp-json\/wp\/v2\/comments?post=3412"}],"version-history":[{"count":85,"href":"https:\/\/laszlo1713.lima-city.de\/index.php\/wp-json\/wp\/v2\/pages\/3412\/revisions"}],"predecessor-version":[{"id":8618,"href":"https:\/\/laszlo1713.lima-city.de\/index.php\/wp-json\/wp\/v2\/pages\/3412\/revisions\/8618"}],"wp:attachment":[{"href":"https:\/\/laszlo1713.lima-city.de\/index.php\/wp-json\/wp\/v2\/media?parent=3412"}],"curies":[{"name":"wp","href":"https:\/\/api.w.org\/{rel}","templated":true}]}}