{"id":2937,"date":"2021-07-17T18:32:02","date_gmt":"2021-07-17T16:32:02","guid":{"rendered":"https:\/\/laszlo1713.lima-city.de\/?page_id=2937"},"modified":"2021-08-22T19:47:19","modified_gmt":"2021-08-22T17:47:19","slug":"lapszemle-ii","status":"publish","type":"page","link":"https:\/\/laszlo1713.lima-city.de\/index.php\/lapszemle-ii\/","title":{"rendered":"Lapszemle II."},"content":{"rendered":"\n<figure class=\"wp-block-image size-large\"><img loading=\"lazy\" decoding=\"async\" width=\"1024\" height=\"806\" src=\"https:\/\/laszlo1713.lima-city.de\/wp-content\/uploads\/2021\/07\/IMAGE-2021-07-17-183901-1024x806.jpg\" alt=\"\" class=\"wp-image-2940\" srcset=\"https:\/\/laszlo1713.lima-city.de\/wp-content\/uploads\/2021\/07\/IMAGE-2021-07-17-183901-1024x806.jpg 1024w, https:\/\/laszlo1713.lima-city.de\/wp-content\/uploads\/2021\/07\/IMAGE-2021-07-17-183901-300x236.jpg 300w, https:\/\/laszlo1713.lima-city.de\/wp-content\/uploads\/2021\/07\/IMAGE-2021-07-17-183901-768x604.jpg 768w, https:\/\/laszlo1713.lima-city.de\/wp-content\/uploads\/2021\/07\/IMAGE-2021-07-17-183901.jpg 1080w\" sizes=\"auto, (max-width: 706px) 89vw, (max-width: 767px) 82vw, 740px\" \/><\/figure>\n\n\n\n<p><em><strong>The truth is mind blowing and cannot fully be exposed. Also many are thinking from one point of view, US only, this evil is embedded globally. US is the first domino. Have faith. <\/strong><\/em>(GEORGEnews)<\/p>\n\n\n\n<figure class=\"wp-block-image size-large\"><img loading=\"lazy\" decoding=\"async\" width=\"720\" height=\"960\" src=\"https:\/\/laszlo1713.lima-city.de\/wp-content\/uploads\/2021\/07\/IMAGE-2021-07-17-202312.jpg\" alt=\"\" class=\"wp-image-2944\" srcset=\"https:\/\/laszlo1713.lima-city.de\/wp-content\/uploads\/2021\/07\/IMAGE-2021-07-17-202312.jpg 720w, https:\/\/laszlo1713.lima-city.de\/wp-content\/uploads\/2021\/07\/IMAGE-2021-07-17-202312-225x300.jpg 225w\" sizes=\"auto, (max-width: 720px) 100vw, 720px\" \/><figcaption>Mindketten megkapt\u00e1k, amit k\u00edv\u00e1ntak (egym\u00e1snak), de &#8220;ladies first&#8221;.<\/figcaption><\/figure>\n\n\n\n<hr class=\"wp-block-separator\"\/>\n\n\n\n<figure class=\"wp-block-image size-large\"><img loading=\"lazy\" decoding=\"async\" width=\"954\" height=\"1024\" src=\"https:\/\/laszlo1713.lima-city.de\/wp-content\/uploads\/2021\/07\/IMAGE-2021-07-18-095932-954x1024.jpg\" alt=\"\" class=\"wp-image-2948\" srcset=\"https:\/\/laszlo1713.lima-city.de\/wp-content\/uploads\/2021\/07\/IMAGE-2021-07-18-095932-954x1024.jpg 954w, https:\/\/laszlo1713.lima-city.de\/wp-content\/uploads\/2021\/07\/IMAGE-2021-07-18-095932-279x300.jpg 279w, https:\/\/laszlo1713.lima-city.de\/wp-content\/uploads\/2021\/07\/IMAGE-2021-07-18-095932-768x825.jpg 768w, https:\/\/laszlo1713.lima-city.de\/wp-content\/uploads\/2021\/07\/IMAGE-2021-07-18-095932.jpg 1192w\" sizes=\"auto, (max-width: 706px) 89vw, (max-width: 767px) 82vw, 740px\" \/><figcaption>A &#8220;kl\u00edma-biznisz&#8221;.  \u00cdgy m\u0171k\u00f6dik egy hatalmas bl\u00f6ff.<\/figcaption><\/figure>\n\n\n\n<hr class=\"wp-block-separator\"\/>\n\n\n\n<div class=\"wp-block-image\"><figure class=\"aligncenter size-large\"><img loading=\"lazy\" decoding=\"async\" width=\"416\" height=\"438\" src=\"https:\/\/laszlo1713.lima-city.de\/wp-content\/uploads\/2021\/07\/IMAGE-2021-07-18-112514.jpg\" alt=\"\" class=\"wp-image-2951\" srcset=\"https:\/\/laszlo1713.lima-city.de\/wp-content\/uploads\/2021\/07\/IMAGE-2021-07-18-112514.jpg 416w, https:\/\/laszlo1713.lima-city.de\/wp-content\/uploads\/2021\/07\/IMAGE-2021-07-18-112514-285x300.jpg 285w\" sizes=\"auto, (max-width: 416px) 100vw, 416px\" \/><figcaption>Stigma.<\/figcaption><\/figure><\/div>\n\n\n\n<hr class=\"wp-block-separator\"\/>\n\n\n\n<figure class=\"wp-block-image size-large\"><img loading=\"lazy\" decoding=\"async\" width=\"1024\" height=\"231\" src=\"https:\/\/laszlo1713.lima-city.de\/wp-content\/uploads\/2021\/07\/Screenshot-2021-07-18-at-11.54.09-1024x231.jpg\" alt=\"\" class=\"wp-image-2953\" srcset=\"https:\/\/laszlo1713.lima-city.de\/wp-content\/uploads\/2021\/07\/Screenshot-2021-07-18-at-11.54.09-1024x231.jpg 1024w, https:\/\/laszlo1713.lima-city.de\/wp-content\/uploads\/2021\/07\/Screenshot-2021-07-18-at-11.54.09-300x68.jpg 300w, https:\/\/laszlo1713.lima-city.de\/wp-content\/uploads\/2021\/07\/Screenshot-2021-07-18-at-11.54.09-768x173.jpg 768w, https:\/\/laszlo1713.lima-city.de\/wp-content\/uploads\/2021\/07\/Screenshot-2021-07-18-at-11.54.09-1536x346.jpg 1536w, https:\/\/laszlo1713.lima-city.de\/wp-content\/uploads\/2021\/07\/Screenshot-2021-07-18-at-11.54.09.jpg 1986w\" sizes=\"auto, (max-width: 706px) 89vw, (max-width: 767px) 82vw, 740px\" \/><figcaption><strong>Wir erinnern uns noch an die Jubel-Meldungen: \u201eImpfweltmeister Israel\u201c. Israel gilt vor allem \u00d6sterreichs Politik als Vorbild. Erst im Dezember lie\u00df Bundeskanzler Kurz unser Gesundheitsministerium durch den Levanten-Staat beraten, wie&nbsp;<a href=\"https:\/\/www.wochenblick.at\/kurz-corona-vorbild-israel-sperrt-buerger-im-1-000-meter-radius-ein\/\"><em>Wochenblick<\/em>&nbsp;berichtete<\/a>. Mittlerweile wurde es jedoch still um das angebliche Vorzeigeland. Kein Wunder: Die Ergebnisse der breiten \u201eDurchimpfung\u201c der Bev\u00f6lkerung mit den umstrittenen, neuartigen Genspritzen&nbsp;sind verheerend. So sind es vor allem die \u201eGeimpften\u201c, die sich mit Corona infizieren. Sie landen deswegen besonders oft im Krankenhaus, wie ein israelischer Arzt aufzeigt.<\/strong><\/figcaption><\/figure>\n\n\n\n<p><em>Rafael Zioni ver\u00f6ffentlicht auf Seiner Twitter-Seite Israels Corona-Statistiken. Es sind die offiziellen Daten des israelischen Gesundheitsministeriums. Er stellt fest: \u201eDas sind Israels Daten zum Ausbruch der Infektionen unter Geimpften mit zwei Pfizer-Dosen. Sieht so aus, als liege die Effizienz nahe Null\u2026\u201c<\/em><\/p>\n\n\n\n<figure class=\"wp-block-image size-large is-resized\"><img loading=\"lazy\" decoding=\"async\" src=\"https:\/\/laszlo1713.lima-city.de\/wp-content\/uploads\/2021\/07\/Screenshot-2021-07-18-at-11.57.27-1024x719.jpg\" alt=\"\" class=\"wp-image-2955\" width=\"674\" height=\"473\" srcset=\"https:\/\/laszlo1713.lima-city.de\/wp-content\/uploads\/2021\/07\/Screenshot-2021-07-18-at-11.57.27-1024x719.jpg 1024w, https:\/\/laszlo1713.lima-city.de\/wp-content\/uploads\/2021\/07\/Screenshot-2021-07-18-at-11.57.27-300x211.jpg 300w, https:\/\/laszlo1713.lima-city.de\/wp-content\/uploads\/2021\/07\/Screenshot-2021-07-18-at-11.57.27-768x539.jpg 768w, https:\/\/laszlo1713.lima-city.de\/wp-content\/uploads\/2021\/07\/Screenshot-2021-07-18-at-11.57.27.jpg 1182w\" sizes=\"auto, (max-width: 674px) 100vw, 674px\" \/><\/figure>\n\n\n\n<hr class=\"wp-block-separator\"\/>\n\n\n\n<figure class=\"wp-block-image size-large\"><img loading=\"lazy\" decoding=\"async\" width=\"771\" height=\"1024\" src=\"https:\/\/laszlo1713.lima-city.de\/wp-content\/uploads\/2021\/07\/Screenshot-2021-07-18-at-12.01.49-771x1024.jpg\" alt=\"\" class=\"wp-image-2958\" srcset=\"https:\/\/laszlo1713.lima-city.de\/wp-content\/uploads\/2021\/07\/Screenshot-2021-07-18-at-12.01.49-771x1024.jpg 771w, https:\/\/laszlo1713.lima-city.de\/wp-content\/uploads\/2021\/07\/Screenshot-2021-07-18-at-12.01.49-226x300.jpg 226w, https:\/\/laszlo1713.lima-city.de\/wp-content\/uploads\/2021\/07\/Screenshot-2021-07-18-at-12.01.49-768x1020.jpg 768w, https:\/\/laszlo1713.lima-city.de\/wp-content\/uploads\/2021\/07\/Screenshot-2021-07-18-at-12.01.49-1157x1536.jpg 1157w, https:\/\/laszlo1713.lima-city.de\/wp-content\/uploads\/2021\/07\/Screenshot-2021-07-18-at-12.01.49.jpg 1244w\" sizes=\"auto, (max-width: 706px) 89vw, (max-width: 767px) 82vw, 740px\" \/><figcaption>These bastards are drilling their genetic swab deep into this innocent babies brain.&nbsp;<br><br><br>Diese Bastarde bohren ihren genetischen Tupfer tief in das Gehirn dieses unschuldigen Babys.<br><br><br>\u0391\u03c5\u03c4\u03bf\u03af \u03bf\u03b9 \u03bc\u03c0\u03ac\u03c3\u03c4\u03b1\u03c1\u03b4\u03bf\u03b9 \u03c4\u03c1\u03c5\u03c0\u03bf\u03cd\u03bd \u03c4\u03bf \u03b3\u03b5\u03bd\u03b5\u03c4\u03b9\u03ba\u03cc \u03c4\u03bf\u03c5\u03c2 \u03b5\u03c0\u03af\u03c7\u03c1\u03b9\u03c3\u03bc\u03b1 \u03b2\u03b1\u03b8\u03b9\u03ac \u03bc\u03ad\u03c3\u03b1 \u03c3\u03b5 \u03b1\u03c5\u03c4\u03cc\u03bd \u03c4\u03bf\u03bd \u03b1\u03b8\u03ce\u03bf \u03b5\u03b3\u03ba\u03ad\u03c6\u03b1\u03bb\u03bf \u03bc\u03c9\u03c1\u03ce\u03bd.<br><\/figcaption><\/figure>\n\n\n\n<hr class=\"wp-block-separator\"\/>\n\n\n\n<div class=\"wp-block-image\"><figure class=\"aligncenter size-large\"><img loading=\"lazy\" decoding=\"async\" width=\"250\" height=\"250\" src=\"https:\/\/laszlo1713.lima-city.de\/wp-content\/uploads\/2021\/07\/logo-1.jpg\" alt=\"\" class=\"wp-image-2961\" srcset=\"https:\/\/laszlo1713.lima-city.de\/wp-content\/uploads\/2021\/07\/logo-1.jpg 250w, https:\/\/laszlo1713.lima-city.de\/wp-content\/uploads\/2021\/07\/logo-1-150x150.jpg 150w, https:\/\/laszlo1713.lima-city.de\/wp-content\/uploads\/2021\/07\/logo-1-100x100.jpg 100w\" sizes=\"auto, (max-width: 250px) 100vw, 250px\" \/><\/figure><\/div>\n\n\n\n<figure class=\"wp-block-image size-large\"><img loading=\"lazy\" decoding=\"async\" width=\"726\" height=\"400\" src=\"https:\/\/laszlo1713.lima-city.de\/wp-content\/uploads\/2021\/07\/btb-210714-angstmache-agenda-2030-umfragen-Kopie-1.jpg\" alt=\"\" class=\"wp-image-2962\" srcset=\"https:\/\/laszlo1713.lima-city.de\/wp-content\/uploads\/2021\/07\/btb-210714-angstmache-agenda-2030-umfragen-Kopie-1.jpg 726w, https:\/\/laszlo1713.lima-city.de\/wp-content\/uploads\/2021\/07\/btb-210714-angstmache-agenda-2030-umfragen-Kopie-1-300x165.jpg 300w\" sizes=\"auto, (max-width: 726px) 100vw, 726px\" \/><\/figure>\n\n\n\n<p><strong><em>Aktuelle Studien belegen es: Die Eliten haben die Menschen mit ihrer Panikmache dazu gebracht, sich von ganz alleine an die \u00fcberschie\u00dfenden Ma\u00dfnahmen ihrer Regierungen zu halten \u2013 ganz egal, ob sie sich impfen lie\u00dfen oder Corona aufh\u00f6rt\u2026<\/em><\/strong><\/p>\n\n\n\n<hr class=\"wp-block-separator\"\/>\n\n\n\n<figure class=\"wp-block-image size-large is-resized\"><img loading=\"lazy\" decoding=\"async\" src=\"https:\/\/laszlo1713.lima-city.de\/wp-content\/uploads\/2021\/07\/Screenshot-2021-07-18-at-15.51.37-1024x290.jpg\" alt=\"\" class=\"wp-image-2965\" width=\"674\" height=\"190\" srcset=\"https:\/\/laszlo1713.lima-city.de\/wp-content\/uploads\/2021\/07\/Screenshot-2021-07-18-at-15.51.37-1024x290.jpg 1024w, https:\/\/laszlo1713.lima-city.de\/wp-content\/uploads\/2021\/07\/Screenshot-2021-07-18-at-15.51.37-300x85.jpg 300w, https:\/\/laszlo1713.lima-city.de\/wp-content\/uploads\/2021\/07\/Screenshot-2021-07-18-at-15.51.37-768x217.jpg 768w, https:\/\/laszlo1713.lima-city.de\/wp-content\/uploads\/2021\/07\/Screenshot-2021-07-18-at-15.51.37-1536x435.jpg 1536w, https:\/\/laszlo1713.lima-city.de\/wp-content\/uploads\/2021\/07\/Screenshot-2021-07-18-at-15.51.37-2048x579.jpg 2048w\" sizes=\"auto, (max-width: 674px) 100vw, 674px\" \/><figcaption><em>Offener Brief an den Pr\u00e4sidenten der Bundes\u00e4rztekammer,<br>Arbeitsgemeinschaft der Landes\u00e4rztekammern,<br>nicht rechtsf\u00e4higer Verein.<\/em><br>Betreff:&nbsp;<strong>\u201eImmer mehr Nachteile f\u00fcr Ungeimpfte\u201c<\/strong><br>Sehr geehrter Herr Reinhardt,<br>aufgrund Ihrer \u00c4u\u00dferungen zur Kosten\u00fcbernahme f\u00fcr Corona-Tests bei nicht geimpften Gesunden \u2013 die schon l\u00e4ngst eingestellt werden m\u00fcssten (siehe Singapur) \u2013 stellt sich die Frage, ob Sie \u2013 wie die&nbsp;meisten von uns \u2013 ihre Tassen in einem Schrank aufbewahren und ob Sie in letzter Zeit einmal Ihren Bestand nachgez\u00e4hlt haben.<br><strong>Sind Sie etwa der Meinung, ein B\u00fcrger k\u00f6nne \u2013 mit welchen Mitteln auch immer \u2013 dazu gedr\u00e4ngt werden, an einer Phase IIIb-IV-Studie von Biontech-Pfizer oder anderen Impfstoffherstellern teilzunehmen?<\/strong>&nbsp;Wollen Sie die Impfpflicht \u201edurch die Hintert\u00fcre\u201c als staatsh\u00f6riger Befehlsempf\u00e4nger einf\u00fchren? Wollen Sie, dass in Kenntnis der explodierenden Zahl der Impftoten in den WHO- und VAERS-Datenbanken dieser&nbsp;<strong>Massen-Genozid (97,8 Tote pro Tag im Nachgang einer COVID-19-Impfung, Gesamttote zwischen 30 000 und 50 000)<\/strong>&nbsp;zwangsweise weitergef\u00fchrt wird? Und dies in Kenntnis der Europarat-Resolution 2361, die Diskriminierung und Sanktionen gegen Menschen verbietet, die sich aufgrund ihres freien Willens nicht impfen lassen m\u00f6chten?<br>Legen Sie Wert auf die Fortf\u00fchrung eines Verbrechens gegen die Menschlichkeit? Der PCR-Test kann keine Infektionen nachweisen. Wieso sollen ihn dann Ungeimpfte bezahlen?&nbsp;<strong>Sind Ihnen die neben den Todesf\u00e4llen nach Impfung auftretenden hunderttausenden Nebenwirkungen wie Autoimmunerkrankungen (z.B. Myocarditis), Fehlgeburten, Unfruchtbarkeit, Neurologische Sch\u00e4den (z.B. Guillain-Barr\u00e9-Syndrom, Sinusvenenthrombosen) und unz\u00e4hlige weitere Komplikationen vollkommen egal?<\/strong><br>Angesichts von abertausenden Impftoten eine unertr\u00e4gliche Haltung, die sich offensichtlich nicht gegen K\u00f6rperverletzung mit anschlie\u00dfender Todesfolge wendet, sondern&nbsp;<strong>die Menschen sogar zur Einwilligung dr\u00e4ngt, sich dieser K\u00f6rperverletzung zu unterwerfen.<\/strong><br>Oskar Lafontaine am 8.7.2021:&nbsp;<em>\u201eMittlerweile f\u00e4llt das Wort Covidioten auf die zur\u00fcck, die es erfunden haben, um andere herabzusetzen. [\u2026] Dabei zeigt sich immer mehr, dass die sogenannten Experten Arm in Arm mit der Pharmaindustrie den Teufel an die Wand malen, um m\u00f6glichst viele Leute mit den Impfstoffen mit \u201abedingter Marktzulassung\u2018 zu impfen und den n\u00e4chsten Lockdown vorzubereiten.\u201c<\/em><br><strong>Wer t\u00f6dliche Nebenwirkungen in Kauf nimmt, macht sich der Mitwirkung an T\u00f6tungshandlungen schuldig<\/strong>. Der internationale Strafgerichtshof in Den Haag bearbeitet derzeit eine Klage gegen die israelische Regierung und die Firma Pfizer wegen Versto\u00df gegen den N\u00fcrnberg-Kodex.&nbsp;<strong>\u00dcber diese Klage hinaus bleibt zu hoffen, dass sich alle an diesem Verbrechen gegen die Menschlichkeit Beteiligten in K\u00fcrze einem Prozess \u201eN\u00fcrnberg II\u201c stellen m\u00fcssen.<\/strong><br><strong>Ihr Dr. med. R\u00fcdiger P\u00f6tsch<\/strong><br><br><\/figcaption><\/figure>\n\n\n\n<hr class=\"wp-block-separator\"\/>\n\n\n\n<figure class=\"wp-block-image size-large\"><img loading=\"lazy\" decoding=\"async\" width=\"724\" height=\"1024\" src=\"https:\/\/laszlo1713.lima-city.de\/wp-content\/uploads\/2021\/07\/IMAGE-2021-07-18-172745-724x1024.jpg\" alt=\"\" class=\"wp-image-2971\" srcset=\"https:\/\/laszlo1713.lima-city.de\/wp-content\/uploads\/2021\/07\/IMAGE-2021-07-18-172745-724x1024.jpg 724w, https:\/\/laszlo1713.lima-city.de\/wp-content\/uploads\/2021\/07\/IMAGE-2021-07-18-172745-212x300.jpg 212w, https:\/\/laszlo1713.lima-city.de\/wp-content\/uploads\/2021\/07\/IMAGE-2021-07-18-172745-768x1086.jpg 768w, https:\/\/laszlo1713.lima-city.de\/wp-content\/uploads\/2021\/07\/IMAGE-2021-07-18-172745.jpg 905w\" sizes=\"auto, (max-width: 724px) 100vw, 724px\" \/><\/figure>\n\n\n\n<hr class=\"wp-block-separator\"\/>\n\n\n\n<figure class=\"wp-block-image size-large\"><img loading=\"lazy\" decoding=\"async\" width=\"1024\" height=\"738\" src=\"https:\/\/laszlo1713.lima-city.de\/wp-content\/uploads\/2021\/07\/Screenshot-2021-07-19-at-10.15.02-1024x738.jpg\" alt=\"\" class=\"wp-image-2977\" srcset=\"https:\/\/laszlo1713.lima-city.de\/wp-content\/uploads\/2021\/07\/Screenshot-2021-07-19-at-10.15.02-1024x738.jpg 1024w, https:\/\/laszlo1713.lima-city.de\/wp-content\/uploads\/2021\/07\/Screenshot-2021-07-19-at-10.15.02-300x216.jpg 300w, https:\/\/laszlo1713.lima-city.de\/wp-content\/uploads\/2021\/07\/Screenshot-2021-07-19-at-10.15.02-768x553.jpg 768w, https:\/\/laszlo1713.lima-city.de\/wp-content\/uploads\/2021\/07\/Screenshot-2021-07-19-at-10.15.02-1536x1106.jpg 1536w, https:\/\/laszlo1713.lima-city.de\/wp-content\/uploads\/2021\/07\/Screenshot-2021-07-19-at-10.15.02.jpg 1566w\" sizes=\"auto, (max-width: 706px) 89vw, (max-width: 767px) 82vw, 740px\" \/><\/figure>\n\n\n\n<hr class=\"wp-block-separator\"\/>\n\n\n\n<figure class=\"wp-block-image size-large\"><img loading=\"lazy\" decoding=\"async\" width=\"1024\" height=\"189\" src=\"https:\/\/laszlo1713.lima-city.de\/wp-content\/uploads\/2021\/07\/Screenshot-2021-07-19-at-10.25.35-1024x189.jpg\" alt=\"\" class=\"wp-image-2979\" srcset=\"https:\/\/laszlo1713.lima-city.de\/wp-content\/uploads\/2021\/07\/Screenshot-2021-07-19-at-10.25.35-1024x189.jpg 1024w, https:\/\/laszlo1713.lima-city.de\/wp-content\/uploads\/2021\/07\/Screenshot-2021-07-19-at-10.25.35-300x55.jpg 300w, https:\/\/laszlo1713.lima-city.de\/wp-content\/uploads\/2021\/07\/Screenshot-2021-07-19-at-10.25.35-768x142.jpg 768w, https:\/\/laszlo1713.lima-city.de\/wp-content\/uploads\/2021\/07\/Screenshot-2021-07-19-at-10.25.35-1536x284.jpg 1536w, https:\/\/laszlo1713.lima-city.de\/wp-content\/uploads\/2021\/07\/Screenshot-2021-07-19-at-10.25.35.jpg 2022w\" sizes=\"auto, (max-width: 706px) 89vw, (max-width: 767px) 82vw, 740px\" \/><\/figure>\n\n\n\n<figure class=\"wp-block-image size-large\"><img loading=\"lazy\" decoding=\"async\" width=\"726\" height=\"400\" src=\"https:\/\/laszlo1713.lima-city.de\/wp-content\/uploads\/2021\/07\/wb_bhakdi_followup.jpg\" alt=\"\" class=\"wp-image-2980\" srcset=\"https:\/\/laszlo1713.lima-city.de\/wp-content\/uploads\/2021\/07\/wb_bhakdi_followup.jpg 726w, https:\/\/laszlo1713.lima-city.de\/wp-content\/uploads\/2021\/07\/wb_bhakdi_followup-300x165.jpg 300w\" sizes=\"auto, (max-width: 726px) 100vw, 726px\" \/><figcaption><strong>Es ist unglaublich, wie hinterh\u00e4ltig gegen den renommierten Infektionsepidemiologen Prof. Dr. Sucharit Bhakdi derzeit vorgegangen wird. Unl\u00e4ngst unterstellte das deutsche Staatsfernsehen Bhakdi, Antisemit zu sein und beruft sich dabei auf ein sehenswertes Interview mit Kai Stuht aus dem April dieses Jahres. Wer sich&nbsp;<a href=\"https:\/\/kai-stuht.com\/de\/alle-videos\/im-interview\/die-impfung-die-ho-lle-auf-erden-prof-bhakdi\">das Interview<\/a>&nbsp;ansieht, kann \u00fcber diese Desinformation nur den Kopf sch\u00fctteln. Gleichzeitig wird klar, weswegen man Bhakdi fertigmachen will. Das Interview, aus dem der uns\u00e4gliche Vorwurf resultiert, hat Sprengkraft. Darin erkl\u00e4rt Bhakdi unter anderem, Tausende von \u00c4rzten st\u00fcnden hinter ihm und w\u00fcrden mit ihm gemeinsam daf\u00fcr sorgen, dass sich die Verantwortlichen f\u00fcr die unethischen Menschenversuche vor einem Tribunal entsprechend des N\u00fcrnberger Kodex verantworten m\u00fcssen.<\/strong><\/figcaption><\/figure>\n\n\n\n<hr class=\"wp-block-separator\"\/>\n\n\n\n<figure class=\"wp-block-image size-large\"><img loading=\"lazy\" decoding=\"async\" width=\"648\" height=\"800\" src=\"https:\/\/laszlo1713.lima-city.de\/wp-content\/uploads\/2021\/07\/IMAGE-2021-07-19-101058-1.jpg\" alt=\"\" class=\"wp-image-2975\" srcset=\"https:\/\/laszlo1713.lima-city.de\/wp-content\/uploads\/2021\/07\/IMAGE-2021-07-19-101058-1.jpg 648w, https:\/\/laszlo1713.lima-city.de\/wp-content\/uploads\/2021\/07\/IMAGE-2021-07-19-101058-1-243x300.jpg 243w\" sizes=\"auto, (max-width: 648px) 100vw, 648px\" \/><\/figure>\n\n\n\n<p><strong>300 Millionen&#8230;<\/strong><\/p>\n\n\n\n<p><em>Erinnert sich noch jemand an die 9 Milliarden an die Lufthansa letztes Jahr, als einer unter vielen Gro\u00dfkonzernen, die kassiert haben? Zus\u00e4tzlich gehen \u00fcber 20 Milliarden jedes Jahr als Entwicklungshilfe ins Ausland, davon sogar eine halbe Milliarde an die wirtschaftliche Supermacht China. Und f\u00fcr die eigenen B\u00fcrger gibts bei einer solch gro\u00dfen Katastrophe l\u00e4ppische dreihundert Millionen. Das muss man sich mal vorstellen.&nbsp;<\/em><\/p>\n\n\n\n<p><em>Fazit: Berlin macht f\u00fcr alle Politik, nur nicht f\u00fcr das Wohl der eigenen B\u00fcrger. F\u00fcr Gro\u00dfkonzerne, das Ausland und die eigene Tasche ist immer unbegrenzt Geld da. F\u00fcr die B\u00fcrger, das sieht man ja auch an den Renten, wo mittlerweile \u00fcber 50% unter der Armutsschwelle von 900 Euro liegen, tut man<\/em> sich sogar schwer, in Katastrophenzeiten eine Milliarde locker zu machen. Es zeigt ein weiteres Mal, diese BRD Verwaltung ist nicht F\u00dcR das deutsche Volk installiert.<\/p>\n\n\n\n<hr class=\"wp-block-separator\"\/>\n\n\n\n<div class=\"wp-block-image\"><figure class=\"aligncenter size-large\"><img loading=\"lazy\" decoding=\"async\" width=\"423\" height=\"634\" src=\"https:\/\/laszlo1713.lima-city.de\/wp-content\/uploads\/2021\/07\/IMAGE-2021-07-19-104701.jpg\" alt=\"\" class=\"wp-image-2984\" srcset=\"https:\/\/laszlo1713.lima-city.de\/wp-content\/uploads\/2021\/07\/IMAGE-2021-07-19-104701.jpg 423w, https:\/\/laszlo1713.lima-city.de\/wp-content\/uploads\/2021\/07\/IMAGE-2021-07-19-104701-200x300.jpg 200w\" sizes=\"auto, (max-width: 423px) 100vw, 423px\" \/><figcaption>PASSAU &#8211; 1501-ben volt a legmagasabb v\u00edz\u00e1ll\u00e1s eddig &#8211; \u00e9s akkor mi van kl\u00edmav\u00e1ltoz\u00e1ssal? <\/figcaption><\/figure><\/div>\n\n\n\n<hr class=\"wp-block-separator\"\/>\n\n\n\n<figure class=\"wp-block-image size-large\"><img loading=\"lazy\" decoding=\"async\" width=\"786\" height=\"1024\" src=\"https:\/\/laszlo1713.lima-city.de\/wp-content\/uploads\/2021\/07\/IMAGE-2021-07-19-111640-786x1024.jpg\" alt=\"\" class=\"wp-image-2987\" srcset=\"https:\/\/laszlo1713.lima-city.de\/wp-content\/uploads\/2021\/07\/IMAGE-2021-07-19-111640-786x1024.jpg 786w, https:\/\/laszlo1713.lima-city.de\/wp-content\/uploads\/2021\/07\/IMAGE-2021-07-19-111640-230x300.jpg 230w, https:\/\/laszlo1713.lima-city.de\/wp-content\/uploads\/2021\/07\/IMAGE-2021-07-19-111640-768x1001.jpg 768w, https:\/\/laszlo1713.lima-city.de\/wp-content\/uploads\/2021\/07\/IMAGE-2021-07-19-111640.jpg 982w\" sizes=\"auto, (max-width: 706px) 89vw, (max-width: 767px) 82vw, 740px\" \/><figcaption>&#8230; ez pedig az amerikai v\u00e1laszt\u00e1s val\u00f3s k\u00e9pe, nem az, amit megpr\u00f3b\u00e1lnak (megpr\u00f3b\u00e1ltak!) sulykolni. Innen domin\u00f3-effektus (f\u00f6ldindul\u00e1s).<\/figcaption><\/figure>\n\n\n\n<hr class=\"wp-block-separator\"\/>\n\n\n\n<div class=\"wp-block-image\"><figure class=\"aligncenter size-large\"><img loading=\"lazy\" decoding=\"async\" width=\"560\" height=\"300\" src=\"https:\/\/laszlo1713.lima-city.de\/wp-content\/uploads\/2021\/07\/132496-560-0.jpeg\" alt=\"\" class=\"wp-image-2992\" srcset=\"https:\/\/laszlo1713.lima-city.de\/wp-content\/uploads\/2021\/07\/132496-560-0.jpeg 560w, https:\/\/laszlo1713.lima-city.de\/wp-content\/uploads\/2021\/07\/132496-560-0-300x161.jpeg 300w\" sizes=\"auto, (max-width: 560px) 100vw, 560px\" \/><figcaption>J. Spahn &#8230; egy sz\u00e1nalmas figura<\/figcaption><\/figure><\/div>\n\n\n\n<p><em>Genf \u2013 Deutschland stellt der Welt\u00adgesund\u00adheits\u00adorgani\u00adsation&nbsp;<a rel=\"noreferrer noopener\" href=\"https:\/\/www.who.int\/\" target=\"_blank\">WHO&nbsp;<\/a>weitere 260 Millionen Euro im Kampf gegen die Coronapandemie zur Verf\u00fcgung. Das k\u00fcndigte Bun\u00addes\u00adge\u00adsund\u00adheits\u00admi\u00adnis\u00adter Jens Spahn (CDU) heute bei einem Besuch des Hauptb\u00fcros der Organisation in Genf an. Die Mittel dienten der Entwicklung, Herstellung und Verteilung von Coronatests, Behandlungsmethoden und Impfstoffen.<\/em><\/p>\n\n\n\n<p><em>Die Bundesrepublik sei mit insgesamt 2,2 Milliarden Euro derzeit der gr\u00f6\u00dfte Geldgeber f\u00fcr das interna\u00adtionale Programm gegen die Pandemie \u201eAccess to COVID-19 Tools Accelerator\u201c (ACT-A), erkl\u00e4rte WHO-Generaldirektor Tedros Adhanom Ghebreyesus. Er lobte das deutsche Engagement.<\/em><\/p>\n\n\n\n<hr class=\"wp-block-separator\"\/>\n\n\n\n<figure class=\"wp-block-image size-large\"><img loading=\"lazy\" decoding=\"async\" width=\"1024\" height=\"576\" src=\"https:\/\/laszlo1713.lima-city.de\/wp-content\/uploads\/2021\/07\/1440x810_cmsv2_cead2dfd-4a59-5a46-b92b-d41ad278c8df-4441534-1024x576.jpg\" alt=\"\" class=\"wp-image-2995\" srcset=\"https:\/\/laszlo1713.lima-city.de\/wp-content\/uploads\/2021\/07\/1440x810_cmsv2_cead2dfd-4a59-5a46-b92b-d41ad278c8df-4441534-1024x576.jpg 1024w, https:\/\/laszlo1713.lima-city.de\/wp-content\/uploads\/2021\/07\/1440x810_cmsv2_cead2dfd-4a59-5a46-b92b-d41ad278c8df-4441534-300x169.jpg 300w, https:\/\/laszlo1713.lima-city.de\/wp-content\/uploads\/2021\/07\/1440x810_cmsv2_cead2dfd-4a59-5a46-b92b-d41ad278c8df-4441534-768x432.jpg 768w, https:\/\/laszlo1713.lima-city.de\/wp-content\/uploads\/2021\/07\/1440x810_cmsv2_cead2dfd-4a59-5a46-b92b-d41ad278c8df-4441534.jpg 1440w\" sizes=\"auto, (max-width: 706px) 89vw, (max-width: 767px) 82vw, 740px\" \/><\/figure>\n\n\n\n<figure class=\"wp-block-image size-large\"><img loading=\"lazy\" decoding=\"async\" width=\"1024\" height=\"259\" src=\"https:\/\/laszlo1713.lima-city.de\/wp-content\/uploads\/2021\/07\/Screenshot-2021-07-20-at-10.19.36-1024x259.jpg\" alt=\"\" class=\"wp-image-2996\" srcset=\"https:\/\/laszlo1713.lima-city.de\/wp-content\/uploads\/2021\/07\/Screenshot-2021-07-20-at-10.19.36-1024x259.jpg 1024w, https:\/\/laszlo1713.lima-city.de\/wp-content\/uploads\/2021\/07\/Screenshot-2021-07-20-at-10.19.36-300x76.jpg 300w, https:\/\/laszlo1713.lima-city.de\/wp-content\/uploads\/2021\/07\/Screenshot-2021-07-20-at-10.19.36-768x194.jpg 768w, https:\/\/laszlo1713.lima-city.de\/wp-content\/uploads\/2021\/07\/Screenshot-2021-07-20-at-10.19.36-1536x389.jpg 1536w, https:\/\/laszlo1713.lima-city.de\/wp-content\/uploads\/2021\/07\/Screenshot-2021-07-20-at-10.19.36.jpg 1548w\" sizes=\"auto, (max-width: 706px) 89vw, (max-width: 767px) 82vw, 740px\" \/><figcaption>FRAGE: Herr Armstrong, Sie haben Ihr Modell gepostet und gewarnt, dass wir in eine Periode eintreten, in der Totalitarismus bis 2032 das Ziel ist. K\u00f6nnen Sie vielleicht etwas genauer erkl\u00e4ren, was das bedeutet?<br>Danke f\u00fcr Ihren Mut in diesen Zeiten<br>ANTWORT: W\u00e4hrend sich alle auf COVID konzentrieren und argumentieren, dass es kein Virus gibt oder dass es ohne Impfung leicht zu behandeln ist, \u00fcbersehen sie das eigentliche Ziel \u2013 unseren Abstieg in einen Zustand der tyrannischen Psychose, der die totalit\u00e4re Herrschaft schafft. Der totalit\u00e4re Staat hat ein Standard-Drehbuch. Zuerst m\u00fcssen sie Angst erzeugen. Dann folgt die Terrorisierung des Volkes. Schlie\u00dflich werden sie dann nach Macht streben, indem sie L\u00f6sungen anbieten, die die Aufgabe aller Ihrer Rechte f\u00fcr die Sicherheit erfordern. Das ist es, worauf sich Ben Franklin wirklich bezog.<br>Uns wird gesagt, wir sollen uns sozial distanzieren und Masken tragen, aber das widerspricht nicht nur der wissenschaftlichen Wahrheit, wie die Washington Post \u00fcber die Studien aus der Pandemie der Spanischen Grippe von 1918 berichtete, die besagen, dass Masken \u201enutzlos\u201c sind, dennoch haben sie verlangt, dass wir dem nachkommen. Und warum? Das ist, um zivile Aufst\u00e4nde (Widerstand) gegen ihre Ziele zu verhindern. In Frankreich haben sie Stra\u00dfensperren errichtet, um Proteste zu verhindern \u2013 das ist eine r\u00fccksichtslose totalit\u00e4re Taktik, die nicht zu einem gew\u00e4hlten demokratischen Staat passt. Sie errichteten Stra\u00dfensperren w\u00e4hrend des Zweiten Weltkriegs aus demselben Grund. Das ist der Pawlowsche Hund. Das Training wird durch Isolation und Konditionierung erreicht.<br>Ich empfehle die Lekt\u00fcre von \u201eDie Macht der Machtlosen\u201c von Vaclav Havel. Er war ein Dissident, der in der Tschechoslowakei unter kommunistischer Herrschaft lebte. In seiner Jugend waren Havel aufgrund der intellektuellen und b\u00fcrgerlichen Erziehung seiner Familie verschiedene Bildungschancen verwehrt worden. Stalin f\u00fcrchtete die Intellektuellen und lie\u00df sogar Kondratieff hinrichten, weil dieser mit seinen Zyklusarbeiten vor dem Zusammenbruch des kommunistischen Staates warnte. So fand sich Havel stattdessen als Autor international gefeierter Theaterst\u00fccke wieder. Trotz deutlicher \u00c4ngste und Frustrationen baute sich Havel ein eigenes Leben auf. Es war dieser Trend, der sich durchsetzte und die Menschen begannen, den kommunistischen Staat als das zu sehen, was er wirklich war \u2013 Tyrannei, nicht Freiheit oder elterliche staatliche F\u00fcrsorge.<br>Man wird den Totalitarismus nicht verstehen, bis man ihn live erlebt. Wie ich bereits gesagt habe, war ich hinter der Berliner Mauer, bevor sie fiel. Ich habe es mit meinen eigenen Augen gesehen. Die Macht der Herrschenden ist auf ANGST aufgebaut. Genau damit haben sie mit COVID begonnen. Ich bin nicht der Einzige, der versteht, wie man einen totalit\u00e4ren Staat schafft. Das ist kein Geheimnis.&nbsp;Andere haben das auch studiert und die Schritte sind sehr klar. Sie verwenden dieses Modell, um die Welt f\u00fcr den Klimawandel umzugestalten, und w\u00e4hrend sie dabei sind, versuchen sie, einen kommunistischen Staat dank Schwabs Ideen neu zu erschaffen, aber sie gehen davon aus, dass er zuvor gescheitert ist, weil er nicht die ganze Welt verschlungen hat. Daher muss die ganze Welt geimpft werden. Das ist die Realit\u00e4t hinter dem Vorhang.<br>Havel bietet einen Ausblick, wie der totalit\u00e4re Staat dennoch besiegt werden kann. Im Gegensatz zu den meisten Diktaturen, die lokal durch milit\u00e4rische Macht geschaffen werden, verhielt sich die kommunistische Diktatur wie eine \u201es\u00e4kularisierte Religion\u201c, was eine wichtige Beobachtung von innen war. Der Kommunismus erstreckte sich \u00fcber ein weites Gebiet mit unterschiedlichen Kulturen, doch er behauptete, in historischen sozialistischen Bewegungen verwurzelt zu sein. Seine Paten waren Marx und Engels, die in einen gott\u00e4hnlichen Status erhoben wurden. Es ist wahr, dass es konventionelle und nukleare Waffen gab, die der ultimative Trumpf in diesem Machtspiel waren. Dennoch ist der Leim, der alles zusammenh\u00e4lt, nicht die milit\u00e4rische Macht, sondern der soziale Druck und die Indoktrination, die es erm\u00f6glichen, diese totalit\u00e4re Ordnung aufrechtzuerhalten.<br>Oft sehen die Menschen, die die totalit\u00e4ren Herrscher sind, sich selbst NIE als b\u00f6se. Sie sehen, dass ihre Idee die Gesellschaft retten wird. Weil die Franzosen im Ersten Weltkrieg Rache an Deutschland forderten und auf ruin\u00f6sen Reparationszahlungen bestanden, die das Volk und nicht die politischen F\u00fchrer bestraften, bereiteten sie die B\u00fchne f\u00fcr den Aufstieg Hitlers wegen ihrer Unterdr\u00fcckung. Man sollte das Volk NIEMALS f\u00fcr das Verhalten seines F\u00fchrers bestrafen, denn das Volk wird mit Angst unterdr\u00fcckt und bis zu dem Punkt konditioniert, an dem es zum Mentalit\u00e4tsmord kommt.<br>Stanley Milgram stellte den Trugschluss auf, dass die Deutschen die Juden t\u00f6teten, weil sie irgendwie anders waren. Er f\u00fchrte dieses Experiment durch und fand heraus, dass die Menschen in den Vereinigten Staaten auch Menschen foltern w\u00fcrden, wenn sie von einer Autorit\u00e4t dazu aufgefordert werden. Das war sein Buch \u2013 Obedience to Authority. Alle deutschen Wachen antworteten, wenn sie gefragt wurden, einfach, dass sie Befehle befolgen w\u00fcrden. Das war ihre Denkweise und es ist entscheidend zu verstehen, dass dies der Schl\u00fcssel zur Schaffung eines totalit\u00e4ren Staates ist. Sie haben diesen COVID benutzt, um ihr Ziel zu erreichen, die Menschen einer Gehirnw\u00e4sche zu unterziehen und die Gesellschaft in Gruppen zu spalten, damit sie sich nicht zusammenschlie\u00dfen, um sich gegen ihren Meister zu erheben. So haben wir Black Lives Matter, das hilft, die Gesellschaft nach Rasse&nbsp;zu spalten. Sie werden auch Spaltungen auf Religion induzieren und versuchen, andere gegen die religi\u00f6se Rechte zu wenden, die sie als die Neonazis von heute charakterisieren. Sie sind gegen die Religion ebenso wie die Kommunisten waren f\u00fcr die Religion f\u00fchrt zum Gebet und der Glaube an einen Retter von \u00fcber statt die Herrscher des totalit\u00e4ren Staates.<br>Die Hexenjagden von Salem waren ein klassisches Beispiel f\u00fcr totalit\u00e4re Macht. Sie schufen die Angst, dass es Hexen gab, die vom Teufel kontrolliert wurden und ihre Gesellschaft bedrohten. Die Menschen wandten sich gegeneinander, so wie sie es auch heute tun. In Gro\u00dfbritannien forderten sie die Menschen auf, sich zu melden, wenn sie ihren Nachbarn beim Verlassen des Hauses sahen. Diese Taktiken sind wohlbekannt. Was sie jetzt tun, ist aus diesem totalit\u00e4ren Spielbuch entnommen.<br>Eine wichtige Waffe im Kampf gegen den Totalitarismus ist HUMOR. Man muss die F\u00fchrer l\u00e4cherlich machen und sie als das entlarven, was sie wirklich sind, denn in ihren Augen sind sie nicht b\u00f6se, sondern einfach nur widerspenstig. Der COVID-Trick beginnt zu schwinden, denn es hat keine massive Todeswelle gegeben. Als n\u00e4chstes werden sie sich auf den Klimawandel st\u00fcrzen und erwarten, dass Flugreisen dramatisch teurer werden. Sie versuchen, den internationalen Reiseverkehr einzuschr\u00e4nken und werden h\u00f6chstwahrscheinlich Beschr\u00e4nkungen f\u00fcr die Anzahl der Fl\u00fcge und neue Steuern einf\u00fchren, die die Preise verdoppeln werden. Wir werden sogar sehen, dass Flugreisen im Inland im Preis steigen. Sie versuchen auch absichtlich, den Fleischkonsum zu reduzieren und bezahlen Landwirte daf\u00fcr, keine Lebensmittel anzubauen, um eine Panik zu erzeugen, die sie dann mit dem Klimawandel in Verbindung bringen werden.<br>Wir M\u00dcSSEN uns bem\u00fchen, das Wort zu verbreiten und die Tatsache aufzudecken, dass sie \u00fcber COVID gelogen haben. Aber lassen Sie sich nicht auf Behauptungen ein, es sei kein Virus, es sei nicht isoliert worden, und all diese Argumentationslinien. Das f\u00fchrt nirgendwo hin und geht am Thema vorbei. Dies ist eine Verschw\u00f6rung und die Tatsache, dass sie auf diesem Impfstoff bestehen, ist Teil des Machtspiels, um die hirnlosen Schafe von denen zu trennen, die zuerst denken und die Machthaber infrage stellen, die sowieso nie die Wahrheit \u00fcber irgendetwas sagen. Sich darauf einzulassen, ob es ein Virus ist oder nicht, lenkt ab und wird nicht den Sieg bringen. Sie werden einen gef\u00e4lschten Arzt vorschieben, der daf\u00fcr bezahlt wurde, alles zu widerlegen, was Sie sagen. Unsere Politiker sind sich vielleicht nicht einmal bewusst, welche Ziele hier verfolgt werden, denn sie sind NICHT die Leute, die sich dieses Komplott ausgedacht haben. Das kommt vom Weltwirtschaftsforum, von Gates und Soros, die Geld und Einfluss benutzt haben, um den gr\u00f6\u00dften Teil der Welt in diese Richtung zu lenken, und wie Hitler sehen sie sich nicht als das B\u00f6se, sondern als die Retter der Welt. Wir sind einfach zu dumm, um zu wissen, was das Beste f\u00fcr uns ist.<br>Als ich zu der privaten Premiere von Schwabs Film \u201eDas Forum\u201c eingeladen wurde, schockierte mich das, denn es sollte um seine 50-j\u00e4hrige Arbeit gehen. Es entpuppte sich als Promo f\u00fcr den Great Reset, zu dem Schwab Greta und Jeniffer Morgan von Green Peace eingeladen hatte, um eine Hauptrolle beim Verkauf der wahren Agenda zu spielen \u2013 dem Klimawandel. Dieser Film wurde in New York uraufgef\u00fchrt und war der Startschuss f\u00fcr den Great Reset. Ich bedankte mich bei Schwab f\u00fcr die Einladung, wir sch\u00fcttelten uns die H\u00e4nde und er bedankte sich, dass ich gekommen war. Wie bei so vielen Ereignissen in meinem Leben schien ich an der Schl\u00fcsselstelle zu sein, an der die Dinge begannen, wie zum Beispiel 1985, als ich zum Start der G5 \u2013 jetzt G20 \u2013 eingeladen wurde. Ich nehme an, dass ich auch bei dem Ereignis dabei war, das die Bewegung f\u00fcr den Great Reset in Gang setzte.<br>Wir m\u00fcssen einen Schritt zur\u00fccktreten und diese Strategie als das betrachten, was sie ist. Sie haben die Gesellschaft konditioniert und wir sehen immer noch ein paar Leute, die Masken tragen, weil sie einer Gehirnw\u00e4sche unterzogen wurden und sich dadurch jetzt \u201esicher\u201c f\u00fchlen. Das H\u00e4ndesch\u00fctteln wurde durch Ellbogenst\u00f6\u00dfe ersetzt, die zur sozialen Distanzierung beitragen, um Zusammenk\u00fcnfte zu verhindern, die zu Aufst\u00e4nden f\u00fchren k\u00f6nnten. Verstehen Sie den Spielplan. Verwenden Sie HUMOR, um sie l\u00e4cherlich zu machen. Denken Sie daran: Widerstand ist nicht zwecklos.<\/figcaption><\/figure>\n\n\n\n<hr class=\"wp-block-separator\"\/>\n\n\n\n<figure class=\"wp-block-image size-large\"><img loading=\"lazy\" decoding=\"async\" width=\"1024\" height=\"948\" src=\"https:\/\/laszlo1713.lima-city.de\/wp-content\/uploads\/2021\/07\/Screenshot-2021-07-20-at-10.25.05-1024x948.jpg\" alt=\"\" class=\"wp-image-2999\" srcset=\"https:\/\/laszlo1713.lima-city.de\/wp-content\/uploads\/2021\/07\/Screenshot-2021-07-20-at-10.25.05-1024x948.jpg 1024w, https:\/\/laszlo1713.lima-city.de\/wp-content\/uploads\/2021\/07\/Screenshot-2021-07-20-at-10.25.05-300x278.jpg 300w, https:\/\/laszlo1713.lima-city.de\/wp-content\/uploads\/2021\/07\/Screenshot-2021-07-20-at-10.25.05-768x711.jpg 768w, https:\/\/laszlo1713.lima-city.de\/wp-content\/uploads\/2021\/07\/Screenshot-2021-07-20-at-10.25.05.jpg 1528w\" sizes=\"auto, (max-width: 706px) 89vw, (max-width: 767px) 82vw, 740px\" \/><\/figure>\n\n\n\n<p>Amikor a &#8220;kecske&#8221; felfedi, hogy a &#8220;kert\u00e9sz&#8221; &#8220;fenyegeti&#8221; a k\u00e1poszt\u00e1t. Nem is olyan h\u00fclye ez a kecske. \u00c9s a &#8220;kert\u00e9sz&#8221;?<\/p>\n\n\n\n<hr class=\"wp-block-separator\"\/>\n\n\n\n<figure class=\"wp-block-image size-large\"><img loading=\"lazy\" decoding=\"async\" width=\"1024\" height=\"635\" src=\"https:\/\/laszlo1713.lima-city.de\/wp-content\/uploads\/2021\/07\/Screenshot-2021-07-20-at-10.33.57-1024x635.jpg\" alt=\"\" class=\"wp-image-3001\" srcset=\"https:\/\/laszlo1713.lima-city.de\/wp-content\/uploads\/2021\/07\/Screenshot-2021-07-20-at-10.33.57-1024x635.jpg 1024w, https:\/\/laszlo1713.lima-city.de\/wp-content\/uploads\/2021\/07\/Screenshot-2021-07-20-at-10.33.57-300x186.jpg 300w, https:\/\/laszlo1713.lima-city.de\/wp-content\/uploads\/2021\/07\/Screenshot-2021-07-20-at-10.33.57-768x476.jpg 768w, https:\/\/laszlo1713.lima-city.de\/wp-content\/uploads\/2021\/07\/Screenshot-2021-07-20-at-10.33.57.jpg 1520w\" sizes=\"auto, (max-width: 706px) 89vw, (max-width: 767px) 82vw, 740px\" \/><figcaption>Der britische Arzt Philippe van Welbergen hat Blutproben von Patienten genommen, die nach der Behandlung mit dem Corona-Impfstoff Nebenwirkungen erlitten. Er nahm Blutproben und legte sie unter ein gew\u00f6hnliches Mikroskop.<br>Das Bild oben zeigt rote Blutk\u00f6rperchen von jemandem, der nicht gegen Corona geimpft wurde (links) und Blut von jemandem, der den Moderna-Impfstoff genommen hat (rechts). Die Unterschiede sind offensichtlich: Die Blutzellen auf der linken Seite sind sch\u00f6n rund und gleichm\u00e4\u00dfig verteilt, w\u00e4hrend die Blutzellen der geimpften Person zerknittert und verklumpt aussehen.<br>Es sieht aus, als ob das Blut vergiftet wurde.<br>Auf der rechten Seite sind auch goldfarbene \u201eR\u00f6hren\u201c zu sehen. Die gleichen Strukturen wurden von den spanischen Forschern beobachtet, die entdeckten, dass die Impfstoffe von Pfizer und AstraZeneca Graphenoxid enthalten.<br>\u201eMan muss kein H\u00e4matologe sein, um zu sehen, dass mit dem Blut auf der rechten Seite etwas nicht stimmt\u201c, sagte die Gesundheits\u00f6konomin Jane Ruby in der Stew Peters Show. \u201eEs sieht aus, als w\u00e4re das Blut vergiftet worden.\u201c<\/figcaption><\/figure>\n\n\n\n<hr class=\"wp-block-separator\"\/>\n\n\n\n<figure class=\"wp-block-image size-large\"><img loading=\"lazy\" decoding=\"async\" width=\"837\" height=\"1024\" src=\"https:\/\/laszlo1713.lima-city.de\/wp-content\/uploads\/2021\/07\/IMAGE-2021-07-20-123747-837x1024.jpg\" alt=\"\" class=\"wp-image-3004\" srcset=\"https:\/\/laszlo1713.lima-city.de\/wp-content\/uploads\/2021\/07\/IMAGE-2021-07-20-123747-837x1024.jpg 837w, https:\/\/laszlo1713.lima-city.de\/wp-content\/uploads\/2021\/07\/IMAGE-2021-07-20-123747-245x300.jpg 245w, https:\/\/laszlo1713.lima-city.de\/wp-content\/uploads\/2021\/07\/IMAGE-2021-07-20-123747-768x940.jpg 768w, https:\/\/laszlo1713.lima-city.de\/wp-content\/uploads\/2021\/07\/IMAGE-2021-07-20-123747.jpg 1046w\" sizes=\"auto, (max-width: 706px) 89vw, (max-width: 767px) 82vw, 740px\" \/><figcaption>A propaganda egyarc\u00fa sokf\u00e9les\u00e9ge. A &#8220;fake news&#8221;, ahogy m\u0171k\u00f6dik (m\u0171k\u00f6dtetik)<\/figcaption><\/figure>\n\n\n\n<hr class=\"wp-block-separator\"\/>\n\n\n\n<figure class=\"wp-block-image size-large\"><img loading=\"lazy\" decoding=\"async\" width=\"598\" height=\"1024\" src=\"https:\/\/laszlo1713.lima-city.de\/wp-content\/uploads\/2021\/07\/Screenshot-2021-07-20-at-12.55.35-2-598x1024.jpg\" alt=\"\" class=\"wp-image-3011\" srcset=\"https:\/\/laszlo1713.lima-city.de\/wp-content\/uploads\/2021\/07\/Screenshot-2021-07-20-at-12.55.35-2-598x1024.jpg 598w, https:\/\/laszlo1713.lima-city.de\/wp-content\/uploads\/2021\/07\/Screenshot-2021-07-20-at-12.55.35-2-175x300.jpg 175w, https:\/\/laszlo1713.lima-city.de\/wp-content\/uploads\/2021\/07\/Screenshot-2021-07-20-at-12.55.35-2-768x1315.jpg 768w, https:\/\/laszlo1713.lima-city.de\/wp-content\/uploads\/2021\/07\/Screenshot-2021-07-20-at-12.55.35-2-897x1536.jpg 897w, https:\/\/laszlo1713.lima-city.de\/wp-content\/uploads\/2021\/07\/Screenshot-2021-07-20-at-12.55.35-2-1197x2048.jpg 1197w, https:\/\/laszlo1713.lima-city.de\/wp-content\/uploads\/2021\/07\/Screenshot-2021-07-20-at-12.55.35-2.jpg 1380w\" sizes=\"auto, (max-width: 598px) 100vw, 598px\" \/><\/figure>\n\n\n\n<p>Napjaink &#8220;korrekts\u00e9ge&#8221; (WEAR MASK, SAVE LIFE), ahogy a l\u00e9nyeg n\u00e9lk\u00fclib\u0151l (hazugs\u00e1g) l\u00e9nyeges (l\u00e1that\u00f3 puszt\u00edt\u00e1s) lesz. Puszt\u00edt\u00e1s minden jelent\u00e9sszinten.<\/p>\n\n\n\n<hr class=\"wp-block-separator\"\/>\n\n\n\n<figure class=\"wp-block-image size-large\"><img loading=\"lazy\" decoding=\"async\" width=\"1024\" height=\"987\" src=\"https:\/\/laszlo1713.lima-city.de\/wp-content\/uploads\/2021\/07\/Screenshot-2021-07-20-at-16.40.55-1024x987.jpg\" alt=\"\" class=\"wp-image-3013\" srcset=\"https:\/\/laszlo1713.lima-city.de\/wp-content\/uploads\/2021\/07\/Screenshot-2021-07-20-at-16.40.55-1024x987.jpg 1024w, https:\/\/laszlo1713.lima-city.de\/wp-content\/uploads\/2021\/07\/Screenshot-2021-07-20-at-16.40.55-300x289.jpg 300w, https:\/\/laszlo1713.lima-city.de\/wp-content\/uploads\/2021\/07\/Screenshot-2021-07-20-at-16.40.55-768x740.jpg 768w, https:\/\/laszlo1713.lima-city.de\/wp-content\/uploads\/2021\/07\/Screenshot-2021-07-20-at-16.40.55.jpg 1482w\" sizes=\"auto, (max-width: 706px) 89vw, (max-width: 767px) 82vw, 740px\" \/><figcaption>On 8 July, the U.S. Navy Judge Advocate General\u2019s Corps convicted former National Security Advisor Susan Rice of high treason and sentenced her to death for her participation in a 2017 scheme to defame then-President Elect Trump by falsely and knowingly linking his campaign to baseless allegations of Russian collusion. And for misusing her authority to spy on law-abiding American patriots.<\/figcaption><\/figure>\n\n\n\n<hr class=\"wp-block-separator\"\/>\n\n\n\n<figure class=\"wp-block-image size-large\"><img loading=\"lazy\" decoding=\"async\" width=\"1024\" height=\"774\" src=\"https:\/\/laszlo1713.lima-city.de\/wp-content\/uploads\/2021\/07\/July-17-injuries-Adr-eu-1024x774.jpg\" alt=\"\" class=\"wp-image-3015\" srcset=\"https:\/\/laszlo1713.lima-city.de\/wp-content\/uploads\/2021\/07\/July-17-injuries-Adr-eu-1024x774.jpg 1024w, https:\/\/laszlo1713.lima-city.de\/wp-content\/uploads\/2021\/07\/July-17-injuries-Adr-eu-300x227.jpg 300w, https:\/\/laszlo1713.lima-city.de\/wp-content\/uploads\/2021\/07\/July-17-injuries-Adr-eu-768x580.jpg 768w, https:\/\/laszlo1713.lima-city.de\/wp-content\/uploads\/2021\/07\/July-17-injuries-Adr-eu.jpg 1036w\" sizes=\"auto, (max-width: 706px) 89vw, (max-width: 767px) 82vw, 740px\" \/><\/figure>\n\n\n\n<figure class=\"wp-block-image size-large\"><img loading=\"lazy\" decoding=\"async\" width=\"1024\" height=\"452\" src=\"https:\/\/laszlo1713.lima-city.de\/wp-content\/uploads\/2021\/07\/Screenshot-2021-07-22-at-09.17.29-1024x452.jpg\" alt=\"\" class=\"wp-image-3016\" srcset=\"https:\/\/laszlo1713.lima-city.de\/wp-content\/uploads\/2021\/07\/Screenshot-2021-07-22-at-09.17.29-1024x452.jpg 1024w, https:\/\/laszlo1713.lima-city.de\/wp-content\/uploads\/2021\/07\/Screenshot-2021-07-22-at-09.17.29-300x133.jpg 300w, https:\/\/laszlo1713.lima-city.de\/wp-content\/uploads\/2021\/07\/Screenshot-2021-07-22-at-09.17.29-768x339.jpg 768w, https:\/\/laszlo1713.lima-city.de\/wp-content\/uploads\/2021\/07\/Screenshot-2021-07-22-at-09.17.29-1536x679.jpg 1536w, https:\/\/laszlo1713.lima-city.de\/wp-content\/uploads\/2021\/07\/Screenshot-2021-07-22-at-09.17.29.jpg 1580w\" sizes=\"auto, (max-width: 706px) 89vw, (max-width: 767px) 82vw, 740px\" \/><\/figure>\n\n\n\n<hr class=\"wp-block-separator\"\/>\n\n\n\n<figure class=\"wp-block-image size-large\"><img loading=\"lazy\" decoding=\"async\" width=\"1024\" height=\"571\" src=\"https:\/\/laszlo1713.lima-city.de\/wp-content\/uploads\/2021\/07\/Screenshot-2021-07-22-at-12.46.44-1024x571.jpg\" alt=\"\" class=\"wp-image-3019\" srcset=\"https:\/\/laszlo1713.lima-city.de\/wp-content\/uploads\/2021\/07\/Screenshot-2021-07-22-at-12.46.44-1024x571.jpg 1024w, https:\/\/laszlo1713.lima-city.de\/wp-content\/uploads\/2021\/07\/Screenshot-2021-07-22-at-12.46.44-300x167.jpg 300w, https:\/\/laszlo1713.lima-city.de\/wp-content\/uploads\/2021\/07\/Screenshot-2021-07-22-at-12.46.44-768x428.jpg 768w, https:\/\/laszlo1713.lima-city.de\/wp-content\/uploads\/2021\/07\/Screenshot-2021-07-22-at-12.46.44-1536x856.jpg 1536w, https:\/\/laszlo1713.lima-city.de\/wp-content\/uploads\/2021\/07\/Screenshot-2021-07-22-at-12.46.44.jpg 1658w\" sizes=\"auto, (max-width: 706px) 89vw, (max-width: 767px) 82vw, 740px\" \/><\/figure>\n\n\n\n<figure class=\"wp-block-image size-large\"><img loading=\"lazy\" decoding=\"async\" width=\"870\" height=\"568\" src=\"https:\/\/laszlo1713.lima-city.de\/wp-content\/uploads\/2021\/07\/Screenshot-2021-07-22-at-12.11.16.jpg\" alt=\"\" class=\"wp-image-3020\" srcset=\"https:\/\/laszlo1713.lima-city.de\/wp-content\/uploads\/2021\/07\/Screenshot-2021-07-22-at-12.11.16.jpg 870w, https:\/\/laszlo1713.lima-city.de\/wp-content\/uploads\/2021\/07\/Screenshot-2021-07-22-at-12.11.16-300x196.jpg 300w, https:\/\/laszlo1713.lima-city.de\/wp-content\/uploads\/2021\/07\/Screenshot-2021-07-22-at-12.11.16-768x501.jpg 768w\" sizes=\"auto, (max-width: 706px) 89vw, (max-width: 767px) 82vw, 740px\" \/><\/figure>\n\n\n\n<hr class=\"wp-block-separator\"\/>\n\n\n\n<figure class=\"wp-block-image size-large\"><img loading=\"lazy\" decoding=\"async\" width=\"1024\" height=\"450\" src=\"https:\/\/laszlo1713.lima-city.de\/wp-content\/uploads\/2021\/07\/vathiotis_philippidis-1024x450.jpg\" alt=\"\" class=\"wp-image-3022\" srcset=\"https:\/\/laszlo1713.lima-city.de\/wp-content\/uploads\/2021\/07\/vathiotis_philippidis-1024x450.jpg 1024w, https:\/\/laszlo1713.lima-city.de\/wp-content\/uploads\/2021\/07\/vathiotis_philippidis-300x132.jpg 300w, https:\/\/laszlo1713.lima-city.de\/wp-content\/uploads\/2021\/07\/vathiotis_philippidis-768x337.jpg 768w, https:\/\/laszlo1713.lima-city.de\/wp-content\/uploads\/2021\/07\/vathiotis_philippidis.jpg 1366w\" sizes=\"auto, (max-width: 706px) 89vw, (max-width: 767px) 82vw, 740px\" \/><\/figure>\n\n\n\n<figure class=\"wp-block-image size-large\"><img loading=\"lazy\" decoding=\"async\" width=\"1024\" height=\"304\" src=\"https:\/\/laszlo1713.lima-city.de\/wp-content\/uploads\/2021\/07\/Screenshot-2021-07-22-at-12.52.40-1024x304.jpg\" alt=\"\" class=\"wp-image-3023\" srcset=\"https:\/\/laszlo1713.lima-city.de\/wp-content\/uploads\/2021\/07\/Screenshot-2021-07-22-at-12.52.40-1024x304.jpg 1024w, https:\/\/laszlo1713.lima-city.de\/wp-content\/uploads\/2021\/07\/Screenshot-2021-07-22-at-12.52.40-300x89.jpg 300w, https:\/\/laszlo1713.lima-city.de\/wp-content\/uploads\/2021\/07\/Screenshot-2021-07-22-at-12.52.40-768x228.jpg 768w, https:\/\/laszlo1713.lima-city.de\/wp-content\/uploads\/2021\/07\/Screenshot-2021-07-22-at-12.52.40.jpg 1480w\" sizes=\"auto, (max-width: 706px) 89vw, (max-width: 767px) 82vw, 740px\" \/><figcaption>Griechenland: Konstantinos Vathiotis ist ehemaliger stellvertretender Professor f\u00fcr Strafrecht der DEMOKRITISCHEN UNIVERSIT\u00c4T VON THRAKI. Er beschuldigte die Regierung des vors\u00e4tzlichen Totschlags wegen des Drucks, den sie auf die B\u00fcrger aus\u00fcbt, sich impfen zu lassen unter der Drohung das ansonsten ihr soziales und wirtschaftliches Leben zerst\u00f6ren w\u00fcrde.<br>\u201eBei der Art und Weise, wie die Impfung im Moment abl\u00e4uft, sind wir wegen Totschlags mit Vorsatz haftbar\u201c, sagte er.<br><em>\u201eWenn Sie eine Massenimpfung organisieren und es gibt Nebenwirkungen, worauf st\u00fctzen Sie Ihren Glauben, dass es nicht zu Todesf\u00e4llen kommen wird? Wie ich geschrieben habe und meinen Studenten beigebracht habe, wenn der T\u00e4ter das Ergebnis vorhersieht und dennoch weiter handelt, ohne seine \u00dcberzeugung auf eine objektive Grundlage zu st\u00fctzen, dann haben wir eine potenzielle Handlung von Totschlag.\u201c<\/em><\/figcaption><\/figure>\n\n\n\n<hr class=\"wp-block-separator\"\/>\n\n\n\n<figure class=\"wp-block-image size-large\"><img loading=\"lazy\" decoding=\"async\" width=\"1024\" height=\"681\" src=\"https:\/\/laszlo1713.lima-city.de\/wp-content\/uploads\/2021\/07\/Screenshot-2021-07-22-at-19.54.19-1024x681.jpg\" alt=\"\" class=\"wp-image-3025\" srcset=\"https:\/\/laszlo1713.lima-city.de\/wp-content\/uploads\/2021\/07\/Screenshot-2021-07-22-at-19.54.19-1024x681.jpg 1024w, https:\/\/laszlo1713.lima-city.de\/wp-content\/uploads\/2021\/07\/Screenshot-2021-07-22-at-19.54.19-300x199.jpg 300w, https:\/\/laszlo1713.lima-city.de\/wp-content\/uploads\/2021\/07\/Screenshot-2021-07-22-at-19.54.19-768x511.jpg 768w, https:\/\/laszlo1713.lima-city.de\/wp-content\/uploads\/2021\/07\/Screenshot-2021-07-22-at-19.54.19-1536x1021.jpg 1536w, https:\/\/laszlo1713.lima-city.de\/wp-content\/uploads\/2021\/07\/Screenshot-2021-07-22-at-19.54.19.jpg 1564w\" sizes=\"auto, (max-width: 706px) 89vw, (max-width: 767px) 82vw, 740px\" \/><figcaption>Die Beh\u00f6rden dr\u00e4ngen das Volk mit emotionalen Kampagnen zur Impfung. Ihre Informationen zu Wirksamkeit und Sicherheit sind jedoch fragw\u00fcrdig.<\/figcaption><\/figure>\n\n\n\n<figure class=\"wp-block-image size-large\"><img loading=\"lazy\" decoding=\"async\" width=\"800\" height=\"534\" src=\"https:\/\/laszlo1713.lima-city.de\/wp-content\/uploads\/2021\/07\/IMAGE-2021-07-22-195056.jpg\" alt=\"\" class=\"wp-image-3026\" srcset=\"https:\/\/laszlo1713.lima-city.de\/wp-content\/uploads\/2021\/07\/IMAGE-2021-07-22-195056.jpg 800w, https:\/\/laszlo1713.lima-city.de\/wp-content\/uploads\/2021\/07\/IMAGE-2021-07-22-195056-300x200.jpg 300w, https:\/\/laszlo1713.lima-city.de\/wp-content\/uploads\/2021\/07\/IMAGE-2021-07-22-195056-768x513.jpg 768w\" sizes=\"auto, (max-width: 706px) 89vw, (max-width: 767px) 82vw, 740px\" \/><\/figure>\n\n\n\n<figure class=\"wp-block-image size-large\"><img loading=\"lazy\" decoding=\"async\" width=\"698\" height=\"692\" src=\"https:\/\/laszlo1713.lima-city.de\/wp-content\/uploads\/2021\/07\/Screenshot-2021-07-22-at-19.51.34.jpg\" alt=\"\" class=\"wp-image-3027\" srcset=\"https:\/\/laszlo1713.lima-city.de\/wp-content\/uploads\/2021\/07\/Screenshot-2021-07-22-at-19.51.34.jpg 698w, https:\/\/laszlo1713.lima-city.de\/wp-content\/uploads\/2021\/07\/Screenshot-2021-07-22-at-19.51.34-300x297.jpg 300w, https:\/\/laszlo1713.lima-city.de\/wp-content\/uploads\/2021\/07\/Screenshot-2021-07-22-at-19.51.34-150x150.jpg 150w, https:\/\/laszlo1713.lima-city.de\/wp-content\/uploads\/2021\/07\/Screenshot-2021-07-22-at-19.51.34-100x100.jpg 100w\" sizes=\"auto, (max-width: 698px) 100vw, 698px\" \/><\/figure>\n\n\n\n<figure class=\"wp-block-image size-large\"><img loading=\"lazy\" decoding=\"async\" width=\"1024\" height=\"626\" src=\"https:\/\/laszlo1713.lima-city.de\/wp-content\/uploads\/2021\/07\/Screenshot-2021-07-22-at-19.52.01-1024x626.jpg\" alt=\"\" class=\"wp-image-3028\" srcset=\"https:\/\/laszlo1713.lima-city.de\/wp-content\/uploads\/2021\/07\/Screenshot-2021-07-22-at-19.52.01-1024x626.jpg 1024w, https:\/\/laszlo1713.lima-city.de\/wp-content\/uploads\/2021\/07\/Screenshot-2021-07-22-at-19.52.01-300x183.jpg 300w, https:\/\/laszlo1713.lima-city.de\/wp-content\/uploads\/2021\/07\/Screenshot-2021-07-22-at-19.52.01-768x470.jpg 768w, https:\/\/laszlo1713.lima-city.de\/wp-content\/uploads\/2021\/07\/Screenshot-2021-07-22-at-19.52.01-1536x939.jpg 1536w, https:\/\/laszlo1713.lima-city.de\/wp-content\/uploads\/2021\/07\/Screenshot-2021-07-22-at-19.52.01-2048x1252.jpg 2048w\" sizes=\"auto, (max-width: 706px) 89vw, (max-width: 767px) 82vw, 740px\" \/><\/figure>\n\n\n\n<hr class=\"wp-block-separator\"\/>\n\n\n\n<figure class=\"wp-block-image size-large\"><img loading=\"lazy\" decoding=\"async\" width=\"1024\" height=\"661\" src=\"https:\/\/laszlo1713.lima-city.de\/wp-content\/uploads\/2021\/07\/Screenshot-2021-07-22-at-19.52.24-1024x661.jpg\" alt=\"\" class=\"wp-image-3030\" srcset=\"https:\/\/laszlo1713.lima-city.de\/wp-content\/uploads\/2021\/07\/Screenshot-2021-07-22-at-19.52.24-1024x661.jpg 1024w, https:\/\/laszlo1713.lima-city.de\/wp-content\/uploads\/2021\/07\/Screenshot-2021-07-22-at-19.52.24-300x194.jpg 300w, https:\/\/laszlo1713.lima-city.de\/wp-content\/uploads\/2021\/07\/Screenshot-2021-07-22-at-19.52.24-768x496.jpg 768w, https:\/\/laszlo1713.lima-city.de\/wp-content\/uploads\/2021\/07\/Screenshot-2021-07-22-at-19.52.24-1536x991.jpg 1536w, https:\/\/laszlo1713.lima-city.de\/wp-content\/uploads\/2021\/07\/Screenshot-2021-07-22-at-19.52.24.jpg 1708w\" sizes=\"auto, (max-width: 706px) 89vw, (max-width: 767px) 82vw, 740px\" \/><\/figure>\n\n\n\n<figure class=\"wp-block-image size-large\"><img loading=\"lazy\" decoding=\"async\" width=\"800\" height=\"533\" src=\"https:\/\/laszlo1713.lima-city.de\/wp-content\/uploads\/2021\/07\/image.jpeg\" alt=\"\" class=\"wp-image-3033\" srcset=\"https:\/\/laszlo1713.lima-city.de\/wp-content\/uploads\/2021\/07\/image.jpeg 800w, https:\/\/laszlo1713.lima-city.de\/wp-content\/uploads\/2021\/07\/image-300x200.jpeg 300w, https:\/\/laszlo1713.lima-city.de\/wp-content\/uploads\/2021\/07\/image-768x512.jpeg 768w\" sizes=\"auto, (max-width: 706px) 89vw, (max-width: 767px) 82vw, 740px\" \/><\/figure>\n\n\n\n<p><em>Impfmobilit\u00e4t &#8211; hogy mennyire fontos nekik, m\u00e9g helybe is j\u00f6nnek. Igaz\u00e1n &#8220;kedves&#8221; dolog!<\/em><\/p>\n\n\n\n<hr class=\"wp-block-separator\"\/>\n\n\n\n<figure class=\"wp-block-image size-large\"><img loading=\"lazy\" decoding=\"async\" width=\"1024\" height=\"558\" src=\"https:\/\/laszlo1713.lima-city.de\/wp-content\/uploads\/2021\/07\/IMAGE-2021-07-22-202045-1024x558.jpg\" alt=\"\" class=\"wp-image-3035\" srcset=\"https:\/\/laszlo1713.lima-city.de\/wp-content\/uploads\/2021\/07\/IMAGE-2021-07-22-202045-1024x558.jpg 1024w, https:\/\/laszlo1713.lima-city.de\/wp-content\/uploads\/2021\/07\/IMAGE-2021-07-22-202045-300x163.jpg 300w, https:\/\/laszlo1713.lima-city.de\/wp-content\/uploads\/2021\/07\/IMAGE-2021-07-22-202045-768x418.jpg 768w, https:\/\/laszlo1713.lima-city.de\/wp-content\/uploads\/2021\/07\/IMAGE-2021-07-22-202045.jpg 1032w\" sizes=\"auto, (max-width: 706px) 89vw, (max-width: 767px) 82vw, 740px\" \/><\/figure>\n\n\n\n<hr class=\"wp-block-separator\"\/>\n\n\n\n<figure class=\"wp-block-image size-large\"><img loading=\"lazy\" decoding=\"async\" width=\"680\" height=\"380\" src=\"https:\/\/laszlo1713.lima-city.de\/wp-content\/uploads\/2021\/07\/Screenshot-2021-07-22-at-20.43.21.jpg\" alt=\"\" class=\"wp-image-3037\" srcset=\"https:\/\/laszlo1713.lima-city.de\/wp-content\/uploads\/2021\/07\/Screenshot-2021-07-22-at-20.43.21.jpg 680w, https:\/\/laszlo1713.lima-city.de\/wp-content\/uploads\/2021\/07\/Screenshot-2021-07-22-at-20.43.21-300x168.jpg 300w\" sizes=\"auto, (max-width: 680px) 100vw, 680px\" \/><figcaption><strong>&#8220;Die Pandemie ist erst vorbei, wenn sie weltweit vorbei ist, wenn W I R&nbsp; die ganze Welt geimpft haben&#8230;..&#8221;<\/strong>&nbsp;          (J. Spahn)<br><br><br>Das sind die Worte von Jens Spahn. Ganz neu ist die Phrase nicht, Merkel selbst hat es in gleicher Form gesagt, allerdings ist es immer gut, wenn man vor Augen hat, dass das Regime von den wahnsinnigen Pl\u00e4nen keinen Millimeter abger\u00fcckt ist &amp; dass die #Scamdemie nach diesen kriterien NIE beendet wird. Das bedeutet, dass sich nochmals jeder vergegenw\u00e4rtigen muss, dass zur Beendigung der #Tyrannei das Regime \u00fcberwunden werden muss.&nbsp; &nbsp;<br><br><br>Es ist i.\u00dc. bemerkenswert, dass Spahn die Durchimpfung der Welt ausgerechnet mit dem Marxisten <a href=\"https:\/\/archive.ph\/kxrBF\">Tedros<\/a> bespricht, welcher mutma\u00dflich ein Genozid &#8211; erprobter Regierungspolitiker ist (bzw. damals war).<\/figcaption><\/figure>\n\n\n\n<hr class=\"wp-block-separator\"\/>\n\n\n\n<figure class=\"wp-block-image size-large\"><img loading=\"lazy\" decoding=\"async\" width=\"1024\" height=\"680\" src=\"https:\/\/laszlo1713.lima-city.de\/wp-content\/uploads\/2021\/07\/Screenshot-2021-07-23-at-07.38.00-1024x680.jpg\" alt=\"\" class=\"wp-image-3040\" srcset=\"https:\/\/laszlo1713.lima-city.de\/wp-content\/uploads\/2021\/07\/Screenshot-2021-07-23-at-07.38.00-1024x680.jpg 1024w, https:\/\/laszlo1713.lima-city.de\/wp-content\/uploads\/2021\/07\/Screenshot-2021-07-23-at-07.38.00-300x199.jpg 300w, https:\/\/laszlo1713.lima-city.de\/wp-content\/uploads\/2021\/07\/Screenshot-2021-07-23-at-07.38.00-768x510.jpg 768w, https:\/\/laszlo1713.lima-city.de\/wp-content\/uploads\/2021\/07\/Screenshot-2021-07-23-at-07.38.00-1536x1019.jpg 1536w, https:\/\/laszlo1713.lima-city.de\/wp-content\/uploads\/2021\/07\/Screenshot-2021-07-23-at-07.38.00.jpg 1576w\" sizes=\"auto, (max-width: 706px) 89vw, (max-width: 767px) 82vw, 740px\" \/><figcaption>Der \u201ej\u00fcdische Staat\u201c hat es erfolgreich verstanden, sein Land in Form von Unterdr\u00fcckung, Landraub, Vandalismus, illegaler Besatzung und Bespitzelung als \u201ezionistisches Projekt\u201c darzustellen. Die traurige Wirklichkeit zeigt sich in der Tatsache, dass es der \u201ej\u00fcdische Staat\u201c seit Gr\u00fcndung vor 73 Jahren nicht geschafft hat, sich zu einem normalen Staat zu entwickeln. Das zionistische Projekt ist ein aggressives Beispiel f\u00fcr Bedrohung in der Region und ohne den Willen f\u00fcr einen Frieden mit seinen Nachbarn, geschweige denn mit den Ur-Einwohnern, den Pal\u00e4stinensern. (<strong><em>Evelyn Hecht-Galinski<\/em><\/strong>)<\/figcaption><\/figure>\n\n\n\n<hr class=\"wp-block-separator\"\/>\n\n\n\n<figure class=\"wp-block-image size-large\"><img loading=\"lazy\" decoding=\"async\" width=\"1024\" height=\"686\" src=\"https:\/\/laszlo1713.lima-city.de\/wp-content\/uploads\/2021\/07\/Screenshot-2021-07-23-at-10.47.52-1024x686.jpg\" alt=\"\" class=\"wp-image-3043\" srcset=\"https:\/\/laszlo1713.lima-city.de\/wp-content\/uploads\/2021\/07\/Screenshot-2021-07-23-at-10.47.52-1024x686.jpg 1024w, https:\/\/laszlo1713.lima-city.de\/wp-content\/uploads\/2021\/07\/Screenshot-2021-07-23-at-10.47.52-300x201.jpg 300w, https:\/\/laszlo1713.lima-city.de\/wp-content\/uploads\/2021\/07\/Screenshot-2021-07-23-at-10.47.52-768x514.jpg 768w, https:\/\/laszlo1713.lima-city.de\/wp-content\/uploads\/2021\/07\/Screenshot-2021-07-23-at-10.47.52.jpg 1532w\" sizes=\"auto, (max-width: 706px) 89vw, (max-width: 767px) 82vw, 740px\" \/><figcaption>Val\u00f3ban? Igaza van? Az eg\u00e9sz csak az er\u0151viszonyok k\u00e9rd\u00e9se: addig igaz a dolog,  am\u00edg Schwab \u00e9s t\u00e1rsai tehetik, amit tesznek. <\/figcaption><\/figure>\n\n\n\n<hr class=\"wp-block-separator\"\/>\n\n\n\n<figure class=\"wp-block-image size-large\"><img loading=\"lazy\" decoding=\"async\" width=\"1024\" height=\"1024\" src=\"https:\/\/laszlo1713.lima-city.de\/wp-content\/uploads\/2021\/07\/IMAGE-2021-07-23-105144-1024x1024.jpg\" alt=\"\" class=\"wp-image-3046\" srcset=\"https:\/\/laszlo1713.lima-city.de\/wp-content\/uploads\/2021\/07\/IMAGE-2021-07-23-105144-1024x1024.jpg 1024w, https:\/\/laszlo1713.lima-city.de\/wp-content\/uploads\/2021\/07\/IMAGE-2021-07-23-105144-300x300.jpg 300w, https:\/\/laszlo1713.lima-city.de\/wp-content\/uploads\/2021\/07\/IMAGE-2021-07-23-105144-150x150.jpg 150w, https:\/\/laszlo1713.lima-city.de\/wp-content\/uploads\/2021\/07\/IMAGE-2021-07-23-105144-768x768.jpg 768w, https:\/\/laszlo1713.lima-city.de\/wp-content\/uploads\/2021\/07\/IMAGE-2021-07-23-105144-100x100.jpg 100w, https:\/\/laszlo1713.lima-city.de\/wp-content\/uploads\/2021\/07\/IMAGE-2021-07-23-105144.jpg 1280w\" sizes=\"auto, (max-width: 706px) 89vw, (max-width: 767px) 82vw, 740px\" \/><\/figure>\n\n\n\n<figure class=\"wp-block-image size-large\"><img loading=\"lazy\" decoding=\"async\" width=\"960\" height=\"720\" src=\"https:\/\/laszlo1713.lima-city.de\/wp-content\/uploads\/2021\/07\/2021-07-23-10.52.09.jpg\" alt=\"\" class=\"wp-image-3047\" srcset=\"https:\/\/laszlo1713.lima-city.de\/wp-content\/uploads\/2021\/07\/2021-07-23-10.52.09.jpg 960w, https:\/\/laszlo1713.lima-city.de\/wp-content\/uploads\/2021\/07\/2021-07-23-10.52.09-300x225.jpg 300w, https:\/\/laszlo1713.lima-city.de\/wp-content\/uploads\/2021\/07\/2021-07-23-10.52.09-768x576.jpg 768w\" sizes=\"auto, (max-width: 706px) 89vw, (max-width: 767px) 82vw, 740px\" \/><figcaption>Megt\u00e9veszt\u00e9s, hazugs\u00e1g \u00e9s hat\u00e1rtalan h\u00fclyes\u00e9g a m\u00e1sik oldalon.<\/figcaption><\/figure>\n\n\n\n<hr class=\"wp-block-separator\"\/>\n\n\n\n<figure class=\"wp-block-image size-large\"><img loading=\"lazy\" decoding=\"async\" width=\"740\" height=\"1024\" src=\"https:\/\/laszlo1713.lima-city.de\/wp-content\/uploads\/2021\/07\/IMAGE-2021-07-23-105527-740x1024.jpg\" alt=\"\" class=\"wp-image-3049\" srcset=\"https:\/\/laszlo1713.lima-city.de\/wp-content\/uploads\/2021\/07\/IMAGE-2021-07-23-105527-740x1024.jpg 740w, https:\/\/laszlo1713.lima-city.de\/wp-content\/uploads\/2021\/07\/IMAGE-2021-07-23-105527-217x300.jpg 217w, https:\/\/laszlo1713.lima-city.de\/wp-content\/uploads\/2021\/07\/IMAGE-2021-07-23-105527-768x1062.jpg 768w, https:\/\/laszlo1713.lima-city.de\/wp-content\/uploads\/2021\/07\/IMAGE-2021-07-23-105527.jpg 828w\" sizes=\"auto, (max-width: 706px) 89vw, (max-width: 767px) 82vw, 740px\" \/><\/figure>\n\n\n\n<hr class=\"wp-block-separator\"\/>\n\n\n\n<p>*<strong>THE SNAKES ARE COMING OUT.* &nbsp;<\/strong><\/p>\n\n\n\n<p><em>The masks begin to fall off !&nbsp; *\u201cThe Chinese biological laboratory in Wuhan is owned by GlaxoSmithKline, which (accidentally) owns Pfizer!\u201d*&nbsp; (the one who makes the vaccine against the virus which (accidentally) started at the Wuhan Biological Lab and which was (accidentally) funded by Dr. Fauci, who (accidentally) promotes the vaccine ! &nbsp;<\/em><\/p>\n\n\n\n<p>*<em>&#8220;GlaxoSmithKline is (accidentally) managed by the finance division of Black Rock, which (accidentally) manages the finances of the Open Foundation Company (Soros Foundation), which (accidentally) manages the French AXA !\u201d*&nbsp; &nbsp;<\/em><\/p>\n\n\n\n<p><em>Soros (accidentally) owns the German company Winterthur, which (accidentally) built a Chinese laboratory in Wuhan and was bought by the German Allianz, which (coincidentally) has Vanguard as a shareholder, who (coincidentally) is a shareholder of Black Rock, which (coincidentally) controls central banks and manages about a third of global investment capital.&nbsp; \u201cBlack Rock&#8221; is also (coincidentally) a major shareholder of MICROSOFT, owned by Bill Gates, who (coincidentally) is a shareholder of Pfizer (which &#8211; remember ? sells a miracle vaccine) and (coincidentally) is now the first sponsor of the WHO ! &nbsp;<\/em><\/p>\n\n\n\n<p><em>Now you understand how a dead bat sold in a wet market in China has infected the WHOLE PLANET !&#8221;&#8221; &nbsp;<\/em><\/p>\n\n\n\n<p><em>Now you know pass it on until whole world knows.<\/em><\/p>\n\n\n\n<p><span class=\"has-inline-color has-vivid-purple-color\">@NicholasVeniamin<\/span><\/p>\n\n\n\n<hr class=\"wp-block-separator\"\/>\n\n\n\n<hr class=\"wp-block-separator\"\/>\n\n\n\n<figure class=\"wp-block-image size-large\"><img loading=\"lazy\" decoding=\"async\" width=\"748\" height=\"1024\" src=\"https:\/\/laszlo1713.lima-city.de\/wp-content\/uploads\/2021\/07\/IMAGE-2021-07-23-151245-748x1024.jpg\" alt=\"\" class=\"wp-image-3053\" srcset=\"https:\/\/laszlo1713.lima-city.de\/wp-content\/uploads\/2021\/07\/IMAGE-2021-07-23-151245-748x1024.jpg 748w, https:\/\/laszlo1713.lima-city.de\/wp-content\/uploads\/2021\/07\/IMAGE-2021-07-23-151245-219x300.jpg 219w, https:\/\/laszlo1713.lima-city.de\/wp-content\/uploads\/2021\/07\/IMAGE-2021-07-23-151245-768x1051.jpg 768w, https:\/\/laszlo1713.lima-city.de\/wp-content\/uploads\/2021\/07\/IMAGE-2021-07-23-151245.jpg 935w\" sizes=\"auto, (max-width: 706px) 89vw, (max-width: 767px) 82vw, 740px\" \/><\/figure>\n\n\n\n<hr class=\"wp-block-separator\"\/>\n\n\n\n<figure class=\"wp-block-image size-large\"><img loading=\"lazy\" decoding=\"async\" width=\"1024\" height=\"678\" src=\"https:\/\/laszlo1713.lima-city.de\/wp-content\/uploads\/2021\/07\/IMAGE-2021-07-23-151012-1024x678.jpg\" alt=\"\" class=\"wp-image-3054\" srcset=\"https:\/\/laszlo1713.lima-city.de\/wp-content\/uploads\/2021\/07\/IMAGE-2021-07-23-151012-1024x678.jpg 1024w, https:\/\/laszlo1713.lima-city.de\/wp-content\/uploads\/2021\/07\/IMAGE-2021-07-23-151012-300x199.jpg 300w, https:\/\/laszlo1713.lima-city.de\/wp-content\/uploads\/2021\/07\/IMAGE-2021-07-23-151012-768x509.jpg 768w, https:\/\/laszlo1713.lima-city.de\/wp-content\/uploads\/2021\/07\/IMAGE-2021-07-23-151012.jpg 1140w\" sizes=\"auto, (max-width: 706px) 89vw, (max-width: 767px) 82vw, 740px\" \/><\/figure>\n\n\n\n<hr class=\"wp-block-separator\"\/>\n\n\n\n<figure class=\"wp-block-image size-large\"><img loading=\"lazy\" decoding=\"async\" width=\"1024\" height=\"538\" src=\"https:\/\/laszlo1713.lima-city.de\/wp-content\/uploads\/2021\/07\/Screenshot-2021-07-23-at-21.04.44-1024x538.jpg\" alt=\"\" class=\"wp-image-3057\" srcset=\"https:\/\/laszlo1713.lima-city.de\/wp-content\/uploads\/2021\/07\/Screenshot-2021-07-23-at-21.04.44-1024x538.jpg 1024w, https:\/\/laszlo1713.lima-city.de\/wp-content\/uploads\/2021\/07\/Screenshot-2021-07-23-at-21.04.44-300x158.jpg 300w, https:\/\/laszlo1713.lima-city.de\/wp-content\/uploads\/2021\/07\/Screenshot-2021-07-23-at-21.04.44-768x404.jpg 768w, https:\/\/laszlo1713.lima-city.de\/wp-content\/uploads\/2021\/07\/Screenshot-2021-07-23-at-21.04.44-1536x808.jpg 1536w, https:\/\/laszlo1713.lima-city.de\/wp-content\/uploads\/2021\/07\/Screenshot-2021-07-23-at-21.04.44.jpg 1704w\" sizes=\"auto, (max-width: 706px) 89vw, (max-width: 767px) 82vw, 740px\" \/><\/figure>\n\n\n\n<hr class=\"wp-block-separator\"\/>\n\n\n\n<figure class=\"wp-block-image size-large\"><img loading=\"lazy\" decoding=\"async\" width=\"1024\" height=\"938\" src=\"https:\/\/laszlo1713.lima-city.de\/wp-content\/uploads\/2021\/07\/Screenshot-2021-07-23-at-21.54.58-1024x938.jpg\" alt=\"\" class=\"wp-image-3063\" srcset=\"https:\/\/laszlo1713.lima-city.de\/wp-content\/uploads\/2021\/07\/Screenshot-2021-07-23-at-21.54.58-1024x938.jpg 1024w, https:\/\/laszlo1713.lima-city.de\/wp-content\/uploads\/2021\/07\/Screenshot-2021-07-23-at-21.54.58-300x275.jpg 300w, https:\/\/laszlo1713.lima-city.de\/wp-content\/uploads\/2021\/07\/Screenshot-2021-07-23-at-21.54.58-768x703.jpg 768w, https:\/\/laszlo1713.lima-city.de\/wp-content\/uploads\/2021\/07\/Screenshot-2021-07-23-at-21.54.58.jpg 1424w\" sizes=\"auto, (max-width: 706px) 89vw, (max-width: 767px) 82vw, 740px\" \/><figcaption>RRN has heard from sources both in the military and within Trump\u2019s inner circle, all of whom claim the White House is being preserved for its proper occupant, Donald J. Trump, whose return to authority is imminent.<\/figcaption><\/figure>\n\n\n\n<hr class=\"wp-block-separator\"\/>\n\n\n\n<figure class=\"wp-block-image size-large\"><img loading=\"lazy\" decoding=\"async\" width=\"1024\" height=\"835\" src=\"https:\/\/laszlo1713.lima-city.de\/wp-content\/uploads\/2021\/07\/Screenshot-2021-07-23-at-22.33.43-1024x835.jpg\" alt=\"\" class=\"wp-image-3065\" srcset=\"https:\/\/laszlo1713.lima-city.de\/wp-content\/uploads\/2021\/07\/Screenshot-2021-07-23-at-22.33.43-1024x835.jpg 1024w, https:\/\/laszlo1713.lima-city.de\/wp-content\/uploads\/2021\/07\/Screenshot-2021-07-23-at-22.33.43-300x244.jpg 300w, https:\/\/laszlo1713.lima-city.de\/wp-content\/uploads\/2021\/07\/Screenshot-2021-07-23-at-22.33.43-768x626.jpg 768w, https:\/\/laszlo1713.lima-city.de\/wp-content\/uploads\/2021\/07\/Screenshot-2021-07-23-at-22.33.43.jpg 1416w\" sizes=\"auto, (max-width: 706px) 89vw, (max-width: 767px) 82vw, 740px\" \/><figcaption><em>Die WHO hat offizielle Empfehlungen zur Gen-Manipulation des Menschen ver\u00f6ffentlicht.<\/em><br>Wer bisher davor warnte, dass die Corona-\u201eImpfungen\u201c den Einstieg in die genetische Manipulation des Menschen bedeuten, sah sich harten Angriffen von Qualit\u00e4tsmedien, Politikern und Aktivisten ausgesetzt, die dies abstritten und die entsprechenden Bef\u00fcrchtungen ins L\u00e4cherliche zogen. Doch all das ist jetzt Makulatur: Am 12. Juli 2020 hat die WHO selbst die Katze aus dem Sack gelassen und \u2013 auf der WHO-Website f\u00fcr jeden nachschlagbar \u2013 Empfehlungen zur genetischen Manipulation des Menschen \u201ezur F\u00f6rderung der \u00f6ffentlichen Gesundheit\u201c ver\u00f6ffentlicht (1).<\/figcaption><\/figure>\n\n\n\n<figure class=\"wp-block-image size-large\"><img loading=\"lazy\" decoding=\"async\" width=\"1024\" height=\"639\" src=\"https:\/\/laszlo1713.lima-city.de\/wp-content\/uploads\/2021\/07\/Screenshot-2021-07-23-at-22.35.18-1024x639.jpg\" alt=\"\" class=\"wp-image-3067\" srcset=\"https:\/\/laszlo1713.lima-city.de\/wp-content\/uploads\/2021\/07\/Screenshot-2021-07-23-at-22.35.18-1024x639.jpg 1024w, https:\/\/laszlo1713.lima-city.de\/wp-content\/uploads\/2021\/07\/Screenshot-2021-07-23-at-22.35.18-300x187.jpg 300w, https:\/\/laszlo1713.lima-city.de\/wp-content\/uploads\/2021\/07\/Screenshot-2021-07-23-at-22.35.18-768x479.jpg 768w, https:\/\/laszlo1713.lima-city.de\/wp-content\/uploads\/2021\/07\/Screenshot-2021-07-23-at-22.35.18-1536x958.jpg 1536w, https:\/\/laszlo1713.lima-city.de\/wp-content\/uploads\/2021\/07\/Screenshot-2021-07-23-at-22.35.18.jpg 1642w\" sizes=\"auto, (max-width: 706px) 89vw, (max-width: 767px) 82vw, 740px\" \/><figcaption>Die Weltgesundheitsorganisation, \u00fcber die man vor der Coronakrise in den Medien S\u00e4tze wie \u201eDie WHO h\u00e4ngt selbst am Geldtropf der Gates-Foundation\u201c lesen konnte, schreibt in ihrem Nachrichtenartikel \u201eWHO gibt neue Empfehlungen zum Human Genome Editing f\u00fcr die F\u00f6rderung der \u00f6ffentlichen Gesundheit heraus\u201c zur Ver\u00e4nderung beziehungsweise zur Manipulation des menschlichen Erbgutes (1-3):<br><em>\u201eZwei neue Berichte, die heute von der Weltgesundheitsorganisation (WHO) ver\u00f6ffentlicht wurden, enthalten die ersten globalen Empfehlungen zur Etablierung von Human Genome Editing als Instrument f\u00fcr die \u00f6ffentliche Gesundheit, wobei der Schwerpunkt auf Sicherheit, Wirksamkeit und Ethik liegt.<\/em><br><em>Die zukunftsweisenden neuen Berichte sind das Ergebnis der ersten breit angelegten, globalen Konsultation, die sich mit dem somatischen, keimbahnspezifischen und vererbbaren Human Genome Editing befasste. An der Konsultation, die sich \u00fcber zwei Jahre erstreckte, nahmen Hunderte von Teilnehmern teil, die unterschiedliche Perspektiven aus der ganzen Welt vertraten, darunter Wissenschaftler und Forscher, Patientengruppen, Glaubensf\u00fchrer und indigene V\u00f6lker.<\/em><br><em>\u201aDie Editierung des menschlichen Erbgutes hat das Potenzial, unsere F\u00e4higkeit zur Behandlung und Heilung von Krankheiten zu verbessern, aber die volle Wirkung wird sich nur entfalten, wenn wir es zum Wohle aller Menschen einsetzen, anstatt die gesundheitliche Ungleichheit zwischen und innerhalb von L\u00e4ndern zu verst\u00e4rken\u2018, sagte Dr. Tedros Adhanom Ghebreyesus, WHO-Generaldirektor.\u201c<\/em><br>Da trifft es sich gut, dass das Gentechnik-Gesetz in Deutschland seit seiner letzten \u00c4nderung nicht mehr wie zuvor alle Lebewesen, sondern jetzt \u201ealle Lebewesen au\u00dfer Menschen\u201c beinhaltet.<br>Die WHO wiederum geht offenbar felsenfest davon aus, dass \u201eihre Empfehlungen\u201c zur DNA-Manipulation weltweit umgesetzt werden, obwohl die Bev\u00f6lkerung noch gar nichts davon wei\u00df. So hei\u00dft es in der oben genannten Mitteilung der Weltgesundheitsorganisation:<br><em>\u201eDie Empfehlungen konzentrieren sich auf Verbesserungen auf Systemebene, die zum Aufbau von Kapazit\u00e4ten in allen L\u00e4ndern erforderlich sind, um sicherzustellen, dass die Bearbeitung des menschlichen Genoms sicher, effektiv und ethisch einwandfrei verwendet wird.\u201c<\/em><\/figcaption><\/figure>\n\n\n\n<hr class=\"wp-block-separator\"\/>\n\n\n\n<figure class=\"wp-block-image size-large\"><img loading=\"lazy\" decoding=\"async\" width=\"1024\" height=\"636\" src=\"https:\/\/laszlo1713.lima-city.de\/wp-content\/uploads\/2021\/07\/IMAGE-2021-07-25-194629.jpg\" alt=\"\" class=\"wp-image-3069\" srcset=\"https:\/\/laszlo1713.lima-city.de\/wp-content\/uploads\/2021\/07\/IMAGE-2021-07-25-194629.jpg 1024w, https:\/\/laszlo1713.lima-city.de\/wp-content\/uploads\/2021\/07\/IMAGE-2021-07-25-194629-300x186.jpg 300w, https:\/\/laszlo1713.lima-city.de\/wp-content\/uploads\/2021\/07\/IMAGE-2021-07-25-194629-768x477.jpg 768w\" sizes=\"auto, (max-width: 706px) 89vw, (max-width: 767px) 82vw, 740px\" \/><figcaption>Mel Gibson. \u0150 is &#8220;\u00f6sszeesk\u00fcv\u0151&#8221; (lett)?  Ugyan ki (mi) ellen? <\/figcaption><\/figure>\n\n\n\n<hr class=\"wp-block-separator\"\/>\n\n\n\n<figure class=\"wp-block-image size-large\"><img loading=\"lazy\" decoding=\"async\" width=\"1024\" height=\"937\" src=\"https:\/\/laszlo1713.lima-city.de\/wp-content\/uploads\/2021\/07\/IMG_1278-1024x937.jpg\" alt=\"\" class=\"wp-image-3073\" srcset=\"https:\/\/laszlo1713.lima-city.de\/wp-content\/uploads\/2021\/07\/IMG_1278-1024x937.jpg 1024w, https:\/\/laszlo1713.lima-city.de\/wp-content\/uploads\/2021\/07\/IMG_1278-300x274.jpg 300w, https:\/\/laszlo1713.lima-city.de\/wp-content\/uploads\/2021\/07\/IMG_1278-768x702.jpg 768w, https:\/\/laszlo1713.lima-city.de\/wp-content\/uploads\/2021\/07\/IMG_1278.jpg 1242w\" sizes=\"auto, (max-width: 706px) 89vw, (max-width: 767px) 82vw, 740px\" \/><figcaption>A m\u00e9di\u00e1k szerepe a gy\u0151zelemben (csal\u00e1sban).<\/figcaption><\/figure>\n\n\n\n<figure class=\"wp-block-image size-large\"><img loading=\"lazy\" decoding=\"async\" width=\"1024\" height=\"575\" src=\"https:\/\/laszlo1713.lima-city.de\/wp-content\/uploads\/2021\/07\/IMG_1279-1024x575.jpg\" alt=\"\" class=\"wp-image-3075\" srcset=\"https:\/\/laszlo1713.lima-city.de\/wp-content\/uploads\/2021\/07\/IMG_1279-1024x575.jpg 1024w, https:\/\/laszlo1713.lima-city.de\/wp-content\/uploads\/2021\/07\/IMG_1279-300x169.jpg 300w, https:\/\/laszlo1713.lima-city.de\/wp-content\/uploads\/2021\/07\/IMG_1279-768x431.jpg 768w, https:\/\/laszlo1713.lima-city.de\/wp-content\/uploads\/2021\/07\/IMG_1279.jpg 1280w\" sizes=\"auto, (max-width: 706px) 89vw, (max-width: 767px) 82vw, 740px\" \/><figcaption>A v\u00e1laszt\u00e1si csal\u00e1s  r\u00f6vid \u00e1ttekint\u00e9sben. Hogyan tov\u00e1bb?<\/figcaption><\/figure>\n\n\n\n<hr class=\"wp-block-separator\"\/>\n\n\n\n<figure class=\"wp-block-image size-large\"><img loading=\"lazy\" decoding=\"async\" width=\"1024\" height=\"903\" src=\"https:\/\/laszlo1713.lima-city.de\/wp-content\/uploads\/2021\/07\/Screenshot-2021-07-28-at-06.44.16-1024x903.jpg\" alt=\"\" class=\"wp-image-3077\" srcset=\"https:\/\/laszlo1713.lima-city.de\/wp-content\/uploads\/2021\/07\/Screenshot-2021-07-28-at-06.44.16-1024x903.jpg 1024w, https:\/\/laszlo1713.lima-city.de\/wp-content\/uploads\/2021\/07\/Screenshot-2021-07-28-at-06.44.16-300x265.jpg 300w, https:\/\/laszlo1713.lima-city.de\/wp-content\/uploads\/2021\/07\/Screenshot-2021-07-28-at-06.44.16-768x677.jpg 768w, https:\/\/laszlo1713.lima-city.de\/wp-content\/uploads\/2021\/07\/Screenshot-2021-07-28-at-06.44.16.jpg 1338w\" sizes=\"auto, (max-width: 706px) 89vw, (max-width: 767px) 82vw, 740px\" \/><figcaption>Actor Tom Hanks has left the earth, put to death by a military tribunal that found him guilty of pedophilia and child endangerment. &#8230; Other videos showed Hanks involved in adrenochrome parties, gatherings at which the liberal elite and Hollywood A-listers comingle and inject into themselves an ungodly chemical compound made of oxidized adrenaline, which is extracted from frightened and tortured children, and synthetic opiates. Those who partake in the luciferian ritual believe the compound prevents illness, extends life, and enhances sexual prowess. One video showed Hanks and songstress Lady GaGa injecting each other while an unseen child\u2019s screams, the wailing sound of death, echoed in the background.<\/figcaption><\/figure>\n\n\n\n<hr class=\"wp-block-separator\"\/>\n\n\n\n<figure class=\"wp-block-image size-large\"><img loading=\"lazy\" decoding=\"async\" width=\"523\" height=\"800\" src=\"https:\/\/laszlo1713.lima-city.de\/wp-content\/uploads\/2021\/07\/IMAGE-2021-07-28-091335.jpg\" alt=\"\" class=\"wp-image-3080\" srcset=\"https:\/\/laszlo1713.lima-city.de\/wp-content\/uploads\/2021\/07\/IMAGE-2021-07-28-091335.jpg 523w, https:\/\/laszlo1713.lima-city.de\/wp-content\/uploads\/2021\/07\/IMAGE-2021-07-28-091335-196x300.jpg 196w\" sizes=\"auto, (max-width: 523px) 100vw, 523px\" \/><figcaption>Gratul\u00e1lok Greta, n\u00e1lad h\u00fcly\u00e9bb nincs az eg\u00e9sz vil\u00e1gon. <\/figcaption><\/figure>\n\n\n\n<hr class=\"wp-block-separator\"\/>\n\n\n\n<figure class=\"wp-block-image size-large\"><img loading=\"lazy\" decoding=\"async\" width=\"575\" height=\"1024\" src=\"https:\/\/laszlo1713.lima-city.de\/wp-content\/uploads\/2021\/07\/IMAGE-2021-07-28-171419-575x1024.jpg\" alt=\"\" class=\"wp-image-3083\" srcset=\"https:\/\/laszlo1713.lima-city.de\/wp-content\/uploads\/2021\/07\/IMAGE-2021-07-28-171419-575x1024.jpg 575w, https:\/\/laszlo1713.lima-city.de\/wp-content\/uploads\/2021\/07\/IMAGE-2021-07-28-171419-169x300.jpg 169w, https:\/\/laszlo1713.lima-city.de\/wp-content\/uploads\/2021\/07\/IMAGE-2021-07-28-171419.jpg 719w\" sizes=\"auto, (max-width: 575px) 100vw, 575px\" \/><figcaption>N\u00fcrnbergi (Volksfest) akci\u00f3. Kedvezm\u00e9nyes? V\u00e9gzetes? <\/figcaption><\/figure>\n\n\n\n<hr class=\"wp-block-separator\"\/>\n\n\n\n<figure class=\"wp-block-image size-large\"><img loading=\"lazy\" decoding=\"async\" width=\"1024\" height=\"811\" src=\"https:\/\/laszlo1713.lima-city.de\/wp-content\/uploads\/2021\/07\/Screenshot-2021-07-29-at-13.40.45-1024x811.jpg\" alt=\"\" class=\"wp-image-3086\" srcset=\"https:\/\/laszlo1713.lima-city.de\/wp-content\/uploads\/2021\/07\/Screenshot-2021-07-29-at-13.40.45-1024x811.jpg 1024w, https:\/\/laszlo1713.lima-city.de\/wp-content\/uploads\/2021\/07\/Screenshot-2021-07-29-at-13.40.45-300x238.jpg 300w, https:\/\/laszlo1713.lima-city.de\/wp-content\/uploads\/2021\/07\/Screenshot-2021-07-29-at-13.40.45-768x608.jpg 768w, https:\/\/laszlo1713.lima-city.de\/wp-content\/uploads\/2021\/07\/Screenshot-2021-07-29-at-13.40.45.jpg 1288w\" sizes=\"auto, (max-width: 706px) 89vw, (max-width: 767px) 82vw, 740px\" \/><figcaption>Semmi k\u00fcl\u00f6n\u00f6s (norm\u00e1lis?) &#8211; egyszer\u0171 ok-okozati \u00f6sszef\u00fcgg\u00e9s.<\/figcaption><\/figure>\n\n\n\n<hr class=\"wp-block-separator\"\/>\n\n\n\n<figure class=\"wp-block-image size-large\"><img loading=\"lazy\" decoding=\"async\" width=\"933\" height=\"621\" src=\"https:\/\/laszlo1713.lima-city.de\/wp-content\/uploads\/2021\/07\/IMAGE-2021-07-29-134110.jpg\" alt=\"\" class=\"wp-image-3088\" srcset=\"https:\/\/laszlo1713.lima-city.de\/wp-content\/uploads\/2021\/07\/IMAGE-2021-07-29-134110.jpg 933w, https:\/\/laszlo1713.lima-city.de\/wp-content\/uploads\/2021\/07\/IMAGE-2021-07-29-134110-300x200.jpg 300w, https:\/\/laszlo1713.lima-city.de\/wp-content\/uploads\/2021\/07\/IMAGE-2021-07-29-134110-768x511.jpg 768w\" sizes=\"auto, (max-width: 706px) 89vw, (max-width: 767px) 82vw, 740px\" \/><figcaption>A (hallatlan, &#8220;internacionalista&#8221;) v\u00e1laszt\u00e1si csal\u00e1s nem hozott (hozhatott) \u00faj helyzetet: Donald J. Trump tov\u00e1bbra is az USA eln\u00f6ke.  Reszkessetek egerek (globalista pedofilok)!<\/figcaption><\/figure>\n\n\n\n<hr class=\"wp-block-separator\"\/>\n\n\n\n<figure class=\"wp-block-image size-large is-resized\"><img loading=\"lazy\" decoding=\"async\" src=\"https:\/\/laszlo1713.lima-city.de\/wp-content\/uploads\/2021\/07\/IMAGE-2021-07-29-154358.jpg\" alt=\"\" class=\"wp-image-3091\" width=\"674\" height=\"582\" srcset=\"https:\/\/laszlo1713.lima-city.de\/wp-content\/uploads\/2021\/07\/IMAGE-2021-07-29-154358.jpg 800w, https:\/\/laszlo1713.lima-city.de\/wp-content\/uploads\/2021\/07\/IMAGE-2021-07-29-154358-300x259.jpg 300w, https:\/\/laszlo1713.lima-city.de\/wp-content\/uploads\/2021\/07\/IMAGE-2021-07-29-154358-768x663.jpg 768w\" sizes=\"auto, (max-width: 674px) 100vw, 674px\" \/><figcaption>Vil\u00e1gos. Akkor vajon mi\u00e9rt?<\/figcaption><\/figure>\n\n\n\n<hr class=\"wp-block-separator\"\/>\n\n\n\n<figure class=\"wp-block-image size-large is-resized\"><img loading=\"lazy\" decoding=\"async\" src=\"https:\/\/laszlo1713.lima-city.de\/wp-content\/uploads\/2021\/07\/IMG_1280.jpg\" alt=\"\" class=\"wp-image-3094\" width=\"674\" height=\"945\" srcset=\"https:\/\/laszlo1713.lima-city.de\/wp-content\/uploads\/2021\/07\/IMG_1280.jpg 684w, https:\/\/laszlo1713.lima-city.de\/wp-content\/uploads\/2021\/07\/IMG_1280-214x300.jpg 214w\" sizes=\"auto, (max-width: 674px) 100vw, 674px\" \/><figcaption>Igaz\u00e1n tal\u00e1l\u00e9kony dolog, nem is gondoltam r\u00e1. <\/figcaption><\/figure>\n\n\n\n<hr class=\"wp-block-separator\"\/>\n\n\n\n<figure class=\"wp-block-image size-large\"><img loading=\"lazy\" decoding=\"async\" width=\"1024\" height=\"651\" src=\"https:\/\/laszlo1713.lima-city.de\/wp-content\/uploads\/2021\/07\/Screenshot-2021-07-30-at-06.16.58-1024x651.jpg\" alt=\"\" class=\"wp-image-3097\" srcset=\"https:\/\/laszlo1713.lima-city.de\/wp-content\/uploads\/2021\/07\/Screenshot-2021-07-30-at-06.16.58-1024x651.jpg 1024w, https:\/\/laszlo1713.lima-city.de\/wp-content\/uploads\/2021\/07\/Screenshot-2021-07-30-at-06.16.58-300x191.jpg 300w, https:\/\/laszlo1713.lima-city.de\/wp-content\/uploads\/2021\/07\/Screenshot-2021-07-30-at-06.16.58-768x488.jpg 768w, https:\/\/laszlo1713.lima-city.de\/wp-content\/uploads\/2021\/07\/Screenshot-2021-07-30-at-06.16.58-1536x977.jpg 1536w, https:\/\/laszlo1713.lima-city.de\/wp-content\/uploads\/2021\/07\/Screenshot-2021-07-30-at-06.16.58.jpg 1588w\" sizes=\"auto, (max-width: 706px) 89vw, (max-width: 767px) 82vw, 740px\" \/><figcaption>Spanische Forscher entdecken k\u00fcrzlich, dass die Corona-Impfstoffe von Pfizer und AstraZeneca gr\u00f6\u00dftenteils aus Graphenoxid bestehen. Die Faktenpr\u00fcfer und Medien \u00fcberschlugen sich daraufhin, um die Berichte \u00fcber die Entdeckung zu entkr\u00e4ften.<br>Karen Kingston, eine ehemalige Pfizer-Mitarbeiterin, hat nun best\u00e4tigt, dass Graphenoxid in den Covid-Impfstoffen vorhanden ist. \u201eEs ist extrem schwierig, diese Informationen zu finden\u201c, sagte sie in der Stew Peters Show.<br>Auf die Frage von Peters, ob Graphenoxid in den Corona-Impfstoffen vorhanden sei, antwortete sie unmissverst\u00e4ndlich: \u201e100 Prozent, das ist unwiderlegbar.\u201c<br>Kingston vermutet, dass dieser Inhaltsstoff in den Patenten der Impfstoffe nicht erw\u00e4hnt wird, weil er f\u00fcr Menschen giftig ist und weil er buchst\u00e4blich eine Verbindung zum Internet herstellen kann. \u201eSie untersuchen, wie viel sie den Menschen injizieren k\u00f6nnen, bevor sie sterben. Wir sind die Versuchskaninchen\u201c.<br>Wenn sie aktiviert werden, kann es zu Sch\u00e4den und Tod kommen. Der ehemalige Pfizer-Mitarbeiter erkl\u00e4rte, dass Graphen Elektrizit\u00e4t leiten kann. Wenn Graphen eine positive Ladung hat, zerst\u00f6rt es alles, womit es in Ber\u00fchrung kommt. Im Moment sind die Teilchen neutral geladen. Wenn sie durch ein elektromagnetisches Feld aktiviert werden, kann es zu Sch\u00e4den und zum Tod kommen. Es h\u00e4ngt davon ab, wie viele Nanopartikel im K\u00f6rper sind und wo sie sich befinden, so Kingston.<br>Als sie die Informationen las, weinte sie heftig. \u201eIch wusste nicht, dass eine Frau so sehr weinen kann\u201c, sagte sie.<br>\u201eDas sind Biowaffen. Es ist ein geplanter V\u00f6lkermord\u201c.<br><\/figcaption><\/figure>\n\n\n\n<hr class=\"wp-block-separator\"\/>\n\n\n\n<figure class=\"wp-block-image size-large is-resized\"><img loading=\"lazy\" decoding=\"async\" src=\"https:\/\/laszlo1713.lima-city.de\/wp-content\/uploads\/2021\/07\/2021-07-30-14.30.46.jpg\" alt=\"\" class=\"wp-image-3102\" width=\"674\" height=\"627\" srcset=\"https:\/\/laszlo1713.lima-city.de\/wp-content\/uploads\/2021\/07\/2021-07-30-14.30.46.jpg 720w, https:\/\/laszlo1713.lima-city.de\/wp-content\/uploads\/2021\/07\/2021-07-30-14.30.46-300x279.jpg 300w\" sizes=\"auto, (max-width: 674px) 100vw, 674px\" \/><figcaption>Vil\u00e1gos ez is,  gondolom. \u00d6sszef\u00fcgg\u00e9sek.<\/figcaption><\/figure>\n\n\n\n<hr class=\"wp-block-separator\"\/>\n\n\n\n<figure class=\"wp-block-image size-large\"><img loading=\"lazy\" decoding=\"async\" width=\"1024\" height=\"579\" src=\"https:\/\/laszlo1713.lima-city.de\/wp-content\/uploads\/2021\/08\/IMAGE-2021-08-01-102431-1024x579.jpg\" alt=\"\" class=\"wp-image-3104\" srcset=\"https:\/\/laszlo1713.lima-city.de\/wp-content\/uploads\/2021\/08\/IMAGE-2021-08-01-102431-1024x579.jpg 1024w, https:\/\/laszlo1713.lima-city.de\/wp-content\/uploads\/2021\/08\/IMAGE-2021-08-01-102431-300x170.jpg 300w, https:\/\/laszlo1713.lima-city.de\/wp-content\/uploads\/2021\/08\/IMAGE-2021-08-01-102431-768x434.jpg 768w, https:\/\/laszlo1713.lima-city.de\/wp-content\/uploads\/2021\/08\/IMAGE-2021-08-01-102431.jpg 1280w\" sizes=\"auto, (max-width: 706px) 89vw, (max-width: 767px) 82vw, 740px\" \/><figcaption>???<\/figcaption><\/figure>\n\n\n\n<hr class=\"wp-block-separator\"\/>\n\n\n\n<figure class=\"wp-block-image size-large\"><img loading=\"lazy\" decoding=\"async\" width=\"1024\" height=\"828\" src=\"https:\/\/laszlo1713.lima-city.de\/wp-content\/uploads\/2021\/08\/Screenshot-2021-08-01-at-16.16.18-1024x828.jpg\" alt=\"\" class=\"wp-image-3107\" srcset=\"https:\/\/laszlo1713.lima-city.de\/wp-content\/uploads\/2021\/08\/Screenshot-2021-08-01-at-16.16.18-1024x828.jpg 1024w, https:\/\/laszlo1713.lima-city.de\/wp-content\/uploads\/2021\/08\/Screenshot-2021-08-01-at-16.16.18-300x243.jpg 300w, https:\/\/laszlo1713.lima-city.de\/wp-content\/uploads\/2021\/08\/Screenshot-2021-08-01-at-16.16.18-768x621.jpg 768w, https:\/\/laszlo1713.lima-city.de\/wp-content\/uploads\/2021\/08\/Screenshot-2021-08-01-at-16.16.18.jpg 1422w\" sizes=\"auto, (max-width: 706px) 89vw, (max-width: 767px) 82vw, 740px\" \/><figcaption>The U.S. military on Tuesday arrested Microsoft founder Bill Gates, charging the socially awkward misfit with child trafficking and other unspeakable crimes against America and its people. (&#8230;) The charges against Gates cover a broad spectrum. He purportedly coerced the FDA into issuing emergency authorization on Covid-19 vaccines, knowing that the potentially dangerous pharmaceutical cocktail would not only endanger recipients but also scramble human DNA. JAG is also investigating whether vaccines contain synthetic nanoparticles manufactured by Microsoft and Swedish biotech company Biohax International. The military alleges that Gates stood to profit massively from vaccine sales. Gates, who has previously denied having a financial stake in the vaccines, earned at least $10 billion from the joint sales of the Pfizer, Moderna, and Johnson &amp; Johnson vaccinations, according to JAG documents. JAG is holding Gates partly responsible for the deaths of 7,000 American citizens who died within 72 hours of receiving the drug.<\/figcaption><\/figure>\n\n\n\n<hr class=\"wp-block-separator\"\/>\n\n\n\n<p>&#8220;<strong><span class=\"has-inline-color has-vivid-cyan-blue-color\">Elesett, elesett a nagy Babilon, amely f\u00e9ktelen par\u00e1znas\u00e1g\u00e1nak bor\u00e1val itatott meg minden nemzed\u00e9ket!<\/span><\/strong>&#8221; (Jel,14:8)<\/p>\n\n\n\n<hr class=\"wp-block-separator\"\/>\n\n\n\n<figure class=\"wp-block-image size-large\"><img loading=\"lazy\" decoding=\"async\" width=\"791\" height=\"1024\" src=\"https:\/\/laszlo1713.lima-city.de\/wp-content\/uploads\/2021\/08\/IMAGE-2021-08-02-192759-791x1024.jpg\" alt=\"\" class=\"wp-image-3116\" srcset=\"https:\/\/laszlo1713.lima-city.de\/wp-content\/uploads\/2021\/08\/IMAGE-2021-08-02-192759-791x1024.jpg 791w, https:\/\/laszlo1713.lima-city.de\/wp-content\/uploads\/2021\/08\/IMAGE-2021-08-02-192759-232x300.jpg 232w, https:\/\/laszlo1713.lima-city.de\/wp-content\/uploads\/2021\/08\/IMAGE-2021-08-02-192759-768x994.jpg 768w, https:\/\/laszlo1713.lima-city.de\/wp-content\/uploads\/2021\/08\/IMAGE-2021-08-02-192759.jpg 989w\" sizes=\"auto, (max-width: 706px) 89vw, (max-width: 767px) 82vw, 740px\" \/><figcaption><span class=\"has-inline-color has-vivid-green-cyan-color\">Megpr\u00f3b\u00e1lt\u00e1k (mint mindig is) f\u00e9lelemmel!  El\u00e9g volt ebb\u0151l!<\/span><\/figcaption><\/figure>\n\n\n\n<hr class=\"wp-block-separator\"\/>\n\n\n\n<figure class=\"wp-block-image size-large\"><img loading=\"lazy\" decoding=\"async\" width=\"576\" height=\"1024\" src=\"https:\/\/laszlo1713.lima-city.de\/wp-content\/uploads\/2021\/08\/IMAGE-2021-08-02-192912-576x1024.jpg\" alt=\"\" class=\"wp-image-3119\" srcset=\"https:\/\/laszlo1713.lima-city.de\/wp-content\/uploads\/2021\/08\/IMAGE-2021-08-02-192912-576x1024.jpg 576w, https:\/\/laszlo1713.lima-city.de\/wp-content\/uploads\/2021\/08\/IMAGE-2021-08-02-192912-169x300.jpg 169w, https:\/\/laszlo1713.lima-city.de\/wp-content\/uploads\/2021\/08\/IMAGE-2021-08-02-192912.jpg 720w\" sizes=\"auto, (max-width: 576px) 100vw, 576px\" \/><\/figure>\n\n\n\n<hr class=\"wp-block-separator\"\/>\n\n\n\n<figure class=\"wp-block-image size-large\"><img loading=\"lazy\" decoding=\"async\" width=\"1024\" height=\"815\" src=\"https:\/\/laszlo1713.lima-city.de\/wp-content\/uploads\/2021\/08\/Screenshot-2021-08-02-at-20.17.05-1024x815.jpg\" alt=\"\" class=\"wp-image-3121\" srcset=\"https:\/\/laszlo1713.lima-city.de\/wp-content\/uploads\/2021\/08\/Screenshot-2021-08-02-at-20.17.05-1024x815.jpg 1024w, https:\/\/laszlo1713.lima-city.de\/wp-content\/uploads\/2021\/08\/Screenshot-2021-08-02-at-20.17.05-300x239.jpg 300w, https:\/\/laszlo1713.lima-city.de\/wp-content\/uploads\/2021\/08\/Screenshot-2021-08-02-at-20.17.05-768x611.jpg 768w, https:\/\/laszlo1713.lima-city.de\/wp-content\/uploads\/2021\/08\/Screenshot-2021-08-02-at-20.17.05-1536x1222.jpg 1536w, https:\/\/laszlo1713.lima-city.de\/wp-content\/uploads\/2021\/08\/Screenshot-2021-08-02-at-20.17.05.jpg 2038w\" sizes=\"auto, (max-width: 706px) 89vw, (max-width: 767px) 82vw, 740px\" \/><figcaption><span class=\"has-inline-color has-vivid-green-cyan-color\">Ezek nem a &#8220;var\u00e1zs&#8221;, hanem a &#8220;mocsok&#8221; m\u00e9rn\u00f6kei.<\/span><\/figcaption><\/figure>\n\n\n\n<hr class=\"wp-block-separator\"\/>\n\n\n\n<figure class=\"wp-block-image size-large\"><img loading=\"lazy\" decoding=\"async\" width=\"1024\" height=\"575\" src=\"https:\/\/laszlo1713.lima-city.de\/wp-content\/uploads\/2021\/08\/IMAGE-2021-08-02-202451-1024x575.jpg\" alt=\"\" class=\"wp-image-3124\" srcset=\"https:\/\/laszlo1713.lima-city.de\/wp-content\/uploads\/2021\/08\/IMAGE-2021-08-02-202451-1024x575.jpg 1024w, https:\/\/laszlo1713.lima-city.de\/wp-content\/uploads\/2021\/08\/IMAGE-2021-08-02-202451-300x169.jpg 300w, https:\/\/laszlo1713.lima-city.de\/wp-content\/uploads\/2021\/08\/IMAGE-2021-08-02-202451-768x431.jpg 768w, https:\/\/laszlo1713.lima-city.de\/wp-content\/uploads\/2021\/08\/IMAGE-2021-08-02-202451.jpg 1280w\" sizes=\"auto, (max-width: 706px) 89vw, (max-width: 767px) 82vw, 740px\" \/><figcaption>\u0150 ugyanis azt mondta neki: &#8220;Tiszt\u00e1talan l\u00e9lek, menj ki az emberb\u0151l!&#8221; Ekkor megk\u00e9rdezte t\u0151le: &#8220;Mi a neved?&#8221; Az \u00edgy v\u00e1laszolt neki: &#8220;L\u00e9gi\u00f3 a nevem, mert sokan vagyunk.&#8221; \u00c9s k\u00f6ny\u00f6r\u00f6gve k\u00e9rte \u0151t, hogy ne \u0171zze ki arr\u00f3l a vid\u00e9kr\u0151l. Volt ott a hegy k\u00f6r\u00fcl a legel\u0151n egy diszn\u00f3csorda. A d\u00e9monok azt k\u00e9rt\u00e9k t\u0151le: &#8220;K\u00fcldj minket a diszn\u00f3kba, hadd menj\u00fcnk bel\u00e9j\u00fck.&#8221; J\u00e9zus mindj\u00e1rt megengedte nekik. (Mk,5:8-13)<\/figcaption><\/figure>\n\n\n\n<p><span class=\"has-inline-color has-vivid-green-cyan-color\">Christine (d\u00e9mona), menj te is a diszn\u00f3csord\u00e1ba, ez a sorsod.<\/span><\/p>\n\n\n\n<hr class=\"wp-block-separator\"\/>\n\n\n\n<figure class=\"wp-block-image size-large\"><img loading=\"lazy\" decoding=\"async\" width=\"560\" height=\"1024\" src=\"https:\/\/laszlo1713.lima-city.de\/wp-content\/uploads\/2021\/08\/Screenshot-2021-08-02-at-20.23.10-560x1024.jpg\" alt=\"\" class=\"wp-image-3127\" srcset=\"https:\/\/laszlo1713.lima-city.de\/wp-content\/uploads\/2021\/08\/Screenshot-2021-08-02-at-20.23.10-560x1024.jpg 560w, https:\/\/laszlo1713.lima-city.de\/wp-content\/uploads\/2021\/08\/Screenshot-2021-08-02-at-20.23.10-164x300.jpg 164w, https:\/\/laszlo1713.lima-city.de\/wp-content\/uploads\/2021\/08\/Screenshot-2021-08-02-at-20.23.10-768x1403.jpg 768w, https:\/\/laszlo1713.lima-city.de\/wp-content\/uploads\/2021\/08\/Screenshot-2021-08-02-at-20.23.10-841x1536.jpg 841w, https:\/\/laszlo1713.lima-city.de\/wp-content\/uploads\/2021\/08\/Screenshot-2021-08-02-at-20.23.10.jpg 902w\" sizes=\"auto, (max-width: 560px) 100vw, 560px\" \/><figcaption><span class=\"has-inline-color has-vivid-green-cyan-color\">Sz\u00e1jr\u00f3l sz\u00e1jra sz\u00e1ll az \u00e9nek \u00daj-Z\u00e9landon (is).<\/span><\/figcaption><\/figure>\n\n\n\n<hr class=\"wp-block-separator\"\/>\n\n\n\n<figure class=\"wp-block-image size-large\"><img loading=\"lazy\" decoding=\"async\" width=\"1024\" height=\"715\" src=\"https:\/\/laszlo1713.lima-city.de\/wp-content\/uploads\/2021\/08\/IMAGE-2021-08-02-210140-1024x715.jpg\" alt=\"\" class=\"wp-image-3130\" srcset=\"https:\/\/laszlo1713.lima-city.de\/wp-content\/uploads\/2021\/08\/IMAGE-2021-08-02-210140-1024x715.jpg 1024w, https:\/\/laszlo1713.lima-city.de\/wp-content\/uploads\/2021\/08\/IMAGE-2021-08-02-210140-300x210.jpg 300w, https:\/\/laszlo1713.lima-city.de\/wp-content\/uploads\/2021\/08\/IMAGE-2021-08-02-210140-768x536.jpg 768w, https:\/\/laszlo1713.lima-city.de\/wp-content\/uploads\/2021\/08\/IMAGE-2021-08-02-210140.jpg 1200w\" sizes=\"auto, (max-width: 706px) 89vw, (max-width: 767px) 82vw, 740px\" \/><\/figure>\n\n\n\n<hr class=\"wp-block-separator\"\/>\n\n\n\n<figure class=\"wp-block-image size-large\"><img loading=\"lazy\" decoding=\"async\" width=\"1024\" height=\"206\" src=\"https:\/\/laszlo1713.lima-city.de\/wp-content\/uploads\/2021\/08\/Screenshot-2021-08-03-at-07.42.17-1024x206.jpg\" alt=\"\" class=\"wp-image-3133\" srcset=\"https:\/\/laszlo1713.lima-city.de\/wp-content\/uploads\/2021\/08\/Screenshot-2021-08-03-at-07.42.17-1024x206.jpg 1024w, https:\/\/laszlo1713.lima-city.de\/wp-content\/uploads\/2021\/08\/Screenshot-2021-08-03-at-07.42.17-300x60.jpg 300w, https:\/\/laszlo1713.lima-city.de\/wp-content\/uploads\/2021\/08\/Screenshot-2021-08-03-at-07.42.17-768x154.jpg 768w, https:\/\/laszlo1713.lima-city.de\/wp-content\/uploads\/2021\/08\/Screenshot-2021-08-03-at-07.42.17-1536x309.jpg 1536w, https:\/\/laszlo1713.lima-city.de\/wp-content\/uploads\/2021\/08\/Screenshot-2021-08-03-at-07.42.17.jpg 1692w\" sizes=\"auto, (max-width: 706px) 89vw, (max-width: 767px) 82vw, 740px\" \/><\/figure>\n\n\n\n<figure class=\"wp-block-image size-large\"><img loading=\"lazy\" decoding=\"async\" width=\"1024\" height=\"538\" src=\"https:\/\/laszlo1713.lima-city.de\/wp-content\/uploads\/2021\/08\/2021-08-03-07.41.15-1024x538.jpg\" alt=\"\" class=\"wp-image-3134\" srcset=\"https:\/\/laszlo1713.lima-city.de\/wp-content\/uploads\/2021\/08\/2021-08-03-07.41.15-1024x538.jpg 1024w, https:\/\/laszlo1713.lima-city.de\/wp-content\/uploads\/2021\/08\/2021-08-03-07.41.15-300x158.jpg 300w, https:\/\/laszlo1713.lima-city.de\/wp-content\/uploads\/2021\/08\/2021-08-03-07.41.15-768x403.jpg 768w, https:\/\/laszlo1713.lima-city.de\/wp-content\/uploads\/2021\/08\/2021-08-03-07.41.15.jpg 1200w\" sizes=\"auto, (max-width: 706px) 89vw, (max-width: 767px) 82vw, 740px\" \/><figcaption><span class=\"has-inline-color has-vivid-green-cyan-color\">Draghi, a DS (illumin\u00e1tus h\u00e1tt\u00e9rhatalom) egyik meghat\u00e1roz\u00f3 alakja. Lehet-e m\u00e9g nyilv\u00e1nval\u00f3bb?<\/span><\/figcaption><\/figure>\n\n\n\n<hr class=\"wp-block-separator\"\/>\n\n\n\n<figure class=\"wp-block-image size-large\"><img loading=\"lazy\" decoding=\"async\" width=\"1024\" height=\"671\" src=\"https:\/\/laszlo1713.lima-city.de\/wp-content\/uploads\/2021\/08\/Screenshot-2021-08-03-at-07.47.28-1024x671.jpg\" alt=\"\" class=\"wp-image-3137\" srcset=\"https:\/\/laszlo1713.lima-city.de\/wp-content\/uploads\/2021\/08\/Screenshot-2021-08-03-at-07.47.28-1024x671.jpg 1024w, https:\/\/laszlo1713.lima-city.de\/wp-content\/uploads\/2021\/08\/Screenshot-2021-08-03-at-07.47.28-300x197.jpg 300w, https:\/\/laszlo1713.lima-city.de\/wp-content\/uploads\/2021\/08\/Screenshot-2021-08-03-at-07.47.28-768x503.jpg 768w, https:\/\/laszlo1713.lima-city.de\/wp-content\/uploads\/2021\/08\/Screenshot-2021-08-03-at-07.47.28-1536x1006.jpg 1536w, https:\/\/laszlo1713.lima-city.de\/wp-content\/uploads\/2021\/08\/Screenshot-2021-08-03-at-07.47.28.jpg 1560w\" sizes=\"auto, (max-width: 706px) 89vw, (max-width: 767px) 82vw, 740px\" \/><figcaption>Die Regierung geht dazu \u00fcber, impfunwilligen B\u00fcrgern zu drohen. Daraus spricht ein unverhohlener Machthunger. Weder Geimpfte noch Ungeimpfte sollten das akzeptieren \u2013 und besser gegen eine viel gr\u00f6\u00dfere Gefahr zusammenstehen: den Totalitarismus.<br>\u201eWer sich heute nicht impfen l\u00e4sst, darf sich morgen nicht beschweren, wenn er nicht zur Party eingeladen wird\u201c,&nbsp;<a href=\"https:\/\/www.rtl.de\/cms\/jens-spahn-macht-impf-ansage-wer-sich-nicht-impfen-laesst-darf-sich-nicht-beschweren-4795181.html\">verk\u00fcndet Jens Spahn<\/a>&nbsp;im Brustton der \u00dcberzeugung. Die Sinnhaftigkeit der Diskriminierung Ungeimpfter zu unterstreichen, scheint dem Gesundheitsminister ein echtes Herzensanliegen zu sein. Zumal: \u201eWas den Impfstoff angeht, gilt: Es gibt keine Ausreden mehr! Denn Impfstoff ist genug da!\u201c<br>\u201eIm Augenblick haben wir gesagt, wir wollen keine Impfpflicht\u201c, denn \u201edie n\u00e4chsten Wochen gelten erst mal dem Werben\u201c f\u00fcr das Impfen, \u201eWer sich heute nicht impfen l\u00e4sst, darf sich morgen nicht beschweren, wenn er nicht zur Party eingeladen wird\u201c,&nbsp;<a href=\"https:\/\/www.rtl.de\/cms\/jens-spahn-macht-impf-ansage-wer-sich-nicht-impfen-laesst-darf-sich-nicht-beschweren-4795181.html\">verk\u00fcndet Jens Spahn<\/a>im Brustton der \u00dcberzeugung. Die Sinnhaftigkeit der Diskriminierung Ungeimpfter zu unterstreichen, scheint dem Gesundheitsminister ein echtes Herzensanliegen zu sein. Zumal: \u201eWas den Impfstoff angeht, gilt: Es gibt keine Ausreden mehr! Denn Impfstoff ist genug da!\u201c<br>\u201eIm Augenblick haben wir gesagt, wir wollen keine Impfpflicht\u201c, denn \u201edie n\u00e4chsten Wochen gelten erst mal dem Werben\u201c f\u00fcr das Impfen,&nbsp;<a href=\"https:\/\/www.welt.de\/politik\/article232472887\/Angela-Merkel-Es-wird-keine-Impfpflicht-geben.html\">erkl\u00e4rt Bundeskanzlerin Merkel<\/a>. Ein Zwang zur kostenpflichtigen Teilnahme an Corona-Tests f\u00fcr Nichtgeimpfte zu einem sp\u00e4teren Zeitpunkt schlie\u00dfen Spahn und Merkel dagegen nicht aus. Eine Steilvorlage, die Markus S\u00f6der sofort aufgreift: Dieser Weg, den Frankreich bereits beschreite, k\u00f6nne \u201eteilweise auch f\u00fcr Deutschland spannend sein\u201c, da Testen enorme Summen koste. Hintergrund dieser sanften Drohgeb\u00e4rden ist die offenkundig nachlassende Impfbereitschaft. Diese wiederum ist nicht verwunderlich: Viele Menschen haben von autorit\u00e4rer Bevormundung die Nase gestrichen voll und leben schon lange im Zustand der inneren Emigration. Die logische n\u00e4chste Eskalationsstufe folgt, wenn die Zeit des Werbens vorbei ist.&nbsp;<br>Wie dies aussehen k\u00f6nnte, demonstriert aktuell Emmanuel Macron, der nun eine Impfpflicht zun\u00e4chst f\u00fcr Besch\u00e4ftigte im Gesundheitsbereich angeordnet hat und auch der Gesamtbev\u00f6lkerung offen mit Zwang droht. Die Antwort folgt umgehend:&nbsp;<a href=\"https:\/\/www.zeit.de\/video\/2021-07\/6263698517001\/frankreich-polizei-bekaempft-corona-proteste-in-paris\">Massendemonstrationen in vielen St\u00e4dten Frankreichs<\/a>&nbsp;und teils gewaltt\u00e4tige Auseinandersetzungen von Demonstranten mit der Polizei machen deutlich, dass die Kluft zwischen Regierung und Regierten kaum gr\u00f6\u00dfer sein k\u00f6nnte.<br>Ein Weg, den auch Deutschland beschreiten k\u00f6nnte, denn das vom Robert-Koch-Institut vorgegebene Impfziel von 85 Prozent aller Menschen \u00fcber zw\u00f6lf Jahren liegt noch in weiter Ferne. Und Institutionen, die den totalit\u00e4ren W\u00fcnschen von Regierenden Vorschub leisten, gibt es leider vielfach. Hierzu z\u00e4hlt auch die Universit\u00e4t Hamburg in Gestalt ihres Pr\u00e4sidenten Dieter Lenzen, in dessen Gedankenwelt der regelm\u00e4\u00dfige Uni-Podcast des&nbsp;<em>Hamburger Abendblatts<\/em>&nbsp;Einblick gew\u00e4hrt. &nbsp; \u201eWie jetzt? \u2013 Der Dialog mit Dieter\u201c ist ein Talkformat, in dem sich trefflich \u00fcber die Probleme der Zeit plaudern l\u00e4sst. Schon das Sound-Logo der Reihe, das latent an einen Halloween-Schocker erinnert, l\u00e4sst erahnen, dass sich hinter dem lockeren Plauderton Abgr\u00fcnde verbergen. Und tats\u00e4chlich: Im Gespr\u00e4ch mit&nbsp;<em>Abendblatt<\/em>-Chefredakteur Lars Haider scheint der gelernte Erziehungswissenschaftler Lenzen die Existenz des Mikrofons zeitweise zu vergessen. So stellte der&nbsp;<a href=\"https:\/\/www.abendblatt.de\/podcast\/wie-jetzt\/article232430959\/Was-machen-wir-mit-den-freiwillig-Ungeimpften.html\">Podcast am 24. Juni 2021<\/a>&nbsp;die Frage in den Raum: \u201eWas machen wir mit den freiwillig Ungeimpften?\u201c, schlie\u00dflich k\u00f6nne man sie nicht zwingen. Die Antwort kommt wie aus der Pistole geschossen: \u201eJa, kann man schon! Man muss es als Gesetzgeber nat\u00fcrlich wollen!\u201c&nbsp;<br>Dennoch empfiehlt Lenzen eine andere Vorgehensweise, die viel \u00fcber sein Menschenbild verr\u00e4t: Er stellt die Frage in den Raum, ob es nicht kl\u00fcger w\u00e4re, die Folgen des Nichtimpfens tats\u00e4chlich sp\u00fcrbar zu machen. Dieses Konzept des \u201elogischen Bestrafens\u201c stamme aus der Erziehungsphilosophie und k\u00f6nne auch bei Kindern angewandt werden. Auf Corona bezogen: \u201eBestimmte Freiheiten kann man dann nicht beanspruchen.\u201c Ein Pl\u00e4doyer f\u00fcr den Nanny-Staat und die Entm\u00fcndigung seiner Bewohner, ganz im Sinne von Partyschreck Jens Spahn.&nbsp;<br>Lenzens Verh\u00e4ltnis zum Grundgesetz klingt denn auch ambivalent. Im&nbsp;<a href=\"https:\/\/www.abendblatt.de\/podcast\/wie-jetzt\/article232106401\/Alle-Macht-der-Bundeskanzlerin.html\">Podcast vom 29. April 2021<\/a>&nbsp;nach den Nachteilen des F\u00f6deralismus bezogen auf die Coronakrise gefragt, antwortet er: \u201eSicher ist, dass offenbar immer wieder geschielt wurde nach Volkes Stimme. Es ist ja nett, dass in der Demokratie Volkes Stimme durchschlagen soll, aber das ist ja nicht immer identisch mit dem Richtigen, was von Experten beispielsweise in diesem Fall gesagt wird.\u201c Nachfrage: \u201eAber dann kann man es doch mit dem F\u00f6deralismus auch gleich sein lassen, oder?\u201c Lenzen: \u201eEs ist in der Tat eine komische Einrichtung, wenn Sie\u2018s mit vielen anderen Staaten vergleichen und vielleicht auch nur historisch erkl\u00e4rbar.\u201c Tats\u00e4chlich stellt der F\u00f6deralismus ein einzigartiges Bollwerk gegen totalit\u00e4re Bestrebungen dar und wurde von den V\u00e4tern und M\u00fcttern des Grundgesetzes als derart wichtig erachtet, dass sie Art. 20 unter den Schutz der in Art. 79 definierten Ewigkeitsklausel stellten. Sie taten dies in einer weisen Voraussicht, wie nur die schmerzhaft-frische Diktaturerfahrung sie hervorbringen konnte. Wie richtig sie damit lagen, zeigen die heute vielfach auftretenden mentalen Korrosionserscheinungen, die jeden Sinn f\u00fcr derart \u201ekomische Einrichtungen\u201c vergessen machen.<br>Nun scheint die Stunde des Dieter Lenzen gekommen. Im aktuellen&nbsp;<a href=\"https:\/\/www.abendblatt.de\/podcast\/wie-jetzt\/article232725443\/Wer-impft-die-Studenten-und-wenn-ja-wie-viele.html\">Podcast vom 8. Juli 2021<\/a>&nbsp;(\u201eWer impft die Studenten \u2013 und wenn ja, wie viele?\u201c) k\u00fcndigt er die Umsetzung der \u201elogischen Bestrafung\u201c in seinem Wirkungskreis an. Die 3-G-Regel sei f\u00fcrderhin das Mittel der Wahl, um an Pr\u00e4senzvorlesungen der Universit\u00e4t Hamburg teilnehmen zu d\u00fcrfen: \u201eWer hier hinein will, muss entweder geimpft, genesen oder getestet sein.\u201c In einem Interview mit dem&nbsp;<em>Hamburger Abendblatt<\/em> pr\u00e4zisiert er: \u201eDas hilft vielleicht auch, Impfverweigerer vom Sinn einer Impfung zu \u00fcberzeugen. Wir m\u00fcssen Anreize schaffen, die Teilnahme an einer Pr\u00e4senzvorlesung kann so ein Anreiz sein.\u201c&nbsp;<br>Dass der Anreiz einer medizinischen Ma\u00dfnahme in dieser selbst liegen und jeder Mensch individuell \u00fcber sie entscheiden sollte, scheint angesichts dieser sachfremden Verhei\u00dfungen ein aus der Mode gekommener Grundsatz zu sein. Die Ablehnung einer medizinischen Behandlung an pers\u00f6nliche Nachteile kn\u00fcpfen zu wollen, ist eine im tiefsten Sinn unethische Vorgehensweise und Zeichen eines verlotterten Zeitgeists.&nbsp;Auch die Kassen\u00e4rztliche Vereinigung Rheinland-Pfalz scheint nicht vor totalit\u00e4ren Abst\u00fcrzen gefeit zu sein. Deren Vorsitzender Dr. Peter Heinz zur&nbsp;<em>Rhein-Zeitung<\/em>: \u201eDie Nicht-Geimpften haben nicht die Freiheit, ihre Maske abzulegen. Sie d\u00fcrfen nicht ins Stadion, nicht ins Schwimmbad und nicht ohne Maske im Supermarkt einkaufen. Und man darf Ungeimpften und jenen mit nur einer einfachen Impfung nicht mehr gestatten, in den Urlaub zu fahren. Ungeimpfte d\u00fcrfen nicht mehr reisen.\u201c<br>Der unverhohlene Machthunger des Funktion\u00e4rs, der aus diesen Zeilen spricht, zeigt es sonnenklar: Die Frage nach der Impfung ist l\u00e4ngst sekund\u00e4r geworden. Im Zentrum steht vielmehr der Wunsch der Politik nach&nbsp;<a href=\"https:\/\/www.cicero.de\/innenpolitik\/debatte-um-impfpflicht-das-gebot-der-stunde-spahn\">Zugriff auf den menschlichen K\u00f6rper<\/a>. F\u00fcr den passenden Zeitgeist sorgen Multiplikatoren wie Dieter Lenzen oder Peter Heinz. Sie und ihre Gesinnungsgenossen sind nicht von Unrechtsbewusstsein angekr\u00e4nkelt. Sie leben vielmehr in der tr\u00fcgerischen Sicherheit, das alternativlos Richtige zu tun.&nbsp;<br>Umso wichtiger ist es, dass weder Geimpfte noch Ungeimpfte \u00fcber dieses St\u00f6ckchen springen. Wir sollten lieber gegen die gr\u00f6\u00dfte Gefahr zusammenstehen, die uns droht: gegen den Totalitarismus.<\/figcaption><\/figure>\n\n\n\n<hr class=\"wp-block-separator\"\/>\n\n\n\n<figure class=\"wp-block-image size-large\"><img loading=\"lazy\" decoding=\"async\" width=\"1024\" height=\"498\" src=\"https:\/\/laszlo1713.lima-city.de\/wp-content\/uploads\/2021\/08\/Screenshot-2021-08-03-at-17.31.04-1024x498.jpg\" alt=\"\" class=\"wp-image-3143\" srcset=\"https:\/\/laszlo1713.lima-city.de\/wp-content\/uploads\/2021\/08\/Screenshot-2021-08-03-at-17.31.04-1024x498.jpg 1024w, https:\/\/laszlo1713.lima-city.de\/wp-content\/uploads\/2021\/08\/Screenshot-2021-08-03-at-17.31.04-300x146.jpg 300w, https:\/\/laszlo1713.lima-city.de\/wp-content\/uploads\/2021\/08\/Screenshot-2021-08-03-at-17.31.04-768x373.jpg 768w, https:\/\/laszlo1713.lima-city.de\/wp-content\/uploads\/2021\/08\/Screenshot-2021-08-03-at-17.31.04-1536x747.jpg 1536w, https:\/\/laszlo1713.lima-city.de\/wp-content\/uploads\/2021\/08\/Screenshot-2021-08-03-at-17.31.04-2048x996.jpg 2048w\" sizes=\"auto, (max-width: 706px) 89vw, (max-width: 767px) 82vw, 740px\" \/><figcaption><span class=\"has-inline-color has-vivid-green-cyan-color\">A fasiszta-illumin\u00e1tus h\u00e1tt\u00e9rhatalom (DS) ag\u00f3ni\u00e1ja. A berlini t\u00fcntet\u00e9s egyik jelenete.<\/span><\/figcaption><\/figure>\n\n\n\n<figure class=\"wp-block-image size-large\"><img loading=\"lazy\" decoding=\"async\" width=\"1024\" height=\"576\" src=\"https:\/\/laszlo1713.lima-city.de\/wp-content\/uploads\/2021\/08\/2021-08-03-17.27.42-1024x576.jpg\" alt=\"\" class=\"wp-image-3146\" srcset=\"https:\/\/laszlo1713.lima-city.de\/wp-content\/uploads\/2021\/08\/2021-08-03-17.27.42-1024x576.jpg 1024w, https:\/\/laszlo1713.lima-city.de\/wp-content\/uploads\/2021\/08\/2021-08-03-17.27.42-300x169.jpg 300w, https:\/\/laszlo1713.lima-city.de\/wp-content\/uploads\/2021\/08\/2021-08-03-17.27.42-768x432.jpg 768w, https:\/\/laszlo1713.lima-city.de\/wp-content\/uploads\/2021\/08\/2021-08-03-17.27.42.jpg 1280w\" sizes=\"auto, (max-width: 706px) 89vw, (max-width: 767px) 82vw, 740px\" \/><\/figure>\n\n\n\n<hr class=\"wp-block-separator\"\/>\n\n\n\n<figure class=\"wp-block-image size-large\"><img loading=\"lazy\" decoding=\"async\" width=\"1024\" height=\"526\" src=\"https:\/\/laszlo1713.lima-city.de\/wp-content\/uploads\/2021\/08\/IMAGE-2021-08-03-174012-1024x526.jpg\" alt=\"\" class=\"wp-image-3149\" srcset=\"https:\/\/laszlo1713.lima-city.de\/wp-content\/uploads\/2021\/08\/IMAGE-2021-08-03-174012-1024x526.jpg 1024w, https:\/\/laszlo1713.lima-city.de\/wp-content\/uploads\/2021\/08\/IMAGE-2021-08-03-174012-300x154.jpg 300w, https:\/\/laszlo1713.lima-city.de\/wp-content\/uploads\/2021\/08\/IMAGE-2021-08-03-174012-768x395.jpg 768w, https:\/\/laszlo1713.lima-city.de\/wp-content\/uploads\/2021\/08\/IMAGE-2021-08-03-174012.jpg 1280w\" sizes=\"auto, (max-width: 706px) 89vw, (max-width: 767px) 82vw, 740px\" \/><figcaption><span class=\"has-inline-color has-vivid-green-cyan-color\">Igen,  err\u0151l sz\u00f3l az eg\u00e9sz. \u00c9s eleg\u00fcnk van bel\u0151le!<\/span><\/figcaption><\/figure>\n\n\n\n<hr class=\"wp-block-separator\"\/>\n\n\n\n<figure class=\"wp-block-image size-large\"><img loading=\"lazy\" decoding=\"async\" width=\"1024\" height=\"599\" src=\"https:\/\/laszlo1713.lima-city.de\/wp-content\/uploads\/2021\/08\/Screenshot-2021-08-04-at-07.45.16-1024x599.jpg\" alt=\"\" class=\"wp-image-3156\" srcset=\"https:\/\/laszlo1713.lima-city.de\/wp-content\/uploads\/2021\/08\/Screenshot-2021-08-04-at-07.45.16-1024x599.jpg 1024w, https:\/\/laszlo1713.lima-city.de\/wp-content\/uploads\/2021\/08\/Screenshot-2021-08-04-at-07.45.16-300x175.jpg 300w, https:\/\/laszlo1713.lima-city.de\/wp-content\/uploads\/2021\/08\/Screenshot-2021-08-04-at-07.45.16-768x449.jpg 768w, https:\/\/laszlo1713.lima-city.de\/wp-content\/uploads\/2021\/08\/Screenshot-2021-08-04-at-07.45.16-1536x898.jpg 1536w, https:\/\/laszlo1713.lima-city.de\/wp-content\/uploads\/2021\/08\/Screenshot-2021-08-04-at-07.45.16-2048x1197.jpg 2048w\" sizes=\"auto, (max-width: 706px) 89vw, (max-width: 767px) 82vw, 740px\" \/><figcaption><span class=\"has-inline-color has-vivid-green-cyan-color\">Orb\u00e1n gyors\u00edt. A pusztul\u00e1sba?  Klaus Schwab egykori \u00fcdv\u00f6sk\u00e9je (Young Global Leader : 2002 class, Angela Merkellel egy\u00fctt!) a &#8220;mester&#8221; programj\u00e1t (WEF, NWO, Agenda 2030) hajtja v\u00e9gre?  Nem tudom m\u00e1sk\u00e9nt meg\u00edt\u00e9lni a dolgot.<\/span><\/figcaption><\/figure>\n\n\n\n<div class=\"wp-block-image\"><figure class=\"aligncenter size-large\"><img loading=\"lazy\" decoding=\"async\" width=\"400\" height=\"302\" src=\"https:\/\/laszlo1713.lima-city.de\/wp-content\/uploads\/2021\/08\/2021-08-04-07.58.02.jpg\" alt=\"\" class=\"wp-image-3157\" srcset=\"https:\/\/laszlo1713.lima-city.de\/wp-content\/uploads\/2021\/08\/2021-08-04-07.58.02.jpg 400w, https:\/\/laszlo1713.lima-city.de\/wp-content\/uploads\/2021\/08\/2021-08-04-07.58.02-300x227.jpg 300w\" sizes=\"auto, (max-width: 400px) 100vw, 400px\" \/><\/figure><\/div>\n\n\n\n<hr class=\"wp-block-separator\"\/>\n\n\n\n<figure class=\"wp-block-image size-large\"><img loading=\"lazy\" decoding=\"async\" width=\"855\" height=\"1024\" src=\"https:\/\/laszlo1713.lima-city.de\/wp-content\/uploads\/2021\/08\/Screenshot-2021-08-04-at-09.26.32-855x1024.jpg\" alt=\"\" class=\"wp-image-3161\" srcset=\"https:\/\/laszlo1713.lima-city.de\/wp-content\/uploads\/2021\/08\/Screenshot-2021-08-04-at-09.26.32-855x1024.jpg 855w, https:\/\/laszlo1713.lima-city.de\/wp-content\/uploads\/2021\/08\/Screenshot-2021-08-04-at-09.26.32-251x300.jpg 251w, https:\/\/laszlo1713.lima-city.de\/wp-content\/uploads\/2021\/08\/Screenshot-2021-08-04-at-09.26.32-768x920.jpg 768w, https:\/\/laszlo1713.lima-city.de\/wp-content\/uploads\/2021\/08\/Screenshot-2021-08-04-at-09.26.32.jpg 1134w\" sizes=\"auto, (max-width: 706px) 89vw, (max-width: 767px) 82vw, 740px\" \/><\/figure>\n\n\n\n<hr class=\"wp-block-separator\"\/>\n\n\n\n<figure class=\"wp-block-image size-large\"><img loading=\"lazy\" decoding=\"async\" width=\"1024\" height=\"1018\" src=\"https:\/\/laszlo1713.lima-city.de\/wp-content\/uploads\/2021\/08\/Screenshot-2021-08-04-at-10.19.56-1024x1018.jpg\" alt=\"\" class=\"wp-image-3165\" srcset=\"https:\/\/laszlo1713.lima-city.de\/wp-content\/uploads\/2021\/08\/Screenshot-2021-08-04-at-10.19.56-1024x1018.jpg 1024w, https:\/\/laszlo1713.lima-city.de\/wp-content\/uploads\/2021\/08\/Screenshot-2021-08-04-at-10.19.56-300x298.jpg 300w, https:\/\/laszlo1713.lima-city.de\/wp-content\/uploads\/2021\/08\/Screenshot-2021-08-04-at-10.19.56-150x150.jpg 150w, https:\/\/laszlo1713.lima-city.de\/wp-content\/uploads\/2021\/08\/Screenshot-2021-08-04-at-10.19.56-768x763.jpg 768w, https:\/\/laszlo1713.lima-city.de\/wp-content\/uploads\/2021\/08\/Screenshot-2021-08-04-at-10.19.56-1536x1526.jpg 1536w, https:\/\/laszlo1713.lima-city.de\/wp-content\/uploads\/2021\/08\/Screenshot-2021-08-04-at-10.19.56-100x100.jpg 100w, https:\/\/laszlo1713.lima-city.de\/wp-content\/uploads\/2021\/08\/Screenshot-2021-08-04-at-10.19.56.jpg 1590w\" sizes=\"auto, (max-width: 706px) 89vw, (max-width: 767px) 82vw, 740px\" \/><\/figure>\n\n\n\n<figure class=\"wp-block-image size-large\"><img loading=\"lazy\" decoding=\"async\" width=\"1024\" height=\"909\" src=\"https:\/\/laszlo1713.lima-city.de\/wp-content\/uploads\/2021\/08\/Screenshot-2021-08-04-at-10.19.43-1024x909.jpg\" alt=\"\" class=\"wp-image-3166\" srcset=\"https:\/\/laszlo1713.lima-city.de\/wp-content\/uploads\/2021\/08\/Screenshot-2021-08-04-at-10.19.43-1024x909.jpg 1024w, https:\/\/laszlo1713.lima-city.de\/wp-content\/uploads\/2021\/08\/Screenshot-2021-08-04-at-10.19.43-300x266.jpg 300w, https:\/\/laszlo1713.lima-city.de\/wp-content\/uploads\/2021\/08\/Screenshot-2021-08-04-at-10.19.43-768x682.jpg 768w, https:\/\/laszlo1713.lima-city.de\/wp-content\/uploads\/2021\/08\/Screenshot-2021-08-04-at-10.19.43-1536x1363.jpg 1536w, https:\/\/laszlo1713.lima-city.de\/wp-content\/uploads\/2021\/08\/Screenshot-2021-08-04-at-10.19.43.jpg 1584w\" sizes=\"auto, (max-width: 706px) 89vw, (max-width: 767px) 82vw, 740px\" \/><\/figure>\n\n\n\n<figure class=\"wp-block-image size-large\"><img loading=\"lazy\" decoding=\"async\" width=\"720\" height=\"694\" src=\"https:\/\/laszlo1713.lima-city.de\/wp-content\/uploads\/2021\/08\/IMAGE-2021-08-04-102222.jpg\" alt=\"\" class=\"wp-image-3168\" srcset=\"https:\/\/laszlo1713.lima-city.de\/wp-content\/uploads\/2021\/08\/IMAGE-2021-08-04-102222.jpg 720w, https:\/\/laszlo1713.lima-city.de\/wp-content\/uploads\/2021\/08\/IMAGE-2021-08-04-102222-300x289.jpg 300w\" sizes=\"auto, (max-width: 720px) 100vw, 720px\" \/><\/figure>\n\n\n\n<hr class=\"wp-block-separator\"\/>\n\n\n\n<figure class=\"wp-block-image size-large\"><img loading=\"lazy\" decoding=\"async\" width=\"874\" height=\"1024\" src=\"https:\/\/laszlo1713.lima-city.de\/wp-content\/uploads\/2021\/08\/Screenshot-2021-08-04-at-12.18.06-874x1024.jpg\" alt=\"\" class=\"wp-image-3171\" srcset=\"https:\/\/laszlo1713.lima-city.de\/wp-content\/uploads\/2021\/08\/Screenshot-2021-08-04-at-12.18.06-874x1024.jpg 874w, https:\/\/laszlo1713.lima-city.de\/wp-content\/uploads\/2021\/08\/Screenshot-2021-08-04-at-12.18.06-256x300.jpg 256w, https:\/\/laszlo1713.lima-city.de\/wp-content\/uploads\/2021\/08\/Screenshot-2021-08-04-at-12.18.06-768x900.jpg 768w, https:\/\/laszlo1713.lima-city.de\/wp-content\/uploads\/2021\/08\/Screenshot-2021-08-04-at-12.18.06.jpg 1092w\" sizes=\"auto, (max-width: 706px) 89vw, (max-width: 767px) 82vw, 740px\" \/><\/figure>\n\n\n\n<figure class=\"wp-block-image size-large\"><img loading=\"lazy\" decoding=\"async\" width=\"1024\" height=\"528\" src=\"https:\/\/laszlo1713.lima-city.de\/wp-content\/uploads\/2021\/08\/Screenshot-2021-08-04-at-12.23.01-1024x528.jpg\" alt=\"\" class=\"wp-image-3172\" srcset=\"https:\/\/laszlo1713.lima-city.de\/wp-content\/uploads\/2021\/08\/Screenshot-2021-08-04-at-12.23.01-1024x528.jpg 1024w, https:\/\/laszlo1713.lima-city.de\/wp-content\/uploads\/2021\/08\/Screenshot-2021-08-04-at-12.23.01-300x155.jpg 300w, https:\/\/laszlo1713.lima-city.de\/wp-content\/uploads\/2021\/08\/Screenshot-2021-08-04-at-12.23.01-768x396.jpg 768w, https:\/\/laszlo1713.lima-city.de\/wp-content\/uploads\/2021\/08\/Screenshot-2021-08-04-at-12.23.01.jpg 1132w\" sizes=\"auto, (max-width: 706px) 89vw, (max-width: 767px) 82vw, 740px\" \/><figcaption>&#8220;&#8230; sind wir Alle einig, dass der Prozess des Impfens l\u00e4nger gehen muss, mehrfach gehen muss, auch l\u00e4ngere Jahre gehen muss &#8230;&#8221;    Val\u00f3ban? Ha engedj\u00fck!   S\u00f6dert nemzetk\u00f6zi b\u00edr\u00f3s\u00e1g (N\u00fcrnberg II) el\u00e9! Ez a politikus (patk\u00e1ny) sem fogja meg\u00faszni sz\u00e1razon.<\/figcaption><\/figure>\n\n\n\n<p><span class=\"has-inline-color has-vivid-green-cyan-color\">Sajnos ebb\u0151l a fajt\u00e1b\u00f3l (patk\u00e1ny) van el\u00e9g. Egy m\u00e1sik kiemelt DS-b\u00e1bu a n\u00e9met korm\u00e1nyban K. Lauterbach (SPD).<\/span><\/p>\n\n\n\n<figure class=\"wp-block-image size-large\"><img loading=\"lazy\" decoding=\"async\" width=\"830\" height=\"516\" src=\"https:\/\/laszlo1713.lima-city.de\/wp-content\/uploads\/2021\/08\/Screenshot-2021-08-04-at-12.39.31.jpg\" alt=\"\" class=\"wp-image-3175\" srcset=\"https:\/\/laszlo1713.lima-city.de\/wp-content\/uploads\/2021\/08\/Screenshot-2021-08-04-at-12.39.31.jpg 830w, https:\/\/laszlo1713.lima-city.de\/wp-content\/uploads\/2021\/08\/Screenshot-2021-08-04-at-12.39.31-300x187.jpg 300w, https:\/\/laszlo1713.lima-city.de\/wp-content\/uploads\/2021\/08\/Screenshot-2021-08-04-at-12.39.31-768x477.jpg 768w\" sizes=\"auto, (max-width: 706px) 89vw, (max-width: 767px) 82vw, 740px\" \/><\/figure>\n\n\n\n<p><em>&#8220;Also ich empfinde Herrn Aiwanger als eine peinliche Figur in dieser Debatte, weil er tr\u00e4gt ja st\u00e4ndig vor, dass er noch abwarte, also wie sicher der Impfstoff denn sei. <strong>Und das ist nat\u00fcrlich eine groteske Positionierung, weil sie sich gegen die etablierte Wissenschaft also weltweit stellt. Wir haben ja noch nie einen Impfstoff so breit eingesetzt und so gut untersucht wie also wie \u00e4h diese Impfstoffe<\/strong>. Und daher habe ich schlicht und ergreifend &#8211; also \u00e4h &#8211; nicht die Phantasie mir vorzustellen, worauf er hier wartet, um seine Entscheidung zu treffen (\u2026) Ich habe sogar den Eindruck, dass er sich ein bisschen politisch hier sogar, ich sag mal, ins rechte Lager ausdehnen will, Richtung AfD oder was auch immer \u2026&#8221;<\/em>                (Karl Lauterbach)<\/p>\n\n\n\n<hr class=\"wp-block-separator\"\/>\n\n\n\n<figure class=\"wp-block-image size-large is-resized\"><img loading=\"lazy\" decoding=\"async\" src=\"https:\/\/laszlo1713.lima-city.de\/wp-content\/uploads\/2021\/08\/IMAGE-2021-08-04-134122-724x1024.jpg\" alt=\"\" class=\"wp-image-3178\" width=\"674\" height=\"953\" srcset=\"https:\/\/laszlo1713.lima-city.de\/wp-content\/uploads\/2021\/08\/IMAGE-2021-08-04-134122-724x1024.jpg 724w, https:\/\/laszlo1713.lima-city.de\/wp-content\/uploads\/2021\/08\/IMAGE-2021-08-04-134122-212x300.jpg 212w, https:\/\/laszlo1713.lima-city.de\/wp-content\/uploads\/2021\/08\/IMAGE-2021-08-04-134122-768x1087.jpg 768w, https:\/\/laszlo1713.lima-city.de\/wp-content\/uploads\/2021\/08\/IMAGE-2021-08-04-134122.jpg 826w\" sizes=\"auto, (max-width: 674px) 100vw, 674px\" \/><figcaption><span class=\"has-inline-color has-vivid-green-cyan-color\">Egy kis eur\u00f3pai statisztika. Minden norm\u00e1lis mederben?<\/span><\/figcaption><\/figure>\n\n\n\n<hr class=\"wp-block-separator\"\/>\n\n\n\n<figure class=\"wp-block-image size-large\"><img loading=\"lazy\" decoding=\"async\" width=\"1002\" height=\"1024\" src=\"https:\/\/laszlo1713.lima-city.de\/wp-content\/uploads\/2021\/08\/Screenshot-2021-08-04-at-16.52.22-1002x1024.jpg\" alt=\"\" class=\"wp-image-3181\" srcset=\"https:\/\/laszlo1713.lima-city.de\/wp-content\/uploads\/2021\/08\/Screenshot-2021-08-04-at-16.52.22-1002x1024.jpg 1002w, https:\/\/laszlo1713.lima-city.de\/wp-content\/uploads\/2021\/08\/Screenshot-2021-08-04-at-16.52.22-293x300.jpg 293w, https:\/\/laszlo1713.lima-city.de\/wp-content\/uploads\/2021\/08\/Screenshot-2021-08-04-at-16.52.22-768x785.jpg 768w, https:\/\/laszlo1713.lima-city.de\/wp-content\/uploads\/2021\/08\/Screenshot-2021-08-04-at-16.52.22.jpg 1258w\" sizes=\"auto, (max-width: 706px) 89vw, (max-width: 767px) 82vw, 740px\" \/><figcaption><span class=\"has-inline-color has-vivid-green-cyan-color\">Macron francia eln\u00f6k, mik\u00f6zben megpr\u00f3b\u00e1lja r\u00e1besz\u00e9lni honfit\u00e1rsait a covid-olt\u00e1sra. Ami felt\u0171nik, hogy \u00e9rdekes a pol\u00f3ja egy stiliz\u00e1lt bagollyal. A bagoly pedig k\u00f6zismert szabadk\u0151m\u0171ves-illumin\u00e1tus szimb\u00f3lum, nyilv\u00e1n nem v\u00e9letlen\u00fcl vette fel ezt a ruhadarabot.  Ennyit a &#8220;sorok k\u00f6z\u00f6tt&#8221;.<\/span><\/figcaption><\/figure>\n\n\n\n<p><span class=\"has-inline-color has-vivid-green-cyan-color\">Ha m\u00e1r a &#8220;patk\u00e1nyokr\u00f3l&#8221; esett ennyi sz\u00f3, tal\u00e1n m\u00e9g vil\u00e1gosabban:<\/span><\/p>\n\n\n\n<figure class=\"wp-block-image size-large\"><img loading=\"lazy\" decoding=\"async\" width=\"707\" height=\"1000\" src=\"https:\/\/laszlo1713.lima-city.de\/wp-content\/uploads\/2021\/08\/IMAGE-2021-08-04-165933.jpg\" alt=\"\" class=\"wp-image-3183\" srcset=\"https:\/\/laszlo1713.lima-city.de\/wp-content\/uploads\/2021\/08\/IMAGE-2021-08-04-165933.jpg 707w, https:\/\/laszlo1713.lima-city.de\/wp-content\/uploads\/2021\/08\/IMAGE-2021-08-04-165933-212x300.jpg 212w\" sizes=\"auto, (max-width: 707px) 100vw, 707px\" \/><\/figure>\n\n\n\n<hr class=\"wp-block-separator\"\/>\n\n\n\n<figure class=\"wp-block-image size-large is-resized\"><img loading=\"lazy\" decoding=\"async\" src=\"https:\/\/laszlo1713.lima-city.de\/wp-content\/uploads\/2021\/08\/IMAGE-2021-08-04-174205-1024x1024.jpg\" alt=\"\" class=\"wp-image-3185\" width=\"674\" height=\"674\" srcset=\"https:\/\/laszlo1713.lima-city.de\/wp-content\/uploads\/2021\/08\/IMAGE-2021-08-04-174205.jpg 1024w, https:\/\/laszlo1713.lima-city.de\/wp-content\/uploads\/2021\/08\/IMAGE-2021-08-04-174205-300x300.jpg 300w, https:\/\/laszlo1713.lima-city.de\/wp-content\/uploads\/2021\/08\/IMAGE-2021-08-04-174205-150x150.jpg 150w, https:\/\/laszlo1713.lima-city.de\/wp-content\/uploads\/2021\/08\/IMAGE-2021-08-04-174205-768x768.jpg 768w, https:\/\/laszlo1713.lima-city.de\/wp-content\/uploads\/2021\/08\/IMAGE-2021-08-04-174205-100x100.jpg 100w\" sizes=\"auto, (max-width: 674px) 100vw, 674px\" \/><figcaption><span class=\"has-inline-color has-vivid-green-cyan-color\">Mintha egy kik\u00e9pz\u00e9st kaptak volna? M\u00e9gis m\u00e1s \u00e9s m\u00e1s a dolog olvasata: az egyik rasszista, a m\u00e1sik t\u00f6rv\u00e9nyesen elj\u00e1r\u00f3 rend\u0151r. Akik a h\u00e1tt\u00e9rben maradtak (a megb\u00edz\u00f3k) ugyanazok, a tett maga ugyanaz, a magyar\u00e1zata k\u00fcl\u00f6nb\u00f6z\u0151. A sokat emlegetett &#8220;k\u00e9tf\u00e9le m\u00e9rt\u00e9k&#8221;.<\/span><\/figcaption><\/figure>\n\n\n\n<hr class=\"wp-block-separator\"\/>\n\n\n\n<figure class=\"wp-block-image size-large\"><img loading=\"lazy\" decoding=\"async\" width=\"1024\" height=\"728\" src=\"https:\/\/laszlo1713.lima-city.de\/wp-content\/uploads\/2021\/08\/Screenshot-2021-08-04-at-18.08.04-1024x728.jpg\" alt=\"\" class=\"wp-image-3188\" srcset=\"https:\/\/laszlo1713.lima-city.de\/wp-content\/uploads\/2021\/08\/Screenshot-2021-08-04-at-18.08.04-1024x728.jpg 1024w, https:\/\/laszlo1713.lima-city.de\/wp-content\/uploads\/2021\/08\/Screenshot-2021-08-04-at-18.08.04-300x213.jpg 300w, https:\/\/laszlo1713.lima-city.de\/wp-content\/uploads\/2021\/08\/Screenshot-2021-08-04-at-18.08.04-768x546.jpg 768w, https:\/\/laszlo1713.lima-city.de\/wp-content\/uploads\/2021\/08\/Screenshot-2021-08-04-at-18.08.04-1536x1092.jpg 1536w, https:\/\/laszlo1713.lima-city.de\/wp-content\/uploads\/2021\/08\/Screenshot-2021-08-04-at-18.08.04.jpg 1544w\" sizes=\"auto, (max-width: 706px) 89vw, (max-width: 767px) 82vw, 740px\" \/><figcaption>Der Leiter des Pathologischen Instituts der Universit\u00e4t Heidelberg, Peter Schirmacher, hat 40 Autopsien an geimpften Menschen durchgef\u00fchrt und schl\u00e4gt Alarm. Der Chefpathologe sch\u00e4tzt, dass 30 bis 40 Prozent der Menschen an den Folgen der Impfung gestorben sind.<br>Er behauptet, dass die Zahl der Todesf\u00e4lle durch Impfungen untersch\u00e4tzt wird und warnt davor, dass viele Impftodesf\u00e4lle nicht gemeldet werden,&nbsp;<a rel=\"noreferrer noopener\" href=\"https:\/\/web.archive.org\/web\/20210803082815\/https:\/\/www.welt.de\/vermischtes\/article232900871\/Corona-Pathologe-fordert-mehr-Obduktionen-von-Geimpften.html\" target=\"_blank\">schreibt Die Welt<\/a>. Die Reaktion des Establishments lie\u00df nicht lange auf sich warten. Das Paul-Ehrlich-Institut, ein medizinischer Beobachter, nannte Schirmachers Aussagen \u201eunverst\u00e4ndlich\u201c.<br>Unterst\u00fctzt wurde er von der Deutschen Gesellschaft f\u00fcr Pathologie, die darauf hinwies, dass viel mehr Autopsien an geimpften Personen durchgef\u00fchrt werden sollten. Nur so l\u00e4sst sich ein Zusammenhang zwischen Todesf\u00e4llen und Impfungen ausschlie\u00dfen oder nachweisen, so der Verband.<br>Sie fordert die \u00c4rzte auf, eine Autopsie zu beantragen, wenn ein Patient innerhalb von Tagen oder Wochen nach der Impfung stirbt.<br>Gesundheitsminister antwortet nicht auf Brief<br>Im M\u00e4rz forderte der Verband in einem Schreiben an Gesundheitsminister, der eigentlich ein Bankkaufmann ist Jens Spahn, dass Autopsien nach einem Todesfall vor Ort durchgef\u00fchrt werden. Der Brief blieb unbeantwortet. Die Erkenntnisse von Schirmacher k\u00f6nnten die Pharmaunternehmen viel Geld kosten. Die Bereitschaft von Menschen, die noch keine Impfung erhalten haben, ist bereits gering und k\u00f6nnte dadurch noch mehr schwinden.<br>Schirmacher selbst leitet bereits ein vom Land subventioniertes Autopsie-Projekt an COVID-19-Verstorbenen. Er beschloss, auch Autopsien an geimpften Menschen durchzuf\u00fchren. Der Pathologe will schwerwiegenden Impfnebenwirkungen wie Hirnvenenthrombosen oder Autoimmunerkrankungen auf den Grund gehen.<\/figcaption><\/figure>\n\n\n\n<hr class=\"wp-block-separator\"\/>\n\n\n\n<figure class=\"wp-block-image size-large\"><img loading=\"lazy\" decoding=\"async\" width=\"636\" height=\"900\" src=\"https:\/\/laszlo1713.lima-city.de\/wp-content\/uploads\/2021\/08\/IMAGE-2021-08-04-180623.jpg\" alt=\"\" class=\"wp-image-3191\" srcset=\"https:\/\/laszlo1713.lima-city.de\/wp-content\/uploads\/2021\/08\/IMAGE-2021-08-04-180623.jpg 636w, https:\/\/laszlo1713.lima-city.de\/wp-content\/uploads\/2021\/08\/IMAGE-2021-08-04-180623-212x300.jpg 212w\" sizes=\"auto, (max-width: 636px) 100vw, 636px\" \/><\/figure>\n\n\n\n<hr class=\"wp-block-separator\"\/>\n\n\n\n<figure class=\"wp-block-image size-large\"><img loading=\"lazy\" decoding=\"async\" width=\"1024\" height=\"843\" src=\"https:\/\/laszlo1713.lima-city.de\/wp-content\/uploads\/2021\/08\/Screenshot-2021-08-05-at-10.18.21-1024x843.jpg\" alt=\"\" class=\"wp-image-3195\" srcset=\"https:\/\/laszlo1713.lima-city.de\/wp-content\/uploads\/2021\/08\/Screenshot-2021-08-05-at-10.18.21-1024x843.jpg 1024w, https:\/\/laszlo1713.lima-city.de\/wp-content\/uploads\/2021\/08\/Screenshot-2021-08-05-at-10.18.21-300x247.jpg 300w, https:\/\/laszlo1713.lima-city.de\/wp-content\/uploads\/2021\/08\/Screenshot-2021-08-05-at-10.18.21-768x632.jpg 768w, https:\/\/laszlo1713.lima-city.de\/wp-content\/uploads\/2021\/08\/Screenshot-2021-08-05-at-10.18.21-1536x1265.jpg 1536w, https:\/\/laszlo1713.lima-city.de\/wp-content\/uploads\/2021\/08\/Screenshot-2021-08-05-at-10.18.21-2048x1687.jpg 2048w\" sizes=\"auto, (max-width: 706px) 89vw, (max-width: 767px) 82vw, 740px\" \/><\/figure>\n\n\n\n<figure class=\"wp-block-image size-large is-resized\"><img loading=\"lazy\" decoding=\"async\" src=\"https:\/\/laszlo1713.lima-city.de\/wp-content\/uploads\/2021\/08\/610a564f48fbef0dc65bcb08-1.jpg\" alt=\"\" class=\"wp-image-3199\" width=\"674\" height=\"509\" srcset=\"https:\/\/laszlo1713.lima-city.de\/wp-content\/uploads\/2021\/08\/610a564f48fbef0dc65bcb08-1.jpg 977w, https:\/\/laszlo1713.lima-city.de\/wp-content\/uploads\/2021\/08\/610a564f48fbef0dc65bcb08-1-300x227.jpg 300w, https:\/\/laszlo1713.lima-city.de\/wp-content\/uploads\/2021\/08\/610a564f48fbef0dc65bcb08-1-768x581.jpg 768w\" sizes=\"auto, (max-width: 674px) 100vw, 674px\" \/><\/figure>\n\n\n\n<figure class=\"wp-block-image size-large\"><img loading=\"lazy\" decoding=\"async\" width=\"935\" height=\"281\" src=\"https:\/\/laszlo1713.lima-city.de\/wp-content\/uploads\/2021\/08\/610a56b6b480cc137c6cf2e8.jpg\" alt=\"\" class=\"wp-image-3200\" srcset=\"https:\/\/laszlo1713.lima-city.de\/wp-content\/uploads\/2021\/08\/610a56b6b480cc137c6cf2e8.jpg 935w, https:\/\/laszlo1713.lima-city.de\/wp-content\/uploads\/2021\/08\/610a56b6b480cc137c6cf2e8-300x90.jpg 300w, https:\/\/laszlo1713.lima-city.de\/wp-content\/uploads\/2021\/08\/610a56b6b480cc137c6cf2e8-768x231.jpg 768w\" sizes=\"auto, (max-width: 706px) 89vw, (max-width: 767px) 82vw, 740px\" \/><\/figure>\n\n\n\n<figure class=\"wp-block-image size-large\"><img loading=\"lazy\" decoding=\"async\" width=\"1024\" height=\"276\" src=\"https:\/\/laszlo1713.lima-city.de\/wp-content\/uploads\/2021\/08\/610a5707b480cc137c6cf2eb-1024x276.jpg\" alt=\"\" class=\"wp-image-3202\" srcset=\"https:\/\/laszlo1713.lima-city.de\/wp-content\/uploads\/2021\/08\/610a5707b480cc137c6cf2eb-1024x276.jpg 1024w, https:\/\/laszlo1713.lima-city.de\/wp-content\/uploads\/2021\/08\/610a5707b480cc137c6cf2eb-300x81.jpg 300w, https:\/\/laszlo1713.lima-city.de\/wp-content\/uploads\/2021\/08\/610a5707b480cc137c6cf2eb-768x207.jpg 768w, https:\/\/laszlo1713.lima-city.de\/wp-content\/uploads\/2021\/08\/610a5707b480cc137c6cf2eb.jpg 1200w\" sizes=\"auto, (max-width: 706px) 89vw, (max-width: 767px) 82vw, 740px\" \/><\/figure>\n\n\n\n<figure class=\"wp-block-image size-large\"><img loading=\"lazy\" decoding=\"async\" width=\"981\" height=\"484\" src=\"https:\/\/laszlo1713.lima-city.de\/wp-content\/uploads\/2021\/08\/610a574a48fbef0ef308bcfc.jpg\" alt=\"\" class=\"wp-image-3201\" srcset=\"https:\/\/laszlo1713.lima-city.de\/wp-content\/uploads\/2021\/08\/610a574a48fbef0ef308bcfc.jpg 981w, https:\/\/laszlo1713.lima-city.de\/wp-content\/uploads\/2021\/08\/610a574a48fbef0ef308bcfc-300x148.jpg 300w, https:\/\/laszlo1713.lima-city.de\/wp-content\/uploads\/2021\/08\/610a574a48fbef0ef308bcfc-768x379.jpg 768w\" sizes=\"auto, (max-width: 706px) 89vw, (max-width: 767px) 82vw, 740px\" \/><\/figure>\n\n\n\n<hr class=\"wp-block-separator\"\/>\n\n\n\n<figure class=\"wp-block-image size-large\"><img loading=\"lazy\" decoding=\"async\" width=\"714\" height=\"709\" src=\"https:\/\/laszlo1713.lima-city.de\/wp-content\/uploads\/2021\/08\/2021-08-05-12.53.26.jpg\" alt=\"\" class=\"wp-image-3205\" srcset=\"https:\/\/laszlo1713.lima-city.de\/wp-content\/uploads\/2021\/08\/2021-08-05-12.53.26.jpg 714w, https:\/\/laszlo1713.lima-city.de\/wp-content\/uploads\/2021\/08\/2021-08-05-12.53.26-300x298.jpg 300w, https:\/\/laszlo1713.lima-city.de\/wp-content\/uploads\/2021\/08\/2021-08-05-12.53.26-150x150.jpg 150w, https:\/\/laszlo1713.lima-city.de\/wp-content\/uploads\/2021\/08\/2021-08-05-12.53.26-100x100.jpg 100w\" sizes=\"auto, (max-width: 714px) 100vw, 714px\" \/><figcaption>\u00c9s ki csod\u00e1lkozna rajta: Klaus Schwab minden\u00fctt a h\u00e1tt\u00e9rben. &#8220;\u0150s patk\u00e1ny terjeszt k\u00f3rt&#8221;?<\/figcaption><\/figure>\n\n\n\n<hr class=\"wp-block-separator\"\/>\n\n\n\n<p>Hogyan utas\u00edthatjuk vissza teljesen leg\u00e1lisan a k\u00f6telez\u0151nek deklar\u00e1lt covid-olt\u00e1st , legal\u00e1bbis ahogy az angolsz\u00e1sz udvariass\u00e1g elgondolta:<\/p>\n\n\n\n<p><\/p>\n\n\n\n<p><strong>HOW TO DECLINE THE JAB<\/strong><\/p>\n\n\n\n<p>The secret is NOT to refuse it&#8230;.<\/p>\n\n\n\n<p>I write with regard to the matter of potential covid vaccine and my desire to be fully informed and appraised of ALL facts before going ahead.<\/p>\n\n\n\n<p>I\u2019d be most grateful if you could please provide the following information, in accordance with statutory legal requirements:<\/p>\n\n\n\n<ol class=\"wp-block-list\"><li>Can you please advise me of the approved legal status of any vaccine and if it is experimental?<\/li><li>Can you please provide details and assurances that the vaccine has been fully, independently and rigorously tested against control groups and the subsequent outcomes of those tests?<\/li><li>Can you please fully advise of all the adverse reactions associated with this vaccine since its introduction?<\/li><li>Can you please advise of the full list of contents of the vaccine I am to receive and if any are toxic to the body?<\/li><li>Can you please confirm that the vaccine you are advocating is NOT \u2018experimental mRNA gene altering therapy\u2019?<\/li><li>Can you please confirm that I will not be under any duress from yourselves as my employers, in compliance with the Nuremberg Code?<\/li><li>Can you please advise me of the likely risk of fatality, should I be unfortunate to contract Covid 19 and the likelihood of recovery?<\/li><\/ol>\n\n\n\n<p>Once I have received the above information in full and I am satisfied that there is NO threat to my health, I will be happy to accept your offer to receive the treatment, but with certain conditions \u2013 namely that:&nbsp;<\/p>\n\n\n\n<ol class=\"wp-block-list\"><li>You confirm that I will suffer no harm.<\/li><li>Following acceptance of this, the offer must be signed by a fully qualified doctor who will take full legal and financial responsibility for any injuries occurring to myself, and\/or from any interactions by authorized personnel regarding these procedures.<\/li><li>In the event that I should have to decline the office of vaccination, please confirm that it will not compromise my position and that I will not suffer prejudice and discrimination as a result?<\/li><li>I would also advise that my inalienable rights are reserved.&nbsp;<\/li><\/ol>\n\n\n\n<p>The point being though, is that they CANNOT provide that information but you\u2019ve NOT refused their request nor their bullying (whatever the case may be) to have the jab!<\/p>\n\n\n\n<hr class=\"wp-block-separator\"\/>\n\n\n\n<div class=\"wp-block-image\"><figure class=\"aligncenter size-large\"><img loading=\"lazy\" decoding=\"async\" width=\"593\" height=\"587\" src=\"https:\/\/laszlo1713.lima-city.de\/wp-content\/uploads\/2021\/08\/IMAGE-2021-08-05-204917.jpg\" alt=\"\" class=\"wp-image-3213\" srcset=\"https:\/\/laszlo1713.lima-city.de\/wp-content\/uploads\/2021\/08\/IMAGE-2021-08-05-204917.jpg 593w, https:\/\/laszlo1713.lima-city.de\/wp-content\/uploads\/2021\/08\/IMAGE-2021-08-05-204917-300x297.jpg 300w, https:\/\/laszlo1713.lima-city.de\/wp-content\/uploads\/2021\/08\/IMAGE-2021-08-05-204917-100x100.jpg 100w\" sizes=\"auto, (max-width: 593px) 100vw, 593px\" \/><figcaption>A s\u00e1t\u00e1n b\u00e1lja.<\/figcaption><\/figure><\/div>\n\n\n\n<hr class=\"wp-block-separator\"\/>\n\n\n\n<figure class=\"wp-block-image size-large\"><img loading=\"lazy\" decoding=\"async\" width=\"726\" height=\"298\" src=\"https:\/\/laszlo1713.lima-city.de\/wp-content\/uploads\/2021\/08\/Screenshot-2021-08-06-at-07.51.06.jpg\" alt=\"\" class=\"wp-image-3215\" srcset=\"https:\/\/laszlo1713.lima-city.de\/wp-content\/uploads\/2021\/08\/Screenshot-2021-08-06-at-07.51.06.jpg 726w, https:\/\/laszlo1713.lima-city.de\/wp-content\/uploads\/2021\/08\/Screenshot-2021-08-06-at-07.51.06-300x123.jpg 300w\" sizes=\"auto, (max-width: 726px) 100vw, 726px\" \/><figcaption><span class=\"has-inline-color has-vivid-cyan-blue-color\">A Letter to the Unvaccinated<\/span><br>Posted on August 2, 2021 by admin<br>OCLA researcher Dr. Denis Rancourt and several fellow Canadian academics penned an open letter to support those who have decided not to accept the COVID-19 vaccine.<br>The group emphasizes the voluntary nature of this medical treatment as well as the need for informed consent and individual risk-benefit assessment. They reject the pressure exerted by public health officials, the news and social media, and fellow citizens.<br>Control over our bodily integrity may well be the ultimate frontier of the fight to protect civil liberties. Read the letter here:<br><strong>Open Letter to the Unvaccinated<\/strong><br>You are not alone! As of 28 July 2021, 29% of Canadians have not received a COVID-19 vaccine, and an additional 14% have received one shot. In the US and in the European Union, less than half the population is fully vaccinated, and even in Israel, the \u201cworld\u2019s lab\u201d according to Pfizer, one third of people remain completely unvaccinated. Politicians and the media have taken a uniform view, scapegoating the unvaccinated for the troubles that have ensued after eighteen months of fearmongering and lockdowns. It\u2019s time to set the record straight.<br>It is entirely reasonable and legitimate to say \u2018no\u2019 to insufficiently tested vaccines for which there is no reliable science. You have a right to assert guardianship of your body and to refuse medical treatments if you see fit. You are right to say \u2018no\u2019 to a violation of your dignity, your integrity and your bodily autonomy. It is your body, and you have the right to choose. You are right to fight for your children against their mass vaccination in school.<br>You are right to question whether free and informed consent is at all possible under present circumstances. Long-term effects are unknown. Transgenerational effects are unknown. Vaccine-induced deregulation of natural immunity is unknown. Potential harm is unknown as the adverse event reporting is delayed, incomplete and inconsistent between jurisdictions.<br>You are being targeted by mainstream media, government social engineering campaigns, unjust rules and policies, collaborating employers, and the social-media mob. You are being told that you are now the problem and that the world cannot get back to normal unless you get vaccinated. You are being viciously scapegoated by propaganda and pressured by others around you. Remember; there is nothing wrong with you. You are inaccurately accused of being a factory for new SARS-CoV-2 variants, when in fact, according to leading scientists, your natural immune system generates immunity to multiple components of the virus. This will promote your protection against a vast range of viral variants and abrogates further spread to anyone else.<br>You are justified in demanding independent peer-reviewed studies, not funded by multinational pharmaceutical companies. All the peer-reviewed studies of short-term safety and short-term efficacy have been funded, organized, coordinated, and supported by these for-profit corporations; and none of the study data have been made public or available to researchers who don\u2019t work for these companies.<br>You are right to question the preliminary vaccine trial results. The claimed high values of relative efficacy rely on small numbers of tenuously determined \u201cinfections.\u201d The studies were also not blind, where people giving the injections admittedly knew or could deduce whether they were injecting the experimental vaccine or the placebo. This is not acceptable scientific methodology for vaccine trials.<br>You are correct in your calls for a diversity of scientific opinions. Like in nature, we need a polyculture of information and its interpretations. And we don\u2019t have that right now. Choosing not to take the vaccine is holding space for reason, transparency and accountability to emerge. You are right to ask, \u2018What comes next when we give away authority over our own bodies?\u2019<br>Do not be intimidated. You are showing resilience, integrity and grit. You are coming together in your communities, making plans to help one another and standing for scientific accountability and free speech, which are required for society to thrive. We are among many who stand with you.<br>Angela Durante, <br>PhD Denis Rancourt, <br>PhD Claus Rinner, <br>PhD Laurent Leduc, <br>PhD Donald Welsh, <br>PhD John Zwaagstra, <br>PhD Jan Vrbik, PhD <br>Valentina Capurri, PhD<\/figcaption><\/figure>\n\n\n\n<hr class=\"wp-block-separator\"\/>\n\n\n\n<figure class=\"wp-block-image size-large\"><img loading=\"lazy\" decoding=\"async\" width=\"768\" height=\"1024\" src=\"https:\/\/laszlo1713.lima-city.de\/wp-content\/uploads\/2021\/08\/IMAGE-2021-08-06-123315-768x1024.jpg\" alt=\"\" class=\"wp-image-3218\" srcset=\"https:\/\/laszlo1713.lima-city.de\/wp-content\/uploads\/2021\/08\/IMAGE-2021-08-06-123315-768x1024.jpg 768w, https:\/\/laszlo1713.lima-city.de\/wp-content\/uploads\/2021\/08\/IMAGE-2021-08-06-123315-225x300.jpg 225w, https:\/\/laszlo1713.lima-city.de\/wp-content\/uploads\/2021\/08\/IMAGE-2021-08-06-123315.jpg 960w\" sizes=\"auto, (max-width: 706px) 89vw, (max-width: 767px) 82vw, 740px\" \/><\/figure>\n\n\n\n<figure class=\"wp-block-image size-large\"><img loading=\"lazy\" decoding=\"async\" width=\"1024\" height=\"672\" src=\"https:\/\/laszlo1713.lima-city.de\/wp-content\/uploads\/2021\/08\/Screenshot-2021-08-06-at-12.35.48-1024x672.jpg\" alt=\"\" class=\"wp-image-3219\" srcset=\"https:\/\/laszlo1713.lima-city.de\/wp-content\/uploads\/2021\/08\/Screenshot-2021-08-06-at-12.35.48-1024x672.jpg 1024w, https:\/\/laszlo1713.lima-city.de\/wp-content\/uploads\/2021\/08\/Screenshot-2021-08-06-at-12.35.48-300x197.jpg 300w, https:\/\/laszlo1713.lima-city.de\/wp-content\/uploads\/2021\/08\/Screenshot-2021-08-06-at-12.35.48-768x504.jpg 768w, https:\/\/laszlo1713.lima-city.de\/wp-content\/uploads\/2021\/08\/Screenshot-2021-08-06-at-12.35.48-1536x1007.jpg 1536w, https:\/\/laszlo1713.lima-city.de\/wp-content\/uploads\/2021\/08\/Screenshot-2021-08-06-at-12.35.48.jpg 1604w\" sizes=\"auto, (max-width: 706px) 89vw, (max-width: 767px) 82vw, 740px\" \/><\/figure>\n\n\n\n<figure class=\"wp-block-image size-large\"><img loading=\"lazy\" decoding=\"async\" width=\"698\" height=\"1024\" src=\"https:\/\/laszlo1713.lima-city.de\/wp-content\/uploads\/2021\/08\/IMAGE-2021-08-06-151839-698x1024.jpg\" alt=\"\" class=\"wp-image-3221\" srcset=\"https:\/\/laszlo1713.lima-city.de\/wp-content\/uploads\/2021\/08\/IMAGE-2021-08-06-151839-698x1024.jpg 698w, https:\/\/laszlo1713.lima-city.de\/wp-content\/uploads\/2021\/08\/IMAGE-2021-08-06-151839-204x300.jpg 204w, https:\/\/laszlo1713.lima-city.de\/wp-content\/uploads\/2021\/08\/IMAGE-2021-08-06-151839-768x1127.jpg 768w, https:\/\/laszlo1713.lima-city.de\/wp-content\/uploads\/2021\/08\/IMAGE-2021-08-06-151839.jpg 872w\" sizes=\"auto, (max-width: 698px) 100vw, 698px\" \/><\/figure>\n\n\n\n<figure class=\"wp-block-image size-large\"><img loading=\"lazy\" decoding=\"async\" width=\"768\" height=\"1024\" src=\"https:\/\/laszlo1713.lima-city.de\/wp-content\/uploads\/2021\/08\/IMAGE-2021-08-06-151529-768x1024.jpg\" alt=\"\" class=\"wp-image-3223\" srcset=\"https:\/\/laszlo1713.lima-city.de\/wp-content\/uploads\/2021\/08\/IMAGE-2021-08-06-151529-768x1024.jpg 768w, https:\/\/laszlo1713.lima-city.de\/wp-content\/uploads\/2021\/08\/IMAGE-2021-08-06-151529-225x300.jpg 225w, https:\/\/laszlo1713.lima-city.de\/wp-content\/uploads\/2021\/08\/IMAGE-2021-08-06-151529.jpg 960w\" sizes=\"auto, (max-width: 706px) 89vw, (max-width: 767px) 82vw, 740px\" \/><\/figure>\n\n\n\n<div class=\"wp-block-image\"><figure class=\"aligncenter size-large\"><img loading=\"lazy\" decoding=\"async\" width=\"461\" height=\"1024\" src=\"https:\/\/laszlo1713.lima-city.de\/wp-content\/uploads\/2021\/08\/IMAGE-2021-08-06-152130-461x1024.jpg\" alt=\"\" class=\"wp-image-3225\" srcset=\"https:\/\/laszlo1713.lima-city.de\/wp-content\/uploads\/2021\/08\/IMAGE-2021-08-06-152130-461x1024.jpg 461w, https:\/\/laszlo1713.lima-city.de\/wp-content\/uploads\/2021\/08\/IMAGE-2021-08-06-152130-135x300.jpg 135w, https:\/\/laszlo1713.lima-city.de\/wp-content\/uploads\/2021\/08\/IMAGE-2021-08-06-152130.jpg 576w\" sizes=\"auto, (max-width: 461px) 100vw, 461px\" \/><figcaption><span class=\"has-inline-color has-vivid-green-cyan-color\">Boh\u00f3cok! H\u00fcly\u00e9k a m\u00e1sik oldalon. Sz\u00e9p kis el\u0151ad\u00e1s!<\/span><\/figcaption><\/figure><\/div>\n\n\n\n<hr class=\"wp-block-separator\"\/>\n\n\n\n<figure class=\"wp-block-image size-large\"><img loading=\"lazy\" decoding=\"async\" width=\"1024\" height=\"941\" src=\"https:\/\/laszlo1713.lima-city.de\/wp-content\/uploads\/2021\/08\/Screenshot-2021-08-06-at-18.46.58-1024x941.jpg\" alt=\"\" class=\"wp-image-3227\" srcset=\"https:\/\/laszlo1713.lima-city.de\/wp-content\/uploads\/2021\/08\/Screenshot-2021-08-06-at-18.46.58-1024x941.jpg 1024w, https:\/\/laszlo1713.lima-city.de\/wp-content\/uploads\/2021\/08\/Screenshot-2021-08-06-at-18.46.58-300x276.jpg 300w, https:\/\/laszlo1713.lima-city.de\/wp-content\/uploads\/2021\/08\/Screenshot-2021-08-06-at-18.46.58-768x705.jpg 768w, https:\/\/laszlo1713.lima-city.de\/wp-content\/uploads\/2021\/08\/Screenshot-2021-08-06-at-18.46.58.jpg 1448w\" sizes=\"auto, (max-width: 706px) 89vw, (max-width: 767px) 82vw, 740px\" \/><figcaption>The U.S. Navy Judge Advocate General\u2019s Corps on Wednesday hanged former National Security Advisor Susan Rice, just a month after a military tribunal at Guantanamo Bay found her guilty of high treason and recommended that she be put to death for crimes committed against the nation and its citizenry. Asked if she had any last words, a tearful Rice said she had done nothing wrong, that she had only ever followed lawful orders. (&#8230;} Rice had had numerous opportunities to avoid the hangman\u2019s noose. The military had hoped Rice would supply incriminating information on her former boss, Barack Hussein Obama, who the military believes is still masterminding the Deep State\u2019s efforts to enslave law-abiding American patriots.<br>\u201cObama\u2019s hold on these people is remarkable,\u201d our source said. \u201cRice wouldn\u2019t give him up. Podesta wouldn\u2019t give him up. The Clintons wouldn\u2019t give him up. But that\u2019s not stopping JAG from pursuing its case against him, and it\u2019s only a matter of time before Obama shares a similar fate,\u201d our source said.<\/figcaption><\/figure>\n\n\n\n<hr class=\"wp-block-separator\"\/>\n\n\n\n<div class=\"wp-block-image\"><figure class=\"aligncenter size-large\"><img loading=\"lazy\" decoding=\"async\" width=\"574\" height=\"644\" src=\"https:\/\/laszlo1713.lima-city.de\/wp-content\/uploads\/2021\/08\/2021-08-06-20.28.03.jpg\" alt=\"\" class=\"wp-image-3231\" srcset=\"https:\/\/laszlo1713.lima-city.de\/wp-content\/uploads\/2021\/08\/2021-08-06-20.28.03.jpg 574w, https:\/\/laszlo1713.lima-city.de\/wp-content\/uploads\/2021\/08\/2021-08-06-20.28.03-267x300.jpg 267w\" sizes=\"auto, (max-width: 574px) 100vw, 574px\" \/><figcaption><span class=\"has-inline-color has-vivid-green-cyan-color\">D\u00e9j\u00e1 vu? El\u00e9gg\u00e9 egy\u00fcgy\u0171 forgat\u00f3k\u00f6nyv, a h\u00fclye is l\u00e1tja (l\u00e1thatn\u00e1).<\/span><\/figcaption><\/figure><\/div>\n\n\n\n<hr class=\"wp-block-separator\"\/>\n\n\n\n<figure class=\"wp-block-image size-large\"><img loading=\"lazy\" decoding=\"async\" width=\"1024\" height=\"866\" src=\"https:\/\/laszlo1713.lima-city.de\/wp-content\/uploads\/2021\/08\/2021-08-06-20.28.27-1024x866.jpg\" alt=\"\" class=\"wp-image-3233\" srcset=\"https:\/\/laszlo1713.lima-city.de\/wp-content\/uploads\/2021\/08\/2021-08-06-20.28.27-1024x866.jpg 1024w, https:\/\/laszlo1713.lima-city.de\/wp-content\/uploads\/2021\/08\/2021-08-06-20.28.27-300x254.jpg 300w, https:\/\/laszlo1713.lima-city.de\/wp-content\/uploads\/2021\/08\/2021-08-06-20.28.27-768x650.jpg 768w, https:\/\/laszlo1713.lima-city.de\/wp-content\/uploads\/2021\/08\/2021-08-06-20.28.27.jpg 1199w\" sizes=\"auto, (max-width: 706px) 89vw, (max-width: 767px) 82vw, 740px\" \/><figcaption><span class=\"has-inline-color has-vivid-green-cyan-color\">\u00c9s ahogy a propaganda m\u0171k\u00f6dik. Beint\u00e9sre \u00e9s szint\u00e9n egy\u00fcgy\u0171n.<\/span><\/figcaption><\/figure>\n\n\n\n<hr class=\"wp-block-separator\"\/>\n\n\n\n<figure class=\"wp-block-image size-large\"><img loading=\"lazy\" decoding=\"async\" width=\"1024\" height=\"522\" src=\"https:\/\/laszlo1713.lima-city.de\/wp-content\/uploads\/2021\/08\/Screenshot-2021-08-07-at-10.09.09-1024x522.jpg\" alt=\"\" class=\"wp-image-3238\" srcset=\"https:\/\/laszlo1713.lima-city.de\/wp-content\/uploads\/2021\/08\/Screenshot-2021-08-07-at-10.09.09-1024x522.jpg 1024w, https:\/\/laszlo1713.lima-city.de\/wp-content\/uploads\/2021\/08\/Screenshot-2021-08-07-at-10.09.09-300x153.jpg 300w, https:\/\/laszlo1713.lima-city.de\/wp-content\/uploads\/2021\/08\/Screenshot-2021-08-07-at-10.09.09-768x392.jpg 768w, https:\/\/laszlo1713.lima-city.de\/wp-content\/uploads\/2021\/08\/Screenshot-2021-08-07-at-10.09.09-1536x784.jpg 1536w, https:\/\/laszlo1713.lima-city.de\/wp-content\/uploads\/2021\/08\/Screenshot-2021-08-07-at-10.09.09.jpg 1776w\" sizes=\"auto, (max-width: 706px) 89vw, (max-width: 767px) 82vw, 740px\" \/><figcaption>Purposefully dissolving the placebo group violates the scientific purpose to test whether the vaccine has any efficacy; any actual benefit and\/or safety issues.&nbsp; Without a control group there is nothing to compare the vaccinated group against.&nbsp;&nbsp;<a rel=\"noreferrer noopener\" href=\"https:\/\/www.npr.org\/sections\/health-shots\/2021\/02\/19\/969143015\/long-term-studies-of-covid-19-vaccines-hurt-by-placebo-recipients-getting-immuni\" target=\"_blank\">According to NPR<\/a>, the doctors lost the control group in the Johnson County Clinicial Trial (Lexena, Kansas)&nbsp;<strong>on purpose:<\/strong><br><em>(<a rel=\"noreferrer noopener\" href=\"https:\/\/www.npr.org\/sections\/health-shots\/2021\/02\/19\/969143015\/long-term-studies-of-covid-19-vaccines-hurt-by-placebo-recipients-getting-immuni\" target=\"_blank\">Via NPR<\/a>) [\u2026] \u201cDr. Carlos Fierro, who runs the study there, says&nbsp;<strong>every participant was called back<\/strong> after the Food and Drug Administration authorized the vaccine.<\/em><br><em>\u201cDuring that visit we discussed the options, which included staying in the study without the vaccine,\u201d he says, \u201cand amazingly there were people \u2014 a couple of people \u2014 who chose that.\u201d<\/em><br><em>He suspects those individuals got spooked by rumors about the vaccine. But everybody else who had the placebo shot went ahead and got the actual vaccine. So now Fierro has essentially no comparison group left for the ongoing study.&nbsp; \u201cIt\u2019s a loss from a scientific standpoint, but given the circumstances I think it\u2019s the right thing to do,\u201d he says.<\/em><br><br><br><em>People signing up for these studies were not promised special treatment, but once the FDA authorized the vaccines, their developers decided to offer the shots. (<a rel=\"noreferrer noopener\" href=\"https:\/\/www.npr.org\/sections\/health-shots\/2021\/02\/19\/969143015\/long-term-studies-of-covid-19-vaccines-hurt-by-placebo-recipients-getting-immuni\" target=\"_blank\">read more<\/a>)<br><\/em><br>Just so we are clear, the final FDA authorization and approval for the vaccines are based on the outcome of these trials.&nbsp; As noted in the example above, the control group was intentionally lost under the auspices of&nbsp; \u201cthe right thing to do\u201d, so there is no way for the efficacy, effectiveness or safety of the vaccine itself to be measured.<br>There\u2019s no one left within the control group, of a statistically valid value, to give an adequate comparison of outcomes for vaxxed -vs- non-vaxxed.<br>Whiskey \u2013 Tango \u2013 Foxtrot !!!&nbsp; This is nuts.<br>That&nbsp;<a rel=\"noreferrer noopener\" href=\"https:\/\/www.npr.org\/sections\/health-shots\/2021\/02\/19\/969143015\/long-term-studies-of-covid-19-vaccines-hurt-by-placebo-recipients-getting-immuni\" target=\"_blank\">NPR article<\/a>&nbsp;is one to bookmark when people start claiming the vaccination is effective.<br>How can the vaccine not be considered effective when there is no group of non-vaccinated people to compare the results to?Good grief, the entire healthcare system is operating on a massive hive mindset where science, and the scientific method, is thrown out the window in favor of ideological outcomes and self-fulfilling prophecies.&nbsp;&nbsp; The fact that the researchers and doctors, apparently under the payroll of the pharmaceutical companies that have a vested financial interest in the vaccine outcome, lost the control group on purpose is alarming.<br>Of course, Big Pharma will promote the vaccine as beneficial, and the controlled media will promote that message with a complete disconnect from the clinical trial details, and the FDA will grant approval on results that were intentionally constructed to produce only one outcome.<br>Madness\u2026. All of it.<\/figcaption><\/figure>\n\n\n\n<hr class=\"wp-block-separator\"\/>\n\n\n\n<figure class=\"wp-block-image size-large\"><img loading=\"lazy\" decoding=\"async\" width=\"1024\" height=\"932\" src=\"https:\/\/laszlo1713.lima-city.de\/wp-content\/uploads\/2021\/08\/Screenshot-2021-08-07-at-21.14.55-1024x932.jpg\" alt=\"\" class=\"wp-image-3244\" srcset=\"https:\/\/laszlo1713.lima-city.de\/wp-content\/uploads\/2021\/08\/Screenshot-2021-08-07-at-21.14.55-1024x932.jpg 1024w, https:\/\/laszlo1713.lima-city.de\/wp-content\/uploads\/2021\/08\/Screenshot-2021-08-07-at-21.14.55-300x273.jpg 300w, https:\/\/laszlo1713.lima-city.de\/wp-content\/uploads\/2021\/08\/Screenshot-2021-08-07-at-21.14.55-768x699.jpg 768w, https:\/\/laszlo1713.lima-city.de\/wp-content\/uploads\/2021\/08\/Screenshot-2021-08-07-at-21.14.55.jpg 1426w\" sizes=\"auto, (max-width: 706px) 89vw, (max-width: 767px) 82vw, 740px\" \/><\/figure>\n\n\n\n<hr class=\"wp-block-separator\"\/>\n\n\n\n<figure class=\"wp-block-image size-large\"><img loading=\"lazy\" decoding=\"async\" width=\"1024\" height=\"544\" src=\"https:\/\/laszlo1713.lima-city.de\/wp-content\/uploads\/2021\/08\/Screenshot-2021-08-08-at-07.49.46-1024x544.jpg\" alt=\"\" class=\"wp-image-3246\" srcset=\"https:\/\/laszlo1713.lima-city.de\/wp-content\/uploads\/2021\/08\/Screenshot-2021-08-08-at-07.49.46-1024x544.jpg 1024w, https:\/\/laszlo1713.lima-city.de\/wp-content\/uploads\/2021\/08\/Screenshot-2021-08-08-at-07.49.46-300x159.jpg 300w, https:\/\/laszlo1713.lima-city.de\/wp-content\/uploads\/2021\/08\/Screenshot-2021-08-08-at-07.49.46-768x408.jpg 768w, https:\/\/laszlo1713.lima-city.de\/wp-content\/uploads\/2021\/08\/Screenshot-2021-08-08-at-07.49.46-1536x816.jpg 1536w, https:\/\/laszlo1713.lima-city.de\/wp-content\/uploads\/2021\/08\/Screenshot-2021-08-08-at-07.49.46.jpg 1616w\" sizes=\"auto, (max-width: 706px) 89vw, (max-width: 767px) 82vw, 740px\" \/><figcaption>Der Begriff Propaganda ist in der Matrix des Westens systematisch verdreht worden. Propaganda: Das ist das, was die anderen machen. Das ist L\u00fcge plus Emotion. Die immergleiche Botschaft so oft und so laut, bis auch der letzte Hurra schreit und dabei ignoriert, dass dieser Ruf das Leben kosten kann. Eine Form der Kontrolle, die verhindert, dass gesellschaftliche Strukturen \u00f6ffentlich hinterfragt werden \u2013 vor allem Eigentumsstrukturen. Das funktioniert, weil wir uns t\u00e4uschen lassen wollen und weil uns die Matrix, in der wir leben, daf\u00fcr tausend gute Gr\u00fcnde liefert. \u2013 Ein Auszug aus dem neuen Buch \u201eDie Propaganda-Matrix\u201c von Michael Meyen.<\/figcaption><\/figure>\n\n\n\n<hr class=\"wp-block-separator\"\/>\n\n\n\n<div class=\"wp-block-image\"><figure class=\"aligncenter size-large\"><img loading=\"lazy\" decoding=\"async\" width=\"537\" height=\"1024\" src=\"https:\/\/laszlo1713.lima-city.de\/wp-content\/uploads\/2021\/08\/IMAGE-2021-08-08-074829-537x1024.jpg\" alt=\"\" class=\"wp-image-3247\" srcset=\"https:\/\/laszlo1713.lima-city.de\/wp-content\/uploads\/2021\/08\/IMAGE-2021-08-08-074829-537x1024.jpg 537w, https:\/\/laszlo1713.lima-city.de\/wp-content\/uploads\/2021\/08\/IMAGE-2021-08-08-074829-157x300.jpg 157w, https:\/\/laszlo1713.lima-city.de\/wp-content\/uploads\/2021\/08\/IMAGE-2021-08-08-074829.jpg 671w\" sizes=\"auto, (max-width: 537px) 100vw, 537px\" \/><figcaption><span class=\"has-inline-color has-vivid-green-cyan-color\">BILD (is) terjesztette ezeket az \u00e1lh\u00edreket (Fake-News), mostanra megel\u00e9gelte?  Minden esetre mindez csak egy szer\u00e9ny v\u00e1logat\u00e1s mindabb\u00f3l, amit a hivatalos m\u00e9dia (MSM) &#8220;elk\u00f6vetett&#8221;.<\/span><\/figcaption><\/figure><\/div>\n\n\n\n<hr class=\"wp-block-separator\"\/>\n\n\n\n<div class=\"wp-block-image\"><figure class=\"aligncenter size-large\"><img loading=\"lazy\" decoding=\"async\" width=\"517\" height=\"291\" src=\"https:\/\/laszlo1713.lima-city.de\/wp-content\/uploads\/2021\/08\/IMAGE-2021-08-02-192859.jpg\" alt=\"\" class=\"wp-image-3241\" srcset=\"https:\/\/laszlo1713.lima-city.de\/wp-content\/uploads\/2021\/08\/IMAGE-2021-08-02-192859.jpg 517w, https:\/\/laszlo1713.lima-city.de\/wp-content\/uploads\/2021\/08\/IMAGE-2021-08-02-192859-300x169.jpg 300w\" sizes=\"auto, (max-width: 517px) 100vw, 517px\" \/><\/figure><\/div>\n\n\n\n<hr class=\"wp-block-separator\"\/>\n\n\n\n<figure class=\"wp-block-image size-large is-resized\"><img loading=\"lazy\" decoding=\"async\" src=\"https:\/\/laszlo1713.lima-city.de\/wp-content\/uploads\/2021\/08\/2021-08-08-07.44.40-890x1024.jpg\" alt=\"\" class=\"wp-image-3249\" width=\"674\" height=\"775\" srcset=\"https:\/\/laszlo1713.lima-city.de\/wp-content\/uploads\/2021\/08\/2021-08-08-07.44.40-890x1024.jpg 890w, https:\/\/laszlo1713.lima-city.de\/wp-content\/uploads\/2021\/08\/2021-08-08-07.44.40-261x300.jpg 261w, https:\/\/laszlo1713.lima-city.de\/wp-content\/uploads\/2021\/08\/2021-08-08-07.44.40-768x883.jpg 768w, https:\/\/laszlo1713.lima-city.de\/wp-content\/uploads\/2021\/08\/2021-08-08-07.44.40.jpg 1113w\" sizes=\"auto, (max-width: 674px) 100vw, 674px\" \/><\/figure>\n\n\n\n<figure class=\"wp-block-image size-large\"><img loading=\"lazy\" decoding=\"async\" width=\"1024\" height=\"627\" src=\"https:\/\/laszlo1713.lima-city.de\/wp-content\/uploads\/2021\/08\/IMAGE-2021-08-08-074413-1024x627.jpg\" alt=\"\" class=\"wp-image-3250\" srcset=\"https:\/\/laszlo1713.lima-city.de\/wp-content\/uploads\/2021\/08\/IMAGE-2021-08-08-074413-1024x627.jpg 1024w, https:\/\/laszlo1713.lima-city.de\/wp-content\/uploads\/2021\/08\/IMAGE-2021-08-08-074413-300x184.jpg 300w, https:\/\/laszlo1713.lima-city.de\/wp-content\/uploads\/2021\/08\/IMAGE-2021-08-08-074413-768x470.jpg 768w, https:\/\/laszlo1713.lima-city.de\/wp-content\/uploads\/2021\/08\/IMAGE-2021-08-08-074413.jpg 1280w\" sizes=\"auto, (max-width: 706px) 89vw, (max-width: 767px) 82vw, 740px\" \/><figcaption><span class=\"has-inline-color has-vivid-green-cyan-color\">Egy kis aktu\u00e1lis statisztika. Nem l\u00e1tszik \u00f6sszhangban lenni a propaganda-harson\u00e1val. <\/span><\/figcaption><\/figure>\n\n\n\n<figure class=\"wp-block-image size-large\"><img loading=\"lazy\" decoding=\"async\" width=\"994\" height=\"1024\" src=\"https:\/\/laszlo1713.lima-city.de\/wp-content\/uploads\/2021\/08\/Screenshot-2021-08-08-at-08.24.17-994x1024.jpg\" alt=\"\" class=\"wp-image-3255\" srcset=\"https:\/\/laszlo1713.lima-city.de\/wp-content\/uploads\/2021\/08\/Screenshot-2021-08-08-at-08.24.17-994x1024.jpg 994w, https:\/\/laszlo1713.lima-city.de\/wp-content\/uploads\/2021\/08\/Screenshot-2021-08-08-at-08.24.17-291x300.jpg 291w, https:\/\/laszlo1713.lima-city.de\/wp-content\/uploads\/2021\/08\/Screenshot-2021-08-08-at-08.24.17-768x791.jpg 768w, https:\/\/laszlo1713.lima-city.de\/wp-content\/uploads\/2021\/08\/Screenshot-2021-08-08-at-08.24.17-1491x1536.jpg 1491w, https:\/\/laszlo1713.lima-city.de\/wp-content\/uploads\/2021\/08\/Screenshot-2021-08-08-at-08.24.17.jpg 1528w\" sizes=\"auto, (max-width: 706px) 89vw, (max-width: 767px) 82vw, 740px\" \/><figcaption><strong>Au\u00dferparlamentarischer Untersuchungsausschuss in Holland entdeckt mehr Todesf\u00e4lle und Impfverletzungen als von den Beh\u00f6rden bis jetzt gemeldet wurden<\/strong><br>&nbsp;#Niederlande<br><br><br>Nach Angaben des BNR sind die Niederlande bei der Meldung von Nebenwirkungen des Corona-Impfstoffs mit Abstand f\u00fchrend in der EU. Agnes Kant, Direktorin des Lareb (Zentrum f\u00fcr Nebenwirkungen durch medikamente), sieht die Zahlen als &#8220;Kompliment&#8221;. Bisl.. <a href=\"https:\/\/uncutnews.ch\/ausserparlamentarischer-untersuchungsausschuss-in-holland-entdeckt-mehr-todesfaelle-und-impfverletzungen-als-von-den-behoerden-bis-jetzt-gemeldet-wurden\/\">\u27a1\ufe0f\u27a1\ufe0f\u27a1\ufe0f<\/a><\/figcaption><\/figure>\n\n\n\n<hr class=\"wp-block-separator\"\/>\n\n\n\n<figure class=\"wp-block-image size-large\"><img loading=\"lazy\" decoding=\"async\" width=\"768\" height=\"368\" src=\"https:\/\/laszlo1713.lima-city.de\/wp-content\/uploads\/2021\/08\/WillNotComply1-768x368-1.jpg\" alt=\"\" class=\"wp-image-3257\" srcset=\"https:\/\/laszlo1713.lima-city.de\/wp-content\/uploads\/2021\/08\/WillNotComply1-768x368-1.jpg 768w, https:\/\/laszlo1713.lima-city.de\/wp-content\/uploads\/2021\/08\/WillNotComply1-768x368-1-300x144.jpg 300w\" sizes=\"auto, (max-width: 706px) 89vw, (max-width: 767px) 82vw, 740px\" \/><\/figure>\n\n\n\n<div class=\"wp-block-image\"><figure class=\"aligncenter size-large\"><img loading=\"lazy\" decoding=\"async\" width=\"474\" height=\"582\" src=\"https:\/\/laszlo1713.lima-city.de\/wp-content\/uploads\/2021\/08\/IMAGE-2021-08-08-083203.jpg\" alt=\"\" class=\"wp-image-3259\" srcset=\"https:\/\/laszlo1713.lima-city.de\/wp-content\/uploads\/2021\/08\/IMAGE-2021-08-08-083203.jpg 474w, https:\/\/laszlo1713.lima-city.de\/wp-content\/uploads\/2021\/08\/IMAGE-2021-08-08-083203-244x300.jpg 244w\" sizes=\"auto, (max-width: 474px) 100vw, 474px\" \/><\/figure><\/div>\n\n\n\n<figure class=\"wp-block-image size-large\"><img loading=\"lazy\" decoding=\"async\" width=\"1024\" height=\"377\" src=\"https:\/\/laszlo1713.lima-city.de\/wp-content\/uploads\/2021\/08\/Screenshot-2021-08-08-at-08.32.20-1024x377.jpg\" alt=\"\" class=\"wp-image-3261\" srcset=\"https:\/\/laszlo1713.lima-city.de\/wp-content\/uploads\/2021\/08\/Screenshot-2021-08-08-at-08.32.20-1024x377.jpg 1024w, https:\/\/laszlo1713.lima-city.de\/wp-content\/uploads\/2021\/08\/Screenshot-2021-08-08-at-08.32.20-300x110.jpg 300w, https:\/\/laszlo1713.lima-city.de\/wp-content\/uploads\/2021\/08\/Screenshot-2021-08-08-at-08.32.20-768x282.jpg 768w, https:\/\/laszlo1713.lima-city.de\/wp-content\/uploads\/2021\/08\/Screenshot-2021-08-08-at-08.32.20-1536x565.jpg 1536w, https:\/\/laszlo1713.lima-city.de\/wp-content\/uploads\/2021\/08\/Screenshot-2021-08-08-at-08.32.20-2048x753.jpg 2048w\" sizes=\"auto, (max-width: 706px) 89vw, (max-width: 767px) 82vw, 740px\" \/><\/figure>\n\n\n\n<figure class=\"wp-block-image size-large\"><img loading=\"lazy\" decoding=\"async\" width=\"768\" height=\"1024\" src=\"https:\/\/laszlo1713.lima-city.de\/wp-content\/uploads\/2021\/08\/IMAGE-2021-08-08-193048-768x1024.jpg\" alt=\"\" class=\"wp-image-3278\" srcset=\"https:\/\/laszlo1713.lima-city.de\/wp-content\/uploads\/2021\/08\/IMAGE-2021-08-08-193048-768x1024.jpg 768w, https:\/\/laszlo1713.lima-city.de\/wp-content\/uploads\/2021\/08\/IMAGE-2021-08-08-193048-225x300.jpg 225w, https:\/\/laszlo1713.lima-city.de\/wp-content\/uploads\/2021\/08\/IMAGE-2021-08-08-193048.jpg 960w\" sizes=\"auto, (max-width: 706px) 89vw, (max-width: 767px) 82vw, 740px\" \/><figcaption>Wie verr\u00fcckt und irre und medizinisch verantwortungslos kann es noch werden? Eine M\u00fcnchner Tageszeitung von diesem Wochenende:&nbsp;<br>\u201eImpfen to go! Wo\u00b4s jetzt die schnelle Spritze gibt\u201c.&nbsp;<br>=&gt; SIND die tz-Leser wirklich so dumm?      <span class=\"has-inline-color has-vivid-green-cyan-color\">&#8211;&gt;  Igen, minden bizonnyal.<\/span><\/figcaption><\/figure>\n\n\n\n<figure class=\"wp-block-image size-large\"><img loading=\"lazy\" decoding=\"async\" width=\"650\" height=\"650\" src=\"https:\/\/laszlo1713.lima-city.de\/wp-content\/uploads\/2021\/08\/IMAGE-2021-08-09-114141.jpg\" alt=\"\" class=\"wp-image-3285\" srcset=\"https:\/\/laszlo1713.lima-city.de\/wp-content\/uploads\/2021\/08\/IMAGE-2021-08-09-114141.jpg 650w, https:\/\/laszlo1713.lima-city.de\/wp-content\/uploads\/2021\/08\/IMAGE-2021-08-09-114141-300x300.jpg 300w, https:\/\/laszlo1713.lima-city.de\/wp-content\/uploads\/2021\/08\/IMAGE-2021-08-09-114141-150x150.jpg 150w, https:\/\/laszlo1713.lima-city.de\/wp-content\/uploads\/2021\/08\/IMAGE-2021-08-09-114141-100x100.jpg 100w\" sizes=\"auto, (max-width: 650px) 100vw, 650px\" \/><\/figure>\n\n\n\n<hr class=\"wp-block-separator\"\/>\n\n\n\n<div class=\"wp-block-image\"><figure class=\"aligncenter size-large\"><img loading=\"lazy\" decoding=\"async\" width=\"494\" height=\"368\" src=\"https:\/\/laszlo1713.lima-city.de\/wp-content\/uploads\/2021\/08\/2021-08-08-07.43.01.jpg\" alt=\"\" class=\"wp-image-3251\" srcset=\"https:\/\/laszlo1713.lima-city.de\/wp-content\/uploads\/2021\/08\/2021-08-08-07.43.01.jpg 494w, https:\/\/laszlo1713.lima-city.de\/wp-content\/uploads\/2021\/08\/2021-08-08-07.43.01-300x223.jpg 300w\" sizes=\"auto, (max-width: 494px) 100vw, 494px\" \/><\/figure><\/div>\n\n\n\n<figure class=\"wp-block-image size-large\"><img loading=\"lazy\" decoding=\"async\" width=\"1010\" height=\"1024\" src=\"https:\/\/laszlo1713.lima-city.de\/wp-content\/uploads\/2021\/08\/IMAGE-2021-08-09-165925-1010x1024.jpg\" alt=\"\" class=\"wp-image-3288\" srcset=\"https:\/\/laszlo1713.lima-city.de\/wp-content\/uploads\/2021\/08\/IMAGE-2021-08-09-165925-1010x1024.jpg 1010w, https:\/\/laszlo1713.lima-city.de\/wp-content\/uploads\/2021\/08\/IMAGE-2021-08-09-165925-296x300.jpg 296w, https:\/\/laszlo1713.lima-city.de\/wp-content\/uploads\/2021\/08\/IMAGE-2021-08-09-165925-768x779.jpg 768w, https:\/\/laszlo1713.lima-city.de\/wp-content\/uploads\/2021\/08\/IMAGE-2021-08-09-165925-100x100.jpg 100w, https:\/\/laszlo1713.lima-city.de\/wp-content\/uploads\/2021\/08\/IMAGE-2021-08-09-165925.jpg 1080w\" sizes=\"auto, (max-width: 706px) 89vw, (max-width: 767px) 82vw, 740px\" \/><figcaption><span class=\"has-inline-color has-vivid-green-cyan-color\">Angela Merkel  \u00e9s a &#8220;tagad\u00e1s&#8221; szelleme. M\u00e1r mindenek ut\u00e1n \u00f6nmag\u00e1t marcangolja, rem\u00e9lj\u00fck,  imm\u00e1r nem  sok\u00e1ig.<\/span><\/figcaption><\/figure>\n\n\n\n<hr class=\"wp-block-separator\"\/>\n\n\n\n<figure class=\"wp-block-image size-large is-resized\"><img loading=\"lazy\" decoding=\"async\" src=\"https:\/\/laszlo1713.lima-city.de\/wp-content\/uploads\/2021\/08\/Screenshot-2021-08-08-at-08.35.29.jpg\" alt=\"\" class=\"wp-image-3263\" width=\"674\" height=\"650\" srcset=\"https:\/\/laszlo1713.lima-city.de\/wp-content\/uploads\/2021\/08\/Screenshot-2021-08-08-at-08.35.29.jpg 860w, https:\/\/laszlo1713.lima-city.de\/wp-content\/uploads\/2021\/08\/Screenshot-2021-08-08-at-08.35.29-300x290.jpg 300w, https:\/\/laszlo1713.lima-city.de\/wp-content\/uploads\/2021\/08\/Screenshot-2021-08-08-at-08.35.29-768x741.jpg 768w\" sizes=\"auto, (max-width: 674px) 100vw, 674px\" \/><\/figure>\n\n\n\n<hr class=\"wp-block-separator\"\/>\n\n\n\n<figure class=\"wp-block-image size-large\"><img loading=\"lazy\" decoding=\"async\" width=\"960\" height=\"960\" src=\"https:\/\/laszlo1713.lima-city.de\/wp-content\/uploads\/2021\/08\/IMAGE-2021-08-08-112144.jpg\" alt=\"\" class=\"wp-image-3266\" srcset=\"https:\/\/laszlo1713.lima-city.de\/wp-content\/uploads\/2021\/08\/IMAGE-2021-08-08-112144.jpg 960w, https:\/\/laszlo1713.lima-city.de\/wp-content\/uploads\/2021\/08\/IMAGE-2021-08-08-112144-300x300.jpg 300w, https:\/\/laszlo1713.lima-city.de\/wp-content\/uploads\/2021\/08\/IMAGE-2021-08-08-112144-150x150.jpg 150w, https:\/\/laszlo1713.lima-city.de\/wp-content\/uploads\/2021\/08\/IMAGE-2021-08-08-112144-768x768.jpg 768w, https:\/\/laszlo1713.lima-city.de\/wp-content\/uploads\/2021\/08\/IMAGE-2021-08-08-112144-100x100.jpg 100w\" sizes=\"auto, (max-width: 706px) 89vw, (max-width: 767px) 82vw, 740px\" \/><figcaption><span class=\"has-inline-color has-vivid-green-cyan-color\">Karl Lauterbach m\u00e1r tudja r\u00e9g\u00f3ta: ijesztgetni, de nem megijedni!  Tov\u00e1bb harcolni a hazugs\u00e1gok frontj\u00e1n!                 A boh\u00f3c(ok)! <\/span><\/figcaption><\/figure>\n\n\n\n<figure class=\"wp-block-image size-large\"><img loading=\"lazy\" decoding=\"async\" width=\"982\" height=\"548\" src=\"https:\/\/laszlo1713.lima-city.de\/wp-content\/uploads\/2021\/08\/Screenshot-2021-08-09-at-07.51.10.jpg\" alt=\"\" class=\"wp-image-3281\" srcset=\"https:\/\/laszlo1713.lima-city.de\/wp-content\/uploads\/2021\/08\/Screenshot-2021-08-09-at-07.51.10.jpg 982w, https:\/\/laszlo1713.lima-city.de\/wp-content\/uploads\/2021\/08\/Screenshot-2021-08-09-at-07.51.10-300x167.jpg 300w, https:\/\/laszlo1713.lima-city.de\/wp-content\/uploads\/2021\/08\/Screenshot-2021-08-09-at-07.51.10-768x429.jpg 768w\" sizes=\"auto, (max-width: 706px) 89vw, (max-width: 767px) 82vw, 740px\" \/><figcaption><span class=\"has-inline-color has-vivid-green-cyan-color\">Habeck szerint vajon mi lenne a k\u00fcl\u00f6nbs\u00e9g?  Persze, van, csak nem \u00fagy, ahogy \u0151 \u00e9s b\u0171nt\u00e1rsai gondoln\u00e1k:<\/span><\/figcaption><\/figure>\n\n\n\n<figure class=\"wp-block-image size-large\"><img loading=\"lazy\" decoding=\"async\" width=\"991\" height=\"1024\" src=\"https:\/\/laszlo1713.lima-city.de\/wp-content\/uploads\/2021\/08\/Screenshot-2021-08-09-at-07.50.29-991x1024.jpg\" alt=\"\" class=\"wp-image-3283\" srcset=\"https:\/\/laszlo1713.lima-city.de\/wp-content\/uploads\/2021\/08\/Screenshot-2021-08-09-at-07.50.29-991x1024.jpg 991w, https:\/\/laszlo1713.lima-city.de\/wp-content\/uploads\/2021\/08\/Screenshot-2021-08-09-at-07.50.29-290x300.jpg 290w, https:\/\/laszlo1713.lima-city.de\/wp-content\/uploads\/2021\/08\/Screenshot-2021-08-09-at-07.50.29-768x794.jpg 768w, https:\/\/laszlo1713.lima-city.de\/wp-content\/uploads\/2021\/08\/Screenshot-2021-08-09-at-07.50.29.jpg 1204w\" sizes=\"auto, (max-width: 706px) 89vw, (max-width: 767px) 82vw, 740px\" \/><\/figure>\n\n\n\n<figure class=\"wp-block-image size-large\"><img loading=\"lazy\" decoding=\"async\" width=\"800\" height=\"463\" src=\"https:\/\/laszlo1713.lima-city.de\/wp-content\/uploads\/2021\/08\/Screenshot-2021-08-09-at-16.59.06-1.jpg\" alt=\"\" class=\"wp-image-3291\" srcset=\"https:\/\/laszlo1713.lima-city.de\/wp-content\/uploads\/2021\/08\/Screenshot-2021-08-09-at-16.59.06-1.jpg 800w, https:\/\/laszlo1713.lima-city.de\/wp-content\/uploads\/2021\/08\/Screenshot-2021-08-09-at-16.59.06-1-300x174.jpg 300w, https:\/\/laszlo1713.lima-city.de\/wp-content\/uploads\/2021\/08\/Screenshot-2021-08-09-at-16.59.06-1-768x444.jpg 768w\" sizes=\"auto, (max-width: 706px) 89vw, (max-width: 767px) 82vw, 740px\" \/><\/figure>\n\n\n\n<hr class=\"wp-block-separator\"\/>\n\n\n\n<figure class=\"wp-block-image size-large\"><img loading=\"lazy\" decoding=\"async\" width=\"950\" height=\"856\" src=\"https:\/\/laszlo1713.lima-city.de\/wp-content\/uploads\/2021\/08\/Screenshot-2021-08-08-at-12.11.57.jpg\" alt=\"\" class=\"wp-image-3269\" srcset=\"https:\/\/laszlo1713.lima-city.de\/wp-content\/uploads\/2021\/08\/Screenshot-2021-08-08-at-12.11.57.jpg 950w, https:\/\/laszlo1713.lima-city.de\/wp-content\/uploads\/2021\/08\/Screenshot-2021-08-08-at-12.11.57-300x270.jpg 300w, https:\/\/laszlo1713.lima-city.de\/wp-content\/uploads\/2021\/08\/Screenshot-2021-08-08-at-12.11.57-768x692.jpg 768w\" sizes=\"auto, (max-width: 706px) 89vw, (max-width: 767px) 82vw, 740px\" \/><\/figure>\n\n\n\n<h1 class=\"wp-block-heading\">Food and Drug Administration<\/h1>\n\n\n\n<p>The Food and Drug Administration (FDA) is responsible for protecting the public health by assuring the safety, efficacy, and security of human and veterinary drugs, biological products, medical devices, our nation&#8217;s food supply, cosmetics, and products that emit radiation. The FDA also provides accurate, science-based health information to the public.<\/p>\n\n\n\n<hr class=\"wp-block-separator\"\/>\n\n\n\n<p><\/p>\n\n\n\n<figure class=\"wp-block-image size-large is-resized\"><img loading=\"lazy\" decoding=\"async\" src=\"https:\/\/laszlo1713.lima-city.de\/wp-content\/uploads\/2021\/08\/IMAGE-2021-08-08-144406-1024x1008.jpg\" alt=\"\" class=\"wp-image-3272\" width=\"674\" height=\"663\" srcset=\"https:\/\/laszlo1713.lima-city.de\/wp-content\/uploads\/2021\/08\/IMAGE-2021-08-08-144406-1024x1008.jpg 1024w, https:\/\/laszlo1713.lima-city.de\/wp-content\/uploads\/2021\/08\/IMAGE-2021-08-08-144406-300x295.jpg 300w, https:\/\/laszlo1713.lima-city.de\/wp-content\/uploads\/2021\/08\/IMAGE-2021-08-08-144406-768x756.jpg 768w, https:\/\/laszlo1713.lima-city.de\/wp-content\/uploads\/2021\/08\/IMAGE-2021-08-08-144406.jpg 1080w\" sizes=\"auto, (max-width: 674px) 100vw, 674px\" \/><\/figure>\n\n\n\n<p><span class=\"has-inline-color has-vivid-green-cyan-color\">A stiliz\u00e1lt amazon-szimb\u00f3lum. Ez is vil\u00e1gos (kellene, hogy legyen). Nem \u00f6sszeesk\u00fcv\u00e9s-elm\u00e9let, hanem val\u00f3s\u00e1gos \u00f6sszeesk\u00fcv\u00e9s az emberek (emberis\u00e9g) ellen. <\/span><\/p>\n\n\n\n<hr class=\"wp-block-separator\"\/>\n\n\n\n<figure class=\"wp-block-image size-large\"><img loading=\"lazy\" decoding=\"async\" width=\"1024\" height=\"777\" src=\"https:\/\/laszlo1713.lima-city.de\/wp-content\/uploads\/2021\/08\/Screenshot-2021-08-10-at-09.51.34-1024x777.jpg\" alt=\"\" class=\"wp-image-3293\" srcset=\"https:\/\/laszlo1713.lima-city.de\/wp-content\/uploads\/2021\/08\/Screenshot-2021-08-10-at-09.51.34-1024x777.jpg 1024w, https:\/\/laszlo1713.lima-city.de\/wp-content\/uploads\/2021\/08\/Screenshot-2021-08-10-at-09.51.34-300x228.jpg 300w, https:\/\/laszlo1713.lima-city.de\/wp-content\/uploads\/2021\/08\/Screenshot-2021-08-10-at-09.51.34-768x583.jpg 768w, https:\/\/laszlo1713.lima-city.de\/wp-content\/uploads\/2021\/08\/Screenshot-2021-08-10-at-09.51.34-1536x1165.jpg 1536w, https:\/\/laszlo1713.lima-city.de\/wp-content\/uploads\/2021\/08\/Screenshot-2021-08-10-at-09.51.34.jpg 1550w\" sizes=\"auto, (max-width: 706px) 89vw, (max-width: 767px) 82vw, 740px\" \/><figcaption>Seit 18 Monaten setzen \u00abCorona-Experten\u00bb, Gesundheitsbeh\u00f6rden, Regierungen und Leitmedien alles daran, unseren Blick auf die Corona-Realit\u00e4t zu tr\u00fcben: Es ist scheinbar unglaublich kompliziert.&nbsp;Dabei ist die Realit\u00e4t, wie fast immer, unglaublich einfach.<br>Wir m\u00fcssen die seit 18 Monaten offen vor uns liegenden fragmentierten, dekontextualisierten Puzzleteile bloss aufheben, sie defragmentieren und kontextualisieren und schlagartig erkennen wir das ganz grosse Bild glasklar.<br>Am 31. Dezember 2019 meldet das chinesische CDC, deren \u00c4quivalent unseres BAG, unter Leitung des Virologen Dr. George Gao 27 F\u00e4lle einer Lungenentz\u00fcndung unbekannter Ursache an die WHO \u2013 bei einer Einwohnerzahl Chinas von 1.4 Milliarden. Zweieinhalb Monate vorher, am 18. Oktober 2019, hatte Dr. George Gao an einer von der Bill und Melinda Gates Foundation, der Johns Hopkins University und dem WEF unter der Bezeichnung \u201eEvent 201\u201c in New York durchgef\u00fchrten Simulation einer nicht etwa in China, sondern in S\u00fcdamerika ausgebrochenen Corona-Pandemie teilgenommen.[1] Am 7. Januar 2020 identifizieren die chinesischen Gesundheitsbeh\u00f6rden als deren Erreger ein neuartiges Corona-Virus.<br>Am 21. Januar 2020 reichen Prof. Christian Drosten et al. eine wissenschaftliche Publikation ein, das Rezept nach welchem die Labors einen RT-PCR-Schnell-Test f\u00fcr den Nachweis des 2019-nCoV genannten Virus herstellen k\u00f6nnen. Nur einen Tag sp\u00e4ter wird sie akzeptiert und einen weiteren Tag sp\u00e4ter in der medizinischen Fachzeitschrift Eurosurveillance publiziert.[2] Die WHO hatte den Drosten-RT-PCR-Schnell-Test bereits eine Woche vorher auf ihrer Webseite aufgeschaltet und als weltweiten diagnostischen Goldstandard empfohlen. Am 30. Januar 2020 publizieren Drosten et al. im New England Journal of Medicine, quasi einer der Bibeln von uns \u00c4rzten, deren Integrit\u00e4t wir damals noch vertraut hatten, die Begr\u00fcndung des Narratives der \u201eepidemiologisch relevanten asymptomatischen \u00dcbertragung von 2019-nCoV\u201c im Letter to the Editor &#8220;Transmission of 2019-nCoV Infection from an Asymptomatic Contact in Germany&#8221;; \u201e\u00dcbertragung einer 2019-nCoV-Infektion durch einen asymptomatischen Kontakt in Deutschland\u201c.[3]<br>Am 11. Februar 2020 benennt die WHO das neuartige Corona-Virus SARS-CoV-2, die von diesem verursachte Erkrankung COVID-19; \u201ecoronavirus disease\u201c. Sie tut dies gegen den Wunsch chinesischer Virologen. Diese wollten es HCoV-19, \u201ehuman coronavirus\u201c, nennen wegen der Gefahr, der Name SARS-CoV-2 k\u00f6nnte unbegr\u00fcndete \u00c4ngste sch\u00fcren wegen dessen biologisch und epidemiologisch nicht vorhandener \u00c4hnlichkeit mit dem viel gef\u00e4hrlicheren SARS-CoV-1.<br>Am 11. M\u00e4rz 2020 ruft die WHO eine COVID-Pandemie aus. Mittlerweile ist deren Generaldirektor, der Biologe, Immunologe und Philosoph Dr. Tedros Adhanom Ghebreyesus, wegen angeblichen Genozids in \u00c4thiopien vor dem Internationalen Strafgerichtshof in Den Haag angeklagt. Selbstverst\u00e4ndlich gilt die Unschuldsvermutung.[4]<br>Nun l\u00e4uft fast alles wie anl\u00e4sslich des Schweinegrippe-Skandals 2009, jedoch noch geschmierter.[5] Experten, mehrheitlich Labormediziner und als Virologen oder Epidemiologen t\u00e4tige Biologen, die noch nie an einem respiratorischen Infekt Erkrankte untersucht, geschweige denn therapiert haben, erkl\u00e4ren, SARS-CoV-2 w\u00e4re quasi ein Alien, von dem wir rein gar nichts wissen und den wir als extrem gef\u00e4hrlich betrachten m\u00fcssen bis weitgehend dieselben Experten vielleicht irgendwann etwas anderes bewiesen haben werden. In der Schweiz konstituieren sie sich selbst als \u201eSwiss National COVID-19 Science Task Force\u201c und dienen sich dem Bundesrat als wissenschaftliche Berater an.[6] Die von ihnen in Panik versetzten Exekutiv- und Legislativpolitiker sowie die Gesundheitsbeh\u00f6rden in Bund und Kantonen nehmen ihr Angebot an und scheinen ihnen ebenso blind zu folgen, wie scheinbar schon der Bundesrat der WHO blindlings gefolgt war anl\u00e4sslich deren Ausrufung der Pandemie. Anders als jeder Kegelverein, f\u00fchrt das nun offizielle wissenschaftliche F\u00fchrungsgremium durch die angeblich gr\u00f6sste Krise der Schweiz seit dem zweiten Weltkrieg \u00fcber ihre T\u00e4tigkeiten kein Protokoll.<br>Am. 16. M\u00e4rz 2020 erkl\u00e4rt der Bundesrat, basierend auf exakt null wissenschaftlicher Evidenz, die \u201eausserordentliche Lage\u201c, die h\u00f6chste Gefahrenstufe des Epidemiegesetzes.<br>Die Leitmedien, mitsamt der SRG, \u00fcbernehmen den dritten Part in diesem Konglomerat sich gegenseitig aufschaukelnder Ignoranz, Arroganz, Inkompetenz und organisierter Verantwortungslosigkeit. Selbst hirn- und herzlos, h\u00e4mmern sie uns rund um die Uhr in unsere K\u00f6pfe ein:<br>\u201eEs herrscht eine Pandemie eines hoch ansteckenden und sogar epidemiologisch relevant asymptomatisch \u00fcbertragbaren Corona-Killervirus. Jeder scheinbar noch so gesunde Mitmensch kann Dein Todesengel sein!\u201c<br>Anders als 2009 zensurieren, diskreditieren und diffamieren die Leitmedien hinterfragende \u00c4rzte und Wissenschaftler, darunter Koryph\u00e4en wie John Ioannidis, Professor f\u00fcr Medizin, Epidemiologie und Bev\u00f6lkerungsgesundheit an der Stanford University School of Medicine, einen der weltweit renommiertesten und meist zitierten Wissenschaftler \u00fcberhaupt mit Spezialgebiet Wissenschaftsbetrug, Prof. Sucharit Bhakdi und Dr. Wolfgang Wodarg \u2013 letztere beiden hatten 2009 den Schweinegrippe-Skandal fast im Alleingang aufgedeckt \u2013 sogleich konsequent. Ich selbst wurde nach Diffamierung durch eine mir gut bekannte Privatperson, mitsamt angeblicher bewaffneter Bedrohung, von einer Anti-Terroreinheit in meiner Praxis brutal verhaftet und, nachdem sich sofort herausgestellt hatte, dass ich niemanden bedroht hatte, bloss das Weltbild Wahnsinniger, f\u00fcr sechs Tage in die geschlossene Psychiatrie verfrachtet wegen \u201eSelbstgef\u00e4hrlichkeit bei COVID-Wahnsinn\u201c.[7] Die Regierungen fast aller Staaten scheinen ihre die Individuen, die Gesellschaft und die Wirtschaft wohlweislich schonenden Epidemiepl\u00e4ne vergessen zu haben und erlassen in blindem Gehorsam gegen\u00fcber der WHO und Experten genannten Lobbyisten selbstzerst\u00f6rerische nicht-pharmakologische Massnahmen, auch bisher niemals in Betracht gezogene Lockdowns nach autorit\u00e4rem chinesischem Vorbild. Sie tun dies global im Gleichschritt.<br>Ohne die Bev\u00f6lkerung zu konsultieren, beschaffen sie Milliarden Dosen notfallm\u00e4ssig, von Swissmedic sogar befristet, zugelassener mRNA- und DNA-Injektionen. Diese Technologie wird erstmals breit an Menschen angewendet. Fast weltweit werden Verfassung, Rechtsstaat, Menschenrechte, b\u00fcrgerliche Freiheiten, Ethik, Wissenschaftlichkeit und gesunder Menschenverstand geopfert zugunsten eines quasi globalen autorit\u00e4ren Regimes unter Kontrolle der WHO: Wer die WHO kontrolliert, kontrolliert die Welt!<br>S\u00e4mtliche Elemente des herrschenden Corona-Narratives sind aus dem faktenfreien Vakuum erfunden<br>1. SARS-CoV-2 ist nicht im Dezember 2019 in Wuhan neu aufgetreten. Zuerst wies im November 2020 eine Studie aus Mailand nach, dass SARS-CoV-2 in Italien bereits im September 2019, also bereits vor der Grippesaison 2019\/20, endemisch war. Andere Studien zeigten sp\u00e4ter dasselbe, beispielsweise in Frankreich. 2. Es gibt keine SARS-CoV-2-Epidemie von nationaler Tragweite, ergo auch keine Pandemie. Dies zeigt sich schon an der, f\u00fcr die Demographie korrigiert, fehlenden \u00dcbersterblichkeit und der eher geringen Belegung der Intensivstationen, deren Kapazit\u00e4ten zudem seit April 2020 massiv reduziert wurden.<br>3. Die Testindikation, n\u00e4mlich nicht nur hospitalisierte Schwerkranke mit spezifischem antiviralem Therapiebedarf, im Sentinel und in einer Studienkohorte zu testen, sondern sogar Asymptomatische, fr\u00fcher Gesunde genannte, und noch dazu nur auf eines aller differentialdiagnostisch m\u00f6glichen Atemwegsviren, ist falsch.<br>4. Der Drosten-RT-PCR-Test ist nicht diagnostisch f\u00fcr eine Infektion mit SARS-CoV-2, respektive f\u00fcr eine Erkrankung oder das Versterben an COVID-19. Am 27. November 2020 publizierte eine internationale Gruppe von 22 Biowissenschaftlern, darunter ich selbst, einen \u201eExternen Peer Review des Corman-Drosten-Papers\u201c.[8] Darin erkl\u00e4ren wir, dass Interessenkonflikte bestehen, der angebliche peer review innerhalb von 24 Stunden absurd ist sowie zehn fundamentale wissenschaftliche Fehler. Diese an Unwissenschaftlichkeit kaum zu \u00fcberbietende folgenreichste medizinische Publikation des Jahres 2020 h\u00e4tte niemals publiziert werden d\u00fcrfen. Die Corman-Drosten-RT-PCR-Testanleitung ist schlecht und vage fabriziert, ohne Validierung und Standardisierung. Infolge Kreuzreaktion mit anderen Coronaviren wird die schon bei fehlender Anwesenheit eines Virus in der Zwischengrippesaison niedrige Spezifit\u00e4t von etwa 98.6%, entsprechend 1.4% falsch Positiven, in der Grippesaison reduziert auf bis zu 92.4%, entsprechend 7.6% falsch Positiven. \u00dcberall wird der Test anders und bei zu hohen Zyklus-Schwellenwerten durchgef\u00fchrt. Obwohl Studien gezeigt haben, dass in Proben mit einem Ct-Wert \u00fcber 28 keine kultivierbaren Viren vorhanden sind, werden die Tests weiterhin mit Zyklus-Schwellenwerten \u00fcber 35 durchgef\u00fchrt. Deren Resultate werden weltweit ohne Bezug zur klinischen Symptomatik rapportiert. 5. Die Symptome, klinischen, laborchemischen und radiologischen Befunde von COVID-19 unterscheiden sich nicht eindeutig von durch andere respiratorische Viren verursachten Erkrankungen.<br>6. Es gibt keine epidemiologisch relevante asymptomatische \u00dcbertragung respiratorischer Viren. Was wir im Medizinstudium lernten, haben mittlerweile zahlreiche Studien auch f\u00fcr SARS-CoV-2 best\u00e4tigt. Der von Prof. Drosten im \u201eLetter to the Editor\u201c vom 30. Januar 2020 erfundene \u201easymptomatische Kontakt\u201c war sehr wohl symptomatisch: Die Patientin hatte ihre Symptome medikament\u00f6s unterdr\u00fcckt. Deshalb sind alle \u00fcber die erwiesen wirksamen Massnahmen zur Eind\u00e4mmung der Ausbreitung respiratorischer Viren wie SARS-CoV-2, Hygiene und Selbstisolation Erkrankter, hinaus reichenden nicht-pharmakologischen Massnahmen f\u00fcr Asymptomatische, fr\u00fcher Gesunde genannte, unwirksam.<br>7. Die lange angegebene hohe Mortalit\u00e4t mit Fallsterblichkeit (CFR) von 2% war irref\u00fchrend. Jeder Primarsch\u00fcler weiss, dass nicht die CFR, sondern die Infektionssterblichkeit (IFR) relevant ist, die leicht um den Faktor etwa einhundert tiefer liegen kann wegen der Dunkelziffer.<br>8. Die anfangs aufgestellte Behauptung, 5% der Infizierten w\u00fcrden intensivstations-bed\u00fcrftig, war falsch, aus denselben f\u00fcr jeden Primarsch\u00fcler verst\u00e4ndlichen Gr\u00fcnden. Sie f\u00fchrte zur sinnlosen Beschaffung von etwa 1000 Beatmungsger\u00e4ten und zum ebenso sinnlosen Verschieben nicht notfallm\u00e4ssiger aber dringender Operationen.<br>9. SARS-CoV-2 ist kein Massenm\u00f6rder. Die aktuellste realistische Einsch\u00e4tzung der globalen IFR liegt bei 0.15%, f\u00fcr unter 70-j\u00e4hrige unterhalb 0.05%, f\u00fcr Kinder 0.00%. Nach Ersetzen der Anzahl innerhalb von 28 Tagen mit einem positiven RT-PCR-Test an was auch immer Verstorbenen durch die Anzahl an COVID-19 Verstorbenen, liegt sie noch wesentlich tiefer, deutlich unterhalb derjenigen der saisonalen Influenza.<br>10. Eine Epidemie breitet sich nicht exponentiell, sondern entsprechend einer logistischen oder Gompertz-Funktion aus. 11. Wegen Grund- und Kreuzimmunit\u00e4t erkranken w\u00e4hrend jeder Grippesaison nur etwa 10-20% an den saisonalen Corona- und Influenzaviren. Herdenimmunit\u00e4t d\u00fcrfte in unseren mittleren n\u00f6rdlichen Breitengraden vermutlich seit Ende der Saison von Corona-19 im April 2020, bestehen. Deshalb ist auch eine \u201en-te Welle eines respiratorischen Virus\u201c eine biologische Unm\u00f6glichkeit.<br>12. Es gibt eine wirksame Prophylaxe: Beispielsweise gesunder Lebensstil, viele Sozialkontakte, und Vitamin D3.<br>13. Es gibt gut wirksame, gut vertr\u00e4gliche, g\u00fcnstige Therapien: Beispielsweise topisches Budesonid, normal dosiertes Hydroxychloroquin und Ivermectin. Zudem k\u00f6nnen die lebensgef\u00e4hrlichen thromboembolischen Komplikationen der vergleichsweise seltenen schweren vir\u00e4mischen Verl\u00e4ufe von COVID-19 mit Antikoagulantien therapiert werden.<br>14. Die seriellen experimentellen mRNA- und DNA-Injektionen sind unn\u00f6tig (IFR 0.15%, f\u00fcr &lt;70a: &lt;0.05%, f\u00fcr Kinder: 0.00% &#8211; nach Ersetzen der Anzahl innerhalb von 28 Tagen mit einem positiven RT-PCR-Test an was auch immer Verstorbenen durch die Anzahl an COVID-19 Verstorbenen noch wesentlich tiefer, zudem mutiert SARS-CoV-2 permanent und in dem Sinn, dass es zwar immer ansteckender aber immer weniger gef\u00e4hrlich ist), unwirksam (laut den Zulassungsstudien, welche das Papier nicht wert sind, auf dem sie geschrieben stehen, reduzieren die mRNA-Injektionen das Risiko leichter Erkrankung an COVID-19 absolut(!) um &lt;1.5%, f\u00fcr schwere Verl\u00e4ufe und bei &gt;75-J\u00e4hrigen gibt es keine Daten, \u201ereal world\u201c Daten aus Israel und Grossbritannien best\u00e4tigen die Unwirksamkeit) und unsicher (kurzfristig m\u00f6gliche anaphylaktische Reaktion, Thromboembolie, Thrombozytopenie, DIC und Myokarditis, mittelfristig nicht ausgeschlossene ADE, mittel- bis langfristig nicht ausgeschlossene Autoimmunkrankheiten, Krebs und Infertilit\u00e4t). SARS-CoV-2 ist kein Alien<br>Es ist ein neu entdecktes Mitglied der bestens bekannten Familie der Beta-Coronaviren. Deshalb tritt es selbstverst\u00e4ndlich saisonal auf, bei uns von November bis April, und mutiert, ohne Eingriffe der Menschen, so, dass es zwar ansteckender aber weniger gef\u00e4hrlich wird. Wegen bestehender Grund- und Kreuzimmunit\u00e4t erkrankt nur ein Bruchteil der Bev\u00f6lkerung. Die Erkrankung ist in der Regel selbst limitierend und hinterl\u00e4sst Immunit\u00e4t, m\u00f6glicherweise lebenslang, und besser als dies die beste Impfung jemals k\u00f6nnte. Es t\u00f6tet vergleichsweise wenige Menschen und, im Gegensatz zu Influenza, keine Kinder.<br>Das gesamte herrschende Corona-Narrativ ist Nonsens. Es begr\u00fcndet den global herrschenden unwissenschaftlichen, unmenschlichen Wahnsinn. Ein solcher kann mit jedem Atemwegsvirus angerichtet werden: Testen wir nicht mehr alle Menschen mit einem hypersensitiven, wenig spezifischen, mit anderen Viren kreuzreagierenden RT-PCR-Test auf theoretisch ein RNA-Fragment von SARS-CoV-2, sondern auf ein solches von beispielsweise Influenza- oder Metapneumo-Viren, haben wir sogleich eine Influenza- oder Metapneumo-Testpandemie.<br>Im \u00dcbrigen muss jeder Medizinstudent im zweiten Jahr die Grundlagen der Epidemiologie studieren. Dort lernt er oder sie, einst beispielsweise auch mein Studienkollege Bundesrat Ignazio Cassis, dass bei Ausrufung einer Epidemie von nationaler Tragweite sofort eine f\u00fcr die Bev\u00f6lkerung repr\u00e4sentative Studienkohorte gebildet werden muss. Sie dient dazu, die Fallzahlen, den Schweregrad der Erkrankung und den Status der Immunit\u00e4t, hier durch Bestimmung von Antik\u00f6rpern und T-Zell-Immunit\u00e4t, zu erfassen und zu \u00fcberwachen. Obwohl es 16 Monate her ist, dass die WHO die COVID-Pandemie ausgerufen hat, existiert eine solche repr\u00e4sentative \u00dcberwachungskohorte nicht. Noch schlimmer: Von Woche 13 bis 44\/2020 hatte das BAG auch noch das Sentinella pausiert und dadurch den totalen Blindflug komplettiert zugunsten der totalen Deutungshoheit der erratischen Drosten-Nonsens-RT-PCR-Test-\u201eFallzahlen\u201c.<br>Nur schon ein kurzer Blick auf \u201eNear-real time monitoring of intensive care occupancy\u201c (IES-Sytem) der ETH Z\u00fcrich oder \u201eSpitalkapazit\u00e4ten Schweiz\u201c des BAG l\u00e4sst den fundamentalen Schwindel des Corona-Skandals sogleich auffliegen: Durch einen positiv ausgefallenen Drosten-Nonsens-RT-PCR-Test \u2013 w\u00fcrfeln w\u00e4re g\u00fcnstiger \u2013 werden, hier bei Spitaleintritt, gr\u00fcne &#8220;non-COVID-ICU patients&#8221; einfach mit der (oft) falschen Diagnose COVID versehen respektive hier umgef\u00e4rbt in &#8220;gelbe COVID-ICU patients&#8221;. Die Gesamtzahl der ICU-Patienten ver\u00e4ndert sich durch diesen Schwindel nicht. Dies erkl\u00e4rt auch weshalb die Intensivstationen in keinem einzigen Land \u00fcberlastet waren, egal ob es im Verh\u00e4ltnis zur Bev\u00f6lkerung fast dreimal mehr ICU-Betten (z.B. Deutschland) oder nur etwa halb so viele (z.B. Schweden) gibt wie in der Schweiz. Die Verantwortlichen d\u00fcrften dies gewusst haben, sonst h\u00e4tten sie seit April 2020 nicht schweiz- und weltweit ICU-Kapazit\u00e4ten ab-, sondern weitere aufgebaut.<\/figcaption><\/figure>\n\n\n\n<figure class=\"wp-block-image size-large\"><img loading=\"lazy\" decoding=\"async\" width=\"800\" height=\"558\" src=\"https:\/\/laszlo1713.lima-city.de\/wp-content\/uploads\/2021\/08\/Screenshot-2021-08-10-at-09.56.41-3.jpg\" alt=\"\" class=\"wp-image-3298\" srcset=\"https:\/\/laszlo1713.lima-city.de\/wp-content\/uploads\/2021\/08\/Screenshot-2021-08-10-at-09.56.41-3.jpg 800w, https:\/\/laszlo1713.lima-city.de\/wp-content\/uploads\/2021\/08\/Screenshot-2021-08-10-at-09.56.41-3-300x209.jpg 300w, https:\/\/laszlo1713.lima-city.de\/wp-content\/uploads\/2021\/08\/Screenshot-2021-08-10-at-09.56.41-3-768x536.jpg 768w\" sizes=\"auto, (max-width: 706px) 89vw, (max-width: 767px) 82vw, 740px\" \/><figcaption>Bereits am 22. Januar 2007 hatte uns die New York Times, quasi die Bibel der Journalisten, deren Integrit\u00e4t sie damals noch vertrauen konnten, im St\u00fcck mit dem Titel: \u201eFaith in Quick Test Leads to Epidemic That Wasn\u2019t\u201c; \u201eVertrauen in einen Schnelltest f\u00fchrt zu einer Epidemie, die keine war\u201c, (fast) alles erkl\u00e4rt: Facepalm, wie unsere Jungen sagen.[9]<br>Die COVID-19-Epidemie ist weit gehend eine irreale RT-PCR-Test-Epidemie, aber die repressiven Massnahmen, die sie hervorgebracht hat, sind real: Sie bedrohen unsere Freiheit, unsere Lebensgrundlagen und sogar unser Leben.<br>Am 28. Mai 2021 h\u00e4lt \u201eAletheia \u2013 Medizin und Wissenschaft f\u00fcr Verh\u00e4ltnism\u00e4ssigkeit\u201c, etwa 285 \u00c4rzte und Wissenschaftler, in Bern eine Medienkonferenz ab, erkl\u00e4rt das immer noch herrschende Corona-Nonsens-Narrativ auch f\u00fcr medizinische Laien verst\u00e4ndlich und formuliert 10 Forderungen zur Beendigung der \u201eCOVID-Pandemie\u201c.[10,11] Die Leitmedien berichten nicht dar\u00fcber.<br>Am 9. Juli 2021 publiziert \u201eAletheia\u201c einen offenen Brief an Swissmedic, in welchem wir die sofortige Sistierung der Zulassung der unn\u00f6tigen, unwirksamen, unsicheren experimentellen mRNA-Injektionen, zuallererst f\u00fcr Kinder, fordern.[12] Die Leitmedien berichten nicht dar\u00fcber. Am 18. Juli 2021 fordern \u201eCorona-Experten\u201c, Politiker und Journalisten in der Sonntagspresse unverbl\u00fcmt die Diskriminierung von Menschen, die sich nicht seriell unn\u00f6tige, unwirksame, unsichere experimentelle, in experimentelle Lipid-Nano-Partikel verpackte, mRNA (gegen falsch positiv ausfallende Nonsens-RT-PCR-Tests) injizieren lassen.<br>Eine \u201eangek\u00fcndigte Krise\u201c? Wohl eher der mittlerweile totale unwissenschaftliche, unmenschliche Wahnsinn!<br><em>Referenzen:<\/em><br>1&nbsp;<a href=\"https:\/\/www.youtube.com\/watch?v=zv9J0fKlhA0\">https:\/\/www.youtube.com\/watch?v=zv9J0fKlhA0<\/a><br>2&nbsp;<a href=\"https:\/\/www.eurosurveillance.org\/content\/10.2807\/1560-7917.ES.2020.25.3.2000045\">https:\/\/www.eurosurveillance.org\/content\/10.2807\/1560-7917.ES.2020.25.3.2000045<\/a><br>3&nbsp;<a href=\"https:\/\/www.nejm.org\/doi\/full\/10.1056\/NEJMc2001468\">https:\/\/www.nejm.org\/doi\/full\/10.1056\/NEJMc2001468<\/a><br>4&nbsp;<a href=\"https:\/\/uncutnews.ch\/klage-eingereicht-im-internationalen-strafgerichtshof-gegen-chef-der-who\/\">https:\/\/uncutnews.ch\/klage-eingereicht-im-internationalen-strafgerichtshof-gegen-chef-der-who\/<\/a><br>5&nbsp;<a href=\"https:\/\/www.youtube.com\/watch?v=-hluVv5iBMQ\">https:\/\/www.youtube.com\/watch?v=-hluVv5iBMQ<\/a><br>6&nbsp;<a href=\"https:\/\/www.re-check.ch\/wordpress\/fr\/wissenschaft-pandemie-task-force\/\">https:\/\/www.re-check.ch\/wordpress\/fr\/wissenschaft-pandemie-task-force\/<\/a><br>7&nbsp;<a href=\"https:\/\/www.thomasbinder.ch\/post\/m-ein-jahr-covid-19\">https:\/\/www.thomasbinder.ch\/post\/m-ein-jahr-covid-19<\/a><br>8&nbsp;<a href=\"https:\/\/cormandrostenreview.com\/\">https:\/\/cormandrostenreview.com\/<\/a><br>9&nbsp;<a href=\"https:\/\/www.nytimes.com\/2007\/01\/22\/health\/22whoop.html\">https:\/\/www.nytimes.com\/2007\/01\/22\/health\/22whoop.html<\/a>10&nbsp;<a href=\"https:\/\/www.youtube.com\/watch?v=b3q9XSHPRoE&amp;t=457s\">https:\/\/www.youtube.com\/watch?v=b3q9XSHPRoE&amp;t=457s<\/a><br>11&nbsp;<a href=\"https:\/\/aletheia-scimed.ch\/IMG\/pdf\/10_forderungen_um_den_irrweg_und_die_pandemie_zu_beenden_aletheia_medienkonferenz_28.5.2021.pdf\">https:\/\/aletheia-scimed.ch\/IMG\/pdf\/10_forderungen_um_den_irrweg_und_die_pandemie_zu_beenden_aletheia_medienkonferenz_28.5.2021.pdf<\/a><br>12&nbsp;<a href=\"https:\/\/aletheia-scimed.ch\/Offener-Brief-an-Swissmedic-ALETHEIA-fordert-sofortige-Sistierung-der\">https:\/\/aletheia-scimed.ch\/Offener-Brief-an-Swissmedic-ALETHEIA-fordert-sofortige-Sistierung-der<\/a><br><em>Weitere Quellen:<\/em><br><a href=\"https:\/\/www.thomasbinder.ch\/post\/das-herrschende-corona-nonsens-narrativ-zerlegt-in-26-minuten\">https:\/\/www.thomasbinder.ch\/post\/das-herrschende-corona-nonsens-narrativ-zerlegt-in-26-minuten<\/a><br><a href=\"https:\/\/www.thomasbinder.ch\/post\/das-herrschende-corona-narrativ-ein-tot-geborener-ewig-lebender-untoter\">https:\/\/www.thomasbinder.ch\/post\/das-herrsche<\/a><\/figcaption><\/figure>\n\n\n\n<hr class=\"wp-block-separator\"\/>\n\n\n\n<figure class=\"wp-block-image size-large\"><img loading=\"lazy\" decoding=\"async\" width=\"1024\" height=\"899\" src=\"https:\/\/laszlo1713.lima-city.de\/wp-content\/uploads\/2021\/08\/Screenshot-2021-08-10-at-10.45.11-1024x899.jpg\" alt=\"\" class=\"wp-image-3302\" srcset=\"https:\/\/laszlo1713.lima-city.de\/wp-content\/uploads\/2021\/08\/Screenshot-2021-08-10-at-10.45.11-1024x899.jpg 1024w, https:\/\/laszlo1713.lima-city.de\/wp-content\/uploads\/2021\/08\/Screenshot-2021-08-10-at-10.45.11-300x263.jpg 300w, https:\/\/laszlo1713.lima-city.de\/wp-content\/uploads\/2021\/08\/Screenshot-2021-08-10-at-10.45.11-768x674.jpg 768w, https:\/\/laszlo1713.lima-city.de\/wp-content\/uploads\/2021\/08\/Screenshot-2021-08-10-at-10.45.11-1536x1349.jpg 1536w, https:\/\/laszlo1713.lima-city.de\/wp-content\/uploads\/2021\/08\/Screenshot-2021-08-10-at-10.45.11.jpg 1558w\" sizes=\"auto, (max-width: 706px) 89vw, (max-width: 767px) 82vw, 740px\" \/><figcaption><strong>Ein Vater berichtet auf Twitter vom den Impf-Nebenwirkungen seines Sohnes. Der Jugendliche hatte die zweite Dosis eines Covid-19-Impfstoffs bekommen und liegt nun mit Herzmuskelentz\u00fcndung (Myokarditis) auf der Intensivstation. Der Vater f\u00fcrchtet Folgesch\u00e4den \u2013 und rechnet mit 100.000 US-Dollar Arztkosten. Die \u00c4rzte in diesem Krankenhaus h\u00e4tten ihm gesagt, dass sie bereits rund 60 F\u00e4lle dieser Art gesehen haben.<\/strong>&nbsp;<strong>Eine weitere betroffene Mutter meldet sich im selben Twitter-Thread.<\/strong><\/figcaption><\/figure>\n\n\n\n<hr class=\"wp-block-separator\"\/>\n\n\n\n<figure class=\"wp-block-image size-large\"><img loading=\"lazy\" decoding=\"async\" width=\"1024\" height=\"1007\" src=\"https:\/\/laszlo1713.lima-city.de\/wp-content\/uploads\/2021\/08\/IMAGE-2021-08-10-104340-1024x1007.jpg\" alt=\"\" class=\"wp-image-3303\" srcset=\"https:\/\/laszlo1713.lima-city.de\/wp-content\/uploads\/2021\/08\/IMAGE-2021-08-10-104340-1024x1007.jpg 1024w, https:\/\/laszlo1713.lima-city.de\/wp-content\/uploads\/2021\/08\/IMAGE-2021-08-10-104340-300x295.jpg 300w, https:\/\/laszlo1713.lima-city.de\/wp-content\/uploads\/2021\/08\/IMAGE-2021-08-10-104340-768x755.jpg 768w, https:\/\/laszlo1713.lima-city.de\/wp-content\/uploads\/2021\/08\/IMAGE-2021-08-10-104340.jpg 1280w\" sizes=\"auto, (max-width: 706px) 89vw, (max-width: 767px) 82vw, 740px\" \/><figcaption><span class=\"has-inline-color has-vivid-green-cyan-color\">H\u00fclye (kommunista) duma: glob\u00e1lis igazs\u00e1gtalans\u00e1g az olt\u00e1s tekintet\u00e9ben.  Term\u00e9szetesen a dolog ( \u00edgy) nem igaz. Ami viszont igaz, azt megpr\u00f3b\u00e1lj\u00e1k elhallgatni.<\/span><\/figcaption><\/figure>\n\n\n\n<hr class=\"wp-block-separator\"\/>\n\n\n\n<figure class=\"wp-block-image size-large is-resized\"><img loading=\"lazy\" decoding=\"async\" src=\"https:\/\/laszlo1713.lima-city.de\/wp-content\/uploads\/2021\/08\/IMAGE-2021-08-10-113151-1024x783.jpg\" alt=\"\" class=\"wp-image-3307\" width=\"675\" height=\"516\" srcset=\"https:\/\/laszlo1713.lima-city.de\/wp-content\/uploads\/2021\/08\/IMAGE-2021-08-10-113151-1024x783.jpg 1024w, https:\/\/laszlo1713.lima-city.de\/wp-content\/uploads\/2021\/08\/IMAGE-2021-08-10-113151-300x229.jpg 300w, https:\/\/laszlo1713.lima-city.de\/wp-content\/uploads\/2021\/08\/IMAGE-2021-08-10-113151-768x587.jpg 768w, https:\/\/laszlo1713.lima-city.de\/wp-content\/uploads\/2021\/08\/IMAGE-2021-08-10-113151.jpg 1080w\" sizes=\"auto, (max-width: 675px) 100vw, 675px\" \/><\/figure>\n\n\n\n<figure class=\"wp-block-image size-large\"><img loading=\"lazy\" decoding=\"async\" width=\"1024\" height=\"707\" src=\"https:\/\/laszlo1713.lima-city.de\/wp-content\/uploads\/2021\/08\/IMAGE-2021-08-10-113153-1024x707.jpg\" alt=\"\" class=\"wp-image-3308\" srcset=\"https:\/\/laszlo1713.lima-city.de\/wp-content\/uploads\/2021\/08\/IMAGE-2021-08-10-113153-1024x707.jpg 1024w, https:\/\/laszlo1713.lima-city.de\/wp-content\/uploads\/2021\/08\/IMAGE-2021-08-10-113153-300x207.jpg 300w, https:\/\/laszlo1713.lima-city.de\/wp-content\/uploads\/2021\/08\/IMAGE-2021-08-10-113153-768x530.jpg 768w, https:\/\/laszlo1713.lima-city.de\/wp-content\/uploads\/2021\/08\/IMAGE-2021-08-10-113153.jpg 1280w\" sizes=\"auto, (max-width: 706px) 89vw, (max-width: 767px) 82vw, 740px\" \/><\/figure>\n\n\n\n<figure class=\"wp-block-image size-large\"><img loading=\"lazy\" decoding=\"async\" width=\"1024\" height=\"684\" src=\"https:\/\/laszlo1713.lima-city.de\/wp-content\/uploads\/2021\/08\/IMAGE-2021-08-10-113157-1024x684.jpg\" alt=\"\" class=\"wp-image-3309\" srcset=\"https:\/\/laszlo1713.lima-city.de\/wp-content\/uploads\/2021\/08\/IMAGE-2021-08-10-113157-1024x684.jpg 1024w, https:\/\/laszlo1713.lima-city.de\/wp-content\/uploads\/2021\/08\/IMAGE-2021-08-10-113157-300x200.jpg 300w, https:\/\/laszlo1713.lima-city.de\/wp-content\/uploads\/2021\/08\/IMAGE-2021-08-10-113157-768x513.jpg 768w, https:\/\/laszlo1713.lima-city.de\/wp-content\/uploads\/2021\/08\/IMAGE-2021-08-10-113157.jpg 1280w\" sizes=\"auto, (max-width: 706px) 89vw, (max-width: 767px) 82vw, 740px\" \/><\/figure>\n\n\n\n<p><span class=\"has-inline-color has-vivid-green-cyan-color\">Mert hazugs\u00e1gban f\u00fcrd\u00fcnk (f\u00fcrdetnek) reggelt\u0151l estig.  Mindenkinek tudnia kell, nincs t\u00f6bb\u00e9 kibesz\u00e9l\u00e9s. El\u00e9g volt!<\/span><\/p>\n\n\n\n<figure class=\"wp-block-image size-large\"><img loading=\"lazy\" decoding=\"async\" width=\"1024\" height=\"476\" src=\"https:\/\/laszlo1713.lima-city.de\/wp-content\/uploads\/2021\/08\/Screenshot-2021-08-10-at-12.53.18-1024x476.jpg\" alt=\"\" class=\"wp-image-3319\" srcset=\"https:\/\/laszlo1713.lima-city.de\/wp-content\/uploads\/2021\/08\/Screenshot-2021-08-10-at-12.53.18-1024x476.jpg 1024w, https:\/\/laszlo1713.lima-city.de\/wp-content\/uploads\/2021\/08\/Screenshot-2021-08-10-at-12.53.18-300x140.jpg 300w, https:\/\/laszlo1713.lima-city.de\/wp-content\/uploads\/2021\/08\/Screenshot-2021-08-10-at-12.53.18-768x357.jpg 768w, https:\/\/laszlo1713.lima-city.de\/wp-content\/uploads\/2021\/08\/Screenshot-2021-08-10-at-12.53.18-1536x714.jpg 1536w, https:\/\/laszlo1713.lima-city.de\/wp-content\/uploads\/2021\/08\/Screenshot-2021-08-10-at-12.53.18-2048x952.jpg 2048w\" sizes=\"auto, (max-width: 706px) 89vw, (max-width: 767px) 82vw, 740px\" \/><\/figure>\n\n\n\n<p>Akkor mi a k\u00f6vetkez\u0151 l\u00e9p\u00e9s (\u00fajabb hazugs\u00e1g)? GAME OVER! <\/p>\n\n\n\n<figure class=\"wp-block-image size-large\"><img loading=\"lazy\" decoding=\"async\" width=\"1024\" height=\"761\" src=\"https:\/\/laszlo1713.lima-city.de\/wp-content\/uploads\/2021\/08\/2021-08-10-11.52.29.jpg\" alt=\"\" class=\"wp-image-3312\" srcset=\"https:\/\/laszlo1713.lima-city.de\/wp-content\/uploads\/2021\/08\/2021-08-10-11.52.29.jpg 1024w, https:\/\/laszlo1713.lima-city.de\/wp-content\/uploads\/2021\/08\/2021-08-10-11.52.29-300x223.jpg 300w, https:\/\/laszlo1713.lima-city.de\/wp-content\/uploads\/2021\/08\/2021-08-10-11.52.29-768x571.jpg 768w\" sizes=\"auto, (max-width: 706px) 89vw, (max-width: 767px) 82vw, 740px\" \/><figcaption><span class=\"has-inline-color has-vivid-green-cyan-color\">Szavak, szavak, szavak. Illumin\u00e1tus inverzi\u00f3 (megt\u00e9veszt\u00e9s). Ezt a n\u0151t m\u00e1r az \u00e1g sem b\u00edrn\u00e1 el. Egy\u00e9bk\u00e9nt mintha valamik\u00e9ppen a &#8220;nagy&#8221; francia (illumin\u00e1tus) forradalom jelszavait hallan\u00e1nk modern hangszerel\u00e9sben.  Mintha  Orb\u00e1n is hasonl\u00f3an l\u00e1tn\u00e1 (&#8220;Legyen b\u00e9ke, szabads\u00e1g \u00e9s egyet\u00e9rt\u00e9s!), nem hi\u00e1ba j\u00e1rtak egy &#8220;oszt\u00e1lyba&#8221; (1993) Klaus Schwab (WEF) &#8220;iskol\u00e1j\u00e1ban&#8221;?<\/span><\/figcaption><\/figure>\n\n\n\n<hr class=\"wp-block-separator\"\/>\n\n\n\n<figure class=\"wp-block-image size-large\"><img loading=\"lazy\" decoding=\"async\" width=\"1024\" height=\"511\" src=\"https:\/\/laszlo1713.lima-city.de\/wp-content\/uploads\/2021\/08\/Screenshot-2021-08-10-at-17.45.38-1024x511.jpg\" alt=\"\" class=\"wp-image-3324\" srcset=\"https:\/\/laszlo1713.lima-city.de\/wp-content\/uploads\/2021\/08\/Screenshot-2021-08-10-at-17.45.38-1024x511.jpg 1024w, https:\/\/laszlo1713.lima-city.de\/wp-content\/uploads\/2021\/08\/Screenshot-2021-08-10-at-17.45.38-300x150.jpg 300w, https:\/\/laszlo1713.lima-city.de\/wp-content\/uploads\/2021\/08\/Screenshot-2021-08-10-at-17.45.38-768x383.jpg 768w, https:\/\/laszlo1713.lima-city.de\/wp-content\/uploads\/2021\/08\/Screenshot-2021-08-10-at-17.45.38.jpg 1306w\" sizes=\"auto, (max-width: 706px) 89vw, (max-width: 767px) 82vw, 740px\" \/><figcaption><span class=\"has-inline-color has-vivid-green-cyan-color\">Mert h\u00e1rom a magyar igazs\u00e1g! J\u00f6n majd m\u00e9g a r\u00e1ad\u00e1s is, ahogy j\u00e1rja? Az pedig nem \u00e1rtalmas, s\u0151t. A t\u00e9ved\u00e9s  h\u0151si hal\u00e1l (lenne)?<\/span><\/figcaption><\/figure>\n\n\n\n<figure class=\"wp-block-image size-large\"><img loading=\"lazy\" decoding=\"async\" width=\"750\" height=\"730\" src=\"https:\/\/laszlo1713.lima-city.de\/wp-content\/uploads\/2021\/08\/IMAGE-2021-08-10-222159.jpg\" alt=\"\" class=\"wp-image-3332\" srcset=\"https:\/\/laszlo1713.lima-city.de\/wp-content\/uploads\/2021\/08\/IMAGE-2021-08-10-222159.jpg 750w, https:\/\/laszlo1713.lima-city.de\/wp-content\/uploads\/2021\/08\/IMAGE-2021-08-10-222159-300x292.jpg 300w\" sizes=\"auto, (max-width: 706px) 89vw, (max-width: 767px) 82vw, 740px\" \/><figcaption><span class=\"has-inline-color has-vivid-green-cyan-color\">Szerencs\u00e9tlen, beteg ember. R\u00e1ad\u00e1sul h\u00fclye is, mert nem \u00e9rtette meg, hogy nincs tov\u00e1bb a sz\u00e1m\u00e1ra.              (Game Over!).<\/span><\/figcaption><\/figure>\n\n\n\n<figure class=\"wp-block-image size-large\"><img loading=\"lazy\" decoding=\"async\" width=\"1024\" height=\"576\" src=\"https:\/\/laszlo1713.lima-city.de\/wp-content\/uploads\/2021\/08\/2021-08-11-16.22.53-1024x576.jpg\" alt=\"\" class=\"wp-image-3345\" srcset=\"https:\/\/laszlo1713.lima-city.de\/wp-content\/uploads\/2021\/08\/2021-08-11-16.22.53-1024x576.jpg 1024w, https:\/\/laszlo1713.lima-city.de\/wp-content\/uploads\/2021\/08\/2021-08-11-16.22.53-300x169.jpg 300w, https:\/\/laszlo1713.lima-city.de\/wp-content\/uploads\/2021\/08\/2021-08-11-16.22.53-768x432.jpg 768w, https:\/\/laszlo1713.lima-city.de\/wp-content\/uploads\/2021\/08\/2021-08-11-16.22.53.jpg 1280w\" sizes=\"auto, (max-width: 706px) 89vw, (max-width: 767px) 82vw, 740px\" \/><\/figure>\n\n\n\n<p><span class=\"has-inline-color has-vivid-green-cyan-color\">A h\u00e1tt\u00e9rhatalmi (DS) b\u00e1bkorm\u00e1ny-v\u00edrus &#8230;<\/span><\/p>\n\n\n\n<figure class=\"wp-block-image size-large\"><img loading=\"lazy\" decoding=\"async\" width=\"720\" height=\"877\" src=\"https:\/\/laszlo1713.lima-city.de\/wp-content\/uploads\/2021\/08\/IMG_0105.jpg\" alt=\"\" class=\"wp-image-3346\" srcset=\"https:\/\/laszlo1713.lima-city.de\/wp-content\/uploads\/2021\/08\/IMG_0105.jpg 720w, https:\/\/laszlo1713.lima-city.de\/wp-content\/uploads\/2021\/08\/IMG_0105-246x300.jpg 246w\" sizes=\"auto, (max-width: 720px) 100vw, 720px\" \/><\/figure>\n\n\n\n<p><span class=\"has-inline-color has-vivid-green-cyan-color\">&#8230; \u00e9s a &#8220;hal\u00e1losan&#8221; fert\u0151z\u00f6tt birka.<\/span><\/p>\n\n\n\n<figure class=\"wp-block-image size-large\"><img loading=\"lazy\" decoding=\"async\" width=\"828\" height=\"817\" src=\"https:\/\/laszlo1713.lima-city.de\/wp-content\/uploads\/2021\/08\/IMG_1288-1.jpg\" alt=\"\" class=\"wp-image-3347\" srcset=\"https:\/\/laszlo1713.lima-city.de\/wp-content\/uploads\/2021\/08\/IMG_1288-1.jpg 828w, https:\/\/laszlo1713.lima-city.de\/wp-content\/uploads\/2021\/08\/IMG_1288-1-300x296.jpg 300w, https:\/\/laszlo1713.lima-city.de\/wp-content\/uploads\/2021\/08\/IMG_1288-1-768x758.jpg 768w, https:\/\/laszlo1713.lima-city.de\/wp-content\/uploads\/2021\/08\/IMG_1288-1-100x100.jpg 100w\" sizes=\"auto, (max-width: 706px) 89vw, (max-width: 767px) 82vw, 740px\" \/><figcaption><span class=\"has-inline-color has-vivid-green-cyan-color\">2021 \u00fajdons\u00e1ga?<\/span><\/figcaption><\/figure>\n\n\n\n<hr class=\"wp-block-separator\"\/>\n\n\n\n<figure class=\"wp-block-image size-large\"><img loading=\"lazy\" decoding=\"async\" width=\"964\" height=\"1024\" src=\"https:\/\/laszlo1713.lima-city.de\/wp-content\/uploads\/2021\/08\/Screenshot-2021-08-10-at-18.17.30-964x1024.jpg\" alt=\"\" class=\"wp-image-3329\" srcset=\"https:\/\/laszlo1713.lima-city.de\/wp-content\/uploads\/2021\/08\/Screenshot-2021-08-10-at-18.17.30-964x1024.jpg 964w, https:\/\/laszlo1713.lima-city.de\/wp-content\/uploads\/2021\/08\/Screenshot-2021-08-10-at-18.17.30-282x300.jpg 282w, https:\/\/laszlo1713.lima-city.de\/wp-content\/uploads\/2021\/08\/Screenshot-2021-08-10-at-18.17.30-768x816.jpg 768w, https:\/\/laszlo1713.lima-city.de\/wp-content\/uploads\/2021\/08\/Screenshot-2021-08-10-at-18.17.30.jpg 1436w\" sizes=\"auto, (max-width: 706px) 89vw, (max-width: 767px) 82vw, 740px\" \/><figcaption>Marine Corps General David H. Berger on Monday rebuked Defense Secretary Lloyd Austin\u2019s edict requiring all Armed Forces personnel to submit to Covid-19 vaccinations under threat of court martial or discharge, said a source in Gen. Berger\u2019s office who overheard a heated conversation between them.<br>Gen. Berger telephoned the defense secretary minutes after he said in a press conference that the Covid-19 vaccination is needed to maintain military readiness and that he would enforce the mandatary vaccination policy regardless of FDA approval status.<br>\u201cThere will be no mandatory vaccinations for my Marines,\u201d Gen. Berger said.In a transcript of the call reviewed by Real Raw News, Gen. Berger lambasted Austin and branded him a traitor.<br>\u201cUnder no circumstances will Marines be compelled to take a potentially hazardous vaccination that the FDA won\u2019t even fully endorse,\u201d Gen. Berger told Austin. \u201cYou are a coward and a traitor, manipulated by people pushing bad policy on the men and women who provide security to our nation. Neither you nor your puppet president has authority to enforce such a policy.\u201d<br>Austin argued that mandatory vaccinations have always been a requirement for soldiers enlisting into the Armed Forces, and they, as property of the U.S. government, have no right to decide whether to take the Covid-19 jab. The federal government and President Biden would decide for them, Austin said.<br>\u201cThey\u2019re incapable of making informed decisions. So we, their leaders, make the big decisions they cannot,\u201d Austin said. \u201cBiden and Harris are in charge, not individual soldiers.\u201d<br>Then Austin got political: \u201cIf conservatives and evangelicals see our fighting forces getting vaccinated, they\u2019ll be more likely to get vaccinated themselves,\u201d Austin said.<br>Gen. Berger said it was unfair to compare established vaccinations with a product that was rushed to market with little concern for side effects. He called the CDC and Dr. Fauci corrupt, and he asked Austin why the puppet administration hid from the public an NIH report linking the vaccination to thousands of fatalities.<br>\u201cIf someone dies, you say it was Covid-19. There\u2019s a refusal to admit the vaccination carries side effects that can include death in certain individuals.\u201d<br>\u201cI\u2019m not a physician. I\u2019m the Secretary of Defense for Joseph R. Biden, and I follow orders,\u201d Austin retorted.<br>\u201cIn case you haven\u2019t heard, Biden\u2019s not in charge of the military, and neither are you. You can sell whatever lies you want to the media. You sold your soul, Lloyd, and I hope you can live with yourself,\u201d Gen. Berger said.<br>Gen. Berger said he had the support of other Joint Chiefs of Staff and would implore them to ignore unlawful orders coming from the illegitimate administration.<br>\u201cIf a soldier wants the vaccination, fine. If not, he\u2019s not rolling up his sleeve. If you try to forcibly vaccinate even one of my Marines, you better come armed,\u201d Gen. Berger said, and hung up the phone.<br>In a statement Monday afternoon, Biden said he strongly supports Austin\u2019s message and that he is \u201ceager to see\u201d the Covid-19 vaccination added to the battery of vaccinations soldiers receive upon joining the military.<br><br><\/figcaption><\/figure>\n\n\n\n<figure class=\"wp-block-image size-large\"><img loading=\"lazy\" decoding=\"async\" width=\"1024\" height=\"476\" src=\"https:\/\/laszlo1713.lima-city.de\/wp-content\/uploads\/2021\/08\/Screenshot-2021-08-11-at-08.35.53-1024x476.jpg\" alt=\"\" class=\"wp-image-3336\" srcset=\"https:\/\/laszlo1713.lima-city.de\/wp-content\/uploads\/2021\/08\/Screenshot-2021-08-11-at-08.35.53-1024x476.jpg 1024w, https:\/\/laszlo1713.lima-city.de\/wp-content\/uploads\/2021\/08\/Screenshot-2021-08-11-at-08.35.53-300x140.jpg 300w, https:\/\/laszlo1713.lima-city.de\/wp-content\/uploads\/2021\/08\/Screenshot-2021-08-11-at-08.35.53-768x357.jpg 768w, https:\/\/laszlo1713.lima-city.de\/wp-content\/uploads\/2021\/08\/Screenshot-2021-08-11-at-08.35.53-1536x715.jpg 1536w, https:\/\/laszlo1713.lima-city.de\/wp-content\/uploads\/2021\/08\/Screenshot-2021-08-11-at-08.35.53-2048x953.jpg 2048w\" sizes=\"auto, (max-width: 706px) 89vw, (max-width: 767px) 82vw, 740px\" \/><\/figure>\n\n\n\n<p><span class=\"has-inline-color has-vivid-green-cyan-color\">\u00c9rdekes, t\u00f6bben felfigyeltek r\u00e1, hogy a vil\u00e1g legk\u00fcl\u00f6nb\u00f6z\u0151bb r\u00e9szein pontosan \u00fajabb <strong>233<\/strong> fert\u0151z\u00e9st jelentettek az egyes h\u00edrpot\u00e1lok.  A v\u00e9letlen egybees\u00e9s kiz\u00e1rt.  Nyilv\u00e1nval\u00f3 hazugs\u00e1g, de kell, hogy valamif\u00e9le jelent\u00e9se legyen.<\/span><\/p>\n\n\n\n<figure class=\"wp-block-image size-large\"><img loading=\"lazy\" decoding=\"async\" width=\"1024\" height=\"601\" src=\"https:\/\/laszlo1713.lima-city.de\/wp-content\/uploads\/2021\/08\/Screenshot-2021-08-11-at-08.34.40-1024x601.jpg\" alt=\"\" class=\"wp-image-3337\" srcset=\"https:\/\/laszlo1713.lima-city.de\/wp-content\/uploads\/2021\/08\/Screenshot-2021-08-11-at-08.34.40-1024x601.jpg 1024w, https:\/\/laszlo1713.lima-city.de\/wp-content\/uploads\/2021\/08\/Screenshot-2021-08-11-at-08.34.40-300x176.jpg 300w, https:\/\/laszlo1713.lima-city.de\/wp-content\/uploads\/2021\/08\/Screenshot-2021-08-11-at-08.34.40-768x450.jpg 768w, https:\/\/laszlo1713.lima-city.de\/wp-content\/uploads\/2021\/08\/Screenshot-2021-08-11-at-08.34.40.jpg 1132w\" sizes=\"auto, (max-width: 706px) 89vw, (max-width: 767px) 82vw, 740px\" \/><\/figure>\n\n\n\n<figure class=\"wp-block-image size-large is-resized\"><img loading=\"lazy\" decoding=\"async\" src=\"https:\/\/laszlo1713.lima-city.de\/wp-content\/uploads\/2021\/08\/Screenshot-2021-08-11-at-08.34.09-690x1024.jpg\" alt=\"\" class=\"wp-image-3338\" width=\"675\" height=\"1001\" srcset=\"https:\/\/laszlo1713.lima-city.de\/wp-content\/uploads\/2021\/08\/Screenshot-2021-08-11-at-08.34.09-690x1024.jpg 690w, https:\/\/laszlo1713.lima-city.de\/wp-content\/uploads\/2021\/08\/Screenshot-2021-08-11-at-08.34.09-202x300.jpg 202w, https:\/\/laszlo1713.lima-city.de\/wp-content\/uploads\/2021\/08\/Screenshot-2021-08-11-at-08.34.09-768x1140.jpg 768w, https:\/\/laszlo1713.lima-city.de\/wp-content\/uploads\/2021\/08\/Screenshot-2021-08-11-at-08.34.09-1035x1536.jpg 1035w, https:\/\/laszlo1713.lima-city.de\/wp-content\/uploads\/2021\/08\/Screenshot-2021-08-11-at-08.34.09.jpg 1156w\" sizes=\"auto, (max-width: 675px) 100vw, 675px\" \/><figcaption><span class=\"has-inline-color has-vivid-green-cyan-color\">Gondolom, az eg\u00e9sz egy szimbolikus \u00fczenet azokt\u00f3l, akik megpr\u00f3b\u00e1lj\u00e1k &#8220;v\u00edzjel\u00fcket&#8221; minden\u00fctt r\u00e1k\u00e9nyszer\u00edteni a vil\u00e1gra. Egy forr\u00e1s \u00e1ll\u00edtja, hogy valamelyik gematria rendszer szerint  <strong>233<\/strong>  <strong>HORUS<\/strong>t, The All Seeing Eye &#8211;  jelenten\u00e9 ( illumin\u00e1tus szimb\u00f3lum, amely pl. az egydoll\u00e1ros bank\u00f3n is l\u00e1that\u00f3), de nem igen hiszem, hogy ez lenne. Tal\u00e1lgathatok. Minden esetre lehetne pl. a jewish gematria szerint  &#8220;The Final Call&#8221; jelent\u00e9se is ak\u00e1r.  Vagy lehetne &#8220;satana&#8221; is. Ak\u00e1rhogy is, bizony\u00e1ra illumin\u00e1tus \u00fczenet, mi lenne m\u00e1s?<\/span><\/figcaption><\/figure>\n\n\n\n<hr class=\"wp-block-separator\"\/>\n\n\n\n<figure class=\"wp-block-image size-large\"><img loading=\"lazy\" decoding=\"async\" width=\"1024\" height=\"978\" src=\"https:\/\/laszlo1713.lima-city.de\/wp-content\/uploads\/2021\/08\/Screenshot-2021-08-12-at-17.02.37-1-1024x978.jpg\" alt=\"\" class=\"wp-image-3363\" srcset=\"https:\/\/laszlo1713.lima-city.de\/wp-content\/uploads\/2021\/08\/Screenshot-2021-08-12-at-17.02.37-1-1024x978.jpg 1024w, https:\/\/laszlo1713.lima-city.de\/wp-content\/uploads\/2021\/08\/Screenshot-2021-08-12-at-17.02.37-1-300x286.jpg 300w, https:\/\/laszlo1713.lima-city.de\/wp-content\/uploads\/2021\/08\/Screenshot-2021-08-12-at-17.02.37-1-768x733.jpg 768w, https:\/\/laszlo1713.lima-city.de\/wp-content\/uploads\/2021\/08\/Screenshot-2021-08-12-at-17.02.37-1.jpg 1466w\" sizes=\"auto, (max-width: 706px) 89vw, (max-width: 767px) 82vw, 740px\" \/><figcaption>The U.S. Navy Judge Advocate General\u2019s Corps has scheduled Bill Gates\u2019 military tribunal for August 23, and the Microsoft founder is expected to answer for crimes ranging from running a child trafficking ring with convicted pedophile Jeffrey Epstein to devising a plan whereby seemingly benign vaccinations would be tainted with chemicals and synthetic nanoparticles designed to erode the cerebrum of the human brain. (&#8230;) Uncoincidentally, Gates had entrenched himself in the vaccine industry and owned substantial shares of Merck, Pfizer, Moderna, Johnson &amp; Johnson, Roche, Novartis, and GlaxoSmithKline, all major pharmaceutical companies. He had injected enormous amounts of cash into the industry, and in turn profited massively on his investments. (&#8230;) When JAG officials questioned Gates about his \u2018How to Rule the World\u2019 agenda, the Microsoft guru claimed that the documents were merely a template for a video game that he and former partner Paul Allen had first contemplated in 1975, shortly after Microsoft\u2019s inception. Gates said he shelved the game idea due to time restraints and technological limitations of that era but continued outlining it to alleviate boredom. He said he was a philanthropist and a humanitarian and that he had never harmed a soul, as violence toward others diametrically opposed his good nature.<\/figcaption><\/figure>\n\n\n\n<hr class=\"wp-block-separator\"\/>\n\n\n\n<figure class=\"wp-block-image size-large\"><img loading=\"lazy\" decoding=\"async\" width=\"680\" height=\"678\" src=\"https:\/\/laszlo1713.lima-city.de\/wp-content\/uploads\/2021\/08\/IMAGE-2021-08-12-172343.jpg\" alt=\"\" class=\"wp-image-3365\" srcset=\"https:\/\/laszlo1713.lima-city.de\/wp-content\/uploads\/2021\/08\/IMAGE-2021-08-12-172343.jpg 680w, https:\/\/laszlo1713.lima-city.de\/wp-content\/uploads\/2021\/08\/IMAGE-2021-08-12-172343-300x300.jpg 300w, https:\/\/laszlo1713.lima-city.de\/wp-content\/uploads\/2021\/08\/IMAGE-2021-08-12-172343-150x150.jpg 150w, https:\/\/laszlo1713.lima-city.de\/wp-content\/uploads\/2021\/08\/IMAGE-2021-08-12-172343-100x100.jpg 100w\" sizes=\"auto, (max-width: 680px) 100vw, 680px\" \/><figcaption><span class=\"has-inline-color has-vivid-green-cyan-color\">A j\u00f6v\u0151 n\u00e9h\u00e1ny (imm\u00e1r nem olyan) fiatal ir\u00e1ny\u00edt\u00f3ja Klaus Schwab \u00e9s az illumin\u00e1tus h\u00e1tt\u00e9rhatalom k\u00e1deriskol\u00e1j\u00e1b\u00f3l. Rem\u00e9nys\u00e9gek, mint a (m\u00e9g) kor\u00e1bbi \u00e9vekb\u0151l Merkel, Orb\u00e1n, Macron  \u00e9s sorolhatn\u00e1nk. Ezekkel vajon hov\u00e1 jutn\u00e1nk? Az \u00daj Vil\u00e1grendbe (NWO) eg\u00e9szen bizonyosan.<\/span><\/figcaption><\/figure>\n\n\n\n<figure class=\"wp-block-image size-large\"><img loading=\"lazy\" decoding=\"async\" width=\"1024\" height=\"700\" src=\"https:\/\/laszlo1713.lima-city.de\/wp-content\/uploads\/2021\/08\/Screenshot-2021-08-13-at-17.39.54-1024x700.jpg\" alt=\"\" class=\"wp-image-3383\" srcset=\"https:\/\/laszlo1713.lima-city.de\/wp-content\/uploads\/2021\/08\/Screenshot-2021-08-13-at-17.39.54-1024x700.jpg 1024w, https:\/\/laszlo1713.lima-city.de\/wp-content\/uploads\/2021\/08\/Screenshot-2021-08-13-at-17.39.54-300x205.jpg 300w, https:\/\/laszlo1713.lima-city.de\/wp-content\/uploads\/2021\/08\/Screenshot-2021-08-13-at-17.39.54-768x525.jpg 768w, https:\/\/laszlo1713.lima-city.de\/wp-content\/uploads\/2021\/08\/Screenshot-2021-08-13-at-17.39.54.jpg 1536w\" sizes=\"auto, (max-width: 706px) 89vw, (max-width: 767px) 82vw, 740px\" \/><\/figure>\n\n\n\n<p><strong>Klaus Schwab, der Gr\u00fcnder des WEF hat seit 1993 j\u00e4hrlich ca. 200 Personen zu &#8220;global leaders&#8221; ernannt. Einige kamen bereits von m\u00e4chtigen Familien, aber die meisten standen gerade am Anfang ihrer Karrieren. Diese ganzen Menschen kamen von \u00fcberall her und besetzten bald nach der Ernennung die m\u00e4chtigsten Posten in den Schaltzentralen der Welt. &nbsp;<\/strong><\/p>\n\n\n\n<p><strong>u.a. Merkel (1993), Sarkozy (1993), Bono (1993), Bill Gates (1993), Jeff Bezos (1998), Kubicki (1993), Richard Branson (1993), Jodie Foster (1999), Spahn (2016), Kurz (2016), Tony Blair (1993), Macron (2016), Christian Lacroix (1993), Jack Ma (2001), Jean- Claude Juncker (1995), Cem \u00d6zdemir (2002), Maischberger (2002), J. K. Rowling (2002), Chelsea Clinton (2013), Christian Wulff (1995) und tausende mehr&#8230;<\/strong><\/p>\n\n\n\n<p><strong>Fast jedem hat Klaus Schwab den Weg zu den h\u00f6chsten Positionen geebnet und fast alle werben f\u00fcr die WEF-Agenda.&nbsp;<\/strong><\/p>\n\n\n\n<div class=\"wp-block-image\"><figure class=\"aligncenter size-large\"><img loading=\"lazy\" decoding=\"async\" width=\"571\" height=\"381\" src=\"https:\/\/laszlo1713.lima-city.de\/wp-content\/uploads\/2021\/08\/IMAGE-2021-08-14-130831.jpg\" alt=\"\" class=\"wp-image-3392\" srcset=\"https:\/\/laszlo1713.lima-city.de\/wp-content\/uploads\/2021\/08\/IMAGE-2021-08-14-130831.jpg 571w, https:\/\/laszlo1713.lima-city.de\/wp-content\/uploads\/2021\/08\/IMAGE-2021-08-14-130831-300x200.jpg 300w\" sizes=\"auto, (max-width: 571px) 100vw, 571px\" \/><figcaption><span class=\"has-inline-color has-vivid-green-cyan-color\">A nagymester \u00e9s a tan\u00edtv\u00e1ny. \u00d6rd\u00f6gfiai.<\/span><\/figcaption><\/figure><\/div>\n\n\n\n<figure class=\"wp-block-image size-large\"><img loading=\"lazy\" decoding=\"async\" width=\"784\" height=\"576\" src=\"https:\/\/laszlo1713.lima-city.de\/wp-content\/uploads\/2021\/08\/IMAGE-2021-08-15-073652.jpg\" alt=\"\" class=\"wp-image-3396\" srcset=\"https:\/\/laszlo1713.lima-city.de\/wp-content\/uploads\/2021\/08\/IMAGE-2021-08-15-073652.jpg 784w, https:\/\/laszlo1713.lima-city.de\/wp-content\/uploads\/2021\/08\/IMAGE-2021-08-15-073652-300x220.jpg 300w, https:\/\/laszlo1713.lima-city.de\/wp-content\/uploads\/2021\/08\/IMAGE-2021-08-15-073652-768x564.jpg 768w\" sizes=\"auto, (max-width: 706px) 89vw, (max-width: 767px) 82vw, 740px\" \/><\/figure>\n\n\n\n<p><span class=\"has-inline-color has-vivid-green-cyan-color\">Klaus Schwab, a WEF megalap\u00edt\u00f3ja,  az \u00daj Vil\u00e1grend (NWO) lovagja. F\u00e1t a gy\u00fcm\u00f6lcs\u00e9r\u0151l &#8211; gy\u0151m\u00f6lcs\u00f6t a f\u00e1j\u00e1r\u00f3l!<\/span><\/p>\n\n\n\n<hr class=\"wp-block-separator\"\/>\n\n\n\n<figure class=\"wp-block-image size-large\"><img loading=\"lazy\" decoding=\"async\" width=\"1024\" height=\"828\" src=\"https:\/\/laszlo1713.lima-city.de\/wp-content\/uploads\/2021\/08\/IMAGE-2021-08-14-074213-1024x828.jpg\" alt=\"\" class=\"wp-image-3390\" srcset=\"https:\/\/laszlo1713.lima-city.de\/wp-content\/uploads\/2021\/08\/IMAGE-2021-08-14-074213-1024x828.jpg 1024w, https:\/\/laszlo1713.lima-city.de\/wp-content\/uploads\/2021\/08\/IMAGE-2021-08-14-074213-300x243.jpg 300w, https:\/\/laszlo1713.lima-city.de\/wp-content\/uploads\/2021\/08\/IMAGE-2021-08-14-074213-768x621.jpg 768w, https:\/\/laszlo1713.lima-city.de\/wp-content\/uploads\/2021\/08\/IMAGE-2021-08-14-074213.jpg 1076w\" sizes=\"auto, (max-width: 706px) 89vw, (max-width: 767px) 82vw, 740px\" \/><\/figure>\n\n\n\n<figure class=\"wp-block-image size-large\"><img loading=\"lazy\" decoding=\"async\" width=\"1024\" height=\"578\" src=\"https:\/\/laszlo1713.lima-city.de\/wp-content\/uploads\/2021\/08\/Screenshot-2021-08-15-at-08.19.51-1024x578.jpg\" alt=\"\" class=\"wp-image-3407\" srcset=\"https:\/\/laszlo1713.lima-city.de\/wp-content\/uploads\/2021\/08\/Screenshot-2021-08-15-at-08.19.51-1024x578.jpg 1024w, https:\/\/laszlo1713.lima-city.de\/wp-content\/uploads\/2021\/08\/Screenshot-2021-08-15-at-08.19.51-300x169.jpg 300w, https:\/\/laszlo1713.lima-city.de\/wp-content\/uploads\/2021\/08\/Screenshot-2021-08-15-at-08.19.51-768x433.jpg 768w, https:\/\/laszlo1713.lima-city.de\/wp-content\/uploads\/2021\/08\/Screenshot-2021-08-15-at-08.19.51-1536x866.jpg 1536w, https:\/\/laszlo1713.lima-city.de\/wp-content\/uploads\/2021\/08\/Screenshot-2021-08-15-at-08.19.51-2048x1155.jpg 2048w\" sizes=\"auto, (max-width: 706px) 89vw, (max-width: 767px) 82vw, 740px\" \/><\/figure>\n\n\n\n<hr class=\"wp-block-separator\"\/>\n\n\n\n<figure class=\"wp-block-image size-large\"><img loading=\"lazy\" decoding=\"async\" width=\"820\" height=\"430\" src=\"https:\/\/laszlo1713.lima-city.de\/wp-content\/uploads\/2021\/08\/Screenshot-2021-08-13-at-08.10.41.jpg\" alt=\"\" class=\"wp-image-3375\" srcset=\"https:\/\/laszlo1713.lima-city.de\/wp-content\/uploads\/2021\/08\/Screenshot-2021-08-13-at-08.10.41.jpg 820w, https:\/\/laszlo1713.lima-city.de\/wp-content\/uploads\/2021\/08\/Screenshot-2021-08-13-at-08.10.41-300x157.jpg 300w, https:\/\/laszlo1713.lima-city.de\/wp-content\/uploads\/2021\/08\/Screenshot-2021-08-13-at-08.10.41-768x403.jpg 768w\" sizes=\"auto, (max-width: 706px) 89vw, (max-width: 767px) 82vw, 740px\" \/><figcaption><span class=\"has-inline-color has-vivid-green-cyan-color\">A gy\u00fcm\u00f6lcs be\u00e9rik: az \u00e1l-republik\u00e1nus Dan Crenshew (RINO) v\u00e9di a nyilv\u00e1nval\u00f3 v\u00e1laszt\u00e1si csal\u00e1st. Erre &#8220;h\u00edzlalta&#8221; pl. ezt a diszn\u00f3t is a s\u00f6t\u00e9t h\u00e1tt\u00e9rhatalom (DS).<\/span><\/figcaption><\/figure>\n\n\n\n<p>RINO Dan Crenshaw claims that Trump lost the 2020 election, then proceeds to mock the Maricopa County audit.<\/p>\n\n\n\n<p>Senate Candidate Bobby Piton calls him out then proceeds to tell the TRUTH about the stolen election.<\/p>\n\n\n\n<hr class=\"wp-block-separator\"\/>\n\n\n\n<figure class=\"wp-block-image size-large\"><img loading=\"lazy\" decoding=\"async\" width=\"1024\" height=\"962\" src=\"https:\/\/laszlo1713.lima-city.de\/wp-content\/uploads\/2021\/08\/Screenshot-2021-08-15-at-07.55.09-1024x962.jpg\" alt=\"\" class=\"wp-image-3400\" srcset=\"https:\/\/laszlo1713.lima-city.de\/wp-content\/uploads\/2021\/08\/Screenshot-2021-08-15-at-07.55.09-1024x962.jpg 1024w, https:\/\/laszlo1713.lima-city.de\/wp-content\/uploads\/2021\/08\/Screenshot-2021-08-15-at-07.55.09-300x282.jpg 300w, https:\/\/laszlo1713.lima-city.de\/wp-content\/uploads\/2021\/08\/Screenshot-2021-08-15-at-07.55.09-768x722.jpg 768w, https:\/\/laszlo1713.lima-city.de\/wp-content\/uploads\/2021\/08\/Screenshot-2021-08-15-at-07.55.09-1536x1443.jpg 1536w, https:\/\/laszlo1713.lima-city.de\/wp-content\/uploads\/2021\/08\/Screenshot-2021-08-15-at-07.55.09.jpg 1554w\" sizes=\"auto, (max-width: 706px) 89vw, (max-width: 767px) 82vw, 740px\" \/><\/figure>\n\n\n\n<figure class=\"wp-block-image size-large\"><img loading=\"lazy\" decoding=\"async\" width=\"1024\" height=\"602\" src=\"https:\/\/laszlo1713.lima-city.de\/wp-content\/uploads\/2021\/08\/Screenshot-2021-08-15-at-07.56.30-1024x602.jpg\" alt=\"\" class=\"wp-image-3402\" srcset=\"https:\/\/laszlo1713.lima-city.de\/wp-content\/uploads\/2021\/08\/Screenshot-2021-08-15-at-07.56.30-1024x602.jpg 1024w, https:\/\/laszlo1713.lima-city.de\/wp-content\/uploads\/2021\/08\/Screenshot-2021-08-15-at-07.56.30-300x176.jpg 300w, https:\/\/laszlo1713.lima-city.de\/wp-content\/uploads\/2021\/08\/Screenshot-2021-08-15-at-07.56.30-768x452.jpg 768w, https:\/\/laszlo1713.lima-city.de\/wp-content\/uploads\/2021\/08\/Screenshot-2021-08-15-at-07.56.30.jpg 1456w\" sizes=\"auto, (max-width: 706px) 89vw, (max-width: 767px) 82vw, 740px\" \/><\/figure>\n\n\n\n<hr class=\"wp-block-separator\"\/>\n\n\n\n<figure class=\"wp-block-image size-large\"><img loading=\"lazy\" decoding=\"async\" width=\"906\" height=\"1024\" src=\"https:\/\/laszlo1713.lima-city.de\/wp-content\/uploads\/2021\/08\/Screenshot-2021-08-15-at-08.18.47-1-906x1024.jpg\" alt=\"\" class=\"wp-image-3410\" srcset=\"https:\/\/laszlo1713.lima-city.de\/wp-content\/uploads\/2021\/08\/Screenshot-2021-08-15-at-08.18.47-1-906x1024.jpg 906w, https:\/\/laszlo1713.lima-city.de\/wp-content\/uploads\/2021\/08\/Screenshot-2021-08-15-at-08.18.47-1-265x300.jpg 265w, https:\/\/laszlo1713.lima-city.de\/wp-content\/uploads\/2021\/08\/Screenshot-2021-08-15-at-08.18.47-1-768x868.jpg 768w, https:\/\/laszlo1713.lima-city.de\/wp-content\/uploads\/2021\/08\/Screenshot-2021-08-15-at-08.18.47-1.jpg 1132w\" sizes=\"auto, (max-width: 706px) 89vw, (max-width: 767px) 82vw, 740px\" \/><\/figure>\n\n\n\n<hr class=\"wp-block-separator\"\/>\n\n\n\n<figure class=\"wp-block-image size-large\"><img loading=\"lazy\" decoding=\"async\" width=\"813\" height=\"1024\" src=\"https:\/\/laszlo1713.lima-city.de\/wp-content\/uploads\/2021\/08\/Screenshot-2021-08-15-at-08.03.33-813x1024.jpg\" alt=\"\" class=\"wp-image-3404\" srcset=\"https:\/\/laszlo1713.lima-city.de\/wp-content\/uploads\/2021\/08\/Screenshot-2021-08-15-at-08.03.33-813x1024.jpg 813w, https:\/\/laszlo1713.lima-city.de\/wp-content\/uploads\/2021\/08\/Screenshot-2021-08-15-at-08.03.33-238x300.jpg 238w, https:\/\/laszlo1713.lima-city.de\/wp-content\/uploads\/2021\/08\/Screenshot-2021-08-15-at-08.03.33-768x967.jpg 768w, https:\/\/laszlo1713.lima-city.de\/wp-content\/uploads\/2021\/08\/Screenshot-2021-08-15-at-08.03.33.jpg 1082w\" sizes=\"auto, (max-width: 706px) 89vw, (max-width: 767px) 82vw, 740px\" \/><figcaption><span class=\"has-inline-color has-vivid-green-cyan-color\">Az egyetlen k\u00e9rd\u00e9s, ami m\u00e9g maradt: Akarjuk-e, hogy ilyen perverz, beteg, p\u00e9nz- \u00e9s hatalom\u00e9hes b\u0171n\u00f6z\u0151k ir\u00e1ny\u00edts\u00e1k sorsunkat?  \u00c9s aki ezeket t\u00e1mogatja, maga is az, vagy azz\u00e1 lesz (lett).<\/span><\/figcaption><\/figure>\n\n\n\n<hr class=\"wp-block-separator\"\/>\n\n\n\n<figure class=\"wp-block-image size-large\"><img loading=\"lazy\" decoding=\"async\" width=\"768\" height=\"1024\" src=\"https:\/\/laszlo1713.lima-city.de\/wp-content\/uploads\/2021\/08\/IMAGE-2021-08-15-102949-768x1024.jpg\" alt=\"\" class=\"wp-image-3414\" srcset=\"https:\/\/laszlo1713.lima-city.de\/wp-content\/uploads\/2021\/08\/IMAGE-2021-08-15-102949-768x1024.jpg 768w, https:\/\/laszlo1713.lima-city.de\/wp-content\/uploads\/2021\/08\/IMAGE-2021-08-15-102949-225x300.jpg 225w, https:\/\/laszlo1713.lima-city.de\/wp-content\/uploads\/2021\/08\/IMAGE-2021-08-15-102949.jpg 960w\" sizes=\"auto, (max-width: 706px) 89vw, (max-width: 767px) 82vw, 740px\" \/><figcaption>Nagyboldogasszony napj\u00e1n az egykor t\u00f6bbs\u00e9g\u00e9ben katolikus Franciaorsz\u00e1gban. Itt \u00e1llunk ma, a pokol kapuj\u00e1ban.<\/figcaption><\/figure>\n\n\n\n<figure class=\"wp-block-image size-large\"><img loading=\"lazy\" decoding=\"async\" width=\"819\" height=\"1024\" src=\"https:\/\/laszlo1713.lima-city.de\/wp-content\/uploads\/2021\/08\/IMAGE-2021-08-15-104740.jpg\" alt=\"\" class=\"wp-image-3417\" srcset=\"https:\/\/laszlo1713.lima-city.de\/wp-content\/uploads\/2021\/08\/IMAGE-2021-08-15-104740.jpg 819w, https:\/\/laszlo1713.lima-city.de\/wp-content\/uploads\/2021\/08\/IMAGE-2021-08-15-104740-240x300.jpg 240w, https:\/\/laszlo1713.lima-city.de\/wp-content\/uploads\/2021\/08\/IMAGE-2021-08-15-104740-768x960.jpg 768w\" sizes=\"auto, (max-width: 706px) 89vw, (max-width: 767px) 82vw, 740px\" \/><figcaption>Denis von Burg, egy (sv\u00e1jci) <strong>seggfej<\/strong>  &#8211; csak ne terjeszten\u00e9 &#8220;alfeli&#8221; gondolatait!<\/figcaption><\/figure>\n\n\n\n<hr class=\"wp-block-separator\"\/>\n\n\n\n<p><em>\u201eEine der zentralen Narrative, die ja \u00fcberhaupt in der Lage sind, die derzeitige Situation so zu erhalten, wie sie l\u00e4uft, ist ja die Suggestion bei der Bev\u00f6lkerung, dass es sich um eine nicht behandelbare, potenziell t\u00f6dliche Erkrankung handelt. Das hei\u00dft, ab dem Zeitpunkt der Infektion w\u00fcrde dann alles praktisch schicksalhaft verlaufen, und wenn man Pech hat, stirbt man daran. Dass so etwas Angst macht, ist nachvollziehbar. (&#8230;)<\/em><\/p>\n\n\n\n<p><em>Ich m\u00f6chte hier nur eines zu bedenken geben und die R\u00fcckschl\u00fcsse sollen sich die Zuschauer dann selber ziehen.&nbsp;<\/em><\/p>\n\n\n\n<p><em>Die sogenannte Emergency Use Authorization, also die Notfallzulassung der Impfstoffe in den USA und die bedingte Zulassung der Impfstoffe in Europa durch die Europ\u00e4ische Arzneimittel-Agentur fu\u00dft auf einem kardinalen Faktum, n\u00e4mlich: <strong>Das ist nur zul\u00e4ssig, solange es keine Therapie gibt.<\/strong> <strong>G\u00e4be es eine therapeutische M\u00f6glichkeit, w\u00fcrden damit zwangsl\u00e4ufig die Zulassungen der Impfstoffe sofort erl\u00f6schen.<\/strong>\u201c<\/em><\/p>\n\n\n\n<hr class=\"wp-block-separator\"\/>\n\n\n\n<p><span class=\"has-inline-color has-vivid-green-cyan-color\">Mi van a hydrochloroxin-ter\u00e1pi\u00e1val? Mi\u00e9rt vannak egyesek olyan nagyon ellene? Ugyan mi\u00e9rt?<\/span><\/p>\n\n\n\n<hr class=\"wp-block-separator\"\/>\n\n\n\n<p><em>\ud83c\uddec\ud83c\udde7 Dr. Michael Yeadon, Pfizer&#8217;s former Vice President and Chief Scientific Officer, concluded in an e-mail correspondence with the following words: &#8220;Lately, I&#8217;ve gotten into the habit of signing with &#8220;May God save us&#8221; because I think need God more now than at any time since any time since World War II.&#8221;<\/em><\/p>\n\n\n\n<hr class=\"wp-block-separator\"\/>\n\n\n\n<figure class=\"wp-block-image size-large\"><img loading=\"lazy\" decoding=\"async\" width=\"640\" height=\"1024\" src=\"https:\/\/laszlo1713.lima-city.de\/wp-content\/uploads\/2021\/08\/IMAGE-2021-08-15-163327-640x1024.jpg\" alt=\"\" class=\"wp-image-3424\" srcset=\"https:\/\/laszlo1713.lima-city.de\/wp-content\/uploads\/2021\/08\/IMAGE-2021-08-15-163327-640x1024.jpg 640w, https:\/\/laszlo1713.lima-city.de\/wp-content\/uploads\/2021\/08\/IMAGE-2021-08-15-163327-188x300.jpg 188w, https:\/\/laszlo1713.lima-city.de\/wp-content\/uploads\/2021\/08\/IMAGE-2021-08-15-163327-768x1229.jpg 768w, https:\/\/laszlo1713.lima-city.de\/wp-content\/uploads\/2021\/08\/IMAGE-2021-08-15-163327.jpg 800w\" sizes=\"auto, (max-width: 640px) 100vw, 640px\" \/><figcaption><span class=\"has-inline-color has-vivid-green-cyan-color\">Amikor minden vil\u00e1goss\u00e1 v\u00e1lik. Nagyszer\u0171 id\u0151ket  \u00e9l\u00fcnk. Eg\u00e9szs\u00e9g\u00e9re spiritu\u00e1lis \u0151m\u00e9lt\u00f3s\u00e1g\u00e1nak! OM! vagy ink\u00e1bb HM?<\/span><\/figcaption><\/figure>\n\n\n\n<figure class=\"wp-block-image size-large\"><img loading=\"lazy\" decoding=\"async\" width=\"1024\" height=\"570\" src=\"https:\/\/laszlo1713.lima-city.de\/wp-content\/uploads\/2021\/08\/Screenshot-2021-08-18-at-13.29.38-1024x570.jpg\" alt=\"\" class=\"wp-image-3472\" srcset=\"https:\/\/laszlo1713.lima-city.de\/wp-content\/uploads\/2021\/08\/Screenshot-2021-08-18-at-13.29.38-1024x570.jpg 1024w, https:\/\/laszlo1713.lima-city.de\/wp-content\/uploads\/2021\/08\/Screenshot-2021-08-18-at-13.29.38-300x167.jpg 300w, https:\/\/laszlo1713.lima-city.de\/wp-content\/uploads\/2021\/08\/Screenshot-2021-08-18-at-13.29.38-768x428.jpg 768w, https:\/\/laszlo1713.lima-city.de\/wp-content\/uploads\/2021\/08\/Screenshot-2021-08-18-at-13.29.38-1536x855.jpg 1536w, https:\/\/laszlo1713.lima-city.de\/wp-content\/uploads\/2021\/08\/Screenshot-2021-08-18-at-13.29.38-2048x1140.jpg 2048w\" sizes=\"auto, (max-width: 706px) 89vw, (max-width: 767px) 82vw, 740px\" \/><figcaption><strong>is an act of love. Love for oneself, love for our families and friends, and love for all peoples. Love is also social and political. There is social love and political love, it is universal, always overflowing with small individual gestures&#8221; <\/strong>(&#8230;) <span class=\"has-inline-color has-vivid-green-cyan-color\">Ferenc p\u00e1pa \u0151m\u00e9lt\u00f3s\u00e1ga \u00e9kes szavai, vagy ink\u00e1bb mondjuk \u00edgy: egy globalista szabadk\u0151m\u0171ves (illumin\u00e1tus) szavai. \u00d6rd\u00f6gfajzat!<\/span><\/figcaption><\/figure>\n\n\n\n<figure class=\"wp-block-image size-large\"><img loading=\"lazy\" decoding=\"async\" width=\"1024\" height=\"257\" src=\"https:\/\/laszlo1713.lima-city.de\/wp-content\/uploads\/2021\/08\/Screenshot-2021-08-19-at-07.47.17-1024x257.jpg\" alt=\"\" class=\"wp-image-3478\" srcset=\"https:\/\/laszlo1713.lima-city.de\/wp-content\/uploads\/2021\/08\/Screenshot-2021-08-19-at-07.47.17-1024x257.jpg 1024w, https:\/\/laszlo1713.lima-city.de\/wp-content\/uploads\/2021\/08\/Screenshot-2021-08-19-at-07.47.17-300x75.jpg 300w, https:\/\/laszlo1713.lima-city.de\/wp-content\/uploads\/2021\/08\/Screenshot-2021-08-19-at-07.47.17-768x193.jpg 768w, https:\/\/laszlo1713.lima-city.de\/wp-content\/uploads\/2021\/08\/Screenshot-2021-08-19-at-07.47.17.jpg 1202w\" sizes=\"auto, (max-width: 706px) 89vw, (max-width: 767px) 82vw, 740px\" \/><\/figure>\n\n\n\n<figure class=\"wp-block-image size-large\"><img loading=\"lazy\" decoding=\"async\" width=\"1024\" height=\"761\" src=\"https:\/\/laszlo1713.lima-city.de\/wp-content\/uploads\/2021\/08\/Screenshot-2021-08-19-at-07.46.54-1024x761.jpg\" alt=\"\" class=\"wp-image-3479\" srcset=\"https:\/\/laszlo1713.lima-city.de\/wp-content\/uploads\/2021\/08\/Screenshot-2021-08-19-at-07.46.54-1024x761.jpg 1024w, https:\/\/laszlo1713.lima-city.de\/wp-content\/uploads\/2021\/08\/Screenshot-2021-08-19-at-07.46.54-300x223.jpg 300w, https:\/\/laszlo1713.lima-city.de\/wp-content\/uploads\/2021\/08\/Screenshot-2021-08-19-at-07.46.54-768x571.jpg 768w, https:\/\/laszlo1713.lima-city.de\/wp-content\/uploads\/2021\/08\/Screenshot-2021-08-19-at-07.46.54.jpg 1058w\" sizes=\"auto, (max-width: 706px) 89vw, (max-width: 767px) 82vw, 740px\" \/><\/figure>\n\n\n\n<p>&#8220;<em>I&#8217;ve always believed that the first &#8220;Great Reset&#8221; was the one that took place 55 years ago in the Vatican. The new world order gang simply had to put the old world order of Christendom on life support, and that&#8217;s what they did at the Second Vatican Council.<\/em>&#8221; (Michael J. Matt)<\/p>\n\n\n\n<hr class=\"wp-block-separator\"\/>\n\n\n\n<figure class=\"wp-block-image size-large\"><img loading=\"lazy\" decoding=\"async\" width=\"1024\" height=\"805\" src=\"https:\/\/laszlo1713.lima-city.de\/wp-content\/uploads\/2021\/08\/IMAGE-2021-08-18-102638-1-1024x805.jpg\" alt=\"\" class=\"wp-image-3470\" srcset=\"https:\/\/laszlo1713.lima-city.de\/wp-content\/uploads\/2021\/08\/IMAGE-2021-08-18-102638-1-1024x805.jpg 1024w, https:\/\/laszlo1713.lima-city.de\/wp-content\/uploads\/2021\/08\/IMAGE-2021-08-18-102638-1-300x236.jpg 300w, https:\/\/laszlo1713.lima-city.de\/wp-content\/uploads\/2021\/08\/IMAGE-2021-08-18-102638-1-768x604.jpg 768w, https:\/\/laszlo1713.lima-city.de\/wp-content\/uploads\/2021\/08\/IMAGE-2021-08-18-102638-1.jpg 1280w\" sizes=\"auto, (max-width: 706px) 89vw, (max-width: 767px) 82vw, 740px\" \/><figcaption><span class=\"has-inline-color has-vivid-green-cyan-color\">A legszomor\u00fabb ebben az eg\u00e9szben, hogy az emberek sokas\u00e1ga \u00f6nk\u00e9nt (?) \u00e9s dalolva (?) megy a pusztul\u00e1sba.<\/span> <\/figcaption><\/figure>\n\n\n\n<hr class=\"wp-block-separator\"\/>\n\n\n\n<figure class=\"wp-block-image size-large\"><img loading=\"lazy\" decoding=\"async\" width=\"580\" height=\"1024\" src=\"https:\/\/laszlo1713.lima-city.de\/wp-content\/uploads\/2021\/08\/IMAGE-2021-08-15-172500-580x1024.jpg\" alt=\"\" class=\"wp-image-3429\" srcset=\"https:\/\/laszlo1713.lima-city.de\/wp-content\/uploads\/2021\/08\/IMAGE-2021-08-15-172500-580x1024.jpg 580w, https:\/\/laszlo1713.lima-city.de\/wp-content\/uploads\/2021\/08\/IMAGE-2021-08-15-172500-170x300.jpg 170w, https:\/\/laszlo1713.lima-city.de\/wp-content\/uploads\/2021\/08\/IMAGE-2021-08-15-172500.jpg 725w\" sizes=\"auto, (max-width: 580px) 100vw, 580px\" \/><figcaption><em><span class=\"has-inline-color has-vivid-green-cyan-color\">Vajon mi\u00e9rt? Pedig j\u00f3l fizetik a dolgot, nagyon is j\u00f3l. Meg azt\u00e1n &#8220;nemzeti \u00e9rdek&#8221; is lenne. Van m\u00e1s is ezeken t\u00fal?<\/span><\/em><\/figcaption><\/figure>\n\n\n\n<hr class=\"wp-block-separator\"\/>\n\n\n\n<figure class=\"wp-block-image size-large\"><img loading=\"lazy\" decoding=\"async\" width=\"1024\" height=\"904\" src=\"https:\/\/laszlo1713.lima-city.de\/wp-content\/uploads\/2021\/08\/Screenshot-2021-08-18-at-08.24.04-1024x904.jpg\" alt=\"\" class=\"wp-image-3465\" srcset=\"https:\/\/laszlo1713.lima-city.de\/wp-content\/uploads\/2021\/08\/Screenshot-2021-08-18-at-08.24.04-1024x904.jpg 1024w, https:\/\/laszlo1713.lima-city.de\/wp-content\/uploads\/2021\/08\/Screenshot-2021-08-18-at-08.24.04-300x265.jpg 300w, https:\/\/laszlo1713.lima-city.de\/wp-content\/uploads\/2021\/08\/Screenshot-2021-08-18-at-08.24.04-768x678.jpg 768w, https:\/\/laszlo1713.lima-city.de\/wp-content\/uploads\/2021\/08\/Screenshot-2021-08-18-at-08.24.04-1536x1356.jpg 1536w, https:\/\/laszlo1713.lima-city.de\/wp-content\/uploads\/2021\/08\/Screenshot-2021-08-18-at-08.24.04.jpg 1570w\" sizes=\"auto, (max-width: 706px) 89vw, (max-width: 767px) 82vw, 740px\" \/><figcaption>&#8220;<em><strong>In Zukunft wird es um die Frage gehen, wie sich die Bev\u00f6lkerung reduzieren l\u00e4sst. Wir werden mit den Alten beginnen, denn sobald der Mensch \u00fcber 60-65 Jahre alt ist, kann er nicht mehr produktiv sein und das kommt die Gesellschaft teuer zu stehen. Dann sind die Schwachen an der Reihe und danach die Nutzlosen, die der Gesellschaft nichts bringen und von denen es immer mehr geben wird, und schlie\u00dflich vor allem auch die Dummen.<\/strong><\/em><br><em><strong>Die Euthanasie zielt auf diese Gruppen ab; die Euthanasie wird mit Sicherheit ein zentrales Herrschaftsinstrument zuk\u00fcnftiger Gesellschaften sein m\u00fcssen. Nat\u00fcrlich k\u00f6nnen wir keine Menschen ermorden oder sie in Lager stecken. Wir werden sie loswerden, indem wir sie in dem Glauben lassen, es sei zu ihrem eigenen Besten. Eine zu gro\u00dfe Bev\u00f6lkerung, die gr\u00f6\u00dftenteils unn\u00f6tig ist, ist wirtschaftlich einfach unrentabel.<\/strong><\/em><br><em><strong>Auch in sozialer Hinsicht w\u00e4re es f\u00fcr die menschliche Existenz vorteilhafter, wenn ihr Wachstum abrupt zum Stillstand kommt, als dass sie sich ein chronisches Siechtum einstellt. Wir werden sicherlich nicht in der Lage sein, Millionen und Abermillionen von Menschen einem Intelligenztest zu unterziehen.<\/strong><\/em><br><em><strong>Irgendetwas werden wir schon finden oder auch selbst erzeugen. Vielleicht wird es eine Pandemie sein, die auf bestimmte Menschen abzielt, eine echte oder geplane Wirtschaftskrise, ein Virus, das die Alten oder jeden ab einer gewissen Gr\u00f6\u00dfe bef\u00e4llt. Was es genau sein wird, spielt keine Rolle. Die Schwachen werden ihm erliegen, w\u00e4hrend es die \u00c4ngstlichen und Dummen glauben werden und sich behandeln lassen.<\/strong><\/em><br><em><strong>Wir werden daf\u00fcr sorgen, dass die Behandlung bereitstehen wird, eine Behandlung, die auch die L\u00f6sung darstellen wird. Die Idioten werden sich dabei selbst ausw\u00e4hlen: Sie werden von selbst zur Schlachtbank gehen.<\/strong><\/em>&#8220;<br><strong><em>Aus \u201eDie Zukunft des Lebens\u201c \u2013 Jacques Attali im Interview mit Michel Salomon (1981).<\/em><\/strong><\/figcaption><\/figure>\n\n\n\n<hr class=\"wp-block-separator\"\/>\n\n\n\n<figure class=\"wp-block-image size-large\"><img loading=\"lazy\" decoding=\"async\" width=\"667\" height=\"1024\" src=\"https:\/\/laszlo1713.lima-city.de\/wp-content\/uploads\/2021\/08\/IMAGE-2021-08-15-172546-667x1024.jpg\" alt=\"\" class=\"wp-image-3431\" srcset=\"https:\/\/laszlo1713.lima-city.de\/wp-content\/uploads\/2021\/08\/IMAGE-2021-08-15-172546-667x1024.jpg 667w, https:\/\/laszlo1713.lima-city.de\/wp-content\/uploads\/2021\/08\/IMAGE-2021-08-15-172546-196x300.jpg 196w, https:\/\/laszlo1713.lima-city.de\/wp-content\/uploads\/2021\/08\/IMAGE-2021-08-15-172546-768x1179.jpg 768w, https:\/\/laszlo1713.lima-city.de\/wp-content\/uploads\/2021\/08\/IMAGE-2021-08-15-172546.jpg 782w\" sizes=\"auto, (max-width: 667px) 100vw, 667px\" \/><\/figure>\n\n\n\n<hr class=\"wp-block-separator\"\/>\n\n\n\n<div class=\"wp-block-image\"><figure class=\"aligncenter size-large\"><img loading=\"lazy\" decoding=\"async\" width=\"474\" height=\"842\" src=\"https:\/\/laszlo1713.lima-city.de\/wp-content\/uploads\/2021\/08\/enlarge-this.jpeg\" alt=\"\" class=\"wp-image-3491\" srcset=\"https:\/\/laszlo1713.lima-city.de\/wp-content\/uploads\/2021\/08\/enlarge-this.jpeg 474w, https:\/\/laszlo1713.lima-city.de\/wp-content\/uploads\/2021\/08\/enlarge-this-169x300.jpeg 169w\" sizes=\"auto, (max-width: 474px) 100vw, 474px\" \/><\/figure><\/div>\n\n\n\n<figure class=\"wp-block-image size-large\"><img loading=\"lazy\" decoding=\"async\" width=\"1024\" height=\"179\" src=\"https:\/\/laszlo1713.lima-city.de\/wp-content\/uploads\/2021\/08\/Screenshot-2021-08-19-at-08.13.21-1024x179.jpg\" alt=\"\" class=\"wp-image-3492\" srcset=\"https:\/\/laszlo1713.lima-city.de\/wp-content\/uploads\/2021\/08\/Screenshot-2021-08-19-at-08.13.21-1024x179.jpg 1024w, https:\/\/laszlo1713.lima-city.de\/wp-content\/uploads\/2021\/08\/Screenshot-2021-08-19-at-08.13.21-300x52.jpg 300w, https:\/\/laszlo1713.lima-city.de\/wp-content\/uploads\/2021\/08\/Screenshot-2021-08-19-at-08.13.21-768x134.jpg 768w, https:\/\/laszlo1713.lima-city.de\/wp-content\/uploads\/2021\/08\/Screenshot-2021-08-19-at-08.13.21-1536x269.jpg 1536w, https:\/\/laszlo1713.lima-city.de\/wp-content\/uploads\/2021\/08\/Screenshot-2021-08-19-at-08.13.21.jpg 1636w\" sizes=\"auto, (max-width: 706px) 89vw, (max-width: 767px) 82vw, 740px\" \/><\/figure>\n\n\n\n<hr class=\"wp-block-separator\"\/>\n\n\n\n<figure class=\"wp-block-image size-large\"><img loading=\"lazy\" decoding=\"async\" width=\"640\" height=\"640\" src=\"https:\/\/laszlo1713.lima-city.de\/wp-content\/uploads\/2021\/08\/IMAGE-2021-08-15-164849.jpg\" alt=\"\" class=\"wp-image-3427\" srcset=\"https:\/\/laszlo1713.lima-city.de\/wp-content\/uploads\/2021\/08\/IMAGE-2021-08-15-164849.jpg 640w, https:\/\/laszlo1713.lima-city.de\/wp-content\/uploads\/2021\/08\/IMAGE-2021-08-15-164849-300x300.jpg 300w, https:\/\/laszlo1713.lima-city.de\/wp-content\/uploads\/2021\/08\/IMAGE-2021-08-15-164849-150x150.jpg 150w, https:\/\/laszlo1713.lima-city.de\/wp-content\/uploads\/2021\/08\/IMAGE-2021-08-15-164849-100x100.jpg 100w\" sizes=\"auto, (max-width: 640px) 100vw, 640px\" \/><figcaption><span class=\"has-inline-color has-vivid-green-cyan-color\">Igaz minden jelenlegi nemzetre. A mi\u00e9nkre is.<\/span><\/figcaption><\/figure>\n\n\n\n<hr class=\"wp-block-separator\"\/>\n\n\n\n<figure class=\"wp-block-image size-large\"><img loading=\"lazy\" decoding=\"async\" width=\"806\" height=\"1024\" src=\"https:\/\/laszlo1713.lima-city.de\/wp-content\/uploads\/2021\/08\/Screenshot-2021-08-19-at-08.36.02-1-806x1024.jpg\" alt=\"\" class=\"wp-image-3498\" srcset=\"https:\/\/laszlo1713.lima-city.de\/wp-content\/uploads\/2021\/08\/Screenshot-2021-08-19-at-08.36.02-1-806x1024.jpg 806w, https:\/\/laszlo1713.lima-city.de\/wp-content\/uploads\/2021\/08\/Screenshot-2021-08-19-at-08.36.02-1-236x300.jpg 236w, https:\/\/laszlo1713.lima-city.de\/wp-content\/uploads\/2021\/08\/Screenshot-2021-08-19-at-08.36.02-1-768x976.jpg 768w, https:\/\/laszlo1713.lima-city.de\/wp-content\/uploads\/2021\/08\/Screenshot-2021-08-19-at-08.36.02-1.jpg 1007w\" sizes=\"auto, (max-width: 706px) 89vw, (max-width: 767px) 82vw, 740px\" \/><\/figure>\n\n\n\n<figure class=\"wp-block-image size-large\"><img loading=\"lazy\" decoding=\"async\" width=\"1024\" height=\"185\" src=\"https:\/\/laszlo1713.lima-city.de\/wp-content\/uploads\/2021\/08\/Screenshot-2021-08-20-at-10.09.15-1024x185.jpg\" alt=\"\" class=\"wp-image-3528\" srcset=\"https:\/\/laszlo1713.lima-city.de\/wp-content\/uploads\/2021\/08\/Screenshot-2021-08-20-at-10.09.15-1024x185.jpg 1024w, https:\/\/laszlo1713.lima-city.de\/wp-content\/uploads\/2021\/08\/Screenshot-2021-08-20-at-10.09.15-300x54.jpg 300w, https:\/\/laszlo1713.lima-city.de\/wp-content\/uploads\/2021\/08\/Screenshot-2021-08-20-at-10.09.15-768x139.jpg 768w, https:\/\/laszlo1713.lima-city.de\/wp-content\/uploads\/2021\/08\/Screenshot-2021-08-20-at-10.09.15-1536x278.jpg 1536w, https:\/\/laszlo1713.lima-city.de\/wp-content\/uploads\/2021\/08\/Screenshot-2021-08-20-at-10.09.15.jpg 1770w\" sizes=\"auto, (max-width: 706px) 89vw, (max-width: 767px) 82vw, 740px\" \/><\/figure>\n\n\n\n<figure class=\"wp-block-image size-large\"><img loading=\"lazy\" decoding=\"async\" width=\"1024\" height=\"467\" src=\"https:\/\/laszlo1713.lima-city.de\/wp-content\/uploads\/2021\/08\/Screenshot-2021-08-20-at-10.12.21-1024x467.jpg\" alt=\"\" class=\"wp-image-3529\" srcset=\"https:\/\/laszlo1713.lima-city.de\/wp-content\/uploads\/2021\/08\/Screenshot-2021-08-20-at-10.12.21-1024x467.jpg 1024w, https:\/\/laszlo1713.lima-city.de\/wp-content\/uploads\/2021\/08\/Screenshot-2021-08-20-at-10.12.21-300x137.jpg 300w, https:\/\/laszlo1713.lima-city.de\/wp-content\/uploads\/2021\/08\/Screenshot-2021-08-20-at-10.12.21-768x350.jpg 768w, https:\/\/laszlo1713.lima-city.de\/wp-content\/uploads\/2021\/08\/Screenshot-2021-08-20-at-10.12.21-1536x700.jpg 1536w, https:\/\/laszlo1713.lima-city.de\/wp-content\/uploads\/2021\/08\/Screenshot-2021-08-20-at-10.12.21.jpg 1812w\" sizes=\"auto, (max-width: 706px) 89vw, (max-width: 767px) 82vw, 740px\" \/><figcaption><span class=\"has-inline-color has-vivid-green-cyan-color\">A NEP-t\u0151l az NWO-ig  &#8211;  Lenin \u00e9lt (\u2714\ufe0e) \u00e9l (\ud83c\udde9\ud83c\uddea ) \u00e9s \u00e9lni fog (\u2421)<\/span><\/figcaption><\/figure>\n\n\n\n<hr class=\"wp-block-separator\"\/>\n\n\n\n<figure class=\"wp-block-image size-large\"><img loading=\"lazy\" decoding=\"async\" width=\"960\" height=\"950\" src=\"https:\/\/laszlo1713.lima-city.de\/wp-content\/uploads\/2021\/08\/IMAGE-2021-08-10-113353.jpg\" alt=\"\" class=\"wp-image-3310\" srcset=\"https:\/\/laszlo1713.lima-city.de\/wp-content\/uploads\/2021\/08\/IMAGE-2021-08-10-113353.jpg 960w, https:\/\/laszlo1713.lima-city.de\/wp-content\/uploads\/2021\/08\/IMAGE-2021-08-10-113353-300x297.jpg 300w, https:\/\/laszlo1713.lima-city.de\/wp-content\/uploads\/2021\/08\/IMAGE-2021-08-10-113353-768x760.jpg 768w, https:\/\/laszlo1713.lima-city.de\/wp-content\/uploads\/2021\/08\/IMAGE-2021-08-10-113353-100x100.jpg 100w\" sizes=\"auto, (max-width: 706px) 89vw, (max-width: 767px) 82vw, 740px\" \/><\/figure>\n\n\n\n<figure class=\"wp-block-image size-large\"><img loading=\"lazy\" decoding=\"async\" width=\"800\" height=\"446\" src=\"https:\/\/laszlo1713.lima-city.de\/wp-content\/uploads\/2021\/08\/IMAGE-2021-08-12-201935.jpg\" alt=\"\" class=\"wp-image-3368\" srcset=\"https:\/\/laszlo1713.lima-city.de\/wp-content\/uploads\/2021\/08\/IMAGE-2021-08-12-201935.jpg 800w, https:\/\/laszlo1713.lima-city.de\/wp-content\/uploads\/2021\/08\/IMAGE-2021-08-12-201935-300x167.jpg 300w, https:\/\/laszlo1713.lima-city.de\/wp-content\/uploads\/2021\/08\/IMAGE-2021-08-12-201935-768x428.jpg 768w\" sizes=\"auto, (max-width: 706px) 89vw, (max-width: 767px) 82vw, 740px\" \/><\/figure>\n\n\n\n<figure class=\"wp-block-image size-large\"><img loading=\"lazy\" decoding=\"async\" width=\"768\" height=\"1024\" src=\"https:\/\/laszlo1713.lima-city.de\/wp-content\/uploads\/2021\/08\/2021-08-12-08.00.35-768x1024.jpg\" alt=\"\" class=\"wp-image-3358\" srcset=\"https:\/\/laszlo1713.lima-city.de\/wp-content\/uploads\/2021\/08\/2021-08-12-08.00.35-768x1024.jpg 768w, https:\/\/laszlo1713.lima-city.de\/wp-content\/uploads\/2021\/08\/2021-08-12-08.00.35-225x300.jpg 225w, https:\/\/laszlo1713.lima-city.de\/wp-content\/uploads\/2021\/08\/2021-08-12-08.00.35.jpg 960w\" sizes=\"auto, (max-width: 706px) 89vw, (max-width: 767px) 82vw, 740px\" \/><figcaption><span class=\"has-inline-color has-vivid-green-cyan-color\">A t\u00e9nyek \u00e9s a szemben\u00e9z\u00e9s (szemben\u00e9zni akar\u00e1s), ami v\u00e9g\u00fcl is az &#8220;igazs\u00e1ghoz&#8221; vezet &#8211; ink\u00e1bb el\u0151bb mint ut\u00f3bb.<\/span><\/figcaption><\/figure>\n\n\n\n<hr class=\"wp-block-separator\"\/>\n\n\n\n<figure class=\"wp-block-image size-large\"><img loading=\"lazy\" decoding=\"async\" width=\"1024\" height=\"102\" src=\"https:\/\/laszlo1713.lima-city.de\/wp-content\/uploads\/2021\/08\/Screenshot-2021-08-13-at-07.34.16-1024x102.jpg\" alt=\"\" class=\"wp-image-3372\" srcset=\"https:\/\/laszlo1713.lima-city.de\/wp-content\/uploads\/2021\/08\/Screenshot-2021-08-13-at-07.34.16-1024x102.jpg 1024w, https:\/\/laszlo1713.lima-city.de\/wp-content\/uploads\/2021\/08\/Screenshot-2021-08-13-at-07.34.16-300x30.jpg 300w, https:\/\/laszlo1713.lima-city.de\/wp-content\/uploads\/2021\/08\/Screenshot-2021-08-13-at-07.34.16-768x76.jpg 768w, https:\/\/laszlo1713.lima-city.de\/wp-content\/uploads\/2021\/08\/Screenshot-2021-08-13-at-07.34.16-1536x152.jpg 1536w, https:\/\/laszlo1713.lima-city.de\/wp-content\/uploads\/2021\/08\/Screenshot-2021-08-13-at-07.34.16-2048x203.jpg 2048w\" sizes=\"auto, (max-width: 706px) 89vw, (max-width: 767px) 82vw, 740px\" \/><\/figure>\n\n\n\n<div class=\"wp-block-image\"><figure class=\"aligncenter size-large\"><img loading=\"lazy\" decoding=\"async\" width=\"500\" height=\"281\" src=\"https:\/\/laszlo1713.lima-city.de\/wp-content\/uploads\/2021\/08\/cq5dam.thumbnail.cropped.500.281.jpeg\" alt=\"\" class=\"wp-image-3370\" srcset=\"https:\/\/laszlo1713.lima-city.de\/wp-content\/uploads\/2021\/08\/cq5dam.thumbnail.cropped.500.281.jpeg 500w, https:\/\/laszlo1713.lima-city.de\/wp-content\/uploads\/2021\/08\/cq5dam.thumbnail.cropped.500.281-300x169.jpeg 300w\" sizes=\"auto, (max-width: 500px) 100vw, 500px\" \/><\/figure><\/div>\n\n\n\n<p>Der Theologe und Dialogexperte Thomas Lemmen aus dem Erzbistum K\u00f6ln sagt dazu im Interview mit dem Domradio: <strong>Gottvertrauen bedeutet nicht, den Verstand abzuschalten.<\/strong><\/p>\n\n\n\n<p><span class=\"has-inline-color has-vivid-green-cyan-color\">S\u00fcket duma. A l\u00e9nyeg, hogy az ilyenfajta teol\u00f3giai &#8220;szak\u00e9rt\u0151&#8221; \u00f6r\u00f6mmel megjel\u00f6li homlok\u00e1t a s\u00e1t\u00e1n jel\u00e9vel. Sz\u00e9gyene  az ilyen (a jelenlegi p\u00e1p\u00e1val egy\u00fctt) az Egyh\u00e1znak.<\/span><\/p>\n\n\n\n<p><strong><em>W\u00fcrden Sie sagen, dass ein Christ sich impfen lassen muss?<\/em><\/strong><\/p>\n\n\n\n<p><strong>Lemmen:<\/strong>&nbsp;<em>Auf jeden Fall, es geht ja nicht nur um mich, um meine Gesundheit, sondern es geht auch um andere Menschen. Es hei\u00dft immer, Gesundheit ist das h\u00f6chste Gut. Nein, das Leben ist das h\u00f6chste Gut. Und zum Leben geh\u00f6rt K\u00f6rper, Seele und Geist. Wenn ich mich jetzt nicht impfen lasse oder mich beim Impfen vordr\u00e4ngle, dann meine ich, vielleicht etwas f\u00fcr meine Gesundheit getan zu haben. Aber f\u00fcr meine Seele und f\u00fcr die Gemeinschaft habe ich damit nichts getan. <\/em><strong>Impfen <em>ist aus meiner Sicht eine gute und notwendige Christen- und Christinnenpflicht.<\/em><\/strong><\/p>\n\n\n\n<div class=\"wp-block-image\"><figure class=\"aligncenter size-large\"><img loading=\"lazy\" decoding=\"async\" width=\"414\" height=\"896\" src=\"https:\/\/laszlo1713.lima-city.de\/wp-content\/uploads\/2021\/08\/IMAGE-2021-08-17-213459.jpg\" alt=\"\" class=\"wp-image-3463\" srcset=\"https:\/\/laszlo1713.lima-city.de\/wp-content\/uploads\/2021\/08\/IMAGE-2021-08-17-213459.jpg 414w, https:\/\/laszlo1713.lima-city.de\/wp-content\/uploads\/2021\/08\/IMAGE-2021-08-17-213459-139x300.jpg 139w\" sizes=\"auto, (max-width: 414px) 100vw, 414px\" \/><figcaption><span class=\"has-inline-color has-vivid-green-cyan-color\"><strong>ANTIFA<\/strong> &#8211; a h\u00e1tt\u00e9rhatalom (DS) &#8220;munk\u00e1s\u0151rs\u00e9ge&#8221;. Tudjuk, hogy mire j\u00f3 az ilyen.<\/span><\/figcaption><\/figure><\/div>\n\n\n\n<hr class=\"wp-block-separator\"\/>\n\n\n\n<p><span class=\"has-inline-color has-vivid-green-cyan-color\">BOH\u00d2COK?  Elj\u00e1rj\u00e1k a s\u00e1t\u00e1ntang\u00f3t?<\/span>  <span class=\"has-inline-color has-vivid-green-cyan-color\">N\u00fcrnberg II. f\u0151szerepl\u0151i?<\/span><\/p>\n\n\n\n<figure class=\"wp-block-image size-large\"><img loading=\"lazy\" decoding=\"async\" width=\"1024\" height=\"840\" src=\"https:\/\/laszlo1713.lima-city.de\/wp-content\/uploads\/2021\/08\/Screenshot-2021-08-20-at-07.54.43-1024x840.jpg\" alt=\"\" class=\"wp-image-3512\" srcset=\"https:\/\/laszlo1713.lima-city.de\/wp-content\/uploads\/2021\/08\/Screenshot-2021-08-20-at-07.54.43-1024x840.jpg 1024w, https:\/\/laszlo1713.lima-city.de\/wp-content\/uploads\/2021\/08\/Screenshot-2021-08-20-at-07.54.43-300x246.jpg 300w, https:\/\/laszlo1713.lima-city.de\/wp-content\/uploads\/2021\/08\/Screenshot-2021-08-20-at-07.54.43-768x630.jpg 768w, https:\/\/laszlo1713.lima-city.de\/wp-content\/uploads\/2021\/08\/Screenshot-2021-08-20-at-07.54.43.jpg 1424w\" sizes=\"auto, (max-width: 706px) 89vw, (max-width: 767px) 82vw, 740px\" \/><figcaption>Treffen sich zwei Doppelt-Geimpfte unter freiem Himmel \u2026<br>Begr\u00fc\u00dfung auf Abstand: Mit Maske und klassischem Corona-Ellenbogen-Stups<br>wurde Kanzlerin Angela Merkel (67, CDU) beim Besuch des Marburger<br>Impfstoffwerks von Biontech\/Pfizer von Gr\u00fcnder und Vorstandschef Ugur Sahin (55)<br>begr\u00fc\u00dft.<br>Das Werk ist eine der gr\u00f6\u00dften Produktionsst\u00e4tten von mRNA-Impfstoff in Europa.<br>W\u00e4hrend des Rundgangs erkl\u00e4rte Sahin die Produktionsschritte mithilfe einer Vorf\u00fchr-<br>Ampulle.<br>Biontech sei ein Markenzeichen f\u00fcr Deutschland, sagte die Kanzlerin am Donnerstag.<br>\u201eWenn man die Produkte sieht, dann sehen sie gar nicht so spektakul\u00e4r aus. Daf\u00fcr ist aber<br>die Wirkung spektakul\u00e4r\u201c, so Merkel.<br>Auf dem Fundament jahrzehntelanger Forschung habe Biontech mit seinem Impfstoff<br>einen schnellen Ausweg aus der Pandemie gefunden. \u201eDas best\u00e4tigt mich, dass wir in<br>Wissenschaft und Forschung und in Innovation wirklich auch investieren m\u00fcssen.\u201c<br>Merkel warb erneut f\u00fcr Impfung<br>Merkel wandte sich erneut an alle Ungeimpften: \u201eWir hatten monatelang zu wenig<br>Impfstoff. Jetzt sind wir in der ganz au\u00dfergew\u00f6hnlichen Lage, und viele L\u00e4nder auf<br>der Welt sind das nicht, dass wir genug Impfstoff haben, dass wir uns sch\u00fctzen<br>k\u00f6nnen. Und dass wir auch andere sch\u00fctzen k\u00f6nnen. Und gerade angesichts von<br>steigenden Infektionszahlen zeigt sich noch mal die Bedeutung eines solchen<br>Impfstoffes.\u201c<br>Abstandsregeln galten auch f\u00fcr die Belegschaft: Biontech-Mitarbeiter, die den Besuch aus<br>Fenstern verfolgen wollten, mussten diese aus Sicherheitsgr\u00fcnden geschlossen halten.<\/figcaption><\/figure>\n\n\n\n<hr class=\"wp-block-separator\"\/>\n\n\n\n<figure class=\"wp-block-image size-large\"><img loading=\"lazy\" decoding=\"async\" width=\"587\" height=\"651\" src=\"https:\/\/laszlo1713.lima-city.de\/wp-content\/uploads\/2021\/08\/IMAGE-2021-08-20-082919-1.jpg\" alt=\"\" class=\"wp-image-3524\" srcset=\"https:\/\/laszlo1713.lima-city.de\/wp-content\/uploads\/2021\/08\/IMAGE-2021-08-20-082919-1.jpg 587w, https:\/\/laszlo1713.lima-city.de\/wp-content\/uploads\/2021\/08\/IMAGE-2021-08-20-082919-1-271x300.jpg 271w\" sizes=\"auto, (max-width: 587px) 100vw, 587px\" \/><figcaption>\u00cd<span class=\"has-inline-color has-vivid-green-cyan-color\">gy hangzana a dek\u00f3dolt \u00fczenet. Ezt akarja val\u00f3j\u00e1ban a mintegy 300 \u00e9ve  h\u00e1tt\u00e9rb\u0151l uralkod\u00f3 &#8220;kaz\u00e1r maffia&#8221;.<\/span><\/figcaption><\/figure>\n\n\n\n<hr class=\"wp-block-separator\"\/>\n\n\n\n<figure class=\"wp-block-image size-large\"><img loading=\"lazy\" decoding=\"async\" width=\"710\" height=\"464\" src=\"https:\/\/laszlo1713.lima-city.de\/wp-content\/uploads\/2021\/08\/Screenshot-2021-08-15-at-21.25.49.jpg\" alt=\"\" class=\"wp-image-3440\" srcset=\"https:\/\/laszlo1713.lima-city.de\/wp-content\/uploads\/2021\/08\/Screenshot-2021-08-15-at-21.25.49.jpg 710w, https:\/\/laszlo1713.lima-city.de\/wp-content\/uploads\/2021\/08\/Screenshot-2021-08-15-at-21.25.49-300x196.jpg 300w\" sizes=\"auto, (max-width: 710px) 100vw, 710px\" \/><\/figure>\n\n\n\n<hr class=\"wp-block-separator\"\/>\n\n\n\n<figure class=\"wp-block-image size-large\"><img loading=\"lazy\" decoding=\"async\" width=\"1024\" height=\"850\" src=\"https:\/\/laszlo1713.lima-city.de\/wp-content\/uploads\/2021\/08\/IMAGE-2021-08-19-171538-1-1024x850.jpg\" alt=\"\" class=\"wp-image-3502\" srcset=\"https:\/\/laszlo1713.lima-city.de\/wp-content\/uploads\/2021\/08\/IMAGE-2021-08-19-171538-1-1024x850.jpg 1024w, https:\/\/laszlo1713.lima-city.de\/wp-content\/uploads\/2021\/08\/IMAGE-2021-08-19-171538-1-300x249.jpg 300w, https:\/\/laszlo1713.lima-city.de\/wp-content\/uploads\/2021\/08\/IMAGE-2021-08-19-171538-1-768x638.jpg 768w, https:\/\/laszlo1713.lima-city.de\/wp-content\/uploads\/2021\/08\/IMAGE-2021-08-19-171538-1.jpg 1280w\" sizes=\"auto, (max-width: 706px) 89vw, (max-width: 767px) 82vw, 740px\" \/><figcaption><span class=\"has-inline-color has-vivid-green-cyan-color\">\u00c9rdekes. Teh\u00e1t m\u00e9g rosszabb a helyzet, mint gondolhatn\u00e1nk. \u0150szre-t\u00e9lre t\u00f6meges elhal\u00e1loz\u00e1s?<\/span><\/figcaption><\/figure>\n\n\n\n<hr class=\"wp-block-separator\"\/>\n\n\n\n<figure class=\"wp-block-image size-large\"><img loading=\"lazy\" decoding=\"async\" width=\"1024\" height=\"571\" src=\"https:\/\/laszlo1713.lima-city.de\/wp-content\/uploads\/2021\/08\/Screenshot-2021-08-19-at-18.46.32-1024x571.jpg\" alt=\"\" class=\"wp-image-3507\" srcset=\"https:\/\/laszlo1713.lima-city.de\/wp-content\/uploads\/2021\/08\/Screenshot-2021-08-19-at-18.46.32-1024x571.jpg 1024w, https:\/\/laszlo1713.lima-city.de\/wp-content\/uploads\/2021\/08\/Screenshot-2021-08-19-at-18.46.32-300x167.jpg 300w, https:\/\/laszlo1713.lima-city.de\/wp-content\/uploads\/2021\/08\/Screenshot-2021-08-19-at-18.46.32-768x428.jpg 768w, https:\/\/laszlo1713.lima-city.de\/wp-content\/uploads\/2021\/08\/Screenshot-2021-08-19-at-18.46.32.jpg 1280w\" sizes=\"auto, (max-width: 706px) 89vw, (max-width: 767px) 82vw, 740px\" \/><figcaption>\ud83c\uddee\ud83c\uddf1 Dr. Kobi Haviv, on Chanel 13 in Israel today: &#8220;95% of seriously ill patients are vaccinated. FULLY VACCINATED PEOPLE account for 85-90% of hospitalizations. We are opening more and more COVID wards. The effectiveness of vaccines is decreasing or disappearing.\u201d<br><\/figcaption><\/figure>\n\n\n\n<hr class=\"wp-block-separator\"\/>\n\n\n\n<figure class=\"wp-block-image size-large\"><img loading=\"lazy\" decoding=\"async\" width=\"1024\" height=\"766\" src=\"https:\/\/laszlo1713.lima-city.de\/wp-content\/uploads\/2021\/08\/Screenshot-2021-08-20-at-08.06.23-1024x766.jpg\" alt=\"\" class=\"wp-image-3515\" srcset=\"https:\/\/laszlo1713.lima-city.de\/wp-content\/uploads\/2021\/08\/Screenshot-2021-08-20-at-08.06.23-1024x766.jpg 1024w, https:\/\/laszlo1713.lima-city.de\/wp-content\/uploads\/2021\/08\/Screenshot-2021-08-20-at-08.06.23-300x224.jpg 300w, https:\/\/laszlo1713.lima-city.de\/wp-content\/uploads\/2021\/08\/Screenshot-2021-08-20-at-08.06.23-768x575.jpg 768w, https:\/\/laszlo1713.lima-city.de\/wp-content\/uploads\/2021\/08\/Screenshot-2021-08-20-at-08.06.23-1536x1149.jpg 1536w, https:\/\/laszlo1713.lima-city.de\/wp-content\/uploads\/2021\/08\/Screenshot-2021-08-20-at-08.06.23.jpg 1588w\" sizes=\"auto, (max-width: 706px) 89vw, (max-width: 767px) 82vw, 740px\" \/><figcaption>\u201eNichts von alledem ergibt einen Sinn, wenn man bedenkt, dass es bei dem Programm um COVID-19 geht; es scheint fast so, als ginge es um Unterw\u00fcrfigkeit oder Zwang oder Kontrolle. Die Bev\u00f6lkerung wird im Grunde zu einer Massenimpfung gezwungen.\u201c (Dr. Peter McCullough&nbsp;, Texas)<\/figcaption><\/figure>\n\n\n\n<hr class=\"wp-block-separator\"\/>\n\n\n\n<figure class=\"wp-block-image size-large\"><img loading=\"lazy\" decoding=\"async\" width=\"1024\" height=\"560\" src=\"https:\/\/laszlo1713.lima-city.de\/wp-content\/uploads\/2021\/08\/Screenshot-2021-08-20-at-08.12.00-1024x560.jpg\" alt=\"\" class=\"wp-image-3517\" srcset=\"https:\/\/laszlo1713.lima-city.de\/wp-content\/uploads\/2021\/08\/Screenshot-2021-08-20-at-08.12.00-1024x560.jpg 1024w, https:\/\/laszlo1713.lima-city.de\/wp-content\/uploads\/2021\/08\/Screenshot-2021-08-20-at-08.12.00-300x164.jpg 300w, https:\/\/laszlo1713.lima-city.de\/wp-content\/uploads\/2021\/08\/Screenshot-2021-08-20-at-08.12.00-768x420.jpg 768w, https:\/\/laszlo1713.lima-city.de\/wp-content\/uploads\/2021\/08\/Screenshot-2021-08-20-at-08.12.00-1536x840.jpg 1536w, https:\/\/laszlo1713.lima-city.de\/wp-content\/uploads\/2021\/08\/Screenshot-2021-08-20-at-08.12.00.jpg 1656w\" sizes=\"auto, (max-width: 706px) 89vw, (max-width: 767px) 82vw, 740px\" \/><figcaption><strong>WELT zu&nbsp; Corona &#8211;<\/strong><br><strong>CDC: \u201eDer Krieg hat sich ge\u00e4ndert\u201c<\/strong><br><br><br>\ud83d\udca5 Geimpfte haben eine Durchbruchrate von 74% und sind genauso ansteckend wie nicht Geimpfte!&nbsp;<br><br><br>\ud83d\udca5 Die Corona-Giftspritze hat somit nur der Pharmaindustrie geholfen! Sie ist unwirksam!<br><br><br>\ud83d\udca5 Ich fordere die sofortige Verhaftung der Straft\u00e4ter in der Politik- und Pharmaindustrie!<br><br><br>Quelle: Welt<\/figcaption><\/figure>\n\n\n\n<hr class=\"wp-block-separator\"\/>\n\n\n\n<figure class=\"wp-block-image size-large\"><img loading=\"lazy\" decoding=\"async\" width=\"748\" height=\"960\" src=\"https:\/\/laszlo1713.lima-city.de\/wp-content\/uploads\/2021\/08\/IMAGE-2021-08-13-103201.jpg\" alt=\"\" class=\"wp-image-3380\" srcset=\"https:\/\/laszlo1713.lima-city.de\/wp-content\/uploads\/2021\/08\/IMAGE-2021-08-13-103201.jpg 748w, https:\/\/laszlo1713.lima-city.de\/wp-content\/uploads\/2021\/08\/IMAGE-2021-08-13-103201-234x300.jpg 234w\" sizes=\"auto, (max-width: 706px) 89vw, (max-width: 767px) 82vw, 740px\" \/><\/figure>\n\n\n\n<hr class=\"wp-block-separator\"\/>\n\n\n\n<figure class=\"wp-block-image size-large is-resized\"><img loading=\"lazy\" decoding=\"async\" src=\"https:\/\/laszlo1713.lima-city.de\/wp-content\/uploads\/2021\/08\/IMAGE-2021-08-16-223406-1024x1024.jpg\" alt=\"\" class=\"wp-image-3449\" width=\"674\" height=\"674\" srcset=\"https:\/\/laszlo1713.lima-city.de\/wp-content\/uploads\/2021\/08\/IMAGE-2021-08-16-223406-1024x1024.jpg 1024w, https:\/\/laszlo1713.lima-city.de\/wp-content\/uploads\/2021\/08\/IMAGE-2021-08-16-223406-300x300.jpg 300w, https:\/\/laszlo1713.lima-city.de\/wp-content\/uploads\/2021\/08\/IMAGE-2021-08-16-223406-150x150.jpg 150w, https:\/\/laszlo1713.lima-city.de\/wp-content\/uploads\/2021\/08\/IMAGE-2021-08-16-223406-768x768.jpg 768w, https:\/\/laszlo1713.lima-city.de\/wp-content\/uploads\/2021\/08\/IMAGE-2021-08-16-223406-100x100.jpg 100w, https:\/\/laszlo1713.lima-city.de\/wp-content\/uploads\/2021\/08\/IMAGE-2021-08-16-223406.jpg 1080w\" sizes=\"auto, (max-width: 674px) 100vw, 674px\" \/><figcaption><span class=\"has-inline-color has-vivid-green-cyan-color\">Ahogy a futball \u00e9s a szabadk\u0151m\u0171vess\u00e9g (szimbolikusan) tal\u00e1lkozik. Micsoda v\u00e9letlen!<\/span>  <span class=\"has-inline-color has-vivid-green-cyan-color\">Azt\u00e1n van m\u00e9g j\u00f3 sok hasonl\u00f3 &#8220;k\u00e9ptelens\u00e9g&#8221;.<\/span><\/figcaption><\/figure>\n\n\n\n<hr class=\"wp-block-separator\"\/>\n\n\n\n<figure class=\"wp-block-image size-large\"><img loading=\"lazy\" decoding=\"async\" width=\"1024\" height=\"1024\" src=\"https:\/\/laszlo1713.lima-city.de\/wp-content\/uploads\/2021\/08\/2021-08-19-18.44.21-1024x1024.jpg\" alt=\"\" class=\"wp-image-3505\" srcset=\"https:\/\/laszlo1713.lima-city.de\/wp-content\/uploads\/2021\/08\/2021-08-19-18.44.21-1024x1024.jpg 1024w, https:\/\/laszlo1713.lima-city.de\/wp-content\/uploads\/2021\/08\/2021-08-19-18.44.21-300x300.jpg 300w, https:\/\/laszlo1713.lima-city.de\/wp-content\/uploads\/2021\/08\/2021-08-19-18.44.21-150x150.jpg 150w, https:\/\/laszlo1713.lima-city.de\/wp-content\/uploads\/2021\/08\/2021-08-19-18.44.21-768x768.jpg 768w, https:\/\/laszlo1713.lima-city.de\/wp-content\/uploads\/2021\/08\/2021-08-19-18.44.21-100x100.jpg 100w, https:\/\/laszlo1713.lima-city.de\/wp-content\/uploads\/2021\/08\/2021-08-19-18.44.21.jpg 1080w\" sizes=\"auto, (max-width: 706px) 89vw, (max-width: 767px) 82vw, 740px\" \/><figcaption><span class=\"has-inline-color has-vivid-green-cyan-color\">Mit f\u0171zhetn\u00e9nk hozz\u00e1: eg\u00e9szen k\u00f6vetkezetes, logikus  (ideologikus) l\u00e9p\u00e9s. Tal\u00e1n p\u00e9nz\u00fcgyi probl\u00e9m\u00e1i vannak ennek a klubnak? <\/span><\/figcaption><\/figure>\n\n\n\n<hr class=\"wp-block-separator\"\/>\n\n\n\n<figure class=\"wp-block-image size-large\"><img loading=\"lazy\" decoding=\"async\" width=\"976\" height=\"1024\" src=\"https:\/\/laszlo1713.lima-city.de\/wp-content\/uploads\/2021\/08\/Screenshot-2021-08-13-at-10.32.39-976x1024.jpg\" alt=\"\" class=\"wp-image-3381\" srcset=\"https:\/\/laszlo1713.lima-city.de\/wp-content\/uploads\/2021\/08\/Screenshot-2021-08-13-at-10.32.39-976x1024.jpg 976w, https:\/\/laszlo1713.lima-city.de\/wp-content\/uploads\/2021\/08\/Screenshot-2021-08-13-at-10.32.39-286x300.jpg 286w, https:\/\/laszlo1713.lima-city.de\/wp-content\/uploads\/2021\/08\/Screenshot-2021-08-13-at-10.32.39-768x806.jpg 768w, https:\/\/laszlo1713.lima-city.de\/wp-content\/uploads\/2021\/08\/Screenshot-2021-08-13-at-10.32.39-1464x1536.jpg 1464w, https:\/\/laszlo1713.lima-city.de\/wp-content\/uploads\/2021\/08\/Screenshot-2021-08-13-at-10.32.39-1952x2048.jpg 1952w\" sizes=\"auto, (max-width: 706px) 89vw, (max-width: 767px) 82vw, 740px\" \/><figcaption><span class=\"has-inline-color has-vivid-green-cyan-color\">Tal\u00e1l\u00f3. A pokol t\u00fcze nektek, s\u00e1t\u00e1nim\u00e1d\u00f3k!<\/span><\/figcaption><\/figure>\n\n\n\n<hr class=\"wp-block-separator\"\/>\n\n\n\n<figure class=\"wp-block-image size-large\"><img loading=\"lazy\" decoding=\"async\" width=\"1024\" height=\"792\" src=\"https:\/\/laszlo1713.lima-city.de\/wp-content\/uploads\/2021\/08\/Screenshot-2021-08-13-at-18.01.11-1024x792.jpg\" alt=\"\" class=\"wp-image-3385\" srcset=\"https:\/\/laszlo1713.lima-city.de\/wp-content\/uploads\/2021\/08\/Screenshot-2021-08-13-at-18.01.11-1024x792.jpg 1024w, https:\/\/laszlo1713.lima-city.de\/wp-content\/uploads\/2021\/08\/Screenshot-2021-08-13-at-18.01.11-300x232.jpg 300w, https:\/\/laszlo1713.lima-city.de\/wp-content\/uploads\/2021\/08\/Screenshot-2021-08-13-at-18.01.11-768x594.jpg 768w, https:\/\/laszlo1713.lima-city.de\/wp-content\/uploads\/2021\/08\/Screenshot-2021-08-13-at-18.01.11.jpg 1486w\" sizes=\"auto, (max-width: 706px) 89vw, (max-width: 767px) 82vw, 740px\" \/><figcaption>As the Deep State ratchets up attacks by perpetuating Covid-19 paranoia and waging a relentless war on freedom of speech, the U.S. military is working tirelessly behind the scenes to eradicate forces of evil that have dedicated their lives to abolishing the Constitution and enslaving law-abiding American citizens. The latest to fall was none other than former Attorney General William Barr, whom the military put to death on August 2.<\/figcaption><\/figure>\n\n\n\n<p><em>\u201cYou have been found guilty of treason, detainee William Barr. As such, provisions of the Insurrection Act of 1807 and the Patriot Act allow this commission to treat you as an enemy combatant. Three officers unanimously agreed that you should hang for your crimes. Do you wish to give any last words, or a statement of contrition?\u201d Rear Adm. Crandall said.<\/em> (&#8230;)<\/p>\n\n\n\n<p><em>\u201cThis is an illegal court, enforcing an illegal sentence. As an appointed official, I served my country with distinction. The charges against me are false,\u201d Barr said.<\/em><\/p>\n\n\n\n<p><em>\u201cSo be it,\u201d Rear Adm. Crandall said.<\/em><\/p>\n\n\n\n<hr class=\"wp-block-separator\"\/>\n\n\n\n<figure class=\"wp-block-image size-large\"><img loading=\"lazy\" decoding=\"async\" width=\"818\" height=\"624\" src=\"https:\/\/laszlo1713.lima-city.de\/wp-content\/uploads\/2021\/08\/Screenshot-2021-08-15-at-19.08.24.jpg\" alt=\"\" class=\"wp-image-3435\" srcset=\"https:\/\/laszlo1713.lima-city.de\/wp-content\/uploads\/2021\/08\/Screenshot-2021-08-15-at-19.08.24.jpg 818w, https:\/\/laszlo1713.lima-city.de\/wp-content\/uploads\/2021\/08\/Screenshot-2021-08-15-at-19.08.24-300x229.jpg 300w, https:\/\/laszlo1713.lima-city.de\/wp-content\/uploads\/2021\/08\/Screenshot-2021-08-15-at-19.08.24-768x586.jpg 768w\" sizes=\"auto, (max-width: 706px) 89vw, (max-width: 767px) 82vw, 740px\" \/><figcaption><br>In summary \u2013 though I have wandered \u2013 there was never a way to win a war in Afgh if we view \u201cvictory\u201d as the locals being able to govern their own country.&nbsp; That was a lie used by the military industrial complex to engage in a war that is two decades long.&nbsp; We were astonished that we were serving there ten years after 9\/11.&nbsp; Now that number is twenty years.&nbsp; I was new in my career when I showed up there, with just 2 years of service.&nbsp; If I were still in today, I\u2019d be a Major, a couple years from Lieutenant Colonel, with 13 years of service.&nbsp; No results. &nbsp;<br><br><br>The only way to win it was to destroy everything that breathes and start over.&nbsp; I do not endorse that method because there are many innocents in Afghanistan, and there is no public will to do that, fortunately.&nbsp; That is how things were done in the days of Alexander the Great and Genghis Khan.&nbsp; But since Afghanistan is the size of Texas, bordering 6 nations, there are few strategic targets worth eliminating now.&nbsp; We are eliminating pawns, 19 year olds paid a hundred bucks and given an AK-47 and a couple Chinese rockets to fight for their own country.&nbsp; The knights, rooks, and bishops are hiding out in Pakistan or Iran, funneling money, explosives, and other weaponry into country to maim and kill coalition forces.&nbsp; Our leaders knew this all along but continued.&nbsp; Trump knew this, but knew that if he pulled the plug immediately, he would be blamed for exactly what you see going on right now \u2013 the same scenes from \u201cBlackhawk Down\u201d with our equipment and unit regalia being paraded down dusty roads, to our humiliation as a nation.&nbsp; Trump did what he could to empower our Generals to make the kinetic decisions to get as much done as possible, and he dwindled troop levels down enough to pave the way for a withdrawal \u2013 but two decades of horrific decision making has its consequences. &nbsp;<br><br><br>I hope this sheds light on the true picture in Afghanistan.&nbsp; It was doomed to fail, and now you see it all coming to fruition.<\/figcaption><\/figure>\n\n\n\n<p>\u25cf Vietnam:<\/p>\n\n\n\n<p>&#8211; 18 years<\/p>\n\n\n\n<p>&#8211; $1 trillion<\/p>\n\n\n\n<p>&#8211; 282,000 American casualties<\/p>\n\n\n\n<p>&#8211; Global condemnation&nbsp;<\/p>\n\n\n\n<p>&#8211; Still lost<\/p>\n\n\n\n<p>&#8211; China\/Russia strengthened afterwards<\/p>\n\n\n\n<p>\u25cf Afghanistan:<\/p>\n\n\n\n<p>&#8211; 20 years<\/p>\n\n\n\n<p>&#8211; $2.4 trillion<\/p>\n\n\n\n<p>&#8211; 22,366 American casualties<\/p>\n\n\n\n<p>&#8211; Global condemnation<\/p>\n\n\n\n<p>&#8211; Still lost<\/p>\n\n\n\n<p>&#8211; China\/Russia strengthened afterwards&#8230;<\/p>\n\n\n\n<figure class=\"wp-block-image size-large\"><img loading=\"lazy\" decoding=\"async\" width=\"1024\" height=\"309\" src=\"https:\/\/laszlo1713.lima-city.de\/wp-content\/uploads\/2021\/08\/Screenshot-2021-08-16-at-22.42.25-1-1024x309.jpg\" alt=\"\" class=\"wp-image-3454\" srcset=\"https:\/\/laszlo1713.lima-city.de\/wp-content\/uploads\/2021\/08\/Screenshot-2021-08-16-at-22.42.25-1-1024x309.jpg 1024w, https:\/\/laszlo1713.lima-city.de\/wp-content\/uploads\/2021\/08\/Screenshot-2021-08-16-at-22.42.25-1-300x90.jpg 300w, https:\/\/laszlo1713.lima-city.de\/wp-content\/uploads\/2021\/08\/Screenshot-2021-08-16-at-22.42.25-1-768x232.jpg 768w, https:\/\/laszlo1713.lima-city.de\/wp-content\/uploads\/2021\/08\/Screenshot-2021-08-16-at-22.42.25-1.jpg 1280w\" sizes=\"auto, (max-width: 706px) 89vw, (max-width: 767px) 82vw, 740px\" \/><\/figure>\n\n\n\n<figure class=\"wp-block-image size-large\"><img loading=\"lazy\" decoding=\"async\" width=\"956\" height=\"1024\" src=\"https:\/\/laszlo1713.lima-city.de\/wp-content\/uploads\/2021\/08\/IMAGE-2021-08-15-212122-956x1024.jpg\" alt=\"\" class=\"wp-image-3438\" srcset=\"https:\/\/laszlo1713.lima-city.de\/wp-content\/uploads\/2021\/08\/IMAGE-2021-08-15-212122-956x1024.jpg 956w, https:\/\/laszlo1713.lima-city.de\/wp-content\/uploads\/2021\/08\/IMAGE-2021-08-15-212122-280x300.jpg 280w, https:\/\/laszlo1713.lima-city.de\/wp-content\/uploads\/2021\/08\/IMAGE-2021-08-15-212122-768x823.jpg 768w, https:\/\/laszlo1713.lima-city.de\/wp-content\/uploads\/2021\/08\/IMAGE-2021-08-15-212122.jpg 1066w\" sizes=\"auto, (max-width: 706px) 89vw, (max-width: 767px) 82vw, 740px\" \/><\/figure>\n\n\n\n<hr class=\"wp-block-separator\"\/>\n\n\n\n<figure class=\"wp-block-image size-large\"><img loading=\"lazy\" decoding=\"async\" width=\"1024\" height=\"916\" src=\"https:\/\/laszlo1713.lima-city.de\/wp-content\/uploads\/2021\/08\/Screenshot-2021-08-16-at-08.11.18-1024x916.jpg\" alt=\"\" class=\"wp-image-3442\" srcset=\"https:\/\/laszlo1713.lima-city.de\/wp-content\/uploads\/2021\/08\/Screenshot-2021-08-16-at-08.11.18-1024x916.jpg 1024w, https:\/\/laszlo1713.lima-city.de\/wp-content\/uploads\/2021\/08\/Screenshot-2021-08-16-at-08.11.18-300x268.jpg 300w, https:\/\/laszlo1713.lima-city.de\/wp-content\/uploads\/2021\/08\/Screenshot-2021-08-16-at-08.11.18-768x687.jpg 768w, https:\/\/laszlo1713.lima-city.de\/wp-content\/uploads\/2021\/08\/Screenshot-2021-08-16-at-08.11.18.jpg 1474w\" sizes=\"auto, (max-width: 706px) 89vw, (max-width: 767px) 82vw, 740px\" \/><figcaption>As reported previously, on 1 July the Office of Military Commissions found Schiff guilty of treason and espionage and decided that his crimes against the nation warranted a death sentence. On August 13, the military fulfilled its promise, and \u201cdetainee\u201d Adam Schiff lost his life to a firing squad.<\/figcaption><\/figure>\n\n\n\n<hr class=\"wp-block-separator\"\/>\n\n\n\n<figure class=\"wp-block-image size-large\"><img loading=\"lazy\" decoding=\"async\" width=\"1024\" height=\"916\" src=\"https:\/\/laszlo1713.lima-city.de\/wp-content\/uploads\/2021\/08\/Screenshot-2021-08-16-at-18.05.58-1024x916.jpg\" alt=\"\" class=\"wp-image-3445\" srcset=\"https:\/\/laszlo1713.lima-city.de\/wp-content\/uploads\/2021\/08\/Screenshot-2021-08-16-at-18.05.58-1024x916.jpg 1024w, https:\/\/laszlo1713.lima-city.de\/wp-content\/uploads\/2021\/08\/Screenshot-2021-08-16-at-18.05.58-300x268.jpg 300w, https:\/\/laszlo1713.lima-city.de\/wp-content\/uploads\/2021\/08\/Screenshot-2021-08-16-at-18.05.58-768x687.jpg 768w, https:\/\/laszlo1713.lima-city.de\/wp-content\/uploads\/2021\/08\/Screenshot-2021-08-16-at-18.05.58.jpg 1460w\" sizes=\"auto, (max-width: 706px) 89vw, (max-width: 767px) 82vw, 740px\" \/><figcaption>Disgraced former Governor Andrew Cuomo is in military custody and will face a military tribunal for his role in coercing NY State health officials to artificially inflate Covid-19 fatality numbers during the initial wave of the Plandemic.<\/figcaption><\/figure>\n\n\n\n<p><\/p>\n\n\n\n<hr class=\"wp-block-separator\"\/>\n\n\n\n<figure class=\"wp-block-image size-large\"><img loading=\"lazy\" decoding=\"async\" width=\"1024\" height=\"666\" src=\"https:\/\/laszlo1713.lima-city.de\/wp-content\/uploads\/2021\/08\/Screenshot-2021-08-19-at-07.51.38-1024x666.jpg\" alt=\"\" class=\"wp-image-3482\" srcset=\"https:\/\/laszlo1713.lima-city.de\/wp-content\/uploads\/2021\/08\/Screenshot-2021-08-19-at-07.51.38-1024x666.jpg 1024w, https:\/\/laszlo1713.lima-city.de\/wp-content\/uploads\/2021\/08\/Screenshot-2021-08-19-at-07.51.38-300x195.jpg 300w, https:\/\/laszlo1713.lima-city.de\/wp-content\/uploads\/2021\/08\/Screenshot-2021-08-19-at-07.51.38-768x500.jpg 768w, https:\/\/laszlo1713.lima-city.de\/wp-content\/uploads\/2021\/08\/Screenshot-2021-08-19-at-07.51.38-1536x999.jpg 1536w, https:\/\/laszlo1713.lima-city.de\/wp-content\/uploads\/2021\/08\/Screenshot-2021-08-19-at-07.51.38.jpg 1706w\" sizes=\"auto, (max-width: 706px) 89vw, (max-width: 767px) 82vw, 740px\" \/><\/figure>\n\n\n\n<hr class=\"wp-block-separator\"\/>\n\n\n\n<figure class=\"wp-block-image size-large\"><img loading=\"lazy\" decoding=\"async\" width=\"828\" height=\"761\" src=\"https:\/\/laszlo1713.lima-city.de\/wp-content\/uploads\/2021\/08\/IMAGE-2021-08-17-213326.jpg\" alt=\"\" class=\"wp-image-3460\" srcset=\"https:\/\/laszlo1713.lima-city.de\/wp-content\/uploads\/2021\/08\/IMAGE-2021-08-17-213326.jpg 828w, https:\/\/laszlo1713.lima-city.de\/wp-content\/uploads\/2021\/08\/IMAGE-2021-08-17-213326-300x276.jpg 300w, https:\/\/laszlo1713.lima-city.de\/wp-content\/uploads\/2021\/08\/IMAGE-2021-08-17-213326-768x706.jpg 768w\" sizes=\"auto, (max-width: 706px) 89vw, (max-width: 767px) 82vw, 740px\" \/><figcaption><span class=\"has-inline-color has-vivid-green-cyan-color\">A nagy hal megeszi a kis halat?  A marxista t\u00e1rsadalomfiloz\u00f3fia p\u00e9ld\u00e1zata. \u00c9s ford\u00edtva nem lehet? \u00dagy nem lenne p\u00e9ld\u00e1zat? Dehogynem. Csak eg\u00e9szen m\u00e1st jelent. M\u00e9gpedig, amit &#8220;\u00f6sszeesk\u00fcv\u00e9selm\u00e9letnek&#8221; szoktak \u00fajabban nevezni. <\/span><\/figcaption><\/figure>\n\n\n\n<hr class=\"wp-block-separator\"\/>\n\n\n\n<figure class=\"wp-block-image size-large\"><img loading=\"lazy\" decoding=\"async\" width=\"792\" height=\"542\" src=\"https:\/\/laszlo1713.lima-city.de\/wp-content\/uploads\/2021\/08\/Screenshot-2021-08-17-at-17.30.44.jpg\" alt=\"\" class=\"wp-image-3457\" srcset=\"https:\/\/laszlo1713.lima-city.de\/wp-content\/uploads\/2021\/08\/Screenshot-2021-08-17-at-17.30.44.jpg 792w, https:\/\/laszlo1713.lima-city.de\/wp-content\/uploads\/2021\/08\/Screenshot-2021-08-17-at-17.30.44-300x205.jpg 300w, https:\/\/laszlo1713.lima-city.de\/wp-content\/uploads\/2021\/08\/Screenshot-2021-08-17-at-17.30.44-768x526.jpg 768w\" sizes=\"auto, (max-width: 706px) 89vw, (max-width: 767px) 82vw, 740px\" \/><\/figure>\n\n\n\n<figure class=\"wp-block-image size-large\"><img loading=\"lazy\" decoding=\"async\" width=\"602\" height=\"881\" src=\"https:\/\/laszlo1713.lima-city.de\/wp-content\/uploads\/2021\/08\/IMAGE-2021-08-19-075951.jpg\" alt=\"\" class=\"wp-image-3486\" srcset=\"https:\/\/laszlo1713.lima-city.de\/wp-content\/uploads\/2021\/08\/IMAGE-2021-08-19-075951.jpg 602w, https:\/\/laszlo1713.lima-city.de\/wp-content\/uploads\/2021\/08\/IMAGE-2021-08-19-075951-205x300.jpg 205w\" sizes=\"auto, (max-width: 602px) 100vw, 602px\" \/><figcaption>This is what in reality what the Mainstream Media should be covering this guy here AKA Loser Barry was a gay Muslim who was not born in this country who slept his way to the top with men just like Kamala Harris. This photo will become truth wait and see he was a traitor all along.&nbsp;<br><\/figcaption><\/figure>\n\n\n\n<figure class=\"wp-block-image size-large\"><img loading=\"lazy\" decoding=\"async\" width=\"1024\" height=\"682\" src=\"https:\/\/laszlo1713.lima-city.de\/wp-content\/uploads\/2021\/08\/IMG_0112-1024x682.jpg\" alt=\"\" class=\"wp-image-3519\" srcset=\"https:\/\/laszlo1713.lima-city.de\/wp-content\/uploads\/2021\/08\/IMG_0112-1024x682.jpg 1024w, https:\/\/laszlo1713.lima-city.de\/wp-content\/uploads\/2021\/08\/IMG_0112-300x200.jpg 300w, https:\/\/laszlo1713.lima-city.de\/wp-content\/uploads\/2021\/08\/IMG_0112-768x512.jpg 768w, https:\/\/laszlo1713.lima-city.de\/wp-content\/uploads\/2021\/08\/IMG_0112.jpg 1160w\" sizes=\"auto, (max-width: 706px) 89vw, (max-width: 767px) 82vw, 740px\" \/><figcaption><span class=\"has-inline-color has-vivid-green-cyan-color\">A h\u00e1tt\u00e9rhatalom b\u00e1bjai nem adt\u00e1k fel, azt hiszik, hogy van m\u00e9g hatalmuk s\u00e1t\u00e1ni j\u00e1t\u00e9kaikat j\u00e1tszani. Pedig v\u00e9ge a j\u00e1t\u00e9knak (GAME OVER)<\/span> <span class=\"has-inline-color has-vivid-green-cyan-color\">!<\/span> <\/figcaption><\/figure>\n\n\n\n<figure class=\"wp-block-image size-large\"><img loading=\"lazy\" decoding=\"async\" width=\"1024\" height=\"577\" src=\"https:\/\/laszlo1713.lima-city.de\/wp-content\/uploads\/2021\/08\/2021-08-20-12.09.35-1-1024x577.jpg\" alt=\"\" class=\"wp-image-3535\" srcset=\"https:\/\/laszlo1713.lima-city.de\/wp-content\/uploads\/2021\/08\/2021-08-20-12.09.35-1-1024x577.jpg 1024w, https:\/\/laszlo1713.lima-city.de\/wp-content\/uploads\/2021\/08\/2021-08-20-12.09.35-1-300x169.jpg 300w, https:\/\/laszlo1713.lima-city.de\/wp-content\/uploads\/2021\/08\/2021-08-20-12.09.35-1-768x433.jpg 768w, https:\/\/laszlo1713.lima-city.de\/wp-content\/uploads\/2021\/08\/2021-08-20-12.09.35-1.jpg 1280w\" sizes=\"auto, (max-width: 706px) 89vw, (max-width: 767px) 82vw, 740px\" \/><figcaption><span class=\"has-inline-color has-vivid-green-cyan-color\">Merkel (\u00e9s minden hozz\u00e1 hasonl\u00f3 b\u00e1bu) nem &#8220;haza\u00e1rul\u00f3&#8221; a sz\u00f3 eredeti jelent\u00e9s\u00e9ben. Az \u0151 elk\u00f6telezetts\u00e9ge a s\u00e1t\u00e1ni h\u00e1tt\u00e9rhatalom (DS), ahhoz h\u0171 maradt mindenk\u00e9ppen.  Ez persze nem menti fel a sz\u00e1monk\u00e9r\u00e9s al\u00f3l. N\u00fcrnberg II. v\u00e1r r\u00e1 \u00e9s feltehet\u0151leg a hal\u00e1los \u00edt\u00e9let. Mindenesetre meg\u00e9rdemeln\u00e9.<\/span><\/figcaption><\/figure>\n\n\n\n<hr class=\"wp-block-separator\"\/>\n\n\n\n<figure class=\"wp-block-image size-large\"><img loading=\"lazy\" decoding=\"async\" width=\"750\" height=\"922\" src=\"https:\/\/laszlo1713.lima-city.de\/wp-content\/uploads\/2021\/08\/IMAGE-2021-08-08-173516.jpg\" alt=\"\" class=\"wp-image-3275\" srcset=\"https:\/\/laszlo1713.lima-city.de\/wp-content\/uploads\/2021\/08\/IMAGE-2021-08-08-173516.jpg 750w, https:\/\/laszlo1713.lima-city.de\/wp-content\/uploads\/2021\/08\/IMAGE-2021-08-08-173516-244x300.jpg 244w\" sizes=\"auto, (max-width: 706px) 89vw, (max-width: 767px) 82vw, 740px\" \/><\/figure>\n\n\n\n<figure class=\"wp-block-image size-large\"><img loading=\"lazy\" decoding=\"async\" width=\"819\" height=\"1024\" src=\"https:\/\/laszlo1713.lima-city.de\/wp-content\/uploads\/2021\/08\/IMAGE-2021-08-02-103700-819x1024.jpg\" alt=\"\" class=\"wp-image-3355\" srcset=\"https:\/\/laszlo1713.lima-city.de\/wp-content\/uploads\/2021\/08\/IMAGE-2021-08-02-103700-819x1024.jpg 819w, https:\/\/laszlo1713.lima-city.de\/wp-content\/uploads\/2021\/08\/IMAGE-2021-08-02-103700-240x300.jpg 240w, https:\/\/laszlo1713.lima-city.de\/wp-content\/uploads\/2021\/08\/IMAGE-2021-08-02-103700-768x960.jpg 768w, https:\/\/laszlo1713.lima-city.de\/wp-content\/uploads\/2021\/08\/IMAGE-2021-08-02-103700.jpg 1024w\" sizes=\"auto, (max-width: 706px) 89vw, (max-width: 767px) 82vw, 740px\" \/><figcaption>&#8220;<strong>It\u00b4s time to wake up<\/strong>!&#8221; (Donald J. Trump &#8211; August 11th, 2021)<\/figcaption><\/figure>\n\n\n\n<div class=\"wp-block-image\"><figure class=\"aligncenter size-large\"><img loading=\"lazy\" decoding=\"async\" width=\"618\" height=\"410\" src=\"https:\/\/laszlo1713.lima-city.de\/wp-content\/uploads\/2021\/08\/IMAGE-2021-08-16-224052.jpg\" alt=\"\" class=\"wp-image-3455\" srcset=\"https:\/\/laszlo1713.lima-city.de\/wp-content\/uploads\/2021\/08\/IMAGE-2021-08-16-224052.jpg 618w, https:\/\/laszlo1713.lima-city.de\/wp-content\/uploads\/2021\/08\/IMAGE-2021-08-16-224052-300x199.jpg 300w\" sizes=\"auto, (max-width: 618px) 100vw, 618px\" \/><\/figure><\/div>\n\n\n\n<figure class=\"wp-block-image size-large\"><img loading=\"lazy\" decoding=\"async\" width=\"768\" height=\"675\" src=\"https:\/\/laszlo1713.lima-city.de\/wp-content\/uploads\/2021\/08\/IMAGE-2021-08-20-082844.jpg\" alt=\"\" class=\"wp-image-3521\" srcset=\"https:\/\/laszlo1713.lima-city.de\/wp-content\/uploads\/2021\/08\/IMAGE-2021-08-20-082844.jpg 768w, https:\/\/laszlo1713.lima-city.de\/wp-content\/uploads\/2021\/08\/IMAGE-2021-08-20-082844-300x264.jpg 300w\" sizes=\"auto, (max-width: 706px) 89vw, (max-width: 767px) 82vw, 740px\" \/><\/figure>\n\n\n\n<figure class=\"wp-block-image size-large\"><img loading=\"lazy\" decoding=\"async\" width=\"1024\" height=\"100\" src=\"https:\/\/laszlo1713.lima-city.de\/wp-content\/uploads\/2021\/08\/Screenshot-2021-08-18-at-21.02.28-1024x100.jpg\" alt=\"\" class=\"wp-image-3476\" srcset=\"https:\/\/laszlo1713.lima-city.de\/wp-content\/uploads\/2021\/08\/Screenshot-2021-08-18-at-21.02.28-1024x100.jpg 1024w, https:\/\/laszlo1713.lima-city.de\/wp-content\/uploads\/2021\/08\/Screenshot-2021-08-18-at-21.02.28-300x29.jpg 300w, https:\/\/laszlo1713.lima-city.de\/wp-content\/uploads\/2021\/08\/Screenshot-2021-08-18-at-21.02.28-768x75.jpg 768w, https:\/\/laszlo1713.lima-city.de\/wp-content\/uploads\/2021\/08\/Screenshot-2021-08-18-at-21.02.28-1536x149.jpg 1536w, https:\/\/laszlo1713.lima-city.de\/wp-content\/uploads\/2021\/08\/Screenshot-2021-08-18-at-21.02.28-2048x199.jpg 2048w\" sizes=\"auto, (max-width: 706px) 89vw, (max-width: 767px) 82vw, 740px\" \/><\/figure>\n\n\n\n<hr class=\"wp-block-separator\"\/>\n\n\n\n<p class=\"has-text-align-center\"><span class=\"has-inline-color has-vivid-green-cyan-color\"><strong>NCSWSC<\/strong><\/span><\/p>\n\n\n\n<figure class=\"wp-block-image size-large\"><img loading=\"lazy\" decoding=\"async\" width=\"1024\" height=\"569\" src=\"https:\/\/laszlo1713.lima-city.de\/wp-content\/uploads\/2021\/08\/Screenshot-2021-08-06-at-20.43.55-1024x569.jpg\" alt=\"\" class=\"wp-image-3236\" srcset=\"https:\/\/laszlo1713.lima-city.de\/wp-content\/uploads\/2021\/08\/Screenshot-2021-08-06-at-20.43.55-1024x569.jpg 1024w, https:\/\/laszlo1713.lima-city.de\/wp-content\/uploads\/2021\/08\/Screenshot-2021-08-06-at-20.43.55-300x167.jpg 300w, https:\/\/laszlo1713.lima-city.de\/wp-content\/uploads\/2021\/08\/Screenshot-2021-08-06-at-20.43.55-768x427.jpg 768w, https:\/\/laszlo1713.lima-city.de\/wp-content\/uploads\/2021\/08\/Screenshot-2021-08-06-at-20.43.55.jpg 1260w\" sizes=\"auto, (max-width: 706px) 89vw, (max-width: 767px) 82vw, 740px\" \/><\/figure>\n\n\n\n<hr class=\"wp-block-separator\"\/>\n","protected":false},"excerpt":{"rendered":"<p>The truth is mind blowing and cannot fully be exposed. Also many are thinking from one point of view, US only, this evil is embedded globally. US is the first domino. Have faith. (GEORGEnews) Rafael Zioni ver\u00f6ffentlicht auf Seiner Twitter-Seite Israels Corona-Statistiken. Es sind die offiziellen Daten des israelischen Gesundheitsministeriums. Er stellt fest: \u201eDas sind &hellip; <\/p>\n<p class=\"link-more\"><a href=\"https:\/\/laszlo1713.lima-city.de\/index.php\/lapszemle-ii\/\" class=\"more-link\">Continue reading<span class=\"screen-reader-text\"> &#8220;Lapszemle II.&#8221;<\/span><\/a><\/p>\n","protected":false},"author":1,"featured_media":0,"parent":0,"menu_order":0,"comment_status":"closed","ping_status":"closed","template":"","meta":{"footnotes":""},"class_list":["post-2937","page","type-page","status-publish","hentry"],"_links":{"self":[{"href":"https:\/\/laszlo1713.lima-city.de\/index.php\/wp-json\/wp\/v2\/pages\/2937","targetHints":{"allow":["GET"]}}],"collection":[{"href":"https:\/\/laszlo1713.lima-city.de\/index.php\/wp-json\/wp\/v2\/pages"}],"about":[{"href":"https:\/\/laszlo1713.lima-city.de\/index.php\/wp-json\/wp\/v2\/types\/page"}],"author":[{"embeddable":true,"href":"https:\/\/laszlo1713.lima-city.de\/index.php\/wp-json\/wp\/v2\/users\/1"}],"replies":[{"embeddable":true,"href":"https:\/\/laszlo1713.lima-city.de\/index.php\/wp-json\/wp\/v2\/comments?post=2937"}],"version-history":[{"count":209,"href":"https:\/\/laszlo1713.lima-city.de\/index.php\/wp-json\/wp\/v2\/pages\/2937\/revisions"}],"predecessor-version":[{"id":3628,"href":"https:\/\/laszlo1713.lima-city.de\/index.php\/wp-json\/wp\/v2\/pages\/2937\/revisions\/3628"}],"wp:attachment":[{"href":"https:\/\/laszlo1713.lima-city.de\/index.php\/wp-json\/wp\/v2\/media?parent=2937"}],"curies":[{"name":"wp","href":"https:\/\/api.w.org\/{rel}","templated":true}]}}