{"id":12772,"date":"2026-05-02T14:41:09","date_gmt":"2026-05-02T12:41:09","guid":{"rendered":"https:\/\/laszlo1713.lima-city.de\/?page_id=12772"},"modified":"2026-05-02T20:14:11","modified_gmt":"2026-05-02T18:14:11","slug":"level-dr-marfi-gyula-veszpremi-ersek-reszere-2018","status":"publish","type":"page","link":"https:\/\/laszlo1713.lima-city.de\/index.php\/level-dr-marfi-gyula-veszpremi-ersek-reszere-2018\/","title":{"rendered":"Lev\u00e9l Dr. M\u00e1rfi Gyula Veszpr\u00e9mi \u00c8rsek r\u00e9sz\u00e9re (2018)"},"content":{"rendered":"\n<p>Eminenci\u00e1s B\u00edboros  \u00c9rsek \u00dar!<\/p>\n\n\n\n<p>Kedves koll\u00e9gan\u0151m aj\u00e1nlotta \u00c9rsek Urat, hogy k\u00e9r\u00e9semet terjesszem \u00c9rsek \u00dar el\u00e9.Magyartan\u00e1r vagyok, N\u00e9metorsz\u00e1gban (M\u00fcnchen) magyar anyanyelv\u0171 gyerekeket tan\u00edtok, akik t\u00f6bbek k\u00f6z\u00f6tt magyar nyelv \u00e9s irodalom szakt\u00e1rgyb\u00f3l \u00e9retts\u00e9giznek.<\/p>\n\n\n\n<p>A tank\u00f6nyv\u00fcnkben (gimn\u00e1zium 2. oszt\u00e1ly) felt\u0171nt egy orc\u00e1tlans\u00e1g, amit nem hagyhatok sz\u00f3 n\u00e9lk\u00fcl, de ami els\u0151sorban az Egyh\u00e1z \u00fcgye, ez\u00e9rt fordulok \u00c9rsek \u00darhoz.<\/p>\n\n\n\n<p>A szegeden 2016-ban kiadott irodalom tank\u00f6nyv 221. oldal\u00e1n a szabadk\u0151m\u0171ves (illumin\u00e1tus) szimb\u00f3lumok mellett a k\u00f6vetkez\u0151 magyar\u00e1zatot f\u0171zik a k\u00f6nyv szerz\u0151i:<\/p>\n\n\n\n<p>\u201c<em><strong>Az Istent \u00e9s a Szenth\u00e1roms\u00e1got jelk\u00e9pez\u0151 h\u00e1romsz\u00f6gbe foglalt szem az amerikai egydoll\u00e1roson<\/strong>.<\/em>&#8220;<\/p>\n\n\n\n<p>Szeretn\u00e9m, hogy az Egyh\u00e1z (\u00e9s ebben k\u00e9rem \u00c9rsek \u00dar seg\u00edts\u00e9g\u00e9t) tiltakozz\u00e9k a nyilv\u00e1nval\u00f3 hazugs\u00e1g ellen, \u00e9s k\u00f6vetelje, hogy a k\u00f6nyvb\u0151l az eml\u00edtett passzust azonnal elt\u00e1vol\u00edts\u00e1k.<\/p>\n\n\n\n<p>K\u00f6sz\u00f6nettel \u00e9s tisztelettel<\/p>\n\n\n\n<p>Dr. \u00d3nodi L\u00e1szl\u00f3<\/p>\n\n\n\n<figure class=\"wp-block-image size-full\"><img loading=\"lazy\" decoding=\"async\" width=\"690\" height=\"946\" src=\"https:\/\/laszlo1713.lima-city.de\/wp-content\/uploads\/2026\/05\/Screenshot-2026-05-02-at-14.36.35.png\" alt=\"\" class=\"wp-image-12773\" srcset=\"https:\/\/laszlo1713.lima-city.de\/wp-content\/uploads\/2026\/05\/Screenshot-2026-05-02-at-14.36.35.png 690w, https:\/\/laszlo1713.lima-city.de\/wp-content\/uploads\/2026\/05\/Screenshot-2026-05-02-at-14.36.35-219x300.png 219w\" sizes=\"auto, (max-width: 690px) 100vw, 690px\" \/><\/figure>\n\n\n\n<figure class=\"wp-block-image size-large\"><img loading=\"lazy\" decoding=\"async\" width=\"721\" height=\"1024\" src=\"https:\/\/laszlo1713.lima-city.de\/wp-content\/uploads\/2026\/05\/Screenshot-2026-05-02-at-14.37.59-721x1024.png\" alt=\"\" class=\"wp-image-12774\" srcset=\"https:\/\/laszlo1713.lima-city.de\/wp-content\/uploads\/2026\/05\/Screenshot-2026-05-02-at-14.37.59-721x1024.png 721w, https:\/\/laszlo1713.lima-city.de\/wp-content\/uploads\/2026\/05\/Screenshot-2026-05-02-at-14.37.59-211x300.png 211w, https:\/\/laszlo1713.lima-city.de\/wp-content\/uploads\/2026\/05\/Screenshot-2026-05-02-at-14.37.59-768x1090.png 768w, https:\/\/laszlo1713.lima-city.de\/wp-content\/uploads\/2026\/05\/Screenshot-2026-05-02-at-14.37.59.png 992w\" sizes=\"auto, (max-width: 721px) 100vw, 721px\" \/><\/figure>\n","protected":false},"excerpt":{"rendered":"<p>Eminenci\u00e1s B\u00edboros \u00c9rsek \u00dar! Kedves koll\u00e9gan\u0151m aj\u00e1nlotta \u00c9rsek Urat, hogy k\u00e9r\u00e9semet terjesszem \u00c9rsek \u00dar el\u00e9.Magyartan\u00e1r vagyok, N\u00e9metorsz\u00e1gban (M\u00fcnchen) magyar anyanyelv\u0171 gyerekeket tan\u00edtok, akik t\u00f6bbek k\u00f6z\u00f6tt magyar nyelv \u00e9s irodalom szakt\u00e1rgyb\u00f3l \u00e9retts\u00e9giznek. A tank\u00f6nyv\u00fcnkben (gimn\u00e1zium 2. oszt\u00e1ly) felt\u0171nt egy orc\u00e1tlans\u00e1g, amit nem hagyhatok sz\u00f3 n\u00e9lk\u00fcl, de ami els\u0151sorban az Egyh\u00e1z \u00fcgye, ez\u00e9rt fordulok \u00c9rsek \u00darhoz. A &hellip; <\/p>\n<p class=\"link-more\"><a href=\"https:\/\/laszlo1713.lima-city.de\/index.php\/level-dr-marfi-gyula-veszpremi-ersek-reszere-2018\/\" class=\"more-link\">Continue reading<span class=\"screen-reader-text\"> &#8220;Lev\u00e9l Dr. M\u00e1rfi Gyula Veszpr\u00e9mi \u00c8rsek r\u00e9sz\u00e9re (2018)&#8221;<\/span><\/a><\/p>\n","protected":false},"author":1,"featured_media":0,"parent":0,"menu_order":0,"comment_status":"closed","ping_status":"closed","template":"","meta":{"footnotes":""},"class_list":["post-12772","page","type-page","status-publish","hentry"],"_links":{"self":[{"href":"https:\/\/laszlo1713.lima-city.de\/index.php\/wp-json\/wp\/v2\/pages\/12772","targetHints":{"allow":["GET"]}}],"collection":[{"href":"https:\/\/laszlo1713.lima-city.de\/index.php\/wp-json\/wp\/v2\/pages"}],"about":[{"href":"https:\/\/laszlo1713.lima-city.de\/index.php\/wp-json\/wp\/v2\/types\/page"}],"author":[{"embeddable":true,"href":"https:\/\/laszlo1713.lima-city.de\/index.php\/wp-json\/wp\/v2\/users\/1"}],"replies":[{"embeddable":true,"href":"https:\/\/laszlo1713.lima-city.de\/index.php\/wp-json\/wp\/v2\/comments?post=12772"}],"version-history":[{"count":3,"href":"https:\/\/laszlo1713.lima-city.de\/index.php\/wp-json\/wp\/v2\/pages\/12772\/revisions"}],"predecessor-version":[{"id":12880,"href":"https:\/\/laszlo1713.lima-city.de\/index.php\/wp-json\/wp\/v2\/pages\/12772\/revisions\/12880"}],"wp:attachment":[{"href":"https:\/\/laszlo1713.lima-city.de\/index.php\/wp-json\/wp\/v2\/media?parent=12772"}],"curies":[{"name":"wp","href":"https:\/\/api.w.org\/{rel}","templated":true}]}}